{"id":107897,"date":"2024-12-30T13:08:51","date_gmt":"2024-12-30T12:08:51","guid":{"rendered":"https:\/\/www.ceran.com\/moderator-h-f-x-sommer-2025\/"},"modified":"2025-12-30T15:15:31","modified_gmt":"2025-12-30T14:15:31","slug":"animatorsommerkamp","status":"publish","type":"page","link":"https:\/\/www.ceran.com\/de\/animatorsommerkamp\/","title":{"rendered":"ANIMATOR (H\/F\/X)  Sommer"},"content":{"rendered":"\t\t<div data-elementor-type=\"wp-page\" data-elementor-id=\"107897\" class=\"elementor elementor-107897 elementor-106779\" data-elementor-post-type=\"page\">\n\t\t\t\t\t\t<section class=\"elementor-section elementor-top-section elementor-element elementor-element-5aae095 elementor-section-boxed elementor-section-height-default elementor-section-height-default\" data-id=\"5aae095\" data-element_type=\"section\" data-e-type=\"section\">\n\t\t\t\t\t\t<div class=\"elementor-container elementor-column-gap-default\">\n\t\t\t\t\t<div class=\"elementor-column elementor-col-100 elementor-top-column elementor-element elementor-element-0af10cf\" data-id=\"0af10cf\" data-element_type=\"column\" data-e-type=\"column\">\n\t\t\t<div class=\"elementor-widget-wrap elementor-element-populated\">\n\t\t\t\t\t\t<div class=\"elementor-element elementor-element-9d663d9 elementor-widget elementor-widget-ceran-image-text\" data-id=\"9d663d9\" data-element_type=\"widget\" data-e-type=\"widget\" data-widget_type=\"ceran-image-text.default\">\n\t\t\t\t<div class=\"elementor-widget-container\">\n\t\t\t\t\t<div class=\"widget-column flex-row-reverse\"><div class=\"wrapper-img\" style=\"background: url(https:\/\/www.ceran.com\/wp-content\/uploads\/2024\/10\/WhatsApp-Image-2024-08-23-at-14.39.31-819x1024.jpeg) center \/ cover no-repeat\"><\/div><div class=\"wrapper-text\"><div class=\"corner corner-right-top\"><div class=\"corner-content\"><h2 class=\"box-title ax-title\">ANIMATOR*IN (M\/F\/X) F\u00dcR SPRACHCAMP\n<\/h2><div class=\"box-content\"><h4>Daten: 6. Juli bis 25. Juli 2026<\/h4><h4>in Ferri\u00e8res, Belgium<\/h4><ul class=\"wp-block-list\"><li>Deutsche Sprache (Muttersprache oder zweisprachig) perfekt beherrschen<\/li><li>Erfahrung in der Animation haben<\/li><li>Mindestens einen spezifischen Animationsbereich (Sport, Kunst,...) haben<\/li><li>sensibel sein betreffend Multikulturalismus und Schwierigkeiten, die junge Menschen beim Erlernen einer Fremdsprache haben k\u00f6nnen<\/li><li>Freude an der Arbeit mit Kindern, Begeisterung und Kreativit\u00e4t<\/li><li>Verantwortungsbewusstsein und Teamarbeit m\u00f6gen<\/li><li>\u00fcber Kenntnisse in Englisch oder Franz\u00f6sisch verf\u00fcgen<\/li><li>Teilnahme an den CERAN-Trainings vor Beginn des Camps. (ERFORDERLICH)<\/li><li>Monatliche Verg\u00fctung zwischen 1700 und 2500 \u20ac.<\/li><li>Studentenvertrag, CDD und Freelance<\/li><\/ul><\/div><a href=\"https:\/\/ceran1.typeform.com\/to\/JprDpzVA\" class=\"ax-btn btn-arrow\" >Jetzt  bewerben<\/a><\/div><\/div><\/div><\/div>\t\t\t\t<\/div>\n\t\t\t\t<\/div>\n\t\t\t\t\t<\/div>\n\t\t<\/div>\n\t\t\t\t\t<\/div>\n\t\t<\/section>\n\t\t\t\t<section class=\"elementor-section elementor-top-section elementor-element elementor-element-f254559 elementor-section-boxed elementor-section-height-default elementor-section-height-default\" data-id=\"f254559\" data-element_type=\"section\" data-e-type=\"section\">\n\t\t\t\t\t\t<div class=\"elementor-container elementor-column-gap-default\">\n\t\t\t\t\t<div class=\"elementor-column elementor-col-100 elementor-top-column elementor-element elementor-element-786f5b4\" data-id=\"786f5b4\" data-element_type=\"column\" data-e-type=\"column\">\n\t\t\t<div class=\"elementor-widget-wrap elementor-element-populated\">\n\t\t\t\t\t\t<div class=\"elementor-element elementor-element-21d3199 elementor-invisible elementor-widget elementor-widget-heading\" data-id=\"21d3199\" data-element_type=\"widget\" data-e-type=\"widget\" data-settings=\"{&quot;_animation&quot;:&quot;fadeIn&quot;,&quot;_animation_delay&quot;:100}\" data-widget_type=\"heading.default\">\n\t\t\t\t<div class=\"elementor-widget-container\">\n\t\t\t\t\t<h2 class=\"elementor-heading-title elementor-size-default\">Ihre Mission<\/h2>\t\t\t\t<\/div>\n\t\t\t\t<\/div>\n\t\t\t\t<div class=\"elementor-element elementor-element-8cd2b29 elementor-widget elementor-widget-text-editor\" data-id=\"8cd2b29\" data-element_type=\"widget\" data-e-type=\"widget\" data-widget_type=\"text-editor.default\">\n\t\t\t\t<div class=\"elementor-widget-container\">\n\t\t\t\t\t\t\t\t\t<p>Die Animator*innen sind wichtige Mitglieder der CERAN Academy. Sie haben die Aufgabe, motivierende und qualitativ hochwertige Animationsaktivit\u00e4ten anzubieten und die Teilnehmer zu ermutigen, st\u00e4ndig die Zielsprache zu sprechen. Sie m\u00fcssen die Sicherheit der Jugendlichen w\u00e4hrend aller Aktivit\u00e4ten gew\u00e4hrleisten.<\/p><ul><li>F\u00f6rderung der Zielsprache und ihrer Anwendung durch alle Teilnehmer<\/li><li>T\u00e4gliche Organisation, Vorbereitung und Durchf\u00fchrung von Animationsaktivit\u00e4ten<\/li><li>Betreuung und Animation der Jugendlichen bei den Ausfl\u00fcgen am Mittwoch und an den Wochenenden<\/li><li>Empfang der Teilnehmer*innen und ihrer Eltern<\/li><li>Animieren der Pausen und Abendessen<\/li><li>der Nachtschicht helfen, die j\u00fcngeren Kinder ins Bett zu bringen<\/li><li>Respektvollen Umgang mit den Materialien und Ausr\u00fcstungen garantieren<\/li><li>Einhaltung und Durchsetzung der geltenden Vorgaben sicherstellen<\/li><li>Sicherstellung des Wohlbefindens der Teilnehmer*innen<\/li><li>Teilnahme an den t\u00e4glichen Besprechungen des Animatorenteams<\/li><li>Von Vorteil: Kenntnisse einer anderen Sprache ,\u00a0 Erste-Hilfe-Zertifikat, Rettungsschwimmerausbildung oder gleichwertig, F\u00fchrerschein<\/li><\/ul>\t\t\t\t\t\t\t\t<\/div>\n\t\t\t\t<\/div>\n\t\t\t\t<div class=\"elementor-element elementor-element-393699d elementor-mobile-align-center elementor-align-center elementor-widget elementor-widget-button\" data-id=\"393699d\" data-element_type=\"widget\" data-e-type=\"widget\" data-widget_type=\"button.default\">\n\t\t\t\t<div class=\"elementor-widget-container\">\n\t\t\t\t\t\t\t\t\t<div class=\"elementor-button-wrapper\">\n\t\t\t\t\t<a class=\"elementor-button elementor-button-link elementor-size-sm\" href=\"https:\/\/ceran1.typeform.com\/to\/JprDpzVA\">\n\t\t\t\t\t\t<span class=\"elementor-button-content-wrapper\">\n\t\t\t\t\t\t<span class=\"elementor-button-icon\">\n\t\t\t\t<i aria-hidden=\"true\" class=\"fas fa-arrow-right\"><\/i>\t\t\t<\/span>\n\t\t\t\t\t\t\t\t\t<span class=\"elementor-button-text\">Jetzt bewerben<\/span>\n\t\t\t\t\t<\/span>\n\t\t\t\t\t<\/a>\n\t\t\t\t<\/div>\n\t\t\t\t\t\t\t\t<\/div>\n\t\t\t\t<\/div>\n\t\t\t\t\t<\/div>\n\t\t<\/div>\n\t\t\t\t\t<\/div>\n\t\t<\/section>\n\t\t\t\t<section class=\"elementor-section elementor-top-section elementor-element elementor-element-aa012e8 elementor-section-boxed elementor-section-height-default elementor-section-height-default\" data-id=\"aa012e8\" data-element_type=\"section\" data-e-type=\"section\">\n\t\t\t\t\t\t<div class=\"elementor-container elementor-column-gap-default\">\n\t\t\t\t\t<div class=\"elementor-column elementor-col-100 elementor-top-column elementor-element elementor-element-95a7b84\" data-id=\"95a7b84\" data-element_type=\"column\" data-e-type=\"column\">\n\t\t\t<div class=\"elementor-widget-wrap elementor-element-populated\">\n\t\t\t\t\t\t<div class=\"elementor-element elementor-element-9ef0bd4 elementor-widget elementor-widget-ceran-image-text\" data-id=\"9ef0bd4\" data-element_type=\"widget\" data-e-type=\"widget\" data-widget_type=\"ceran-image-text.default\">\n\t\t\t\t<div class=\"elementor-widget-container\">\n\t\t\t\t\t<div class=\"widget-column flex-row\"><div class=\"wrapper-img\" style=\"background: url(https:\/\/www.ceran.com\/wp-content\/uploads\/2024\/09\/MGL8456-1024x683.jpg) center \/ cover no-repeat\"><\/div><div class=\"wrapper-text\"><div class=\"corner corner-left-top\"><div class=\"corner-content\"><h2 class=\"box-title ax-title\">\u00dcber CERAN<\/h2><div class=\"box-content\"><p>CERAN, eine Firma der Ch\u00e2teauform\u2019-Gruppe, zeichnet sich durch seine internationale und unternehmerische Kultur aus.\u00a0 Ceran ist vor allem auf international agierende\u00a0 Unternehmen ausgerichtet und bietet eine\u00a0 Auswahl an Sprachausbildungen und internationalen Coachings f\u00fcr Erwachsene, junge Erwachsene und Jugendliche an.\u00a0<\/p><p>Der Mensch steht bei CERAN im Mittelpunkt. Unsere Organisation hat eine plurilaterale Vision seinen Talenten, Kunden und Mitarbeitern gegen\u00fcber, um ma\u00dfgeschneiderte und Premium-L\u00f6sungen anzubieten.\u00a0<\/p><\/div><a href=\"https:\/\/www.ceran.com\/fr\/le-ceran-et-ses-methodes\/lhistoire-du-ceran\/#:~:text=Le%20CERAN%20est%20avant%20tout,sont%20hospitalit%C3%A9%2C%20respect%20et%20bienveillance.\" class=\"ax-btn btn-arrow\" >En savoir plus<\/a><\/div><\/div><\/div><\/div>\t\t\t\t<\/div>\n\t\t\t\t<\/div>\n\t\t\t\t\t<\/div>\n\t\t<\/div>\n\t\t\t\t\t<\/div>\n\t\t<\/section>\n\t\t\t\t<section class=\"elementor-section elementor-top-section elementor-element elementor-element-0f5f2fc elementor-section-boxed elementor-section-height-default elementor-section-height-default\" data-id=\"0f5f2fc\" data-element_type=\"section\" data-e-type=\"section\">\n\t\t\t\t\t\t<div class=\"elementor-container elementor-column-gap-default\">\n\t\t\t\t\t<div class=\"elementor-column elementor-col-100 elementor-top-column elementor-element elementor-element-96a1f29\" data-id=\"96a1f29\" data-element_type=\"column\" data-e-type=\"column\">\n\t\t\t<div class=\"elementor-widget-wrap elementor-element-populated\">\n\t\t\t\t\t\t<div class=\"elementor-element elementor-element-231e53a elementor-widget elementor-widget-text-editor\" data-id=\"231e53a\" data-element_type=\"widget\" data-e-type=\"widget\" data-widget_type=\"text-editor.default\">\n\t\t\t\t<div class=\"elementor-widget-container\">\n\t\t\t\t\t\t\t\t\t<p>Im Rahmen der CERAN-CSR-Politik ist die Einbeziehung von Unterschieden eine St\u00e4rke. Die CERAN\u00a0 Academy ist \u00fcberzeugt, dass Vielfalt mit Leistung einhergeht, deshalb beachten wir alle Bewerbungen!<\/p><p>F\u00fcr weitere Informationen wenden Sie sich bitte an: jrh@ceran.com<\/p><p>TEL\u00a0: +32 87 79 17 03<\/p>\t\t\t\t\t\t\t\t<\/div>\n\t\t\t\t<\/div>\n\t\t\t\t<div class=\"elementor-element elementor-element-00525fa elementor-mobile-align-center elementor-align-center elementor-widget elementor-widget-button\" data-id=\"00525fa\" data-element_type=\"widget\" data-e-type=\"widget\" data-widget_type=\"button.default\">\n\t\t\t\t<div class=\"elementor-widget-container\">\n\t\t\t\t\t\t\t\t\t<div class=\"elementor-button-wrapper\">\n\t\t\t\t\t<a class=\"elementor-button elementor-button-link elementor-size-sm\" href=\"https:\/\/ceran1.typeform.com\/to\/JprDpzVA\">\n\t\t\t\t\t\t<span class=\"elementor-button-content-wrapper\">\n\t\t\t\t\t\t<span class=\"elementor-button-icon\">\n\t\t\t\t<i aria-hidden=\"true\" class=\"fas fa-arrow-right\"><\/i>\t\t\t<\/span>\n\t\t\t\t\t\t\t\t\t<span class=\"elementor-button-text\">Jetzt bewerben<\/span>\n\t\t\t\t\t<\/span>\n\t\t\t\t\t<\/a>\n\t\t\t\t<\/div>\n\t\t\t\t\t\t\t\t<\/div>\n\t\t\t\t<\/div>\n\t\t\t\t\t<\/div>\n\t\t<\/div>\n\t\t\t\t\t<\/div>\n\t\t<\/section>\n\t\t\t\t<\/div>\n\t\t","protected":false},"excerpt":{"rendered":"<p>ANIMATOR*IN (M\/F\/X) F\u00dcR SPRACHCAMP Daten: 6. Juli bis 25. Juli 2026 in Ferri\u00e8res, Belgium Deutsche Sprache (Muttersprache oder zweisprachig) perfekt beherrschen Erfahrung in der Animation haben Mindestens einen spezifischen Animationsbereich (Sport, Kunst,&#8230;) haben sensibel sein betreffend Multikulturalismus und Schwierigkeiten, die junge Menschen beim Erlernen einer Fremdsprache haben k\u00f6nnen Freude an der Arbeit mit Kindern, Begeisterung [&hellip;]<\/p>\n","protected":false},"author":27,"featured_media":102845,"parent":0,"menu_order":0,"comment_status":"closed","ping_status":"closed","template":"","meta":{"_acf_changed":false,"_seopress_robots_primary_cat":"","_seopress_titles_title":"","_seopress_titles_desc":"","_seopress_robots_index":"","content-type":"","footnotes":""},"class_list":["post-107897","page","type-page","status-publish","has-post-thumbnail","hentry"],"acf":[],"yoast_head":"<!-- This site is optimized with the Yoast SEO plugin v27.5 - https:\/\/yoast.com\/product\/yoast-seo-wordpress\/ -->\n<title>ANIMATOR (H\/F\/X) Sommer - Ceran<\/title>\n<meta name=\"robots\" content=\"index, follow, max-snippet:-1, max-image-preview:large, max-video-preview:-1\" \/>\n<link rel=\"canonical\" href=\"https:\/\/www.ceran.com\/de\/animatorsommerkamp\/\" \/>\n<meta property=\"og:locale\" content=\"de_DE\" \/>\n<meta property=\"og:type\" content=\"article\" \/>\n<meta property=\"og:title\" content=\"ANIMATOR (H\/F\/X) Sommer - Ceran\" \/>\n<meta property=\"og:description\" content=\"ANIMATOR*IN (M\/F\/X) F\u00dcR SPRACHCAMP Daten: 6. Juli bis 25. Juli 2026 in Ferri\u00e8res, Belgium Deutsche Sprache (Muttersprache oder zweisprachig) perfekt beherrschen Erfahrung in der Animation haben Mindestens einen spezifischen Animationsbereich (Sport, Kunst,&#8230;) haben sensibel sein betreffend Multikulturalismus und Schwierigkeiten, die junge Menschen beim Erlernen einer Fremdsprache haben k\u00f6nnen Freude an der Arbeit mit Kindern, Begeisterung [&hellip;]\" \/>\n<meta property=\"og:url\" content=\"https:\/\/www.ceran.com\/de\/animatorsommerkamp\/\" \/>\n<meta property=\"og:site_name\" content=\"Ceran\" \/>\n<meta property=\"article:modified_time\" content=\"2025-12-30T14:15:31+00:00\" \/>\n<meta property=\"og:image\" content=\"https:\/\/www.ceran.com\/wp-content\/uploads\/2024\/08\/Design-sans-titre-19.jpg\" \/>\n\t<meta property=\"og:image:width\" content=\"512\" \/>\n\t<meta property=\"og:image:height\" content=\"512\" \/>\n\t<meta property=\"og:image:type\" content=\"image\/jpeg\" \/>\n<meta name=\"twitter:card\" content=\"summary_large_image\" \/>\n<script type=\"application\/ld+json\" class=\"yoast-schema-graph\">{\"@context\":\"https:\\\/\\\/schema.org\",\"@graph\":[{\"@type\":\"WebPage\",\"@id\":\"https:\\\/\\\/www.ceran.com\\\/de\\\/animatorsommerkamp\\\/\",\"url\":\"https:\\\/\\\/www.ceran.com\\\/de\\\/animatorsommerkamp\\\/\",\"name\":\"ANIMATOR (H\\\/F\\\/X) Sommer - Ceran\",\"isPartOf\":{\"@id\":\"https:\\\/\\\/www.ceran.com\\\/de\\\/#website\"},\"primaryImageOfPage\":{\"@id\":\"https:\\\/\\\/www.ceran.com\\\/de\\\/animatorsommerkamp\\\/#primaryimage\"},\"image\":{\"@id\":\"https:\\\/\\\/www.ceran.com\\\/de\\\/animatorsommerkamp\\\/#primaryimage\"},\"thumbnailUrl\":\"https:\\\/\\\/www.ceran.com\\\/wp-content\\\/uploads\\\/2024\\\/08\\\/Design-sans-titre-19.jpg\",\"datePublished\":\"2024-12-30T12:08:51+00:00\",\"dateModified\":\"2025-12-30T14:15:31+00:00\",\"breadcrumb\":{\"@id\":\"https:\\\/\\\/www.ceran.com\\\/de\\\/animatorsommerkamp\\\/#breadcrumb\"},\"inLanguage\":\"de\",\"potentialAction\":[{\"@type\":\"ReadAction\",\"target\":[\"https:\\\/\\\/www.ceran.com\\\/de\\\/animatorsommerkamp\\\/\"]}]},{\"@type\":\"ImageObject\",\"inLanguage\":\"de\",\"@id\":\"https:\\\/\\\/www.ceran.com\\\/de\\\/animatorsommerkamp\\\/#primaryimage\",\"url\":\"https:\\\/\\\/www.ceran.com\\\/wp-content\\\/uploads\\\/2024\\\/08\\\/Design-sans-titre-19.jpg\",\"contentUrl\":\"https:\\\/\\\/www.ceran.com\\\/wp-content\\\/uploads\\\/2024\\\/08\\\/Design-sans-titre-19.jpg\",\"width\":512,\"height\":512,\"caption\":\"Interculturel CERAN\"},{\"@type\":\"BreadcrumbList\",\"@id\":\"https:\\\/\\\/www.ceran.com\\\/de\\\/animatorsommerkamp\\\/#breadcrumb\",\"itemListElement\":[{\"@type\":\"ListItem\",\"position\":1,\"name\":\"Startseite\",\"item\":\"https:\\\/\\\/www.ceran.com\\\/de\\\/\"},{\"@type\":\"ListItem\",\"position\":2,\"name\":\"ANIMATOR (H\\\/F\\\/X) Sommer\"}]},{\"@type\":\"WebSite\",\"@id\":\"https:\\\/\\\/www.ceran.com\\\/de\\\/#website\",\"url\":\"https:\\\/\\\/www.ceran.com\\\/de\\\/\",\"name\":\"Ceran\",\"description\":\"Des formations linguistiques et interculturelles qui vous ouvrent de nouveaux horizons\",\"publisher\":{\"@id\":\"https:\\\/\\\/www.ceran.com\\\/de\\\/#organization\"},\"potentialAction\":[{\"@type\":\"SearchAction\",\"target\":{\"@type\":\"EntryPoint\",\"urlTemplate\":\"https:\\\/\\\/www.ceran.com\\\/de\\\/?s={search_term_string}\"},\"query-input\":{\"@type\":\"PropertyValueSpecification\",\"valueRequired\":true,\"valueName\":\"search_term_string\"}}],\"inLanguage\":\"de\"},{\"@type\":\"Organization\",\"@id\":\"https:\\\/\\\/www.ceran.com\\\/de\\\/#organization\",\"name\":\"Ceran\",\"url\":\"https:\\\/\\\/www.ceran.com\\\/de\\\/\",\"logo\":{\"@type\":\"ImageObject\",\"inLanguage\":\"de\",\"@id\":\"https:\\\/\\\/www.ceran.com\\\/de\\\/#\\\/schema\\\/logo\\\/image\\\/\",\"url\":\"https:\\\/\\\/www.ceran.com\\\/wp-content\\\/uploads\\\/2025\\\/06\\\/Logo-CERAN-16-x-16-pixels.svg\",\"contentUrl\":\"https:\\\/\\\/www.ceran.com\\\/wp-content\\\/uploads\\\/2025\\\/06\\\/Logo-CERAN-16-x-16-pixels.svg\",\"width\":30,\"height\":30,\"caption\":\"Ceran\"},\"image\":{\"@id\":\"https:\\\/\\\/www.ceran.com\\\/de\\\/#\\\/schema\\\/logo\\\/image\\\/\"}}]}<\/script>\n<!-- \/ Yoast SEO plugin. -->","yoast_head_json":{"title":"ANIMATOR (H\/F\/X) Sommer - Ceran","robots":{"index":"index","follow":"follow","max-snippet":"max-snippet:-1","max-image-preview":"max-image-preview:large","max-video-preview":"max-video-preview:-1"},"canonical":"https:\/\/www.ceran.com\/de\/animatorsommerkamp\/","og_locale":"de_DE","og_type":"article","og_title":"ANIMATOR (H\/F\/X) Sommer - Ceran","og_description":"ANIMATOR*IN (M\/F\/X) F\u00dcR SPRACHCAMP Daten: 6. Juli bis 25. Juli 2026 in Ferri\u00e8res, Belgium Deutsche Sprache (Muttersprache oder zweisprachig) perfekt beherrschen Erfahrung in der Animation haben Mindestens einen spezifischen Animationsbereich (Sport, Kunst,&#8230;) haben sensibel sein betreffend Multikulturalismus und Schwierigkeiten, die junge Menschen beim Erlernen einer Fremdsprache haben k\u00f6nnen Freude an der Arbeit mit Kindern, Begeisterung [&hellip;]","og_url":"https:\/\/www.ceran.com\/de\/animatorsommerkamp\/","og_site_name":"Ceran","article_modified_time":"2025-12-30T14:15:31+00:00","og_image":[{"width":512,"height":512,"url":"https:\/\/www.ceran.com\/wp-content\/uploads\/2024\/08\/Design-sans-titre-19.jpg","type":"image\/jpeg"}],"twitter_card":"summary_large_image","schema":{"@context":"https:\/\/schema.org","@graph":[{"@type":"WebPage","@id":"https:\/\/www.ceran.com\/de\/animatorsommerkamp\/","url":"https:\/\/www.ceran.com\/de\/animatorsommerkamp\/","name":"ANIMATOR (H\/F\/X) Sommer - Ceran","isPartOf":{"@id":"https:\/\/www.ceran.com\/de\/#website"},"primaryImageOfPage":{"@id":"https:\/\/www.ceran.com\/de\/animatorsommerkamp\/#primaryimage"},"image":{"@id":"https:\/\/www.ceran.com\/de\/animatorsommerkamp\/#primaryimage"},"thumbnailUrl":"https:\/\/www.ceran.com\/wp-content\/uploads\/2024\/08\/Design-sans-titre-19.jpg","datePublished":"2024-12-30T12:08:51+00:00","dateModified":"2025-12-30T14:15:31+00:00","breadcrumb":{"@id":"https:\/\/www.ceran.com\/de\/animatorsommerkamp\/#breadcrumb"},"inLanguage":"de","potentialAction":[{"@type":"ReadAction","target":["https:\/\/www.ceran.com\/de\/animatorsommerkamp\/"]}]},{"@type":"ImageObject","inLanguage":"de","@id":"https:\/\/www.ceran.com\/de\/animatorsommerkamp\/#primaryimage","url":"https:\/\/www.ceran.com\/wp-content\/uploads\/2024\/08\/Design-sans-titre-19.jpg","contentUrl":"https:\/\/www.ceran.com\/wp-content\/uploads\/2024\/08\/Design-sans-titre-19.jpg","width":512,"height":512,"caption":"Interculturel CERAN"},{"@type":"BreadcrumbList","@id":"https:\/\/www.ceran.com\/de\/animatorsommerkamp\/#breadcrumb","itemListElement":[{"@type":"ListItem","position":1,"name":"Startseite","item":"https:\/\/www.ceran.com\/de\/"},{"@type":"ListItem","position":2,"name":"ANIMATOR (H\/F\/X) Sommer"}]},{"@type":"WebSite","@id":"https:\/\/www.ceran.com\/de\/#website","url":"https:\/\/www.ceran.com\/de\/","name":"Ceran","description":"Des formations linguistiques et interculturelles qui vous ouvrent de nouveaux horizons","publisher":{"@id":"https:\/\/www.ceran.com\/de\/#organization"},"potentialAction":[{"@type":"SearchAction","target":{"@type":"EntryPoint","urlTemplate":"https:\/\/www.ceran.com\/de\/?s={search_term_string}"},"query-input":{"@type":"PropertyValueSpecification","valueRequired":true,"valueName":"search_term_string"}}],"inLanguage":"de"},{"@type":"Organization","@id":"https:\/\/www.ceran.com\/de\/#organization","name":"Ceran","url":"https:\/\/www.ceran.com\/de\/","logo":{"@type":"ImageObject","inLanguage":"de","@id":"https:\/\/www.ceran.com\/de\/#\/schema\/logo\/image\/","url":"https:\/\/www.ceran.com\/wp-content\/uploads\/2025\/06\/Logo-CERAN-16-x-16-pixels.svg","contentUrl":"https:\/\/www.ceran.com\/wp-content\/uploads\/2025\/06\/Logo-CERAN-16-x-16-pixels.svg","width":30,"height":30,"caption":"Ceran"},"image":{"@id":"https:\/\/www.ceran.com\/de\/#\/schema\/logo\/image\/"}}]}},"_links":{"self":[{"href":"https:\/\/www.ceran.com\/de\/wp-json\/wp\/v2\/pages\/107897","targetHints":{"allow":["GET"]}}],"collection":[{"href":"https:\/\/www.ceran.com\/de\/wp-json\/wp\/v2\/pages"}],"about":[{"href":"https:\/\/www.ceran.com\/de\/wp-json\/wp\/v2\/types\/page"}],"author":[{"embeddable":true,"href":"https:\/\/www.ceran.com\/de\/wp-json\/wp\/v2\/users\/27"}],"replies":[{"embeddable":true,"href":"https:\/\/www.ceran.com\/de\/wp-json\/wp\/v2\/comments?post=107897"}],"version-history":[{"count":29,"href":"https:\/\/www.ceran.com\/de\/wp-json\/wp\/v2\/pages\/107897\/revisions"}],"predecessor-version":[{"id":112289,"href":"https:\/\/www.ceran.com\/de\/wp-json\/wp\/v2\/pages\/107897\/revisions\/112289"}],"wp:featuredmedia":[{"embeddable":true,"href":"https:\/\/www.ceran.com\/de\/wp-json\/wp\/v2\/media\/102845"}],"wp:attachment":[{"href":"https:\/\/www.ceran.com\/de\/wp-json\/wp\/v2\/media?parent=107897"}],"curies":[{"name":"wp","href":"https:\/\/api.w.org\/{rel}","templated":true}]}}