{"id":52656,"date":"2022-04-26T15:06:19","date_gmt":"2022-04-26T13:06:19","guid":{"rendered":"https:\/\/www.ceran.com\/ceran-und-seine-methoden\/finanzielle-hilfen-fuer-die-ausbildung\/finanzieren-sie-ihre-sprachliche-ausbildung-mit-den-ausbildungsschecks-in-belgien\/"},"modified":"2025-05-02T11:40:51","modified_gmt":"2025-05-02T09:40:51","slug":"finanzieren-sie-ihre-sprachliche-ausbildung-mit-den-ausbildungsschecks-in-belgien","status":"publish","type":"page","link":"https:\/\/www.ceran.com\/de\/ceran-und-seine-methoden\/finanzielle-hilfen-fuer-die-ausbildung\/finanzieren-sie-ihre-sprachliche-ausbildung-mit-den-ausbildungsschecks-in-belgien\/","title":{"rendered":"Finanzieren Sie Ihre sprachliche Ausbildung mit den Ausbildungsschecks in Belgien"},"content":{"rendered":"\t\t<div data-elementor-type=\"wp-page\" data-elementor-id=\"52656\" class=\"elementor elementor-52656 elementor-3569\" data-elementor-post-type=\"page\">\n\t\t\t\t\t\t<section class=\"elementor-section elementor-top-section elementor-element elementor-element-9bf8348 elementor-section-boxed elementor-section-height-default elementor-section-height-default\" data-id=\"9bf8348\" data-element_type=\"section\" data-e-type=\"section\">\n\t\t\t\t\t\t<div class=\"elementor-container elementor-column-gap-default\">\n\t\t\t\t\t<div class=\"elementor-column elementor-col-100 elementor-top-column elementor-element elementor-element-a484539\" data-id=\"a484539\" data-element_type=\"column\" data-e-type=\"column\">\n\t\t\t<div class=\"elementor-widget-wrap elementor-element-populated\">\n\t\t\t\t\t\t<div class=\"elementor-element elementor-element-ff43d28 elementor-widget elementor-widget-template\" data-id=\"ff43d28\" data-element_type=\"widget\" data-e-type=\"widget\" data-widget_type=\"template.default\">\n\t\t\t\t<div class=\"elementor-widget-container\">\n\t\t\t\t\t\t\t<div class=\"elementor-template\">\n\t\t\t\t\t<div data-elementor-type=\"section\" data-elementor-id=\"2014\" class=\"elementor elementor-2014\" data-elementor-post-type=\"elementor_library\">\n\t\t\t\t\t<section class=\"elementor-section elementor-top-section elementor-element elementor-element-7ff20875 elementor-section-boxed elementor-section-height-default elementor-section-height-default\" data-id=\"7ff20875\" data-element_type=\"section\" data-e-type=\"section\">\n\t\t\t\t\t\t<div class=\"elementor-container elementor-column-gap-default\">\n\t\t\t\t\t<div class=\"elementor-column elementor-col-100 elementor-top-column elementor-element elementor-element-a5e383b\" data-id=\"a5e383b\" data-element_type=\"column\" data-e-type=\"column\">\n\t\t\t<div class=\"elementor-widget-wrap elementor-element-populated\">\n\t\t\t\t\t\t<div class=\"elementor-element elementor-element-3edd7a7e elementor-widget elementor-widget-breadcrumbs\" data-id=\"3edd7a7e\" data-element_type=\"widget\" data-e-type=\"widget\" data-widget_type=\"breadcrumbs.default\">\n\t\t\t\t<div class=\"elementor-widget-container\">\n\t\t\t\t\t<p id=\"breadcrumbs\"><span><span><a href=\"https:\/\/www.ceran.com\/de\/\">Startseite<\/a><\/span><\/span><\/p>\t\t\t\t<\/div>\n\t\t\t\t<\/div>\n\t\t\t\t\t<\/div>\n\t\t<\/div>\n\t\t\t\t\t<\/div>\n\t\t<\/section>\n\t\t\t\t<\/div>\n\t\t\t\t<\/div>\n\t\t\t\t\t\t<\/div>\n\t\t\t\t<\/div>\n\t\t\t\t\t<\/div>\n\t\t<\/div>\n\t\t\t\t\t<\/div>\n\t\t<\/section>\n\t\t\t\t<section class=\"elementor-section elementor-top-section elementor-element elementor-element-297f0b8 elementor-section-boxed elementor-section-height-default elementor-section-height-default\" data-id=\"297f0b8\" data-element_type=\"section\" data-e-type=\"section\">\n\t\t\t\t\t\t<div class=\"elementor-container elementor-column-gap-default\">\n\t\t\t\t\t<div class=\"elementor-column elementor-col-100 elementor-top-column elementor-element elementor-element-5a53b10\" data-id=\"5a53b10\" data-element_type=\"column\" data-e-type=\"column\">\n\t\t\t<div class=\"elementor-widget-wrap elementor-element-populated\">\n\t\t\t\t\t\t<div class=\"elementor-element elementor-element-double-colonne-texte elementor-widget elementor-widget-double-colonne-texte\" data-id=\"double-colonne-texte\" data-element_type=\"widget\" data-e-type=\"widget\" data-widget_type=\"double-colonne-texte.default\">\n\t\t\t\t<div class=\"elementor-widget-container\">\n\t\t\t\t\t<div class=\"widget-column  \"><div class=\"wrapper-column\"><div class=\"corner corner-right-top-bottom\"><div class=\"corner-content\"><div class=\"ax-title mb-5\">Die Finanzierung Ihrer Ausbildung in Wallonien<\/div><div class=\"bottom-block row\"><div class=\"bottom-block-img col-6\"><img decoding=\"async\" width=\"126\" height=\"90\" src=\"https:\/\/www.ceran.com\/wp-content\/uploads\/2022\/01\/Union-3.png\" class=\"attachment-thumbnail size-thumbnail\" alt=\"\" \/><\/div><div class=\"bottom-block-links col-6 d-flex flex-column\"><a href=\"https:\/\/www.ceran.com\/fr\/nous-contacter\/\" class=\"ax-btn btn-mail-black mb-2\" >Contactez-nous<\/a><\/div><\/div><\/div><\/div><\/div><div class=\"wrapper-column\"><div class=\"corner corner-left-top-bottom\" style=\" display: flex; align-items: center;\"><div class=\"corner-content\"><p>In Wallonien gibt es finanzielle Unterst\u00fctzung in Form von Ausbildungsschecks (\u201eCh\u00e8ques-formation\u201f). Es gibt zwei Arten von Schecks, und zwar die Ausbildungsschecks und die Sprachausbildungsschecks, die sich an Berufst\u00e4tige richten und nur f\u00fcr Sprachunterricht gelten. Jeder Scheck entspricht 1 Stunde Unterricht und gilt f\u00fcr die Person, die ihn kauft. Der Scheck kostet 15 \u20ac und ist 30 \u20ac wert. Zum Beispiel entspricht eine Schulung mit Unterkunft bei CERAN \u00fcber eine Woche 50 Schecks, eine Schulung ohne Unterkunft bei CERAN \u00fcber 20 Unterrichtsstunden kostet 20 Schecks.<\/p><\/div><\/div><\/div><\/div>\t\t\t\t<\/div>\n\t\t\t\t<\/div>\n\t\t\t\t\t<\/div>\n\t\t<\/div>\n\t\t\t\t\t<\/div>\n\t\t<\/section>\n\t\t\t\t<section class=\"elementor-section elementor-top-section elementor-element elementor-element-fbcc1f1 elementor-section-boxed elementor-section-height-default elementor-section-height-default\" data-id=\"fbcc1f1\" data-element_type=\"section\" data-e-type=\"section\">\n\t\t\t\t\t\t<div class=\"elementor-container elementor-column-gap-default\">\n\t\t\t\t\t<div class=\"elementor-column elementor-col-100 elementor-top-column elementor-element elementor-element-d38fe5a\" data-id=\"d38fe5a\" data-element_type=\"column\" data-e-type=\"column\">\n\t\t\t<div class=\"elementor-widget-wrap elementor-element-populated\">\n\t\t\t\t\t\t<div class=\"elementor-element elementor-element-ceran-title-icon elementor-widget elementor-widget-ceran-title-icon\" data-id=\"ceran-title-icon\" data-element_type=\"widget\" data-e-type=\"widget\" data-widget_type=\"ceran-title-icon.default\">\n\t\t\t\t<div class=\"elementor-widget-container\">\n\t\t\t\t\t<h2 class=\"ax-title-icon\"><div class=\"ax-title-icons bleu-rouge \"> Wer hat Anspruch auf diese Hilfen? <\/div><\/h2>\t\t\t\t<\/div>\n\t\t\t\t<\/div>\n\t\t\t\t<div class=\"elementor-element elementor-element-89dbb15 elementor-widget elementor-widget-text-editor\" data-id=\"89dbb15\" data-element_type=\"widget\" data-e-type=\"widget\" data-widget_type=\"text-editor.default\">\n\t\t\t\t<div class=\"elementor-widget-container\">\n\t\t\t\t\t\t\t\t\t<ul><li>Die kleinen und mittelst\u00e4ndischen Betriebe, die ihren Hauptgesch\u00e4ftssitz in der franz\u00f6sischsprachigen Wallonischen Region haben, die Freiberufler, die haupt- oder nebenberuflich oder im Betrieb ihres Partners t\u00e4tig sind;<\/li><li>Mit max. 250 Angestellten ODER die Selbstst\u00e4ndigen<\/li><li>Mit einem Umsatz von max. 50 Millionen Euro ODER mit einer Bilanz von unter 43 Millionen Euro<\/li><li>Muss ein selbstst\u00e4ndiges Unternehmen sein Ausgeschlossen sind: Personen, die einen Berufseingliederungsplan absolvieren (Plan Formation Insertion (PFI)), Studenten, Lehrlinge und Unternehmenspraktikanten.<\/li><\/ul>\t\t\t\t\t\t\t\t<\/div>\n\t\t\t\t<\/div>\n\t\t\t\t\t<\/div>\n\t\t<\/div>\n\t\t\t\t\t<\/div>\n\t\t<\/section>\n\t\t\t\t<section class=\"elementor-section elementor-top-section elementor-element elementor-element-dea8b31 elementor-section-boxed elementor-section-height-default elementor-section-height-default\" data-id=\"dea8b31\" data-element_type=\"section\" data-e-type=\"section\">\n\t\t\t\t\t\t<div class=\"elementor-container elementor-column-gap-default\">\n\t\t\t\t\t<div class=\"elementor-column elementor-col-100 elementor-top-column elementor-element elementor-element-42768e8\" data-id=\"42768e8\" data-element_type=\"column\" data-e-type=\"column\">\n\t\t\t<div class=\"elementor-widget-wrap elementor-element-populated\">\n\t\t\t\t\t\t<div class=\"elementor-element elementor-element-ceran-title-icon elementor-widget elementor-widget-ceran-title-icon\" data-id=\"ceran-title-icon\" data-element_type=\"widget\" data-e-type=\"widget\" data-widget_type=\"ceran-title-icon.default\">\n\t\t\t\t<div class=\"elementor-widget-container\">\n\t\t\t\t\t<h2 class=\"ax-title-icon\"><div class=\"ax-title-icons bleu-rouge \"> Welche Formalit\u00e4ten m\u00fcssen erf\u00fcllt werden, um im Rahmen einer CERAN-Ausbildung einen Ausbildungsscheck zu erhalten? <\/div><\/h2>\t\t\t\t<\/div>\n\t\t\t\t<\/div>\n\t\t\t\t<div class=\"elementor-element elementor-element-db0eba6 elementor-widget elementor-widget-text-editor\" data-id=\"db0eba6\" data-element_type=\"widget\" data-e-type=\"widget\" data-widget_type=\"text-editor.default\">\n\t\t\t\t<div class=\"elementor-widget-container\">\n\t\t\t\t\t\t\t\t\t<ul><li>Sie informieren den Dienstleister dar\u00fcber, dass Sie f\u00fcr die Finanzierung Ihres Projektes die Ausbildungsschecks nutzen m\u00f6chten.<\/li><li>Der Dienstleister stellt Ihnen die Schulung in Rechnung und h\u00e4ndigt Ihnen ein Informationsblatt zum Ausf\u00fcllen aus.<\/li><li>Vor Beginn der Schulung &gt; Sie bestellen die elektronischen Ausbildungsschecks bei Sodexo; &gt; Sie senden das ausgef\u00fcllte Informationsblatt an den Dienstleister zur\u00fcck (einschlie\u00dflich der von Sodexo bei der Bestellbest\u00e4tigung \u00fcbermittelten Codes); &gt; Sie zahlen dem Dienstleister den Rechnungsbetrag inkl. MwSt. abz\u00fcglich des durch die Ausbildungsschecks gedeckten Betrags.<\/li><li>Der Dienstleister zieht den Betrag der Ausbildungsschecks ein. Wichtig: die beiden Finanzhilfen der Wallonischen Region (Ausbildungsschecks und AWEX) k\u00f6nnen nicht kombiniert werden.<\/li><\/ul>\t\t\t\t\t\t\t\t<\/div>\n\t\t\t\t<\/div>\n\t\t\t\t\t<\/div>\n\t\t<\/div>\n\t\t\t\t\t<\/div>\n\t\t<\/section>\n\t\t\t\t<section class=\"elementor-section elementor-top-section elementor-element elementor-element-e8f3ca1 elementor-section-boxed elementor-section-height-default elementor-section-height-default\" data-id=\"e8f3ca1\" data-element_type=\"section\" data-e-type=\"section\">\n\t\t\t\t\t\t<div class=\"elementor-container elementor-column-gap-default\">\n\t\t\t\t\t<div class=\"elementor-column elementor-col-100 elementor-top-column elementor-element elementor-element-3646784\" data-id=\"3646784\" data-element_type=\"column\" data-e-type=\"column\">\n\t\t\t<div class=\"elementor-widget-wrap elementor-element-populated\">\n\t\t\t\t\t\t<div class=\"elementor-element elementor-element-ceran-title-icon elementor-widget elementor-widget-ceran-title-icon\" data-id=\"ceran-title-icon\" data-element_type=\"widget\" data-e-type=\"widget\" data-widget_type=\"ceran-title-icon.default\">\n\t\t\t\t<div class=\"elementor-widget-container\">\n\t\t\t\t\t<h2 class=\"ax-title-icon\"><div class=\"ax-title-icons bleu-rouge \"> Allgemeiner Hinweis <\/div><\/h2>\t\t\t\t<\/div>\n\t\t\t\t<\/div>\n\t\t\t\t<div class=\"elementor-element elementor-element-a96338c elementor-widget elementor-widget-text-editor\" data-id=\"a96338c\" data-element_type=\"widget\" data-e-type=\"widget\" data-widget_type=\"text-editor.default\">\n\t\t\t\t<div class=\"elementor-widget-container\">\n\t\t\t\t\t\t\t\t\t<div class=\"ewa-rteLine\">Diese Information hat den Zweck, die Bewilligungsvoraussetzungen der Hilfen und Erm\u00e4\u00dfigungen zusammenfassend zu erkl\u00e4ren. Anwendbar sind nur die Informationen, die auf den offiziellen Webseiten der verschiedenen Organismen aufgef\u00fchrt sind. Ebenfalls anwendbar sind die Allgemeinen Gesch\u00e4ftsbedingungen von CERAN. Diese k\u00f6nnen Sie auf unserer Website www.ceran.com einsehen. CERAN kann nicht daf\u00fcr haftbar gemacht werden, wenn eine finanzielle Hilfe nicht gew\u00e4hrt wird.<\/div><div class=\"ewa-rteLine\">* Vorbehaltlich des Akzepts der Dossiers bei den betreffenden Stellen oder der \u00c4nderung der Bedingungen und Formalit\u00e4ten dieser Stellen.<\/div>\t\t\t\t\t\t\t\t<\/div>\n\t\t\t\t<\/div>\n\t\t\t\t\t<\/div>\n\t\t<\/div>\n\t\t\t\t\t<\/div>\n\t\t<\/section>\n\t\t\t\t<section class=\"elementor-section elementor-top-section elementor-element elementor-element-bafec55 elementor-section-boxed elementor-section-height-default elementor-section-height-default\" data-id=\"bafec55\" data-element_type=\"section\" data-e-type=\"section\">\n\t\t\t\t\t\t<div class=\"elementor-container elementor-column-gap-default\">\n\t\t\t\t\t<div class=\"elementor-column elementor-col-100 elementor-top-column elementor-element elementor-element-495169a\" data-id=\"495169a\" data-element_type=\"column\" data-e-type=\"column\">\n\t\t\t<div class=\"elementor-widget-wrap elementor-element-populated\">\n\t\t\t\t\t\t<div class=\"elementor-element elementor-element-ceran-title-icon elementor-widget elementor-widget-ceran-title-icon\" data-id=\"ceran-title-icon\" data-element_type=\"widget\" data-e-type=\"widget\" data-widget_type=\"ceran-title-icon.default\">\n\t\t\t\t<div class=\"elementor-widget-container\">\n\t\t\t\t\t<h2 class=\"ax-title-icon\"><div class=\"ax-title-icons bleu-rouge \"> Weitere Informationen <\/div><\/h2>\t\t\t\t<\/div>\n\t\t\t\t<\/div>\n\t\t\t\t<div class=\"elementor-element elementor-element-82dabc8 elementor-widget elementor-widget-text-editor\" data-id=\"82dabc8\" data-element_type=\"widget\" data-e-type=\"widget\" data-widget_type=\"text-editor.default\">\n\t\t\t\t<div class=\"elementor-widget-container\">\n\t\t\t\t\t\t\t\t\t<div class=\"ewa-rteLine\"><span data-sheets-value=\"{\" data-sheets-userformat=\"{\" data-sheets-textstyleruns=\"{\" data-sheets-hyperlinkruns=\"{\">\uf028 +32 (0)2 547 55 86 <\/span><\/div><div class=\"ewa-rteLine\"><span data-sheets-value=\"{\" data-sheets-userformat=\"{\" data-sheets-textstyleruns=\"{\" data-sheets-hyperlinkruns=\"{\">@ formation.svc.be@sodexo.com <br \/>\uf046 Bedingungen und Formalit\u00e4ten:<br \/><span style=\"text-decoration: underline;\"><a class=\"in-cell-link\" href=\"https:\/\/www.leforem.be\/entreprises\/aides-financieres-cheque-formation.html\" target=\"_blank\" rel=\"noopener\">https:\/\/www.leforem.be\/entreprises\/aides-financieres-cheque-formation.html<\/a><\/span><\/span><\/div>\t\t\t\t\t\t\t\t<\/div>\n\t\t\t\t<\/div>\n\t\t\t\t\t<\/div>\n\t\t<\/div>\n\t\t\t\t\t<\/div>\n\t\t<\/section>\n\t\t\t\t<section class=\"elementor-section elementor-top-section elementor-element elementor-element-4dc2b10 elementor-section-boxed elementor-section-height-default elementor-section-height-default\" data-id=\"4dc2b10\" data-element_type=\"section\" data-e-type=\"section\">\n\t\t\t\t\t\t<div class=\"elementor-container elementor-column-gap-default\">\n\t\t\t\t\t<div class=\"elementor-column elementor-col-100 elementor-top-column elementor-element elementor-element-4c5da36\" data-id=\"4c5da36\" data-element_type=\"column\" data-e-type=\"column\">\n\t\t\t<div class=\"elementor-widget-wrap elementor-element-populated\">\n\t\t\t\t\t\t<div class=\"elementor-element elementor-element-ceran_block-encadre-text-icon elementor-widget elementor-widget-ceran_block-encadre-text-icon\" data-id=\"ceran_block-encadre-text-icon\" data-element_type=\"widget\" data-e-type=\"widget\" data-widget_type=\"ceran_block-encadre-text-icon.default\">\n\t\t\t\t<div class=\"elementor-widget-container\">\n\t\t\t\t\t<div class=\"container p-0\"><div class=\"corner corner-left-top\"><div class=\"corner-content\"><div class=\"row\"><div class=\"col text-container d-flex flex-wrap flex-column justify-content-center justify-content-md-start\"><h3 class=\"title col\">Andere Hilfen <\/h3><div class=\"texte col\"><\/div><div class=\"row gy-4\"><div class=\"col-sm-6 col-md-3\"><a class=\"ax-btn btn-landing\" href=\"https:\/\/www.ceran.com\/fr\/le-ceran-et-ses-methodes\/faire-financer-sa-formation\/prime-formation-be\/\" >Ausbildungspr\u00e4mie<\/a><\/div><div class=\"col-sm-6 col-md-3\"><a class=\"ax-btn btn-landing\" href=\"https:\/\/www.ceran.com\/fr\/le-ceran-et-ses-methodes\/faire-financer-sa-formation\/aide-kmo-portefeuille-be\/\" >KMO-Portfolio<\/a><\/div><div class=\"col-sm-6 col-md-3\"><a class=\"ax-btn btn-landing\" href=\"https:\/\/www.ceran.com\/fr\/le-ceran-et-ses-methodes\/faire-financer-sa-formation\/le-financement-brawo-aide\/\" >BRAWO-Hilfen<\/a><\/div><div class=\"col-sm-6 col-md-3\"><a class=\"ax-btn btn-landing\" href=\"https:\/\/www.ceran.com\/fr\/le-ceran-et-ses-methodes\/faire-financer-sa-formation\/aides-sectorielles-be\/\" >Sektoriellen Hilfen<\/a><\/div><\/div><\/div><\/div><\/div><\/div><\/div>\t\t\t\t<\/div>\n\t\t\t\t<\/div>\n\t\t\t\t\t<\/div>\n\t\t<\/div>\n\t\t\t\t\t<\/div>\n\t\t<\/section>\n\t\t\t\t<\/div>\n\t\t","protected":false},"excerpt":{"rendered":"<p>Die Finanzierung Ihrer Ausbildung in WallonienContactez-nous In Wallonien gibt es finanzielle Unterst\u00fctzung in Form von Ausbildungsschecks (\u201eCh\u00e8ques-formation\u201f). Es gibt zwei Arten von Schecks, und zwar die Ausbildungsschecks und die Sprachausbildungsschecks, die sich an Berufst\u00e4tige richten und nur f\u00fcr Sprachunterricht gelten. Jeder Scheck entspricht 1 Stunde Unterricht und gilt f\u00fcr die Person, die ihn kauft. Der [&hellip;]<\/p>\n","protected":false},"author":1,"featured_media":0,"parent":5068,"menu_order":0,"comment_status":"closed","ping_status":"closed","template":"","meta":{"_acf_changed":false,"_seopress_robots_primary_cat":"","_seopress_titles_title":"","_seopress_titles_desc":"","_seopress_robots_index":"","content-type":"","footnotes":""},"class_list":["post-52656","page","type-page","status-publish","hentry"],"acf":[],"yoast_head":"<!-- This site is optimized with the Yoast SEO plugin v27.4 - https:\/\/yoast.com\/product\/yoast-seo-wordpress\/ -->\n<title>Finanzieren Sie Ihre sprachliche Ausbildung mit den Ausbildungsschecks in Belgien - Ceran<\/title>\n<meta name=\"robots\" content=\"index, follow, max-snippet:-1, max-image-preview:large, max-video-preview:-1\" \/>\n<link rel=\"canonical\" href=\"https:\/\/www.ceran.com\/de\/ceran-und-seine-methoden\/finanzielle-hilfen-fuer-die-ausbildung\/finanzieren-sie-ihre-sprachliche-ausbildung-mit-den-ausbildungsschecks-in-belgien\/\" \/>\n<meta property=\"og:locale\" content=\"de_DE\" \/>\n<meta property=\"og:type\" content=\"article\" \/>\n<meta property=\"og:title\" content=\"Finanzieren Sie Ihre sprachliche Ausbildung mit den Ausbildungsschecks in Belgien - Ceran\" \/>\n<meta property=\"og:description\" content=\"Die Finanzierung Ihrer Ausbildung in WallonienContactez-nous In Wallonien gibt es finanzielle Unterst\u00fctzung in Form von Ausbildungsschecks (\u201eCh\u00e8ques-formation\u201f). Es gibt zwei Arten von Schecks, und zwar die Ausbildungsschecks und die Sprachausbildungsschecks, die sich an Berufst\u00e4tige richten und nur f\u00fcr Sprachunterricht gelten. Jeder Scheck entspricht 1 Stunde Unterricht und gilt f\u00fcr die Person, die ihn kauft. Der [&hellip;]\" \/>\n<meta property=\"og:url\" content=\"https:\/\/www.ceran.com\/de\/ceran-und-seine-methoden\/finanzielle-hilfen-fuer-die-ausbildung\/finanzieren-sie-ihre-sprachliche-ausbildung-mit-den-ausbildungsschecks-in-belgien\/\" \/>\n<meta property=\"og:site_name\" content=\"Ceran\" \/>\n<meta property=\"article:modified_time\" content=\"2025-05-02T09:40:51+00:00\" \/>\n<meta property=\"og:image\" content=\"https:\/\/www.ceran.com\/wp-content\/uploads\/2022\/01\/Union-3.png\" \/>\n<meta name=\"twitter:card\" content=\"summary_large_image\" \/>\n<script type=\"application\/ld+json\" class=\"yoast-schema-graph\">{\"@context\":\"https:\\\/\\\/schema.org\",\"@graph\":[{\"@type\":\"WebPage\",\"@id\":\"https:\\\/\\\/www.ceran.com\\\/de\\\/ceran-und-seine-methoden\\\/finanzielle-hilfen-fuer-die-ausbildung\\\/finanzieren-sie-ihre-sprachliche-ausbildung-mit-den-ausbildungsschecks-in-belgien\\\/\",\"url\":\"https:\\\/\\\/www.ceran.com\\\/de\\\/ceran-und-seine-methoden\\\/finanzielle-hilfen-fuer-die-ausbildung\\\/finanzieren-sie-ihre-sprachliche-ausbildung-mit-den-ausbildungsschecks-in-belgien\\\/\",\"name\":\"Finanzieren Sie Ihre sprachliche Ausbildung mit den Ausbildungsschecks in Belgien - Ceran\",\"isPartOf\":{\"@id\":\"https:\\\/\\\/www.ceran.com\\\/de\\\/#website\"},\"primaryImageOfPage\":{\"@id\":\"https:\\\/\\\/www.ceran.com\\\/de\\\/ceran-und-seine-methoden\\\/finanzielle-hilfen-fuer-die-ausbildung\\\/finanzieren-sie-ihre-sprachliche-ausbildung-mit-den-ausbildungsschecks-in-belgien\\\/#primaryimage\"},\"image\":{\"@id\":\"https:\\\/\\\/www.ceran.com\\\/de\\\/ceran-und-seine-methoden\\\/finanzielle-hilfen-fuer-die-ausbildung\\\/finanzieren-sie-ihre-sprachliche-ausbildung-mit-den-ausbildungsschecks-in-belgien\\\/#primaryimage\"},\"thumbnailUrl\":\"https:\\\/\\\/www.ceran.com\\\/wp-content\\\/uploads\\\/2022\\\/01\\\/Union-3.png\",\"datePublished\":\"2022-04-26T13:06:19+00:00\",\"dateModified\":\"2025-05-02T09:40:51+00:00\",\"breadcrumb\":{\"@id\":\"https:\\\/\\\/www.ceran.com\\\/de\\\/ceran-und-seine-methoden\\\/finanzielle-hilfen-fuer-die-ausbildung\\\/finanzieren-sie-ihre-sprachliche-ausbildung-mit-den-ausbildungsschecks-in-belgien\\\/#breadcrumb\"},\"inLanguage\":\"de\",\"potentialAction\":[{\"@type\":\"ReadAction\",\"target\":[\"https:\\\/\\\/www.ceran.com\\\/de\\\/ceran-und-seine-methoden\\\/finanzielle-hilfen-fuer-die-ausbildung\\\/finanzieren-sie-ihre-sprachliche-ausbildung-mit-den-ausbildungsschecks-in-belgien\\\/\"]}]},{\"@type\":\"ImageObject\",\"inLanguage\":\"de\",\"@id\":\"https:\\\/\\\/www.ceran.com\\\/de\\\/ceran-und-seine-methoden\\\/finanzielle-hilfen-fuer-die-ausbildung\\\/finanzieren-sie-ihre-sprachliche-ausbildung-mit-den-ausbildungsschecks-in-belgien\\\/#primaryimage\",\"url\":\"https:\\\/\\\/www.ceran.com\\\/wp-content\\\/uploads\\\/2022\\\/01\\\/Union-3.png\",\"contentUrl\":\"https:\\\/\\\/www.ceran.com\\\/wp-content\\\/uploads\\\/2022\\\/01\\\/Union-3.png\"},{\"@type\":\"BreadcrumbList\",\"@id\":\"https:\\\/\\\/www.ceran.com\\\/de\\\/ceran-und-seine-methoden\\\/finanzielle-hilfen-fuer-die-ausbildung\\\/finanzieren-sie-ihre-sprachliche-ausbildung-mit-den-ausbildungsschecks-in-belgien\\\/#breadcrumb\",\"itemListElement\":[{\"@type\":\"ListItem\",\"position\":1,\"name\":\"Startseite\",\"item\":\"https:\\\/\\\/www.ceran.com\\\/de\\\/\"},{\"@type\":\"ListItem\",\"position\":2,\"name\":\"CERAN und seine Methoden\",\"item\":\"https:\\\/\\\/www.ceran.com\\\/de\\\/ceran-und-seine-methoden\\\/\"},{\"@type\":\"ListItem\",\"position\":3,\"name\":\"Finanzielle Hilfen f\u00fcr die Ausbildung\",\"item\":\"https:\\\/\\\/www.ceran.com\\\/de\\\/ceran-und-seine-methoden\\\/finanzielle-hilfen-fuer-die-ausbildung\\\/\"},{\"@type\":\"ListItem\",\"position\":4,\"name\":\"Finanzieren Sie Ihre sprachliche Ausbildung mit den Ausbildungsschecks in Belgien\"}]},{\"@type\":\"WebSite\",\"@id\":\"https:\\\/\\\/www.ceran.com\\\/de\\\/#website\",\"url\":\"https:\\\/\\\/www.ceran.com\\\/de\\\/\",\"name\":\"Ceran\",\"description\":\"Des formations linguistiques et interculturelles qui vous ouvrent de nouveaux horizons\",\"publisher\":{\"@id\":\"https:\\\/\\\/www.ceran.com\\\/de\\\/#organization\"},\"potentialAction\":[{\"@type\":\"SearchAction\",\"target\":{\"@type\":\"EntryPoint\",\"urlTemplate\":\"https:\\\/\\\/www.ceran.com\\\/de\\\/?s={search_term_string}\"},\"query-input\":{\"@type\":\"PropertyValueSpecification\",\"valueRequired\":true,\"valueName\":\"search_term_string\"}}],\"inLanguage\":\"de\"},{\"@type\":\"Organization\",\"@id\":\"https:\\\/\\\/www.ceran.com\\\/de\\\/#organization\",\"name\":\"Ceran\",\"url\":\"https:\\\/\\\/www.ceran.com\\\/de\\\/\",\"logo\":{\"@type\":\"ImageObject\",\"inLanguage\":\"de\",\"@id\":\"https:\\\/\\\/www.ceran.com\\\/de\\\/#\\\/schema\\\/logo\\\/image\\\/\",\"url\":\"https:\\\/\\\/www.ceran.com\\\/wp-content\\\/uploads\\\/2025\\\/06\\\/Logo-CERAN-16-x-16-pixels.svg\",\"contentUrl\":\"https:\\\/\\\/www.ceran.com\\\/wp-content\\\/uploads\\\/2025\\\/06\\\/Logo-CERAN-16-x-16-pixels.svg\",\"width\":30,\"height\":30,\"caption\":\"Ceran\"},\"image\":{\"@id\":\"https:\\\/\\\/www.ceran.com\\\/de\\\/#\\\/schema\\\/logo\\\/image\\\/\"}}]}<\/script>\n<!-- \/ Yoast SEO plugin. -->","yoast_head_json":{"title":"Finanzieren Sie Ihre sprachliche Ausbildung mit den Ausbildungsschecks in Belgien - Ceran","robots":{"index":"index","follow":"follow","max-snippet":"max-snippet:-1","max-image-preview":"max-image-preview:large","max-video-preview":"max-video-preview:-1"},"canonical":"https:\/\/www.ceran.com\/de\/ceran-und-seine-methoden\/finanzielle-hilfen-fuer-die-ausbildung\/finanzieren-sie-ihre-sprachliche-ausbildung-mit-den-ausbildungsschecks-in-belgien\/","og_locale":"de_DE","og_type":"article","og_title":"Finanzieren Sie Ihre sprachliche Ausbildung mit den Ausbildungsschecks in Belgien - Ceran","og_description":"Die Finanzierung Ihrer Ausbildung in WallonienContactez-nous In Wallonien gibt es finanzielle Unterst\u00fctzung in Form von Ausbildungsschecks (\u201eCh\u00e8ques-formation\u201f). Es gibt zwei Arten von Schecks, und zwar die Ausbildungsschecks und die Sprachausbildungsschecks, die sich an Berufst\u00e4tige richten und nur f\u00fcr Sprachunterricht gelten. Jeder Scheck entspricht 1 Stunde Unterricht und gilt f\u00fcr die Person, die ihn kauft. Der [&hellip;]","og_url":"https:\/\/www.ceran.com\/de\/ceran-und-seine-methoden\/finanzielle-hilfen-fuer-die-ausbildung\/finanzieren-sie-ihre-sprachliche-ausbildung-mit-den-ausbildungsschecks-in-belgien\/","og_site_name":"Ceran","article_modified_time":"2025-05-02T09:40:51+00:00","og_image":[{"url":"https:\/\/www.ceran.com\/wp-content\/uploads\/2022\/01\/Union-3.png","type":"","width":"","height":""}],"twitter_card":"summary_large_image","schema":{"@context":"https:\/\/schema.org","@graph":[{"@type":"WebPage","@id":"https:\/\/www.ceran.com\/de\/ceran-und-seine-methoden\/finanzielle-hilfen-fuer-die-ausbildung\/finanzieren-sie-ihre-sprachliche-ausbildung-mit-den-ausbildungsschecks-in-belgien\/","url":"https:\/\/www.ceran.com\/de\/ceran-und-seine-methoden\/finanzielle-hilfen-fuer-die-ausbildung\/finanzieren-sie-ihre-sprachliche-ausbildung-mit-den-ausbildungsschecks-in-belgien\/","name":"Finanzieren Sie Ihre sprachliche Ausbildung mit den Ausbildungsschecks in Belgien - Ceran","isPartOf":{"@id":"https:\/\/www.ceran.com\/de\/#website"},"primaryImageOfPage":{"@id":"https:\/\/www.ceran.com\/de\/ceran-und-seine-methoden\/finanzielle-hilfen-fuer-die-ausbildung\/finanzieren-sie-ihre-sprachliche-ausbildung-mit-den-ausbildungsschecks-in-belgien\/#primaryimage"},"image":{"@id":"https:\/\/www.ceran.com\/de\/ceran-und-seine-methoden\/finanzielle-hilfen-fuer-die-ausbildung\/finanzieren-sie-ihre-sprachliche-ausbildung-mit-den-ausbildungsschecks-in-belgien\/#primaryimage"},"thumbnailUrl":"https:\/\/www.ceran.com\/wp-content\/uploads\/2022\/01\/Union-3.png","datePublished":"2022-04-26T13:06:19+00:00","dateModified":"2025-05-02T09:40:51+00:00","breadcrumb":{"@id":"https:\/\/www.ceran.com\/de\/ceran-und-seine-methoden\/finanzielle-hilfen-fuer-die-ausbildung\/finanzieren-sie-ihre-sprachliche-ausbildung-mit-den-ausbildungsschecks-in-belgien\/#breadcrumb"},"inLanguage":"de","potentialAction":[{"@type":"ReadAction","target":["https:\/\/www.ceran.com\/de\/ceran-und-seine-methoden\/finanzielle-hilfen-fuer-die-ausbildung\/finanzieren-sie-ihre-sprachliche-ausbildung-mit-den-ausbildungsschecks-in-belgien\/"]}]},{"@type":"ImageObject","inLanguage":"de","@id":"https:\/\/www.ceran.com\/de\/ceran-und-seine-methoden\/finanzielle-hilfen-fuer-die-ausbildung\/finanzieren-sie-ihre-sprachliche-ausbildung-mit-den-ausbildungsschecks-in-belgien\/#primaryimage","url":"https:\/\/www.ceran.com\/wp-content\/uploads\/2022\/01\/Union-3.png","contentUrl":"https:\/\/www.ceran.com\/wp-content\/uploads\/2022\/01\/Union-3.png"},{"@type":"BreadcrumbList","@id":"https:\/\/www.ceran.com\/de\/ceran-und-seine-methoden\/finanzielle-hilfen-fuer-die-ausbildung\/finanzieren-sie-ihre-sprachliche-ausbildung-mit-den-ausbildungsschecks-in-belgien\/#breadcrumb","itemListElement":[{"@type":"ListItem","position":1,"name":"Startseite","item":"https:\/\/www.ceran.com\/de\/"},{"@type":"ListItem","position":2,"name":"CERAN und seine Methoden","item":"https:\/\/www.ceran.com\/de\/ceran-und-seine-methoden\/"},{"@type":"ListItem","position":3,"name":"Finanzielle Hilfen f\u00fcr die Ausbildung","item":"https:\/\/www.ceran.com\/de\/ceran-und-seine-methoden\/finanzielle-hilfen-fuer-die-ausbildung\/"},{"@type":"ListItem","position":4,"name":"Finanzieren Sie Ihre sprachliche Ausbildung mit den Ausbildungsschecks in Belgien"}]},{"@type":"WebSite","@id":"https:\/\/www.ceran.com\/de\/#website","url":"https:\/\/www.ceran.com\/de\/","name":"Ceran","description":"Des formations linguistiques et interculturelles qui vous ouvrent de nouveaux horizons","publisher":{"@id":"https:\/\/www.ceran.com\/de\/#organization"},"potentialAction":[{"@type":"SearchAction","target":{"@type":"EntryPoint","urlTemplate":"https:\/\/www.ceran.com\/de\/?s={search_term_string}"},"query-input":{"@type":"PropertyValueSpecification","valueRequired":true,"valueName":"search_term_string"}}],"inLanguage":"de"},{"@type":"Organization","@id":"https:\/\/www.ceran.com\/de\/#organization","name":"Ceran","url":"https:\/\/www.ceran.com\/de\/","logo":{"@type":"ImageObject","inLanguage":"de","@id":"https:\/\/www.ceran.com\/de\/#\/schema\/logo\/image\/","url":"https:\/\/www.ceran.com\/wp-content\/uploads\/2025\/06\/Logo-CERAN-16-x-16-pixels.svg","contentUrl":"https:\/\/www.ceran.com\/wp-content\/uploads\/2025\/06\/Logo-CERAN-16-x-16-pixels.svg","width":30,"height":30,"caption":"Ceran"},"image":{"@id":"https:\/\/www.ceran.com\/de\/#\/schema\/logo\/image\/"}}]}},"_links":{"self":[{"href":"https:\/\/www.ceran.com\/de\/wp-json\/wp\/v2\/pages\/52656","targetHints":{"allow":["GET"]}}],"collection":[{"href":"https:\/\/www.ceran.com\/de\/wp-json\/wp\/v2\/pages"}],"about":[{"href":"https:\/\/www.ceran.com\/de\/wp-json\/wp\/v2\/types\/page"}],"author":[{"embeddable":true,"href":"https:\/\/www.ceran.com\/de\/wp-json\/wp\/v2\/users\/1"}],"replies":[{"embeddable":true,"href":"https:\/\/www.ceran.com\/de\/wp-json\/wp\/v2\/comments?post=52656"}],"version-history":[{"count":8,"href":"https:\/\/www.ceran.com\/de\/wp-json\/wp\/v2\/pages\/52656\/revisions"}],"predecessor-version":[{"id":109991,"href":"https:\/\/www.ceran.com\/de\/wp-json\/wp\/v2\/pages\/52656\/revisions\/109991"}],"up":[{"embeddable":true,"href":"https:\/\/www.ceran.com\/de\/wp-json\/wp\/v2\/pages\/5068"}],"wp:attachment":[{"href":"https:\/\/www.ceran.com\/de\/wp-json\/wp\/v2\/media?parent=52656"}],"curies":[{"name":"wp","href":"https:\/\/api.w.org\/{rel}","templated":true}]}}