{"id":52788,"date":"2022-04-26T16:02:57","date_gmt":"2022-04-26T14:02:57","guid":{"rendered":"https:\/\/www.ceran.com\/ceran-und-seine-methoden\/finanzielle-hilfen-fuer-die-ausbildung\/finanzieren-sie-ihre-sprachliche-ausbildung-mit-der-co-finanzierung-der-ausbildung-im-grossherzogtum-luxemburg\/"},"modified":"2022-04-26T16:12:38","modified_gmt":"2022-04-26T14:12:38","slug":"finanzieren-sie-ihre-sprachliche-ausbildung-mit-der-co-finanzierung-der-ausbildung-im-grossherzogtum-luxemburg","status":"publish","type":"page","link":"https:\/\/www.ceran.com\/de\/ceran-und-seine-methoden\/finanzielle-hilfen-fuer-die-ausbildung\/finanzieren-sie-ihre-sprachliche-ausbildung-mit-der-co-finanzierung-der-ausbildung-im-grossherzogtum-luxemburg\/","title":{"rendered":"Finanzieren Sie Ihre sprachliche Ausbildung mit der Co-Finanzierung der Ausbildung im Gro\u00dfherzogtum Luxemburg"},"content":{"rendered":"\t\t<div data-elementor-type=\"wp-page\" data-elementor-id=\"52788\" class=\"elementor elementor-52788 elementor-12236\" data-elementor-post-type=\"page\">\n\t\t\t\t\t\t<section class=\"elementor-section elementor-top-section elementor-element elementor-element-94ce54c elementor-section-boxed elementor-section-height-default elementor-section-height-default\" data-id=\"94ce54c\" data-element_type=\"section\" data-e-type=\"section\">\n\t\t\t\t\t\t<div class=\"elementor-container elementor-column-gap-default\">\n\t\t\t\t\t<div class=\"elementor-column elementor-col-100 elementor-top-column elementor-element elementor-element-38fe9ff3\" data-id=\"38fe9ff3\" data-element_type=\"column\" data-e-type=\"column\">\n\t\t\t<div class=\"elementor-widget-wrap elementor-element-populated\">\n\t\t\t\t\t\t<div class=\"elementor-element elementor-element-34ad7e93 elementor-widget elementor-widget-template\" data-id=\"34ad7e93\" data-element_type=\"widget\" data-e-type=\"widget\" data-widget_type=\"template.default\">\n\t\t\t\t<div class=\"elementor-widget-container\">\n\t\t\t\t\t\t\t<div class=\"elementor-template\">\n\t\t\t\t\t<div data-elementor-type=\"section\" data-elementor-id=\"2014\" class=\"elementor elementor-2014\" data-elementor-post-type=\"elementor_library\">\n\t\t\t\t\t<section class=\"elementor-section elementor-top-section elementor-element elementor-element-7ff20875 elementor-section-boxed elementor-section-height-default elementor-section-height-default\" data-id=\"7ff20875\" data-element_type=\"section\" data-e-type=\"section\">\n\t\t\t\t\t\t<div class=\"elementor-container elementor-column-gap-default\">\n\t\t\t\t\t<div class=\"elementor-column elementor-col-100 elementor-top-column elementor-element elementor-element-a5e383b\" data-id=\"a5e383b\" data-element_type=\"column\" data-e-type=\"column\">\n\t\t\t<div class=\"elementor-widget-wrap elementor-element-populated\">\n\t\t\t\t\t\t<div class=\"elementor-element elementor-element-3edd7a7e elementor-widget elementor-widget-breadcrumbs\" data-id=\"3edd7a7e\" data-element_type=\"widget\" data-e-type=\"widget\" data-widget_type=\"breadcrumbs.default\">\n\t\t\t\t<div class=\"elementor-widget-container\">\n\t\t\t\t\t<p id=\"breadcrumbs\"><span><span><a href=\"https:\/\/www.ceran.com\/de\/\">Startseite<\/a><\/span><\/span><\/p>\t\t\t\t<\/div>\n\t\t\t\t<\/div>\n\t\t\t\t\t<\/div>\n\t\t<\/div>\n\t\t\t\t\t<\/div>\n\t\t<\/section>\n\t\t\t\t<\/div>\n\t\t\t\t<\/div>\n\t\t\t\t\t\t<\/div>\n\t\t\t\t<\/div>\n\t\t\t\t\t<\/div>\n\t\t<\/div>\n\t\t\t\t\t<\/div>\n\t\t<\/section>\n\t\t\t\t<section class=\"elementor-section elementor-top-section elementor-element elementor-element-6b8382a6 elementor-section-boxed elementor-section-height-default elementor-section-height-default\" data-id=\"6b8382a6\" data-element_type=\"section\" data-e-type=\"section\">\n\t\t\t\t\t\t<div class=\"elementor-container elementor-column-gap-default\">\n\t\t\t\t\t<div class=\"elementor-column elementor-col-100 elementor-top-column elementor-element elementor-element-10a8867f\" data-id=\"10a8867f\" data-element_type=\"column\" data-e-type=\"column\">\n\t\t\t<div class=\"elementor-widget-wrap elementor-element-populated\">\n\t\t\t\t\t\t<div class=\"elementor-element elementor-element-double-colonne-texte elementor-widget elementor-widget-double-colonne-texte\" data-id=\"double-colonne-texte\" data-element_type=\"widget\" data-e-type=\"widget\" data-widget_type=\"double-colonne-texte.default\">\n\t\t\t\t<div class=\"elementor-widget-container\">\n\t\t\t\t\t<div class=\"widget-column  \"><div class=\"wrapper-column\"><div class=\"corner corner-right-top-bottom\"><div class=\"corner-content\"><div class=\"ax-title mb-5\">Die Finanzierung Ihrer Ausbildung im Gro\u00dfherzogtum Luxemburg<\/div><div class=\"bottom-block row\"><div class=\"bottom-block-img col-6\"><img decoding=\"async\" width=\"126\" height=\"90\" src=\"https:\/\/www.ceran.com\/wp-content\/uploads\/2022\/01\/Union-3.png\" class=\"attachment-thumbnail size-thumbnail\" alt=\"\" \/><\/div><div class=\"bottom-block-links col-6 d-flex flex-column\"><a href=\"https:\/\/www.ceran.com\/fr\/nous-contacter\/\" class=\"ax-btn btn-mail-black mb-2\" >Kontaktieren Sie uns<\/a><\/div><\/div><\/div><\/div><\/div><div class=\"wrapper-column\"><div class=\"corner corner-left-top-bottom\" style=\" display: flex; align-items: center;\"><div class=\"corner-content\"><p>Im Gro\u00dfherzogtum Luxemburg werden 15 % des Gesamtjahresbetrags, der in eine sprachliche Ausbildung investiert wird, durch die Co-Finanzierung der Ausbildung \u00fcbernommen. Die finanzielle Beteiligung des Staates kann aber \u00fcber 35 % versteuerbar f\u00fcr die Gehaltskosten der Teilnehmer hinausgehen, die die folgenden Kriterien zu Beginn des Schulungsplans erf\u00fcllen:<\/p><p>1) sie d\u00fcrfen kein anerkanntes Diplom besitzen oder nicht \u00fcber 10 Jahre im Betrieb arbeiten; <br \/>2) oder m\u00fcssen \u00fcber 45 Jahre alt sein.<\/p><\/div><\/div><\/div><\/div>\t\t\t\t<\/div>\n\t\t\t\t<\/div>\n\t\t\t\t\t<\/div>\n\t\t<\/div>\n\t\t\t\t\t<\/div>\n\t\t<\/section>\n\t\t\t\t<section class=\"elementor-section elementor-top-section elementor-element elementor-element-5578be41 elementor-section-boxed elementor-section-height-default elementor-section-height-default\" data-id=\"5578be41\" data-element_type=\"section\" data-e-type=\"section\">\n\t\t\t\t\t\t<div class=\"elementor-container elementor-column-gap-default\">\n\t\t\t\t\t<div class=\"elementor-column elementor-col-100 elementor-top-column elementor-element elementor-element-5bd63040\" data-id=\"5bd63040\" data-element_type=\"column\" data-e-type=\"column\">\n\t\t\t<div class=\"elementor-widget-wrap elementor-element-populated\">\n\t\t\t\t\t\t<div class=\"elementor-element elementor-element-ceran-title-icon elementor-widget elementor-widget-ceran-title-icon\" data-id=\"ceran-title-icon\" data-element_type=\"widget\" data-e-type=\"widget\" data-widget_type=\"ceran-title-icon.default\">\n\t\t\t\t<div class=\"elementor-widget-container\">\n\t\t\t\t\t<h2 class=\"ax-title-icon\"><div class=\"ax-title-icons bleu-rouge \"> Wer hat Anspruch auf diese Hilfen? <\/div><\/h2>\t\t\t\t<\/div>\n\t\t\t\t<\/div>\n\t\t\t\t<div class=\"elementor-element elementor-element-ceran-block-text elementor-widget elementor-widget-ceran-block-text\" data-id=\"ceran-block-text\" data-element_type=\"widget\" data-e-type=\"widget\" data-widget_type=\"ceran-block-text.default\">\n\t\t\t\t<div class=\"elementor-widget-container\">\n\t\t\t\t\t<div class=\"container\"><div class=\"\"><p class=\"block-title\"><\/p><p class=\"block-text\">Die Unternehmen im privaten Sektor, die ihren Sitz in Luxemburg haben und dort den Hauptteil ihrer T\u00e4tigkeiten aus\u00fcben.<\/p><\/div>\t\t\t\t<\/div>\n\t\t\t\t<\/div>\n\t\t\t\t\t<\/div>\n\t\t<\/div>\n\t\t\t\t\t<\/div>\n\t\t<\/section>\n\t\t\t\t<section class=\"elementor-section elementor-top-section elementor-element elementor-element-67839be0 elementor-section-boxed elementor-section-height-default elementor-section-height-default\" data-id=\"67839be0\" data-element_type=\"section\" data-e-type=\"section\">\n\t\t\t\t\t\t<div class=\"elementor-container elementor-column-gap-default\">\n\t\t\t\t\t<div class=\"elementor-column elementor-col-100 elementor-top-column elementor-element elementor-element-222f1f2c\" data-id=\"222f1f2c\" data-element_type=\"column\" data-e-type=\"column\">\n\t\t\t<div class=\"elementor-widget-wrap elementor-element-populated\">\n\t\t\t\t\t\t<div class=\"elementor-element elementor-element-ceran-title-icon elementor-widget elementor-widget-ceran-title-icon\" data-id=\"ceran-title-icon\" data-element_type=\"widget\" data-e-type=\"widget\" data-widget_type=\"ceran-title-icon.default\">\n\t\t\t\t<div class=\"elementor-widget-container\">\n\t\t\t\t\t<h2 class=\"ax-title-icon\"><div class=\"ax-title-icons bleu-rouge \"> Welche Formalit\u00e4ten m\u00fcssen erf\u00fcllt werden, um im Rahmen einer CERAN-Ausbildung eine Co-Finanzierung der Ausbildung zu erhalten? <\/div><\/h2>\t\t\t\t<\/div>\n\t\t\t\t<\/div>\n\t\t\t\t<div class=\"elementor-element elementor-element-3cc49dd elementor-widget elementor-widget-text-editor\" data-id=\"3cc49dd\" data-element_type=\"widget\" data-e-type=\"widget\" data-widget_type=\"text-editor.default\">\n\t\t\t\t<div class=\"elementor-widget-container\">\n\t\t\t\t\t\t\t\t\t<p>* Der Antragsteller informiert den Dienstleister dar\u00fcber, dass er f\u00fcr die Finanzierung seines Schulungsprojektes auf die Co-Finanzierung zur\u00fcckgreifen m\u00f6chte.<\/p><p>* Der Antragsteller stellt seinen Antrag \u00fcber das Portal Lifelonglearning.<\/p><p>* Nach der Schulung stellt der Dienstleister die Bescheinigung f\u00fcr den Antragsteller aus. \u00dcber diesen Link erhalten Sie eine umfassende Erl\u00e4uterung und werden zu einem Tutorial \u00fcber die beh\u00f6rdlichen Schritte geleitet : <a href=\"http:\/\/www.lifelonglearning.lu\/Detail\/Article\/Accueil\/tutoriel-cofinancement-de-la-formation\/fr\"><span style=\"text-decoration: underline;\">http:\/\/www.lifelonglearning.lu\/Detail\/Article\/Accueil\/tutoriel-cofinancement-de-la-formation\/fr<\/span><\/a><\/p><p>* Wichtig: Bitte halten Sie die Fristen f\u00fcr die Jahresbilanz, den Bewilligungsantrag und den Abschlussbericht ein, die je nach j\u00e4hrlich in die Schulung des Betriebs investierten Betrags variieren.<\/p>\t\t\t\t\t\t\t\t<\/div>\n\t\t\t\t<\/div>\n\t\t\t\t\t<\/div>\n\t\t<\/div>\n\t\t\t\t\t<\/div>\n\t\t<\/section>\n\t\t\t\t<section class=\"elementor-section elementor-top-section elementor-element elementor-element-3ccd29a elementor-section-boxed elementor-section-height-default elementor-section-height-default\" data-id=\"3ccd29a\" data-element_type=\"section\" data-e-type=\"section\">\n\t\t\t\t\t\t<div class=\"elementor-container elementor-column-gap-default\">\n\t\t\t\t\t<div class=\"elementor-column elementor-col-100 elementor-top-column elementor-element elementor-element-496b60b\" data-id=\"496b60b\" data-element_type=\"column\" data-e-type=\"column\">\n\t\t\t<div class=\"elementor-widget-wrap elementor-element-populated\">\n\t\t\t\t\t\t<div class=\"elementor-element elementor-element-ceran-title-icon elementor-widget elementor-widget-ceran-title-icon\" data-id=\"ceran-title-icon\" data-element_type=\"widget\" data-e-type=\"widget\" data-widget_type=\"ceran-title-icon.default\">\n\t\t\t\t<div class=\"elementor-widget-container\">\n\t\t\t\t\t<h2 class=\"ax-title-icon\"><div class=\"ax-title-icons bleu-rouge \"> Allgemeiner Hinweis <\/div><\/h2>\t\t\t\t<\/div>\n\t\t\t\t<\/div>\n\t\t\t\t<div class=\"elementor-element elementor-element-6898921 elementor-widget elementor-widget-text-editor\" data-id=\"6898921\" data-element_type=\"widget\" data-e-type=\"widget\" data-widget_type=\"text-editor.default\">\n\t\t\t\t<div class=\"elementor-widget-container\">\n\t\t\t\t\t\t\t\t\t<div class=\"ewa-rteLine\">Diese Information hat den Zweck, die Bewilligungsvoraussetzungen der Hilfen und Erm\u00e4\u00dfigungen zusammenfassend zu erkl\u00e4ren. Anwendbar sind nur die Informationen, die auf den offiziellen Webseiten der verschiedenen Organismen aufgef\u00fchrt sind. Ebenfalls anwendbar sind die Allgemeinen Gesch\u00e4ftsbedingungen von CERAN. Diese k\u00f6nnen Sie auf unserer Website www.ceran.com einsehen. CERAN kann nicht daf\u00fcr haftbar gemacht werden, wenn eine finanzielle Hilfe nicht gew\u00e4hrt wird.<\/div><div>\u00a0<\/div><div class=\"ewa-rteLine\"><em>* Vorbehaltlich des Akzepts der Dossiers bei den betreffenden Stellen oder der \u00c4nderung der Bedingungen und Formalit\u00e4ten dieser Stellen.<\/em><\/div>\t\t\t\t\t\t\t\t<\/div>\n\t\t\t\t<\/div>\n\t\t\t\t\t<\/div>\n\t\t<\/div>\n\t\t\t\t\t<\/div>\n\t\t<\/section>\n\t\t\t\t<section class=\"elementor-section elementor-top-section elementor-element elementor-element-74f1f498 elementor-section-boxed elementor-section-height-default elementor-section-height-default\" data-id=\"74f1f498\" data-element_type=\"section\" data-e-type=\"section\">\n\t\t\t\t\t\t<div class=\"elementor-container elementor-column-gap-default\">\n\t\t\t\t\t<div class=\"elementor-column elementor-col-100 elementor-top-column elementor-element elementor-element-34f3dd04\" data-id=\"34f3dd04\" data-element_type=\"column\" data-e-type=\"column\">\n\t\t\t<div class=\"elementor-widget-wrap elementor-element-populated\">\n\t\t\t\t\t\t<div class=\"elementor-element elementor-element-ceran-title-icon elementor-widget elementor-widget-ceran-title-icon\" data-id=\"ceran-title-icon\" data-element_type=\"widget\" data-e-type=\"widget\" data-widget_type=\"ceran-title-icon.default\">\n\t\t\t\t<div class=\"elementor-widget-container\">\n\t\t\t\t\t<h2 class=\"ax-title-icon\"><div class=\"ax-title-icons bleu-rouge \"> Pour plus d'informations <\/div><\/h2>\t\t\t\t<\/div>\n\t\t\t\t<\/div>\n\t\t\t\t<div class=\"elementor-element elementor-element-6bc830b7 elementor-widget elementor-widget-text-editor\" data-id=\"6bc830b7\" data-element_type=\"widget\" data-e-type=\"widget\" data-widget_type=\"text-editor.default\">\n\t\t\t\t<div class=\"elementor-widget-container\">\n\t\t\t\t\t\t\t\t\t<p>INFPC<\/p><p>12-14, avenue Emile Reuter<\/p><p>L-2420 Luxembourg<\/p><p>Responsable financement FPC : Claude Betzen<\/p><p>@ claude.betzen@infpc.lu<\/p><p>\uf028 +352 46 96 12 214<\/p>\t\t\t\t\t\t\t\t<\/div>\n\t\t\t\t<\/div>\n\t\t\t\t<div class=\"elementor-element elementor-element-4e56ddce elementor-widget elementor-widget-button\" data-id=\"4e56ddce\" data-element_type=\"widget\" data-e-type=\"widget\" data-widget_type=\"button.default\">\n\t\t\t\t<div class=\"elementor-widget-container\">\n\t\t\t\t\t\t\t\t\t<div class=\"elementor-button-wrapper\">\n\t\t\t\t\t<a class=\"elementor-button elementor-button-link elementor-size-sm\" href=\"http:\/\/www.lifelongLearning.lu\/Detail\/Article\/Aides\/cofinancement-de-laformation\/fr\">\n\t\t\t\t\t\t<span class=\"elementor-button-content-wrapper\">\n\t\t\t\t\t\t\t\t\t<span class=\"elementor-button-text\">Bedingungen und Formalit\u00e4ten<\/span>\n\t\t\t\t\t<\/span>\n\t\t\t\t\t<\/a>\n\t\t\t\t<\/div>\n\t\t\t\t\t\t\t\t<\/div>\n\t\t\t\t<\/div>\n\t\t\t\t\t<\/div>\n\t\t<\/div>\n\t\t\t\t\t<\/div>\n\t\t<\/section>\n\t\t\t\t<section class=\"elementor-section elementor-top-section elementor-element elementor-element-0f430e5 elementor-section-boxed elementor-section-height-default elementor-section-height-default\" data-id=\"0f430e5\" data-element_type=\"section\" data-e-type=\"section\">\n\t\t\t\t\t\t<div class=\"elementor-container elementor-column-gap-default\">\n\t\t\t\t\t<div class=\"elementor-column elementor-col-100 elementor-top-column elementor-element elementor-element-fdf1c68\" data-id=\"fdf1c68\" data-element_type=\"column\" data-e-type=\"column\">\n\t\t\t<div class=\"elementor-widget-wrap elementor-element-populated\">\n\t\t\t\t\t\t<div class=\"elementor-element elementor-element-87a853e elementor-widget elementor-widget-spacer\" data-id=\"87a853e\" data-element_type=\"widget\" data-e-type=\"widget\" data-widget_type=\"spacer.default\">\n\t\t\t\t<div class=\"elementor-widget-container\">\n\t\t\t\t\t\t\t<div class=\"elementor-spacer\">\n\t\t\t<div class=\"elementor-spacer-inner\"><\/div>\n\t\t<\/div>\n\t\t\t\t\t\t<\/div>\n\t\t\t\t<\/div>\n\t\t\t\t\t<\/div>\n\t\t<\/div>\n\t\t\t\t\t<\/div>\n\t\t<\/section>\n\t\t\t\t<section class=\"elementor-section elementor-top-section elementor-element elementor-element-60466a9d elementor-section-boxed elementor-section-height-default elementor-section-height-default\" data-id=\"60466a9d\" data-element_type=\"section\" data-e-type=\"section\">\n\t\t\t\t\t\t<div class=\"elementor-container elementor-column-gap-default\">\n\t\t\t\t\t<div class=\"elementor-column elementor-col-100 elementor-top-column elementor-element elementor-element-12ae74da\" data-id=\"12ae74da\" data-element_type=\"column\" data-e-type=\"column\">\n\t\t\t<div class=\"elementor-widget-wrap elementor-element-populated\">\n\t\t\t\t\t\t<div class=\"elementor-element elementor-element-ceran_block-encadre-text-icon elementor-widget elementor-widget-ceran_block-encadre-text-icon\" data-id=\"ceran_block-encadre-text-icon\" data-element_type=\"widget\" data-e-type=\"widget\" data-widget_type=\"ceran_block-encadre-text-icon.default\">\n\t\t\t\t<div class=\"elementor-widget-container\">\n\t\t\t\t\t<div class=\"container p-0\"><div class=\"corner corner-left-top\"><div class=\"corner-content\"><div class=\"row\"><div class=\"col text-container d-flex flex-wrap flex-column justify-content-center justify-content-md-start\"><h3 class=\"title col\">Andere Hilfen <\/h3><div class=\"texte col\"><\/div><div class=\"row gy-4\"><div class=\"col-sm-6 col-md-3\"><a class=\"ax-btn btn-landing\" href=\"https:\/\/www.ceran.com\/fr\/le-ceran-et-ses-methodes\/faire-financer-sa-formation\/prime-formation-be\/\" >Ausbildungspr\u00e4mie<\/a><\/div><div class=\"col-sm-6 col-md-3\"><a class=\"ax-btn btn-landing\" href=\"https:\/\/www.ceran.com\/fr\/le-ceran-et-ses-methodes\/faire-financer-sa-formation\/aide-kmo-portefeuille-be\/\" >KMO-Portfolio<\/a><\/div><div class=\"col-sm-6 col-md-3\"><a class=\"ax-btn btn-landing\" href=\"https:\/\/www.ceran.com\/fr\/le-ceran-et-ses-methodes\/faire-financer-sa-formation\/le-financement-brawo-aide\/\" >BRAWO-Hilfen<\/a><\/div><div class=\"col-sm-6 col-md-3\"><a class=\"ax-btn btn-landing\" href=\"https:\/\/www.ceran.com\/fr\/le-ceran-et-ses-methodes\/faire-financer-sa-formation\/aides-sectorielles-be\/\" >Sektoriellen Hilfen<\/a><\/div><\/div><\/div><\/div><\/div><\/div><\/div>\t\t\t\t<\/div>\n\t\t\t\t<\/div>\n\t\t\t\t\t<\/div>\n\t\t<\/div>\n\t\t\t\t\t<\/div>\n\t\t<\/section>\n\t\t\t\t<\/div>\n\t\t","protected":false},"excerpt":{"rendered":"<p>Die Finanzierung Ihrer Ausbildung im Gro\u00dfherzogtum LuxemburgKontaktieren Sie uns Im Gro\u00dfherzogtum Luxemburg werden 15 % des Gesamtjahresbetrags, der in eine sprachliche Ausbildung investiert wird, durch die Co-Finanzierung der Ausbildung \u00fcbernommen. Die finanzielle Beteiligung des Staates kann aber \u00fcber 35 % versteuerbar f\u00fcr die Gehaltskosten der Teilnehmer hinausgehen, die die folgenden Kriterien zu Beginn des Schulungsplans [&hellip;]<\/p>\n","protected":false},"author":1,"featured_media":0,"parent":5068,"menu_order":0,"comment_status":"closed","ping_status":"closed","template":"","meta":{"_acf_changed":false,"_seopress_robots_primary_cat":"","_seopress_titles_title":"","_seopress_titles_desc":"","_seopress_robots_index":"","content-type":"","footnotes":""},"class_list":["post-52788","page","type-page","status-publish","hentry"],"acf":[],"yoast_head":"<!-- This site is optimized with the Yoast SEO plugin v27.5 - https:\/\/yoast.com\/product\/yoast-seo-wordpress\/ -->\n<title>Finanzieren Sie Ihre sprachliche Ausbildung mit der Co-Finanzierung der Ausbildung im Gro\u00dfherzogtum Luxemburg - Ceran<\/title>\n<meta name=\"robots\" content=\"index, follow, max-snippet:-1, max-image-preview:large, max-video-preview:-1\" \/>\n<link rel=\"canonical\" href=\"https:\/\/www.ceran.com\/de\/ceran-und-seine-methoden\/finanzielle-hilfen-fuer-die-ausbildung\/finanzieren-sie-ihre-sprachliche-ausbildung-mit-der-co-finanzierung-der-ausbildung-im-grossherzogtum-luxemburg\/\" \/>\n<meta property=\"og:locale\" content=\"de_DE\" \/>\n<meta property=\"og:type\" content=\"article\" \/>\n<meta property=\"og:title\" content=\"Finanzieren Sie Ihre sprachliche Ausbildung mit der Co-Finanzierung der Ausbildung im Gro\u00dfherzogtum Luxemburg - Ceran\" \/>\n<meta property=\"og:description\" content=\"Die Finanzierung Ihrer Ausbildung im Gro\u00dfherzogtum LuxemburgKontaktieren Sie uns Im Gro\u00dfherzogtum Luxemburg werden 15 % des Gesamtjahresbetrags, der in eine sprachliche Ausbildung investiert wird, durch die Co-Finanzierung der Ausbildung \u00fcbernommen. Die finanzielle Beteiligung des Staates kann aber \u00fcber 35 % versteuerbar f\u00fcr die Gehaltskosten der Teilnehmer hinausgehen, die die folgenden Kriterien zu Beginn des Schulungsplans [&hellip;]\" \/>\n<meta property=\"og:url\" content=\"https:\/\/www.ceran.com\/de\/ceran-und-seine-methoden\/finanzielle-hilfen-fuer-die-ausbildung\/finanzieren-sie-ihre-sprachliche-ausbildung-mit-der-co-finanzierung-der-ausbildung-im-grossherzogtum-luxemburg\/\" \/>\n<meta property=\"og:site_name\" content=\"Ceran\" \/>\n<meta property=\"article:modified_time\" content=\"2022-04-26T14:12:38+00:00\" \/>\n<meta property=\"og:image\" content=\"https:\/\/www.ceran.com\/wp-content\/uploads\/2022\/01\/Union-3.png\" \/>\n<meta name=\"twitter:card\" content=\"summary_large_image\" \/>\n<script type=\"application\/ld+json\" class=\"yoast-schema-graph\">{\"@context\":\"https:\\\/\\\/schema.org\",\"@graph\":[{\"@type\":\"WebPage\",\"@id\":\"https:\\\/\\\/www.ceran.com\\\/de\\\/ceran-und-seine-methoden\\\/finanzielle-hilfen-fuer-die-ausbildung\\\/finanzieren-sie-ihre-sprachliche-ausbildung-mit-der-co-finanzierung-der-ausbildung-im-grossherzogtum-luxemburg\\\/\",\"url\":\"https:\\\/\\\/www.ceran.com\\\/de\\\/ceran-und-seine-methoden\\\/finanzielle-hilfen-fuer-die-ausbildung\\\/finanzieren-sie-ihre-sprachliche-ausbildung-mit-der-co-finanzierung-der-ausbildung-im-grossherzogtum-luxemburg\\\/\",\"name\":\"Finanzieren Sie Ihre sprachliche Ausbildung mit der Co-Finanzierung der Ausbildung im Gro\u00dfherzogtum Luxemburg - Ceran\",\"isPartOf\":{\"@id\":\"https:\\\/\\\/www.ceran.com\\\/de\\\/#website\"},\"primaryImageOfPage\":{\"@id\":\"https:\\\/\\\/www.ceran.com\\\/de\\\/ceran-und-seine-methoden\\\/finanzielle-hilfen-fuer-die-ausbildung\\\/finanzieren-sie-ihre-sprachliche-ausbildung-mit-der-co-finanzierung-der-ausbildung-im-grossherzogtum-luxemburg\\\/#primaryimage\"},\"image\":{\"@id\":\"https:\\\/\\\/www.ceran.com\\\/de\\\/ceran-und-seine-methoden\\\/finanzielle-hilfen-fuer-die-ausbildung\\\/finanzieren-sie-ihre-sprachliche-ausbildung-mit-der-co-finanzierung-der-ausbildung-im-grossherzogtum-luxemburg\\\/#primaryimage\"},\"thumbnailUrl\":\"https:\\\/\\\/www.ceran.com\\\/wp-content\\\/uploads\\\/2022\\\/01\\\/Union-3.png\",\"datePublished\":\"2022-04-26T14:02:57+00:00\",\"dateModified\":\"2022-04-26T14:12:38+00:00\",\"breadcrumb\":{\"@id\":\"https:\\\/\\\/www.ceran.com\\\/de\\\/ceran-und-seine-methoden\\\/finanzielle-hilfen-fuer-die-ausbildung\\\/finanzieren-sie-ihre-sprachliche-ausbildung-mit-der-co-finanzierung-der-ausbildung-im-grossherzogtum-luxemburg\\\/#breadcrumb\"},\"inLanguage\":\"de\",\"potentialAction\":[{\"@type\":\"ReadAction\",\"target\":[\"https:\\\/\\\/www.ceran.com\\\/de\\\/ceran-und-seine-methoden\\\/finanzielle-hilfen-fuer-die-ausbildung\\\/finanzieren-sie-ihre-sprachliche-ausbildung-mit-der-co-finanzierung-der-ausbildung-im-grossherzogtum-luxemburg\\\/\"]}]},{\"@type\":\"ImageObject\",\"inLanguage\":\"de\",\"@id\":\"https:\\\/\\\/www.ceran.com\\\/de\\\/ceran-und-seine-methoden\\\/finanzielle-hilfen-fuer-die-ausbildung\\\/finanzieren-sie-ihre-sprachliche-ausbildung-mit-der-co-finanzierung-der-ausbildung-im-grossherzogtum-luxemburg\\\/#primaryimage\",\"url\":\"https:\\\/\\\/www.ceran.com\\\/wp-content\\\/uploads\\\/2022\\\/01\\\/Union-3.png\",\"contentUrl\":\"https:\\\/\\\/www.ceran.com\\\/wp-content\\\/uploads\\\/2022\\\/01\\\/Union-3.png\"},{\"@type\":\"BreadcrumbList\",\"@id\":\"https:\\\/\\\/www.ceran.com\\\/de\\\/ceran-und-seine-methoden\\\/finanzielle-hilfen-fuer-die-ausbildung\\\/finanzieren-sie-ihre-sprachliche-ausbildung-mit-der-co-finanzierung-der-ausbildung-im-grossherzogtum-luxemburg\\\/#breadcrumb\",\"itemListElement\":[{\"@type\":\"ListItem\",\"position\":1,\"name\":\"Startseite\",\"item\":\"https:\\\/\\\/www.ceran.com\\\/de\\\/\"},{\"@type\":\"ListItem\",\"position\":2,\"name\":\"CERAN und seine Methoden\",\"item\":\"https:\\\/\\\/www.ceran.com\\\/de\\\/ceran-und-seine-methoden\\\/\"},{\"@type\":\"ListItem\",\"position\":3,\"name\":\"Finanzielle Hilfen f\u00fcr die Ausbildung\",\"item\":\"https:\\\/\\\/www.ceran.com\\\/de\\\/ceran-und-seine-methoden\\\/finanzielle-hilfen-fuer-die-ausbildung\\\/\"},{\"@type\":\"ListItem\",\"position\":4,\"name\":\"Finanzieren Sie Ihre sprachliche Ausbildung mit der Co-Finanzierung der Ausbildung im Gro\u00dfherzogtum Luxemburg\"}]},{\"@type\":\"WebSite\",\"@id\":\"https:\\\/\\\/www.ceran.com\\\/de\\\/#website\",\"url\":\"https:\\\/\\\/www.ceran.com\\\/de\\\/\",\"name\":\"Ceran\",\"description\":\"Des formations linguistiques et interculturelles qui vous ouvrent de nouveaux horizons\",\"publisher\":{\"@id\":\"https:\\\/\\\/www.ceran.com\\\/de\\\/#organization\"},\"potentialAction\":[{\"@type\":\"SearchAction\",\"target\":{\"@type\":\"EntryPoint\",\"urlTemplate\":\"https:\\\/\\\/www.ceran.com\\\/de\\\/?s={search_term_string}\"},\"query-input\":{\"@type\":\"PropertyValueSpecification\",\"valueRequired\":true,\"valueName\":\"search_term_string\"}}],\"inLanguage\":\"de\"},{\"@type\":\"Organization\",\"@id\":\"https:\\\/\\\/www.ceran.com\\\/de\\\/#organization\",\"name\":\"Ceran\",\"url\":\"https:\\\/\\\/www.ceran.com\\\/de\\\/\",\"logo\":{\"@type\":\"ImageObject\",\"inLanguage\":\"de\",\"@id\":\"https:\\\/\\\/www.ceran.com\\\/de\\\/#\\\/schema\\\/logo\\\/image\\\/\",\"url\":\"https:\\\/\\\/www.ceran.com\\\/wp-content\\\/uploads\\\/2025\\\/06\\\/Logo-CERAN-16-x-16-pixels.svg\",\"contentUrl\":\"https:\\\/\\\/www.ceran.com\\\/wp-content\\\/uploads\\\/2025\\\/06\\\/Logo-CERAN-16-x-16-pixels.svg\",\"width\":30,\"height\":30,\"caption\":\"Ceran\"},\"image\":{\"@id\":\"https:\\\/\\\/www.ceran.com\\\/de\\\/#\\\/schema\\\/logo\\\/image\\\/\"}}]}<\/script>\n<!-- \/ Yoast SEO plugin. -->","yoast_head_json":{"title":"Finanzieren Sie Ihre sprachliche Ausbildung mit der Co-Finanzierung der Ausbildung im Gro\u00dfherzogtum Luxemburg - Ceran","robots":{"index":"index","follow":"follow","max-snippet":"max-snippet:-1","max-image-preview":"max-image-preview:large","max-video-preview":"max-video-preview:-1"},"canonical":"https:\/\/www.ceran.com\/de\/ceran-und-seine-methoden\/finanzielle-hilfen-fuer-die-ausbildung\/finanzieren-sie-ihre-sprachliche-ausbildung-mit-der-co-finanzierung-der-ausbildung-im-grossherzogtum-luxemburg\/","og_locale":"de_DE","og_type":"article","og_title":"Finanzieren Sie Ihre sprachliche Ausbildung mit der Co-Finanzierung der Ausbildung im Gro\u00dfherzogtum Luxemburg - Ceran","og_description":"Die Finanzierung Ihrer Ausbildung im Gro\u00dfherzogtum LuxemburgKontaktieren Sie uns Im Gro\u00dfherzogtum Luxemburg werden 15 % des Gesamtjahresbetrags, der in eine sprachliche Ausbildung investiert wird, durch die Co-Finanzierung der Ausbildung \u00fcbernommen. Die finanzielle Beteiligung des Staates kann aber \u00fcber 35 % versteuerbar f\u00fcr die Gehaltskosten der Teilnehmer hinausgehen, die die folgenden Kriterien zu Beginn des Schulungsplans [&hellip;]","og_url":"https:\/\/www.ceran.com\/de\/ceran-und-seine-methoden\/finanzielle-hilfen-fuer-die-ausbildung\/finanzieren-sie-ihre-sprachliche-ausbildung-mit-der-co-finanzierung-der-ausbildung-im-grossherzogtum-luxemburg\/","og_site_name":"Ceran","article_modified_time":"2022-04-26T14:12:38+00:00","og_image":[{"url":"https:\/\/www.ceran.com\/wp-content\/uploads\/2022\/01\/Union-3.png","type":"","width":"","height":""}],"twitter_card":"summary_large_image","schema":{"@context":"https:\/\/schema.org","@graph":[{"@type":"WebPage","@id":"https:\/\/www.ceran.com\/de\/ceran-und-seine-methoden\/finanzielle-hilfen-fuer-die-ausbildung\/finanzieren-sie-ihre-sprachliche-ausbildung-mit-der-co-finanzierung-der-ausbildung-im-grossherzogtum-luxemburg\/","url":"https:\/\/www.ceran.com\/de\/ceran-und-seine-methoden\/finanzielle-hilfen-fuer-die-ausbildung\/finanzieren-sie-ihre-sprachliche-ausbildung-mit-der-co-finanzierung-der-ausbildung-im-grossherzogtum-luxemburg\/","name":"Finanzieren Sie Ihre sprachliche Ausbildung mit der Co-Finanzierung der Ausbildung im Gro\u00dfherzogtum Luxemburg - Ceran","isPartOf":{"@id":"https:\/\/www.ceran.com\/de\/#website"},"primaryImageOfPage":{"@id":"https:\/\/www.ceran.com\/de\/ceran-und-seine-methoden\/finanzielle-hilfen-fuer-die-ausbildung\/finanzieren-sie-ihre-sprachliche-ausbildung-mit-der-co-finanzierung-der-ausbildung-im-grossherzogtum-luxemburg\/#primaryimage"},"image":{"@id":"https:\/\/www.ceran.com\/de\/ceran-und-seine-methoden\/finanzielle-hilfen-fuer-die-ausbildung\/finanzieren-sie-ihre-sprachliche-ausbildung-mit-der-co-finanzierung-der-ausbildung-im-grossherzogtum-luxemburg\/#primaryimage"},"thumbnailUrl":"https:\/\/www.ceran.com\/wp-content\/uploads\/2022\/01\/Union-3.png","datePublished":"2022-04-26T14:02:57+00:00","dateModified":"2022-04-26T14:12:38+00:00","breadcrumb":{"@id":"https:\/\/www.ceran.com\/de\/ceran-und-seine-methoden\/finanzielle-hilfen-fuer-die-ausbildung\/finanzieren-sie-ihre-sprachliche-ausbildung-mit-der-co-finanzierung-der-ausbildung-im-grossherzogtum-luxemburg\/#breadcrumb"},"inLanguage":"de","potentialAction":[{"@type":"ReadAction","target":["https:\/\/www.ceran.com\/de\/ceran-und-seine-methoden\/finanzielle-hilfen-fuer-die-ausbildung\/finanzieren-sie-ihre-sprachliche-ausbildung-mit-der-co-finanzierung-der-ausbildung-im-grossherzogtum-luxemburg\/"]}]},{"@type":"ImageObject","inLanguage":"de","@id":"https:\/\/www.ceran.com\/de\/ceran-und-seine-methoden\/finanzielle-hilfen-fuer-die-ausbildung\/finanzieren-sie-ihre-sprachliche-ausbildung-mit-der-co-finanzierung-der-ausbildung-im-grossherzogtum-luxemburg\/#primaryimage","url":"https:\/\/www.ceran.com\/wp-content\/uploads\/2022\/01\/Union-3.png","contentUrl":"https:\/\/www.ceran.com\/wp-content\/uploads\/2022\/01\/Union-3.png"},{"@type":"BreadcrumbList","@id":"https:\/\/www.ceran.com\/de\/ceran-und-seine-methoden\/finanzielle-hilfen-fuer-die-ausbildung\/finanzieren-sie-ihre-sprachliche-ausbildung-mit-der-co-finanzierung-der-ausbildung-im-grossherzogtum-luxemburg\/#breadcrumb","itemListElement":[{"@type":"ListItem","position":1,"name":"Startseite","item":"https:\/\/www.ceran.com\/de\/"},{"@type":"ListItem","position":2,"name":"CERAN und seine Methoden","item":"https:\/\/www.ceran.com\/de\/ceran-und-seine-methoden\/"},{"@type":"ListItem","position":3,"name":"Finanzielle Hilfen f\u00fcr die Ausbildung","item":"https:\/\/www.ceran.com\/de\/ceran-und-seine-methoden\/finanzielle-hilfen-fuer-die-ausbildung\/"},{"@type":"ListItem","position":4,"name":"Finanzieren Sie Ihre sprachliche Ausbildung mit der Co-Finanzierung der Ausbildung im Gro\u00dfherzogtum Luxemburg"}]},{"@type":"WebSite","@id":"https:\/\/www.ceran.com\/de\/#website","url":"https:\/\/www.ceran.com\/de\/","name":"Ceran","description":"Des formations linguistiques et interculturelles qui vous ouvrent de nouveaux horizons","publisher":{"@id":"https:\/\/www.ceran.com\/de\/#organization"},"potentialAction":[{"@type":"SearchAction","target":{"@type":"EntryPoint","urlTemplate":"https:\/\/www.ceran.com\/de\/?s={search_term_string}"},"query-input":{"@type":"PropertyValueSpecification","valueRequired":true,"valueName":"search_term_string"}}],"inLanguage":"de"},{"@type":"Organization","@id":"https:\/\/www.ceran.com\/de\/#organization","name":"Ceran","url":"https:\/\/www.ceran.com\/de\/","logo":{"@type":"ImageObject","inLanguage":"de","@id":"https:\/\/www.ceran.com\/de\/#\/schema\/logo\/image\/","url":"https:\/\/www.ceran.com\/wp-content\/uploads\/2025\/06\/Logo-CERAN-16-x-16-pixels.svg","contentUrl":"https:\/\/www.ceran.com\/wp-content\/uploads\/2025\/06\/Logo-CERAN-16-x-16-pixels.svg","width":30,"height":30,"caption":"Ceran"},"image":{"@id":"https:\/\/www.ceran.com\/de\/#\/schema\/logo\/image\/"}}]}},"_links":{"self":[{"href":"https:\/\/www.ceran.com\/de\/wp-json\/wp\/v2\/pages\/52788","targetHints":{"allow":["GET"]}}],"collection":[{"href":"https:\/\/www.ceran.com\/de\/wp-json\/wp\/v2\/pages"}],"about":[{"href":"https:\/\/www.ceran.com\/de\/wp-json\/wp\/v2\/types\/page"}],"author":[{"embeddable":true,"href":"https:\/\/www.ceran.com\/de\/wp-json\/wp\/v2\/users\/1"}],"replies":[{"embeddable":true,"href":"https:\/\/www.ceran.com\/de\/wp-json\/wp\/v2\/comments?post=52788"}],"version-history":[{"count":5,"href":"https:\/\/www.ceran.com\/de\/wp-json\/wp\/v2\/pages\/52788\/revisions"}],"predecessor-version":[{"id":52830,"href":"https:\/\/www.ceran.com\/de\/wp-json\/wp\/v2\/pages\/52788\/revisions\/52830"}],"up":[{"embeddable":true,"href":"https:\/\/www.ceran.com\/de\/wp-json\/wp\/v2\/pages\/5068"}],"wp:attachment":[{"href":"https:\/\/www.ceran.com\/de\/wp-json\/wp\/v2\/media?parent=52788"}],"curies":[{"name":"wp","href":"https:\/\/api.w.org\/{rel}","templated":true}]}}