{"id":12278,"date":"2022-02-21T17:08:16","date_gmt":"2022-02-21T16:08:16","guid":{"rendered":"https:\/\/www.ceran.com\/our-training-venues\/"},"modified":"2026-02-05T09:14:56","modified_gmt":"2026-02-05T08:14:56","slug":"our-training-venues","status":"publish","type":"page","link":"https:\/\/www.ceran.com\/en\/our-training-venues\/","title":{"rendered":"Our training venues"},"content":{"rendered":"\t\t<div data-elementor-type=\"wp-page\" data-elementor-id=\"12278\" class=\"elementor elementor-12278 elementor-1061\" data-elementor-post-type=\"page\">\n\t\t\t\t\t\t<section class=\"elementor-section elementor-top-section elementor-element elementor-element-2d3f6e7 elementor-section-boxed elementor-section-height-default elementor-section-height-default\" data-id=\"2d3f6e7\" data-element_type=\"section\" data-e-type=\"section\">\n\t\t\t\t\t\t<div class=\"elementor-container elementor-column-gap-default\">\n\t\t\t\t\t<div class=\"elementor-column elementor-col-100 elementor-top-column elementor-element elementor-element-423ae76\" data-id=\"423ae76\" data-element_type=\"column\" data-e-type=\"column\">\n\t\t\t<div class=\"elementor-widget-wrap elementor-element-populated\">\n\t\t\t\t\t\t<div class=\"elementor-element elementor-element-fa81136 elementor-widget elementor-widget-template\" data-id=\"fa81136\" data-element_type=\"widget\" data-e-type=\"widget\" data-widget_type=\"template.default\">\n\t\t\t\t<div class=\"elementor-widget-container\">\n\t\t\t\t\t\t\t<div class=\"elementor-template\">\n\t\t\t\t\t<div data-elementor-type=\"section\" data-elementor-id=\"2014\" class=\"elementor elementor-2014\" data-elementor-post-type=\"elementor_library\">\n\t\t\t\t\t<section class=\"elementor-section elementor-top-section elementor-element elementor-element-7ff20875 elementor-section-boxed elementor-section-height-default elementor-section-height-default\" data-id=\"7ff20875\" data-element_type=\"section\" data-e-type=\"section\">\n\t\t\t\t\t\t<div class=\"elementor-container elementor-column-gap-default\">\n\t\t\t\t\t<div class=\"elementor-column elementor-col-100 elementor-top-column elementor-element elementor-element-a5e383b\" data-id=\"a5e383b\" data-element_type=\"column\" data-e-type=\"column\">\n\t\t\t<div class=\"elementor-widget-wrap elementor-element-populated\">\n\t\t\t\t\t\t<div class=\"elementor-element elementor-element-3edd7a7e elementor-widget elementor-widget-breadcrumbs\" data-id=\"3edd7a7e\" data-element_type=\"widget\" data-e-type=\"widget\" data-widget_type=\"breadcrumbs.default\">\n\t\t\t\t<div class=\"elementor-widget-container\">\n\t\t\t\t\t<p id=\"breadcrumbs\"><span><span><a href=\"https:\/\/www.ceran.com\/en\/\">Home<\/a><\/span><\/span><\/p>\t\t\t\t<\/div>\n\t\t\t\t<\/div>\n\t\t\t\t\t<\/div>\n\t\t<\/div>\n\t\t\t\t\t<\/div>\n\t\t<\/section>\n\t\t\t\t<\/div>\n\t\t\t\t<\/div>\n\t\t\t\t\t\t<\/div>\n\t\t\t\t<\/div>\n\t\t\t\t\t<\/div>\n\t\t<\/div>\n\t\t\t\t\t<\/div>\n\t\t<\/section>\n\t\t\t\t<section class=\"elementor-section elementor-top-section elementor-element elementor-element-4f8a0da elementor-section-boxed elementor-section-height-default elementor-section-height-default\" data-id=\"4f8a0da\" data-element_type=\"section\" data-e-type=\"section\">\n\t\t\t\t\t\t<div class=\"elementor-container elementor-column-gap-default\">\n\t\t\t\t\t<div class=\"elementor-column elementor-col-100 elementor-top-column elementor-element elementor-element-9e43cf0\" data-id=\"9e43cf0\" data-element_type=\"column\" data-e-type=\"column\">\n\t\t\t<div class=\"elementor-widget-wrap elementor-element-populated\">\n\t\t\t\t\t\t<div class=\"elementor-element elementor-element-double-colonne-texte elementor-widget elementor-widget-double-colonne-texte\" data-id=\"double-colonne-texte\" data-element_type=\"widget\" data-e-type=\"widget\" data-widget_type=\"double-colonne-texte.default\">\n\t\t\t\t<div class=\"elementor-widget-container\">\n\t\t\t\t\t<div class=\"widget-column  \"><div class=\"wrapper-column\"><div class=\"corner corner-right-top-bottom\"><div class=\"corner-content\"><div class=\"ax-title mb-5\">Our training venues<\/div><div class=\"bottom-block row\"><div class=\"bottom-block-img col-6\"><img decoding=\"async\" width=\"126\" height=\"91\" src=\"https:\/\/www.ceran.com\/wp-content\/uploads\/2022\/01\/Union-1.png\" class=\"attachment-thumbnail size-thumbnail\" alt=\"\" \/><\/div><div class=\"bottom-block-links col-6 d-flex flex-column\"><a href=\"\/en\/contact-us\/\" class=\"ax-btn btn-mail-black mb-2\" >Contact us<\/a><\/div><\/div><\/div><\/div><\/div><div class=\"wrapper-column\"><div class=\"corner corner-left-top-bottom\" style=\" display: flex; align-items: center;\"><div class=\"corner-content\"><p>Through its presence in Europe, the CERAN Group provides you with a wide choice of destinations and venues. Whether it's a ch\u00e2teau in the country and its grounds, a mountainside chalet or a location in the city, the choice is yours. Our venues, our houses are tailored to different types of training, residential or day courses, and to different Learners, Executives, Young Adults or Juniors.<\/p><p>All of the CERAN teams have just one mission: to help you achieve the goals you've set yourself whilst providing you with a unique human experience in unrivalled locations!<\/p><\/div><\/div><\/div><\/div>\t\t\t\t<\/div>\n\t\t\t\t<\/div>\n\t\t\t\t\t<\/div>\n\t\t<\/div>\n\t\t\t\t\t<\/div>\n\t\t<\/section>\n\t\t\t\t<section class=\"elementor-section elementor-top-section elementor-element elementor-element-dd0f71d elementor-section-boxed elementor-section-height-default elementor-section-height-default\" data-id=\"dd0f71d\" data-element_type=\"section\" data-e-type=\"section\">\n\t\t\t\t\t\t<div class=\"elementor-container elementor-column-gap-default\">\n\t\t\t\t\t<div class=\"elementor-column elementor-col-100 elementor-top-column elementor-element elementor-element-0406c4b\" data-id=\"0406c4b\" data-element_type=\"column\" data-e-type=\"column\">\n\t\t\t<div class=\"elementor-widget-wrap elementor-element-populated\">\n\t\t\t\t\t\t<div class=\"elementor-element elementor-element-ceran-title-icon elementor-widget elementor-widget-ceran-title-icon\" data-id=\"ceran-title-icon\" data-element_type=\"widget\" data-e-type=\"widget\" data-widget_type=\"ceran-title-icon.default\">\n\t\t\t\t<div class=\"elementor-widget-container\">\n\t\t\t\t\t<h2 class=\"ax-title-icon\"><div class=\"ax-title-icons bleu-rouge \"> A European presence <\/div><\/h2>\t\t\t\t<\/div>\n\t\t\t\t<\/div>\n\t\t\t\t<div class=\"elementor-element elementor-element-c36743d elementor-widget elementor-widget-text-editor\" data-id=\"c36743d\" data-element_type=\"widget\" data-e-type=\"widget\" data-widget_type=\"text-editor.default\">\n\t\t\t\t<div class=\"elementor-widget-container\">\n\t\t\t\t\t\t\t\t\t<p>The CERAN adventure began in Belgium, in Spa to be precise, where Monique &amp; Ren\u00e9 Bastin settled down and founded CERAN on their return from a long stint abroad in Burundi. CERAN, Centre d&#8217;Etude et de Rencontre \u00e0 Nivez\u00e9 (Centre for Studies and Encounters at Nivez\u00e9) continued to grow in Belgium and then export its knowledge to other neighbouring countries. This European expansion accelerated when CERAN joined the Ch\u00e2teauform&#8217; Group in 2019. Although Ch\u00e2teauform&#8217;s Learning Lab &amp; and the Ch\u00e2teau de M\u00e9ry in France and the Chalet de Champ\u00e9ry in Switzerland are houses devoted to hosting CERAN Learners, other group houses also have the pleasure of hosting them.<\/p>\t\t\t\t\t\t\t\t<\/div>\n\t\t\t\t<\/div>\n\t\t\t\t\t<\/div>\n\t\t<\/div>\n\t\t\t\t\t<\/div>\n\t\t<\/section>\n\t\t\t\t<section class=\"elementor-section elementor-top-section elementor-element elementor-element-d5d3d34 elementor-section-boxed elementor-section-height-default elementor-section-height-default\" data-id=\"d5d3d34\" data-element_type=\"section\" data-e-type=\"section\">\n\t\t\t\t\t\t<div class=\"elementor-container elementor-column-gap-default\">\n\t\t\t\t\t<div class=\"elementor-column elementor-col-100 elementor-top-column elementor-element elementor-element-399a2b0\" data-id=\"399a2b0\" data-element_type=\"column\" data-e-type=\"column\">\n\t\t\t<div class=\"elementor-widget-wrap elementor-element-populated\">\n\t\t\t\t\t\t<div class=\"elementor-element elementor-element-ceran-dropdown-img-text elementor-widget elementor-widget-ceran-dropdown-img-text\" data-id=\"ceran-dropdown-img-text\" data-element_type=\"widget\" data-e-type=\"widget\" data-widget_type=\"ceran-dropdown-img-text.default\">\n\t\t\t\t<div class=\"elementor-widget-container\">\n\t\t\t\t\t<div class=\"container p-md-0\"><div class=\"accordion\" id=\"ax-accordion-69f4f222e07a5\"><div class=\"accordion-item elementor-repeater-item-c1b0bb9\"><h2 class=\"accordion-header\"><button class=\"accordion-button\" type=\"button\" data-bs-toggle=\"collapse\" data-bs-target=\"#collapse-elementor-repeater-item-c1b0bb9\" aria-expanded=\"true\">Spa Belgium<\/button><\/h2><div id=\"collapse-elementor-repeater-item-c1b0bb9\" class=\"accordion-collapse collapse show\" data-bs-parent=\"#ax-accordion-69f4f222e07a5\"><div class=\"accordion-body\"><div class=\"row\"><div class=\"col-md-6\"><div class=\"mb-3 text-content\">Spa's reputation speaks for itself. A former renowned spa town, Spa has been a UNESCO \"Great Spa Town of Europe\" World Heritage Site since the summer of 2021.Spa is also home to the Ch\u00e2teau du Haut-Neubois, CERAN's flagship venue. It was acquired by the Group's founders, Monique & Ren\u00e9 Bastin in 1984as a place where they could develop their unique method of teaching foreign languages. \n \n<\/div><a href=\"\/en\/centre\/our-belgian-centre-at-the-chateau-du-haut-neubois-in-spa\/\" class=\"ax-btn btn-arrow\" >Discover this venue<\/a><\/div><div class=\"col-md-6\"><img fetchpriority=\"high\" decoding=\"async\" width=\"640\" height=\"427\" src=\"https:\/\/www.ceran.com\/wp-content\/uploads\/2022\/02\/LIEUX_SPA_1-2I0A4284_SPA-HD-1-1024x683.jpg\" class=\"attachment-large size-large\" alt=\"\" srcset=\"https:\/\/www.ceran.com\/wp-content\/uploads\/2022\/02\/LIEUX_SPA_1-2I0A4284_SPA-HD-1-1024x683.jpg 1024w, https:\/\/www.ceran.com\/wp-content\/uploads\/2022\/02\/LIEUX_SPA_1-2I0A4284_SPA-HD-1-300x200.jpg 300w, https:\/\/www.ceran.com\/wp-content\/uploads\/2022\/02\/LIEUX_SPA_1-2I0A4284_SPA-HD-1-768x512.jpg 768w, https:\/\/www.ceran.com\/wp-content\/uploads\/2022\/02\/LIEUX_SPA_1-2I0A4284_SPA-HD-1-1536x1024.jpg 1536w, https:\/\/www.ceran.com\/wp-content\/uploads\/2022\/02\/LIEUX_SPA_1-2I0A4284_SPA-HD-1-2048x1365.jpg 2048w, https:\/\/www.ceran.com\/wp-content\/uploads\/2022\/02\/LIEUX_SPA_1-2I0A4284_SPA-HD-1-scaled.jpg 1621w\" sizes=\"(max-width: 640px) 100vw, 640px\" \/><\/div><\/div><\/div><\/div><\/div><div class=\"accordion-item elementor-repeater-item-4233798\"><h2 class=\"accordion-header\"><button class=\"accordion-button collapsed\" type=\"button\" data-bs-toggle=\"collapse\" data-bs-target=\"#collapse-elementor-repeater-item-4233798\" aria-expanded=\"false\">Brussels Belgium<\/button><\/h2><div id=\"collapse-elementor-repeater-item-4233798\" class=\"accordion-collapse collapse\" data-bs-parent=\"#ax-accordion-69f4f222e07a5\"><div class=\"accordion-body\"><div class=\"row\"><div class=\"col-md-6\"><div class=\"mb-3 text-content\">Just as the city of Brussels is at the heart of Europe, CERAN City Brussels is at the heart of the capital. Besides its central geographical location, CERAN City Brussels offers you an optimal learning environment in modern, fully equipped premises with natural daylight.<\/div><a href=\"\/en\/centre\/city-brussels\/\" class=\"ax-btn btn-arrow\" >Discover this venue<\/a><\/div><div class=\"col-md-6\"><img decoding=\"async\" width=\"640\" height=\"427\" src=\"https:\/\/www.ceran.com\/wp-content\/uploads\/2022\/02\/LIEUX_BRUXELLES_1-brussels-1546290-1-1024x683.jpg\" class=\"attachment-large size-large\" alt=\"cours de n\u00e9erlandais \u00e0 Bruxelle\" srcset=\"https:\/\/www.ceran.com\/wp-content\/uploads\/2022\/02\/LIEUX_BRUXELLES_1-brussels-1546290-1-1024x683.jpg 1024w, https:\/\/www.ceran.com\/wp-content\/uploads\/2022\/02\/LIEUX_BRUXELLES_1-brussels-1546290-1-300x200.jpg 300w, https:\/\/www.ceran.com\/wp-content\/uploads\/2022\/02\/LIEUX_BRUXELLES_1-brussels-1546290-1-768x512.jpg 768w, https:\/\/www.ceran.com\/wp-content\/uploads\/2022\/02\/LIEUX_BRUXELLES_1-brussels-1546290-1-1536x1024.jpg 1536w, https:\/\/www.ceran.com\/wp-content\/uploads\/2022\/02\/LIEUX_BRUXELLES_1-brussels-1546290-1-2048x1366.jpg 2048w, https:\/\/www.ceran.com\/wp-content\/uploads\/2022\/02\/LIEUX_BRUXELLES_1-brussels-1546290-1.jpg 1620w\" sizes=\"(max-width: 640px) 100vw, 640px\" \/><\/div><\/div><\/div><\/div><\/div><div class=\"accordion-item elementor-repeater-item-f9fd3bb\"><h2 class=\"accordion-header\"><button class=\"accordion-button collapsed\" type=\"button\" data-bs-toggle=\"collapse\" data-bs-target=\"#collapse-elementor-repeater-item-f9fd3bb\" aria-expanded=\"false\">City Antwerp Belgium <\/button><\/h2><div id=\"collapse-elementor-repeater-item-f9fd3bb\" class=\"accordion-collapse collapse\" data-bs-parent=\"#ax-accordion-69f4f222e07a5\"><div class=\"accordion-body\"><div class=\"row\"><div class=\"col-md-6\"><div class=\"mb-3 text-content\">CERAN City Antwerp is another city training centre also in a prime location in Antwerp. Very easy to reach by public transport or by car, this centre has wonderful meeting rooms which are bright and fully equipped.                                                                                                                              <\/div><a href=\"\/en\/centre\/antwerp\/\" class=\"ax-btn btn-arrow\" >Discover this venue<\/a><\/div><div class=\"col-md-6\"><img loading=\"lazy\" decoding=\"async\" width=\"454\" height=\"340\" src=\"https:\/\/www.ceran.com\/wp-content\/uploads\/2022\/02\/CERAN-CITY-ANTWERP-LOUNGE.jpg\" class=\"attachment-large size-large\" alt=\"\" srcset=\"https:\/\/www.ceran.com\/wp-content\/uploads\/2022\/02\/CERAN-CITY-ANTWERP-LOUNGE.jpg 454w, https:\/\/www.ceran.com\/wp-content\/uploads\/2022\/02\/CERAN-CITY-ANTWERP-LOUNGE-300x225.jpg 300w\" sizes=\"(max-width: 454px) 100vw, 454px\" \/><\/div><\/div><\/div><\/div><\/div><div class=\"accordion-item elementor-repeater-item-84ceb7a\"><h2 class=\"accordion-header\"><button class=\"accordion-button collapsed\" type=\"button\" data-bs-toggle=\"collapse\" data-bs-target=\"#collapse-elementor-repeater-item-84ceb7a\" aria-expanded=\"false\">Saint-Roch in Ferri\u00e8res Belgium (Juniors Immersion 9-17 years old)<\/button><\/h2><div id=\"collapse-elementor-repeater-item-84ceb7a\" class=\"accordion-collapse collapse\" data-bs-parent=\"#ax-accordion-69f4f222e07a5\"><div class=\"accordion-body\"><div class=\"row\"><div class=\"col-md-6\"><div class=\"mb-3 text-content\">The Coll\u00e8ge Saint-Roch in Ferri\u00e8res is a school that flies the CERAN flag in summer, when the pupils are on holiday, and plays host to our youngest customers, the Juniors. This historical site dates from 1820, but today has every modern facility both in terms of classrooms and sports activities, with a wide range of amenities including an indoor heated swimming pool, a fully equipped sports centre and multiple sports fields. It's the ideal setting for immersing your children in their chosen language.<\/div><a href=\"https:\/\/www.ceran.com\/en\/intensive-language-classes\/language-school-for-children-ferrieres\/\" class=\"ax-btn btn-arrow\" >Discover this venue<\/a><\/div><div class=\"col-md-6\"><img loading=\"lazy\" decoding=\"async\" width=\"640\" height=\"360\" src=\"https:\/\/www.ceran.com\/wp-content\/uploads\/2024\/10\/typeelementorsiteurlhttpswww.ceran_.comfrwp-jsonelementsidceran-dropdown-img-textelTypewidgetisInnerfalseisLockedfalsesettingsdropdown_listtitleSpa-Belgique-Immersion-adultetextSpa-1024x576.jpg\" class=\"attachment-large size-large\" alt=\"CERAN Academy Junior Campus in Ferri\u00e8res\" srcset=\"https:\/\/www.ceran.com\/wp-content\/uploads\/2024\/10\/typeelementorsiteurlhttpswww.ceran_.comfrwp-jsonelementsidceran-dropdown-img-textelTypewidgetisInnerfalseisLockedfalsesettingsdropdown_listtitleSpa-Belgique-Immersion-adultetextSpa-1024x576.jpg 1024w, https:\/\/www.ceran.com\/wp-content\/uploads\/2024\/10\/typeelementorsiteurlhttpswww.ceran_.comfrwp-jsonelementsidceran-dropdown-img-textelTypewidgetisInnerfalseisLockedfalsesettingsdropdown_listtitleSpa-Belgique-Immersion-adultetextSpa-300x169.jpg 300w, https:\/\/www.ceran.com\/wp-content\/uploads\/2024\/10\/typeelementorsiteurlhttpswww.ceran_.comfrwp-jsonelementsidceran-dropdown-img-textelTypewidgetisInnerfalseisLockedfalsesettingsdropdown_listtitleSpa-Belgique-Immersion-adultetextSpa-768x432.jpg 768w, https:\/\/www.ceran.com\/wp-content\/uploads\/2024\/10\/typeelementorsiteurlhttpswww.ceran_.comfrwp-jsonelementsidceran-dropdown-img-textelTypewidgetisInnerfalseisLockedfalsesettingsdropdown_listtitleSpa-Belgique-Immersion-adultetextSpa-1536x864.jpg 1536w, https:\/\/www.ceran.com\/wp-content\/uploads\/2024\/10\/typeelementorsiteurlhttpswww.ceran_.comfrwp-jsonelementsidceran-dropdown-img-textelTypewidgetisInnerfalseisLockedfalsesettingsdropdown_listtitleSpa-Belgique-Immersion-adultetextSpa.jpg 1920w\" sizes=\"(max-width: 640px) 100vw, 640px\" \/><\/div><\/div><\/div><\/div><\/div><div class=\"accordion-item elementor-repeater-item-8b9b724\"><h2 class=\"accordion-header\"><button class=\"accordion-button collapsed\" type=\"button\" data-bs-toggle=\"collapse\" data-bs-target=\"#collapse-elementor-repeater-item-8b9b724\" aria-expanded=\"false\">M\u00e9ry sur Oise France <\/button><\/h2><div id=\"collapse-elementor-repeater-item-8b9b724\" class=\"accordion-collapse collapse\" data-bs-parent=\"#ax-accordion-69f4f222e07a5\"><div class=\"accordion-body\"><div class=\"row\"><div class=\"col-md-6\"><div class=\"mb-3 text-content\">In the land of the Impressionists, the Ch\u00e2teau de M\u00e9ry-sur-Oise is the perfect venue for your residential language training. Built between the 16th and 17th centuries in the middle of a 27-hectare park, this ch\u00e2teau, a listed Historic Monument, will beguile you with its blend of old and contemporary architecture. Its fully equipped meeting rooms will also contribute to the success of your training.<\/div><a href=\"\/en\/centre\/mery-sur-oise\/\" class=\"ax-btn btn-arrow\" >Discover this venue<\/a><\/div><div class=\"col-md-6\"><img loading=\"lazy\" decoding=\"async\" width=\"640\" height=\"360\" src=\"https:\/\/www.ceran.com\/wp-content\/uploads\/2022\/02\/pm_8909_17_17773-sj4eyvony0-16_9_large-1-1024x576.jpg\" class=\"attachment-large size-large\" alt=\"\" srcset=\"https:\/\/www.ceran.com\/wp-content\/uploads\/2022\/02\/pm_8909_17_17773-sj4eyvony0-16_9_large-1-1024x576.jpg 1024w, https:\/\/www.ceran.com\/wp-content\/uploads\/2022\/02\/pm_8909_17_17773-sj4eyvony0-16_9_large-1-300x169.jpg 300w, https:\/\/www.ceran.com\/wp-content\/uploads\/2022\/02\/pm_8909_17_17773-sj4eyvony0-16_9_large-1-768x432.jpg 768w, https:\/\/www.ceran.com\/wp-content\/uploads\/2022\/02\/pm_8909_17_17773-sj4eyvony0-16_9_large-1.jpg 1208w\" sizes=\"(max-width: 640px) 100vw, 640px\" \/><\/div><\/div><\/div><\/div><\/div><div class=\"accordion-item elementor-repeater-item-e56ffac\"><h2 class=\"accordion-header\"><button class=\"accordion-button collapsed\" type=\"button\" data-bs-toggle=\"collapse\" data-bs-target=\"#collapse-elementor-repeater-item-e56ffac\" aria-expanded=\"false\">La d\u00e9fense France <\/button><\/h2><div id=\"collapse-elementor-repeater-item-e56ffac\" class=\"accordion-collapse collapse\" data-bs-parent=\"#ax-accordion-69f4f222e07a5\"><div class=\"accordion-body\"><div class=\"row\"><div class=\"col-md-6\"><div class=\"mb-3 text-content\">In the heart of the Paris business district, La D\u00e9fense, CERAN @ Ch\u00e2teauform' Learning Lab awaits you with its 37 meeting rooms spread across 6 floors. Devoted exclusively to learning, this site is the perfect Parisian setting for your language or intercultural training.    <\/div><a href=\"\/en\/centre\/city-paris\/\" class=\"ax-btn btn-arrow\" >Discover this venue<\/a><\/div><div class=\"col-md-6\"><img loading=\"lazy\" decoding=\"async\" width=\"640\" height=\"360\" src=\"https:\/\/www.ceran.com\/wp-content\/uploads\/2022\/02\/pm_8909_50_50125-fdquynq8au-16_9_large-1-1024x576.jpg\" class=\"attachment-large size-large\" alt=\"cours italien, allemand, anglais, fran\u00e7ais et n\u00e9erlandais intensif \u00e0 Paris\" srcset=\"https:\/\/www.ceran.com\/wp-content\/uploads\/2022\/02\/pm_8909_50_50125-fdquynq8au-16_9_large-1-1024x576.jpg 1024w, https:\/\/www.ceran.com\/wp-content\/uploads\/2022\/02\/pm_8909_50_50125-fdquynq8au-16_9_large-1-300x169.jpg 300w, https:\/\/www.ceran.com\/wp-content\/uploads\/2022\/02\/pm_8909_50_50125-fdquynq8au-16_9_large-1-768x432.jpg 768w, https:\/\/www.ceran.com\/wp-content\/uploads\/2022\/02\/pm_8909_50_50125-fdquynq8au-16_9_large-1.jpg 1208w\" sizes=\"(max-width: 640px) 100vw, 640px\" \/><\/div><\/div><\/div><\/div><\/div><div class=\"accordion-item elementor-repeater-item-dfa6598\"><h2 class=\"accordion-header\"><button class=\"accordion-button collapsed\" type=\"button\" data-bs-toggle=\"collapse\" data-bs-target=\"#collapse-elementor-repeater-item-dfa6598\" aria-expanded=\"false\">Landhuis Mari\u00ebnheuvel Amsterdam Netherlands<\/button><\/h2><div id=\"collapse-elementor-repeater-item-dfa6598\" class=\"accordion-collapse collapse\" data-bs-parent=\"#ax-accordion-69f4f222e07a5\"><div class=\"accordion-body\"><div class=\"row\"><div class=\"col-md-6\"><div class=\"mb-3 text-content\">Looking for the perfect place to immerse yourself in foreign language training or explore new cultures? Look no further than Landhuis Marienheuvel. Our serene and professional atmosphere is tailored for studious learners, offering a warm and inviting environment that makes learning a joy.\n\nOpen all year round, even on public holidays, we accommodate the busiest of schedules, ensuring that your learning journey is as seamless as possible. Whether you\u2019re aiming to master a new language or delve into cross cultural communication training, <b>Landhuis Marienheuvel <\/b>is the ideal setting for unparalleled educational excellence.<\/div><a href=\"https:\/\/www.ceran.com\/en\/centre\/intensive-dutch-course-amsterdam\/\" class=\"ax-btn btn-arrow\" >Discover this venue<\/a><\/div><div class=\"col-md-6\"><img loading=\"lazy\" decoding=\"async\" width=\"640\" height=\"360\" src=\"https:\/\/www.ceran.com\/wp-content\/uploads\/2024\/06\/linguistic-immersion-in-the-nederland-1.webp\" class=\"attachment-large size-large\" alt=\"\" srcset=\"https:\/\/www.ceran.com\/wp-content\/uploads\/2024\/06\/linguistic-immersion-in-the-nederland-1.webp 800w, https:\/\/www.ceran.com\/wp-content\/uploads\/2024\/06\/linguistic-immersion-in-the-nederland-1-300x169.webp 300w, https:\/\/www.ceran.com\/wp-content\/uploads\/2024\/06\/linguistic-immersion-in-the-nederland-1-768x432.webp 768w\" sizes=\"(max-width: 640px) 100vw, 640px\" \/><\/div><\/div><\/div><\/div><\/div><div class=\"accordion-item elementor-repeater-item-b898e8e\"><h2 class=\"accordion-header\"><button class=\"accordion-button collapsed\" type=\"button\" data-bs-toggle=\"collapse\" data-bs-target=\"#collapse-elementor-repeater-item-b898e8e\" aria-expanded=\"false\">Burg Hemmersbach Cologne Germany<\/button><\/h2><div id=\"collapse-elementor-repeater-item-b898e8e\" class=\"accordion-collapse collapse\" data-bs-parent=\"#ax-accordion-69f4f222e07a5\"><div class=\"accordion-body\"><div class=\"row\"><div class=\"col-md-6\"><div class=\"mb-3 text-content\">Just 30 km from Cologne-Bonn airport, Burg Hemmersbach is a 30-minute drive away. This historic estate offers a peaceful setting with lush forests and picturesque landscapes.<\/div><a href=\"https:\/\/www.ceran.com\/en\/centre\/intensive-german-course-cologne\/\" class=\"ax-btn btn-arrow\" >Discover this venue<\/a><\/div><div class=\"col-md-6\"><img loading=\"lazy\" decoding=\"async\" width=\"640\" height=\"360\" src=\"https:\/\/www.ceran.com\/wp-content\/uploads\/2024\/07\/Design-sans-titre-5-1024x576.jpg\" class=\"attachment-large size-large\" alt=\"Intensive German Course in Cologne\" srcset=\"https:\/\/www.ceran.com\/wp-content\/uploads\/2024\/07\/Design-sans-titre-5-1024x576.jpg 1024w, https:\/\/www.ceran.com\/wp-content\/uploads\/2024\/07\/Design-sans-titre-5-300x169.jpg 300w, https:\/\/www.ceran.com\/wp-content\/uploads\/2024\/07\/Design-sans-titre-5-768x432.jpg 768w, https:\/\/www.ceran.com\/wp-content\/uploads\/2024\/07\/Design-sans-titre-5-1536x864.jpg 1536w, https:\/\/www.ceran.com\/wp-content\/uploads\/2024\/07\/Design-sans-titre-5.jpg 1920w\" sizes=\"(max-width: 640px) 100vw, 640px\" \/><\/div><\/div><\/div><\/div><\/div><div class=\"accordion-item elementor-repeater-item-67c76c5\"><h2 class=\"accordion-header\"><button class=\"accordion-button collapsed\" type=\"button\" data-bs-toggle=\"collapse\" data-bs-target=\"#collapse-elementor-repeater-item-67c76c5\" aria-expanded=\"false\">Finca El Bosque Madrid Spain<\/button><\/h2><div id=\"collapse-elementor-repeater-item-67c76c5\" class=\"accordion-collapse collapse\" data-bs-parent=\"#ax-accordion-69f4f222e07a5\"><div class=\"accordion-body\"><div class=\"row\"><div class=\"col-md-6\"><div class=\"mb-3 text-content\">Ideal for foreign language training or cultural immersion, La finca El Bosque offers a professional yet warm atmosphere for learning, open year-round, including public holidays, to fit all schedules.<\/div><a href=\"https:\/\/www.ceran.com\/en\/centre\/intensive-italian-course-milan\" class=\"ax-btn btn-arrow\" >Discover this venue<\/a><\/div><div class=\"col-md-6\"><img loading=\"lazy\" decoding=\"async\" width=\"640\" height=\"360\" src=\"https:\/\/www.ceran.com\/wp-content\/uploads\/2024\/07\/Design-sans-titre-8-1024x576.jpg\" class=\"attachment-large size-large\" alt=\"Intensive Italian Course in Milan\" srcset=\"https:\/\/www.ceran.com\/wp-content\/uploads\/2024\/07\/Design-sans-titre-8-1024x576.jpg 1024w, https:\/\/www.ceran.com\/wp-content\/uploads\/2024\/07\/Design-sans-titre-8-300x169.jpg 300w, https:\/\/www.ceran.com\/wp-content\/uploads\/2024\/07\/Design-sans-titre-8-768x432.jpg 768w, https:\/\/www.ceran.com\/wp-content\/uploads\/2024\/07\/Design-sans-titre-8-1536x864.jpg 1536w, https:\/\/www.ceran.com\/wp-content\/uploads\/2024\/07\/Design-sans-titre-8.jpg 1920w\" sizes=\"(max-width: 640px) 100vw, 640px\" \/><\/div><\/div><\/div><\/div><\/div><div class=\"accordion-item elementor-repeater-item-f364919\"><h2 class=\"accordion-header\"><button class=\"accordion-button collapsed\" type=\"button\" data-bs-toggle=\"collapse\" data-bs-target=\"#collapse-elementor-repeater-item-f364919\" aria-expanded=\"false\">Villa Gallarati Scotti Milan Italy<\/button><\/h2><div id=\"collapse-elementor-repeater-item-f364919\" class=\"accordion-collapse collapse\" data-bs-parent=\"#ax-accordion-69f4f222e07a5\"><div class=\"accordion-body\"><div class=\"row\"><div class=\"col-md-6\"><div class=\"mb-3 text-content\">Ideal for Italian intensive language training or cultural immersion, Villa Gallarati Scotti offers a professional yet warm atmosphere for learning, open year-round, including public holidays, to fit all schedules.<\/div><a href=\"https:\/\/www.ceran.com\/en\/centre\/intensive-spanish-course-madrid\/\" class=\"ax-btn btn-arrow\" >Discover this venue<\/a><\/div><div class=\"col-md-6\"><img loading=\"lazy\" decoding=\"async\" width=\"640\" height=\"360\" src=\"https:\/\/www.ceran.com\/wp-content\/uploads\/2024\/07\/Design-sans-titre-8-1024x576.jpg\" class=\"attachment-large size-large\" alt=\"Intensive Italian Course in Milan\" srcset=\"https:\/\/www.ceran.com\/wp-content\/uploads\/2024\/07\/Design-sans-titre-8-1024x576.jpg 1024w, https:\/\/www.ceran.com\/wp-content\/uploads\/2024\/07\/Design-sans-titre-8-300x169.jpg 300w, https:\/\/www.ceran.com\/wp-content\/uploads\/2024\/07\/Design-sans-titre-8-768x432.jpg 768w, https:\/\/www.ceran.com\/wp-content\/uploads\/2024\/07\/Design-sans-titre-8-1536x864.jpg 1536w, https:\/\/www.ceran.com\/wp-content\/uploads\/2024\/07\/Design-sans-titre-8.jpg 1920w\" sizes=\"(max-width: 640px) 100vw, 640px\" \/><\/div><\/div><\/div><\/div><\/div><\/div><\/div>\t\t\t\t<\/div>\n\t\t\t\t<\/div>\n\t\t\t\t\t<\/div>\n\t\t<\/div>\n\t\t\t\t\t<\/div>\n\t\t<\/section>\n\t\t\t\t<\/div>\n\t\t","protected":false},"excerpt":{"rendered":"<p>Our training venuesContact us Through its presence in Europe, the CERAN Group provides you with a wide choice of destinations and venues. Whether it&#8217;s a ch\u00e2teau in the country and its grounds, a mountainside chalet or a location in the city, the choice is yours. Our venues, our houses are tailored to different types of [&hellip;]<\/p>\n","protected":false},"author":1,"featured_media":0,"parent":0,"menu_order":0,"comment_status":"closed","ping_status":"closed","template":"","meta":{"_acf_changed":false,"_seopress_robots_primary_cat":"","_seopress_titles_title":"","_seopress_titles_desc":"","_seopress_robots_index":"","content-type":"","footnotes":""},"class_list":["post-12278","page","type-page","status-publish","hentry"],"acf":[],"yoast_head":"<!-- This site is optimized with the Yoast SEO plugin v27.5 - https:\/\/yoast.com\/product\/yoast-seo-wordpress\/ -->\n<title>Our training venues - Ceran<\/title>\n<meta name=\"robots\" content=\"index, follow, max-snippet:-1, max-image-preview:large, max-video-preview:-1\" \/>\n<link rel=\"canonical\" href=\"https:\/\/www.ceran.com\/en\/our-training-venues\/\" \/>\n<meta property=\"og:locale\" content=\"en_US\" \/>\n<meta property=\"og:type\" content=\"article\" \/>\n<meta property=\"og:title\" content=\"Our training venues - Ceran\" \/>\n<meta property=\"og:description\" content=\"Our training venuesContact us Through its presence in Europe, the CERAN Group provides you with a wide choice of destinations and venues. Whether it&#8217;s a ch\u00e2teau in the country and its grounds, a mountainside chalet or a location in the city, the choice is yours. Our venues, our houses are tailored to different types of [&hellip;]\" \/>\n<meta property=\"og:url\" content=\"https:\/\/www.ceran.com\/en\/our-training-venues\/\" \/>\n<meta property=\"og:site_name\" content=\"Ceran\" \/>\n<meta property=\"article:modified_time\" content=\"2026-02-05T08:14:56+00:00\" \/>\n<meta property=\"og:image\" content=\"https:\/\/www.ceran.com\/wp-content\/uploads\/2022\/01\/Union-1.png\" \/>\n<meta name=\"twitter:card\" content=\"summary_large_image\" \/>\n<script type=\"application\/ld+json\" class=\"yoast-schema-graph\">{\"@context\":\"https:\\\/\\\/schema.org\",\"@graph\":[{\"@type\":\"WebPage\",\"@id\":\"https:\\\/\\\/www.ceran.com\\\/en\\\/our-training-venues\\\/\",\"url\":\"https:\\\/\\\/www.ceran.com\\\/en\\\/our-training-venues\\\/\",\"name\":\"Our training venues - Ceran\",\"isPartOf\":{\"@id\":\"https:\\\/\\\/www.ceran.com\\\/en\\\/#website\"},\"primaryImageOfPage\":{\"@id\":\"https:\\\/\\\/www.ceran.com\\\/en\\\/our-training-venues\\\/#primaryimage\"},\"image\":{\"@id\":\"https:\\\/\\\/www.ceran.com\\\/en\\\/our-training-venues\\\/#primaryimage\"},\"thumbnailUrl\":\"https:\\\/\\\/www.ceran.com\\\/wp-content\\\/uploads\\\/2022\\\/01\\\/Union-1.png\",\"datePublished\":\"2022-02-21T16:08:16+00:00\",\"dateModified\":\"2026-02-05T08:14:56+00:00\",\"breadcrumb\":{\"@id\":\"https:\\\/\\\/www.ceran.com\\\/en\\\/our-training-venues\\\/#breadcrumb\"},\"inLanguage\":\"en-US\",\"potentialAction\":[{\"@type\":\"ReadAction\",\"target\":[\"https:\\\/\\\/www.ceran.com\\\/en\\\/our-training-venues\\\/\"]}]},{\"@type\":\"ImageObject\",\"inLanguage\":\"en-US\",\"@id\":\"https:\\\/\\\/www.ceran.com\\\/en\\\/our-training-venues\\\/#primaryimage\",\"url\":\"https:\\\/\\\/www.ceran.com\\\/wp-content\\\/uploads\\\/2022\\\/01\\\/Union-1.png\",\"contentUrl\":\"https:\\\/\\\/www.ceran.com\\\/wp-content\\\/uploads\\\/2022\\\/01\\\/Union-1.png\"},{\"@type\":\"BreadcrumbList\",\"@id\":\"https:\\\/\\\/www.ceran.com\\\/en\\\/our-training-venues\\\/#breadcrumb\",\"itemListElement\":[{\"@type\":\"ListItem\",\"position\":1,\"name\":\"Home\",\"item\":\"https:\\\/\\\/www.ceran.com\\\/en\\\/\"},{\"@type\":\"ListItem\",\"position\":2,\"name\":\"Our training venues\"}]},{\"@type\":\"WebSite\",\"@id\":\"https:\\\/\\\/www.ceran.com\\\/en\\\/#website\",\"url\":\"https:\\\/\\\/www.ceran.com\\\/en\\\/\",\"name\":\"Ceran\",\"description\":\"Des formations linguistiques et interculturelles qui vous ouvrent de nouveaux horizons\",\"publisher\":{\"@id\":\"https:\\\/\\\/www.ceran.com\\\/en\\\/#organization\"},\"potentialAction\":[{\"@type\":\"SearchAction\",\"target\":{\"@type\":\"EntryPoint\",\"urlTemplate\":\"https:\\\/\\\/www.ceran.com\\\/en\\\/?s={search_term_string}\"},\"query-input\":{\"@type\":\"PropertyValueSpecification\",\"valueRequired\":true,\"valueName\":\"search_term_string\"}}],\"inLanguage\":\"en-US\"},{\"@type\":\"Organization\",\"@id\":\"https:\\\/\\\/www.ceran.com\\\/en\\\/#organization\",\"name\":\"Ceran\",\"url\":\"https:\\\/\\\/www.ceran.com\\\/en\\\/\",\"logo\":{\"@type\":\"ImageObject\",\"inLanguage\":\"en-US\",\"@id\":\"https:\\\/\\\/www.ceran.com\\\/en\\\/#\\\/schema\\\/logo\\\/image\\\/\",\"url\":\"https:\\\/\\\/www.ceran.com\\\/wp-content\\\/uploads\\\/2025\\\/06\\\/Logo-CERAN-16-x-16-pixels.svg\",\"contentUrl\":\"https:\\\/\\\/www.ceran.com\\\/wp-content\\\/uploads\\\/2025\\\/06\\\/Logo-CERAN-16-x-16-pixels.svg\",\"width\":30,\"height\":30,\"caption\":\"Ceran\"},\"image\":{\"@id\":\"https:\\\/\\\/www.ceran.com\\\/en\\\/#\\\/schema\\\/logo\\\/image\\\/\"}}]}<\/script>\n<!-- \/ Yoast SEO plugin. -->","yoast_head_json":{"title":"Our training venues - Ceran","robots":{"index":"index","follow":"follow","max-snippet":"max-snippet:-1","max-image-preview":"max-image-preview:large","max-video-preview":"max-video-preview:-1"},"canonical":"https:\/\/www.ceran.com\/en\/our-training-venues\/","og_locale":"en_US","og_type":"article","og_title":"Our training venues - Ceran","og_description":"Our training venuesContact us Through its presence in Europe, the CERAN Group provides you with a wide choice of destinations and venues. Whether it&#8217;s a ch\u00e2teau in the country and its grounds, a mountainside chalet or a location in the city, the choice is yours. Our venues, our houses are tailored to different types of [&hellip;]","og_url":"https:\/\/www.ceran.com\/en\/our-training-venues\/","og_site_name":"Ceran","article_modified_time":"2026-02-05T08:14:56+00:00","og_image":[{"url":"https:\/\/www.ceran.com\/wp-content\/uploads\/2022\/01\/Union-1.png","type":"","width":"","height":""}],"twitter_card":"summary_large_image","schema":{"@context":"https:\/\/schema.org","@graph":[{"@type":"WebPage","@id":"https:\/\/www.ceran.com\/en\/our-training-venues\/","url":"https:\/\/www.ceran.com\/en\/our-training-venues\/","name":"Our training venues - Ceran","isPartOf":{"@id":"https:\/\/www.ceran.com\/en\/#website"},"primaryImageOfPage":{"@id":"https:\/\/www.ceran.com\/en\/our-training-venues\/#primaryimage"},"image":{"@id":"https:\/\/www.ceran.com\/en\/our-training-venues\/#primaryimage"},"thumbnailUrl":"https:\/\/www.ceran.com\/wp-content\/uploads\/2022\/01\/Union-1.png","datePublished":"2022-02-21T16:08:16+00:00","dateModified":"2026-02-05T08:14:56+00:00","breadcrumb":{"@id":"https:\/\/www.ceran.com\/en\/our-training-venues\/#breadcrumb"},"inLanguage":"en-US","potentialAction":[{"@type":"ReadAction","target":["https:\/\/www.ceran.com\/en\/our-training-venues\/"]}]},{"@type":"ImageObject","inLanguage":"en-US","@id":"https:\/\/www.ceran.com\/en\/our-training-venues\/#primaryimage","url":"https:\/\/www.ceran.com\/wp-content\/uploads\/2022\/01\/Union-1.png","contentUrl":"https:\/\/www.ceran.com\/wp-content\/uploads\/2022\/01\/Union-1.png"},{"@type":"BreadcrumbList","@id":"https:\/\/www.ceran.com\/en\/our-training-venues\/#breadcrumb","itemListElement":[{"@type":"ListItem","position":1,"name":"Home","item":"https:\/\/www.ceran.com\/en\/"},{"@type":"ListItem","position":2,"name":"Our training venues"}]},{"@type":"WebSite","@id":"https:\/\/www.ceran.com\/en\/#website","url":"https:\/\/www.ceran.com\/en\/","name":"Ceran","description":"Des formations linguistiques et interculturelles qui vous ouvrent de nouveaux horizons","publisher":{"@id":"https:\/\/www.ceran.com\/en\/#organization"},"potentialAction":[{"@type":"SearchAction","target":{"@type":"EntryPoint","urlTemplate":"https:\/\/www.ceran.com\/en\/?s={search_term_string}"},"query-input":{"@type":"PropertyValueSpecification","valueRequired":true,"valueName":"search_term_string"}}],"inLanguage":"en-US"},{"@type":"Organization","@id":"https:\/\/www.ceran.com\/en\/#organization","name":"Ceran","url":"https:\/\/www.ceran.com\/en\/","logo":{"@type":"ImageObject","inLanguage":"en-US","@id":"https:\/\/www.ceran.com\/en\/#\/schema\/logo\/image\/","url":"https:\/\/www.ceran.com\/wp-content\/uploads\/2025\/06\/Logo-CERAN-16-x-16-pixels.svg","contentUrl":"https:\/\/www.ceran.com\/wp-content\/uploads\/2025\/06\/Logo-CERAN-16-x-16-pixels.svg","width":30,"height":30,"caption":"Ceran"},"image":{"@id":"https:\/\/www.ceran.com\/en\/#\/schema\/logo\/image\/"}}]}},"_links":{"self":[{"href":"https:\/\/www.ceran.com\/en\/wp-json\/wp\/v2\/pages\/12278","targetHints":{"allow":["GET"]}}],"collection":[{"href":"https:\/\/www.ceran.com\/en\/wp-json\/wp\/v2\/pages"}],"about":[{"href":"https:\/\/www.ceran.com\/en\/wp-json\/wp\/v2\/types\/page"}],"author":[{"embeddable":true,"href":"https:\/\/www.ceran.com\/en\/wp-json\/wp\/v2\/users\/1"}],"replies":[{"embeddable":true,"href":"https:\/\/www.ceran.com\/en\/wp-json\/wp\/v2\/comments?post=12278"}],"version-history":[{"count":35,"href":"https:\/\/www.ceran.com\/en\/wp-json\/wp\/v2\/pages\/12278\/revisions"}],"predecessor-version":[{"id":112548,"href":"https:\/\/www.ceran.com\/en\/wp-json\/wp\/v2\/pages\/12278\/revisions\/112548"}],"wp:attachment":[{"href":"https:\/\/www.ceran.com\/en\/wp-json\/wp\/v2\/media?parent=12278"}],"curies":[{"name":"wp","href":"https:\/\/api.w.org\/{rel}","templated":true}]}}