{"id":3702,"date":"2022-02-09T18:53:57","date_gmt":"2022-02-09T17:53:57","guid":{"rendered":"https:\/\/www.ceran.com\/?post_type=centre_de_formation&#038;p=3702"},"modified":"2024-09-25T12:01:02","modified_gmt":"2024-09-25T10:01:02","slug":"saint-roch-a-ferrieres","status":"publish","type":"centre_de_formation","link":"https:\/\/www.ceran.com\/fr\/centre\/saint-roch-a-ferrieres\/","title":{"rendered":"Saint-Roch \u00e0 Ferri\u00e8res"},"content":{"rendered":"\t\t<div data-elementor-type=\"wp-post\" data-elementor-id=\"3702\" class=\"elementor elementor-3702\" data-elementor-post-type=\"centre_de_formation\">\n\t\t\t\t\t\t<section class=\"elementor-section elementor-top-section elementor-element elementor-element-febe591 elementor-section-boxed elementor-section-height-default elementor-section-height-default\" data-id=\"febe591\" data-element_type=\"section\" data-e-type=\"section\">\n\t\t\t\t\t\t<div class=\"elementor-container elementor-column-gap-default\">\n\t\t\t\t\t<div class=\"elementor-column elementor-col-100 elementor-top-column elementor-element elementor-element-9bb9345\" data-id=\"9bb9345\" data-element_type=\"column\" data-e-type=\"column\" data-settings=\"{&quot;background_background&quot;:&quot;classic&quot;}\">\n\t\t\t<div class=\"elementor-widget-wrap elementor-element-populated\">\n\t\t\t\t\t\t<div class=\"elementor-element elementor-element-8c94b22 elementor-widget elementor-widget-template\" data-id=\"8c94b22\" data-element_type=\"widget\" data-e-type=\"widget\" data-widget_type=\"template.default\">\n\t\t\t\t<div class=\"elementor-widget-container\">\n\t\t\t\t\t\t\t<div class=\"elementor-template\">\n\t\t\t\t\t<div data-elementor-type=\"section\" data-elementor-id=\"2014\" class=\"elementor elementor-2014\" data-elementor-post-type=\"elementor_library\">\n\t\t\t\t\t<section class=\"elementor-section elementor-top-section elementor-element elementor-element-7ff20875 elementor-section-boxed elementor-section-height-default elementor-section-height-default\" data-id=\"7ff20875\" data-element_type=\"section\" data-e-type=\"section\">\n\t\t\t\t\t\t<div class=\"elementor-container elementor-column-gap-default\">\n\t\t\t\t\t<div class=\"elementor-column elementor-col-100 elementor-top-column elementor-element elementor-element-a5e383b\" data-id=\"a5e383b\" data-element_type=\"column\" data-e-type=\"column\">\n\t\t\t<div class=\"elementor-widget-wrap elementor-element-populated\">\n\t\t\t\t\t\t<div class=\"elementor-element elementor-element-3edd7a7e elementor-widget elementor-widget-breadcrumbs\" data-id=\"3edd7a7e\" data-element_type=\"widget\" data-e-type=\"widget\" data-widget_type=\"breadcrumbs.default\">\n\t\t\t\t<div class=\"elementor-widget-container\">\n\t\t\t\t\t<p id=\"breadcrumbs\"><span><span><a href=\"https:\/\/www.ceran.com\/fr\/\">Accueil<\/a><\/span><\/span><\/p>\t\t\t\t<\/div>\n\t\t\t\t<\/div>\n\t\t\t\t\t<\/div>\n\t\t<\/div>\n\t\t\t\t\t<\/div>\n\t\t<\/section>\n\t\t\t\t<\/div>\n\t\t\t\t<\/div>\n\t\t\t\t\t\t<\/div>\n\t\t\t\t<\/div>\n\t\t\t\t<div class=\"elementor-element elementor-element-double-colonne-texte elementor-widget elementor-widget-double-colonne-texte\" data-id=\"double-colonne-texte\" data-element_type=\"widget\" data-e-type=\"widget\" data-widget_type=\"double-colonne-texte.default\">\n\t\t\t\t<div class=\"elementor-widget-container\">\n\t\t\t\t\t<div class=\"widget-column  \"><div class=\"wrapper-column\"><div class=\"corner corner-right-top-bottom\"><div class=\"corner-content\"><h1 class=\"ax-title mb-5\">Stages de langues \u00e0 Ferri\u00e8res, Belgique<\/h1><div class=\"bottom-block row\"><div class=\"bottom-block-img col-6\"><img decoding=\"async\" width=\"125\" height=\"90\" src=\"https:\/\/www.ceran.com\/wp-content\/uploads\/2022\/01\/union-5-3.png\" class=\"attachment-thumbnail size-thumbnail\" alt=\"\" \/><\/div><div class=\"bottom-block-links col-6 d-flex flex-column\"><a href=\"\/fr\/nous-contacter\/\" class=\"ax-btn btn-mail-black mb-2\" >Contactez-nous<\/a><\/div><\/div><\/div><\/div><\/div><div class=\"wrapper-column\"><div class=\"corner corner-left-top-bottom\" style=\" display: flex; align-items: center;\"><div class=\"corner-content\"><div class=\"ewa-rteLine\"><a href=\"https:\/\/www.ceran.com\/fr\/stages-de-langue\/ecole-de-langue-pour-enfant-ferrieres\/\">Le site historique de Saint-Roch \u00e0 Ferri\u00e8res<\/a> est exclusivement d\u00e9di\u00e9 aux Juniors pendant l'\u00e9t\u00e9. C'est une \u00e9cole, le Coll\u00e8ge Saint-Roch Ferri\u00e8res, qui est mise \u00e0 notre disposition le temps de la pause estivale des \u00e9l\u00e8ves. Ce lieu charg\u00e9 d'histoire, qui date de 1820, est \u00e9quip\u00e9 de nos jours de toutes les infrastructures modernes offrant ainsi \u00e0 vos Juniors de 9 \u00e0 17 ans des conditions d'apprentissage id\u00e9ales, le tout dans une atmosph\u00e8re conviviale.<\/div><div>D\u00e9couvrez nos stages intensifs de langues en immersion disponibles en anglais, allemand, n\u00e9erlandais et fran\u00e7ais !<\/div><\/div><\/div><\/div><\/div>\t\t\t\t<\/div>\n\t\t\t\t<\/div>\n\t\t\t\t<div class=\"elementor-element elementor-element-c5970a3 elementor-widget elementor-widget-gallery\" data-id=\"c5970a3\" data-element_type=\"widget\" data-e-type=\"widget\" data-settings=\"{&quot;columns&quot;:2,&quot;aspect_ratio&quot;:&quot;16:9&quot;,&quot;lazyload&quot;:&quot;yes&quot;,&quot;gallery_layout&quot;:&quot;grid&quot;,&quot;columns_tablet&quot;:2,&quot;columns_mobile&quot;:1,&quot;gap&quot;:{&quot;unit&quot;:&quot;px&quot;,&quot;size&quot;:10,&quot;sizes&quot;:[]},&quot;gap_tablet&quot;:{&quot;unit&quot;:&quot;px&quot;,&quot;size&quot;:10,&quot;sizes&quot;:[]},&quot;gap_mobile&quot;:{&quot;unit&quot;:&quot;px&quot;,&quot;size&quot;:10,&quot;sizes&quot;:[]},&quot;link_to&quot;:&quot;file&quot;,&quot;overlay_background&quot;:&quot;yes&quot;,&quot;content_hover_animation&quot;:&quot;fade-in&quot;}\" data-widget_type=\"gallery.default\">\n\t\t\t\t<div class=\"elementor-widget-container\">\n\t\t\t\t\t\t\t<div class=\"elementor-gallery__container\">\n\t\t\t\t\t\t\t<a class=\"e-gallery-item elementor-gallery-item elementor-animated-content\" href=\"https:\/\/www.ceran.com\/wp-content\/uploads\/2022\/02\/LIEUX_SAINT-ROCH-2-_DSC6566-scaled.jpg\" data-elementor-open-lightbox=\"yes\" data-elementor-lightbox-slideshow=\"c5970a3\" data-elementor-lightbox-title=\"LIEUX_SAINT ROCH 2 _DSC6566\" data-e-action-hash=\"#elementor-action%3Aaction%3Dlightbox%26settings%3DeyJpZCI6ODA0MCwidXJsIjoiaHR0cHM6XC9cL3d3dy5jZXJhbi5jb21cL3dwLWNvbnRlbnRcL3VwbG9hZHNcLzIwMjJcLzAyXC9MSUVVWF9TQUlOVC1ST0NILTItX0RTQzY1NjYtc2NhbGVkLmpwZyIsInNsaWRlc2hvdyI6ImM1OTcwYTMifQ%3D%3D\">\n\t\t\t\t\t<div class=\"e-gallery-image elementor-gallery-item__image\" data-thumbnail=\"https:\/\/www.ceran.com\/wp-content\/uploads\/2022\/02\/LIEUX_SAINT-ROCH-2-_DSC6566-1024x683.jpg\" data-width=\"640\" data-height=\"427\" aria-label=\"\" role=\"img\" ><\/div>\n\t\t\t\t\t\t\t\t\t\t\t<div class=\"elementor-gallery-item__overlay\"><\/div>\n\t\t\t\t\t\t\t\t\t\t\t\t\t\t<\/a>\n\t\t\t\t\t\t\t<a class=\"e-gallery-item elementor-gallery-item elementor-animated-content\" href=\"https:\/\/www.ceran.com\/wp-content\/uploads\/2022\/02\/LIEUX_SAINT-ROCH-1-_VDC0169-scaled.jpg\" data-elementor-open-lightbox=\"yes\" data-elementor-lightbox-slideshow=\"c5970a3\" data-elementor-lightbox-title=\"LIEUX_SAINT ROCH 1 _VDC0169\" data-e-action-hash=\"#elementor-action%3Aaction%3Dlightbox%26settings%3DeyJpZCI6ODAzNiwidXJsIjoiaHR0cHM6XC9cL3d3dy5jZXJhbi5jb21cL3dwLWNvbnRlbnRcL3VwbG9hZHNcLzIwMjJcLzAyXC9MSUVVWF9TQUlOVC1ST0NILTEtX1ZEQzAxNjktc2NhbGVkLmpwZyIsInNsaWRlc2hvdyI6ImM1OTcwYTMifQ%3D%3D\">\n\t\t\t\t\t<div class=\"e-gallery-image elementor-gallery-item__image\" data-thumbnail=\"https:\/\/www.ceran.com\/wp-content\/uploads\/2022\/02\/LIEUX_SAINT-ROCH-1-_VDC0169-1024x683.jpg\" data-width=\"640\" data-height=\"427\" aria-label=\"\" role=\"img\" ><\/div>\n\t\t\t\t\t\t\t\t\t\t\t<div class=\"elementor-gallery-item__overlay\"><\/div>\n\t\t\t\t\t\t\t\t\t\t\t\t\t\t<\/a>\n\t\t\t\t\t<\/div>\n\t\t\t\t\t<\/div>\n\t\t\t\t<\/div>\n\t\t\t\t\t<\/div>\n\t\t<\/div>\n\t\t\t\t\t<\/div>\n\t\t<\/section>\n\t\t\t\t<section class=\"elementor-section elementor-top-section elementor-element elementor-element-2279c65 elementor-section-boxed elementor-section-height-default elementor-section-height-default\" data-id=\"2279c65\" data-element_type=\"section\" data-e-type=\"section\">\n\t\t\t\t\t\t<div class=\"elementor-container elementor-column-gap-default\">\n\t\t\t\t\t<div class=\"elementor-column elementor-col-50 elementor-top-column elementor-element elementor-element-8e1abc3\" data-id=\"8e1abc3\" data-element_type=\"column\" data-e-type=\"column\" data-settings=\"{&quot;background_background&quot;:&quot;classic&quot;}\">\n\t\t\t<div class=\"elementor-widget-wrap elementor-element-populated\">\n\t\t\t\t\t\t<div class=\"elementor-element elementor-element-446a0dd elementor-widget elementor-widget-text-editor\" data-id=\"446a0dd\" data-element_type=\"widget\" data-e-type=\"widget\" data-widget_type=\"text-editor.default\">\n\t\t\t\t<div class=\"elementor-widget-container\">\n\t\t\t\t\t\t\t\t\t<h2>Vos h\u00f4tes<\/h2><div class=\"ewa-rteLine\">A Saint-Roch Ferri\u00e8res vos enfants sont accueillis par <b>Christophe<\/b>. Alors qu&rsquo;il est encore \u00e9tudiant, Christophe d\u00e9bute sa carri\u00e8re au CERAN en 2005 en tant qu\u2019assistant-professeur pour les sessions d\u2019\u00e9t\u00e9 d\u00e9di\u00e9es aux Juniors. Cette exp\u00e9rience humaine l&rsquo;enthousiasme tellement que Christophe d\u00e9cide de postuler afin de rejoindre le <strong>cadre multiculturel<\/strong> du <strong>CERAN<\/strong> et son <strong>approche p\u00e9dagogique unique<\/strong>. L&rsquo;h\u00f4te de vos enfants met un point d&rsquo;honneur \u00e0 ce que les <strong>Juniors<\/strong> vivent une <strong>exp\u00e9rience humaine enrichissante<\/strong> tout en apprenant une nouvelle langue, de fa\u00e7on efficace et toujours avec beaucoup de plaisir. Christophe est un grand amateur de voyages et de musique, et pour lui les <strong>stages linguistiques CERAN<\/strong> ne se r\u00e9sument pas \u00e0 une simple m\u00e9thode d&rsquo;apprentissage linguistique, ils sont \u00e9galement l&rsquo;occasion de <strong>d\u00e9couvrir un pays, un peuple<\/strong> et <strong>une culture<\/strong>.<\/div>\t\t\t\t\t\t\t\t<\/div>\n\t\t\t\t<\/div>\n\t\t\t\t\t<\/div>\n\t\t<\/div>\n\t\t\t\t<div class=\"elementor-column elementor-col-50 elementor-top-column elementor-element elementor-element-c4dbd01\" data-id=\"c4dbd01\" data-element_type=\"column\" data-e-type=\"column\" data-settings=\"{&quot;background_background&quot;:&quot;classic&quot;}\">\n\t\t\t<div class=\"elementor-widget-wrap elementor-element-populated\">\n\t\t\t\t\t\t<div class=\"elementor-element elementor-element-7ca1ebf elementor-widget elementor-widget-image\" data-id=\"7ca1ebf\" data-element_type=\"widget\" data-e-type=\"widget\" data-widget_type=\"image.default\">\n\t\t\t\t<div class=\"elementor-widget-container\">\n\t\t\t\t\t\t\t\t\t\t\t\t\t\t\t<img fetchpriority=\"high\" decoding=\"async\" width=\"1620\" height=\"1080\" src=\"https:\/\/www.ceran.com\/wp-content\/uploads\/2022\/01\/people-g8483deedf_1920.jpg\" class=\"attachment-full size-full wp-image-1170\" alt=\"\" srcset=\"https:\/\/www.ceran.com\/wp-content\/uploads\/2022\/01\/people-g8483deedf_1920.jpg 1620w, https:\/\/www.ceran.com\/wp-content\/uploads\/2022\/01\/people-g8483deedf_1920-300x200.jpg 300w, https:\/\/www.ceran.com\/wp-content\/uploads\/2022\/01\/people-g8483deedf_1920-1024x683.jpg 1024w, https:\/\/www.ceran.com\/wp-content\/uploads\/2022\/01\/people-g8483deedf_1920-768x512.jpg 768w, https:\/\/www.ceran.com\/wp-content\/uploads\/2022\/01\/people-g8483deedf_1920-1536x1024.jpg 1536w\" sizes=\"(max-width: 1620px) 100vw, 1620px\" \/>\t\t\t\t\t\t\t\t\t\t\t\t\t\t\t<\/div>\n\t\t\t\t<\/div>\n\t\t\t\t\t<\/div>\n\t\t<\/div>\n\t\t\t\t\t<\/div>\n\t\t<\/section>\n\t\t\t\t<section class=\"elementor-section elementor-top-section elementor-element elementor-element-4a91bef elementor-section-boxed elementor-section-height-default elementor-section-height-default\" data-id=\"4a91bef\" data-element_type=\"section\" data-e-type=\"section\">\n\t\t\t\t\t\t<div class=\"elementor-container elementor-column-gap-default\">\n\t\t\t\t\t<div class=\"elementor-column elementor-col-100 elementor-top-column elementor-element elementor-element-d29b23a\" data-id=\"d29b23a\" data-element_type=\"column\" data-e-type=\"column\">\n\t\t\t<div class=\"elementor-widget-wrap elementor-element-populated\">\n\t\t\t\t\t\t<div class=\"elementor-element elementor-element-ceran-title-icon elementor-widget elementor-widget-ceran-title-icon\" data-id=\"ceran-title-icon\" data-element_type=\"widget\" data-e-type=\"widget\" data-widget_type=\"ceran-title-icon.default\">\n\t\t\t\t<div class=\"elementor-widget-container\">\n\t\t\t\t\t<h2 class=\"ax-title-icon\"><div class=\"ax-title-icons bleu-rouge \"> Infrastructure <\/div><\/h2>\t\t\t\t<\/div>\n\t\t\t\t<\/div>\n\t\t\t\t<div class=\"elementor-element elementor-element-4d7e5b3 elementor-widget elementor-widget-text-editor\" data-id=\"4d7e5b3\" data-element_type=\"widget\" data-e-type=\"widget\" data-widget_type=\"text-editor.default\">\n\t\t\t\t<div class=\"elementor-widget-container\">\n\t\t\t\t\t\t\t\t\t<p>Un site historique avec tout le confort moderne, le cadre id\u00e9al pour l&rsquo;immersion de vos enfants dans l&rsquo;apprentissage de l&rsquo;anglais, de l&rsquo;allemand, du fran\u00e7ais ou du n\u00e9erlandais.C\u2019est l\u2019endroit r\u00eav\u00e9 pour apprendre une langue dans un r\u00e9el environnement multiculturel. De plus, l&rsquo;\u00e9quipe CERAN organise les transferts de vos enfants \u00e0 la demande. N&rsquo;h\u00e9sitez pas \u00e0 nous solliciter.<\/p>\t\t\t\t\t\t\t\t<\/div>\n\t\t\t\t<\/div>\n\t\t\t\t<div class=\"elementor-element elementor-element-e612268 elementor-widget elementor-widget-button\" data-id=\"e612268\" data-element_type=\"widget\" data-e-type=\"widget\" data-widget_type=\"button.default\">\n\t\t\t\t<div class=\"elementor-widget-container\">\n\t\t\t\t\t\t\t\t\t<div class=\"elementor-button-wrapper\">\n\t\t\t\t\t<a class=\"elementor-button elementor-button-link elementor-size-sm\" href=\"https:\/\/www.ceran.com\/fr\/stages-de-langue\/ecole-de-langue-pour-enfant-ferrieres\/\">\n\t\t\t\t\t\t<span class=\"elementor-button-content-wrapper\">\n\t\t\t\t\t\t<span class=\"elementor-button-icon\">\n\t\t\t\t<i aria-hidden=\"true\" class=\"fas fa-arrow-right\"><\/i>\t\t\t<\/span>\n\t\t\t\t\t\t\t\t\t<span class=\"elementor-button-text\">En savoir plus sur nos programmes Juniors \u00e0 Ferri\u00e8res<\/span>\n\t\t\t\t\t<\/span>\n\t\t\t\t\t<\/a>\n\t\t\t\t<\/div>\n\t\t\t\t\t\t\t\t<\/div>\n\t\t\t\t<\/div>\n\t\t\t\t\t<\/div>\n\t\t<\/div>\n\t\t\t\t\t<\/div>\n\t\t<\/section>\n\t\t\t\t<section class=\"elementor-section elementor-top-section elementor-element elementor-element-f40a83b elementor-section-boxed elementor-section-height-default elementor-section-height-default\" data-id=\"f40a83b\" data-element_type=\"section\" data-e-type=\"section\">\n\t\t\t\t\t\t<div class=\"elementor-container elementor-column-gap-default\">\n\t\t\t\t\t<div class=\"elementor-column elementor-col-33 elementor-top-column elementor-element elementor-element-08d32d3\" data-id=\"08d32d3\" data-element_type=\"column\" data-e-type=\"column\" data-settings=\"{&quot;background_background&quot;:&quot;classic&quot;}\">\n\t\t\t<div class=\"elementor-widget-wrap elementor-element-populated\">\n\t\t\t\t\t\t<div class=\"elementor-element elementor-element-a6aee6b elementor-widget elementor-widget-text-editor\" data-id=\"a6aee6b\" data-element_type=\"widget\" data-e-type=\"widget\" data-widget_type=\"text-editor.default\">\n\t\t\t\t<div class=\"elementor-widget-container\">\n\t\t\t\t\t\t\t\t\t<h3>Bien-\u00eatre<\/h3><div>\u00a0<\/div><p>Saint-Roch Ferri\u00e8res met \u00e0 la disposition des Juniors un \u00e9ventail impressionnant d\u2019infrastructures sportives et r\u00e9cr\u00e9atives : 1 piscine int\u00e9rieure chauff\u00e9e, 1 centre sportif complet, 1 terrain de football, 2 terrains de beach volley, 2 terrains de mini-tennis, 3 terrains de badminton, 1 terrain de p\u00e9tanque &amp; 1 salle de tennis de table avec plusieurs tables&#8230; De plus, de nombreux chemins de randonn\u00e9e sont facilement accessibles depuis Saint-Roch Ferri\u00e8res.<\/p>\t\t\t\t\t\t\t\t<\/div>\n\t\t\t\t<\/div>\n\t\t\t\t\t<\/div>\n\t\t<\/div>\n\t\t\t\t<div class=\"elementor-column elementor-col-33 elementor-top-column elementor-element elementor-element-96df227\" data-id=\"96df227\" data-element_type=\"column\" data-e-type=\"column\" data-settings=\"{&quot;background_background&quot;:&quot;classic&quot;}\">\n\t\t\t<div class=\"elementor-widget-wrap elementor-element-populated\">\n\t\t\t\t\t\t<div class=\"elementor-element elementor-element-3a80c61 elementor-widget elementor-widget-text-editor\" data-id=\"3a80c61\" data-element_type=\"widget\" data-e-type=\"widget\" data-widget_type=\"text-editor.default\">\n\t\t\t\t<div class=\"elementor-widget-container\">\n\t\t\t\t\t\t\t\t\t<h3>Lieux<\/h3><div>\u00a0<\/div><p>C\u00f4t\u00e9 h\u00e9bergement, Saint-Roch Ferri\u00e8res propose 179 chambres r\u00e9parties en chambres individuelles, en chambres doubles ou en chambres triples. Et c\u00f4t\u00e9 apprentissage, de nombreuses salles de classe, un espace multim\u00e9dia, des espaces d&rsquo;immersion ind\u00e9pendants ainsi que des salles \u00e0 manger et salons sont \u00e0 la disposition des Juniors.<\/p>\t\t\t\t\t\t\t\t<\/div>\n\t\t\t\t<\/div>\n\t\t\t\t\t<\/div>\n\t\t<\/div>\n\t\t\t\t<div class=\"elementor-column elementor-col-33 elementor-top-column elementor-element elementor-element-45d35fd\" data-id=\"45d35fd\" data-element_type=\"column\" data-e-type=\"column\" data-settings=\"{&quot;background_background&quot;:&quot;classic&quot;}\">\n\t\t\t<div class=\"elementor-widget-wrap elementor-element-populated\">\n\t\t\t\t\t\t<div class=\"elementor-element elementor-element-db27654 elementor-widget elementor-widget-text-editor\" data-id=\"db27654\" data-element_type=\"widget\" data-e-type=\"widget\" data-widget_type=\"text-editor.default\">\n\t\t\t\t<div class=\"elementor-widget-container\">\n\t\t\t\t\t\t\t\t\t<h3>Equipement<\/h3><div>\u00a0<\/div><p>Zone Wifi et PC accessibles sur demande.<\/p>\t\t\t\t\t\t\t\t<\/div>\n\t\t\t\t<\/div>\n\t\t\t\t\t<\/div>\n\t\t<\/div>\n\t\t\t\t\t<\/div>\n\t\t<\/section>\n\t\t\t\t<section class=\"elementor-section elementor-top-section elementor-element elementor-element-c55b0b1 elementor-reverse-tablet elementor-reverse-mobile elementor-section-boxed elementor-section-height-default elementor-section-height-default\" data-id=\"c55b0b1\" data-element_type=\"section\" data-e-type=\"section\">\n\t\t\t\t\t\t<div class=\"elementor-container elementor-column-gap-default\">\n\t\t\t\t\t<div class=\"elementor-column elementor-col-33 elementor-top-column elementor-element elementor-element-72c5ee4\" data-id=\"72c5ee4\" data-element_type=\"column\" data-e-type=\"column\" data-settings=\"{&quot;background_background&quot;:&quot;classic&quot;}\">\n\t\t\t<div class=\"elementor-widget-wrap elementor-element-populated\">\n\t\t\t\t\t\t<div class=\"elementor-element elementor-element-01e8276 elementor-widget elementor-widget-text-editor\" data-id=\"01e8276\" data-element_type=\"widget\" data-e-type=\"widget\" data-widget_type=\"text-editor.default\">\n\t\t\t\t<div class=\"elementor-widget-container\">\n\t\t\t\t\t\t\t\t\t<h4>Se rendre au Coll\u00e8ge Saint-Roch \u00e0 Ferri\u00e8res<\/h4><p>All\u00e9e de Bernardfagne, 7<\/p><p>4190 Ferri\u00e8res Belgique<\/p><p>Latitude : 50.4238153<\/p><p>Longitude : 5.6336628<\/p><div class=\"ewa-rteLine\">Parking<\/div><div class=\"ewa-rteLine\">Sortie d&rsquo;autoroute et gare SNCB \u00e0 10 km<\/div><div>T\u00e9l\u00e9phone standard : <a tabindex=\"-1\" title=\"https:\/\/www.google.com\/search?q=ceran+spa&amp;oq=ceran+spa&amp;aqs=chrome..69i57j46i175i199i512j0i512j0i22i30l2j69i60l3.3208j0j7&amp;sourceid=chrome&amp;ie=utf-8#\" href=\"https:\/\/www.google.com\/search?q=ceran+spa&amp;oq=ceran+spa&amp;aqs=chrome..69i57j46i175i199i512j0i512j0i22i30l2j69i60l3.3208j0j7&amp;sourceid=chrome&amp;ie=UTF-8#\" target=\"_blank\" rel=\"noopener noreferrer\" aria-label=\"Lien +32 87 79 11 22\">+32 87 79 11 22<\/a><\/div><div class=\"ewa-rteLine\">\u00a0<\/div>\t\t\t\t\t\t\t\t<\/div>\n\t\t\t\t<\/div>\n\t\t\t\t\t<\/div>\n\t\t<\/div>\n\t\t\t\t<div class=\"elementor-column elementor-col-66 elementor-top-column elementor-element elementor-element-ea034d3\" data-id=\"ea034d3\" data-element_type=\"column\" data-e-type=\"column\" data-settings=\"{&quot;background_background&quot;:&quot;classic&quot;}\">\n\t\t\t<div class=\"elementor-widget-wrap elementor-element-populated\">\n\t\t\t\t\t\t<div class=\"elementor-element elementor-element-f3b0763 elementor-widget elementor-widget-google_maps\" data-id=\"f3b0763\" data-element_type=\"widget\" data-e-type=\"widget\" data-widget_type=\"google_maps.default\">\n\t\t\t\t<div class=\"elementor-widget-container\">\n\t\t\t\t\t\t\t<div class=\"elementor-custom-embed\">\n\t\t\t<iframe loading=\"lazy\"\n\t\t\t\t\tsrc=\"https:\/\/maps.google.com\/maps?q=All%C3%A9e%20de%20Bernardfagne%2C%207%204190%20Ferri%C3%A8res%20Belgique&#038;t=m&#038;z=10&#038;output=embed&#038;iwloc=near\"\n\t\t\t\t\ttitle=\"All\u00e9e de Bernardfagne, 7 4190 Ferri\u00e8res Belgique\"\n\t\t\t\t\taria-label=\"All\u00e9e de Bernardfagne, 7 4190 Ferri\u00e8res Belgique\"\n\t\t\t><\/iframe>\n\t\t<\/div>\n\t\t\t\t\t\t<\/div>\n\t\t\t\t<\/div>\n\t\t\t\t\t<\/div>\n\t\t<\/div>\n\t\t\t\t\t<\/div>\n\t\t<\/section>\n\t\t\t\t<section class=\"elementor-section elementor-top-section elementor-element elementor-element-d59034b elementor-section-boxed elementor-section-height-default elementor-section-height-default\" data-id=\"d59034b\" data-element_type=\"section\" data-e-type=\"section\">\n\t\t\t\t\t\t<div class=\"elementor-container elementor-column-gap-default\">\n\t\t\t\t\t<div class=\"elementor-column elementor-col-100 elementor-top-column elementor-element elementor-element-b5164b4\" data-id=\"b5164b4\" data-element_type=\"column\" data-e-type=\"column\">\n\t\t\t<div class=\"elementor-widget-wrap elementor-element-populated\">\n\t\t\t\t\t\t<div class=\"elementor-element elementor-element-ceran-title-icon elementor-widget elementor-widget-ceran-title-icon\" data-id=\"ceran-title-icon\" data-element_type=\"widget\" data-e-type=\"widget\" data-widget_type=\"ceran-title-icon.default\">\n\t\t\t\t<div class=\"elementor-widget-container\">\n\t\t\t\t\t<h2 class=\"ax-title-icon\"><div class=\"ax-title-icons bleu-rouge \"> D\u00e9couvrez nos formations en immersion  <\/div><\/h2>\t\t\t\t<\/div>\n\t\t\t\t<\/div>\n\t\t\t\t\t<\/div>\n\t\t<\/div>\n\t\t\t\t\t<\/div>\n\t\t<\/section>\n\t\t\t\t<section class=\"elementor-section elementor-top-section elementor-element elementor-element-9e5c726 elementor-section-boxed elementor-section-height-default elementor-section-height-default\" data-id=\"9e5c726\" data-element_type=\"section\" data-e-type=\"section\">\n\t\t\t\t\t\t<div class=\"elementor-container elementor-column-gap-default\">\n\t\t\t\t\t<div class=\"elementor-column elementor-col-100 elementor-top-column elementor-element elementor-element-70431f0\" data-id=\"70431f0\" data-element_type=\"column\" data-e-type=\"column\">\n\t\t\t<div class=\"elementor-widget-wrap elementor-element-populated\">\n\t\t\t\t\t\t<div class=\"elementor-element elementor-element-ceran-blocks-categories elementor-widget elementor-widget-ceran-blocks-categories\" data-id=\"ceran-blocks-categories\" data-element_type=\"widget\" data-e-type=\"widget\" data-widget_type=\"ceran-blocks-categories.default\">\n\t\t\t\t<div class=\"elementor-widget-container\">\n\t\t\t\t\t<div class=\"container p-md-0\"><div class=\"row\"><div class=\"col-12 col-md-6 col-lg-4 gy-4\"><div class=\"corner corner-right-bottom elementor-repeater-item-dfe2f0b\"><div class=\"corner-content\"><h3 class=\"bloc-title\">Professionnel<\/h3><p class=\"bloc-text\"><\/p><a class=\"ax-btn btn-arrow\" href=\"\/fr\/le-ceran-et-ses-methodes\/immersion-pour-les-professionnels-training\/\" >En savoir plus<\/a><\/div><\/div><\/div><div class=\"col-12 col-md-6 col-lg-4 gy-4\"><div class=\"corner corner-right-bottom elementor-repeater-item-ed5f046\"><div class=\"corner-content\"><h3 class=\"bloc-title\">Jeune adulte <\/h3><p class=\"bloc-text\"><\/p><a class=\"ax-btn btn-arrow\" href=\"https:\/\/www.ceran.com\/fr\/stages-de-langue\/jeunes-adultes\/\" >En savoir plus<\/a><\/div><\/div><\/div><div class=\"col-12 col-md-6 col-lg-4 gy-4\"><div class=\"corner corner-right-bottom elementor-repeater-item-a002312\"><div class=\"corner-content\"><h3 class=\"bloc-title\">Enfant<\/h3><p class=\"bloc-text\"><\/p><a class=\"ax-btn btn-arrow\" href=\"https:\/\/www.ceran.com\/fr\/stages-de-langue\/enfant\/\" >En savoir plus<\/a><\/div><\/div><\/div><\/div><\/div>\t\t\t\t<\/div>\n\t\t\t\t<\/div>\n\t\t\t\t\t<\/div>\n\t\t<\/div>\n\t\t\t\t\t<\/div>\n\t\t<\/section>\n\t\t\t\t<section class=\"elementor-section elementor-top-section elementor-element elementor-element-15bfa91 elementor-section-boxed elementor-section-height-default elementor-section-height-default\" data-id=\"15bfa91\" data-element_type=\"section\" data-e-type=\"section\">\n\t\t\t\t\t\t<div class=\"elementor-container elementor-column-gap-default\">\n\t\t\t\t\t<div class=\"elementor-column elementor-col-100 elementor-top-column elementor-element elementor-element-60e0103\" data-id=\"60e0103\" data-element_type=\"column\" data-e-type=\"column\">\n\t\t\t<div class=\"elementor-widget-wrap elementor-element-populated\">\n\t\t\t\t\t\t<div class=\"elementor-element elementor-element-ceran_block-encadre-text-icon elementor-widget elementor-widget-ceran_block-encadre-text-icon\" data-id=\"ceran_block-encadre-text-icon\" data-element_type=\"widget\" data-e-type=\"widget\" data-widget_type=\"ceran_block-encadre-text-icon.default\">\n\t\t\t\t<div class=\"elementor-widget-container\">\n\t\t\t\t\t<div class=\"container p-0\"><div class=\"corner corner-left-top\"><div class=\"corner-content\"><div class=\"row\"><div class=\"col text-container d-flex flex-wrap flex-column justify-content-center justify-content-md-start\"><h3 class=\"title col\">Nos stages de langues \u00e0 Saint-Roch Ferri\u00e8res, Belgique<\/h3><div class=\"texte col\"><p>Tous <strong><span style=\"color: #0000ff;\"><a style=\"color: #0000ff;\" href=\"https:\/\/www.ceran.com\/fr\/stages-de-langue\/ecole-de-langue-pour-enfant-ferrieres\/\">les stages de langues organis\u00e9s \u00e0 Saint-Roch Ferri\u00e8res<\/a><\/span><\/strong> <strong>sont d\u00e9di\u00e9es exclusivement aux Juniors.<\/strong> Pendant nos s\u00e9jours linguistiques r\u00e9sidentiels intensifs de minimum une semaine, les \u00e9tudiants apprennent \u00e0 d\u00e9velopper une r\u00e9elle comp\u00e9tence de communication, \u00e0 renforcer leurs connaissances scolaires, \u00e0 se pr\u00e9parer \u00e0 l'enseignement sup\u00e9rieur ou \u00e0 l'int\u00e9gration dans un nouveau pays, tout en vivant une exp\u00e9rience multiculturelle enrichissante<\/p><\/div><div class=\"row gy-4\"><div class=\"col-sm-6 col-md-6\"><a class=\"ax-btn btn-landing\" href=\"https:\/\/www.ceran.com\/fr\/stages-de-langue\/ecole-de-langue-pour-enfant-ferrieres\/\" >Programmes intensifs \u00e0 Ferri\u00e8res<\/a><\/div><\/div><\/div><\/div><\/div><\/div><\/div>\t\t\t\t<\/div>\n\t\t\t\t<\/div>\n\t\t\t\t\t<\/div>\n\t\t<\/div>\n\t\t\t\t\t<\/div>\n\t\t<\/section>\n\t\t\t\t<\/div>\n\t\t","protected":false},"excerpt":{"rendered":"<p>Stages de langues \u00e0 Ferri\u00e8res, Belgique Contactez-nousLe site historique de Saint-Roch \u00e0 Ferri\u00e8res est exclusivement d\u00e9di\u00e9 aux Juniors pendant l&rsquo;\u00e9t\u00e9. C&rsquo;est une \u00e9cole, le Coll\u00e8ge Saint-Roch Ferri\u00e8res, qui est mise \u00e0 notre disposition le temps de la pause estivale des \u00e9l\u00e8ves. Ce lieu charg\u00e9 d&rsquo;histoire, qui date de 1820, est \u00e9quip\u00e9 de nos jours de [&hellip;]<\/p>\n","protected":false},"author":1,"featured_media":45213,"parent":0,"menu_order":0,"template":"elementor_header_footer","class_list":["post-3702","centre_de_formation","type-centre_de_formation","status-publish","has-post-thumbnail","hentry"],"acf":[],"yoast_head":"<!-- This site is optimized with the Yoast SEO plugin v27.4 - https:\/\/yoast.com\/product\/yoast-seo-wordpress\/ -->\n<title>S\u00e9jours linguistiques en Belgique. Stages d&#039;anglais, n\u00e9erlandais,...<\/title>\n<meta name=\"description\" content=\"S\u00e9jours linguistiques d&#039;anglais, n\u00e9erlandais, allemand ou fran\u00e7ais en immersion totale en Belgique. D\u00e9couvrez nos stages de langue pour \u00e9tudiants\" \/>\n<meta name=\"robots\" content=\"index, follow, max-snippet:-1, max-image-preview:large, max-video-preview:-1\" \/>\n<link rel=\"canonical\" href=\"https:\/\/www.ceran.com\/fr\/centre\/saint-roch-a-ferrieres\/\" \/>\n<meta property=\"og:locale\" content=\"fr_FR\" \/>\n<meta property=\"og:type\" content=\"article\" \/>\n<meta property=\"og:title\" content=\"S\u00e9jours linguistiques en Belgique. Stages d&#039;anglais, n\u00e9erlandais,...\" \/>\n<meta property=\"og:description\" content=\"S\u00e9jours linguistiques d&#039;anglais, n\u00e9erlandais, allemand ou fran\u00e7ais en immersion totale en Belgique. D\u00e9couvrez nos stages de langue pour \u00e9tudiants\" \/>\n<meta property=\"og:url\" content=\"https:\/\/www.ceran.com\/fr\/centre\/saint-roch-a-ferrieres\/\" \/>\n<meta property=\"og:site_name\" content=\"Ceran\" \/>\n<meta property=\"article:modified_time\" content=\"2024-09-25T10:01:02+00:00\" \/>\n<meta property=\"og:image\" content=\"https:\/\/www.ceran.com\/wp-content\/uploads\/2022\/02\/LIEUX_SAINT-ROCH-1-_VDC0169-2.jpg\" \/>\n\t<meta property=\"og:image:width\" content=\"1620\" \/>\n\t<meta property=\"og:image:height\" content=\"1080\" \/>\n\t<meta property=\"og:image:type\" content=\"image\/jpeg\" \/>\n<meta name=\"twitter:card\" content=\"summary_large_image\" \/>\n<script type=\"application\/ld+json\" class=\"yoast-schema-graph\">{\"@context\":\"https:\\\/\\\/schema.org\",\"@graph\":[{\"@type\":\"WebPage\",\"@id\":\"https:\\\/\\\/www.ceran.com\\\/fr\\\/centre\\\/saint-roch-a-ferrieres\\\/\",\"url\":\"https:\\\/\\\/www.ceran.com\\\/fr\\\/centre\\\/saint-roch-a-ferrieres\\\/\",\"name\":\"S\u00e9jours linguistiques en Belgique. Stages d'anglais, n\u00e9erlandais,...\",\"isPartOf\":{\"@id\":\"https:\\\/\\\/www.ceran.com\\\/fr\\\/#website\"},\"primaryImageOfPage\":{\"@id\":\"https:\\\/\\\/www.ceran.com\\\/fr\\\/centre\\\/saint-roch-a-ferrieres\\\/#primaryimage\"},\"image\":{\"@id\":\"https:\\\/\\\/www.ceran.com\\\/fr\\\/centre\\\/saint-roch-a-ferrieres\\\/#primaryimage\"},\"thumbnailUrl\":\"https:\\\/\\\/www.ceran.com\\\/wp-content\\\/uploads\\\/2022\\\/02\\\/LIEUX_SAINT-ROCH-1-_VDC0169-2.jpg\",\"datePublished\":\"2022-02-09T17:53:57+00:00\",\"dateModified\":\"2024-09-25T10:01:02+00:00\",\"description\":\"S\u00e9jours linguistiques d'anglais, n\u00e9erlandais, allemand ou fran\u00e7ais en immersion totale en Belgique. D\u00e9couvrez nos stages de langue pour \u00e9tudiants\",\"breadcrumb\":{\"@id\":\"https:\\\/\\\/www.ceran.com\\\/fr\\\/centre\\\/saint-roch-a-ferrieres\\\/#breadcrumb\"},\"inLanguage\":\"fr-FR\",\"potentialAction\":[{\"@type\":\"ReadAction\",\"target\":[\"https:\\\/\\\/www.ceran.com\\\/fr\\\/centre\\\/saint-roch-a-ferrieres\\\/\"]}]},{\"@type\":\"ImageObject\",\"inLanguage\":\"fr-FR\",\"@id\":\"https:\\\/\\\/www.ceran.com\\\/fr\\\/centre\\\/saint-roch-a-ferrieres\\\/#primaryimage\",\"url\":\"https:\\\/\\\/www.ceran.com\\\/wp-content\\\/uploads\\\/2022\\\/02\\\/LIEUX_SAINT-ROCH-1-_VDC0169-2.jpg\",\"contentUrl\":\"https:\\\/\\\/www.ceran.com\\\/wp-content\\\/uploads\\\/2022\\\/02\\\/LIEUX_SAINT-ROCH-1-_VDC0169-2.jpg\",\"width\":1620,\"height\":1080},{\"@type\":\"BreadcrumbList\",\"@id\":\"https:\\\/\\\/www.ceran.com\\\/fr\\\/centre\\\/saint-roch-a-ferrieres\\\/#breadcrumb\",\"itemListElement\":[{\"@type\":\"ListItem\",\"position\":1,\"name\":\"Accueil\",\"item\":\"https:\\\/\\\/www.ceran.com\\\/fr\\\/\"},{\"@type\":\"ListItem\",\"position\":2,\"name\":\"Saint-Roch \u00e0 Ferri\u00e8res\"}]},{\"@type\":\"WebSite\",\"@id\":\"https:\\\/\\\/www.ceran.com\\\/fr\\\/#website\",\"url\":\"https:\\\/\\\/www.ceran.com\\\/fr\\\/\",\"name\":\"Ceran\",\"description\":\"Des formations linguistiques et interculturelles qui vous ouvrent de nouveaux horizons\",\"publisher\":{\"@id\":\"https:\\\/\\\/www.ceran.com\\\/fr\\\/#organization\"},\"potentialAction\":[{\"@type\":\"SearchAction\",\"target\":{\"@type\":\"EntryPoint\",\"urlTemplate\":\"https:\\\/\\\/www.ceran.com\\\/fr\\\/?s={search_term_string}\"},\"query-input\":{\"@type\":\"PropertyValueSpecification\",\"valueRequired\":true,\"valueName\":\"search_term_string\"}}],\"inLanguage\":\"fr-FR\"},{\"@type\":\"Organization\",\"@id\":\"https:\\\/\\\/www.ceran.com\\\/fr\\\/#organization\",\"name\":\"Ceran\",\"url\":\"https:\\\/\\\/www.ceran.com\\\/fr\\\/\",\"logo\":{\"@type\":\"ImageObject\",\"inLanguage\":\"fr-FR\",\"@id\":\"https:\\\/\\\/www.ceran.com\\\/fr\\\/#\\\/schema\\\/logo\\\/image\\\/\",\"url\":\"https:\\\/\\\/www.ceran.com\\\/wp-content\\\/uploads\\\/2025\\\/06\\\/Logo-CERAN-16-x-16-pixels.svg\",\"contentUrl\":\"https:\\\/\\\/www.ceran.com\\\/wp-content\\\/uploads\\\/2025\\\/06\\\/Logo-CERAN-16-x-16-pixels.svg\",\"width\":30,\"height\":30,\"caption\":\"Ceran\"},\"image\":{\"@id\":\"https:\\\/\\\/www.ceran.com\\\/fr\\\/#\\\/schema\\\/logo\\\/image\\\/\"}}]}<\/script>\n<!-- \/ Yoast SEO plugin. -->","yoast_head_json":{"title":"S\u00e9jours linguistiques en Belgique. Stages d'anglais, n\u00e9erlandais,...","description":"S\u00e9jours linguistiques d'anglais, n\u00e9erlandais, allemand ou fran\u00e7ais en immersion totale en Belgique. D\u00e9couvrez nos stages de langue pour \u00e9tudiants","robots":{"index":"index","follow":"follow","max-snippet":"max-snippet:-1","max-image-preview":"max-image-preview:large","max-video-preview":"max-video-preview:-1"},"canonical":"https:\/\/www.ceran.com\/fr\/centre\/saint-roch-a-ferrieres\/","og_locale":"fr_FR","og_type":"article","og_title":"S\u00e9jours linguistiques en Belgique. Stages d'anglais, n\u00e9erlandais,...","og_description":"S\u00e9jours linguistiques d'anglais, n\u00e9erlandais, allemand ou fran\u00e7ais en immersion totale en Belgique. D\u00e9couvrez nos stages de langue pour \u00e9tudiants","og_url":"https:\/\/www.ceran.com\/fr\/centre\/saint-roch-a-ferrieres\/","og_site_name":"Ceran","article_modified_time":"2024-09-25T10:01:02+00:00","og_image":[{"width":1620,"height":1080,"url":"https:\/\/www.ceran.com\/wp-content\/uploads\/2022\/02\/LIEUX_SAINT-ROCH-1-_VDC0169-2.jpg","type":"image\/jpeg"}],"twitter_card":"summary_large_image","schema":{"@context":"https:\/\/schema.org","@graph":[{"@type":"WebPage","@id":"https:\/\/www.ceran.com\/fr\/centre\/saint-roch-a-ferrieres\/","url":"https:\/\/www.ceran.com\/fr\/centre\/saint-roch-a-ferrieres\/","name":"S\u00e9jours linguistiques en Belgique. Stages d'anglais, n\u00e9erlandais,...","isPartOf":{"@id":"https:\/\/www.ceran.com\/fr\/#website"},"primaryImageOfPage":{"@id":"https:\/\/www.ceran.com\/fr\/centre\/saint-roch-a-ferrieres\/#primaryimage"},"image":{"@id":"https:\/\/www.ceran.com\/fr\/centre\/saint-roch-a-ferrieres\/#primaryimage"},"thumbnailUrl":"https:\/\/www.ceran.com\/wp-content\/uploads\/2022\/02\/LIEUX_SAINT-ROCH-1-_VDC0169-2.jpg","datePublished":"2022-02-09T17:53:57+00:00","dateModified":"2024-09-25T10:01:02+00:00","description":"S\u00e9jours linguistiques d'anglais, n\u00e9erlandais, allemand ou fran\u00e7ais en immersion totale en Belgique. D\u00e9couvrez nos stages de langue pour \u00e9tudiants","breadcrumb":{"@id":"https:\/\/www.ceran.com\/fr\/centre\/saint-roch-a-ferrieres\/#breadcrumb"},"inLanguage":"fr-FR","potentialAction":[{"@type":"ReadAction","target":["https:\/\/www.ceran.com\/fr\/centre\/saint-roch-a-ferrieres\/"]}]},{"@type":"ImageObject","inLanguage":"fr-FR","@id":"https:\/\/www.ceran.com\/fr\/centre\/saint-roch-a-ferrieres\/#primaryimage","url":"https:\/\/www.ceran.com\/wp-content\/uploads\/2022\/02\/LIEUX_SAINT-ROCH-1-_VDC0169-2.jpg","contentUrl":"https:\/\/www.ceran.com\/wp-content\/uploads\/2022\/02\/LIEUX_SAINT-ROCH-1-_VDC0169-2.jpg","width":1620,"height":1080},{"@type":"BreadcrumbList","@id":"https:\/\/www.ceran.com\/fr\/centre\/saint-roch-a-ferrieres\/#breadcrumb","itemListElement":[{"@type":"ListItem","position":1,"name":"Accueil","item":"https:\/\/www.ceran.com\/fr\/"},{"@type":"ListItem","position":2,"name":"Saint-Roch \u00e0 Ferri\u00e8res"}]},{"@type":"WebSite","@id":"https:\/\/www.ceran.com\/fr\/#website","url":"https:\/\/www.ceran.com\/fr\/","name":"Ceran","description":"Des formations linguistiques et interculturelles qui vous ouvrent de nouveaux horizons","publisher":{"@id":"https:\/\/www.ceran.com\/fr\/#organization"},"potentialAction":[{"@type":"SearchAction","target":{"@type":"EntryPoint","urlTemplate":"https:\/\/www.ceran.com\/fr\/?s={search_term_string}"},"query-input":{"@type":"PropertyValueSpecification","valueRequired":true,"valueName":"search_term_string"}}],"inLanguage":"fr-FR"},{"@type":"Organization","@id":"https:\/\/www.ceran.com\/fr\/#organization","name":"Ceran","url":"https:\/\/www.ceran.com\/fr\/","logo":{"@type":"ImageObject","inLanguage":"fr-FR","@id":"https:\/\/www.ceran.com\/fr\/#\/schema\/logo\/image\/","url":"https:\/\/www.ceran.com\/wp-content\/uploads\/2025\/06\/Logo-CERAN-16-x-16-pixels.svg","contentUrl":"https:\/\/www.ceran.com\/wp-content\/uploads\/2025\/06\/Logo-CERAN-16-x-16-pixels.svg","width":30,"height":30,"caption":"Ceran"},"image":{"@id":"https:\/\/www.ceran.com\/fr\/#\/schema\/logo\/image\/"}}]}},"_links":{"self":[{"href":"https:\/\/www.ceran.com\/fr\/wp-json\/wp\/v2\/centre_de_formation\/3702","targetHints":{"allow":["GET"]}}],"collection":[{"href":"https:\/\/www.ceran.com\/fr\/wp-json\/wp\/v2\/centre_de_formation"}],"about":[{"href":"https:\/\/www.ceran.com\/fr\/wp-json\/wp\/v2\/types\/centre_de_formation"}],"author":[{"embeddable":true,"href":"https:\/\/www.ceran.com\/fr\/wp-json\/wp\/v2\/users\/1"}],"version-history":[{"count":26,"href":"https:\/\/www.ceran.com\/fr\/wp-json\/wp\/v2\/centre_de_formation\/3702\/revisions"}],"predecessor-version":[{"id":103809,"href":"https:\/\/www.ceran.com\/fr\/wp-json\/wp\/v2\/centre_de_formation\/3702\/revisions\/103809"}],"wp:featuredmedia":[{"embeddable":true,"href":"https:\/\/www.ceran.com\/fr\/wp-json\/wp\/v2\/media\/45213"}],"wp:attachment":[{"href":"https:\/\/www.ceran.com\/fr\/wp-json\/wp\/v2\/media?parent=3702"}],"curies":[{"name":"wp","href":"https:\/\/api.w.org\/{rel}","templated":true}]}}