{"id":3710,"date":"2022-02-09T18:53:49","date_gmt":"2022-02-09T17:53:49","guid":{"rendered":"https:\/\/www.ceran.com\/?post_type=centre_de_formation&#038;p=3710"},"modified":"2024-10-23T16:12:00","modified_gmt":"2024-10-23T14:12:00","slug":"formation-cours-langues-anvers","status":"publish","type":"centre_de_formation","link":"https:\/\/www.ceran.com\/fr\/centre\/formation-cours-langues-anvers\/","title":{"rendered":"Antwerp"},"content":{"rendered":"\t\t<div data-elementor-type=\"wp-post\" data-elementor-id=\"3710\" class=\"elementor elementor-3710\" data-elementor-post-type=\"centre_de_formation\">\n\t\t\t\t\t\t<section class=\"elementor-section elementor-top-section elementor-element elementor-element-29fbf5c elementor-section-boxed elementor-section-height-default elementor-section-height-default\" data-id=\"29fbf5c\" data-element_type=\"section\" data-e-type=\"section\">\n\t\t\t\t\t\t<div class=\"elementor-container elementor-column-gap-default\">\n\t\t\t\t\t<div class=\"elementor-column elementor-col-100 elementor-top-column elementor-element elementor-element-c6b5fd4\" data-id=\"c6b5fd4\" data-element_type=\"column\" data-e-type=\"column\">\n\t\t\t<div class=\"elementor-widget-wrap elementor-element-populated\">\n\t\t\t\t\t\t<div class=\"elementor-element elementor-element-9425199 elementor-widget elementor-widget-template\" data-id=\"9425199\" data-element_type=\"widget\" data-e-type=\"widget\" data-widget_type=\"template.default\">\n\t\t\t\t<div class=\"elementor-widget-container\">\n\t\t\t\t\t\t\t<div class=\"elementor-template\">\n\t\t\t\t\t<div data-elementor-type=\"section\" data-elementor-id=\"2014\" class=\"elementor elementor-2014\" data-elementor-post-type=\"elementor_library\">\n\t\t\t\t\t<section class=\"elementor-section elementor-top-section elementor-element elementor-element-7ff20875 elementor-section-boxed elementor-section-height-default elementor-section-height-default\" data-id=\"7ff20875\" data-element_type=\"section\" data-e-type=\"section\">\n\t\t\t\t\t\t<div class=\"elementor-container elementor-column-gap-default\">\n\t\t\t\t\t<div class=\"elementor-column elementor-col-100 elementor-top-column elementor-element elementor-element-a5e383b\" data-id=\"a5e383b\" data-element_type=\"column\" data-e-type=\"column\">\n\t\t\t<div class=\"elementor-widget-wrap elementor-element-populated\">\n\t\t\t\t\t\t<div class=\"elementor-element elementor-element-3edd7a7e elementor-widget elementor-widget-breadcrumbs\" data-id=\"3edd7a7e\" data-element_type=\"widget\" data-e-type=\"widget\" data-widget_type=\"breadcrumbs.default\">\n\t\t\t\t<div class=\"elementor-widget-container\">\n\t\t\t\t\t<p id=\"breadcrumbs\"><span><span><a href=\"https:\/\/www.ceran.com\/fr\/\">Accueil<\/a><\/span><\/span><\/p>\t\t\t\t<\/div>\n\t\t\t\t<\/div>\n\t\t\t\t\t<\/div>\n\t\t<\/div>\n\t\t\t\t\t<\/div>\n\t\t<\/section>\n\t\t\t\t<\/div>\n\t\t\t\t<\/div>\n\t\t\t\t\t\t<\/div>\n\t\t\t\t<\/div>\n\t\t\t\t<div class=\"elementor-element elementor-element-double-colonne-texte elementor-widget elementor-widget-double-colonne-texte\" data-id=\"double-colonne-texte\" data-element_type=\"widget\" data-e-type=\"widget\" data-widget_type=\"double-colonne-texte.default\">\n\t\t\t\t<div class=\"elementor-widget-container\">\n\t\t\t\t\t<div class=\"widget-column  \"><div class=\"wrapper-column\"><div class=\"corner corner-right-top-bottom\"><div class=\"corner-content\"><h1 class=\"ax-title mb-5\">formation langue \u00e0 CERAN CITY ANVERS<\/h1><div class=\"bottom-block row\"><div class=\"bottom-block-img col-6\"><img decoding=\"async\" width=\"125\" height=\"90\" src=\"https:\/\/www.ceran.com\/wp-content\/uploads\/2022\/01\/union-5-3.png\" class=\"attachment-thumbnail size-thumbnail\" alt=\"\" \/><\/div><div class=\"bottom-block-links col-6 d-flex flex-column\"><a href=\"\/fr\/nous-contacter\/\" class=\"ax-btn btn-mail-black mb-2\" >Contactez-nous<\/a><\/div><\/div><\/div><\/div><\/div><div class=\"wrapper-column\"><div class=\"corner corner-left-top-bottom\" style=\" display: flex; align-items: center;\"><div class=\"corner-content\"><div class=\"ewa-rteLine\">CERAN City Antwerp vous accueille dans un environnement d\u2019affaires moderne, \u00e0 proximit\u00e9 du centre anim\u00e9 d\u2019Anvers. L\u2019\u00e9quipement et la qualit\u00e9 des salles de formation de CERAN City Anvers vous permettront d\u2019am\u00e9liorer vos comp\u00e9tences en langues dans des conditions id\u00e9ales d'apprentissage.<\/div><\/div><\/div><\/div><\/div>\t\t\t\t<\/div>\n\t\t\t\t<\/div>\n\t\t\t\t\t<\/div>\n\t\t<\/div>\n\t\t\t\t\t<\/div>\n\t\t<\/section>\n\t\t\t\t<section class=\"elementor-section elementor-top-section elementor-element elementor-element-7c0b459 elementor-section-boxed elementor-section-height-default elementor-section-height-default\" data-id=\"7c0b459\" data-element_type=\"section\" data-e-type=\"section\">\n\t\t\t\t\t\t<div class=\"elementor-container elementor-column-gap-default\">\n\t\t\t\t\t<div class=\"elementor-column elementor-col-50 elementor-top-column elementor-element elementor-element-28563b9\" data-id=\"28563b9\" data-element_type=\"column\" data-e-type=\"column\" data-settings=\"{&quot;background_background&quot;:&quot;classic&quot;}\">\n\t\t\t<div class=\"elementor-widget-wrap elementor-element-populated\">\n\t\t\t\t\t\t<div class=\"elementor-element elementor-element-78c5205 elementor-widget elementor-widget-text-editor\" data-id=\"78c5205\" data-element_type=\"widget\" data-e-type=\"widget\" data-widget_type=\"text-editor.default\">\n\t\t\t\t<div class=\"elementor-widget-container\">\n\t\t\t\t\t\t\t\t\t<h2>Vos h\u00f4tes<\/h2><div class=\"ewa-rteLine\">Au CERAN City Antwerp, <strong>vos h\u00f4tes<\/strong> s&rsquo;appellent <strong>Vittoria &amp; Patrick<\/strong>, tous deux <strong>grands amateurs de langues \u00e9trang\u00e8res<\/strong> et de musique folk. Vos h\u00f4tes ont pris leur fonction au CERAN City Antwerp en juin 2021 apr\u00e8s diff\u00e9rentes missions au sein du Groupe CERAN. En effet, Vittoria, ambassadrice de charme de l&rsquo;Italie a rejoint le CERAN en 1989 et Patrick, Belge n\u00e9erlandophone, en 1988. Tous deux sont \u00e9galement h\u00f4tes au CERAN City Brussels. De <strong>vrais europ\u00e9ens<\/strong> qui ont h\u00e2te de vous accueillir !<\/div>\t\t\t\t\t\t\t\t<\/div>\n\t\t\t\t<\/div>\n\t\t\t\t\t<\/div>\n\t\t<\/div>\n\t\t\t\t<div class=\"elementor-column elementor-col-50 elementor-top-column elementor-element elementor-element-2f0da6f\" data-id=\"2f0da6f\" data-element_type=\"column\" data-e-type=\"column\" data-settings=\"{&quot;background_background&quot;:&quot;classic&quot;}\">\n\t\t\t<div class=\"elementor-widget-wrap elementor-element-populated\">\n\t\t\t\t\t\t<div class=\"elementor-element elementor-element-24bb6ae elementor-widget elementor-widget-image\" data-id=\"24bb6ae\" data-element_type=\"widget\" data-e-type=\"widget\" data-widget_type=\"image.default\">\n\t\t\t\t<div class=\"elementor-widget-container\">\n\t\t\t\t\t\t\t\t\t\t\t\t\t\t\t<img fetchpriority=\"high\" decoding=\"async\" width=\"1620\" height=\"1080\" src=\"https:\/\/www.ceran.com\/wp-content\/uploads\/2022\/01\/people-g8483deedf_1920.jpg\" class=\"attachment-full size-full wp-image-1170\" alt=\"\" srcset=\"https:\/\/www.ceran.com\/wp-content\/uploads\/2022\/01\/people-g8483deedf_1920.jpg 1620w, https:\/\/www.ceran.com\/wp-content\/uploads\/2022\/01\/people-g8483deedf_1920-300x200.jpg 300w, https:\/\/www.ceran.com\/wp-content\/uploads\/2022\/01\/people-g8483deedf_1920-1024x683.jpg 1024w, https:\/\/www.ceran.com\/wp-content\/uploads\/2022\/01\/people-g8483deedf_1920-768x512.jpg 768w, https:\/\/www.ceran.com\/wp-content\/uploads\/2022\/01\/people-g8483deedf_1920-1536x1024.jpg 1536w\" sizes=\"(max-width: 1620px) 100vw, 1620px\" \/>\t\t\t\t\t\t\t\t\t\t\t\t\t\t\t<\/div>\n\t\t\t\t<\/div>\n\t\t\t\t\t<\/div>\n\t\t<\/div>\n\t\t\t\t\t<\/div>\n\t\t<\/section>\n\t\t\t\t<section class=\"elementor-section elementor-top-section elementor-element elementor-element-3afc271 elementor-section-boxed elementor-section-height-default elementor-section-height-default\" data-id=\"3afc271\" data-element_type=\"section\" data-e-type=\"section\">\n\t\t\t\t\t\t<div class=\"elementor-container elementor-column-gap-default\">\n\t\t\t\t\t<div class=\"elementor-column elementor-col-100 elementor-top-column elementor-element elementor-element-e8e0546\" data-id=\"e8e0546\" data-element_type=\"column\" data-e-type=\"column\">\n\t\t\t<div class=\"elementor-widget-wrap elementor-element-populated\">\n\t\t\t\t\t\t<div class=\"elementor-element elementor-element-ceran-title-icon elementor-widget elementor-widget-ceran-title-icon\" data-id=\"ceran-title-icon\" data-element_type=\"widget\" data-e-type=\"widget\" data-widget_type=\"ceran-title-icon.default\">\n\t\t\t\t<div class=\"elementor-widget-container\">\n\t\t\t\t\t<h2 class=\"ax-title-icon\"><div class=\"ax-title-icons bleu-rouge \"> Infrastructure <\/div><\/h2>\t\t\t\t<\/div>\n\t\t\t\t<\/div>\n\t\t\t\t<div class=\"elementor-element elementor-element-ff22cba elementor-widget elementor-widget-text-editor\" data-id=\"ff22cba\" data-element_type=\"widget\" data-e-type=\"widget\" data-widget_type=\"text-editor.default\">\n\t\t\t\t<div class=\"elementor-widget-container\">\n\t\t\t\t\t\t\t\t\t<p>CERAN City Antwerp est situ\u00e9 dans le b\u00e2timent SPACES \u00e0 100 m\u00e8tres de la gare centrale d\u2019Anvers-Berchem. Tous les acc\u00e8s en train, tram et bus vous permettent de nous rejoindre tr\u00e8s facilement. Egalement proche de l\u2019autoroute, si vous choisissez de venir en voiture au CERAN City Antwerp, le parking Q-Park Berchem est \u00e0 100 m\u00e8tres de nous.<\/p>\t\t\t\t\t\t\t\t<\/div>\n\t\t\t\t<\/div>\n\t\t\t\t\t<\/div>\n\t\t<\/div>\n\t\t\t\t\t<\/div>\n\t\t<\/section>\n\t\t\t\t<section class=\"elementor-section elementor-top-section elementor-element elementor-element-d9f815f elementor-section-boxed elementor-section-height-default elementor-section-height-default\" data-id=\"d9f815f\" data-element_type=\"section\" data-e-type=\"section\">\n\t\t\t\t\t\t<div class=\"elementor-container elementor-column-gap-default\">\n\t\t\t\t\t<div class=\"elementor-column elementor-col-33 elementor-top-column elementor-element elementor-element-1255242\" data-id=\"1255242\" data-element_type=\"column\" data-e-type=\"column\" data-settings=\"{&quot;background_background&quot;:&quot;classic&quot;}\">\n\t\t\t<div class=\"elementor-widget-wrap elementor-element-populated\">\n\t\t\t\t\t\t<div class=\"elementor-element elementor-element-e54bce5 elementor-widget elementor-widget-text-editor\" data-id=\"e54bce5\" data-element_type=\"widget\" data-e-type=\"widget\" data-widget_type=\"text-editor.default\">\n\t\t\t\t<div class=\"elementor-widget-container\">\n\t\t\t\t\t\t\t\t\t<h3>Bien-\u00eatre<\/h3><div>\u00a0<\/div><p>Au CERAN City Antwerp vous b\u00e9n\u00e9ficiez d&rsquo;un lieu de formation tr\u00e8s central favorisant l&rsquo;optimisation de votre agenda et de vos d\u00e9placements.<\/p>\t\t\t\t\t\t\t\t<\/div>\n\t\t\t\t<\/div>\n\t\t\t\t\t<\/div>\n\t\t<\/div>\n\t\t\t\t<div class=\"elementor-column elementor-col-33 elementor-top-column elementor-element elementor-element-275d73a\" data-id=\"275d73a\" data-element_type=\"column\" data-e-type=\"column\" data-settings=\"{&quot;background_background&quot;:&quot;classic&quot;}\">\n\t\t\t<div class=\"elementor-widget-wrap elementor-element-populated\">\n\t\t\t\t\t\t<div class=\"elementor-element elementor-element-6288354 elementor-widget elementor-widget-text-editor\" data-id=\"6288354\" data-element_type=\"widget\" data-e-type=\"widget\" data-widget_type=\"text-editor.default\">\n\t\t\t\t<div class=\"elementor-widget-container\">\n\t\t\t\t\t\t\t\t\t<h3>Lieux<\/h3><div>\u00a0<\/div><p>Ce lieu offre un grand nombre de salles de formation avec lumi\u00e8re du jour. Il est possible de se faire livrer des repas sur site. Dites-le nous en amont et nous nous ferons un plaisir d&rsquo;organiser cette prestation pour vous !<\/p>\t\t\t\t\t\t\t\t<\/div>\n\t\t\t\t<\/div>\n\t\t\t\t\t<\/div>\n\t\t<\/div>\n\t\t\t\t<div class=\"elementor-column elementor-col-33 elementor-top-column elementor-element elementor-element-83ad2d8\" data-id=\"83ad2d8\" data-element_type=\"column\" data-e-type=\"column\" data-settings=\"{&quot;background_background&quot;:&quot;classic&quot;}\">\n\t\t\t<div class=\"elementor-widget-wrap elementor-element-populated\">\n\t\t\t\t\t\t<div class=\"elementor-element elementor-element-e4afb20 elementor-widget elementor-widget-text-editor\" data-id=\"e4afb20\" data-element_type=\"widget\" data-e-type=\"widget\" data-widget_type=\"text-editor.default\">\n\t\t\t\t<div class=\"elementor-widget-container\">\n\t\t\t\t\t\t\t\t\t<h3>Equipement<\/h3><div>\u00a0<\/div><p>Toutes les salles mises \u00e0 la disposition de vos formations sont baign\u00e9es par la lumi\u00e8re du jour et totalement \u00e9quip\u00e9es.<\/p>\t\t\t\t\t\t\t\t<\/div>\n\t\t\t\t<\/div>\n\t\t\t\t\t<\/div>\n\t\t<\/div>\n\t\t\t\t\t<\/div>\n\t\t<\/section>\n\t\t\t\t<section class=\"elementor-section elementor-top-section elementor-element elementor-element-cdecf6e elementor-reverse-tablet elementor-reverse-mobile elementor-section-boxed elementor-section-height-default elementor-section-height-default\" data-id=\"cdecf6e\" data-element_type=\"section\" data-e-type=\"section\">\n\t\t\t\t\t\t<div class=\"elementor-container elementor-column-gap-default\">\n\t\t\t\t\t<div class=\"elementor-column elementor-col-33 elementor-top-column elementor-element elementor-element-1072550\" data-id=\"1072550\" data-element_type=\"column\" data-e-type=\"column\" data-settings=\"{&quot;background_background&quot;:&quot;classic&quot;}\">\n\t\t\t<div class=\"elementor-widget-wrap elementor-element-populated\">\n\t\t\t\t\t\t<div class=\"elementor-element elementor-element-8087bcb elementor-widget elementor-widget-text-editor\" data-id=\"8087bcb\" data-element_type=\"widget\" data-e-type=\"widget\" data-widget_type=\"text-editor.default\">\n\t\t\t\t<div class=\"elementor-widget-container\">\n\t\t\t\t\t\t\t\t\t<h4>Se rendre au centre CERAN City Antwerp<\/h4><p>Quellinstraat 49<\/p><p>2018 Anvers<\/p><p>Belgique<\/p><p>Latitude: 51.2152363<\/p><p>Longitude: 4.4159716<\/p><p><a href=\"mailto:customer@ceran.com\">customer@ceran.com<\/a><\/p><p>T\u00e9l\u00e9phone standard : <a tabindex=\"-1\" title=\"https:\/\/www.google.com\/search?q=ceran+spa&amp;oq=ceran+spa&amp;aqs=chrome..69i57j46i175i199i512j0i512j0i22i30l2j69i60l3.3208j0j7&amp;sourceid=chrome&amp;ie=utf-8#\" href=\"https:\/\/www.google.com\/search?q=ceran+spa&amp;oq=ceran+spa&amp;aqs=chrome..69i57j46i175i199i512j0i512j0i22i30l2j69i60l3.3208j0j7&amp;sourceid=chrome&amp;ie=UTF-8#\" target=\"_blank\" rel=\"noopener noreferrer\" aria-label=\"Lien +32 87 79 11 22\">+32 87 79 11 22<\/a><\/p>\t\t\t\t\t\t\t\t<\/div>\n\t\t\t\t<\/div>\n\t\t\t\t\t<\/div>\n\t\t<\/div>\n\t\t\t\t<div class=\"elementor-column elementor-col-66 elementor-top-column elementor-element elementor-element-b458724\" data-id=\"b458724\" data-element_type=\"column\" data-e-type=\"column\" data-settings=\"{&quot;background_background&quot;:&quot;classic&quot;}\">\n\t\t\t<div class=\"elementor-widget-wrap elementor-element-populated\">\n\t\t\t\t\t\t<div class=\"elementor-element elementor-element-618014a elementor-widget elementor-widget-google_maps\" data-id=\"618014a\" data-element_type=\"widget\" data-e-type=\"widget\" data-widget_type=\"google_maps.default\">\n\t\t\t\t<div class=\"elementor-widget-container\">\n\t\t\t\t\t\t\t<div class=\"elementor-custom-embed\">\n\t\t\t<iframe loading=\"lazy\"\n\t\t\t\t\tsrc=\"https:\/\/maps.google.com\/maps?q=Quellinstraat%2049%2C%202018%20Antwerpen&#038;t=m&#038;z=12&#038;output=embed&#038;iwloc=near\"\n\t\t\t\t\ttitle=\"Quellinstraat 49, 2018 Antwerpen\"\n\t\t\t\t\taria-label=\"Quellinstraat 49, 2018 Antwerpen\"\n\t\t\t><\/iframe>\n\t\t<\/div>\n\t\t\t\t\t\t<\/div>\n\t\t\t\t<\/div>\n\t\t\t\t\t<\/div>\n\t\t<\/div>\n\t\t\t\t\t<\/div>\n\t\t<\/section>\n\t\t\t\t<section class=\"elementor-section elementor-top-section elementor-element elementor-element-b8c4523 elementor-section-boxed elementor-section-height-default elementor-section-height-default\" data-id=\"b8c4523\" data-element_type=\"section\" data-e-type=\"section\">\n\t\t\t\t\t\t<div class=\"elementor-container elementor-column-gap-default\">\n\t\t\t\t\t<div class=\"elementor-column elementor-col-100 elementor-top-column elementor-element elementor-element-e08bdac\" data-id=\"e08bdac\" data-element_type=\"column\" data-e-type=\"column\">\n\t\t\t<div class=\"elementor-widget-wrap elementor-element-populated\">\n\t\t\t\t\t\t<div class=\"elementor-element elementor-element-ceran-title-icon elementor-widget elementor-widget-ceran-title-icon\" data-id=\"ceran-title-icon\" data-element_type=\"widget\" data-e-type=\"widget\" data-widget_type=\"ceran-title-icon.default\">\n\t\t\t\t<div class=\"elementor-widget-container\">\n\t\t\t\t\t<h2 class=\"ax-title-icon\"><div class=\"ax-title-icons bleu-rouge \"> D\u00e9couvrez nos formations en immersion  <\/div><\/h2>\t\t\t\t<\/div>\n\t\t\t\t<\/div>\n\t\t\t\t\t<\/div>\n\t\t<\/div>\n\t\t\t\t\t<\/div>\n\t\t<\/section>\n\t\t\t\t<section class=\"elementor-section elementor-top-section elementor-element elementor-element-389b402 elementor-section-boxed elementor-section-height-default elementor-section-height-default\" data-id=\"389b402\" data-element_type=\"section\" data-e-type=\"section\">\n\t\t\t\t\t\t<div class=\"elementor-container elementor-column-gap-default\">\n\t\t\t\t\t<div class=\"elementor-column elementor-col-100 elementor-top-column elementor-element elementor-element-25ee978\" data-id=\"25ee978\" data-element_type=\"column\" data-e-type=\"column\">\n\t\t\t<div class=\"elementor-widget-wrap elementor-element-populated\">\n\t\t\t\t\t\t<div class=\"elementor-element elementor-element-ceran-blocks-categories elementor-widget elementor-widget-ceran-blocks-categories\" data-id=\"ceran-blocks-categories\" data-element_type=\"widget\" data-e-type=\"widget\" data-widget_type=\"ceran-blocks-categories.default\">\n\t\t\t\t<div class=\"elementor-widget-container\">\n\t\t\t\t\t<div class=\"container p-md-0\"><div class=\"row\"><div class=\"col-12 col-md-6 col-lg-4 gy-4\"><div class=\"corner corner-right-bottom elementor-repeater-item-dfe2f0b\"><div class=\"corner-content\"><h3 class=\"bloc-title\">Professionnel<\/h3><p class=\"bloc-text\"><\/p><a class=\"ax-btn btn-arrow\" href=\"\/fr\/le-ceran-et-ses-methodes\/immersion-pour-les-professionnels-training\/\" >En savoir plus<\/a><\/div><\/div><\/div><div class=\"col-12 col-md-6 col-lg-4 gy-4\"><div class=\"corner corner-right-bottom elementor-repeater-item-ed5f046\"><div class=\"corner-content\"><h3 class=\"bloc-title\">Jeune adulte <\/h3><p class=\"bloc-text\"><\/p><a class=\"ax-btn btn-arrow\" href=\"https:\/\/www.ceran.com\/fr\/stages-de-langue\/jeunes-adultes\/\" >En savoir plus<\/a><\/div><\/div><\/div><div class=\"col-12 col-md-6 col-lg-4 gy-4\"><div class=\"corner corner-right-bottom elementor-repeater-item-a002312\"><div class=\"corner-content\"><h3 class=\"bloc-title\">Enfant<\/h3><p class=\"bloc-text\"><\/p><a class=\"ax-btn btn-arrow\" href=\"https:\/\/www.ceran.com\/fr\/stages-de-langue\/enfant\/\" >En savoir plus<\/a><\/div><\/div><\/div><\/div><\/div>\t\t\t\t<\/div>\n\t\t\t\t<\/div>\n\t\t\t\t\t<\/div>\n\t\t<\/div>\n\t\t\t\t\t<\/div>\n\t\t<\/section>\n\t\t\t\t<section class=\"elementor-section elementor-top-section elementor-element elementor-element-1884ff8 elementor-section-boxed elementor-section-height-default elementor-section-height-default\" data-id=\"1884ff8\" data-element_type=\"section\" data-e-type=\"section\">\n\t\t\t\t\t\t<div class=\"elementor-container elementor-column-gap-default\">\n\t\t\t\t\t<div class=\"elementor-column elementor-col-100 elementor-top-column elementor-element elementor-element-3a86733\" data-id=\"3a86733\" data-element_type=\"column\" data-e-type=\"column\">\n\t\t\t<div class=\"elementor-widget-wrap elementor-element-populated\">\n\t\t\t\t\t\t<div class=\"elementor-element elementor-element-ceran_block-encadre-text-icon elementor-widget elementor-widget-ceran_block-encadre-text-icon\" data-id=\"ceran_block-encadre-text-icon\" data-element_type=\"widget\" data-e-type=\"widget\" data-widget_type=\"ceran_block-encadre-text-icon.default\">\n\t\t\t\t<div class=\"elementor-widget-container\">\n\t\t\t\t\t<div class=\"container p-0\"><div class=\"corner corner-left-top\"><div class=\"corner-content\"><div class=\"row\"><div class=\"col text-container d-flex flex-wrap flex-column justify-content-center justify-content-md-start\"><h3 class=\"title col\">Nos formations linguistiques \u00e0 CERAN City Anvers<\/h3><div class=\"texte col\"><p>Etes-vous \u00e0 la recherche d'un cours de langue dans une des 11 langues enseign\u00e9e par le CERAN pour vous am\u00e9liorer ou pour apprendre une toute nouvelle langue ? Etes-vous en train de pr\u00e9parer votre expatriation prochaine ? Alors CERAN City Anvers est la r\u00e9ponse, le lieu id\u00e9al pour vos cours de langues intensifs ou vos coachings interculturels en r\u00e9gion flamande.<\/p><\/div><div class=\"row gy-4\"><div class=\"col-sm-6 col-md-3\"><a class=\"ax-btn btn-landing\" href=\"\/formation\/communication-skills\/\" >Communication Skills Individual<\/a><\/div><div class=\"col-sm-6 col-md-3\"><a class=\"ax-btn btn-landing\" href=\"https:\/\/www.ceran.com\/fr\/formation\/intense-flex-closed-group-autres-langues\/\" >Intense Flex Close Group<\/a><\/div><div class=\"col-sm-6 col-md-3\"><a class=\"ax-btn btn-landing\" href=\"https:\/\/www.ceran.com\/fr\/formation\/individual-coaching-en-anglais\/\" >Individual Coaching<\/a><\/div><\/div><\/div><\/div><\/div><\/div><\/div>\t\t\t\t<\/div>\n\t\t\t\t<\/div>\n\t\t\t\t\t<\/div>\n\t\t<\/div>\n\t\t\t\t\t<\/div>\n\t\t<\/section>\n\t\t\t\t<\/div>\n\t\t","protected":false},"excerpt":{"rendered":"<p>formation langue \u00e0 CERAN CITY ANVERS Contactez-nousCERAN City Antwerp vous accueille dans un environnement d\u2019affaires moderne, \u00e0 proximit\u00e9 du centre anim\u00e9 d\u2019Anvers. L\u2019\u00e9quipement et la qualit\u00e9 des salles de formation de CERAN City Anvers vous permettront d\u2019am\u00e9liorer vos comp\u00e9tences en langues dans des conditions id\u00e9ales d&rsquo;apprentissage. Vos h\u00f4tes Au CERAN City Antwerp, vos h\u00f4tes s&rsquo;appellent [&hellip;]<\/p>\n","protected":false},"author":1,"featured_media":45238,"parent":0,"menu_order":0,"template":"elementor_header_footer","class_list":["post-3710","centre_de_formation","type-centre_de_formation","status-publish","has-post-thumbnail","hentry"],"acf":[],"yoast_head":"<!-- This site is optimized with the Yoast SEO plugin v27.5 - https:\/\/yoast.com\/product\/yoast-seo-wordpress\/ -->\n<title>Formation linguistique \u00e0 Anvers. Cours de langues intensifs<\/title>\n<meta name=\"description\" content=\"Cours de langues intensifs pour professionnels \u00e0 Anvers. D\u00e9crouvrez nos formations en n\u00e9erlandais, anglais, fran\u00e7ais,... dans notre \u00e9cole \u00e0 Anvers\" \/>\n<meta name=\"robots\" content=\"index, follow, max-snippet:-1, max-image-preview:large, max-video-preview:-1\" \/>\n<link rel=\"canonical\" href=\"https:\/\/www.ceran.com\/fr\/centre\/formation-cours-langues-anvers\/\" \/>\n<meta property=\"og:locale\" content=\"fr_FR\" \/>\n<meta property=\"og:type\" content=\"article\" \/>\n<meta property=\"og:title\" content=\"Formation linguistique \u00e0 Anvers. Cours de langues intensifs\" \/>\n<meta property=\"og:description\" content=\"Cours de langues intensifs pour professionnels \u00e0 Anvers. D\u00e9crouvrez nos formations en n\u00e9erlandais, anglais, fran\u00e7ais,... dans notre \u00e9cole \u00e0 Anvers\" \/>\n<meta property=\"og:url\" content=\"https:\/\/www.ceran.com\/fr\/centre\/formation-cours-langues-anvers\/\" \/>\n<meta property=\"og:site_name\" content=\"Ceran\" \/>\n<meta property=\"article:modified_time\" content=\"2024-10-23T14:12:00+00:00\" \/>\n<meta property=\"og:image\" content=\"https:\/\/www.ceran.com\/wp-content\/uploads\/2022\/02\/CERAN-CITY-ANTWERP-LOUNGE-1.jpg\" \/>\n\t<meta property=\"og:image:width\" content=\"454\" \/>\n\t<meta property=\"og:image:height\" content=\"340\" \/>\n\t<meta property=\"og:image:type\" content=\"image\/jpeg\" \/>\n<meta name=\"twitter:card\" content=\"summary_large_image\" \/>\n<script type=\"application\/ld+json\" class=\"yoast-schema-graph\">{\"@context\":\"https:\\\/\\\/schema.org\",\"@graph\":[{\"@type\":\"WebPage\",\"@id\":\"https:\\\/\\\/www.ceran.com\\\/fr\\\/centre\\\/formation-cours-langues-anvers\\\/\",\"url\":\"https:\\\/\\\/www.ceran.com\\\/fr\\\/centre\\\/formation-cours-langues-anvers\\\/\",\"name\":\"Formation linguistique \u00e0 Anvers. Cours de langues intensifs\",\"isPartOf\":{\"@id\":\"https:\\\/\\\/www.ceran.com\\\/fr\\\/#website\"},\"primaryImageOfPage\":{\"@id\":\"https:\\\/\\\/www.ceran.com\\\/fr\\\/centre\\\/formation-cours-langues-anvers\\\/#primaryimage\"},\"image\":{\"@id\":\"https:\\\/\\\/www.ceran.com\\\/fr\\\/centre\\\/formation-cours-langues-anvers\\\/#primaryimage\"},\"thumbnailUrl\":\"https:\\\/\\\/www.ceran.com\\\/wp-content\\\/uploads\\\/2022\\\/02\\\/CERAN-CITY-ANTWERP-LOUNGE-1.jpg\",\"datePublished\":\"2022-02-09T17:53:49+00:00\",\"dateModified\":\"2024-10-23T14:12:00+00:00\",\"description\":\"Cours de langues intensifs pour professionnels \u00e0 Anvers. D\u00e9crouvrez nos formations en n\u00e9erlandais, anglais, fran\u00e7ais,... dans notre \u00e9cole \u00e0 Anvers\",\"breadcrumb\":{\"@id\":\"https:\\\/\\\/www.ceran.com\\\/fr\\\/centre\\\/formation-cours-langues-anvers\\\/#breadcrumb\"},\"inLanguage\":\"fr-FR\",\"potentialAction\":[{\"@type\":\"ReadAction\",\"target\":[\"https:\\\/\\\/www.ceran.com\\\/fr\\\/centre\\\/formation-cours-langues-anvers\\\/\"]}]},{\"@type\":\"ImageObject\",\"inLanguage\":\"fr-FR\",\"@id\":\"https:\\\/\\\/www.ceran.com\\\/fr\\\/centre\\\/formation-cours-langues-anvers\\\/#primaryimage\",\"url\":\"https:\\\/\\\/www.ceran.com\\\/wp-content\\\/uploads\\\/2022\\\/02\\\/CERAN-CITY-ANTWERP-LOUNGE-1.jpg\",\"contentUrl\":\"https:\\\/\\\/www.ceran.com\\\/wp-content\\\/uploads\\\/2022\\\/02\\\/CERAN-CITY-ANTWERP-LOUNGE-1.jpg\",\"width\":454,\"height\":340,\"caption\":\"\u00e9cole de langue CERAN \u00e0 Anvers | sprachschule CERAN in Antwerpen | CERAN language school in Antwerp | CERAN taalschool in Antwerpen\"},{\"@type\":\"BreadcrumbList\",\"@id\":\"https:\\\/\\\/www.ceran.com\\\/fr\\\/centre\\\/formation-cours-langues-anvers\\\/#breadcrumb\",\"itemListElement\":[{\"@type\":\"ListItem\",\"position\":1,\"name\":\"Accueil\",\"item\":\"https:\\\/\\\/www.ceran.com\\\/fr\\\/\"},{\"@type\":\"ListItem\",\"position\":2,\"name\":\"Antwerp\"}]},{\"@type\":\"WebSite\",\"@id\":\"https:\\\/\\\/www.ceran.com\\\/fr\\\/#website\",\"url\":\"https:\\\/\\\/www.ceran.com\\\/fr\\\/\",\"name\":\"Ceran\",\"description\":\"Des formations linguistiques et interculturelles qui vous ouvrent de nouveaux horizons\",\"publisher\":{\"@id\":\"https:\\\/\\\/www.ceran.com\\\/fr\\\/#organization\"},\"potentialAction\":[{\"@type\":\"SearchAction\",\"target\":{\"@type\":\"EntryPoint\",\"urlTemplate\":\"https:\\\/\\\/www.ceran.com\\\/fr\\\/?s={search_term_string}\"},\"query-input\":{\"@type\":\"PropertyValueSpecification\",\"valueRequired\":true,\"valueName\":\"search_term_string\"}}],\"inLanguage\":\"fr-FR\"},{\"@type\":\"Organization\",\"@id\":\"https:\\\/\\\/www.ceran.com\\\/fr\\\/#organization\",\"name\":\"Ceran\",\"url\":\"https:\\\/\\\/www.ceran.com\\\/fr\\\/\",\"logo\":{\"@type\":\"ImageObject\",\"inLanguage\":\"fr-FR\",\"@id\":\"https:\\\/\\\/www.ceran.com\\\/fr\\\/#\\\/schema\\\/logo\\\/image\\\/\",\"url\":\"https:\\\/\\\/www.ceran.com\\\/wp-content\\\/uploads\\\/2025\\\/06\\\/Logo-CERAN-16-x-16-pixels.svg\",\"contentUrl\":\"https:\\\/\\\/www.ceran.com\\\/wp-content\\\/uploads\\\/2025\\\/06\\\/Logo-CERAN-16-x-16-pixels.svg\",\"width\":30,\"height\":30,\"caption\":\"Ceran\"},\"image\":{\"@id\":\"https:\\\/\\\/www.ceran.com\\\/fr\\\/#\\\/schema\\\/logo\\\/image\\\/\"}}]}<\/script>\n<!-- \/ Yoast SEO plugin. -->","yoast_head_json":{"title":"Formation linguistique \u00e0 Anvers. Cours de langues intensifs","description":"Cours de langues intensifs pour professionnels \u00e0 Anvers. D\u00e9crouvrez nos formations en n\u00e9erlandais, anglais, fran\u00e7ais,... dans notre \u00e9cole \u00e0 Anvers","robots":{"index":"index","follow":"follow","max-snippet":"max-snippet:-1","max-image-preview":"max-image-preview:large","max-video-preview":"max-video-preview:-1"},"canonical":"https:\/\/www.ceran.com\/fr\/centre\/formation-cours-langues-anvers\/","og_locale":"fr_FR","og_type":"article","og_title":"Formation linguistique \u00e0 Anvers. Cours de langues intensifs","og_description":"Cours de langues intensifs pour professionnels \u00e0 Anvers. D\u00e9crouvrez nos formations en n\u00e9erlandais, anglais, fran\u00e7ais,... dans notre \u00e9cole \u00e0 Anvers","og_url":"https:\/\/www.ceran.com\/fr\/centre\/formation-cours-langues-anvers\/","og_site_name":"Ceran","article_modified_time":"2024-10-23T14:12:00+00:00","og_image":[{"width":454,"height":340,"url":"https:\/\/www.ceran.com\/wp-content\/uploads\/2022\/02\/CERAN-CITY-ANTWERP-LOUNGE-1.jpg","type":"image\/jpeg"}],"twitter_card":"summary_large_image","schema":{"@context":"https:\/\/schema.org","@graph":[{"@type":"WebPage","@id":"https:\/\/www.ceran.com\/fr\/centre\/formation-cours-langues-anvers\/","url":"https:\/\/www.ceran.com\/fr\/centre\/formation-cours-langues-anvers\/","name":"Formation linguistique \u00e0 Anvers. Cours de langues intensifs","isPartOf":{"@id":"https:\/\/www.ceran.com\/fr\/#website"},"primaryImageOfPage":{"@id":"https:\/\/www.ceran.com\/fr\/centre\/formation-cours-langues-anvers\/#primaryimage"},"image":{"@id":"https:\/\/www.ceran.com\/fr\/centre\/formation-cours-langues-anvers\/#primaryimage"},"thumbnailUrl":"https:\/\/www.ceran.com\/wp-content\/uploads\/2022\/02\/CERAN-CITY-ANTWERP-LOUNGE-1.jpg","datePublished":"2022-02-09T17:53:49+00:00","dateModified":"2024-10-23T14:12:00+00:00","description":"Cours de langues intensifs pour professionnels \u00e0 Anvers. D\u00e9crouvrez nos formations en n\u00e9erlandais, anglais, fran\u00e7ais,... dans notre \u00e9cole \u00e0 Anvers","breadcrumb":{"@id":"https:\/\/www.ceran.com\/fr\/centre\/formation-cours-langues-anvers\/#breadcrumb"},"inLanguage":"fr-FR","potentialAction":[{"@type":"ReadAction","target":["https:\/\/www.ceran.com\/fr\/centre\/formation-cours-langues-anvers\/"]}]},{"@type":"ImageObject","inLanguage":"fr-FR","@id":"https:\/\/www.ceran.com\/fr\/centre\/formation-cours-langues-anvers\/#primaryimage","url":"https:\/\/www.ceran.com\/wp-content\/uploads\/2022\/02\/CERAN-CITY-ANTWERP-LOUNGE-1.jpg","contentUrl":"https:\/\/www.ceran.com\/wp-content\/uploads\/2022\/02\/CERAN-CITY-ANTWERP-LOUNGE-1.jpg","width":454,"height":340,"caption":"\u00e9cole de langue CERAN \u00e0 Anvers | sprachschule CERAN in Antwerpen | CERAN language school in Antwerp | CERAN taalschool in Antwerpen"},{"@type":"BreadcrumbList","@id":"https:\/\/www.ceran.com\/fr\/centre\/formation-cours-langues-anvers\/#breadcrumb","itemListElement":[{"@type":"ListItem","position":1,"name":"Accueil","item":"https:\/\/www.ceran.com\/fr\/"},{"@type":"ListItem","position":2,"name":"Antwerp"}]},{"@type":"WebSite","@id":"https:\/\/www.ceran.com\/fr\/#website","url":"https:\/\/www.ceran.com\/fr\/","name":"Ceran","description":"Des formations linguistiques et interculturelles qui vous ouvrent de nouveaux horizons","publisher":{"@id":"https:\/\/www.ceran.com\/fr\/#organization"},"potentialAction":[{"@type":"SearchAction","target":{"@type":"EntryPoint","urlTemplate":"https:\/\/www.ceran.com\/fr\/?s={search_term_string}"},"query-input":{"@type":"PropertyValueSpecification","valueRequired":true,"valueName":"search_term_string"}}],"inLanguage":"fr-FR"},{"@type":"Organization","@id":"https:\/\/www.ceran.com\/fr\/#organization","name":"Ceran","url":"https:\/\/www.ceran.com\/fr\/","logo":{"@type":"ImageObject","inLanguage":"fr-FR","@id":"https:\/\/www.ceran.com\/fr\/#\/schema\/logo\/image\/","url":"https:\/\/www.ceran.com\/wp-content\/uploads\/2025\/06\/Logo-CERAN-16-x-16-pixels.svg","contentUrl":"https:\/\/www.ceran.com\/wp-content\/uploads\/2025\/06\/Logo-CERAN-16-x-16-pixels.svg","width":30,"height":30,"caption":"Ceran"},"image":{"@id":"https:\/\/www.ceran.com\/fr\/#\/schema\/logo\/image\/"}}]}},"_links":{"self":[{"href":"https:\/\/www.ceran.com\/fr\/wp-json\/wp\/v2\/centre_de_formation\/3710","targetHints":{"allow":["GET"]}}],"collection":[{"href":"https:\/\/www.ceran.com\/fr\/wp-json\/wp\/v2\/centre_de_formation"}],"about":[{"href":"https:\/\/www.ceran.com\/fr\/wp-json\/wp\/v2\/types\/centre_de_formation"}],"author":[{"embeddable":true,"href":"https:\/\/www.ceran.com\/fr\/wp-json\/wp\/v2\/users\/1"}],"version-history":[{"count":9,"href":"https:\/\/www.ceran.com\/fr\/wp-json\/wp\/v2\/centre_de_formation\/3710\/revisions"}],"predecessor-version":[{"id":105620,"href":"https:\/\/www.ceran.com\/fr\/wp-json\/wp\/v2\/centre_de_formation\/3710\/revisions\/105620"}],"wp:featuredmedia":[{"embeddable":true,"href":"https:\/\/www.ceran.com\/fr\/wp-json\/wp\/v2\/media\/45238"}],"wp:attachment":[{"href":"https:\/\/www.ceran.com\/fr\/wp-json\/wp\/v2\/media?parent=3710"}],"curies":[{"name":"wp","href":"https:\/\/api.w.org\/{rel}","templated":true}]}}