{"id":1056,"date":"2022-01-11T17:57:16","date_gmt":"2022-01-11T16:57:16","guid":{"rendered":"https:\/\/www.ceran.com\/?page_id=1056"},"modified":"2024-11-26T16:56:39","modified_gmt":"2024-11-26T15:56:39","slug":"le-ceran-et-ses-methodes","status":"publish","type":"page","link":"https:\/\/www.ceran.com\/fr\/le-ceran-et-ses-methodes\/","title":{"rendered":"Le CERAN et ses m\u00e9thodes"},"content":{"rendered":"\t\t<div data-elementor-type=\"wp-page\" data-elementor-id=\"1056\" class=\"elementor elementor-1056\" data-elementor-post-type=\"page\">\n\t\t\t\t\t\t<section class=\"elementor-section elementor-top-section elementor-element elementor-element-993bd3c elementor-section-boxed elementor-section-height-default elementor-section-height-default\" data-id=\"993bd3c\" data-element_type=\"section\" data-e-type=\"section\">\n\t\t\t\t\t\t<div class=\"elementor-container elementor-column-gap-default\">\n\t\t\t\t\t<div class=\"elementor-column elementor-col-100 elementor-top-column elementor-element elementor-element-b4ecaf1\" data-id=\"b4ecaf1\" data-element_type=\"column\" data-e-type=\"column\">\n\t\t\t<div class=\"elementor-widget-wrap elementor-element-populated\">\n\t\t\t\t\t\t<div class=\"elementor-element elementor-element-10222a7 elementor-widget elementor-widget-template\" data-id=\"10222a7\" data-element_type=\"widget\" data-e-type=\"widget\" data-widget_type=\"template.default\">\n\t\t\t\t<div class=\"elementor-widget-container\">\n\t\t\t\t\t\t\t<div class=\"elementor-template\">\n\t\t\t\t\t<div data-elementor-type=\"section\" data-elementor-id=\"2014\" class=\"elementor elementor-2014\" data-elementor-post-type=\"elementor_library\">\n\t\t\t\t\t<section class=\"elementor-section elementor-top-section elementor-element elementor-element-7ff20875 elementor-section-boxed elementor-section-height-default elementor-section-height-default\" data-id=\"7ff20875\" data-element_type=\"section\" data-e-type=\"section\">\n\t\t\t\t\t\t<div class=\"elementor-container elementor-column-gap-default\">\n\t\t\t\t\t<div class=\"elementor-column elementor-col-100 elementor-top-column elementor-element elementor-element-a5e383b\" data-id=\"a5e383b\" data-element_type=\"column\" data-e-type=\"column\">\n\t\t\t<div class=\"elementor-widget-wrap elementor-element-populated\">\n\t\t\t\t\t\t<div class=\"elementor-element elementor-element-3edd7a7e elementor-widget elementor-widget-breadcrumbs\" data-id=\"3edd7a7e\" data-element_type=\"widget\" data-e-type=\"widget\" data-widget_type=\"breadcrumbs.default\">\n\t\t\t\t<div class=\"elementor-widget-container\">\n\t\t\t\t\t<p id=\"breadcrumbs\"><span><span><a href=\"https:\/\/www.ceran.com\/fr\/\">Accueil<\/a><\/span><\/span><\/p>\t\t\t\t<\/div>\n\t\t\t\t<\/div>\n\t\t\t\t\t<\/div>\n\t\t<\/div>\n\t\t\t\t\t<\/div>\n\t\t<\/section>\n\t\t\t\t<\/div>\n\t\t\t\t<\/div>\n\t\t\t\t\t\t<\/div>\n\t\t\t\t<\/div>\n\t\t\t\t\t<\/div>\n\t\t<\/div>\n\t\t\t\t\t<\/div>\n\t\t<\/section>\n\t\t\t\t<section class=\"elementor-section elementor-top-section elementor-element elementor-element-b70bd07 elementor-section-boxed elementor-section-height-default elementor-section-height-default\" data-id=\"b70bd07\" data-element_type=\"section\" data-e-type=\"section\">\n\t\t\t\t\t\t<div class=\"elementor-container elementor-column-gap-default\">\n\t\t\t\t\t<div class=\"elementor-column elementor-col-100 elementor-top-column elementor-element elementor-element-0e42f81\" data-id=\"0e42f81\" data-element_type=\"column\" data-e-type=\"column\">\n\t\t\t<div class=\"elementor-widget-wrap elementor-element-populated\">\n\t\t\t\t\t\t<div class=\"elementor-element elementor-element-double-colonne-texte elementor-widget elementor-widget-double-colonne-texte\" data-id=\"double-colonne-texte\" data-element_type=\"widget\" data-e-type=\"widget\" data-widget_type=\"double-colonne-texte.default\">\n\t\t\t\t<div class=\"elementor-widget-container\">\n\t\t\t\t\t<div class=\"widget-column  \"><div class=\"wrapper-column\"><div class=\"corner corner-right-top-bottom\"><div class=\"corner-content\"><div class=\"ax-title mb-5\">LE CERAN ET SES METHODES<\/div><div class=\"bottom-block row\"><div class=\"bottom-block-img col-6\"><img decoding=\"async\" width=\"126\" height=\"91\" src=\"https:\/\/www.ceran.com\/wp-content\/uploads\/2022\/01\/Union-1.png\" class=\"attachment-thumbnail size-thumbnail\" alt=\"\" \/><\/div><div class=\"bottom-block-links col-6 d-flex flex-column\"><a href=\"https:\/\/www.ceran.com\/fr\/nous-contacter\/\" class=\"ax-btn btn-mail-black mb-2\" >Contactez-nous<\/a><\/div><\/div><\/div><\/div><\/div><div class=\"wrapper-column\"><div class=\"corner corner-left-top-bottom\" style=\" display: flex; align-items: center;\"><div class=\"corner-content\"><p>Depuis 1975 le CERAN fait vivre au quotidien \u00e0 ses Apprenants la passion de ses fondateurs, Monique &amp; Ren\u00e9 Bastin, dont le r\u00eave \u00e9tait d'enseigner les langues \u00e9trang\u00e8res dans un cadre de rencontres internationales.\u00a0<\/p><p>Notre mission reste inchang\u00e9e, celle d'accompagner des femmes et des hommes d'horizons et de cultures diff\u00e9rents \u00e0 mieux communiquer et se comprendre. Favoriser les rencontres, le partage et les \u00e9changes entre diff\u00e9rentes cultures, telles sont nos valeurs. C'est gr\u00e2ce aux rencontres que vous tisserez des liens, des relations avec d'autres Stagiaires de cultures et de langues vari\u00e9es.<\/p><\/div><\/div><\/div><\/div>\t\t\t\t<\/div>\n\t\t\t\t<\/div>\n\t\t\t\t\t<\/div>\n\t\t<\/div>\n\t\t\t\t\t<\/div>\n\t\t<\/section>\n\t\t\t\t<section class=\"elementor-section elementor-top-section elementor-element elementor-element-8f21194 elementor-section-boxed elementor-section-height-default elementor-section-height-default\" data-id=\"8f21194\" data-element_type=\"section\" data-e-type=\"section\">\n\t\t\t\t\t\t<div class=\"elementor-container elementor-column-gap-default\">\n\t\t\t\t\t<div class=\"elementor-column elementor-col-100 elementor-top-column elementor-element elementor-element-d188d65\" data-id=\"d188d65\" data-element_type=\"column\" data-e-type=\"column\">\n\t\t\t<div class=\"elementor-widget-wrap elementor-element-populated\">\n\t\t\t\t\t\t<div class=\"elementor-element elementor-element-ceran_block-encadre-text-icon elementor-widget elementor-widget-ceran_block-encadre-text-icon\" data-id=\"ceran_block-encadre-text-icon\" data-element_type=\"widget\" data-e-type=\"widget\" data-widget_type=\"ceran_block-encadre-text-icon.default\">\n\t\t\t\t<div class=\"elementor-widget-container\">\n\t\t\t\t\t<div class=\"container p-0\"><div class=\"cropped bleu-rouge \"><div class=\"cropped-content\"><div class=\"row\"><div class=\"col text-container d-flex flex-wrap flex-column justify-content-center justify-content-md-start\"><div class=\"title col\"><\/div><div class=\"texte col\"><p>Sp\u00e9cialiste de formations linguistiques et interculturelles, le CERAN se distingue par son concept d'immersion qui donne la priorit\u00e9 absolue \u00e0 l'oral. Les ma\u00eetres mots de notre m\u00e9thode sont la r\u00e9p\u00e9tition, la syst\u00e9misation et l'automatisation gr\u00e2ce aux \u00e9changes et aux interactions. Une formation au CERAN est une vraie exp\u00e9rience humaine, dans un environnement d\u2019apprentissage \u00e0 la fois professionnel et convivial, et gage de r\u00e9ussite. Nos r\u00e9f\u00e9rencements Qualiopi &amp; Datadock sont une autre preuve de la qualit\u00e9 de nos formations.<\/p><p>Votre r\u00e9ussite est notre objectif ! C'est la raison pour laquelle au CERAN vous \u00eates syst\u00e9matiquement \" Satisfait.e ou reform\u00e9.e gratuitement \".<\/p><p>Que vous soyez DRH, responsable formation, responsable mobilit\u00e9 internationale ou manager, vous trouverez les parcours de formation CERAN qui r\u00e9pondra aux enjeux linguistiques et interculturelles de votre entreprise et ceux de vos talents.<\/p><p>Notre \u00e9quipe du laboratoire Innovation et P\u00e9dagogie CERAN vous accompagne pour adapter la m\u00e9thode CERAN \u00e0 vos talents et cr\u00e9er de nouveaux programmes sur mesure.<\/p><\/div><\/div><\/div><\/div><\/div><\/div>\t\t\t\t<\/div>\n\t\t\t\t<\/div>\n\t\t\t\t\t<\/div>\n\t\t<\/div>\n\t\t\t\t\t<\/div>\n\t\t<\/section>\n\t\t\t\t<section class=\"elementor-section elementor-top-section elementor-element elementor-element-6297443 elementor-section-boxed elementor-section-height-default elementor-section-height-default\" data-id=\"6297443\" data-element_type=\"section\" data-e-type=\"section\">\n\t\t\t\t\t\t<div class=\"elementor-container elementor-column-gap-default\">\n\t\t\t\t\t<div class=\"elementor-column elementor-col-100 elementor-top-column elementor-element elementor-element-d681436\" data-id=\"d681436\" data-element_type=\"column\" data-e-type=\"column\">\n\t\t\t<div class=\"elementor-widget-wrap elementor-element-populated\">\n\t\t\t\t\t\t<div class=\"elementor-element elementor-element-ceran-title-icon elementor-widget elementor-widget-ceran-title-icon\" data-id=\"ceran-title-icon\" data-element_type=\"widget\" data-e-type=\"widget\" data-widget_type=\"ceran-title-icon.default\">\n\t\t\t\t<div class=\"elementor-widget-container\">\n\t\t\t\t\t<h2 class=\"ax-title-icon\"><div class=\"ax-title-icons bleu-rouge \"> Etudier une langue  <\/div><\/h2>\t\t\t\t<\/div>\n\t\t\t\t<\/div>\n\t\t\t\t<div class=\"elementor-element elementor-element-b7c5afa elementor-widget elementor-widget-text-editor\" data-id=\"b7c5afa\" data-element_type=\"widget\" data-e-type=\"widget\" data-widget_type=\"text-editor.default\">\n\t\t\t\t<div class=\"elementor-widget-container\">\n\t\t\t\t\t\t\t\t\t<p>Avoir confiance en soi est une condition sine qua none pour apprendre une nouvelle langue afin de pouvoir s&rsquo;exprimer et de pouvoir comprendre les autres. Vous obtiendrez cette confiance, cette aisance, en vous familiarisant avec cette nouvelle langue, sa structure, sa grammaire, son vocabulaire et sa prononciation.<\/p><p>La m\u00e9thode \u00e9prouv\u00e9e du CERAN vous aidera \u00e0 atteindre votre objectif gr\u00e2ce \u00e0 ses savoir-faire sp\u00e9cifiques et son \u00e9quipe p\u00e9dagogique compos\u00e9e de plus de 190 formateurs en langues, tous natifs et form\u00e9s \u00e0 notre m\u00e9thode.<\/p><p>Les cl\u00e9s de la m\u00e9thode CERAN sont :<\/p><ul><li>l&rsquo;immersion compl\u00e8te et intensive dans une des 11 langues diff\u00e9rentes<\/li><li>une attention personnalis\u00e9e \u00e0 chaque besoin de l&rsquo;Apprenant<\/li><li>un encadrement professionnel dans un environnement multiculturel<\/li><li>une atmosph\u00e8re chaleureuse et conviviale propice aux apprentissages<\/li><\/ul><p>\u00a0<\/p><p>La sp\u00e9cificit\u00e9 de notre m\u00e9thode est la priorit\u00e9 donn\u00e9 \u00e0 l&rsquo;expression orale, qui se d\u00e9compose en 3 \u00e9tapes :<\/p><ul><li>Le QRI (Question R\u00e9ponse Intonation)<\/li><li>La pratique verbo-tonale<\/li><li>Les phrases-clefs<\/li><\/ul>\t\t\t\t\t\t\t\t<\/div>\n\t\t\t\t<\/div>\n\t\t\t\t\t<\/div>\n\t\t<\/div>\n\t\t\t\t\t<\/div>\n\t\t<\/section>\n\t\t\t\t<section class=\"elementor-section elementor-top-section elementor-element elementor-element-182673d elementor-section-boxed elementor-section-height-default elementor-section-height-default\" data-id=\"182673d\" data-element_type=\"section\" data-e-type=\"section\">\n\t\t\t\t\t\t<div class=\"elementor-container elementor-column-gap-default\">\n\t\t\t\t\t<div class=\"elementor-column elementor-col-100 elementor-top-column elementor-element elementor-element-c3fbf9a\" data-id=\"c3fbf9a\" data-element_type=\"column\" data-e-type=\"column\">\n\t\t\t<div class=\"elementor-widget-wrap elementor-element-populated\">\n\t\t\t\t\t\t<div class=\"elementor-element elementor-element-ceran-dropdown-img-text elementor-widget elementor-widget-ceran-dropdown-img-text\" data-id=\"ceran-dropdown-img-text\" data-element_type=\"widget\" data-e-type=\"widget\" data-widget_type=\"ceran-dropdown-img-text.default\">\n\t\t\t\t<div class=\"elementor-widget-container\">\n\t\t\t\t\t<div class=\"container p-md-0\"><div class=\"accordion\" id=\"ax-accordion-69f094da04b2e\"><div class=\"accordion-item elementor-repeater-item-09b27b3\"><h2 class=\"accordion-header\"><button class=\"accordion-button\" type=\"button\" data-bs-toggle=\"collapse\" data-bs-target=\"#collapse-elementor-repeater-item-09b27b3\" aria-expanded=\"true\">M\u00e9thodologie CERAN de l'apprentissage des langues.  <\/button><\/h2><div id=\"collapse-elementor-repeater-item-09b27b3\" class=\"accordion-collapse collapse show\" data-bs-parent=\"#ax-accordion-69f094da04b2e\"><div class=\"accordion-body\"><div class=\"row\"><div class=\"col-md-6\"><div class=\"mb-3 text-content\">\" Tell me and I forget, teach me and I remember, involve me and I learn. \" Benjamin Franklin. La m\u00e9thodologie CERAN est une m\u00e9thode originale et unique mise au point par les fondateurs du Groupe et constamment am\u00e9lior\u00e9e et enrichie depuis la cr\u00e9ation de l'entreprise.<\/div><\/div><div class=\"col-md-6\"><img fetchpriority=\"high\" decoding=\"async\" width=\"640\" height=\"359\" src=\"https:\/\/www.ceran.com\/wp-content\/uploads\/2022\/03\/2I0A4165_SPA-HD-3-1024x574.jpg\" class=\"attachment-large size-large\" alt=\"\" srcset=\"https:\/\/www.ceran.com\/wp-content\/uploads\/2022\/03\/2I0A4165_SPA-HD-3-1024x574.jpg 1024w, https:\/\/www.ceran.com\/wp-content\/uploads\/2022\/03\/2I0A4165_SPA-HD-3-300x168.jpg 300w, https:\/\/www.ceran.com\/wp-content\/uploads\/2022\/03\/2I0A4165_SPA-HD-3-768x431.jpg 768w, https:\/\/www.ceran.com\/wp-content\/uploads\/2022\/03\/2I0A4165_SPA-HD-3-1536x862.jpg 1536w, https:\/\/www.ceran.com\/wp-content\/uploads\/2022\/03\/2I0A4165_SPA-HD-3.jpg 1920w\" sizes=\"(max-width: 640px) 100vw, 640px\" \/><\/div><\/div><\/div><\/div><\/div><div class=\"accordion-item elementor-repeater-item-6558594\"><h2 class=\"accordion-header\"><button class=\"accordion-button collapsed\" type=\"button\" data-bs-toggle=\"collapse\" data-bs-target=\"#collapse-elementor-repeater-item-6558594\" aria-expanded=\"false\">Etablir le profil linguistique de l'Apprenant.<\/button><\/h2><div id=\"collapse-elementor-repeater-item-6558594\" class=\"accordion-collapse collapse\" data-bs-parent=\"#ax-accordion-69f094da04b2e\"><div class=\"accordion-body\"><div class=\"row\"><div class=\"col-md-6\"><div class=\"mb-3 text-content\">C'est le point de d\u00e9part de la formation. Vous passez un test permettant d'\u00e9tablir votre profil linguistique et de d\u00e9finir vos besoins. Ensuite l'analyse approfondie de ces derniers permet de d\u00e9terminer vos objectifs d'apprentissage ainsi que les contenus d'enseignement d\u00e9di\u00e9s.                                                                                                                        En effet, aucun cours n'est pr\u00e9determin\u00e9 avant l'arriv\u00e9e du Stagiaire. Et tout au long de la formation, le formateur, qui conna\u00eet les besoins de chaque Participant, s'adapte et r\u00e9ajuste si besoin le contenu des le\u00e7ons afin d'atteindre le r\u00e9sultat escompt\u00e9. En effet, chaque Apprenant est unique et chacun apprend \u00e0 sa mani\u00e8re.<\/div><\/div><div class=\"col-md-6\"><img decoding=\"async\" width=\"640\" height=\"360\" src=\"https:\/\/www.ceran.com\/wp-content\/uploads\/2022\/03\/pm_8909_58_58621-i5ogqjs75n-16_9_large-156-1024x576.jpg\" class=\"attachment-large size-large\" alt=\"\" srcset=\"https:\/\/www.ceran.com\/wp-content\/uploads\/2022\/03\/pm_8909_58_58621-i5ogqjs75n-16_9_large-156-1024x576.jpg 1024w, https:\/\/www.ceran.com\/wp-content\/uploads\/2022\/03\/pm_8909_58_58621-i5ogqjs75n-16_9_large-156-300x169.jpg 300w, https:\/\/www.ceran.com\/wp-content\/uploads\/2022\/03\/pm_8909_58_58621-i5ogqjs75n-16_9_large-156-768x432.jpg 768w, https:\/\/www.ceran.com\/wp-content\/uploads\/2022\/03\/pm_8909_58_58621-i5ogqjs75n-16_9_large-156.jpg 1208w\" sizes=\"(max-width: 640px) 100vw, 640px\" \/><\/div><\/div><\/div><\/div><\/div><div class=\"accordion-item elementor-repeater-item-9e64f5e\"><h2 class=\"accordion-header\"><button class=\"accordion-button collapsed\" type=\"button\" data-bs-toggle=\"collapse\" data-bs-target=\"#collapse-elementor-repeater-item-9e64f5e\" aria-expanded=\"false\">La m\u00e9thode verbo-tonale de correction phon\u00e9tique<\/button><\/h2><div id=\"collapse-elementor-repeater-item-9e64f5e\" class=\"accordion-collapse collapse\" data-bs-parent=\"#ax-accordion-69f094da04b2e\"><div class=\"accordion-body\"><div class=\"row\"><div class=\"col-md-6\"><div class=\"mb-3 text-content\">Par la suite la m\u00e9thode verbo-tonale de correction phon\u00e9tique a pour objectif d\u2019aider le Stagiaire \u00e0 mieux percevoir les \u00e9l\u00e9ments phonologiques de la langue cible. \nLors de cette \u00e9tape, le travail porte sur la prononciation en rectifiant les phon\u00e8mes et surtout la prosodie c'est-\u00e0-dire la m\u00e9lodie et l\u2019intonation. Il est prouv\u00e9 qu\u2019en am\u00e9liorant la prosodie on am\u00e9liore aussi les phon\u00e8mes.  Et lorsque l'on corrige 60 % de la prosodie l'accent s'am\u00e9liore !<\/div><\/div><div class=\"col-md-6\"><img loading=\"lazy\" decoding=\"async\" width=\"640\" height=\"449\" src=\"https:\/\/www.ceran.com\/wp-content\/uploads\/2022\/03\/2I0A5185_SPA-HD-e1646817708553-1024x719.jpg\" class=\"attachment-large size-large\" alt=\"\" srcset=\"https:\/\/www.ceran.com\/wp-content\/uploads\/2022\/03\/2I0A5185_SPA-HD-e1646817708553-1024x719.jpg 1024w, https:\/\/www.ceran.com\/wp-content\/uploads\/2022\/03\/2I0A5185_SPA-HD-e1646817708553-300x211.jpg 300w, https:\/\/www.ceran.com\/wp-content\/uploads\/2022\/03\/2I0A5185_SPA-HD-e1646817708553-768x539.jpg 768w, https:\/\/www.ceran.com\/wp-content\/uploads\/2022\/03\/2I0A5185_SPA-HD-e1646817708553.jpg 1026w\" sizes=\"(max-width: 640px) 100vw, 640px\" \/><\/div><\/div><\/div><\/div><\/div><div class=\"accordion-item elementor-repeater-item-1d4cb67\"><h2 class=\"accordion-header\"><button class=\"accordion-button collapsed\" type=\"button\" data-bs-toggle=\"collapse\" data-bs-target=\"#collapse-elementor-repeater-item-1d4cb67\" aria-expanded=\"false\">Les phrases-cl\u00e9s<\/button><\/h2><div id=\"collapse-elementor-repeater-item-1d4cb67\" class=\"accordion-collapse collapse\" data-bs-parent=\"#ax-accordion-69f094da04b2e\"><div class=\"accordion-body\"><div class=\"row\"><div class=\"col-md-6\"><div class=\"mb-3 text-content\">Une autre sp\u00e9cificit\u00e9 de la m\u00e9thode CERAN se d\u00e9finit par la r\u00e9daction et l'exploitation individuelle de phrases-cl\u00e9s.                                                                                                     L\u2019Apprenant \u00e9labore la synth\u00e8se de la le\u00e7on sous forme de phrases qui refl\u00e8tent les objectifs (grammaire, vocabulaire, actes langagiers et\/ou \u00e9l\u00e9ments phon\u00e9tiques) qui ont \u00e9t\u00e9 travaill\u00e9s au cours de la le\u00e7on et qui sont en lien direct avec les objectifs de la formation. Ces phrases-cl\u00e9s sont ensuite enregistr\u00e9es en version \u00e9crite et en version orale. C'est le formateur qui enregistre cette derni\u00e8re version avec le bon accent, version mise \u00e0 disposition des Apprenants sur la plateforme du CERAN. Vous \u00eates ainsi familiaris\u00e9s avec la mani\u00e8re d'utiliser ces phrases-cl\u00e9s au cours de votre formation afin de pouvoir les r\u00e9utiliser ult\u00e9rieurement. <\/div><\/div><div class=\"col-md-6\"><img loading=\"lazy\" decoding=\"async\" width=\"640\" height=\"427\" src=\"https:\/\/www.ceran.com\/wp-content\/uploads\/2022\/03\/2I0A4172_SPA-HD-1024x683.jpg\" class=\"attachment-large size-large\" alt=\"\" srcset=\"https:\/\/www.ceran.com\/wp-content\/uploads\/2022\/03\/2I0A4172_SPA-HD-1024x683.jpg 1024w, https:\/\/www.ceran.com\/wp-content\/uploads\/2022\/03\/2I0A4172_SPA-HD-300x200.jpg 300w, https:\/\/www.ceran.com\/wp-content\/uploads\/2022\/03\/2I0A4172_SPA-HD-768x512.jpg 768w, https:\/\/www.ceran.com\/wp-content\/uploads\/2022\/03\/2I0A4172_SPA-HD-1536x1024.jpg 1536w, https:\/\/www.ceran.com\/wp-content\/uploads\/2022\/03\/2I0A4172_SPA-HD.jpg 1620w\" sizes=\"(max-width: 640px) 100vw, 640px\" \/><\/div><\/div><\/div><\/div><\/div><div class=\"accordion-item elementor-repeater-item-1cb53a1\"><h2 class=\"accordion-header\"><button class=\"accordion-button collapsed\" type=\"button\" data-bs-toggle=\"collapse\" data-bs-target=\"#collapse-elementor-repeater-item-1cb53a1\" aria-expanded=\"false\">Apprendre en immersion<\/button><\/h2><div id=\"collapse-elementor-repeater-item-1cb53a1\" class=\"accordion-collapse collapse\" data-bs-parent=\"#ax-accordion-69f094da04b2e\"><div class=\"accordion-body\"><div class=\"row\"><div class=\"col-md-6\"><div class=\"mb-3 text-content\">Apprendre en immersion est un des fondamentaux de la m\u00e9thode CERAN.                            Par immersion, il faut entendre immersion dans la langue cible et pas syst\u00e9matiquement immersion physique dans un lieu. Il est prouv\u00e9 que le cerveau est plus stimul\u00e9 en situation d'immersion et que l\u2019immersion permet une meilleure acquisition des connaissances. Tous les \u00e9changes se font exclusivement dans la langue enseign\u00e9e. Toute la journ\u00e9e, ou du matin au soir lors de formations en r\u00e9sidentiel, seule la langue cible est usit\u00e9e. L'Apprenant est expos\u00e9 \u00e0 tous supports dans cette langue (audio, vid\u00e9o, journaux...). L\u2019objectif est que le Participant traduise le moins possible et parvienne tr\u00e8s rapidement \u00e0 penser dans la langue cible. Toutes nos formes d'apprentissage vous invitent \u00e0 oublier temporairement vos pr\u00e9occupations quotidiennes afin de vous consacrer pleinement \u00e0 votre apprentissage et \u00e0 d\u00e9multiplier ainsi vos progr\u00e8s. Dans nos formules r\u00e9sidentielles l\u2019accent est mis, en plus l\u2019\u00e9tude de la langue, sur les rencontres, le contact humain et le partage d\u2019exp\u00e9rience gr\u00e2ce aux activit\u00e9s propos\u00e9es en classe ou en dehors de la classe.                                                                                                                                         Apprendre en immersion c'est une opportunit\u00e9 de r\u00e9v\u00e9ler votre potentiel !<\/div><\/div><div class=\"col-md-6\"><img loading=\"lazy\" decoding=\"async\" width=\"640\" height=\"427\" src=\"https:\/\/www.ceran.com\/wp-content\/uploads\/2022\/03\/CERAN-ET-SES-METHODES-2-hisisengineering-raeng-h6gCRTCxM7o-unsplash-1024x683.jpg\" class=\"attachment-large size-large\" alt=\"\" srcset=\"https:\/\/www.ceran.com\/wp-content\/uploads\/2022\/03\/CERAN-ET-SES-METHODES-2-hisisengineering-raeng-h6gCRTCxM7o-unsplash-1024x683.jpg 1024w, https:\/\/www.ceran.com\/wp-content\/uploads\/2022\/03\/CERAN-ET-SES-METHODES-2-hisisengineering-raeng-h6gCRTCxM7o-unsplash-300x200.jpg 300w, https:\/\/www.ceran.com\/wp-content\/uploads\/2022\/03\/CERAN-ET-SES-METHODES-2-hisisengineering-raeng-h6gCRTCxM7o-unsplash-768x512.jpg 768w, https:\/\/www.ceran.com\/wp-content\/uploads\/2022\/03\/CERAN-ET-SES-METHODES-2-hisisengineering-raeng-h6gCRTCxM7o-unsplash-1536x1025.jpg 1536w, https:\/\/www.ceran.com\/wp-content\/uploads\/2022\/03\/CERAN-ET-SES-METHODES-2-hisisengineering-raeng-h6gCRTCxM7o-unsplash.jpg 1619w\" sizes=\"(max-width: 640px) 100vw, 640px\" \/><\/div><\/div><\/div><\/div><\/div><\/div><\/div>\t\t\t\t<\/div>\n\t\t\t\t<\/div>\n\t\t\t\t\t<\/div>\n\t\t<\/div>\n\t\t\t\t\t<\/div>\n\t\t<\/section>\n\t\t\t\t<section class=\"elementor-section elementor-top-section elementor-element elementor-element-2ad2922 elementor-section-boxed elementor-section-height-default elementor-section-height-default\" data-id=\"2ad2922\" data-element_type=\"section\" data-e-type=\"section\">\n\t\t\t\t\t\t<div class=\"elementor-container elementor-column-gap-default\">\n\t\t\t\t\t<div class=\"elementor-column elementor-col-100 elementor-top-column elementor-element elementor-element-bbb1fd6\" data-id=\"bbb1fd6\" data-element_type=\"column\" data-e-type=\"column\">\n\t\t\t<div class=\"elementor-widget-wrap elementor-element-populated\">\n\t\t\t\t\t\t<div class=\"elementor-element elementor-element-ceran-title-icon elementor-widget elementor-widget-ceran-title-icon\" data-id=\"ceran-title-icon\" data-element_type=\"widget\" data-e-type=\"widget\" data-widget_type=\"ceran-title-icon.default\">\n\t\t\t\t<div class=\"elementor-widget-container\">\n\t\t\t\t\t<h2 class=\"ax-title-icon\"><div class=\"ax-title-icons rouge-rouge \"> Comprendre une culture <\/div><\/h2>\t\t\t\t<\/div>\n\t\t\t\t<\/div>\n\t\t\t\t<div class=\"elementor-element elementor-element-4392dba elementor-widget elementor-widget-text-editor\" data-id=\"4392dba\" data-element_type=\"widget\" data-e-type=\"widget\" data-widget_type=\"text-editor.default\">\n\t\t\t\t<div class=\"elementor-widget-container\">\n\t\t\t\t\t\t\t\t\t<p>Depuis 1975 la promesse du CERAN est de faire de l&rsquo;apprentissage d&rsquo;une langue ou d&rsquo;une culture un v\u00e9ritable plaisir. C&rsquo;est en offrant une authentique agilit\u00e9 culturelle aux Apprenants que ces derniers s&rsquo;initient, apprennent naturellement et perfoment ensuite dans leur vie quotidienne et professionnelle. L&rsquo;\u00e9quipe p\u00e9dagogique du CERAN est compos\u00e9e de plus de 260 formateurs interculturels bas\u00e9s en France et dans plus de 100 pays. Chacun est recrut\u00e9 pour son exp\u00e9rience personnelle, professionnelle et form\u00e9 \u00e0 notre m\u00e9thode. Tous p\u00e9dagogues confirm\u00e9s, dipl\u00f4m\u00e9s de l&rsquo;enseignement sup\u00e9rieur, ils sont passionn\u00e9s par leurs pays, leurs cultures et d\u00e9sireux de partager leur savoir-faire et leurs connaissances. Ils sont d&rsquo;origines professionnelles vari\u00e9es et r\u00e9actualisent continuellement leur v\u00e9cu en rentrant une \u00e0 deux fois par an dans leur pays. Ensemble, nos formateurs couvrent \u00e0 l&rsquo;international 160 cultures. Depuis sa cr\u00e9ation, le CERAN a form\u00e9 plus de 150 000 professionnels et chaque ann\u00e9e ce sont plus de 2 250 collaborateurs qui am\u00e9liorent leurs comp\u00e9tences interculturelles gr\u00e2ce aux formations CERAN.<\/p>\t\t\t\t\t\t\t\t<\/div>\n\t\t\t\t<\/div>\n\t\t\t\t\t<\/div>\n\t\t<\/div>\n\t\t\t\t\t<\/div>\n\t\t<\/section>\n\t\t\t\t<section class=\"elementor-section elementor-top-section elementor-element elementor-element-a2283fb elementor-section-boxed elementor-section-height-default elementor-section-height-default\" data-id=\"a2283fb\" data-element_type=\"section\" data-e-type=\"section\">\n\t\t\t\t\t\t<div class=\"elementor-container elementor-column-gap-default\">\n\t\t\t\t\t<div class=\"elementor-column elementor-col-100 elementor-top-column elementor-element elementor-element-edcbf0b\" data-id=\"edcbf0b\" data-element_type=\"column\" data-e-type=\"column\">\n\t\t\t<div class=\"elementor-widget-wrap elementor-element-populated\">\n\t\t\t\t\t\t<div class=\"elementor-element elementor-element-ceran-dropdown-img-text elementor-widget elementor-widget-ceran-dropdown-img-text\" data-id=\"ceran-dropdown-img-text\" data-element_type=\"widget\" data-e-type=\"widget\" data-widget_type=\"ceran-dropdown-img-text.default\">\n\t\t\t\t<div class=\"elementor-widget-container\">\n\t\t\t\t\t<div class=\"container p-md-0\"><div class=\"accordion\" id=\"ax-accordion-69f094da06701\"><div class=\"accordion-item elementor-repeater-item-09b27b3\"><h2 class=\"accordion-header\"><button class=\"accordion-button\" type=\"button\" data-bs-toggle=\"collapse\" data-bs-target=\"#collapse-elementor-repeater-item-09b27b3\" aria-expanded=\"true\">M\u00e9thodologie culturelle au CERAN<\/button><\/h2><div id=\"collapse-elementor-repeater-item-09b27b3\" class=\"accordion-collapse collapse show\" data-bs-parent=\"#ax-accordion-69f094da06701\"><div class=\"accordion-body\"><div class=\"row\"><div class=\"col-md-6\"><div class=\"mb-3 text-content\">Nos formateurs, experts - au minimum bi-culturels - et toujours bilingues fran\u00e7ais - anglais, vous accompagnent dans l'apprentissage d'une nouvelle culture ainsi que dans la compr\u00e9hension de celle-ci et vous fournissent les nouveaux r\u00e9flexes \u00e0 mettre en place pour vous adapter \u00e0 cette culture cible. Outils digitaux derni\u00e8re g\u00e9n\u00e9ration en main, nos experts en management interculturel ou en mobilit\u00e9 internationale, vous livrent les clefs pour une int\u00e9gration r\u00e9ussie.                                                                                                                    Savoirs, savoir-faire et savoir-\u00eatre dans la nouvelle culture seront au rendez-vous ! Nos modules de formation sont syst\u00e9matiquement personnalis\u00e9s selon vos besoins et selon vos objectifs. Nos sessions de formation sont toujours con\u00e7ues sur-mesure et l'approche participative de l'Apprenant reste la r\u00e8gle. Avec notre garantie \" 100 % satisfait.e ou reform\u00e9.e gratuitement \", vous \u00eates sereins en choisissant une de nos formations interculturelles.<\/div><\/div><div class=\"col-md-6\"><img loading=\"lazy\" decoding=\"async\" width=\"640\" height=\"427\" src=\"https:\/\/www.ceran.com\/wp-content\/uploads\/2022\/03\/2I0A4870_SPA-HD-1024x683.jpg\" class=\"attachment-large size-large\" alt=\"\" srcset=\"https:\/\/www.ceran.com\/wp-content\/uploads\/2022\/03\/2I0A4870_SPA-HD-1024x683.jpg 1024w, https:\/\/www.ceran.com\/wp-content\/uploads\/2022\/03\/2I0A4870_SPA-HD-300x200.jpg 300w, https:\/\/www.ceran.com\/wp-content\/uploads\/2022\/03\/2I0A4870_SPA-HD-768x512.jpg 768w, https:\/\/www.ceran.com\/wp-content\/uploads\/2022\/03\/2I0A4870_SPA-HD-1536x1024.jpg 1536w, https:\/\/www.ceran.com\/wp-content\/uploads\/2022\/03\/2I0A4870_SPA-HD.jpg 1620w\" sizes=\"(max-width: 640px) 100vw, 640px\" \/><\/div><\/div><\/div><\/div><\/div><div class=\"accordion-item elementor-repeater-item-6558594\"><h2 class=\"accordion-header\"><button class=\"accordion-button collapsed\" type=\"button\" data-bs-toggle=\"collapse\" data-bs-target=\"#collapse-elementor-repeater-item-6558594\" aria-expanded=\"false\">\u00c9tablir le diagnostic du profil culturel de l\u2019apprenant(e)<\/button><\/h2><div id=\"collapse-elementor-repeater-item-6558594\" class=\"accordion-collapse collapse\" data-bs-parent=\"#ax-accordion-69f094da06701\"><div class=\"accordion-body\"><div class=\"row\"><div class=\"col-md-6\"><div class=\"mb-3 text-content\"> C'est la premi\u00e8re \u00e9tape de toute formation, qui est r\u00e9alis\u00e9e gr\u00e2ce \u00e0 notre outil d'assessment culturel, CultureConnector. CultureConnector est une plateforme de profilage culturel qui vous permet de vous positionner par rapport \u00e0 la culture cibl\u00e9e, de bien conna\u00eetre vos r\u00e9f\u00e9rentiels et de mesurer l'impact des dimensions culturelles sur vos activit\u00e9s professionnelles.                                                                                                               En compl\u00e9ment, le Stagiaire remplit un questionnaire \"Questionnaire pr\u00e9alable de formation\" afin d\u00e9finir ses attentes et ses objectifs. Quelles sont les raisons de son int\u00e9r\u00eat pour cette nouvelle culture ? Quelles en sont ses connaissances ? Quel est son v\u00e9cu ? Cette plateforme vous aide, entre autres choses, \u00e0 identifier les \u00e9carts entre votre profil culturel et celui d'autres cultures ou d'autres interlocuteurs.<\/div><\/div><div class=\"col-md-6\"><img loading=\"lazy\" decoding=\"async\" width=\"640\" height=\"458\" src=\"https:\/\/www.ceran.com\/wp-content\/uploads\/2022\/03\/2I0A4767_SPA-HD-1-1024x733.jpg\" class=\"attachment-large size-large\" alt=\"\" srcset=\"https:\/\/www.ceran.com\/wp-content\/uploads\/2022\/03\/2I0A4767_SPA-HD-1-1024x733.jpg 1024w, https:\/\/www.ceran.com\/wp-content\/uploads\/2022\/03\/2I0A4767_SPA-HD-1-300x215.jpg 300w, https:\/\/www.ceran.com\/wp-content\/uploads\/2022\/03\/2I0A4767_SPA-HD-1-768x550.jpg 768w, https:\/\/www.ceran.com\/wp-content\/uploads\/2022\/03\/2I0A4767_SPA-HD-1.jpg 1509w\" sizes=\"(max-width: 640px) 100vw, 640px\" \/><\/div><\/div><\/div><\/div><\/div><div class=\"accordion-item elementor-repeater-item-9e64f5e\"><h2 class=\"accordion-header\"><button class=\"accordion-button collapsed\" type=\"button\" data-bs-toggle=\"collapse\" data-bs-target=\"#collapse-elementor-repeater-item-9e64f5e\" aria-expanded=\"false\">La prise d\u2019autonomie<\/button><\/h2><div id=\"collapse-elementor-repeater-item-9e64f5e\" class=\"accordion-collapse collapse\" data-bs-parent=\"#ax-accordion-69f094da06701\"><div class=\"accordion-body\"><div class=\"row\"><div class=\"col-md-6\"><div class=\"mb-3 text-content\">Notre approche p\u00e9dagogique unique fait la part belle \u00e0 l'automie des Apprenants. En effet, c'est en devenant acteur de sa formation que le Participant apprend plus vite. Tous les outils mis \u00e0 votre disposition par le CERAN ainsi que toutes les opportunit\u00e9s de rencontres, d'\u00e9change et de partage vous aident \u00e0 gagner en autonomie.      Chacun est unique et chacun a sa fa\u00e7on d'apprendre, \u00e0 son ryhtme.                                                                                            Notre approche p\u00e9dagogique se veut donc inductive ou invers\u00e9e et se construit autour de 4 phases :                                                                                                                                                  \n\n\n- Conscientisation de sa propre culture                                                                                                                                                      - Perception des \u00e9carts avec la culture cible                                                                                                                                                         - D\u00e9codage des indices culturels                                                                                                                                                  - D\u00e9veloppement de l'agilit\u00e9 interculturelle.<\/div><\/div><div class=\"col-md-6\"><img loading=\"lazy\" decoding=\"async\" width=\"640\" height=\"519\" src=\"https:\/\/www.ceran.com\/wp-content\/uploads\/2022\/03\/2I0A4134_SPA-HD-1024x830.jpg\" class=\"attachment-large size-large\" alt=\"\" srcset=\"https:\/\/www.ceran.com\/wp-content\/uploads\/2022\/03\/2I0A4134_SPA-HD-1024x830.jpg 1024w, https:\/\/www.ceran.com\/wp-content\/uploads\/2022\/03\/2I0A4134_SPA-HD-300x243.jpg 300w, https:\/\/www.ceran.com\/wp-content\/uploads\/2022\/03\/2I0A4134_SPA-HD-768x623.jpg 768w, https:\/\/www.ceran.com\/wp-content\/uploads\/2022\/03\/2I0A4134_SPA-HD.jpg 1332w\" sizes=\"(max-width: 640px) 100vw, 640px\" \/><\/div><\/div><\/div><\/div><\/div><div class=\"accordion-item elementor-repeater-item-1d4cb67\"><h2 class=\"accordion-header\"><button class=\"accordion-button collapsed\" type=\"button\" data-bs-toggle=\"collapse\" data-bs-target=\"#collapse-elementor-repeater-item-1d4cb67\" aria-expanded=\"false\">Des programmes pragmatiques<\/button><\/h2><div id=\"collapse-elementor-repeater-item-1d4cb67\" class=\"accordion-collapse collapse\" data-bs-parent=\"#ax-accordion-69f094da06701\"><div class=\"accordion-body\"><div class=\"row\"><div class=\"col-md-6\"><div class=\"mb-3 text-content\">Tous nos processus et parcours de formation sont personnalis\u00e9s pour chaque Apprenant et \u00e9labor\u00e9s sur-mesure en fonction des demandes des entreprises clientes ou du Stagiaire. Nos programmes sont con\u00e7us individuellement par nos formateurs en fonction du r\u00e9sultat du \"Questionnaire pr\u00e9alable \u00e0 la formation\" et du profilage CultureConnector et adapt\u00e9s \u00e0 vos besoins et \u00e0 vos objectifs. R\u00e9guli\u00e8rement au cours de la formation, le formateur s'assure que les buts de chacun seront atteints et si besoin rectifie et actualise le contenu durant la formation.                                                                                    Cette coh\u00e9rence p\u00e9dagogique de nos programmes, ce fil rouge, est synonyme d'objectifs concr\u00e9tis\u00e9s. Ainsi vous aurez l'opportunit\u00e9 de donner le meilleur de vous-m\u00eame ! <\/div><\/div><div class=\"col-md-6\"><img loading=\"lazy\" decoding=\"async\" width=\"640\" height=\"427\" src=\"https:\/\/www.ceran.com\/wp-content\/uploads\/2022\/03\/2I0A4713_SPA-HD-1024x683.jpg\" class=\"attachment-large size-large\" alt=\"\" srcset=\"https:\/\/www.ceran.com\/wp-content\/uploads\/2022\/03\/2I0A4713_SPA-HD-1024x683.jpg 1024w, https:\/\/www.ceran.com\/wp-content\/uploads\/2022\/03\/2I0A4713_SPA-HD-300x200.jpg 300w, https:\/\/www.ceran.com\/wp-content\/uploads\/2022\/03\/2I0A4713_SPA-HD-768x512.jpg 768w, https:\/\/www.ceran.com\/wp-content\/uploads\/2022\/03\/2I0A4713_SPA-HD-1536x1024.jpg 1536w, https:\/\/www.ceran.com\/wp-content\/uploads\/2022\/03\/2I0A4713_SPA-HD.jpg 1620w\" sizes=\"(max-width: 640px) 100vw, 640px\" \/><\/div><\/div><\/div><\/div><\/div><div class=\"accordion-item elementor-repeater-item-1cb53a1\"><h2 class=\"accordion-header\"><button class=\"accordion-button collapsed\" type=\"button\" data-bs-toggle=\"collapse\" data-bs-target=\"#collapse-elementor-repeater-item-1cb53a1\" aria-expanded=\"false\">La satisfaction client est le moteur des \u00e9quipes CERAN<\/button><\/h2><div id=\"collapse-elementor-repeater-item-1cb53a1\" class=\"accordion-collapse collapse\" data-bs-parent=\"#ax-accordion-69f094da06701\"><div class=\"accordion-body\"><div class=\"row\"><div class=\"col-12\"><div class=\"mb-3 text-content\">Notre objectif, votre satisfaction totale ! Ainsi au CERAN, vous \u00eates \"satisfait.e ou reform\u00e9.e gratuitement\" !                                                                                                                                       Votre satisfaction est le principal indicateur de performance au CERAN. Nous avons mis en place un processus complet de contr\u00f4le pour \u00e9valuer votre satisfaction. Ainsi chaque Stagiaire de formation interculturelle re\u00e7oit un questionnaire de satisfaction globale \u00e0 la fin de son parcours. C'est l'opportunit\u00e9 pour lui de donner son avis sur la formation en elle-m\u00eame et sur le fait que ses objectifs aient \u00e9t\u00e9 atteints ou pas. Un second questionnaire de satisfaction lui est envoy\u00e9 90 jours apr\u00e8s la fin du cycle de formation afin d'\u00e9valuer l'impact de ce dernier \u00e0 long terme.                                                                                               Cette double d\u00e9marche est sans concession. Et le taux global satisfaction est de 99 % !<\/div><\/div><\/div><\/div><\/div><\/div><\/div><\/div>\t\t\t\t<\/div>\n\t\t\t\t<\/div>\n\t\t\t\t\t<\/div>\n\t\t<\/div>\n\t\t\t\t\t<\/div>\n\t\t<\/section>\n\t\t\t\t<section class=\"elementor-section elementor-top-section elementor-element elementor-element-eb91def elementor-section-boxed elementor-section-height-default elementor-section-height-default\" data-id=\"eb91def\" data-element_type=\"section\" data-e-type=\"section\">\n\t\t\t\t\t\t<div class=\"elementor-container elementor-column-gap-default\">\n\t\t\t\t\t<div class=\"elementor-column elementor-col-100 elementor-top-column elementor-element elementor-element-dd64068\" data-id=\"dd64068\" data-element_type=\"column\" data-e-type=\"column\" data-settings=\"{&quot;background_background&quot;:&quot;classic&quot;}\">\n\t\t\t<div class=\"elementor-widget-wrap elementor-element-populated\">\n\t\t\t\t\t\t<div class=\"elementor-element elementor-element-ceran_block-info elementor-widget elementor-widget-ceran_block-info\" data-id=\"ceran_block-info\" data-element_type=\"widget\" data-e-type=\"widget\" data-widget_type=\"ceran_block-info.default\">\n\t\t\t\t<div class=\"elementor-widget-container\">\n\t\t\t\t\t<div class=\"container\"><div class=\"wrapper\"><span class=\"svg-forme\" style=\"background-image: url(https:\/\/www.ceran.com\/wp-content\/uploads\/2022\/01\/Property-1.force-des-methodes.png)\"><\/span><p class=\"title\">Les forces de notre m\u00e9thode.<\/p><div class=\"text\">C'est d'abord l'humain avec nos formateurs, de vrais sp\u00e9cialistes d'une culture. Effectivement, nos formateurs sont des experts de la cr\u00e9ation de programmes personnalis\u00e9s ax\u00e9s sur les exp\u00e9riences et le v\u00e9cu des Apprenants. Le formateur remet \u00e0 chaque Participant en d\u00e9but de formation un Carnet de formation. Vous \u00eates syst\u00e9matiquement encourag\u00e9s \u00e0 mettre en pratique les comp\u00e9tences interculturelles en cours d'acquisition ou nouvellement acquises. Les diff\u00e9rentes \u00e9tapes de notre m\u00e9thode sont la garantie d'un parcours p\u00e9dagogique de haute qualit\u00e9. Cela commence par l'analyse approfondie des besoins de l'Apprenant et de son profil culturel. Puis son immersion dans la culture cible via des jeux de r\u00f4les, des vid\u00e9os... Sans oublier l'interaction orale continue. C'est une progression spiralaire qui se met en place c'est-\u00e0-dire un retour r\u00e9gulier sur de m\u00eames objets d'enseignement avec une compl\u00e9xit\u00e9 croissante et la p\u00e9rennisation des acquis via un accompagnement en mise en situation. Le tout avec des outils digitaux derni\u00e8re g\u00e9n\u00e9ration. C'est l'ensemble des composantes de notre m\u00e9thode qui vous garantit un r\u00e9sultat incontestable.<\/div><a class=\"ax-btn btn-arrow-wide\" href=\"https:\/\/www.ceran.com\/fr\/le-ceran-et-ses-methodes\/ceran-avis-et-temoignages\/\" >Nos clients parlent de nous<\/a><\/div><\/div>\t\t\t\t<\/div>\n\t\t\t\t<\/div>\n\t\t\t\t\t<\/div>\n\t\t<\/div>\n\t\t\t\t\t<\/div>\n\t\t<\/section>\n\t\t\t\t<section class=\"elementor-section elementor-top-section elementor-element elementor-element-d54a3f5 elementor-section-boxed elementor-section-height-default elementor-section-height-default\" data-id=\"d54a3f5\" data-element_type=\"section\" data-e-type=\"section\">\n\t\t\t\t\t\t<div class=\"elementor-container elementor-column-gap-default\">\n\t\t\t\t\t<div class=\"elementor-column elementor-col-100 elementor-top-column elementor-element elementor-element-01423aa\" data-id=\"01423aa\" data-element_type=\"column\" data-e-type=\"column\">\n\t\t\t<div class=\"elementor-widget-wrap elementor-element-populated\">\n\t\t\t\t\t\t<div class=\"elementor-element elementor-element-d865ba6 elementor-widget elementor-widget-menu-anchor\" data-id=\"d865ba6\" data-element_type=\"widget\" data-e-type=\"widget\" data-widget_type=\"menu-anchor.default\">\n\t\t\t\t<div class=\"elementor-widget-container\">\n\t\t\t\t\t\t\t<div class=\"elementor-menu-anchor\" id=\"1\"><\/div>\n\t\t\t\t\t\t<\/div>\n\t\t\t\t<\/div>\n\t\t\t\t<div class=\"elementor-element elementor-element-ceran-title-icon elementor-widget elementor-widget-ceran-title-icon\" data-id=\"ceran-title-icon\" data-element_type=\"widget\" data-e-type=\"widget\" data-widget_type=\"ceran-title-icon.default\">\n\t\t\t\t<div class=\"elementor-widget-container\">\n\t\t\t\t\t<h2 class=\"ax-title-icon\"><div class=\"ax-title-icons bleu-rouge \"> L'environnement comme acc\u00e9l\u00e9rateur d'apprentissage <\/div><\/h2>\t\t\t\t<\/div>\n\t\t\t\t<\/div>\n\t\t\t\t<div class=\"elementor-element elementor-element-fae8341 elementor-widget elementor-widget-text-editor\" data-id=\"fae8341\" data-element_type=\"widget\" data-e-type=\"widget\" data-widget_type=\"text-editor.default\">\n\t\t\t\t<div class=\"elementor-widget-container\">\n\t\t\t\t\t\t\t\t\t<p>L&rsquo;expertise de nos formateurs, de nos consultants tout comme le contenu p\u00e9dagogique personnalis\u00e9 de nos formations et les outils digitaux sont indispensables au succ\u00e8s de nos formations linguistiques comme de nos formations interculturelles. Cepedant, cela ne suffit pas. L&rsquo;environnement et le cadre dans lesquels \u00e9volue l&rsquo;Apprenant sont \u00e9galement d\u00e9terminants. C&rsquo;est la raison pour laquelle nous avons int\u00e9gr\u00e9 le Groupe Ch\u00e2teauform&rsquo; en 2019. Leader europ\u00e9en du s\u00e9minaire et de l&rsquo;\u00e9v\u00e9nementiel, Ch\u00e2teauform&rsquo; offre des lieux de formation exclusivement d\u00e9di\u00e9s aux entreprises. Dans ces lieux privil\u00e9gi\u00e9s tout est pens\u00e9 pour le confort du Participant, tout est imagin\u00e9 pour faciliter l&rsquo;apprentissage d&rsquo;une langue ou d&rsquo;une culture. Ces lieux sont \u00e9galement con\u00e7us comme des maisons, espaces de rencontres et d&rsquo;\u00e9change par excellence. Votre bien-\u00eatre, votre confort sont la raison d&rsquo;\u00eatre de ces lieux.<\/p>\t\t\t\t\t\t\t\t<\/div>\n\t\t\t\t<\/div>\n\t\t\t\t\t<\/div>\n\t\t<\/div>\n\t\t\t\t\t<\/div>\n\t\t<\/section>\n\t\t\t\t<section class=\"elementor-section elementor-top-section elementor-element elementor-element-3843111 elementor-section-boxed elementor-section-height-default elementor-section-height-default\" data-id=\"3843111\" data-element_type=\"section\" data-e-type=\"section\">\n\t\t\t\t\t\t<div class=\"elementor-container elementor-column-gap-default\">\n\t\t\t\t\t<div class=\"elementor-column elementor-col-100 elementor-top-column elementor-element elementor-element-a1d2fa9\" data-id=\"a1d2fa9\" data-element_type=\"column\" data-e-type=\"column\">\n\t\t\t<div class=\"elementor-widget-wrap elementor-element-populated\">\n\t\t\t\t\t\t<div class=\"elementor-element elementor-element-ceran-blocks-categories elementor-widget elementor-widget-ceran-blocks-categories\" data-id=\"ceran-blocks-categories\" data-element_type=\"widget\" data-e-type=\"widget\" data-widget_type=\"ceran-blocks-categories.default\">\n\t\t\t\t<div class=\"elementor-widget-container\">\n\t\t\t\t\t<div class=\"container p-md-0\"><div class=\"row\"><div class=\"col-12 col-md-6 col-lg-4 gy-4\"><div class=\"corner corner-right-bottom elementor-repeater-item-ed65055\"><div class=\"corner-content\"><h3 class=\"bloc-title\">Professionnel<\/h3><p class=\"bloc-text\">En tant qu'Apprenant Professionnel, vous avez besoin de vous retrouver entre pairs.C'est pourquoi nous vous proposons des lieux de formation exclusifs, tels que notre centre de Spa en Belgique. Le ch\u00e2teau du Haut-Neubois qui vous accueille est le parfait \u00e9crin pour votre formation linguistique ou interculturelle. Tout le confort n\u00e9cessaire \u00e0 votre formation est au rendez-vous, tant c\u00f4t\u00e9 h\u00e9bergement que c\u00f4t\u00e9 salles de formation. En effet, tout, comme par exemple l'\u00e9quipement high-tech de nos salles, est pens\u00e9 pour vous faciliter la vie.                                                                                                                                      Vous n'avez qu'une mission, vous concentrer sur votre formation !<\/p><a class=\"ax-btn btn-arrow\" href=\"\/fr\/le-ceran-et-ses-methodes\/immersion-pour-les-professionnels-training\/\" >En savoir plus<\/a><\/div><\/div><\/div><div class=\"col-12 col-md-6 col-lg-4 gy-4\"><div class=\"corner corner-right-bottom elementor-repeater-item-4f4b2ed\"><div class=\"corner-content\"><h3 class=\"bloc-title\">Jeune adulte<\/h3><p class=\"bloc-text\">Vous \u00eates un Jeune adulte de 18 ans \u00e0 25 ans et vous \u00eates un Stagiaire avec des besoins diff\u00e9rents.                                                                                                                                                  Les activit\u00e9s d'apprentissage sont compl\u00e9t\u00e9es par de nombreuses activit\u00e9s de communication (les repas, les pauses, les moments de d\u00e9tente et les soir\u00e9es). Nos lieux de formation vous offre un large choix d'activit\u00e9s de d\u00e9tente telles que le tennis, le ping-pong, les terrains de sports collectifs, qui sont pour vous l'occasion de continuer \u00e0 \u00e9changer, \u00e0 dialoguer et \u00e0 assimiler la langue en cours d'apprentissage.<\/p><a class=\"ax-btn btn-arrow\" href=\"https:\/\/www.ceran.com\/fr\/stages-de-langue\/jeunes-adultes\/\" >En savoir plus<\/a><\/div><\/div><\/div><div class=\"col-12 col-md-6 col-lg-4 gy-4\"><div class=\"corner corner-right-bottom elementor-repeater-item-e75f9a8\"><div class=\"corner-content\"><h3 class=\"bloc-title\">Enfant<\/h3><p class=\"bloc-text\">Nos lieux de formation sont con\u00e7us comme des maisons o\u00f9 nos plus jeunes Apprenants, les Enfants, se sentiront \u00e0 l'aise.                                                                                                               Quoi de plus rassurant que le confort d'une maison et d'une \u00e9quipe qui g\u00e8re le lieu dans un esprit familial pour s'int\u00e9grer facilement dans un nouveau contexte ? Certains enfants sont d\u00e9j\u00e0 rassur\u00e9s avant de venir car leurs parents avant eux ont eu la chance de faire l'exp\u00e9rience des s\u00e9jours linguistiques au CERAN, les anciens alumnis.<\/p><a class=\"ax-btn btn-arrow\" href=\"https:\/\/www.ceran.com\/fr\/stages-de-langue\/\" >En savoir plus<\/a><\/div><\/div><\/div><\/div><\/div>\t\t\t\t<\/div>\n\t\t\t\t<\/div>\n\t\t\t\t\t<\/div>\n\t\t<\/div>\n\t\t\t\t\t<\/div>\n\t\t<\/section>\n\t\t\t\t<section class=\"elementor-section elementor-top-section elementor-element elementor-element-a408054 elementor-section-boxed elementor-section-height-default elementor-section-height-default\" data-id=\"a408054\" data-element_type=\"section\" data-e-type=\"section\">\n\t\t\t\t\t\t<div class=\"elementor-container elementor-column-gap-default\">\n\t\t\t\t\t<div class=\"elementor-column elementor-col-100 elementor-top-column elementor-element elementor-element-6b581f1\" data-id=\"6b581f1\" data-element_type=\"column\" data-e-type=\"column\">\n\t\t\t<div class=\"elementor-widget-wrap elementor-element-populated\">\n\t\t\t\t\t\t<div class=\"elementor-element elementor-element-ceran-trouver-financement elementor-widget elementor-widget-ceran-trouver-financement\" data-id=\"ceran-trouver-financement\" data-element_type=\"widget\" data-e-type=\"widget\" data-widget_type=\"ceran-trouver-financement.default\">\n\t\t\t\t<div class=\"elementor-widget-container\">\n\t\t\t\t\t<h2 class=\"ax-title-icon\"><div class=\"ax-title-icons bleu-rouge \"> Trouvez le financement qui vous convient ! <\/div><\/h2><div class=\"sub-title\"><p>Tous les cours de langues du CERAN peuvent b\u00e9n\u00e9ficier d'aides financi\u00e8res pour la formation linguistique ! Ces aides financi\u00e8res se pr\u00e9sentent sous diff\u00e9rentes formes et varient d'un pays \u00e0 l'autre et parfois d'une r\u00e9gion \u00e0 l'autre. Alors qu'en Belgique, il existe des ch\u00e8ques-formation, l'allocation de formation, la subvention KMO-portefeuille (porte-monnaie \u00e9lectronique des PME), les bourses Brawo et les bourses sectorielles IPV-IFP, au Grand-Duch\u00e9 de Luxembourg, la formation est cofinanc\u00e9e et en France, on utilise le CPF, ou Compte Personnel de Formation. Certaines formations interculturelles sont aussi parfois \u00e9ligibles \u00e0 des aides ou subventions.<\/p><\/div><h3 class=\"sub-title-2\">Trouvez les aides financi\u00e8res disponibles dans votre pays<\/h3><div class=\"container\"><div class=\"row gy-4\"><div class=\"col-sm-6 col-md-4 d-flex\"><a class=\"w-100 ax-btn btn-arrow-wide\" href=\"https:\/\/www.ceran.com\/fr\/le-ceran-et-ses-methodes\/faire-financer-sa-formation\/#france\" >France<\/a><\/div><div class=\"col-sm-6 col-md-4 d-flex\"><a class=\"w-100 ax-btn btn-arrow-wide\" href=\"https:\/\/www.ceran.com\/fr\/le-ceran-et-ses-methodes\/faire-financer-sa-formation\/#luxembourg\" >Luxembourg<\/a><\/div><div class=\"col-sm-6 col-md-4 d-flex\"><a class=\"w-100 ax-btn btn-arrow-wide\" href=\"https:\/\/www.ceran.com\/fr\/le-ceran-et-ses-methodes\/faire-financer-sa-formation\/#belgique\" >Belgique<\/a><\/div><\/div><\/div>\t\t\t\t<\/div>\n\t\t\t\t<\/div>\n\t\t\t\t\t<\/div>\n\t\t<\/div>\n\t\t\t\t\t<\/div>\n\t\t<\/section>\n\t\t\t\t<section class=\"elementor-section elementor-top-section elementor-element elementor-element-7eded66e elementor-section-boxed elementor-section-height-default elementor-section-height-default\" data-id=\"7eded66e\" data-element_type=\"section\" data-e-type=\"section\">\n\t\t\t\t\t\t<div class=\"elementor-container elementor-column-gap-default\">\n\t\t\t\t\t<div class=\"elementor-column elementor-col-33 elementor-top-column elementor-element elementor-element-526c6efb\" data-id=\"526c6efb\" data-element_type=\"column\" data-e-type=\"column\">\n\t\t\t<div class=\"elementor-widget-wrap elementor-element-populated\">\n\t\t\t\t\t\t<div class=\"elementor-element elementor-element-ceran_block-encadre-text-icon elementor-widget elementor-widget-ceran_block-encadre-text-icon\" data-id=\"ceran_block-encadre-text-icon\" data-element_type=\"widget\" data-e-type=\"widget\" data-widget_type=\"ceran_block-encadre-text-icon.default\">\n\t\t\t\t<div class=\"elementor-widget-container\">\n\t\t\t\t\t<div class=\"container p-0\"><div class=\"cropped bleu-rouge \"><div class=\"cropped-content\"><div class=\"row\"><div class=\"col text-container d-flex flex-wrap flex-column justify-content-center justify-content-md-start\"><h3 class=\"title col\">D\u00e9couvrez comment tout a commenc\u00e9 pour le CERAN<\/h3><div class=\"texte col\"><p>Ren\u00e9 Bastin a cr\u00e9\u00e9 le CERAN en 1975 au retour d'un s\u00e9jour de 10 ans au Burundi. Au Ch\u00e2teau du Haut-Neubois, ils ont cr\u00e9\u00e9 un lieu d'enseignement des langues \u00e9trang\u00e8res dans un contexte de rencontres internationales. Monique &amp; Ren\u00e9 ont \u00e9t\u00e9 des pionniers et ont d\u00e9velopp\u00e9 une nouvelle m\u00e9thodologie d'apprentissage innovante et interactive bas\u00e9e sur les principes de l'immersion.\u00a0<\/p><\/div><a class=\"ax-btn btn-arrow\" href=\"https:\/\/www.ceran.com\/fr\/le-ceran-et-ses-methodes\/lhistoire-du-ceran\/\" >En savoir plus<\/a><\/div><\/div><\/div><\/div><\/div>\t\t\t\t<\/div>\n\t\t\t\t<\/div>\n\t\t\t\t\t<\/div>\n\t\t<\/div>\n\t\t\t\t<div class=\"elementor-column elementor-col-33 elementor-top-column elementor-element elementor-element-3c967d5\" data-id=\"3c967d5\" data-element_type=\"column\" data-e-type=\"column\">\n\t\t\t<div class=\"elementor-widget-wrap elementor-element-populated\">\n\t\t\t\t\t\t<div class=\"elementor-element elementor-element-ceran_block-encadre-text-icon elementor-widget elementor-widget-ceran_block-encadre-text-icon\" data-id=\"ceran_block-encadre-text-icon\" data-element_type=\"widget\" data-e-type=\"widget\" data-widget_type=\"ceran_block-encadre-text-icon.default\">\n\t\t\t\t<div class=\"elementor-widget-container\">\n\t\t\t\t\t<div class=\"container p-0\"><div class=\"cropped bleu-rouge \"><div class=\"cropped-content\"><div class=\"row\"><div class=\"col text-container d-flex flex-wrap flex-column justify-content-center justify-content-md-start\"><h3 class=\"title col\">Qualit\u00e9<\/h3><div class=\"texte col\"><p>La qualit\u00e9 est le ma\u00eetre mot des formations dispens\u00e9es par le CERAN. Qu'il s'agisse de formations linguistiques ou de formations interculturelles, une seule r\u00e8gle pr\u00e9vaut : d\u00e9livrer une qualit\u00e9 de service irr\u00e9prochable ! C'est la raison pour laquelle au CERAN vous \u00eates \" satisfait.e ou reform\u00e9.e gratuitement \".<\/p><\/div><a class=\"ax-btn btn-arrow\" href=\"https:\/\/www.ceran.com\/fr\/qualite\/\" >En savoir plus<\/a><\/div><\/div><\/div><\/div><\/div>\t\t\t\t<\/div>\n\t\t\t\t<\/div>\n\t\t\t\t\t<\/div>\n\t\t<\/div>\n\t\t\t\t<div class=\"elementor-column elementor-col-33 elementor-top-column elementor-element elementor-element-4a740756\" data-id=\"4a740756\" data-element_type=\"column\" data-e-type=\"column\">\n\t\t\t<div class=\"elementor-widget-wrap elementor-element-populated\">\n\t\t\t\t\t\t<div class=\"elementor-element elementor-element-ceran_block-encadre-text-icon elementor-widget elementor-widget-ceran_block-encadre-text-icon\" data-id=\"ceran_block-encadre-text-icon\" data-element_type=\"widget\" data-e-type=\"widget\" data-widget_type=\"ceran_block-encadre-text-icon.default\">\n\t\t\t\t<div class=\"elementor-widget-container\">\n\t\t\t\t\t<div class=\"container p-0\"><div class=\"cropped bleu-rouge \"><div class=\"cropped-content\"><div class=\"row\"><div class=\"col text-container d-flex flex-wrap flex-column justify-content-center justify-content-md-start\"><h3 class=\"title col\">Accessibilit\u00e9<\/h3><div class=\"texte col\"><p>L'accessibilit\u00e9 de nos lieux de formation est \u00e9galement une composante majeure dans l'accueil de nos Apprenants. C\u2019est la raison pour laquelle nous optimisons tout le confort et les infrastructures n\u00e9cessaires \u00e0 l\u2019accueil de ces personnes dans nos lieux de formation. Particuli\u00e8rement en France, un registre d\u2019accessibilit\u00e9 CERAN est \u00e0 la disposition de ce public.<\/p><\/div><a class=\"ax-btn btn-arrow\" href=\"https:\/\/www.ceran.com\/fr\/accessibilite\/\" >En savoir plus<\/a><\/div><\/div><\/div><\/div><\/div>\t\t\t\t<\/div>\n\t\t\t\t<\/div>\n\t\t\t\t\t<\/div>\n\t\t<\/div>\n\t\t\t\t\t<\/div>\n\t\t<\/section>\n\t\t\t\t<section class=\"elementor-section elementor-top-section elementor-element elementor-element-7781fd79 elementor-section-boxed elementor-section-height-default elementor-section-height-default\" data-id=\"7781fd79\" data-element_type=\"section\" data-e-type=\"section\" id=\"ax-informations\" data-settings=\"{&quot;background_background&quot;:&quot;classic&quot;}\">\n\t\t\t\t\t\t<div class=\"elementor-container elementor-column-gap-default\">\n\t\t\t\t\t<div class=\"elementor-column elementor-col-100 elementor-top-column elementor-element elementor-element-5f8e8252\" data-id=\"5f8e8252\" data-element_type=\"column\" data-e-type=\"column\">\n\t\t\t<div class=\"elementor-widget-wrap elementor-element-populated\">\n\t\t\t\t\t\t<div class=\"elementor-element elementor-element-ceran_block-info elementor-widget elementor-widget-ceran_block-info\" data-id=\"ceran_block-info\" data-element_type=\"widget\" data-e-type=\"widget\" data-widget_type=\"ceran_block-info.default\">\n\t\t\t\t<div class=\"elementor-widget-container\">\n\t\t\t\t\t<div class=\"container\"><div class=\"wrapper\"><span class=\"svg-forme\" style=\"background-image: url(https:\/\/www.ceran.com\/wp-content\/uploads\/2021\/11\/logo-1.png)\"><\/span><p class=\"title\">Besoin de plus d'informations ?<\/p><div class=\"text\">Si vous souhaitez en savoir plus ou r\u00e9server une formation, laissez-nous vos  coordonn\u00e9es et nous vous recontacterons dans les plus brefs d\u00e9lais. Les champs  marqu\u00e9s d\u2019une asterisque sont obligatoires.<\/div><a class=\"ax-btn btn-arrow-wide\" href=\"\/nous-contacter\/\" >Remplir le formulaire de contact<\/a><\/div><\/div>\t\t\t\t<\/div>\n\t\t\t\t<\/div>\n\t\t\t\t\t<\/div>\n\t\t<\/div>\n\t\t\t\t\t<\/div>\n\t\t<\/section>\n\t\t\t\t<\/div>\n\t\t","protected":false},"excerpt":{"rendered":"<p>LE CERAN ET SES METHODESContactez-nous Depuis 1975 le CERAN fait vivre au quotidien \u00e0 ses Apprenants la passion de ses fondateurs, Monique &amp; Ren\u00e9 Bastin, dont le r\u00eave \u00e9tait d&rsquo;enseigner les langues \u00e9trang\u00e8res dans un cadre de rencontres internationales.\u00a0 Notre mission reste inchang\u00e9e, celle d&rsquo;accompagner des femmes et des hommes d&rsquo;horizons et de cultures diff\u00e9rents [&hellip;]<\/p>\n","protected":false},"author":1,"featured_media":0,"parent":0,"menu_order":0,"comment_status":"closed","ping_status":"closed","template":"","meta":{"_acf_changed":false,"_seopress_robots_primary_cat":"","_seopress_titles_title":"","_seopress_titles_desc":"Sp\u00e9cialiste de formations linguistiques et interculturelles, le CERAN se distingue par son concept d'immersion qui donne la priorit\u00e9 absolue \u00e0 l'oral.","_seopress_robots_index":"","content-type":"","footnotes":""},"class_list":["post-1056","page","type-page","status-publish","hentry"],"acf":[],"yoast_head":"<!-- This site is optimized with the Yoast SEO plugin v27.4 - https:\/\/yoast.com\/product\/yoast-seo-wordpress\/ -->\n<title>Le CERAN et ses m\u00e9thodes - Ceran<\/title>\n<meta name=\"description\" content=\"Sp\u00e9cialiste de formations linguistiques et interculturelles, le CERAN se distingue par son concept d&#039;immersion qui donne la priorit\u00e9 absolue \u00e0 l&#039;oral.\" \/>\n<meta name=\"robots\" content=\"index, follow, max-snippet:-1, max-image-preview:large, max-video-preview:-1\" \/>\n<link rel=\"canonical\" href=\"https:\/\/www.ceran.com\/fr\/le-ceran-et-ses-methodes\/\" \/>\n<meta property=\"og:locale\" content=\"fr_FR\" \/>\n<meta property=\"og:type\" content=\"article\" \/>\n<meta property=\"og:title\" content=\"Le CERAN et ses m\u00e9thodes - Ceran\" \/>\n<meta property=\"og:description\" content=\"Sp\u00e9cialiste de formations linguistiques et interculturelles, le CERAN se distingue par son concept d&#039;immersion qui donne la priorit\u00e9 absolue \u00e0 l&#039;oral.\" \/>\n<meta property=\"og:url\" content=\"https:\/\/www.ceran.com\/fr\/le-ceran-et-ses-methodes\/\" \/>\n<meta property=\"og:site_name\" content=\"Ceran\" \/>\n<meta property=\"article:modified_time\" content=\"2024-11-26T15:56:39+00:00\" \/>\n<meta property=\"og:image\" content=\"https:\/\/www.ceran.com\/wp-content\/uploads\/2022\/01\/Union-1.png\" \/>\n<meta name=\"twitter:card\" content=\"summary_large_image\" \/>\n<script type=\"application\/ld+json\" class=\"yoast-schema-graph\">{\"@context\":\"https:\\\/\\\/schema.org\",\"@graph\":[{\"@type\":\"WebPage\",\"@id\":\"https:\\\/\\\/www.ceran.com\\\/fr\\\/le-ceran-et-ses-methodes\\\/\",\"url\":\"https:\\\/\\\/www.ceran.com\\\/fr\\\/le-ceran-et-ses-methodes\\\/\",\"name\":\"Le CERAN et ses m\u00e9thodes - Ceran\",\"isPartOf\":{\"@id\":\"https:\\\/\\\/www.ceran.com\\\/fr\\\/#website\"},\"primaryImageOfPage\":{\"@id\":\"https:\\\/\\\/www.ceran.com\\\/fr\\\/le-ceran-et-ses-methodes\\\/#primaryimage\"},\"image\":{\"@id\":\"https:\\\/\\\/www.ceran.com\\\/fr\\\/le-ceran-et-ses-methodes\\\/#primaryimage\"},\"thumbnailUrl\":\"https:\\\/\\\/www.ceran.com\\\/wp-content\\\/uploads\\\/2022\\\/01\\\/Union-1.png\",\"datePublished\":\"2022-01-11T16:57:16+00:00\",\"dateModified\":\"2024-11-26T15:56:39+00:00\",\"description\":\"Sp\u00e9cialiste de formations linguistiques et interculturelles, le CERAN se distingue par son concept d'immersion qui donne la priorit\u00e9 absolue \u00e0 l'oral.\",\"breadcrumb\":{\"@id\":\"https:\\\/\\\/www.ceran.com\\\/fr\\\/le-ceran-et-ses-methodes\\\/#breadcrumb\"},\"inLanguage\":\"fr-FR\",\"potentialAction\":[{\"@type\":\"ReadAction\",\"target\":[\"https:\\\/\\\/www.ceran.com\\\/fr\\\/le-ceran-et-ses-methodes\\\/\"]}]},{\"@type\":\"ImageObject\",\"inLanguage\":\"fr-FR\",\"@id\":\"https:\\\/\\\/www.ceran.com\\\/fr\\\/le-ceran-et-ses-methodes\\\/#primaryimage\",\"url\":\"https:\\\/\\\/www.ceran.com\\\/wp-content\\\/uploads\\\/2022\\\/01\\\/Union-1.png\",\"contentUrl\":\"https:\\\/\\\/www.ceran.com\\\/wp-content\\\/uploads\\\/2022\\\/01\\\/Union-1.png\"},{\"@type\":\"BreadcrumbList\",\"@id\":\"https:\\\/\\\/www.ceran.com\\\/fr\\\/le-ceran-et-ses-methodes\\\/#breadcrumb\",\"itemListElement\":[{\"@type\":\"ListItem\",\"position\":1,\"name\":\"Accueil\",\"item\":\"https:\\\/\\\/www.ceran.com\\\/fr\\\/\"},{\"@type\":\"ListItem\",\"position\":2,\"name\":\"Le CERAN et ses m\u00e9thodes\"}]},{\"@type\":\"WebSite\",\"@id\":\"https:\\\/\\\/www.ceran.com\\\/fr\\\/#website\",\"url\":\"https:\\\/\\\/www.ceran.com\\\/fr\\\/\",\"name\":\"Ceran\",\"description\":\"Des formations linguistiques et interculturelles qui vous ouvrent de nouveaux horizons\",\"publisher\":{\"@id\":\"https:\\\/\\\/www.ceran.com\\\/fr\\\/#organization\"},\"potentialAction\":[{\"@type\":\"SearchAction\",\"target\":{\"@type\":\"EntryPoint\",\"urlTemplate\":\"https:\\\/\\\/www.ceran.com\\\/fr\\\/?s={search_term_string}\"},\"query-input\":{\"@type\":\"PropertyValueSpecification\",\"valueRequired\":true,\"valueName\":\"search_term_string\"}}],\"inLanguage\":\"fr-FR\"},{\"@type\":\"Organization\",\"@id\":\"https:\\\/\\\/www.ceran.com\\\/fr\\\/#organization\",\"name\":\"Ceran\",\"url\":\"https:\\\/\\\/www.ceran.com\\\/fr\\\/\",\"logo\":{\"@type\":\"ImageObject\",\"inLanguage\":\"fr-FR\",\"@id\":\"https:\\\/\\\/www.ceran.com\\\/fr\\\/#\\\/schema\\\/logo\\\/image\\\/\",\"url\":\"https:\\\/\\\/www.ceran.com\\\/wp-content\\\/uploads\\\/2025\\\/06\\\/Logo-CERAN-16-x-16-pixels.svg\",\"contentUrl\":\"https:\\\/\\\/www.ceran.com\\\/wp-content\\\/uploads\\\/2025\\\/06\\\/Logo-CERAN-16-x-16-pixels.svg\",\"width\":30,\"height\":30,\"caption\":\"Ceran\"},\"image\":{\"@id\":\"https:\\\/\\\/www.ceran.com\\\/fr\\\/#\\\/schema\\\/logo\\\/image\\\/\"}}]}<\/script>\n<!-- \/ Yoast SEO plugin. -->","yoast_head_json":{"title":"Le CERAN et ses m\u00e9thodes - Ceran","description":"Sp\u00e9cialiste de formations linguistiques et interculturelles, le CERAN se distingue par son concept d'immersion qui donne la priorit\u00e9 absolue \u00e0 l'oral.","robots":{"index":"index","follow":"follow","max-snippet":"max-snippet:-1","max-image-preview":"max-image-preview:large","max-video-preview":"max-video-preview:-1"},"canonical":"https:\/\/www.ceran.com\/fr\/le-ceran-et-ses-methodes\/","og_locale":"fr_FR","og_type":"article","og_title":"Le CERAN et ses m\u00e9thodes - Ceran","og_description":"Sp\u00e9cialiste de formations linguistiques et interculturelles, le CERAN se distingue par son concept d'immersion qui donne la priorit\u00e9 absolue \u00e0 l'oral.","og_url":"https:\/\/www.ceran.com\/fr\/le-ceran-et-ses-methodes\/","og_site_name":"Ceran","article_modified_time":"2024-11-26T15:56:39+00:00","og_image":[{"url":"https:\/\/www.ceran.com\/wp-content\/uploads\/2022\/01\/Union-1.png","type":"","width":"","height":""}],"twitter_card":"summary_large_image","schema":{"@context":"https:\/\/schema.org","@graph":[{"@type":"WebPage","@id":"https:\/\/www.ceran.com\/fr\/le-ceran-et-ses-methodes\/","url":"https:\/\/www.ceran.com\/fr\/le-ceran-et-ses-methodes\/","name":"Le CERAN et ses m\u00e9thodes - Ceran","isPartOf":{"@id":"https:\/\/www.ceran.com\/fr\/#website"},"primaryImageOfPage":{"@id":"https:\/\/www.ceran.com\/fr\/le-ceran-et-ses-methodes\/#primaryimage"},"image":{"@id":"https:\/\/www.ceran.com\/fr\/le-ceran-et-ses-methodes\/#primaryimage"},"thumbnailUrl":"https:\/\/www.ceran.com\/wp-content\/uploads\/2022\/01\/Union-1.png","datePublished":"2022-01-11T16:57:16+00:00","dateModified":"2024-11-26T15:56:39+00:00","description":"Sp\u00e9cialiste de formations linguistiques et interculturelles, le CERAN se distingue par son concept d'immersion qui donne la priorit\u00e9 absolue \u00e0 l'oral.","breadcrumb":{"@id":"https:\/\/www.ceran.com\/fr\/le-ceran-et-ses-methodes\/#breadcrumb"},"inLanguage":"fr-FR","potentialAction":[{"@type":"ReadAction","target":["https:\/\/www.ceran.com\/fr\/le-ceran-et-ses-methodes\/"]}]},{"@type":"ImageObject","inLanguage":"fr-FR","@id":"https:\/\/www.ceran.com\/fr\/le-ceran-et-ses-methodes\/#primaryimage","url":"https:\/\/www.ceran.com\/wp-content\/uploads\/2022\/01\/Union-1.png","contentUrl":"https:\/\/www.ceran.com\/wp-content\/uploads\/2022\/01\/Union-1.png"},{"@type":"BreadcrumbList","@id":"https:\/\/www.ceran.com\/fr\/le-ceran-et-ses-methodes\/#breadcrumb","itemListElement":[{"@type":"ListItem","position":1,"name":"Accueil","item":"https:\/\/www.ceran.com\/fr\/"},{"@type":"ListItem","position":2,"name":"Le CERAN et ses m\u00e9thodes"}]},{"@type":"WebSite","@id":"https:\/\/www.ceran.com\/fr\/#website","url":"https:\/\/www.ceran.com\/fr\/","name":"Ceran","description":"Des formations linguistiques et interculturelles qui vous ouvrent de nouveaux horizons","publisher":{"@id":"https:\/\/www.ceran.com\/fr\/#organization"},"potentialAction":[{"@type":"SearchAction","target":{"@type":"EntryPoint","urlTemplate":"https:\/\/www.ceran.com\/fr\/?s={search_term_string}"},"query-input":{"@type":"PropertyValueSpecification","valueRequired":true,"valueName":"search_term_string"}}],"inLanguage":"fr-FR"},{"@type":"Organization","@id":"https:\/\/www.ceran.com\/fr\/#organization","name":"Ceran","url":"https:\/\/www.ceran.com\/fr\/","logo":{"@type":"ImageObject","inLanguage":"fr-FR","@id":"https:\/\/www.ceran.com\/fr\/#\/schema\/logo\/image\/","url":"https:\/\/www.ceran.com\/wp-content\/uploads\/2025\/06\/Logo-CERAN-16-x-16-pixels.svg","contentUrl":"https:\/\/www.ceran.com\/wp-content\/uploads\/2025\/06\/Logo-CERAN-16-x-16-pixels.svg","width":30,"height":30,"caption":"Ceran"},"image":{"@id":"https:\/\/www.ceran.com\/fr\/#\/schema\/logo\/image\/"}}]}},"_links":{"self":[{"href":"https:\/\/www.ceran.com\/fr\/wp-json\/wp\/v2\/pages\/1056","targetHints":{"allow":["GET"]}}],"collection":[{"href":"https:\/\/www.ceran.com\/fr\/wp-json\/wp\/v2\/pages"}],"about":[{"href":"https:\/\/www.ceran.com\/fr\/wp-json\/wp\/v2\/types\/page"}],"author":[{"embeddable":true,"href":"https:\/\/www.ceran.com\/fr\/wp-json\/wp\/v2\/users\/1"}],"replies":[{"embeddable":true,"href":"https:\/\/www.ceran.com\/fr\/wp-json\/wp\/v2\/comments?post=1056"}],"version-history":[{"count":9,"href":"https:\/\/www.ceran.com\/fr\/wp-json\/wp\/v2\/pages\/1056\/revisions"}],"predecessor-version":[{"id":107561,"href":"https:\/\/www.ceran.com\/fr\/wp-json\/wp\/v2\/pages\/1056\/revisions\/107561"}],"wp:attachment":[{"href":"https:\/\/www.ceran.com\/fr\/wp-json\/wp\/v2\/media?parent=1056"}],"curies":[{"name":"wp","href":"https:\/\/api.w.org\/{rel}","templated":true}]}}