{"id":1061,"date":"2022-01-11T17:59:29","date_gmt":"2022-01-11T16:59:29","guid":{"rendered":"https:\/\/www.ceran.com\/?page_id=1061"},"modified":"2024-10-23T12:33:15","modified_gmt":"2024-10-23T10:33:15","slug":"nos-lieux-de-formation","status":"publish","type":"page","link":"https:\/\/www.ceran.com\/fr\/nos-lieux-de-formation\/","title":{"rendered":"Nos lieux de formation"},"content":{"rendered":"\t\t<div data-elementor-type=\"wp-page\" data-elementor-id=\"1061\" class=\"elementor elementor-1061\" data-elementor-post-type=\"page\">\n\t\t\t\t\t\t<section class=\"elementor-section elementor-top-section elementor-element elementor-element-2d3f6e7 elementor-section-boxed elementor-section-height-default elementor-section-height-default\" data-id=\"2d3f6e7\" data-element_type=\"section\" data-e-type=\"section\">\n\t\t\t\t\t\t<div class=\"elementor-container elementor-column-gap-default\">\n\t\t\t\t\t<div class=\"elementor-column elementor-col-100 elementor-top-column elementor-element elementor-element-423ae76\" data-id=\"423ae76\" data-element_type=\"column\" data-e-type=\"column\">\n\t\t\t<div class=\"elementor-widget-wrap elementor-element-populated\">\n\t\t\t\t\t\t<div class=\"elementor-element elementor-element-fa81136 elementor-widget elementor-widget-template\" data-id=\"fa81136\" data-element_type=\"widget\" data-e-type=\"widget\" data-widget_type=\"template.default\">\n\t\t\t\t<div class=\"elementor-widget-container\">\n\t\t\t\t\t\t\t<div class=\"elementor-template\">\n\t\t\t\t\t<div data-elementor-type=\"section\" data-elementor-id=\"2014\" class=\"elementor elementor-2014\" data-elementor-post-type=\"elementor_library\">\n\t\t\t\t\t<section class=\"elementor-section elementor-top-section elementor-element elementor-element-7ff20875 elementor-section-boxed elementor-section-height-default elementor-section-height-default\" data-id=\"7ff20875\" data-element_type=\"section\" data-e-type=\"section\">\n\t\t\t\t\t\t<div class=\"elementor-container elementor-column-gap-default\">\n\t\t\t\t\t<div class=\"elementor-column elementor-col-100 elementor-top-column elementor-element elementor-element-a5e383b\" data-id=\"a5e383b\" data-element_type=\"column\" data-e-type=\"column\">\n\t\t\t<div class=\"elementor-widget-wrap elementor-element-populated\">\n\t\t\t\t\t\t<div class=\"elementor-element elementor-element-3edd7a7e elementor-widget elementor-widget-breadcrumbs\" data-id=\"3edd7a7e\" data-element_type=\"widget\" data-e-type=\"widget\" data-widget_type=\"breadcrumbs.default\">\n\t\t\t\t<div class=\"elementor-widget-container\">\n\t\t\t\t\t<p id=\"breadcrumbs\"><span><span><a href=\"https:\/\/www.ceran.com\/fr\/\">Accueil<\/a><\/span><\/span><\/p>\t\t\t\t<\/div>\n\t\t\t\t<\/div>\n\t\t\t\t\t<\/div>\n\t\t<\/div>\n\t\t\t\t\t<\/div>\n\t\t<\/section>\n\t\t\t\t<\/div>\n\t\t\t\t<\/div>\n\t\t\t\t\t\t<\/div>\n\t\t\t\t<\/div>\n\t\t\t\t\t<\/div>\n\t\t<\/div>\n\t\t\t\t\t<\/div>\n\t\t<\/section>\n\t\t\t\t<section class=\"elementor-section elementor-top-section elementor-element elementor-element-4f8a0da elementor-section-boxed elementor-section-height-default elementor-section-height-default\" data-id=\"4f8a0da\" data-element_type=\"section\" data-e-type=\"section\">\n\t\t\t\t\t\t<div class=\"elementor-container elementor-column-gap-default\">\n\t\t\t\t\t<div class=\"elementor-column elementor-col-100 elementor-top-column elementor-element elementor-element-9e43cf0\" data-id=\"9e43cf0\" data-element_type=\"column\" data-e-type=\"column\">\n\t\t\t<div class=\"elementor-widget-wrap elementor-element-populated\">\n\t\t\t\t\t\t<div class=\"elementor-element elementor-element-double-colonne-texte elementor-widget elementor-widget-double-colonne-texte\" data-id=\"double-colonne-texte\" data-element_type=\"widget\" data-e-type=\"widget\" data-widget_type=\"double-colonne-texte.default\">\n\t\t\t\t<div class=\"elementor-widget-container\">\n\t\t\t\t\t<div class=\"widget-column  \"><div class=\"wrapper-column\"><div class=\"corner corner-right-top-bottom\"><div class=\"corner-content\"><div class=\"ax-title mb-5\">Nos lieux de formation<\/div><div class=\"bottom-block row\"><div class=\"bottom-block-img col-6\"><img decoding=\"async\" width=\"126\" height=\"91\" src=\"https:\/\/www.ceran.com\/wp-content\/uploads\/2022\/01\/Union-1.png\" class=\"attachment-thumbnail size-thumbnail\" alt=\"\" \/><\/div><div class=\"bottom-block-links col-6 d-flex flex-column\"><a href=\"https:\/\/www.ceran.com\/fr\/nous-contacter\/\" class=\"ax-btn btn-mail-black mb-2\" >Contactez-nous<\/a><\/div><\/div><\/div><\/div><\/div><div class=\"wrapper-column\"><div class=\"corner corner-left-top-bottom\" style=\" display: flex; align-items: center;\"><div class=\"corner-content\"><p>Le Groupe CERAN, par sa pr\u00e9sence europ\u00e9enne, vous offre un large choix de destinations et de lieux. Que ce soit un ch\u00e2teau \u00e0 la campagne et son parc, un chalet dans un \u00e9crin de montagnes ou un site en ville, le choix est v\u00f4tre. Nos lieux, nos maisons s'adaptent aux diff\u00e9rents types de formations, en r\u00e9sidentiel, \u00e0 la journ\u00e9e tout comme aux diff\u00e9rents Apprenants : Executives, Young adults ou Juniors.<\/p><p>Toutes les \u00e9quipes CERAN n'ont qu'une mission : vous accompagner dans l'atteinte des objectifs que vous vous \u00eates fix\u00e9s tout en vous faisant vivre une exp\u00e9rience humaine unique dans des lieux incomparables !<\/p><\/div><\/div><\/div><\/div>\t\t\t\t<\/div>\n\t\t\t\t<\/div>\n\t\t\t\t\t<\/div>\n\t\t<\/div>\n\t\t\t\t\t<\/div>\n\t\t<\/section>\n\t\t\t\t<section class=\"elementor-section elementor-top-section elementor-element elementor-element-dd0f71d elementor-section-boxed elementor-section-height-default elementor-section-height-default\" data-id=\"dd0f71d\" data-element_type=\"section\" data-e-type=\"section\">\n\t\t\t\t\t\t<div class=\"elementor-container elementor-column-gap-default\">\n\t\t\t\t\t<div class=\"elementor-column elementor-col-100 elementor-top-column elementor-element elementor-element-0406c4b\" data-id=\"0406c4b\" data-element_type=\"column\" data-e-type=\"column\">\n\t\t\t<div class=\"elementor-widget-wrap elementor-element-populated\">\n\t\t\t\t\t\t<div class=\"elementor-element elementor-element-ceran-title-icon elementor-widget elementor-widget-ceran-title-icon\" data-id=\"ceran-title-icon\" data-element_type=\"widget\" data-e-type=\"widget\" data-widget_type=\"ceran-title-icon.default\">\n\t\t\t\t<div class=\"elementor-widget-container\">\n\t\t\t\t\t<h2 class=\"ax-title-icon\"><div class=\"ax-title-icons bleu-rouge \"> Une pr\u00e9sence europ\u00e9enne  <\/div><\/h2>\t\t\t\t<\/div>\n\t\t\t\t<\/div>\n\t\t\t\t\t<\/div>\n\t\t<\/div>\n\t\t\t\t\t<\/div>\n\t\t<\/section>\n\t\t\t\t<section class=\"elementor-section elementor-top-section elementor-element elementor-element-d5d3d34 elementor-section-boxed elementor-section-height-default elementor-section-height-default\" data-id=\"d5d3d34\" data-element_type=\"section\" data-e-type=\"section\">\n\t\t\t\t\t\t<div class=\"elementor-container elementor-column-gap-default\">\n\t\t\t\t\t<div class=\"elementor-column elementor-col-100 elementor-top-column elementor-element elementor-element-399a2b0\" data-id=\"399a2b0\" data-element_type=\"column\" data-e-type=\"column\">\n\t\t\t<div class=\"elementor-widget-wrap elementor-element-populated\">\n\t\t\t\t\t\t<div class=\"elementor-element elementor-element-c36743d elementor-widget elementor-widget-text-editor\" data-id=\"c36743d\" data-element_type=\"widget\" data-e-type=\"widget\" data-widget_type=\"text-editor.default\">\n\t\t\t\t<div class=\"elementor-widget-container\">\n\t\t\t\t\t\t\t\t\t<p>L&rsquo;aventure du CERAN a commenc\u00e9 en Belgique et plus pr\u00e9cis\u00e9ment \u00e0 Spa o\u00f9 se sont install\u00e9s Ren\u00e9 &amp; Monique Bastin, les fondateurs du CERAN \u00e0 leur retour d&rsquo;une longue expatriation au Burundi. Le CERAN, Centre d&rsquo;Etude et de Rencontre \u00e0 Nivez\u00e9, n&rsquo;a cess\u00e9 de grandir en Belgique puis d&rsquo;exporter son savoir-faire vers d&rsquo;autres pays voisins Ce d\u00e9veloppement europ\u00e9en s&rsquo;est acc\u00e9l\u00e9r\u00e9 lorsque le CERAN a int\u00e9gr\u00e9 le Groupe Ch\u00e2teauform&rsquo; en 2019. Si les maisons de Ch\u00e2teauform&rsquo;, le Learning Lab &amp; le ch\u00e2teau de M\u00e9ry en France ainsi que le Chalet de Champ\u00e9ry en Suisse, sont d\u00e9di\u00e9es \u00e0 l&rsquo;accueil des Apprenants du CERAN, d&rsquo;autres maisons du groupe ont \u00e9galement le plaisir de les accueillir.<\/p>\t\t\t\t\t\t\t\t<\/div>\n\t\t\t\t<\/div>\n\t\t\t\t<div class=\"elementor-element elementor-element-ceran-dropdown-img-text elementor-widget elementor-widget-ceran-dropdown-img-text\" data-id=\"ceran-dropdown-img-text\" data-element_type=\"widget\" data-e-type=\"widget\" data-widget_type=\"ceran-dropdown-img-text.default\">\n\t\t\t\t<div class=\"elementor-widget-container\">\n\t\t\t\t\t<div class=\"container p-md-0\"><div class=\"accordion\" id=\"ax-accordion-69ec750330195\"><div class=\"accordion-item elementor-repeater-item-c1b0bb9\"><h2 class=\"accordion-header\"><button class=\"accordion-button\" type=\"button\" data-bs-toggle=\"collapse\" data-bs-target=\"#collapse-elementor-repeater-item-c1b0bb9\" aria-expanded=\"true\">Spa Belgique - Immersion adulte<\/button><\/h2><div id=\"collapse-elementor-repeater-item-c1b0bb9\" class=\"accordion-collapse collapse show\" data-bs-parent=\"#ax-accordion-69ec750330195\"><div class=\"accordion-body\"><div class=\"row\"><div class=\"col-md-6\"><div class=\"mb-3 text-content\">Spa Belgique\n\nLa r\u00e9putation de la ville de Spa n'est plus \u00e0 faire. Elle est inscrite au patrimoine mondial de l\u2019UNESCO des \u00ab Grandes Villes d'Eaux d\u2019Europe \u00bb. Spa abrite \u00e9galement le ch\u00e2teau du Haut-Neubois, le navire amiral du CERAN. Ce sont les fondateurs du Groupe,  Ren\u00e9 & Monique Bastin qui l'ont acquis en 1984 pour y d\u00e9velopper leur m\u00e9thode unique dans l'enseignement des langues \u00e9trang\u00e8res. \n<\/div><a href=\"\/fr\/centre\/spa\/\" class=\"ax-btn btn-arrow\" >D\u00e9couvrir le lieu<\/a><\/div><div class=\"col-md-6\"><img fetchpriority=\"high\" decoding=\"async\" width=\"640\" height=\"427\" src=\"https:\/\/www.ceran.com\/wp-content\/uploads\/2022\/03\/2I0A3956_SPA-HD-1024x683.jpg\" class=\"attachment-large size-large\" alt=\"\" srcset=\"https:\/\/www.ceran.com\/wp-content\/uploads\/2022\/03\/2I0A3956_SPA-HD-1024x683.jpg 1024w, https:\/\/www.ceran.com\/wp-content\/uploads\/2022\/03\/2I0A3956_SPA-HD-300x200.jpg 300w, https:\/\/www.ceran.com\/wp-content\/uploads\/2022\/03\/2I0A3956_SPA-HD-768x512.jpg 768w, https:\/\/www.ceran.com\/wp-content\/uploads\/2022\/03\/2I0A3956_SPA-HD-1536x1024.jpg 1536w, https:\/\/www.ceran.com\/wp-content\/uploads\/2022\/03\/2I0A3956_SPA-HD.jpg 1620w\" sizes=\"(max-width: 640px) 100vw, 640px\" \/><\/div><\/div><\/div><\/div><\/div><div class=\"accordion-item elementor-repeater-item-4233798\"><h2 class=\"accordion-header\"><button class=\"accordion-button collapsed\" type=\"button\" data-bs-toggle=\"collapse\" data-bs-target=\"#collapse-elementor-repeater-item-4233798\" aria-expanded=\"false\">City Brussels Belgique<\/button><\/h2><div id=\"collapse-elementor-repeater-item-4233798\" class=\"accordion-collapse collapse\" data-bs-parent=\"#ax-accordion-69ec750330195\"><div class=\"accordion-body\"><div class=\"row\"><div class=\"col-md-6\"><div class=\"mb-3 text-content\">Au m\u00eame titre que la ville de Bruxelles est au c\u0153ur de l'Europe, le centre CERAN City Brussels est au c\u0153ur de la capitale. Outre sa situation g\u00e9ographique centrale, CERAN City Brussels vous offre des conditions d'apprentissage optimales dans des locaux modernes, lumineux, et tr\u00e8s bien \u00e9quip\u00e9s.<\/div><a href=\"https:\/\/www.ceran.com\/fr\/centre\/city-brussels\/\" class=\"ax-btn btn-arrow\" >D\u00e9couvrir le lieu<\/a><\/div><div class=\"col-md-6\"><img decoding=\"async\" width=\"640\" height=\"427\" src=\"https:\/\/www.ceran.com\/wp-content\/uploads\/2022\/03\/BRUXELLES_francois-genon-M5IuGintPvo-unsplash-1024x683.jpg\" class=\"attachment-large size-large\" alt=\"\" srcset=\"https:\/\/www.ceran.com\/wp-content\/uploads\/2022\/03\/BRUXELLES_francois-genon-M5IuGintPvo-unsplash-1024x683.jpg 1024w, https:\/\/www.ceran.com\/wp-content\/uploads\/2022\/03\/BRUXELLES_francois-genon-M5IuGintPvo-unsplash-300x200.jpg 300w, https:\/\/www.ceran.com\/wp-content\/uploads\/2022\/03\/BRUXELLES_francois-genon-M5IuGintPvo-unsplash-768x512.jpg 768w, https:\/\/www.ceran.com\/wp-content\/uploads\/2022\/03\/BRUXELLES_francois-genon-M5IuGintPvo-unsplash-1536x1024.jpg 1536w, https:\/\/www.ceran.com\/wp-content\/uploads\/2022\/03\/BRUXELLES_francois-genon-M5IuGintPvo-unsplash.jpg 1620w\" sizes=\"(max-width: 640px) 100vw, 640px\" \/><\/div><\/div><\/div><\/div><\/div><div class=\"accordion-item elementor-repeater-item-f9fd3bb\"><h2 class=\"accordion-header\"><button class=\"accordion-button collapsed\" type=\"button\" data-bs-toggle=\"collapse\" data-bs-target=\"#collapse-elementor-repeater-item-f9fd3bb\" aria-expanded=\"false\">City Antwerp Belgique <\/button><\/h2><div id=\"collapse-elementor-repeater-item-f9fd3bb\" class=\"accordion-collapse collapse\" data-bs-parent=\"#ax-accordion-69ec750330195\"><div class=\"accordion-body\"><div class=\"row\"><div class=\"col-md-6\"><div class=\"mb-3 text-content\">Autre centre citadin de formation, le centre CERAN City Antwerp est \u00e9galement id\u00e9alement situ\u00e9 \u00e0 Anvers. Tr\u00e8s facile d'acc\u00e8s en transports en commun ou en voiture, ce centre met \u00e0 votre disposition de belles salles de r\u00e9union lumineuses et parfaitement \u00e9quip\u00e9es.                                                                                                                          <\/div><a href=\"\/fr\/centre\/antwerp\/\" class=\"ax-btn btn-arrow\" >D\u00e9couvrir le lieu<\/a><\/div><div class=\"col-md-6\"><img loading=\"lazy\" decoding=\"async\" width=\"454\" height=\"340\" src=\"https:\/\/www.ceran.com\/wp-content\/uploads\/2022\/02\/CERAN-CITY-ANTWERP-LOUNGE.jpg\" class=\"attachment-large size-large\" alt=\"\" srcset=\"https:\/\/www.ceran.com\/wp-content\/uploads\/2022\/02\/CERAN-CITY-ANTWERP-LOUNGE.jpg 454w, https:\/\/www.ceran.com\/wp-content\/uploads\/2022\/02\/CERAN-CITY-ANTWERP-LOUNGE-300x225.jpg 300w\" sizes=\"(max-width: 454px) 100vw, 454px\" \/><\/div><\/div><\/div><\/div><\/div><div class=\"accordion-item elementor-repeater-item-84ceb7a\"><h2 class=\"accordion-header\"><button class=\"accordion-button collapsed\" type=\"button\" data-bs-toggle=\"collapse\" data-bs-target=\"#collapse-elementor-repeater-item-84ceb7a\" aria-expanded=\"false\">Saint-Roch \u00e0 Ferri\u00e8res Belgique - Immersion Juniors (9-17 ans)<\/button><\/h2><div id=\"collapse-elementor-repeater-item-84ceb7a\" class=\"accordion-collapse collapse\" data-bs-parent=\"#ax-accordion-69ec750330195\"><div class=\"accordion-body\"><div class=\"row\"><div class=\"col-md-6\"><div class=\"mb-3 text-content\">Le Coll\u00e8ge Saint-Roch \u00e0 Ferri\u00e8res accueille les formations r\u00e9sidentielles Juniors en \u00e9t\u00e9, pendant la pause estivale des \u00e9l\u00e8ves r\u00e9guliers.  Ce lieu charg\u00e9 d'histoire est \u00e9quip\u00e9 de toutes les infrastructures modernes. Ce site historique qui date de 1820 offre de nos jours toutes les infrastructures modernes tant au niveau des salles de cours qu'au niveau des activit\u00e9s sportives avec un large panel : une piscine int\u00e9rieure chauff\u00e9e, un centre sportif complet, des terrains de sport multiples. C'est le cadre id\u00e9al pour l'immersion de vos enfants dans la langue de leur choix.<\/div><a href=\"https:\/\/www.ceran.com\/fr\/stages-de-langue\/ecole-de-langue-pour-enfant-ferrieres\/\" class=\"ax-btn btn-arrow\" >D\u00e9couvrir le lieu<\/a><\/div><div class=\"col-md-6\"><img loading=\"lazy\" decoding=\"async\" width=\"640\" height=\"360\" src=\"https:\/\/www.ceran.com\/wp-content\/uploads\/2024\/10\/typeelementorsiteurlhttpswww.ceran_.comfrwp-jsonelementsidceran-dropdown-img-textelTypewidgetisInnerfalseisLockedfalsesettingsdropdown_listtitleSpa-Belgique-Immersion-adultetextSpa-1024x576.jpg\" class=\"attachment-large size-large\" alt=\"Stages de langues intensifs \u00e9t\u00e9\" srcset=\"https:\/\/www.ceran.com\/wp-content\/uploads\/2024\/10\/typeelementorsiteurlhttpswww.ceran_.comfrwp-jsonelementsidceran-dropdown-img-textelTypewidgetisInnerfalseisLockedfalsesettingsdropdown_listtitleSpa-Belgique-Immersion-adultetextSpa-1024x576.jpg 1024w, https:\/\/www.ceran.com\/wp-content\/uploads\/2024\/10\/typeelementorsiteurlhttpswww.ceran_.comfrwp-jsonelementsidceran-dropdown-img-textelTypewidgetisInnerfalseisLockedfalsesettingsdropdown_listtitleSpa-Belgique-Immersion-adultetextSpa-300x169.jpg 300w, https:\/\/www.ceran.com\/wp-content\/uploads\/2024\/10\/typeelementorsiteurlhttpswww.ceran_.comfrwp-jsonelementsidceran-dropdown-img-textelTypewidgetisInnerfalseisLockedfalsesettingsdropdown_listtitleSpa-Belgique-Immersion-adultetextSpa-768x432.jpg 768w, https:\/\/www.ceran.com\/wp-content\/uploads\/2024\/10\/typeelementorsiteurlhttpswww.ceran_.comfrwp-jsonelementsidceran-dropdown-img-textelTypewidgetisInnerfalseisLockedfalsesettingsdropdown_listtitleSpa-Belgique-Immersion-adultetextSpa-1536x864.jpg 1536w, https:\/\/www.ceran.com\/wp-content\/uploads\/2024\/10\/typeelementorsiteurlhttpswww.ceran_.comfrwp-jsonelementsidceran-dropdown-img-textelTypewidgetisInnerfalseisLockedfalsesettingsdropdown_listtitleSpa-Belgique-Immersion-adultetextSpa.jpg 1920w\" sizes=\"(max-width: 640px) 100vw, 640px\" \/><\/div><\/div><\/div><\/div><\/div><div class=\"accordion-item elementor-repeater-item-8b9b724\"><h2 class=\"accordion-header\"><button class=\"accordion-button collapsed\" type=\"button\" data-bs-toggle=\"collapse\" data-bs-target=\"#collapse-elementor-repeater-item-8b9b724\" aria-expanded=\"false\">M\u00e9ry-sur-Oise, France - Immersion adulte<\/button><\/h2><div id=\"collapse-elementor-repeater-item-8b9b724\" class=\"accordion-collapse collapse\" data-bs-parent=\"#ax-accordion-69ec750330195\"><div class=\"accordion-body\"><div class=\"row\"><div class=\"col-md-6\"><div class=\"mb-3 text-content\">Au pays des impressionnistes, le ch\u00e2teau de M\u00e9ry-sur-Oise vous accueille pour vos formations linguistiques en format r\u00e9sidentiel. Construit entre le XVI\u00e8me et XVII\u00e8me si\u00e8cle au c\u0153ur d'un parc de 27 hectares, ce ch\u00e2teau inscrit aux Monuments Historiques, vous s\u00e9duira par son m\u00e9lange architectural d'ancien et de contemporain. Ses salles de r\u00e9union tr\u00e8s bien \u00e9quip\u00e9es participeront \u00e9galement au succ\u00e8s de votre formation.<\/div><a href=\"\/fr\/centre\/mery-sur-oise\/\" class=\"ax-btn btn-arrow\" >D\u00e9couvrir le lieu<\/a><\/div><div class=\"col-md-6\"><img loading=\"lazy\" decoding=\"async\" width=\"640\" height=\"418\" src=\"https:\/\/www.ceran.com\/wp-content\/uploads\/2022\/03\/Chateauform_Chateau-de-Mery-2-1024x668.jpg\" class=\"attachment-large size-large\" alt=\"L&#039;immersion linguistique en anglais au CERAN\" srcset=\"https:\/\/www.ceran.com\/wp-content\/uploads\/2022\/03\/Chateauform_Chateau-de-Mery-2-1024x668.jpg 1024w, https:\/\/www.ceran.com\/wp-content\/uploads\/2022\/03\/Chateauform_Chateau-de-Mery-2-300x196.jpg 300w, https:\/\/www.ceran.com\/wp-content\/uploads\/2022\/03\/Chateauform_Chateau-de-Mery-2-768x501.jpg 768w, https:\/\/www.ceran.com\/wp-content\/uploads\/2022\/03\/Chateauform_Chateau-de-Mery-2-1536x1002.jpg 1536w, https:\/\/www.ceran.com\/wp-content\/uploads\/2022\/03\/Chateauform_Chateau-de-Mery-2.jpg 1656w\" sizes=\"(max-width: 640px) 100vw, 640px\" \/><\/div><\/div><\/div><\/div><\/div><div class=\"accordion-item elementor-repeater-item-e56ffac\"><h2 class=\"accordion-header\"><button class=\"accordion-button collapsed\" type=\"button\" data-bs-toggle=\"collapse\" data-bs-target=\"#collapse-elementor-repeater-item-e56ffac\" aria-expanded=\"false\">City Paris, France <\/button><\/h2><div id=\"collapse-elementor-repeater-item-e56ffac\" class=\"accordion-collapse collapse\" data-bs-parent=\"#ax-accordion-69ec750330195\"><div class=\"accordion-body\"><div class=\"row\"><div class=\"col-md-6\"><div class=\"mb-3 text-content\">Au c\u0153ur du quartier d'affaires parisien de La D\u00e9fense, CERAN @ Ch\u00e2teauform' Learning Lab vous attend et met \u00e0 votre disposition ses 37 salles de r\u00e9union r\u00e9parties sur 6 \u00e9tages. Exclusivement d\u00e9di\u00e9 \u00e0 l'apprentissage, ce site est le parfait \u00e9crin parisien pour vos formations linguistiques ou vos formations interculturelles.<\/div><a href=\"\/fr\/centre\/city-paris\/\" class=\"ax-btn btn-arrow\" >D\u00e9couvrir le lieu<\/a><\/div><div class=\"col-md-6\"><img loading=\"lazy\" decoding=\"async\" width=\"640\" height=\"400\" src=\"https:\/\/www.ceran.com\/wp-content\/uploads\/2022\/03\/LEARNING_LAB_03_HD-1024x640.jpg\" class=\"attachment-large size-large\" alt=\"\" srcset=\"https:\/\/www.ceran.com\/wp-content\/uploads\/2022\/03\/LEARNING_LAB_03_HD-1024x640.jpg 1024w, https:\/\/www.ceran.com\/wp-content\/uploads\/2022\/03\/LEARNING_LAB_03_HD-300x188.jpg 300w, https:\/\/www.ceran.com\/wp-content\/uploads\/2022\/03\/LEARNING_LAB_03_HD-768x480.jpg 768w, https:\/\/www.ceran.com\/wp-content\/uploads\/2022\/03\/LEARNING_LAB_03_HD-1536x960.jpg 1536w, https:\/\/www.ceran.com\/wp-content\/uploads\/2022\/03\/LEARNING_LAB_03_HD.jpg 1728w\" sizes=\"(max-width: 640px) 100vw, 640px\" \/><\/div><\/div><\/div><\/div><\/div><div class=\"accordion-item elementor-repeater-item-5422cc9\"><h2 class=\"accordion-header\"><button class=\"accordion-button collapsed\" type=\"button\" data-bs-toggle=\"collapse\" data-bs-target=\"#collapse-elementor-repeater-item-5422cc9\" aria-expanded=\"false\">Amsterdam, Pays-Bas - Immersion adulte<\/button><\/h2><div id=\"collapse-elementor-repeater-item-5422cc9\" class=\"accordion-collapse collapse\" data-bs-parent=\"#ax-accordion-69ec750330195\"><div class=\"accordion-body\"><div class=\"row\"><div class=\"col-md-6\"><div class=\"mb-3 text-content\">\u00c0 deux pas d'Amsterdam, vivez une exp\u00e9rience unique de cours intensifs en immersion de n\u00e9erlandais, fran\u00e7ais, anglais et allemand \u00e0 Landhuis Mari\u00ebnheuvel.\n\nCe lieu exclusif et enchanteur vous plongera dans un cours intensif de langues pour adultes pendant 4 jours.<\/div><a href=\"\/en\/centre\/intensive-dutch-course-amsterdam\/\" class=\"ax-btn btn-arrow\" >D\u00e9couvrir le lieu<\/a><\/div><div class=\"col-md-6\"><img loading=\"lazy\" decoding=\"async\" width=\"640\" height=\"360\" src=\"https:\/\/www.ceran.com\/wp-content\/uploads\/2024\/06\/linguistic-immersion-in-the-nederland-1.webp\" class=\"attachment-large size-large\" alt=\"\" srcset=\"https:\/\/www.ceran.com\/wp-content\/uploads\/2024\/06\/linguistic-immersion-in-the-nederland-1.webp 800w, https:\/\/www.ceran.com\/wp-content\/uploads\/2024\/06\/linguistic-immersion-in-the-nederland-1-300x169.webp 300w, https:\/\/www.ceran.com\/wp-content\/uploads\/2024\/06\/linguistic-immersion-in-the-nederland-1-768x432.webp 768w\" sizes=\"(max-width: 640px) 100vw, 640px\" \/><\/div><\/div><\/div><\/div><\/div><\/div><\/div>\t\t\t\t<\/div>\n\t\t\t\t<\/div>\n\t\t\t\t\t<\/div>\n\t\t<\/div>\n\t\t\t\t\t<\/div>\n\t\t<\/section>\n\t\t\t\t<\/div>\n\t\t","protected":false},"excerpt":{"rendered":"<p>Nos lieux de formationContactez-nous Le Groupe CERAN, par sa pr\u00e9sence europ\u00e9enne, vous offre un large choix de destinations et de lieux. Que ce soit un ch\u00e2teau \u00e0 la campagne et son parc, un chalet dans un \u00e9crin de montagnes ou un site en ville, le choix est v\u00f4tre. Nos lieux, nos maisons s&rsquo;adaptent aux diff\u00e9rents [&hellip;]<\/p>\n","protected":false},"author":1,"featured_media":0,"parent":0,"menu_order":0,"comment_status":"closed","ping_status":"closed","template":"","meta":{"_acf_changed":false,"_seopress_robots_primary_cat":"","_seopress_titles_title":"","_seopress_titles_desc":"","_seopress_robots_index":"","content-type":"","footnotes":""},"class_list":["post-1061","page","type-page","status-publish","hentry"],"acf":[],"yoast_head":"<!-- This site is optimized with the Yoast SEO plugin v27.4 - https:\/\/yoast.com\/product\/yoast-seo-wordpress\/ -->\n<title>Nos lieux de formation - Ceran<\/title>\n<meta name=\"robots\" content=\"index, follow, max-snippet:-1, max-image-preview:large, max-video-preview:-1\" \/>\n<link rel=\"canonical\" href=\"https:\/\/www.ceran.com\/fr\/nos-lieux-de-formation\/\" \/>\n<meta property=\"og:locale\" content=\"fr_FR\" \/>\n<meta property=\"og:type\" content=\"article\" \/>\n<meta property=\"og:title\" content=\"Nos lieux de formation - Ceran\" \/>\n<meta property=\"og:description\" content=\"Nos lieux de formationContactez-nous Le Groupe CERAN, par sa pr\u00e9sence europ\u00e9enne, vous offre un large choix de destinations et de lieux. Que ce soit un ch\u00e2teau \u00e0 la campagne et son parc, un chalet dans un \u00e9crin de montagnes ou un site en ville, le choix est v\u00f4tre. Nos lieux, nos maisons s&rsquo;adaptent aux diff\u00e9rents [&hellip;]\" \/>\n<meta property=\"og:url\" content=\"https:\/\/www.ceran.com\/fr\/nos-lieux-de-formation\/\" \/>\n<meta property=\"og:site_name\" content=\"Ceran\" \/>\n<meta property=\"article:modified_time\" content=\"2024-10-23T10:33:15+00:00\" \/>\n<meta property=\"og:image\" content=\"https:\/\/www.ceran.com\/wp-content\/uploads\/2022\/01\/Union-1.png\" \/>\n<meta name=\"twitter:card\" content=\"summary_large_image\" \/>\n<script type=\"application\/ld+json\" class=\"yoast-schema-graph\">{\"@context\":\"https:\\\/\\\/schema.org\",\"@graph\":[{\"@type\":\"WebPage\",\"@id\":\"https:\\\/\\\/www.ceran.com\\\/fr\\\/nos-lieux-de-formation\\\/\",\"url\":\"https:\\\/\\\/www.ceran.com\\\/fr\\\/nos-lieux-de-formation\\\/\",\"name\":\"Nos lieux de formation - Ceran\",\"isPartOf\":{\"@id\":\"https:\\\/\\\/www.ceran.com\\\/fr\\\/#website\"},\"primaryImageOfPage\":{\"@id\":\"https:\\\/\\\/www.ceran.com\\\/fr\\\/nos-lieux-de-formation\\\/#primaryimage\"},\"image\":{\"@id\":\"https:\\\/\\\/www.ceran.com\\\/fr\\\/nos-lieux-de-formation\\\/#primaryimage\"},\"thumbnailUrl\":\"https:\\\/\\\/www.ceran.com\\\/wp-content\\\/uploads\\\/2022\\\/01\\\/Union-1.png\",\"datePublished\":\"2022-01-11T16:59:29+00:00\",\"dateModified\":\"2024-10-23T10:33:15+00:00\",\"breadcrumb\":{\"@id\":\"https:\\\/\\\/www.ceran.com\\\/fr\\\/nos-lieux-de-formation\\\/#breadcrumb\"},\"inLanguage\":\"fr-FR\",\"potentialAction\":[{\"@type\":\"ReadAction\",\"target\":[\"https:\\\/\\\/www.ceran.com\\\/fr\\\/nos-lieux-de-formation\\\/\"]}]},{\"@type\":\"ImageObject\",\"inLanguage\":\"fr-FR\",\"@id\":\"https:\\\/\\\/www.ceran.com\\\/fr\\\/nos-lieux-de-formation\\\/#primaryimage\",\"url\":\"https:\\\/\\\/www.ceran.com\\\/wp-content\\\/uploads\\\/2022\\\/01\\\/Union-1.png\",\"contentUrl\":\"https:\\\/\\\/www.ceran.com\\\/wp-content\\\/uploads\\\/2022\\\/01\\\/Union-1.png\"},{\"@type\":\"BreadcrumbList\",\"@id\":\"https:\\\/\\\/www.ceran.com\\\/fr\\\/nos-lieux-de-formation\\\/#breadcrumb\",\"itemListElement\":[{\"@type\":\"ListItem\",\"position\":1,\"name\":\"Accueil\",\"item\":\"https:\\\/\\\/www.ceran.com\\\/fr\\\/\"},{\"@type\":\"ListItem\",\"position\":2,\"name\":\"Nos lieux de formation\"}]},{\"@type\":\"WebSite\",\"@id\":\"https:\\\/\\\/www.ceran.com\\\/fr\\\/#website\",\"url\":\"https:\\\/\\\/www.ceran.com\\\/fr\\\/\",\"name\":\"Ceran\",\"description\":\"Des formations linguistiques et interculturelles qui vous ouvrent de nouveaux horizons\",\"publisher\":{\"@id\":\"https:\\\/\\\/www.ceran.com\\\/fr\\\/#organization\"},\"potentialAction\":[{\"@type\":\"SearchAction\",\"target\":{\"@type\":\"EntryPoint\",\"urlTemplate\":\"https:\\\/\\\/www.ceran.com\\\/fr\\\/?s={search_term_string}\"},\"query-input\":{\"@type\":\"PropertyValueSpecification\",\"valueRequired\":true,\"valueName\":\"search_term_string\"}}],\"inLanguage\":\"fr-FR\"},{\"@type\":\"Organization\",\"@id\":\"https:\\\/\\\/www.ceran.com\\\/fr\\\/#organization\",\"name\":\"Ceran\",\"url\":\"https:\\\/\\\/www.ceran.com\\\/fr\\\/\",\"logo\":{\"@type\":\"ImageObject\",\"inLanguage\":\"fr-FR\",\"@id\":\"https:\\\/\\\/www.ceran.com\\\/fr\\\/#\\\/schema\\\/logo\\\/image\\\/\",\"url\":\"https:\\\/\\\/www.ceran.com\\\/wp-content\\\/uploads\\\/2025\\\/06\\\/Logo-CERAN-16-x-16-pixels.svg\",\"contentUrl\":\"https:\\\/\\\/www.ceran.com\\\/wp-content\\\/uploads\\\/2025\\\/06\\\/Logo-CERAN-16-x-16-pixels.svg\",\"width\":30,\"height\":30,\"caption\":\"Ceran\"},\"image\":{\"@id\":\"https:\\\/\\\/www.ceran.com\\\/fr\\\/#\\\/schema\\\/logo\\\/image\\\/\"}}]}<\/script>\n<!-- \/ Yoast SEO plugin. -->","yoast_head_json":{"title":"Nos lieux de formation - Ceran","robots":{"index":"index","follow":"follow","max-snippet":"max-snippet:-1","max-image-preview":"max-image-preview:large","max-video-preview":"max-video-preview:-1"},"canonical":"https:\/\/www.ceran.com\/fr\/nos-lieux-de-formation\/","og_locale":"fr_FR","og_type":"article","og_title":"Nos lieux de formation - Ceran","og_description":"Nos lieux de formationContactez-nous Le Groupe CERAN, par sa pr\u00e9sence europ\u00e9enne, vous offre un large choix de destinations et de lieux. Que ce soit un ch\u00e2teau \u00e0 la campagne et son parc, un chalet dans un \u00e9crin de montagnes ou un site en ville, le choix est v\u00f4tre. Nos lieux, nos maisons s&rsquo;adaptent aux diff\u00e9rents [&hellip;]","og_url":"https:\/\/www.ceran.com\/fr\/nos-lieux-de-formation\/","og_site_name":"Ceran","article_modified_time":"2024-10-23T10:33:15+00:00","og_image":[{"url":"https:\/\/www.ceran.com\/wp-content\/uploads\/2022\/01\/Union-1.png","type":"","width":"","height":""}],"twitter_card":"summary_large_image","schema":{"@context":"https:\/\/schema.org","@graph":[{"@type":"WebPage","@id":"https:\/\/www.ceran.com\/fr\/nos-lieux-de-formation\/","url":"https:\/\/www.ceran.com\/fr\/nos-lieux-de-formation\/","name":"Nos lieux de formation - Ceran","isPartOf":{"@id":"https:\/\/www.ceran.com\/fr\/#website"},"primaryImageOfPage":{"@id":"https:\/\/www.ceran.com\/fr\/nos-lieux-de-formation\/#primaryimage"},"image":{"@id":"https:\/\/www.ceran.com\/fr\/nos-lieux-de-formation\/#primaryimage"},"thumbnailUrl":"https:\/\/www.ceran.com\/wp-content\/uploads\/2022\/01\/Union-1.png","datePublished":"2022-01-11T16:59:29+00:00","dateModified":"2024-10-23T10:33:15+00:00","breadcrumb":{"@id":"https:\/\/www.ceran.com\/fr\/nos-lieux-de-formation\/#breadcrumb"},"inLanguage":"fr-FR","potentialAction":[{"@type":"ReadAction","target":["https:\/\/www.ceran.com\/fr\/nos-lieux-de-formation\/"]}]},{"@type":"ImageObject","inLanguage":"fr-FR","@id":"https:\/\/www.ceran.com\/fr\/nos-lieux-de-formation\/#primaryimage","url":"https:\/\/www.ceran.com\/wp-content\/uploads\/2022\/01\/Union-1.png","contentUrl":"https:\/\/www.ceran.com\/wp-content\/uploads\/2022\/01\/Union-1.png"},{"@type":"BreadcrumbList","@id":"https:\/\/www.ceran.com\/fr\/nos-lieux-de-formation\/#breadcrumb","itemListElement":[{"@type":"ListItem","position":1,"name":"Accueil","item":"https:\/\/www.ceran.com\/fr\/"},{"@type":"ListItem","position":2,"name":"Nos lieux de formation"}]},{"@type":"WebSite","@id":"https:\/\/www.ceran.com\/fr\/#website","url":"https:\/\/www.ceran.com\/fr\/","name":"Ceran","description":"Des formations linguistiques et interculturelles qui vous ouvrent de nouveaux horizons","publisher":{"@id":"https:\/\/www.ceran.com\/fr\/#organization"},"potentialAction":[{"@type":"SearchAction","target":{"@type":"EntryPoint","urlTemplate":"https:\/\/www.ceran.com\/fr\/?s={search_term_string}"},"query-input":{"@type":"PropertyValueSpecification","valueRequired":true,"valueName":"search_term_string"}}],"inLanguage":"fr-FR"},{"@type":"Organization","@id":"https:\/\/www.ceran.com\/fr\/#organization","name":"Ceran","url":"https:\/\/www.ceran.com\/fr\/","logo":{"@type":"ImageObject","inLanguage":"fr-FR","@id":"https:\/\/www.ceran.com\/fr\/#\/schema\/logo\/image\/","url":"https:\/\/www.ceran.com\/wp-content\/uploads\/2025\/06\/Logo-CERAN-16-x-16-pixels.svg","contentUrl":"https:\/\/www.ceran.com\/wp-content\/uploads\/2025\/06\/Logo-CERAN-16-x-16-pixels.svg","width":30,"height":30,"caption":"Ceran"},"image":{"@id":"https:\/\/www.ceran.com\/fr\/#\/schema\/logo\/image\/"}}]}},"_links":{"self":[{"href":"https:\/\/www.ceran.com\/fr\/wp-json\/wp\/v2\/pages\/1061","targetHints":{"allow":["GET"]}}],"collection":[{"href":"https:\/\/www.ceran.com\/fr\/wp-json\/wp\/v2\/pages"}],"about":[{"href":"https:\/\/www.ceran.com\/fr\/wp-json\/wp\/v2\/types\/page"}],"author":[{"embeddable":true,"href":"https:\/\/www.ceran.com\/fr\/wp-json\/wp\/v2\/users\/1"}],"replies":[{"embeddable":true,"href":"https:\/\/www.ceran.com\/fr\/wp-json\/wp\/v2\/comments?post=1061"}],"version-history":[{"count":11,"href":"https:\/\/www.ceran.com\/fr\/wp-json\/wp\/v2\/pages\/1061\/revisions"}],"predecessor-version":[{"id":105510,"href":"https:\/\/www.ceran.com\/fr\/wp-json\/wp\/v2\/pages\/1061\/revisions\/105510"}],"wp:attachment":[{"href":"https:\/\/www.ceran.com\/fr\/wp-json\/wp\/v2\/media?parent=1061"}],"curies":[{"name":"wp","href":"https:\/\/api.w.org\/{rel}","templated":true}]}}