{"id":106779,"date":"2024-11-06T11:03:49","date_gmt":"2024-11-06T10:03:49","guid":{"rendered":"https:\/\/www.ceran.com\/?page_id=106779"},"modified":"2026-02-04T11:28:20","modified_gmt":"2026-02-04T10:28:20","slug":"animateurete","status":"publish","type":"page","link":"https:\/\/www.ceran.com\/fr\/animateurete\/","title":{"rendered":"Animateur (H\/F\/X)  camp d \u00e9t\u00e9"},"content":{"rendered":"\t\t<div data-elementor-type=\"wp-page\" data-elementor-id=\"106779\" class=\"elementor elementor-106779\" data-elementor-post-type=\"page\">\n\t\t\t\t\t\t<section class=\"elementor-section elementor-top-section elementor-element elementor-element-5aae095 elementor-section-boxed elementor-section-height-default elementor-section-height-default\" data-id=\"5aae095\" data-element_type=\"section\" data-e-type=\"section\">\n\t\t\t\t\t\t<div class=\"elementor-container elementor-column-gap-default\">\n\t\t\t\t\t<div class=\"elementor-column elementor-col-100 elementor-top-column elementor-element elementor-element-0af10cf\" data-id=\"0af10cf\" data-element_type=\"column\" data-e-type=\"column\">\n\t\t\t<div class=\"elementor-widget-wrap elementor-element-populated\">\n\t\t\t\t\t\t<div class=\"elementor-element elementor-element-9d663d9 elementor-widget elementor-widget-ceran-image-text\" data-id=\"9d663d9\" data-element_type=\"widget\" data-e-type=\"widget\" data-widget_type=\"ceran-image-text.default\">\n\t\t\t\t<div class=\"elementor-widget-container\">\n\t\t\t\t\t<div class=\"widget-column flex-row-reverse\"><div class=\"wrapper-img\" style=\"background: url(https:\/\/www.ceran.com\/wp-content\/uploads\/2024\/10\/WhatsApp-Image-2024-08-23-at-14.39.31-819x1024.jpeg) center \/ cover no-repeat\"><\/div><div class=\"wrapper-text\"><div class=\"corner corner-right-top\"><div class=\"corner-content\"><h2 class=\"box-title ax-title\">ANIMATEUR (H\/F\/X) POUR CAMP D'ETE EN BELGIQUE, province de Li\u00e8ge. \n\n<\/h2><div class=\"box-content\"><h4>Francophone, Anglophone, Germanophone , N\u00e9erlandophone.<\/h4><h4><strong>Dates : 26 juin au 22 Ao\u00fbt 2026<\/strong><\/h4><p>Etudiants en fili\u00e8res d'\u00e9ducateurs, sportives, artistiques, ou animateurs, chefs dans les mouvements de jeunesse, cercle de jeunes, autre exp\u00e9rience en animation ?<\/p><p><strong>Envie de vivre une exp\u00e9rience professionnelle enrichissante cet \u00e9t\u00e9 dans une ambiance internationale et dynamique ?<\/strong><\/p><p>Rejoignez la CERAN Academy d\u00e9di\u00e9e aux jeunes de 9 \u00e0 17 ans, et travaillez dans un lieu d'exception \u00e0 Ferri\u00e8re ( province de Li\u00e8ge, Belgique). Nous offrons plus qu\u2019un simple emploi <em>r\u00e9mun\u00e9r\u00e9<\/em>\u00a0: c\u2019est une occasion unique de\u00a0<strong>d\u00e9velopper<\/strong>\u00a0<strong>vos comp\u00e9tences<\/strong>\u00a0dans un cadre stimulant et multiculturel.<\/p><h5>Les comp\u00e9tences recherch\u00e9es:<\/h5><ul class=\"wp-block-list\"><li>Ma\u00eetriser parfaitement la langue fran\u00e7aise ou n\u00e9erlandaise ou anglaise ou allemande (langue maternelle ou bilingue)<\/li><li>Etre r\u00e9sident dans l'Union europ\u00e9enne.<\/li><li>Avoir de l\u2019exp\u00e9rience dans l\u2019animation active<\/li><li>Avoir au moins un domaine de comp\u00e9tence sp\u00e9cifique (sport, art, \u2026)<\/li><li>\u00catre sensible au multiculturalisme et aux difficult\u00e9s rencontr\u00e9es par des jeunes lors de l\u2019apprentissage d\u2019une langue \u00e9trang\u00e8re<\/li><li>Aimer travailler avec des enfants, avoir de l\u2019enthousiasme et \u00eatre cr\u00e9atif<\/li><li>Avoir le sens des responsabilit\u00e9s et aimer travailler en \u00e9quipe<\/li><li>Connaitre\u00a0 l'anglais et\/ou le fran\u00e7ais (pour les non- francophones au niveau scolaire A2)<\/li><li>Suivre la formation CERAN avant le d\u00e9but du camp. (OBLIGATOIRE)<\/li><li>Etre assertif et bienveillant.<\/li><li><strong>Atouts suppl\u00e9mentaires : <\/strong>Connaissance d'une autre langue , BEPS ou brevet de secourisme, BAFA ou \u00e9quivalent, Brevet Sup\u00e9rieur de Sauvetage Aquatique, Permis de conduire<\/li><li>Lieu du camp : <em><span style=\"text-decoration: underline;\"><a style=\"font-family: Calibri; font-size: 11pt;\" href=\"https:\/\/saintrochferrieres.be\/visite-virtuelle.html\">Visite virtuelle<\/a><\/span><\/em><\/li><\/ul><\/div><a href=\" https:\/\/ceran1.typeform.com\/to\/HCeibZWd\" class=\"ax-btn btn-arrow\" >Je postule maintenant<\/a><\/div><\/div><\/div><\/div>\t\t\t\t<\/div>\n\t\t\t\t<\/div>\n\t\t\t\t\t<\/div>\n\t\t<\/div>\n\t\t\t\t\t<\/div>\n\t\t<\/section>\n\t\t\t\t<section class=\"elementor-section elementor-top-section elementor-element elementor-element-f254559 elementor-section-boxed elementor-section-height-default elementor-section-height-default\" data-id=\"f254559\" data-element_type=\"section\" data-e-type=\"section\">\n\t\t\t\t\t\t<div class=\"elementor-container elementor-column-gap-default\">\n\t\t\t\t\t<div class=\"elementor-column elementor-col-100 elementor-top-column elementor-element elementor-element-786f5b4\" data-id=\"786f5b4\" data-element_type=\"column\" data-e-type=\"column\">\n\t\t\t<div class=\"elementor-widget-wrap elementor-element-populated\">\n\t\t\t\t\t\t<div class=\"elementor-element elementor-element-21d3199 elementor-invisible elementor-widget elementor-widget-heading\" data-id=\"21d3199\" data-element_type=\"widget\" data-e-type=\"widget\" data-settings=\"{&quot;_animation&quot;:&quot;fadeIn&quot;,&quot;_animation_delay&quot;:100}\" data-widget_type=\"heading.default\">\n\t\t\t\t<div class=\"elementor-widget-container\">\n\t\t\t\t\t<h2 class=\"elementor-heading-title elementor-size-default\">Votre mission et nos engagements<\/h2>\t\t\t\t<\/div>\n\t\t\t\t<\/div>\n\t\t\t\t<div class=\"elementor-element elementor-element-8cd2b29 elementor-widget elementor-widget-text-editor\" data-id=\"8cd2b29\" data-element_type=\"widget\" data-e-type=\"widget\" data-widget_type=\"text-editor.default\">\n\t\t\t\t<div class=\"elementor-widget-container\">\n\t\t\t\t\t\t\t\t\t<p>Les animateurs sont des membres cl\u00e9s du personnel CERAN Academy. Ils ont pour mission de proposer des activit\u00e9s d&rsquo;animation motivantes et de qualit\u00e9, et d&rsquo;encourager les stagiaires \u00e0 parler sans cesse la langue cible. Ils doivent veiller \u00e0 la s\u00e9curit\u00e9 des jeunes pendant toutes les activit\u00e9s.<\/p><h6>VOTRE MISSION:<\/h6><ul><li>Promouvoir la langue cible et son utilisation par tous les stagiaires<\/li><li>Organiser, pr\u00e9parer et assurer chaque jour des activit\u00e9s d\u2019animation<\/li><li>Encadrer et animer les jeunes pendant les excursions du mercredi et des week-ends<\/li><li>Accueillir les stagiaires et leurs parents<\/li><li>Assurer l\u2019animation des pauses et des repas du soir<\/li><li>Aider l\u2019\u00e9quipe de nuit \u00e0 la mise au lit des stagiaires<\/li><li>Veiller au respect du mat\u00e9riel et des \u00e9quipements<\/li><li>Respecter et faire respecter les consignes en vigueur<\/li><li>S\u2019assurer du bien-\u00eatre des stagiaires avec l&rsquo;aide des \u00ab\u00a0Vie CERAN\u00a0\u00bb<\/li><li>Participer aux r\u00e9unions quotidiennes de l\u2019\u00e9quipe d\u2019animation<\/li><\/ul><h6>\u00a0<\/h6><h6>NOS ENGAGEMENTS:<\/h6><ul class=\"wp-block-list\"><li>R\u00e9mun\u00e9ration mensuelle brute entre 1730\u20ac et 2340\u20ac (selon horaire et statut)<\/li><li>Contrat \u00e9tudiant, CDD et Freelance<\/li><li>Horaire de +-35h\u00a0 par semaine<\/li><li>1 jour complet de cong\u00e9 par semaine au minimum<\/li><li>Possibilit\u00e9 de loger sur place (participation aux frais : entre 85\u20ac et 125\u20ac selon l&rsquo;\u00e9loignement du domicile)<\/li><li>Participation aux frais de d\u00e9placement<\/li><li>Ambiance internationale<\/li><li>Exp\u00e9rience multiculturelle et enrichissante<\/li><li>Une vraie exp\u00e9rience du futur m\u00e9tier pour \u00e9tudiants en \u00e9ducation physique,\u00a0 en sciences de la psychomotricit\u00e9, \u00e9ducateurs, animateurs,<\/li><li>D\u00e9couverte de villes belges, hollandaises, allemandes, etc.<\/li><li>Visite de parcs d&rsquo;attractions.<\/li><li>\u00a0Notre slogan \u00bb Seriously Fun \u00bb est tr\u00e8s repr\u00e9sentatif de l\u2019ambiance du camp<\/li><\/ul>\t\t\t\t\t\t\t\t<\/div>\n\t\t\t\t<\/div>\n\t\t\t\t<div class=\"elementor-element elementor-element-393699d elementor-mobile-align-center elementor-align-center elementor-widget elementor-widget-button\" data-id=\"393699d\" data-element_type=\"widget\" data-e-type=\"widget\" data-widget_type=\"button.default\">\n\t\t\t\t<div class=\"elementor-widget-container\">\n\t\t\t\t\t\t\t\t\t<div class=\"elementor-button-wrapper\">\n\t\t\t\t\t<a class=\"elementor-button elementor-button-link elementor-size-sm\" href=\"https:\/\/ceran1.typeform.com\/to\/HCeibZWd\">\n\t\t\t\t\t\t<span class=\"elementor-button-content-wrapper\">\n\t\t\t\t\t\t<span class=\"elementor-button-icon\">\n\t\t\t\t<i aria-hidden=\"true\" class=\"fas fa-arrow-right\"><\/i>\t\t\t<\/span>\n\t\t\t\t\t\t\t\t\t<span class=\"elementor-button-text\">Je postule maintenant<\/span>\n\t\t\t\t\t<\/span>\n\t\t\t\t\t<\/a>\n\t\t\t\t<\/div>\n\t\t\t\t\t\t\t\t<\/div>\n\t\t\t\t<\/div>\n\t\t\t\t\t<\/div>\n\t\t<\/div>\n\t\t\t\t\t<\/div>\n\t\t<\/section>\n\t\t\t\t<section class=\"elementor-section elementor-top-section elementor-element elementor-element-aa012e8 elementor-section-boxed elementor-section-height-default elementor-section-height-default\" data-id=\"aa012e8\" data-element_type=\"section\" data-e-type=\"section\">\n\t\t\t\t\t\t<div class=\"elementor-container elementor-column-gap-default\">\n\t\t\t\t\t<div class=\"elementor-column elementor-col-100 elementor-top-column elementor-element elementor-element-95a7b84\" data-id=\"95a7b84\" data-element_type=\"column\" data-e-type=\"column\">\n\t\t\t<div class=\"elementor-widget-wrap elementor-element-populated\">\n\t\t\t\t\t\t<div class=\"elementor-element elementor-element-9ef0bd4 elementor-widget elementor-widget-ceran-image-text\" data-id=\"9ef0bd4\" data-element_type=\"widget\" data-e-type=\"widget\" data-widget_type=\"ceran-image-text.default\">\n\t\t\t\t<div class=\"elementor-widget-container\">\n\t\t\t\t\t<div class=\"widget-column flex-row\"><div class=\"wrapper-img\" style=\"background: url(https:\/\/www.ceran.com\/wp-content\/uploads\/2025\/12\/0cbaf1b9-62af-43b4-92bf-419bef64ca95-1024x768.jpg) center \/ cover no-repeat\"><\/div><div class=\"wrapper-text\"><div class=\"corner corner-left-top\"><div class=\"corner-content\"><h2 class=\"box-title ax-title\">A propos du CERAN<\/h2><div class=\"box-content\"><p>CERAN, une soci\u00e9t\u00e9 du groupe Ch\u00e2teauform\u2019, se caract\u00e9rise par une culture internationale et entreprenante. Elle vise principalement le monde des entreprises \u00e0 renomm\u00e9e internationale et propose une gamme de produits de formations linguistiques et interculturelles pour adultes, jeunes adultes et juniors.<\/p><p>L\u2019humain est au c\u0153ur des pr\u00e9occupations du CERAN. Notre organisation poss\u00e8de une vision plurilat\u00e9rale envers ses Talents, Clients et Collaborateurs pour apporter des solutions sur mesure et premium.<\/p><\/div><a href=\"https:\/\/www.ceran.com\/fr\/le-ceran-et-ses-methodes\/lhistoire-du-ceran\/#:~:text=Le%20CERAN%20est%20avant%20tout,sont%20hospitalit%C3%A9%2C%20respect%20et%20bienveillance.\" class=\"ax-btn btn-arrow\" >En savoir plus<\/a><\/div><\/div><\/div><\/div>\t\t\t\t<\/div>\n\t\t\t\t<\/div>\n\t\t\t\t\t<\/div>\n\t\t<\/div>\n\t\t\t\t\t<\/div>\n\t\t<\/section>\n\t\t\t\t<section class=\"elementor-section elementor-top-section elementor-element elementor-element-0f5f2fc elementor-section-boxed elementor-section-height-default elementor-section-height-default\" data-id=\"0f5f2fc\" data-element_type=\"section\" data-e-type=\"section\">\n\t\t\t\t\t\t<div class=\"elementor-container elementor-column-gap-default\">\n\t\t\t\t\t<div class=\"elementor-column elementor-col-100 elementor-top-column elementor-element elementor-element-96a1f29\" data-id=\"96a1f29\" data-element_type=\"column\" data-e-type=\"column\">\n\t\t\t<div class=\"elementor-widget-wrap elementor-element-populated\">\n\t\t\t\t\t\t<div class=\"elementor-element elementor-element-231e53a elementor-widget elementor-widget-text-editor\" data-id=\"231e53a\" data-element_type=\"widget\" data-e-type=\"widget\" data-widget_type=\"text-editor.default\">\n\t\t\t\t<div class=\"elementor-widget-container\">\n\t\t\t\t\t\t\t\t\t<p><em>Dans le cadre de la politique RSE du CERAN, l\u2019inclusion des diff\u00e9rences est une force. Le CERAN est convaincu que diversit\u00e9 rime avec performance, nous portons donc la m\u00eame attention \u00e0 toutes les candidatures !<\/em><\/p><p><strong><em>N\u2019h\u00e9sitez pas \u00e0 nous contacter pour obtenir davantage d\u2019informations <\/em><\/strong><strong><em>: jobs@ceran.com<\/em><\/strong><\/p><p>\u00a0Christine Laurent TEL : +32 87 79 17 03<\/p>\t\t\t\t\t\t\t\t<\/div>\n\t\t\t\t<\/div>\n\t\t\t\t<div class=\"elementor-element elementor-element-00525fa elementor-mobile-align-center elementor-align-center elementor-widget elementor-widget-button\" data-id=\"00525fa\" data-element_type=\"widget\" data-e-type=\"widget\" data-widget_type=\"button.default\">\n\t\t\t\t<div class=\"elementor-widget-container\">\n\t\t\t\t\t\t\t\t\t<div class=\"elementor-button-wrapper\">\n\t\t\t\t\t<a class=\"elementor-button elementor-button-link elementor-size-sm\" href=\"https:\/\/ceran1.typeform.com\/to\/HCeibZWd\">\n\t\t\t\t\t\t<span class=\"elementor-button-content-wrapper\">\n\t\t\t\t\t\t<span class=\"elementor-button-icon\">\n\t\t\t\t<i aria-hidden=\"true\" class=\"fas fa-arrow-right\"><\/i>\t\t\t<\/span>\n\t\t\t\t\t\t\t\t\t<span class=\"elementor-button-text\">Je postule maintenant<\/span>\n\t\t\t\t\t<\/span>\n\t\t\t\t\t<\/a>\n\t\t\t\t<\/div>\n\t\t\t\t\t\t\t\t<\/div>\n\t\t\t\t<\/div>\n\t\t\t\t\t<\/div>\n\t\t<\/div>\n\t\t\t\t\t<\/div>\n\t\t<\/section>\n\t\t\t\t<\/div>\n\t\t","protected":false},"excerpt":{"rendered":"<p>ANIMATEUR (H\/F\/X) POUR CAMP D&rsquo;ETE EN BELGIQUE, province de Li\u00e8ge. Francophone, Anglophone, Germanophone , N\u00e9erlandophone. Dates : 26 juin au 22 Ao\u00fbt 2026 Etudiants en fili\u00e8res d&rsquo;\u00e9ducateurs, sportives, artistiques, ou animateurs, chefs dans les mouvements de jeunesse, cercle de jeunes, autre exp\u00e9rience en animation ? Envie de vivre une exp\u00e9rience professionnelle enrichissante cet \u00e9t\u00e9 dans [&hellip;]<\/p>\n","protected":false},"author":27,"featured_media":102842,"parent":0,"menu_order":0,"comment_status":"closed","ping_status":"closed","template":"","meta":{"_acf_changed":false,"_seopress_robots_primary_cat":"","_seopress_titles_title":"","_seopress_titles_desc":"","_seopress_robots_index":"","content-type":"","footnotes":""},"class_list":["post-106779","page","type-page","status-publish","has-post-thumbnail","hentry"],"acf":[],"yoast_head":"<!-- This site is optimized with the Yoast SEO plugin v27.5 - https:\/\/yoast.com\/product\/yoast-seo-wordpress\/ -->\n<title>Animateur (H\/F\/X) camp d \u00e9t\u00e9 - Ceran<\/title>\n<meta name=\"robots\" content=\"index, follow, max-snippet:-1, max-image-preview:large, max-video-preview:-1\" \/>\n<link rel=\"canonical\" href=\"https:\/\/www.ceran.com\/fr\/animateurete\/\" \/>\n<meta property=\"og:locale\" content=\"fr_FR\" \/>\n<meta property=\"og:type\" content=\"article\" \/>\n<meta property=\"og:title\" content=\"Animateur (H\/F\/X) camp d \u00e9t\u00e9 - Ceran\" \/>\n<meta property=\"og:description\" content=\"ANIMATEUR (H\/F\/X) POUR CAMP D&rsquo;ETE EN BELGIQUE, province de Li\u00e8ge. Francophone, Anglophone, Germanophone , N\u00e9erlandophone. Dates : 26 juin au 22 Ao\u00fbt 2026 Etudiants en fili\u00e8res d&rsquo;\u00e9ducateurs, sportives, artistiques, ou animateurs, chefs dans les mouvements de jeunesse, cercle de jeunes, autre exp\u00e9rience en animation ? Envie de vivre une exp\u00e9rience professionnelle enrichissante cet \u00e9t\u00e9 dans [&hellip;]\" \/>\n<meta property=\"og:url\" content=\"https:\/\/www.ceran.com\/fr\/animateurete\/\" \/>\n<meta property=\"og:site_name\" content=\"Ceran\" \/>\n<meta property=\"article:modified_time\" content=\"2026-02-04T10:28:20+00:00\" \/>\n<meta property=\"og:image\" content=\"https:\/\/www.ceran.com\/wp-content\/uploads\/2024\/08\/Design-sans-titre-19.jpg\" \/>\n\t<meta property=\"og:image:width\" content=\"512\" \/>\n\t<meta property=\"og:image:height\" content=\"512\" \/>\n\t<meta property=\"og:image:type\" content=\"image\/jpeg\" \/>\n<meta name=\"twitter:card\" content=\"summary_large_image\" \/>\n<script type=\"application\/ld+json\" class=\"yoast-schema-graph\">{\"@context\":\"https:\\\/\\\/schema.org\",\"@graph\":[{\"@type\":\"WebPage\",\"@id\":\"https:\\\/\\\/www.ceran.com\\\/fr\\\/animateurete\\\/\",\"url\":\"https:\\\/\\\/www.ceran.com\\\/fr\\\/animateurete\\\/\",\"name\":\"Animateur (H\\\/F\\\/X) camp d \u00e9t\u00e9 - Ceran\",\"isPartOf\":{\"@id\":\"https:\\\/\\\/www.ceran.com\\\/fr\\\/#website\"},\"primaryImageOfPage\":{\"@id\":\"https:\\\/\\\/www.ceran.com\\\/fr\\\/animateurete\\\/#primaryimage\"},\"image\":{\"@id\":\"https:\\\/\\\/www.ceran.com\\\/fr\\\/animateurete\\\/#primaryimage\"},\"thumbnailUrl\":\"https:\\\/\\\/www.ceran.com\\\/wp-content\\\/uploads\\\/2024\\\/08\\\/Design-sans-titre-19.jpg\",\"datePublished\":\"2024-11-06T10:03:49+00:00\",\"dateModified\":\"2026-02-04T10:28:20+00:00\",\"breadcrumb\":{\"@id\":\"https:\\\/\\\/www.ceran.com\\\/fr\\\/animateurete\\\/#breadcrumb\"},\"inLanguage\":\"fr-FR\",\"potentialAction\":[{\"@type\":\"ReadAction\",\"target\":[\"https:\\\/\\\/www.ceran.com\\\/fr\\\/animateurete\\\/\"]}]},{\"@type\":\"ImageObject\",\"inLanguage\":\"fr-FR\",\"@id\":\"https:\\\/\\\/www.ceran.com\\\/fr\\\/animateurete\\\/#primaryimage\",\"url\":\"https:\\\/\\\/www.ceran.com\\\/wp-content\\\/uploads\\\/2024\\\/08\\\/Design-sans-titre-19.jpg\",\"contentUrl\":\"https:\\\/\\\/www.ceran.com\\\/wp-content\\\/uploads\\\/2024\\\/08\\\/Design-sans-titre-19.jpg\",\"width\":512,\"height\":512,\"caption\":\"Interculturel CERAN\"},{\"@type\":\"BreadcrumbList\",\"@id\":\"https:\\\/\\\/www.ceran.com\\\/fr\\\/animateurete\\\/#breadcrumb\",\"itemListElement\":[{\"@type\":\"ListItem\",\"position\":1,\"name\":\"Accueil\",\"item\":\"https:\\\/\\\/www.ceran.com\\\/fr\\\/\"},{\"@type\":\"ListItem\",\"position\":2,\"name\":\"Animateur (H\\\/F\\\/X) camp d \u00e9t\u00e9\"}]},{\"@type\":\"WebSite\",\"@id\":\"https:\\\/\\\/www.ceran.com\\\/fr\\\/#website\",\"url\":\"https:\\\/\\\/www.ceran.com\\\/fr\\\/\",\"name\":\"Ceran\",\"description\":\"Des formations linguistiques et interculturelles qui vous ouvrent de nouveaux horizons\",\"publisher\":{\"@id\":\"https:\\\/\\\/www.ceran.com\\\/fr\\\/#organization\"},\"potentialAction\":[{\"@type\":\"SearchAction\",\"target\":{\"@type\":\"EntryPoint\",\"urlTemplate\":\"https:\\\/\\\/www.ceran.com\\\/fr\\\/?s={search_term_string}\"},\"query-input\":{\"@type\":\"PropertyValueSpecification\",\"valueRequired\":true,\"valueName\":\"search_term_string\"}}],\"inLanguage\":\"fr-FR\"},{\"@type\":\"Organization\",\"@id\":\"https:\\\/\\\/www.ceran.com\\\/fr\\\/#organization\",\"name\":\"Ceran\",\"url\":\"https:\\\/\\\/www.ceran.com\\\/fr\\\/\",\"logo\":{\"@type\":\"ImageObject\",\"inLanguage\":\"fr-FR\",\"@id\":\"https:\\\/\\\/www.ceran.com\\\/fr\\\/#\\\/schema\\\/logo\\\/image\\\/\",\"url\":\"https:\\\/\\\/www.ceran.com\\\/wp-content\\\/uploads\\\/2025\\\/06\\\/Logo-CERAN-16-x-16-pixels.svg\",\"contentUrl\":\"https:\\\/\\\/www.ceran.com\\\/wp-content\\\/uploads\\\/2025\\\/06\\\/Logo-CERAN-16-x-16-pixels.svg\",\"width\":30,\"height\":30,\"caption\":\"Ceran\"},\"image\":{\"@id\":\"https:\\\/\\\/www.ceran.com\\\/fr\\\/#\\\/schema\\\/logo\\\/image\\\/\"}}]}<\/script>\n<!-- \/ Yoast SEO plugin. -->","yoast_head_json":{"title":"Animateur (H\/F\/X) camp d \u00e9t\u00e9 - Ceran","robots":{"index":"index","follow":"follow","max-snippet":"max-snippet:-1","max-image-preview":"max-image-preview:large","max-video-preview":"max-video-preview:-1"},"canonical":"https:\/\/www.ceran.com\/fr\/animateurete\/","og_locale":"fr_FR","og_type":"article","og_title":"Animateur (H\/F\/X) camp d \u00e9t\u00e9 - Ceran","og_description":"ANIMATEUR (H\/F\/X) POUR CAMP D&rsquo;ETE EN BELGIQUE, province de Li\u00e8ge. Francophone, Anglophone, Germanophone , N\u00e9erlandophone. Dates : 26 juin au 22 Ao\u00fbt 2026 Etudiants en fili\u00e8res d&rsquo;\u00e9ducateurs, sportives, artistiques, ou animateurs, chefs dans les mouvements de jeunesse, cercle de jeunes, autre exp\u00e9rience en animation ? Envie de vivre une exp\u00e9rience professionnelle enrichissante cet \u00e9t\u00e9 dans [&hellip;]","og_url":"https:\/\/www.ceran.com\/fr\/animateurete\/","og_site_name":"Ceran","article_modified_time":"2026-02-04T10:28:20+00:00","og_image":[{"width":512,"height":512,"url":"https:\/\/www.ceran.com\/wp-content\/uploads\/2024\/08\/Design-sans-titre-19.jpg","type":"image\/jpeg"}],"twitter_card":"summary_large_image","schema":{"@context":"https:\/\/schema.org","@graph":[{"@type":"WebPage","@id":"https:\/\/www.ceran.com\/fr\/animateurete\/","url":"https:\/\/www.ceran.com\/fr\/animateurete\/","name":"Animateur (H\/F\/X) camp d \u00e9t\u00e9 - Ceran","isPartOf":{"@id":"https:\/\/www.ceran.com\/fr\/#website"},"primaryImageOfPage":{"@id":"https:\/\/www.ceran.com\/fr\/animateurete\/#primaryimage"},"image":{"@id":"https:\/\/www.ceran.com\/fr\/animateurete\/#primaryimage"},"thumbnailUrl":"https:\/\/www.ceran.com\/wp-content\/uploads\/2024\/08\/Design-sans-titre-19.jpg","datePublished":"2024-11-06T10:03:49+00:00","dateModified":"2026-02-04T10:28:20+00:00","breadcrumb":{"@id":"https:\/\/www.ceran.com\/fr\/animateurete\/#breadcrumb"},"inLanguage":"fr-FR","potentialAction":[{"@type":"ReadAction","target":["https:\/\/www.ceran.com\/fr\/animateurete\/"]}]},{"@type":"ImageObject","inLanguage":"fr-FR","@id":"https:\/\/www.ceran.com\/fr\/animateurete\/#primaryimage","url":"https:\/\/www.ceran.com\/wp-content\/uploads\/2024\/08\/Design-sans-titre-19.jpg","contentUrl":"https:\/\/www.ceran.com\/wp-content\/uploads\/2024\/08\/Design-sans-titre-19.jpg","width":512,"height":512,"caption":"Interculturel CERAN"},{"@type":"BreadcrumbList","@id":"https:\/\/www.ceran.com\/fr\/animateurete\/#breadcrumb","itemListElement":[{"@type":"ListItem","position":1,"name":"Accueil","item":"https:\/\/www.ceran.com\/fr\/"},{"@type":"ListItem","position":2,"name":"Animateur (H\/F\/X) camp d \u00e9t\u00e9"}]},{"@type":"WebSite","@id":"https:\/\/www.ceran.com\/fr\/#website","url":"https:\/\/www.ceran.com\/fr\/","name":"Ceran","description":"Des formations linguistiques et interculturelles qui vous ouvrent de nouveaux horizons","publisher":{"@id":"https:\/\/www.ceran.com\/fr\/#organization"},"potentialAction":[{"@type":"SearchAction","target":{"@type":"EntryPoint","urlTemplate":"https:\/\/www.ceran.com\/fr\/?s={search_term_string}"},"query-input":{"@type":"PropertyValueSpecification","valueRequired":true,"valueName":"search_term_string"}}],"inLanguage":"fr-FR"},{"@type":"Organization","@id":"https:\/\/www.ceran.com\/fr\/#organization","name":"Ceran","url":"https:\/\/www.ceran.com\/fr\/","logo":{"@type":"ImageObject","inLanguage":"fr-FR","@id":"https:\/\/www.ceran.com\/fr\/#\/schema\/logo\/image\/","url":"https:\/\/www.ceran.com\/wp-content\/uploads\/2025\/06\/Logo-CERAN-16-x-16-pixels.svg","contentUrl":"https:\/\/www.ceran.com\/wp-content\/uploads\/2025\/06\/Logo-CERAN-16-x-16-pixels.svg","width":30,"height":30,"caption":"Ceran"},"image":{"@id":"https:\/\/www.ceran.com\/fr\/#\/schema\/logo\/image\/"}}]}},"_links":{"self":[{"href":"https:\/\/www.ceran.com\/fr\/wp-json\/wp\/v2\/pages\/106779","targetHints":{"allow":["GET"]}}],"collection":[{"href":"https:\/\/www.ceran.com\/fr\/wp-json\/wp\/v2\/pages"}],"about":[{"href":"https:\/\/www.ceran.com\/fr\/wp-json\/wp\/v2\/types\/page"}],"author":[{"embeddable":true,"href":"https:\/\/www.ceran.com\/fr\/wp-json\/wp\/v2\/users\/27"}],"replies":[{"embeddable":true,"href":"https:\/\/www.ceran.com\/fr\/wp-json\/wp\/v2\/comments?post=106779"}],"version-history":[{"count":23,"href":"https:\/\/www.ceran.com\/fr\/wp-json\/wp\/v2\/pages\/106779\/revisions"}],"predecessor-version":[{"id":112539,"href":"https:\/\/www.ceran.com\/fr\/wp-json\/wp\/v2\/pages\/106779\/revisions\/112539"}],"wp:featuredmedia":[{"embeddable":true,"href":"https:\/\/www.ceran.com\/fr\/wp-json\/wp\/v2\/media\/102842"}],"wp:attachment":[{"href":"https:\/\/www.ceran.com\/fr\/wp-json\/wp\/v2\/media?parent=106779"}],"curies":[{"name":"wp","href":"https:\/\/api.w.org\/{rel}","templated":true}]}}