{"id":112079,"date":"2025-12-08T18:31:50","date_gmt":"2025-12-08T17:31:50","guid":{"rendered":"https:\/\/www.ceran.com\/?page_id=112079"},"modified":"2026-03-04T14:25:25","modified_gmt":"2026-03-04T13:25:25","slug":"stagaire-marketing-dept","status":"publish","type":"page","link":"https:\/\/www.ceran.com\/fr\/stagaire-marketing-dept\/","title":{"rendered":"Stagiaire en Marketing Digital  &#8211; (H\/F\/X)"},"content":{"rendered":"\t\t<div data-elementor-type=\"wp-page\" data-elementor-id=\"112079\" class=\"elementor elementor-112079\" data-elementor-post-type=\"page\">\n\t\t\t\t\t\t<section class=\"elementor-section elementor-top-section elementor-element elementor-element-5aae095 elementor-section-boxed elementor-section-height-default elementor-section-height-default\" data-id=\"5aae095\" data-element_type=\"section\" data-e-type=\"section\">\n\t\t\t\t\t\t<div class=\"elementor-container elementor-column-gap-default\">\n\t\t\t\t\t<div class=\"elementor-column elementor-col-100 elementor-top-column elementor-element elementor-element-0af10cf\" data-id=\"0af10cf\" data-element_type=\"column\" data-e-type=\"column\">\n\t\t\t<div class=\"elementor-widget-wrap elementor-element-populated\">\n\t\t\t\t\t\t<div class=\"elementor-element elementor-element-9d663d9 elementor-widget elementor-widget-ceran-image-text\" data-id=\"9d663d9\" data-element_type=\"widget\" data-e-type=\"widget\" data-widget_type=\"ceran-image-text.default\">\n\t\t\t\t<div class=\"elementor-widget-container\">\n\t\t\t\t\t<div class=\"widget-column flex-row-reverse\"><div class=\"wrapper-img\" style=\"background: url(https:\/\/www.ceran.com\/wp-content\/uploads\/2026\/03\/ChatGPT-Image-4-mars-2026-14_18_38-1024x683.jpg) center \/ cover no-repeat\"><\/div><div class=\"wrapper-text\"><div class=\"corner corner-right-top\"><div class=\"corner-content\"><h2 class=\"box-title ax-title\">Stage Marketing & Cr\u00e9ation de Contenu (Stage conventionn\u00e9) \u2013 CERAN | Spa ou Bruxelles<\/h2><div class=\"box-content\"><p>\u00a0<\/p><p class=\"isSelectedEnd\">Chez <strong>CERAN<\/strong>, nous croyons que l\u2019apprentissage des langues est avant tout une aventure humaine. Chaque jour, nous cr\u00e9ons des exp\u00e9riences immersives qui permettent aux professionnels et aux particuliers de se connecter, de progresser et de s\u2019ouvrir au monde.<\/p><p class=\"isSelectedEnd\">Pour faire rayonner davantage cette mission, nous recherchons <strong>un(e) stagiaire en Marketing &amp; Cr\u00e9ation de contenu<\/strong>, curieux(se), cr\u00e9atif(ve) et enthousiaste, pr\u00eat(e) \u00e0 rejoindre notre \u00e9quipe marketing et \u00e0 participer activement \u00e0 nos projets.<\/p><p>Si tu aimes raconter des histoires \u00e0 travers l\u2019image, cr\u00e9er du contenu qui inspire et voir concr\u00e8tement l\u2019impact de ton travail, <strong>ce stage pourrait bien \u00eatre fait pour toi.<\/strong><\/p><\/div><a href=\"https:\/\/ceran1.typeform.com\/to\/dXjhaoHh\" class=\"ax-btn btn-arrow\" >Postule maintenant<\/a><\/div><\/div><\/div><\/div>\t\t\t\t<\/div>\n\t\t\t\t<\/div>\n\t\t\t\t\t<\/div>\n\t\t<\/div>\n\t\t\t\t\t<\/div>\n\t\t<\/section>\n\t\t\t\t<section class=\"elementor-section elementor-top-section elementor-element elementor-element-f254559 elementor-section-boxed elementor-section-height-default elementor-section-height-default\" data-id=\"f254559\" data-element_type=\"section\" data-e-type=\"section\">\n\t\t\t\t\t\t<div class=\"elementor-container elementor-column-gap-default\">\n\t\t\t\t\t<div class=\"elementor-column elementor-col-100 elementor-top-column elementor-element elementor-element-786f5b4\" data-id=\"786f5b4\" data-element_type=\"column\" data-e-type=\"column\">\n\t\t\t<div class=\"elementor-widget-wrap elementor-element-populated\">\n\t\t\t\t\t\t<div class=\"elementor-element elementor-element-21d3199 elementor-invisible elementor-widget elementor-widget-heading\" data-id=\"21d3199\" data-element_type=\"widget\" data-e-type=\"widget\" data-settings=\"{&quot;_animation&quot;:&quot;fadeIn&quot;,&quot;_animation_delay&quot;:100}\" data-widget_type=\"heading.default\">\n\t\t\t\t<div class=\"elementor-widget-container\">\n\t\t\t\t\t<h2 class=\"elementor-heading-title elementor-size-default\">Ta mission<\/h2>\t\t\t\t<\/div>\n\t\t\t\t<\/div>\n\t\t\t\t<div class=\"elementor-element elementor-element-8cd2b29 elementor-widget elementor-widget-text-editor\" data-id=\"8cd2b29\" data-element_type=\"widget\" data-e-type=\"widget\" data-widget_type=\"text-editor.default\">\n\t\t\t\t<div class=\"elementor-widget-container\">\n\t\t\t\t\t\t\t\t\t<p class=\"isSelectedEnd\">Au c\u0153ur de l\u2019\u00e9quipe marketing, tu contribueras \u00e0 imaginer et produire des contenus qui refl\u00e8tent l\u2019\u00e9nergie, l\u2019authenticit\u00e9 et l\u2019esprit de CERAN.<\/p><p class=\"isSelectedEnd\">Concr\u00e8tement, tu seras amen\u00e9(e) \u00e0 :<\/p><p class=\"isSelectedEnd\">\u2022 Imaginer et cr\u00e9er du <strong>contenu engageant pour nos r\u00e9seaux sociaux<\/strong> (LinkedIn, vid\u00e9os courtes, visuels)<br \/>\u2022 Concevoir des <strong>supports visuels align\u00e9s avec notre identit\u00e9 de marque<\/strong><br \/>\u2022 <strong>Filmer et monter photos et vid\u00e9os<\/strong> : \u00e9v\u00e9nements, interviews, coulisses de la vie au CERAN<br \/>\u2022 Participer au d\u00e9ploiement de <strong>campagnes marketing et initiatives de communication<\/strong><br \/>\u2022 Veiller \u00e0 la <strong>coh\u00e9rence de notre image sur l\u2019ensemble de nos canaux<\/strong><br \/>\u2022 Proposer <strong>de nouvelles id\u00e9es cr\u00e9atives et formats de contenu<\/strong><\/p><p>Ce stage n\u2019est pas un r\u00f4le d\u2019observation : <strong>tu auras de vraies responsabilit\u00e9s et un impact concret sur nos projets.<\/strong><\/p>\t\t\t\t\t\t\t\t<\/div>\n\t\t\t\t<\/div>\n\t\t\t\t<div class=\"elementor-element elementor-element-393699d elementor-mobile-align-center elementor-align-center elementor-widget elementor-widget-button\" data-id=\"393699d\" data-element_type=\"widget\" data-e-type=\"widget\" data-widget_type=\"button.default\">\n\t\t\t\t<div class=\"elementor-widget-container\">\n\t\t\t\t\t\t\t\t\t<div class=\"elementor-button-wrapper\">\n\t\t\t\t\t<a class=\"elementor-button elementor-button-link elementor-size-sm\" href=\"https:\/\/ceran1.typeform.com\/to\/dXjhaoHh\">\n\t\t\t\t\t\t<span class=\"elementor-button-content-wrapper\">\n\t\t\t\t\t\t<span class=\"elementor-button-icon\">\n\t\t\t\t<i aria-hidden=\"true\" class=\"fas fa-arrow-right\"><\/i>\t\t\t<\/span>\n\t\t\t\t\t\t\t\t\t<span class=\"elementor-button-text\">Je postule maintenant<\/span>\n\t\t\t\t\t<\/span>\n\t\t\t\t\t<\/a>\n\t\t\t\t<\/div>\n\t\t\t\t\t\t\t\t<\/div>\n\t\t\t\t<\/div>\n\t\t\t\t<div class=\"elementor-element elementor-element-5b9dbcf elementor-invisible elementor-widget elementor-widget-heading\" data-id=\"5b9dbcf\" data-element_type=\"widget\" data-e-type=\"widget\" data-settings=\"{&quot;_animation&quot;:&quot;fadeIn&quot;,&quot;_animation_delay&quot;:100}\" data-widget_type=\"heading.default\">\n\t\t\t\t<div class=\"elementor-widget-container\">\n\t\t\t\t\t<h3 class=\"elementor-heading-title elementor-size-default\">Le profil recherch\u00e9<\/h3>\t\t\t\t<\/div>\n\t\t\t\t<\/div>\n\t\t\t\t<div class=\"elementor-element elementor-element-42e71d7 elementor-widget elementor-widget-text-editor\" data-id=\"42e71d7\" data-element_type=\"widget\" data-e-type=\"widget\" data-widget_type=\"text-editor.default\">\n\t\t\t\t<div class=\"elementor-widget-container\">\n\t\t\t\t\t\t\t\t\t<p class=\"isSelectedEnd\">Nous recherchons avant tout une personne qui :<\/p><p>\u2022 Est passionn\u00e9e par <strong>la communication visuelle et la cr\u00e9ation de contenu<\/strong><br \/>\u2022 Est <strong>cr\u00e9ative, curieuse et attentive aux d\u00e9tails<\/strong><br \/>\u2022 Est organis\u00e9e et capable de travailler <strong>en autonomie comme en \u00e9quipe<\/strong><br \/>\u2022 Est \u00e0 l\u2019aise pour <strong>transformer une id\u00e9e en contenu concret<\/strong><\/p>\t\t\t\t\t\t\t\t<\/div>\n\t\t\t\t<\/div>\n\t\t\t\t<div class=\"elementor-element elementor-element-9e7819c elementor-invisible elementor-widget elementor-widget-heading\" data-id=\"9e7819c\" data-element_type=\"widget\" data-e-type=\"widget\" data-settings=\"{&quot;_animation&quot;:&quot;fadeIn&quot;,&quot;_animation_delay&quot;:100}\" data-widget_type=\"heading.default\">\n\t\t\t\t<div class=\"elementor-widget-container\">\n\t\t\t\t\t<h3 class=\"elementor-heading-title elementor-size-default\">Les comp\u00e9tences qui feront la diff\u00e9rence\n\n<\/h3>\t\t\t\t<\/div>\n\t\t\t\t<\/div>\n\t\t\t\t<div class=\"elementor-element elementor-element-8147f82 elementor-widget elementor-widget-text-editor\" data-id=\"8147f82\" data-element_type=\"widget\" data-e-type=\"widget\" data-widget_type=\"text-editor.default\">\n\t\t\t\t<div class=\"elementor-widget-container\">\n\t\t\t\t\t\t\t\t\t<p>\u2022 De bonnes <strong>capacit\u00e9s r\u00e9dactionnelles et de communication<\/strong><br \/>\u2022 Une premi\u00e8re exp\u00e9rience en <strong>cr\u00e9ation de contenu vid\u00e9o, montage ou motion design<\/strong><br \/>\u2022 La ma\u00eetrise d\u2019outils comme <strong>Canva, Figma, Adobe Suite, CapCut ou \u00e9quivalent<\/strong><br \/>\u2022 Une bonne compr\u00e9hension des <strong>codes des r\u00e9seaux sociaux<\/strong> (LinkedIn, Instagram, TikTok)<br \/>\u2022 Une bonne ma\u00eetrise du <strong>fran\u00e7ais (C2)<\/strong> et de <strong>l\u2019anglais (B1). <\/strong>Le n\u00e9erlandais est un vrai plus<\/p>\t\t\t\t\t\t\t\t<\/div>\n\t\t\t\t<\/div>\n\t\t\t\t<div class=\"elementor-element elementor-element-f584d66 elementor-invisible elementor-widget elementor-widget-heading\" data-id=\"f584d66\" data-element_type=\"widget\" data-e-type=\"widget\" data-settings=\"{&quot;_animation&quot;:&quot;fadeIn&quot;,&quot;_animation_delay&quot;:100}\" data-widget_type=\"heading.default\">\n\t\t\t\t<div class=\"elementor-widget-container\">\n\t\t\t\t\t<h3 class=\"elementor-heading-title elementor-size-default\">Informations pratiques\n<\/h3>\t\t\t\t<\/div>\n\t\t\t\t<\/div>\n\t\t\t\t<div class=\"elementor-element elementor-element-08128f0 elementor-widget elementor-widget-text-editor\" data-id=\"08128f0\" data-element_type=\"widget\" data-e-type=\"widget\" data-widget_type=\"text-editor.default\">\n\t\t\t\t<div class=\"elementor-widget-container\">\n\t\t\t\t\t\t\t\t\t<p class=\"isSelectedEnd\">\ud83d\udccd <strong>Lieu du stage<\/strong> : sur site \u00e0 <strong>Spa (Ch\u00e2teau du Haut-Neubois)<\/strong> ou \u00e0 <strong>Bruxelles (juste en face de la Gare Centrale)<\/strong><br \/>\u23f3 <strong>Dur\u00e9e<\/strong> : minimum <strong>3 mois<\/strong><br \/>\ud83d\udcc4 <strong>Type de stage<\/strong> : stage <strong>conventionn\u00e9<\/strong> (via une \u00e9cole ou une universit\u00e9)<br \/>\ud83d\ude80 <strong>D\u00e9but<\/strong> : <strong>d\u00e8s que possible<\/strong><\/p><p class=\"isSelectedEnd\"><strong>Envie de rejoindre l\u2019aventure ?<\/strong><\/p><p class=\"isSelectedEnd\">Remplis le formulaire et <strong>partage-nous ton CV ainsi que ton portfolio<\/strong> pour nous montrer ton univers cr\u00e9atif.<\/p><p>Nous avons h\u00e2te de d\u00e9couvrir <strong>tes id\u00e9es, ton style et ta cr\u00e9ativit\u00e9.<\/strong>\u00a0<\/p>\t\t\t\t\t\t\t\t<\/div>\n\t\t\t\t<\/div>\n\t\t\t\t<div class=\"elementor-element elementor-element-257fe67 elementor-mobile-align-center elementor-align-center elementor-widget elementor-widget-button\" data-id=\"257fe67\" data-element_type=\"widget\" data-e-type=\"widget\" data-widget_type=\"button.default\">\n\t\t\t\t<div class=\"elementor-widget-container\">\n\t\t\t\t\t\t\t\t\t<div class=\"elementor-button-wrapper\">\n\t\t\t\t\t<a class=\"elementor-button elementor-button-link elementor-size-sm\" href=\"https:\/\/ceran1.typeform.com\/to\/dXjhaoHh\">\n\t\t\t\t\t\t<span class=\"elementor-button-content-wrapper\">\n\t\t\t\t\t\t<span class=\"elementor-button-icon\">\n\t\t\t\t<i aria-hidden=\"true\" class=\"fas fa-arrow-right\"><\/i>\t\t\t<\/span>\n\t\t\t\t\t\t\t\t\t<span class=\"elementor-button-text\">Je postule maintenant<\/span>\n\t\t\t\t\t<\/span>\n\t\t\t\t\t<\/a>\n\t\t\t\t<\/div>\n\t\t\t\t\t\t\t\t<\/div>\n\t\t\t\t<\/div>\n\t\t\t\t\t<\/div>\n\t\t<\/div>\n\t\t\t\t\t<\/div>\n\t\t<\/section>\n\t\t\t\t<section class=\"elementor-section elementor-top-section elementor-element elementor-element-aa012e8 elementor-section-boxed elementor-section-height-default elementor-section-height-default\" data-id=\"aa012e8\" data-element_type=\"section\" data-e-type=\"section\">\n\t\t\t\t\t\t<div class=\"elementor-container elementor-column-gap-default\">\n\t\t\t\t\t<div class=\"elementor-column elementor-col-100 elementor-top-column elementor-element elementor-element-95a7b84\" data-id=\"95a7b84\" data-element_type=\"column\" data-e-type=\"column\">\n\t\t\t<div class=\"elementor-widget-wrap elementor-element-populated\">\n\t\t\t\t\t\t<div class=\"elementor-element elementor-element-9ef0bd4 elementor-widget elementor-widget-ceran-image-text\" data-id=\"9ef0bd4\" data-element_type=\"widget\" data-e-type=\"widget\" data-widget_type=\"ceran-image-text.default\">\n\t\t\t\t<div class=\"elementor-widget-container\">\n\t\t\t\t\t<div class=\"widget-column flex-row\"><div class=\"wrapper-img\" style=\"background: url(https:\/\/www.ceran.com\/wp-content\/uploads\/2025\/04\/50-ans-CERAN-avril-2025-9262-1024x683.jpg) center \/ cover no-repeat\"><\/div><div class=\"wrapper-text\"><div class=\"corner corner-left-top\"><div class=\"corner-content\"><h2 class=\"box-title ax-title\">A propos du CERAN<\/h2><div class=\"box-content\"><p>CERAN, une soci\u00e9t\u00e9 du groupe Ch\u00e2teauform\u2019, se caract\u00e9rise par une culture internationale et entreprenante. Elle vise principalement le monde des entreprises \u00e0 renomm\u00e9e internationale et propose une gamme de produits de formations linguistiques et interculturelles pour adultes, jeunes adultes et juniors.<\/p><p>L\u2019humain est au c\u0153ur des pr\u00e9occupations de CERAN. Notre organisation poss\u00e8de une vision plurilat\u00e9rale envers ses Talents, Clients et Collaborateurs pour apporter des solutions humaines et sur mesure.<\/p><\/div><a href=\"https:\/\/www.ceran.com\/fr\/le-ceran-et-ses-methodes\/lhistoire-du-ceran\/#:~:text=Le%20CERAN%20est%20avant%20tout,sont%20hospitalit%C3%A9%2C%20respect%20et%20bienveillance.\" class=\"ax-btn btn-arrow\" >En savoir plus<\/a><\/div><\/div><\/div><\/div>\t\t\t\t<\/div>\n\t\t\t\t<\/div>\n\t\t\t\t\t<\/div>\n\t\t<\/div>\n\t\t\t\t\t<\/div>\n\t\t<\/section>\n\t\t\t\t<section class=\"elementor-section elementor-top-section elementor-element elementor-element-0f5f2fc elementor-section-boxed elementor-section-height-default elementor-section-height-default\" data-id=\"0f5f2fc\" data-element_type=\"section\" data-e-type=\"section\">\n\t\t\t\t\t\t<div class=\"elementor-container elementor-column-gap-default\">\n\t\t\t\t\t<div class=\"elementor-column elementor-col-100 elementor-top-column elementor-element elementor-element-96a1f29\" data-id=\"96a1f29\" data-element_type=\"column\" data-e-type=\"column\">\n\t\t\t<div class=\"elementor-widget-wrap elementor-element-populated\">\n\t\t\t\t\t\t<div class=\"elementor-element elementor-element-231e53a elementor-widget elementor-widget-text-editor\" data-id=\"231e53a\" data-element_type=\"widget\" data-e-type=\"widget\" data-widget_type=\"text-editor.default\">\n\t\t\t\t<div class=\"elementor-widget-container\">\n\t\t\t\t\t\t\t\t\t<p><em>Dans le cadre de la politique RSE du CERAN, l\u2019inclusion des diff\u00e9rences est une force. Le CERAN est convaincu que diversit\u00e9 rime avec performance, nous portons donc la m\u00eame attention \u00e0 toutes les candidatures !<\/em><\/p><p><strong><em>N\u2019h\u00e9sitez pas \u00e0 nous contacter pour obtenir davantage d\u2019informations <\/em><\/strong><strong><em>: jobs@ceran.com<\/em><\/strong><\/p><p>Christine Laurent<\/p><p>TEL\u00a0: +32 87 79 17 03<\/p>\t\t\t\t\t\t\t\t<\/div>\n\t\t\t\t<\/div>\n\t\t\t\t<div class=\"elementor-element elementor-element-00525fa elementor-mobile-align-center elementor-align-center elementor-widget elementor-widget-button\" data-id=\"00525fa\" data-element_type=\"widget\" data-e-type=\"widget\" data-widget_type=\"button.default\">\n\t\t\t\t<div class=\"elementor-widget-container\">\n\t\t\t\t\t\t\t\t\t<div class=\"elementor-button-wrapper\">\n\t\t\t\t\t<a class=\"elementor-button elementor-button-link elementor-size-sm\" href=\"https:\/\/ceran1.typeform.com\/to\/dXjhaoHh\">\n\t\t\t\t\t\t<span class=\"elementor-button-content-wrapper\">\n\t\t\t\t\t\t<span class=\"elementor-button-icon\">\n\t\t\t\t<i aria-hidden=\"true\" class=\"fas fa-arrow-right\"><\/i>\t\t\t<\/span>\n\t\t\t\t\t\t\t\t\t<span class=\"elementor-button-text\">Je postule maintenant<\/span>\n\t\t\t\t\t<\/span>\n\t\t\t\t\t<\/a>\n\t\t\t\t<\/div>\n\t\t\t\t\t\t\t\t<\/div>\n\t\t\t\t<\/div>\n\t\t\t\t\t<\/div>\n\t\t<\/div>\n\t\t\t\t\t<\/div>\n\t\t<\/section>\n\t\t\t\t<\/div>\n\t\t","protected":false},"excerpt":{"rendered":"<p>Stage Marketing &#038; Cr\u00e9ation de Contenu (Stage conventionn\u00e9) \u2013 CERAN | Spa ou Bruxelles \u00a0 Chez CERAN, nous croyons que l\u2019apprentissage des langues est avant tout une aventure humaine. Chaque jour, nous cr\u00e9ons des exp\u00e9riences immersives qui permettent aux professionnels et aux particuliers de se connecter, de progresser et de s\u2019ouvrir au monde. Pour faire [&hellip;]<\/p>\n","protected":false},"author":27,"featured_media":102842,"parent":0,"menu_order":0,"comment_status":"closed","ping_status":"closed","template":"","meta":{"_acf_changed":false,"_seopress_robots_primary_cat":"","_seopress_titles_title":"","_seopress_titles_desc":"","_seopress_robots_index":"","content-type":"","footnotes":""},"class_list":["post-112079","page","type-page","status-publish","has-post-thumbnail","hentry"],"acf":[],"yoast_head":"<!-- This site is optimized with the Yoast SEO plugin v27.4 - https:\/\/yoast.com\/product\/yoast-seo-wordpress\/ -->\n<title>Stagiaire en Marketing Digital - (H\/F\/X) - Ceran<\/title>\n<meta name=\"robots\" content=\"index, follow, max-snippet:-1, max-image-preview:large, max-video-preview:-1\" \/>\n<link rel=\"canonical\" href=\"https:\/\/www.ceran.com\/fr\/stagaire-marketing-dept\/\" \/>\n<meta property=\"og:locale\" content=\"fr_FR\" \/>\n<meta property=\"og:type\" content=\"article\" \/>\n<meta property=\"og:title\" content=\"Stagiaire en Marketing Digital - (H\/F\/X) - Ceran\" \/>\n<meta property=\"og:description\" content=\"Stage Marketing &#038; Cr\u00e9ation de Contenu (Stage conventionn\u00e9) \u2013 CERAN | Spa ou Bruxelles \u00a0 Chez CERAN, nous croyons que l\u2019apprentissage des langues est avant tout une aventure humaine. Chaque jour, nous cr\u00e9ons des exp\u00e9riences immersives qui permettent aux professionnels et aux particuliers de se connecter, de progresser et de s\u2019ouvrir au monde. Pour faire [&hellip;]\" \/>\n<meta property=\"og:url\" content=\"https:\/\/www.ceran.com\/fr\/stagaire-marketing-dept\/\" \/>\n<meta property=\"og:site_name\" content=\"Ceran\" \/>\n<meta property=\"article:modified_time\" content=\"2026-03-04T13:25:25+00:00\" \/>\n<meta property=\"og:image\" content=\"https:\/\/www.ceran.com\/wp-content\/uploads\/2024\/08\/Design-sans-titre-19.jpg\" \/>\n\t<meta property=\"og:image:width\" content=\"512\" \/>\n\t<meta property=\"og:image:height\" content=\"512\" \/>\n\t<meta property=\"og:image:type\" content=\"image\/jpeg\" \/>\n<meta name=\"twitter:card\" content=\"summary_large_image\" \/>\n<script type=\"application\/ld+json\" class=\"yoast-schema-graph\">{\"@context\":\"https:\\\/\\\/schema.org\",\"@graph\":[{\"@type\":\"WebPage\",\"@id\":\"https:\\\/\\\/www.ceran.com\\\/fr\\\/stagaire-marketing-dept\\\/\",\"url\":\"https:\\\/\\\/www.ceran.com\\\/fr\\\/stagaire-marketing-dept\\\/\",\"name\":\"Stagiaire en Marketing Digital - (H\\\/F\\\/X) - Ceran\",\"isPartOf\":{\"@id\":\"https:\\\/\\\/www.ceran.com\\\/fr\\\/#website\"},\"primaryImageOfPage\":{\"@id\":\"https:\\\/\\\/www.ceran.com\\\/fr\\\/stagaire-marketing-dept\\\/#primaryimage\"},\"image\":{\"@id\":\"https:\\\/\\\/www.ceran.com\\\/fr\\\/stagaire-marketing-dept\\\/#primaryimage\"},\"thumbnailUrl\":\"https:\\\/\\\/www.ceran.com\\\/wp-content\\\/uploads\\\/2024\\\/08\\\/Design-sans-titre-19.jpg\",\"datePublished\":\"2025-12-08T17:31:50+00:00\",\"dateModified\":\"2026-03-04T13:25:25+00:00\",\"breadcrumb\":{\"@id\":\"https:\\\/\\\/www.ceran.com\\\/fr\\\/stagaire-marketing-dept\\\/#breadcrumb\"},\"inLanguage\":\"fr-FR\",\"potentialAction\":[{\"@type\":\"ReadAction\",\"target\":[\"https:\\\/\\\/www.ceran.com\\\/fr\\\/stagaire-marketing-dept\\\/\"]}]},{\"@type\":\"ImageObject\",\"inLanguage\":\"fr-FR\",\"@id\":\"https:\\\/\\\/www.ceran.com\\\/fr\\\/stagaire-marketing-dept\\\/#primaryimage\",\"url\":\"https:\\\/\\\/www.ceran.com\\\/wp-content\\\/uploads\\\/2024\\\/08\\\/Design-sans-titre-19.jpg\",\"contentUrl\":\"https:\\\/\\\/www.ceran.com\\\/wp-content\\\/uploads\\\/2024\\\/08\\\/Design-sans-titre-19.jpg\",\"width\":512,\"height\":512,\"caption\":\"Interculturel CERAN\"},{\"@type\":\"BreadcrumbList\",\"@id\":\"https:\\\/\\\/www.ceran.com\\\/fr\\\/stagaire-marketing-dept\\\/#breadcrumb\",\"itemListElement\":[{\"@type\":\"ListItem\",\"position\":1,\"name\":\"Accueil\",\"item\":\"https:\\\/\\\/www.ceran.com\\\/fr\\\/\"},{\"@type\":\"ListItem\",\"position\":2,\"name\":\"Stagiaire en Marketing Digital &#8211; (H\\\/F\\\/X)\"}]},{\"@type\":\"WebSite\",\"@id\":\"https:\\\/\\\/www.ceran.com\\\/fr\\\/#website\",\"url\":\"https:\\\/\\\/www.ceran.com\\\/fr\\\/\",\"name\":\"Ceran\",\"description\":\"Des formations linguistiques et interculturelles qui vous ouvrent de nouveaux horizons\",\"publisher\":{\"@id\":\"https:\\\/\\\/www.ceran.com\\\/fr\\\/#organization\"},\"potentialAction\":[{\"@type\":\"SearchAction\",\"target\":{\"@type\":\"EntryPoint\",\"urlTemplate\":\"https:\\\/\\\/www.ceran.com\\\/fr\\\/?s={search_term_string}\"},\"query-input\":{\"@type\":\"PropertyValueSpecification\",\"valueRequired\":true,\"valueName\":\"search_term_string\"}}],\"inLanguage\":\"fr-FR\"},{\"@type\":\"Organization\",\"@id\":\"https:\\\/\\\/www.ceran.com\\\/fr\\\/#organization\",\"name\":\"Ceran\",\"url\":\"https:\\\/\\\/www.ceran.com\\\/fr\\\/\",\"logo\":{\"@type\":\"ImageObject\",\"inLanguage\":\"fr-FR\",\"@id\":\"https:\\\/\\\/www.ceran.com\\\/fr\\\/#\\\/schema\\\/logo\\\/image\\\/\",\"url\":\"https:\\\/\\\/www.ceran.com\\\/wp-content\\\/uploads\\\/2025\\\/06\\\/Logo-CERAN-16-x-16-pixels.svg\",\"contentUrl\":\"https:\\\/\\\/www.ceran.com\\\/wp-content\\\/uploads\\\/2025\\\/06\\\/Logo-CERAN-16-x-16-pixels.svg\",\"width\":30,\"height\":30,\"caption\":\"Ceran\"},\"image\":{\"@id\":\"https:\\\/\\\/www.ceran.com\\\/fr\\\/#\\\/schema\\\/logo\\\/image\\\/\"}}]}<\/script>\n<!-- \/ Yoast SEO plugin. -->","yoast_head_json":{"title":"Stagiaire en Marketing Digital - (H\/F\/X) - Ceran","robots":{"index":"index","follow":"follow","max-snippet":"max-snippet:-1","max-image-preview":"max-image-preview:large","max-video-preview":"max-video-preview:-1"},"canonical":"https:\/\/www.ceran.com\/fr\/stagaire-marketing-dept\/","og_locale":"fr_FR","og_type":"article","og_title":"Stagiaire en Marketing Digital - (H\/F\/X) - Ceran","og_description":"Stage Marketing &#038; Cr\u00e9ation de Contenu (Stage conventionn\u00e9) \u2013 CERAN | Spa ou Bruxelles \u00a0 Chez CERAN, nous croyons que l\u2019apprentissage des langues est avant tout une aventure humaine. Chaque jour, nous cr\u00e9ons des exp\u00e9riences immersives qui permettent aux professionnels et aux particuliers de se connecter, de progresser et de s\u2019ouvrir au monde. Pour faire [&hellip;]","og_url":"https:\/\/www.ceran.com\/fr\/stagaire-marketing-dept\/","og_site_name":"Ceran","article_modified_time":"2026-03-04T13:25:25+00:00","og_image":[{"width":512,"height":512,"url":"https:\/\/www.ceran.com\/wp-content\/uploads\/2024\/08\/Design-sans-titre-19.jpg","type":"image\/jpeg"}],"twitter_card":"summary_large_image","schema":{"@context":"https:\/\/schema.org","@graph":[{"@type":"WebPage","@id":"https:\/\/www.ceran.com\/fr\/stagaire-marketing-dept\/","url":"https:\/\/www.ceran.com\/fr\/stagaire-marketing-dept\/","name":"Stagiaire en Marketing Digital - (H\/F\/X) - Ceran","isPartOf":{"@id":"https:\/\/www.ceran.com\/fr\/#website"},"primaryImageOfPage":{"@id":"https:\/\/www.ceran.com\/fr\/stagaire-marketing-dept\/#primaryimage"},"image":{"@id":"https:\/\/www.ceran.com\/fr\/stagaire-marketing-dept\/#primaryimage"},"thumbnailUrl":"https:\/\/www.ceran.com\/wp-content\/uploads\/2024\/08\/Design-sans-titre-19.jpg","datePublished":"2025-12-08T17:31:50+00:00","dateModified":"2026-03-04T13:25:25+00:00","breadcrumb":{"@id":"https:\/\/www.ceran.com\/fr\/stagaire-marketing-dept\/#breadcrumb"},"inLanguage":"fr-FR","potentialAction":[{"@type":"ReadAction","target":["https:\/\/www.ceran.com\/fr\/stagaire-marketing-dept\/"]}]},{"@type":"ImageObject","inLanguage":"fr-FR","@id":"https:\/\/www.ceran.com\/fr\/stagaire-marketing-dept\/#primaryimage","url":"https:\/\/www.ceran.com\/wp-content\/uploads\/2024\/08\/Design-sans-titre-19.jpg","contentUrl":"https:\/\/www.ceran.com\/wp-content\/uploads\/2024\/08\/Design-sans-titre-19.jpg","width":512,"height":512,"caption":"Interculturel CERAN"},{"@type":"BreadcrumbList","@id":"https:\/\/www.ceran.com\/fr\/stagaire-marketing-dept\/#breadcrumb","itemListElement":[{"@type":"ListItem","position":1,"name":"Accueil","item":"https:\/\/www.ceran.com\/fr\/"},{"@type":"ListItem","position":2,"name":"Stagiaire en Marketing Digital &#8211; (H\/F\/X)"}]},{"@type":"WebSite","@id":"https:\/\/www.ceran.com\/fr\/#website","url":"https:\/\/www.ceran.com\/fr\/","name":"Ceran","description":"Des formations linguistiques et interculturelles qui vous ouvrent de nouveaux horizons","publisher":{"@id":"https:\/\/www.ceran.com\/fr\/#organization"},"potentialAction":[{"@type":"SearchAction","target":{"@type":"EntryPoint","urlTemplate":"https:\/\/www.ceran.com\/fr\/?s={search_term_string}"},"query-input":{"@type":"PropertyValueSpecification","valueRequired":true,"valueName":"search_term_string"}}],"inLanguage":"fr-FR"},{"@type":"Organization","@id":"https:\/\/www.ceran.com\/fr\/#organization","name":"Ceran","url":"https:\/\/www.ceran.com\/fr\/","logo":{"@type":"ImageObject","inLanguage":"fr-FR","@id":"https:\/\/www.ceran.com\/fr\/#\/schema\/logo\/image\/","url":"https:\/\/www.ceran.com\/wp-content\/uploads\/2025\/06\/Logo-CERAN-16-x-16-pixels.svg","contentUrl":"https:\/\/www.ceran.com\/wp-content\/uploads\/2025\/06\/Logo-CERAN-16-x-16-pixels.svg","width":30,"height":30,"caption":"Ceran"},"image":{"@id":"https:\/\/www.ceran.com\/fr\/#\/schema\/logo\/image\/"}}]}},"_links":{"self":[{"href":"https:\/\/www.ceran.com\/fr\/wp-json\/wp\/v2\/pages\/112079","targetHints":{"allow":["GET"]}}],"collection":[{"href":"https:\/\/www.ceran.com\/fr\/wp-json\/wp\/v2\/pages"}],"about":[{"href":"https:\/\/www.ceran.com\/fr\/wp-json\/wp\/v2\/types\/page"}],"author":[{"embeddable":true,"href":"https:\/\/www.ceran.com\/fr\/wp-json\/wp\/v2\/users\/27"}],"replies":[{"embeddable":true,"href":"https:\/\/www.ceran.com\/fr\/wp-json\/wp\/v2\/comments?post=112079"}],"version-history":[{"count":17,"href":"https:\/\/www.ceran.com\/fr\/wp-json\/wp\/v2\/pages\/112079\/revisions"}],"predecessor-version":[{"id":112626,"href":"https:\/\/www.ceran.com\/fr\/wp-json\/wp\/v2\/pages\/112079\/revisions\/112626"}],"wp:featuredmedia":[{"embeddable":true,"href":"https:\/\/www.ceran.com\/fr\/wp-json\/wp\/v2\/media\/102842"}],"wp:attachment":[{"href":"https:\/\/www.ceran.com\/fr\/wp-json\/wp\/v2\/media?parent=112079"}],"curies":[{"name":"wp","href":"https:\/\/api.w.org\/{rel}","templated":true}]}}