{"id":112747,"date":"2026-04-09T17:17:14","date_gmt":"2026-04-09T15:17:14","guid":{"rendered":"https:\/\/www.ceran.com\/?page_id=112747"},"modified":"2026-04-09T17:29:51","modified_gmt":"2026-04-09T15:29:51","slug":"gafceran","status":"publish","type":"page","link":"https:\/\/www.ceran.com\/fr\/gafceran\/","title":{"rendered":"Gestionnaire Administratif et Financier ( GAF)"},"content":{"rendered":"\t\t<div data-elementor-type=\"wp-page\" data-elementor-id=\"112747\" class=\"elementor elementor-112747\" data-elementor-post-type=\"page\">\n\t\t\t\t\t\t<section class=\"elementor-section elementor-top-section elementor-element elementor-element-5aae095 elementor-section-boxed elementor-section-height-default elementor-section-height-default\" data-id=\"5aae095\" data-element_type=\"section\" data-e-type=\"section\">\n\t\t\t\t\t\t<div class=\"elementor-container elementor-column-gap-default\">\n\t\t\t\t\t<div class=\"elementor-column elementor-col-100 elementor-top-column elementor-element elementor-element-0af10cf\" data-id=\"0af10cf\" data-element_type=\"column\" data-e-type=\"column\">\n\t\t\t<div class=\"elementor-widget-wrap elementor-element-populated\">\n\t\t\t\t\t\t<div class=\"elementor-element elementor-element-9d663d9 elementor-widget elementor-widget-ceran-image-text\" data-id=\"9d663d9\" data-element_type=\"widget\" data-e-type=\"widget\" data-widget_type=\"ceran-image-text.default\">\n\t\t\t\t<div class=\"elementor-widget-container\">\n\t\t\t\t\t<div class=\"widget-column flex-row-reverse\"><div class=\"wrapper-img\" style=\"background: url(https:\/\/www.ceran.com\/wp-content\/uploads\/2024\/09\/White-And-Yellow-Modern-Win-A-Trip-Instagram-Post-1024x1024.jpg) center \/ cover no-repeat\"><\/div><div class=\"wrapper-text\"><div class=\"corner corner-right-top\"><div class=\"corner-content\"><h2 class=\"box-title ax-title\">GESTIONNAIRE ADMINISTRATIF ET FINANCIER (H\/F\/X)\n\n\n\n\n<\/h2><div class=\"box-content\"><h6>CERAN\u00a0<br \/>Localisation : SPA, Belgique<\/h6><p><span class=\"TextRun SCXW185479834 BCX8\" lang=\"FR-BE\" xml:lang=\"FR-BE\" data-contrast=\"auto\"><span class=\"NormalTextRun SCXW185479834 BCX8\">Int\u00e9gr\u00e9 au sein du\u00a0<\/span><span class=\"NormalTextRun SCXW185479834 BCX8\">support center\u00a0<\/span><span class=\"NormalTextRun SCXW185479834 BCX8\">et sous la houlette de la direction financi\u00e8re<\/span><span class=\"NormalTextRun SCXW185479834 BCX8\">,<\/span><span class=\"NormalTextRun SCXW185479834 BCX8\">\u00a0<\/span><span class=\"NormalTextRun SCXW185479834 BCX8\">la mission\u00a0<\/span><span class=\"NormalTextRun SCXW185479834 BCX8\">consiste \u00e0<\/span><span class=\"NormalTextRun SCXW185479834 BCX8\">\u00a0assurer\u00a0<\/span><span class=\"NormalTextRun SCXW185479834 BCX8\">et coordonner la gestion financi\u00e8re\u00a0<\/span><span class=\"NormalTextRun SCXW185479834 BCX8\">et\u00a0<\/span><span class=\"NormalTextRun SCXW185479834 BCX8\">certaines t\u00e2ches <\/span><span class=\"NormalTextRun SCXW185479834 BCX8\">administrative<\/span><span class=\"NormalTextRun SCXW185479834 BCX8\">s<\/span><span class=\"NormalTextRun SCXW185479834 BCX8\">\u00a0<\/span><span class=\"NormalTextRun SCXW185479834 BCX8\">(<\/span><span class=\"NormalTextRun SCXW185479834 BCX8\">hors<\/span><span class=\"NormalTextRun SCXW185479834 BCX8\">\u00a0gestion des ressources humaines<\/span><span class=\"NormalTextRun SCXW185479834 BCX8\">)\u00a0<\/span><span class=\"NormalTextRun SCXW185479834 BCX8\">pour garantir la conformit\u00e9 et la performance<\/span><span class=\"NormalTextRun SCXW185479834 BCX8\">.<\/span><span class=\"NormalTextRun SCXW185479834 BCX8\">\u00a0<\/span><\/span><span class=\"EOP Selected SCXW185479834 BCX8\" data-ccp-props=\"{&quot;201341983&quot;:0,&quot;335551550&quot;:6,&quot;335551620&quot;:6,&quot;335559739&quot;:0,&quot;335559740&quot;:276}\">\u00a0<\/span><\/p><p>\u00a0Ce poste s'adresse \u00e0 un(e) professionnel(le) rigoureux(se) et polyvalent(e), \u00e0 l\u2019aise dans un environnement international, souhaitant \u00e9voluer dans une fonction m\u00ealant comptabilit\u00e9, gestion financi\u00e8re et coordination administrative.<\/p><h6><strong>Profil recherch\u00e9<\/strong>:<\/h6><p data-start=\"167\" data-end=\"193\"><strong data-start=\"167\" data-end=\"193\">Formation &amp; exp\u00e9rience<\/strong><\/p><ul data-start=\"194\" data-end=\"310\"><li data-section-id=\"1b7fynp\" data-start=\"194\" data-end=\"240\">Bachelier en comptabilit\u00e9 (minimum requis)<\/li><li data-section-id=\"1nq0wns\" data-start=\"241\" data-end=\"310\">Une premi\u00e8re exp\u00e9rience dans une fonction similaire est souhait\u00e9e<\/li><\/ul><p data-start=\"312\" data-end=\"338\"><strong data-start=\"312\" data-end=\"338\">Comp\u00e9tences techniques<\/strong><\/p><ul data-start=\"339\" data-end=\"677\"><li data-section-id=\"1420ju7\" data-start=\"339\" data-end=\"410\">Bonne ma\u00eetrise des outils Office, avec un excellent niveau en Excel<\/li><li data-section-id=\"fer1cb\" data-start=\"411\" data-end=\"483\">Aisance avec les outils informatiques et les environnements digitaux<\/li><li data-section-id=\"i5spxq\" data-start=\"484\" data-end=\"543\">Connaissance d\u2019un logiciel comptable (BOB\/Horus est un atout)<\/li><li data-section-id=\"1acdxx0\" data-start=\"544\" data-end=\"603\">Excellente ma\u00eetrise du fran\u00e7ais et bon niveau d\u2019anglais<\/li><li data-section-id=\"hh3te7\" data-start=\"604\" data-end=\"677\">La connaissance du n\u00e9erlandais et\/ou de l\u2019allemand constitue un atout<\/li><\/ul><p data-start=\"679\" data-end=\"694\"><strong data-start=\"679\" data-end=\"694\">Soft skills<\/strong><\/p><ul data-start=\"695\" data-end=\"1140\"><li data-section-id=\"p7mjnt\" data-start=\"695\" data-end=\"743\">Rigueur, sens de l\u2019organisation et pr\u00e9cision<\/li><li data-section-id=\"72pob8\" data-start=\"744\" data-end=\"789\">Esprit analytique et capacit\u00e9 de synth\u00e8se<\/li><li data-section-id=\"13nhf0k\" data-start=\"790\" data-end=\"852\">Sens du service, \u00e9coute et bonnes capacit\u00e9s relationnelles<\/li><li data-section-id=\"y15suq\" data-start=\"853\" data-end=\"897\">Discr\u00e9tion, confidentialit\u00e9 et int\u00e9grit\u00e9<\/li><li data-section-id=\"1k743xc\" data-start=\"898\" data-end=\"967\">Capacit\u00e9 \u00e0 travailler en \u00e9quipe dans un environnement transversal<\/li><li data-section-id=\"e87690\" data-start=\"968\" data-end=\"1140\">Adaptabilit\u00e9 et ouverture au changement, avec une aisance \u00e0 int\u00e9grer de nouveaux outils, y compris des solutions digitales et bas\u00e9es sur l\u2019intelligence artificielle<\/li><\/ul><ul><li style=\"list-style-type: none;\">\u00a0<\/li><\/ul><\/div><a href=\"https:\/\/ceran1.typeform.com\/to\/jrDS2alS\" class=\"ax-btn btn-arrow\" >Je postule maintenant<\/a><\/div><\/div><\/div><\/div>\t\t\t\t<\/div>\n\t\t\t\t<\/div>\n\t\t\t\t\t<\/div>\n\t\t<\/div>\n\t\t\t\t\t<\/div>\n\t\t<\/section>\n\t\t\t\t<section class=\"elementor-section elementor-top-section elementor-element elementor-element-f254559 elementor-section-boxed elementor-section-height-default elementor-section-height-default\" data-id=\"f254559\" data-element_type=\"section\" data-e-type=\"section\">\n\t\t\t\t\t\t<div class=\"elementor-container elementor-column-gap-default\">\n\t\t\t\t\t<div class=\"elementor-column elementor-col-100 elementor-top-column elementor-element elementor-element-786f5b4\" data-id=\"786f5b4\" data-element_type=\"column\" data-e-type=\"column\">\n\t\t\t<div class=\"elementor-widget-wrap elementor-element-populated\">\n\t\t\t\t\t\t<div class=\"elementor-element elementor-element-21d3199 elementor-invisible elementor-widget elementor-widget-heading\" data-id=\"21d3199\" data-element_type=\"widget\" data-e-type=\"widget\" data-settings=\"{&quot;_animation&quot;:&quot;fadeIn&quot;,&quot;_animation_delay&quot;:100}\" data-widget_type=\"heading.default\">\n\t\t\t\t<div class=\"elementor-widget-container\">\n\t\t\t\t\t<h2 class=\"elementor-heading-title elementor-size-default\">Votre mission et nos engagements<\/h2>\t\t\t\t<\/div>\n\t\t\t\t<\/div>\n\t\t\t\t<div class=\"elementor-element elementor-element-8cd2b29 elementor-widget elementor-widget-text-editor\" data-id=\"8cd2b29\" data-element_type=\"widget\" data-e-type=\"widget\" data-widget_type=\"text-editor.default\">\n\t\t\t\t<div class=\"elementor-widget-container\">\n\t\t\t\t\t\t\t\t\t<p data-start=\"368\" data-end=\"539\">Au sein du support center et sous la supervision de la Direction Financi\u00e8re, vous assurez la gestion financi\u00e8re et contribuez \u00e0 certaines activit\u00e9s administratives cl\u00e9s.<\/p><p data-start=\"541\" data-end=\"713\">Votre r\u00f4le : garantir la fiabilit\u00e9 des op\u00e9rations, la conformit\u00e9 r\u00e9glementaire et soutenir la performance globale de l\u2019organisation.<\/p><h6 data-start=\"541\" data-end=\"713\">MISSIONS:<\/h6><p data-start=\"1903\" data-end=\"1929\"><strong data-start=\"1903\" data-end=\"1929\">T\u00e2ches principales administratives:<\/strong><\/p><ul><li><span data-contrast=\"auto\">Gestion du parc\u00a0automobile\u202f:\u00a0adaptation\u00a0et suivi\u00a0contrats\/car\u00a0policy, contacts avec\u00a0les soci\u00e9t\u00e9s\u00a0de leasing.<\/span><span data-ccp-props=\"{&quot;201341983&quot;:0,&quot;335559739&quot;:160,&quot;335559740&quot;:252}\">\u00a0<\/span><\/li><li>Gestion des assurances g\u00e9n\u00e9rales IARD : d\u00e9claration et suivi de sinistre, surveillance de l&rsquo;\u00e9volution des risques, assurer les contacts avec le courtier. Gestion des assurances groupes li\u00e9es au personnel : formalit\u00e9s d&rsquo;affiliation\/sorties, contacts avec le courtier ou la compagnie d&rsquo;assurance<\/li><li>Veille proactive en mati\u00e8re de subsides\u202f: introduction et suivi des dossiers<\/li><li>Tenue \u00e0 jour de bases de donn\u00e9es ou plateforme clients pour<span data-contrast=\"auto\">\u00a0r\u00e9pondre\u00a0aux\u00a0obligations\u00a0r\u00e9glementaires\u00a0ou\u00a0aux\u00a0appels\u00a0d\u2019offre.<\/span><span data-ccp-props=\"{&quot;201341983&quot;:0,&quot;335559739&quot;:160,&quot;335559740&quot;:252}\">\u00a0<\/span><\/li><\/ul><p data-start=\"2157\" data-end=\"2192\">\u00a0<\/p><p><b><span data-contrast=\"auto\">T\u00e2ches principales\u00a0<\/span><\/b><b><span data-contrast=\"auto\">finances et comptables<\/span><\/b><\/p><ul><li><span data-contrast=\"auto\">Participation et supervision au traitement comptable journalier : encodages achats, vente, financiers (coda), op\u00e9rations diverses et analytiques<\/span><\/li><li><span data-contrast=\"auto\">Gestion de la tr\u00e9sorerie\u00a0en vue de s\u00e9curiser les \u00e9ch\u00e9ances\u00a0contractuelles, financi\u00e8res, comptables et fiscales<\/span><\/li><li><span data-contrast=\"auto\">R\u00e9alisation du reporting et contribution au travail de consolidation p\u00e9riodique au Groupe<\/span><\/li><li><span data-contrast=\"auto\">Ex\u00e9cution des formalit\u00e9s TVA p\u00e9riodiques\u202f: d\u00e9clarations, Intracom, clients assujettis<\/span><\/li><li><span data-contrast=\"auto\">Contribution \u00e0 l\u2019\u00e9laboration de d\u00e9clarations l\u00e9gales,\u00a0enqu\u00eates impos\u00e9es\u00a0ou demandes d\u2019agr\u00e9ment\u00a0<\/span><span data-ccp-props=\"{&quot;201341983&quot;:0,&quot;335559739&quot;:160,&quot;335559740&quot;:252}\">\u00a0<\/span><\/li><li><span data-contrast=\"auto\">Gestion des garanties bancaires et\u00a0contacts avec les banques\u00a0<\/span><span data-ccp-props=\"{&quot;201341983&quot;:0,&quot;335559739&quot;:160,&quot;335559740&quot;:252}\">\u00a0<\/span><\/li><li><span data-contrast=\"auto\">Intervention dans les cl\u00f4tures mensuelles et s\u2019assurer de la fiabilit\u00e9 des reportings interne ou groupe<\/span><span data-ccp-props=\"{&quot;201341983&quot;:0,&quot;335559739&quot;:160,&quot;335559740&quot;:252}\">\u00a0<\/span><\/li><li><span data-contrast=\"auto\">Relations avec les commissaires aux comptes\u00a0et contribution dans le cadre des\u00a0travaux d\u2019audits int\u00e9rimaire et de cl\u00f4ture d\u2019exercice<\/span><span data-ccp-props=\"{&quot;201341983&quot;:0,&quot;335559739&quot;:160,&quot;335559740&quot;:252}\">\u00a0<\/span><\/li><li><span data-contrast=\"auto\">Suivi\u00a0et analyse des impay\u00e9s clients\u00a0dans un contexte international\u202f: relances\u00a0\u00e9crites, t\u00e9l\u00e9phonique et gestion de la bo\u00eete d\u00e9di\u00e9e\u202f(recovery)<\/span><\/li><li>R\u00e9solution des demandes dans le cadre de la gestion\u00a0de la bo\u00eete \u00ab\u202fcomptabilit\u00e9\u202f\u00bb\u00a0en collaboration avec les autres membres de l\u2019\u00e9quipe\u00a0support<\/li><li>Soutien \u00e0 la Direction financi\u00e8re\u00a0dans le cadre de\u202f: l\u2019\u00e9laboration\u00a0des budgets, leur contr\u00f4le et suivi\u00a0<span data-ccp-props=\"{&quot;201341983&quot;:0,&quot;335559739&quot;:160,&quot;335559740&quot;:252}\">\u00a0<\/span><span data-contrast=\"auto\">du\u00a0contr\u00f4le r\u00e9gulier des comptes\u00a0<\/span> la\u00a0mise en place\u00a0et suivi\u00a0de KPI\u00a0<span data-ccp-props=\"{&quot;201341983&quot;:0,&quot;335559739&quot;:160,&quot;335559740&quot;:252}\">\u00a0<\/span><\/li><\/ul><p>\u00a0<\/p><p><strong>NOTRE OFFRE<\/strong> :\u00a0<\/p><ul data-start=\"2809\" data-end=\"3293\"><li data-section-id=\"5t3uym\" data-start=\"2809\" data-end=\"2869\"><span class=\"TextRun SCXW19175274 BCX8\" lang=\"FR-BE\" xml:lang=\"FR-BE\" data-contrast=\"auto\"><span class=\"NormalTextRun SCXW19175274 BCX8\">Contrat \u00e0 38 heures par semaine \u00e0 dur\u00e9e ind\u00e9termin\u00e9e \u00e0 horaire variable<\/span><\/span><\/li><li data-section-id=\"16w75jl\" data-start=\"2870\" data-end=\"2947\">Formation \u00e0 votre arriv\u00e9e pour vous accompagner dans la prise de fonction<\/li><li data-section-id=\"1f6zwux\" data-start=\"2948\" data-end=\"3007\">Environnement international, multiculturel et stimulant<\/li><li data-section-id=\"1f6zwux\" data-start=\"2948\" data-end=\"3007\">Cadre de travail magnifique et facile d&rsquo;acc\u00e8s (en voiture)<\/li><li data-section-id=\"1f6zwux\" data-start=\"2948\" data-end=\"3007\"><span class=\"TextRun SCXW247586270 BCX8\" lang=\"FR-BE\" xml:lang=\"FR-BE\" data-contrast=\"auto\"><span class=\"NormalTextRun SCXW247586270 BCX8\">Remboursement des frais de d\u00e9placement sur base des bar\u00e8mes applicables en CP 200<\/span><\/span><span class=\"EOP Selected SCXW247586270 BCX8\" data-ccp-props=\"{&quot;201341983&quot;:0,&quot;335551550&quot;:6,&quot;335551620&quot;:6,&quot;335559739&quot;:0,&quot;335559740&quot;:276}\">\u00a0<\/span><\/li><li data-section-id=\"1f6zwux\" data-start=\"2948\" data-end=\"3007\">Entreprise RSE\u00a0<\/li><li data-section-id=\"1bugbph\" data-start=\"3008\" data-end=\"3293\">Package salarial attractif incluant :<ul data-start=\"3052\" data-end=\"3293\"><li data-section-id=\"d5w48v\" data-start=\"3052\" data-end=\"3091\">Assurance groupe et hospitalisation<\/li><li data-section-id=\"2yqhrm\" data-start=\"3094\" data-end=\"3116\">Tickets restaurant<\/li><li data-section-id=\"1yjiivr\" data-start=\"3119\" data-end=\"3152\">13\u00e8me mois et bonus collectif<\/li><li data-section-id=\"2b4ok0\" data-start=\"3155\" data-end=\"3169\">Ecoch\u00e8ques<\/li><li data-section-id=\"14qq8uw\" data-start=\"3172\" data-end=\"3196\">T\u00e9l\u00e9travail possible<\/li><li data-section-id=\"106enp6\" data-start=\"3199\" data-end=\"3229\">Ordinateur portable et GSM<\/li><li data-section-id=\"1rhmxhr\" data-start=\"3232\" data-end=\"3293\">Cong\u00e9s d\u2019anciennet\u00e9<\/li><\/ul><\/li><\/ul>\t\t\t\t\t\t\t\t<\/div>\n\t\t\t\t<\/div>\n\t\t\t\t<div class=\"elementor-element elementor-element-393699d elementor-mobile-align-center elementor-align-center elementor-widget elementor-widget-button\" data-id=\"393699d\" data-element_type=\"widget\" data-e-type=\"widget\" data-widget_type=\"button.default\">\n\t\t\t\t<div class=\"elementor-widget-container\">\n\t\t\t\t\t\t\t\t\t<div class=\"elementor-button-wrapper\">\n\t\t\t\t\t<a class=\"elementor-button elementor-button-link elementor-size-sm\" href=\"https:\/\/ceran1.typeform.com\/to\/jrDS2alS\">\n\t\t\t\t\t\t<span class=\"elementor-button-content-wrapper\">\n\t\t\t\t\t\t<span class=\"elementor-button-icon\">\n\t\t\t\t<i aria-hidden=\"true\" class=\"fas fa-arrow-right\"><\/i>\t\t\t<\/span>\n\t\t\t\t\t\t\t\t\t<span class=\"elementor-button-text\">Je postule maintenant<\/span>\n\t\t\t\t\t<\/span>\n\t\t\t\t\t<\/a>\n\t\t\t\t<\/div>\n\t\t\t\t\t\t\t\t<\/div>\n\t\t\t\t<\/div>\n\t\t\t\t\t<\/div>\n\t\t<\/div>\n\t\t\t\t\t<\/div>\n\t\t<\/section>\n\t\t\t\t<section class=\"elementor-section elementor-top-section elementor-element elementor-element-aa012e8 elementor-section-boxed elementor-section-height-default elementor-section-height-default\" data-id=\"aa012e8\" data-element_type=\"section\" data-e-type=\"section\">\n\t\t\t\t\t\t<div class=\"elementor-container elementor-column-gap-default\">\n\t\t\t\t\t<div class=\"elementor-column elementor-col-100 elementor-top-column elementor-element elementor-element-95a7b84\" data-id=\"95a7b84\" data-element_type=\"column\" data-e-type=\"column\">\n\t\t\t<div class=\"elementor-widget-wrap elementor-element-populated\">\n\t\t\t\t\t\t<div class=\"elementor-element elementor-element-9ef0bd4 elementor-widget elementor-widget-ceran-image-text\" data-id=\"9ef0bd4\" data-element_type=\"widget\" data-e-type=\"widget\" data-widget_type=\"ceran-image-text.default\">\n\t\t\t\t<div class=\"elementor-widget-container\">\n\t\t\t\t\t<div class=\"widget-column flex-row\"><div class=\"wrapper-img\" style=\"background: url(https:\/\/www.ceran.com\/wp-content\/uploads\/2025\/04\/50-ans-CERAN-avril-2025-0217-1024x683.jpg) center \/ cover no-repeat\"><\/div><div class=\"wrapper-text\"><div class=\"corner corner-left-top\"><div class=\"corner-content\"><h2 class=\"box-title ax-title\">A propos du CERAN<\/h2><div class=\"box-content\"><p>CERAN, une soci\u00e9t\u00e9 du groupe Ch\u00e2teauform\u2019, se caract\u00e9rise par une culture internationale et entreprenante. Elle vise principalement le monde des entreprises \u00e0 renomm\u00e9e internationale et propose une gamme de produits de formations linguistiques et interculturelles pour adultes, jeunes adultes et juniors.<\/p><p>L\u2019humain est au c\u0153ur des pr\u00e9occupations du CERAN. Notre organisation poss\u00e8de une vision plurilat\u00e9rale envers ses Talents, Clients et Collaborateurs pour apporter des solutions sur mesure et premium.<\/p><\/div><a href=\"https:\/\/www.ceran.com\/fr\/le-ceran-et-ses-methodes\/lhistoire-du-ceran\/#:~:text=Le%20CERAN%20est%20avant%20tout,sont%20hospitalit%C3%A9%2C%20respect%20et%20bienveillance.\" class=\"ax-btn btn-arrow\" >En savoir plus<\/a><\/div><\/div><\/div><\/div>\t\t\t\t<\/div>\n\t\t\t\t<\/div>\n\t\t\t\t\t<\/div>\n\t\t<\/div>\n\t\t\t\t\t<\/div>\n\t\t<\/section>\n\t\t\t\t<section class=\"elementor-section elementor-top-section elementor-element elementor-element-0f5f2fc elementor-section-boxed elementor-section-height-default elementor-section-height-default\" data-id=\"0f5f2fc\" data-element_type=\"section\" data-e-type=\"section\">\n\t\t\t\t\t\t<div class=\"elementor-container elementor-column-gap-default\">\n\t\t\t\t\t<div class=\"elementor-column elementor-col-100 elementor-top-column elementor-element elementor-element-96a1f29\" data-id=\"96a1f29\" data-element_type=\"column\" data-e-type=\"column\">\n\t\t\t<div class=\"elementor-widget-wrap elementor-element-populated\">\n\t\t\t\t\t\t<div class=\"elementor-element elementor-element-231e53a elementor-widget elementor-widget-text-editor\" data-id=\"231e53a\" data-element_type=\"widget\" data-e-type=\"widget\" data-widget_type=\"text-editor.default\">\n\t\t\t\t<div class=\"elementor-widget-container\">\n\t\t\t\t\t\t\t\t\t<p><em>Dans le cadre de la politique RSE du CERAN, l\u2019inclusion des diff\u00e9rences est une force. Le CERAN est convaincu que diversit\u00e9 rime avec performance, nous portons donc la m\u00eame attention \u00e0 toutes les candidatures !<\/em><\/p><p><strong><em>N\u2019h\u00e9sitez pas \u00e0 nous contacter pour obtenir davantage d\u2019informations <\/em><\/strong><strong><em>: Christine Laurent, claurent@ceran.com<\/em><\/strong><\/p><p>TEL\u00a0: +32 87 79 17 03<\/p>\t\t\t\t\t\t\t\t<\/div>\n\t\t\t\t<\/div>\n\t\t\t\t<div class=\"elementor-element elementor-element-00525fa elementor-mobile-align-center elementor-align-center elementor-widget elementor-widget-button\" data-id=\"00525fa\" data-element_type=\"widget\" data-e-type=\"widget\" data-widget_type=\"button.default\">\n\t\t\t\t<div class=\"elementor-widget-container\">\n\t\t\t\t\t\t\t\t\t<div class=\"elementor-button-wrapper\">\n\t\t\t\t\t<a class=\"elementor-button elementor-button-link elementor-size-sm\" href=\"https:\/\/ceran1.typeform.com\/to\/UbgrDwiJ\">\n\t\t\t\t\t\t<span class=\"elementor-button-content-wrapper\">\n\t\t\t\t\t\t<span class=\"elementor-button-icon\">\n\t\t\t\t<i aria-hidden=\"true\" class=\"fas fa-arrow-right\"><\/i>\t\t\t<\/span>\n\t\t\t\t\t\t\t\t\t<span class=\"elementor-button-text\">Je postule maintenant<\/span>\n\t\t\t\t\t<\/span>\n\t\t\t\t\t<\/a>\n\t\t\t\t<\/div>\n\t\t\t\t\t\t\t\t<\/div>\n\t\t\t\t<\/div>\n\t\t\t\t\t<\/div>\n\t\t<\/div>\n\t\t\t\t\t<\/div>\n\t\t<\/section>\n\t\t\t\t<\/div>\n\t\t","protected":false},"excerpt":{"rendered":"<p>GESTIONNAIRE ADMINISTRATIF ET FINANCIER (H\/F\/X) CERAN\u00a0Localisation : SPA, Belgique Int\u00e9gr\u00e9 au sein du\u00a0support center\u00a0et sous la houlette de la direction financi\u00e8re,\u00a0la mission\u00a0consiste \u00e0\u00a0assurer\u00a0et coordonner la gestion financi\u00e8re\u00a0et\u00a0certaines t\u00e2ches administratives\u00a0(hors\u00a0gestion des ressources humaines)\u00a0pour garantir la conformit\u00e9 et la performance.\u00a0\u00a0 \u00a0Ce poste s&rsquo;adresse \u00e0 un(e) professionnel(le) rigoureux(se) et polyvalent(e), \u00e0 l\u2019aise dans un environnement international, souhaitant \u00e9voluer [&hellip;]<\/p>\n","protected":false},"author":27,"featured_media":102842,"parent":0,"menu_order":0,"comment_status":"closed","ping_status":"closed","template":"","meta":{"_acf_changed":false,"_seopress_robots_primary_cat":"","_seopress_titles_title":"","_seopress_titles_desc":"","_seopress_robots_index":"","content-type":"","footnotes":""},"class_list":["post-112747","page","type-page","status-publish","has-post-thumbnail","hentry"],"acf":[],"yoast_head":"<!-- This site is optimized with the Yoast SEO plugin v27.4 - https:\/\/yoast.com\/product\/yoast-seo-wordpress\/ -->\n<title>Gestionnaire Administratif et Financier ( GAF) - Ceran<\/title>\n<meta name=\"robots\" content=\"index, follow, max-snippet:-1, max-image-preview:large, max-video-preview:-1\" \/>\n<link rel=\"canonical\" href=\"https:\/\/www.ceran.com\/fr\/gafceran\/\" \/>\n<meta property=\"og:locale\" content=\"fr_FR\" \/>\n<meta property=\"og:type\" content=\"article\" \/>\n<meta property=\"og:title\" content=\"Gestionnaire Administratif et Financier ( GAF) - Ceran\" \/>\n<meta property=\"og:description\" content=\"GESTIONNAIRE ADMINISTRATIF ET FINANCIER (H\/F\/X) CERAN\u00a0Localisation : SPA, Belgique Int\u00e9gr\u00e9 au sein du\u00a0support center\u00a0et sous la houlette de la direction financi\u00e8re,\u00a0la mission\u00a0consiste \u00e0\u00a0assurer\u00a0et coordonner la gestion financi\u00e8re\u00a0et\u00a0certaines t\u00e2ches administratives\u00a0(hors\u00a0gestion des ressources humaines)\u00a0pour garantir la conformit\u00e9 et la performance.\u00a0\u00a0 \u00a0Ce poste s&rsquo;adresse \u00e0 un(e) professionnel(le) rigoureux(se) et polyvalent(e), \u00e0 l\u2019aise dans un environnement international, souhaitant \u00e9voluer [&hellip;]\" \/>\n<meta property=\"og:url\" content=\"https:\/\/www.ceran.com\/fr\/gafceran\/\" \/>\n<meta property=\"og:site_name\" content=\"Ceran\" \/>\n<meta property=\"article:modified_time\" content=\"2026-04-09T15:29:51+00:00\" \/>\n<meta property=\"og:image\" content=\"https:\/\/www.ceran.com\/wp-content\/uploads\/2024\/08\/Design-sans-titre-19.jpg\" \/>\n\t<meta property=\"og:image:width\" content=\"512\" \/>\n\t<meta property=\"og:image:height\" content=\"512\" \/>\n\t<meta property=\"og:image:type\" content=\"image\/jpeg\" \/>\n<meta name=\"twitter:card\" content=\"summary_large_image\" \/>\n<script type=\"application\/ld+json\" class=\"yoast-schema-graph\">{\"@context\":\"https:\\\/\\\/schema.org\",\"@graph\":[{\"@type\":\"WebPage\",\"@id\":\"https:\\\/\\\/www.ceran.com\\\/fr\\\/gafceran\\\/\",\"url\":\"https:\\\/\\\/www.ceran.com\\\/fr\\\/gafceran\\\/\",\"name\":\"Gestionnaire Administratif et Financier ( GAF) - Ceran\",\"isPartOf\":{\"@id\":\"https:\\\/\\\/www.ceran.com\\\/fr\\\/#website\"},\"primaryImageOfPage\":{\"@id\":\"https:\\\/\\\/www.ceran.com\\\/fr\\\/gafceran\\\/#primaryimage\"},\"image\":{\"@id\":\"https:\\\/\\\/www.ceran.com\\\/fr\\\/gafceran\\\/#primaryimage\"},\"thumbnailUrl\":\"https:\\\/\\\/www.ceran.com\\\/wp-content\\\/uploads\\\/2024\\\/08\\\/Design-sans-titre-19.jpg\",\"datePublished\":\"2026-04-09T15:17:14+00:00\",\"dateModified\":\"2026-04-09T15:29:51+00:00\",\"breadcrumb\":{\"@id\":\"https:\\\/\\\/www.ceran.com\\\/fr\\\/gafceran\\\/#breadcrumb\"},\"inLanguage\":\"fr-FR\",\"potentialAction\":[{\"@type\":\"ReadAction\",\"target\":[\"https:\\\/\\\/www.ceran.com\\\/fr\\\/gafceran\\\/\"]}]},{\"@type\":\"ImageObject\",\"inLanguage\":\"fr-FR\",\"@id\":\"https:\\\/\\\/www.ceran.com\\\/fr\\\/gafceran\\\/#primaryimage\",\"url\":\"https:\\\/\\\/www.ceran.com\\\/wp-content\\\/uploads\\\/2024\\\/08\\\/Design-sans-titre-19.jpg\",\"contentUrl\":\"https:\\\/\\\/www.ceran.com\\\/wp-content\\\/uploads\\\/2024\\\/08\\\/Design-sans-titre-19.jpg\",\"width\":512,\"height\":512,\"caption\":\"Interculturel CERAN\"},{\"@type\":\"BreadcrumbList\",\"@id\":\"https:\\\/\\\/www.ceran.com\\\/fr\\\/gafceran\\\/#breadcrumb\",\"itemListElement\":[{\"@type\":\"ListItem\",\"position\":1,\"name\":\"Accueil\",\"item\":\"https:\\\/\\\/www.ceran.com\\\/fr\\\/\"},{\"@type\":\"ListItem\",\"position\":2,\"name\":\"Gestionnaire Administratif et Financier ( GAF)\"}]},{\"@type\":\"WebSite\",\"@id\":\"https:\\\/\\\/www.ceran.com\\\/fr\\\/#website\",\"url\":\"https:\\\/\\\/www.ceran.com\\\/fr\\\/\",\"name\":\"Ceran\",\"description\":\"Des formations linguistiques et interculturelles qui vous ouvrent de nouveaux horizons\",\"publisher\":{\"@id\":\"https:\\\/\\\/www.ceran.com\\\/fr\\\/#organization\"},\"potentialAction\":[{\"@type\":\"SearchAction\",\"target\":{\"@type\":\"EntryPoint\",\"urlTemplate\":\"https:\\\/\\\/www.ceran.com\\\/fr\\\/?s={search_term_string}\"},\"query-input\":{\"@type\":\"PropertyValueSpecification\",\"valueRequired\":true,\"valueName\":\"search_term_string\"}}],\"inLanguage\":\"fr-FR\"},{\"@type\":\"Organization\",\"@id\":\"https:\\\/\\\/www.ceran.com\\\/fr\\\/#organization\",\"name\":\"Ceran\",\"url\":\"https:\\\/\\\/www.ceran.com\\\/fr\\\/\",\"logo\":{\"@type\":\"ImageObject\",\"inLanguage\":\"fr-FR\",\"@id\":\"https:\\\/\\\/www.ceran.com\\\/fr\\\/#\\\/schema\\\/logo\\\/image\\\/\",\"url\":\"https:\\\/\\\/www.ceran.com\\\/wp-content\\\/uploads\\\/2025\\\/06\\\/Logo-CERAN-16-x-16-pixels.svg\",\"contentUrl\":\"https:\\\/\\\/www.ceran.com\\\/wp-content\\\/uploads\\\/2025\\\/06\\\/Logo-CERAN-16-x-16-pixels.svg\",\"width\":30,\"height\":30,\"caption\":\"Ceran\"},\"image\":{\"@id\":\"https:\\\/\\\/www.ceran.com\\\/fr\\\/#\\\/schema\\\/logo\\\/image\\\/\"}}]}<\/script>\n<!-- \/ Yoast SEO plugin. -->","yoast_head_json":{"title":"Gestionnaire Administratif et Financier ( GAF) - Ceran","robots":{"index":"index","follow":"follow","max-snippet":"max-snippet:-1","max-image-preview":"max-image-preview:large","max-video-preview":"max-video-preview:-1"},"canonical":"https:\/\/www.ceran.com\/fr\/gafceran\/","og_locale":"fr_FR","og_type":"article","og_title":"Gestionnaire Administratif et Financier ( GAF) - Ceran","og_description":"GESTIONNAIRE ADMINISTRATIF ET FINANCIER (H\/F\/X) CERAN\u00a0Localisation : SPA, Belgique Int\u00e9gr\u00e9 au sein du\u00a0support center\u00a0et sous la houlette de la direction financi\u00e8re,\u00a0la mission\u00a0consiste \u00e0\u00a0assurer\u00a0et coordonner la gestion financi\u00e8re\u00a0et\u00a0certaines t\u00e2ches administratives\u00a0(hors\u00a0gestion des ressources humaines)\u00a0pour garantir la conformit\u00e9 et la performance.\u00a0\u00a0 \u00a0Ce poste s&rsquo;adresse \u00e0 un(e) professionnel(le) rigoureux(se) et polyvalent(e), \u00e0 l\u2019aise dans un environnement international, souhaitant \u00e9voluer [&hellip;]","og_url":"https:\/\/www.ceran.com\/fr\/gafceran\/","og_site_name":"Ceran","article_modified_time":"2026-04-09T15:29:51+00:00","og_image":[{"width":512,"height":512,"url":"https:\/\/www.ceran.com\/wp-content\/uploads\/2024\/08\/Design-sans-titre-19.jpg","type":"image\/jpeg"}],"twitter_card":"summary_large_image","schema":{"@context":"https:\/\/schema.org","@graph":[{"@type":"WebPage","@id":"https:\/\/www.ceran.com\/fr\/gafceran\/","url":"https:\/\/www.ceran.com\/fr\/gafceran\/","name":"Gestionnaire Administratif et Financier ( GAF) - Ceran","isPartOf":{"@id":"https:\/\/www.ceran.com\/fr\/#website"},"primaryImageOfPage":{"@id":"https:\/\/www.ceran.com\/fr\/gafceran\/#primaryimage"},"image":{"@id":"https:\/\/www.ceran.com\/fr\/gafceran\/#primaryimage"},"thumbnailUrl":"https:\/\/www.ceran.com\/wp-content\/uploads\/2024\/08\/Design-sans-titre-19.jpg","datePublished":"2026-04-09T15:17:14+00:00","dateModified":"2026-04-09T15:29:51+00:00","breadcrumb":{"@id":"https:\/\/www.ceran.com\/fr\/gafceran\/#breadcrumb"},"inLanguage":"fr-FR","potentialAction":[{"@type":"ReadAction","target":["https:\/\/www.ceran.com\/fr\/gafceran\/"]}]},{"@type":"ImageObject","inLanguage":"fr-FR","@id":"https:\/\/www.ceran.com\/fr\/gafceran\/#primaryimage","url":"https:\/\/www.ceran.com\/wp-content\/uploads\/2024\/08\/Design-sans-titre-19.jpg","contentUrl":"https:\/\/www.ceran.com\/wp-content\/uploads\/2024\/08\/Design-sans-titre-19.jpg","width":512,"height":512,"caption":"Interculturel CERAN"},{"@type":"BreadcrumbList","@id":"https:\/\/www.ceran.com\/fr\/gafceran\/#breadcrumb","itemListElement":[{"@type":"ListItem","position":1,"name":"Accueil","item":"https:\/\/www.ceran.com\/fr\/"},{"@type":"ListItem","position":2,"name":"Gestionnaire Administratif et Financier ( GAF)"}]},{"@type":"WebSite","@id":"https:\/\/www.ceran.com\/fr\/#website","url":"https:\/\/www.ceran.com\/fr\/","name":"Ceran","description":"Des formations linguistiques et interculturelles qui vous ouvrent de nouveaux horizons","publisher":{"@id":"https:\/\/www.ceran.com\/fr\/#organization"},"potentialAction":[{"@type":"SearchAction","target":{"@type":"EntryPoint","urlTemplate":"https:\/\/www.ceran.com\/fr\/?s={search_term_string}"},"query-input":{"@type":"PropertyValueSpecification","valueRequired":true,"valueName":"search_term_string"}}],"inLanguage":"fr-FR"},{"@type":"Organization","@id":"https:\/\/www.ceran.com\/fr\/#organization","name":"Ceran","url":"https:\/\/www.ceran.com\/fr\/","logo":{"@type":"ImageObject","inLanguage":"fr-FR","@id":"https:\/\/www.ceran.com\/fr\/#\/schema\/logo\/image\/","url":"https:\/\/www.ceran.com\/wp-content\/uploads\/2025\/06\/Logo-CERAN-16-x-16-pixels.svg","contentUrl":"https:\/\/www.ceran.com\/wp-content\/uploads\/2025\/06\/Logo-CERAN-16-x-16-pixels.svg","width":30,"height":30,"caption":"Ceran"},"image":{"@id":"https:\/\/www.ceran.com\/fr\/#\/schema\/logo\/image\/"}}]}},"_links":{"self":[{"href":"https:\/\/www.ceran.com\/fr\/wp-json\/wp\/v2\/pages\/112747","targetHints":{"allow":["GET"]}}],"collection":[{"href":"https:\/\/www.ceran.com\/fr\/wp-json\/wp\/v2\/pages"}],"about":[{"href":"https:\/\/www.ceran.com\/fr\/wp-json\/wp\/v2\/types\/page"}],"author":[{"embeddable":true,"href":"https:\/\/www.ceran.com\/fr\/wp-json\/wp\/v2\/users\/27"}],"replies":[{"embeddable":true,"href":"https:\/\/www.ceran.com\/fr\/wp-json\/wp\/v2\/comments?post=112747"}],"version-history":[{"count":4,"href":"https:\/\/www.ceran.com\/fr\/wp-json\/wp\/v2\/pages\/112747\/revisions"}],"predecessor-version":[{"id":112751,"href":"https:\/\/www.ceran.com\/fr\/wp-json\/wp\/v2\/pages\/112747\/revisions\/112751"}],"wp:featuredmedia":[{"embeddable":true,"href":"https:\/\/www.ceran.com\/fr\/wp-json\/wp\/v2\/media\/102842"}],"wp:attachment":[{"href":"https:\/\/www.ceran.com\/fr\/wp-json\/wp\/v2\/media?parent=112747"}],"curies":[{"name":"wp","href":"https:\/\/api.w.org\/{rel}","templated":true}]}}