{"id":12236,"date":"2022-02-21T17:01:42","date_gmt":"2022-02-21T16:01:42","guid":{"rendered":"https:\/\/www.ceran.com\/?page_id=12236"},"modified":"2022-11-09T16:40:09","modified_gmt":"2022-11-09T15:40:09","slug":"cofinancement-de-la-formation","status":"publish","type":"page","link":"https:\/\/www.ceran.com\/fr\/le-ceran-et-ses-methodes\/faire-financer-sa-formation\/cofinancement-de-la-formation\/","title":{"rendered":"Cofinancement de la formation"},"content":{"rendered":"\t\t<div data-elementor-type=\"wp-page\" data-elementor-id=\"12236\" class=\"elementor elementor-12236\" data-elementor-post-type=\"page\">\n\t\t\t\t\t\t<section class=\"elementor-section elementor-top-section elementor-element elementor-element-94ce54c elementor-section-boxed elementor-section-height-default elementor-section-height-default\" data-id=\"94ce54c\" data-element_type=\"section\" data-e-type=\"section\">\n\t\t\t\t\t\t<div class=\"elementor-container elementor-column-gap-default\">\n\t\t\t\t\t<div class=\"elementor-column elementor-col-100 elementor-top-column elementor-element elementor-element-38fe9ff3\" data-id=\"38fe9ff3\" data-element_type=\"column\" data-e-type=\"column\">\n\t\t\t<div class=\"elementor-widget-wrap elementor-element-populated\">\n\t\t\t\t\t\t<div class=\"elementor-element elementor-element-34ad7e93 elementor-widget elementor-widget-template\" data-id=\"34ad7e93\" data-element_type=\"widget\" data-e-type=\"widget\" data-widget_type=\"template.default\">\n\t\t\t\t<div class=\"elementor-widget-container\">\n\t\t\t\t\t\t\t<div class=\"elementor-template\">\n\t\t\t\t\t<div data-elementor-type=\"section\" data-elementor-id=\"2014\" class=\"elementor elementor-2014\" data-elementor-post-type=\"elementor_library\">\n\t\t\t\t\t<section class=\"elementor-section elementor-top-section elementor-element elementor-element-7ff20875 elementor-section-boxed elementor-section-height-default elementor-section-height-default\" data-id=\"7ff20875\" data-element_type=\"section\" data-e-type=\"section\">\n\t\t\t\t\t\t<div class=\"elementor-container elementor-column-gap-default\">\n\t\t\t\t\t<div class=\"elementor-column elementor-col-100 elementor-top-column elementor-element elementor-element-a5e383b\" data-id=\"a5e383b\" data-element_type=\"column\" data-e-type=\"column\">\n\t\t\t<div class=\"elementor-widget-wrap elementor-element-populated\">\n\t\t\t\t\t\t<div class=\"elementor-element elementor-element-3edd7a7e elementor-widget elementor-widget-breadcrumbs\" data-id=\"3edd7a7e\" data-element_type=\"widget\" data-e-type=\"widget\" data-widget_type=\"breadcrumbs.default\">\n\t\t\t\t<div class=\"elementor-widget-container\">\n\t\t\t\t\t<p id=\"breadcrumbs\"><span><span><a href=\"https:\/\/www.ceran.com\/fr\/\">Accueil<\/a><\/span><\/span><\/p>\t\t\t\t<\/div>\n\t\t\t\t<\/div>\n\t\t\t\t\t<\/div>\n\t\t<\/div>\n\t\t\t\t\t<\/div>\n\t\t<\/section>\n\t\t\t\t<\/div>\n\t\t\t\t<\/div>\n\t\t\t\t\t\t<\/div>\n\t\t\t\t<\/div>\n\t\t\t\t\t<\/div>\n\t\t<\/div>\n\t\t\t\t\t<\/div>\n\t\t<\/section>\n\t\t\t\t<section class=\"elementor-section elementor-top-section elementor-element elementor-element-6b8382a6 elementor-section-boxed elementor-section-height-default elementor-section-height-default\" data-id=\"6b8382a6\" data-element_type=\"section\" data-e-type=\"section\">\n\t\t\t\t\t\t<div class=\"elementor-container elementor-column-gap-default\">\n\t\t\t\t\t<div class=\"elementor-column elementor-col-100 elementor-top-column elementor-element elementor-element-10a8867f\" data-id=\"10a8867f\" data-element_type=\"column\" data-e-type=\"column\">\n\t\t\t<div class=\"elementor-widget-wrap elementor-element-populated\">\n\t\t\t\t\t\t<div class=\"elementor-element elementor-element-double-colonne-texte elementor-widget elementor-widget-double-colonne-texte\" data-id=\"double-colonne-texte\" data-element_type=\"widget\" data-e-type=\"widget\" data-widget_type=\"double-colonne-texte.default\">\n\t\t\t\t<div class=\"elementor-widget-container\">\n\t\t\t\t\t<div class=\"widget-column  \"><div class=\"wrapper-column\"><div class=\"corner corner-right-top-bottom\"><div class=\"corner-content\"><div class=\"ax-title mb-5\">Le financement de votre formation au Grand-Duch\u00e9 du Luxembourg<\/div><div class=\"bottom-block row\"><div class=\"bottom-block-img col-6\"><img decoding=\"async\" width=\"126\" height=\"90\" src=\"https:\/\/www.ceran.com\/wp-content\/uploads\/2022\/01\/Union-3.png\" class=\"attachment-thumbnail size-thumbnail\" alt=\"\" \/><\/div><div class=\"bottom-block-links col-6 d-flex flex-column\"><a href=\"\/fr\/nous-contacter\/\" class=\"ax-btn btn-mail-black mb-2\" >Contactez-nous<\/a><\/div><\/div><\/div><\/div><\/div><div class=\"wrapper-column\"><div class=\"corner corner-left-top-bottom\" style=\" display: flex; align-items: center;\"><div class=\"corner-content\"><p>A c\u00f4t\u00e9 de la Belgique, dans le Grand-Duch\u00e9 du Luxembourg, c'est 15 % du montal total annuel investi en formation linguistique qui peut \u00eatre financ\u00e9 par le Cofinancement de la formation. Cependant, la participation financi\u00e8re de l\u2019Etat peut passer \u00e0 35 % imposables pour les frais de salaire des participants r\u00e9pondant aux crit\u00e8res suivants \u00e0 la date de d\u00e9but du plan de<br \/>formation :<br \/>1) soit pas de dipl\u00f4me reconnu et une anciennet\u00e9 &lt; 10 ans ;<br \/>2) soit \u00eatre \u00e2g\u00e9 &gt; 45 ans.<\/p><\/div><\/div><\/div><\/div>\t\t\t\t<\/div>\n\t\t\t\t<\/div>\n\t\t\t\t\t<\/div>\n\t\t<\/div>\n\t\t\t\t\t<\/div>\n\t\t<\/section>\n\t\t\t\t<section class=\"elementor-section elementor-top-section elementor-element elementor-element-5578be41 elementor-section-boxed elementor-section-height-default elementor-section-height-default\" data-id=\"5578be41\" data-element_type=\"section\" data-e-type=\"section\">\n\t\t\t\t\t\t<div class=\"elementor-container elementor-column-gap-default\">\n\t\t\t\t\t<div class=\"elementor-column elementor-col-100 elementor-top-column elementor-element elementor-element-5bd63040\" data-id=\"5bd63040\" data-element_type=\"column\" data-e-type=\"column\">\n\t\t\t<div class=\"elementor-widget-wrap elementor-element-populated\">\n\t\t\t\t\t\t<div class=\"elementor-element elementor-element-ceran-title-icon elementor-widget elementor-widget-ceran-title-icon\" data-id=\"ceran-title-icon\" data-element_type=\"widget\" data-e-type=\"widget\" data-widget_type=\"ceran-title-icon.default\">\n\t\t\t\t<div class=\"elementor-widget-container\">\n\t\t\t\t\t<h2 class=\"ax-title-icon\"><div class=\"ax-title-icons bleu-rouge \"> Quel public pour ces aides ? <\/div><\/h2>\t\t\t\t<\/div>\n\t\t\t\t<\/div>\n\t\t\t\t<div class=\"elementor-element elementor-element-ceran-block-text elementor-widget elementor-widget-ceran-block-text\" data-id=\"ceran-block-text\" data-element_type=\"widget\" data-e-type=\"widget\" data-widget_type=\"ceran-block-text.default\">\n\t\t\t\t<div class=\"elementor-widget-container\">\n\t\t\t\t\t<div class=\"container\"><div class=\"\"><p class=\"block-title\"><\/p><p class=\"block-text\">Les entreprises du secteur priv\u00e9, l\u00e9galement \u00e9tablies au Luxembourg et y exer\u00e7ant principalement leurs activit\u00e9s.<\/p><\/div>\t\t\t\t<\/div>\n\t\t\t\t<\/div>\n\t\t\t\t\t<\/div>\n\t\t<\/div>\n\t\t\t\t\t<\/div>\n\t\t<\/section>\n\t\t\t\t<section class=\"elementor-section elementor-top-section elementor-element elementor-element-67839be0 elementor-section-boxed elementor-section-height-default elementor-section-height-default\" data-id=\"67839be0\" data-element_type=\"section\" data-e-type=\"section\">\n\t\t\t\t\t\t<div class=\"elementor-container elementor-column-gap-default\">\n\t\t\t\t\t<div class=\"elementor-column elementor-col-100 elementor-top-column elementor-element elementor-element-222f1f2c\" data-id=\"222f1f2c\" data-element_type=\"column\" data-e-type=\"column\">\n\t\t\t<div class=\"elementor-widget-wrap elementor-element-populated\">\n\t\t\t\t\t\t<div class=\"elementor-element elementor-element-ceran-title-icon elementor-widget elementor-widget-ceran-title-icon\" data-id=\"ceran-title-icon\" data-element_type=\"widget\" data-e-type=\"widget\" data-widget_type=\"ceran-title-icon.default\">\n\t\t\t\t<div class=\"elementor-widget-container\">\n\t\t\t\t\t<h2 class=\"ax-title-icon\"><div class=\"ax-title-icons bleu-rouge \"> Quelles sont les formalit\u00e9s \u00e0 remplir pour obtenir l'aide de Cofinancement \u00e0 la formation dans le cadre d'une formation au CERAN ? <\/div><\/h2>\t\t\t\t<\/div>\n\t\t\t\t<\/div>\n\t\t\t\t<div class=\"elementor-element elementor-element-3cc49dd elementor-widget elementor-widget-text-editor\" data-id=\"3cc49dd\" data-element_type=\"widget\" data-e-type=\"widget\" data-widget_type=\"text-editor.default\">\n\t\t\t\t<div class=\"elementor-widget-container\">\n\t\t\t\t\t\t\t\t\t<p>* Le demandeur informe le prestataire qu\u2019il souhaite faire appel au <span style=\"text-decoration: underline;\"><strong><a href=\"https:\/\/www.lifelonglearning.lu\/Detail\/Article\/Accueil\/tutoriel-cofinancement-de-la-formation\/fr\">Cofinancement de la formation<\/a><\/strong><\/span> pour son projet.<\/p><p>* Le demandeur introduit sa demande via <strong>le portail Lifelonglearning<\/strong>.<\/p><p>* Apr\u00e8s la formation, le prestataire fournit l\u2019attestation n\u00e9cessaire au demandeur. Ce lien vous donne une explication compl\u00e8te et vous renvoie vers un tutoriel pour les d\u00e9marches administratives.\u00a0<\/p>\t\t\t\t\t\t\t\t<\/div>\n\t\t\t\t<\/div>\n\t\t\t\t\t<\/div>\n\t\t<\/div>\n\t\t\t\t\t<\/div>\n\t\t<\/section>\n\t\t\t\t<section class=\"elementor-section elementor-top-section elementor-element elementor-element-3ccd29a elementor-section-boxed elementor-section-height-default elementor-section-height-default\" data-id=\"3ccd29a\" data-element_type=\"section\" data-e-type=\"section\">\n\t\t\t\t\t\t<div class=\"elementor-container elementor-column-gap-default\">\n\t\t\t\t\t<div class=\"elementor-column elementor-col-100 elementor-top-column elementor-element elementor-element-496b60b\" data-id=\"496b60b\" data-element_type=\"column\" data-e-type=\"column\">\n\t\t\t<div class=\"elementor-widget-wrap elementor-element-populated\">\n\t\t\t\t\t\t<div class=\"elementor-element elementor-element-ceran-title-icon elementor-widget elementor-widget-ceran-title-icon\" data-id=\"ceran-title-icon\" data-element_type=\"widget\" data-e-type=\"widget\" data-widget_type=\"ceran-title-icon.default\">\n\t\t\t\t<div class=\"elementor-widget-container\">\n\t\t\t\t\t<h2 class=\"ax-title-icon\"><div class=\"ax-title-icons bleu-rouge \"> Remarque g\u00e9n\u00e9rale <\/div><\/h2>\t\t\t\t<\/div>\n\t\t\t\t<\/div>\n\t\t\t\t<div class=\"elementor-element elementor-element-6898921 elementor-widget elementor-widget-text-editor\" data-id=\"6898921\" data-element_type=\"widget\" data-e-type=\"widget\" data-widget_type=\"text-editor.default\">\n\t\t\t\t<div class=\"elementor-widget-container\">\n\t\t\t\t\t\t\t\t\t<div class=\"ewa-rteLine\">Cette information a pour but de r\u00e9sumer les conditions d\u2019octroi des aides et subsides*. Seules les informations issues des sites officiels des diff\u00e9rents organisme sont applicables.<\/div><div class=\"ewa-rteLine\">Sont \u00e9galement appicables les conditions g\u00e9n\u00e9rales de vente du CERAN. Elles sont \u00e0 votre disposition sur notre site www.ceran.com.<\/div><div class=\"ewa-rteLine\">CERAN ne peut \u00eatre tenu responsable du refus de l\u2019octroi d\u2019un subside.<\/div><div class=\"ewa-rteLine\">* Sous r\u00e9serve d\u2019acceptation des dossiers aupr\u00e8s des organismes concern\u00e9s ou de modification des conditions et formalit\u00e9s par ces m\u00eames organismes.<\/div>\t\t\t\t\t\t\t\t<\/div>\n\t\t\t\t<\/div>\n\t\t\t\t\t<\/div>\n\t\t<\/div>\n\t\t\t\t\t<\/div>\n\t\t<\/section>\n\t\t\t\t<section class=\"elementor-section elementor-top-section elementor-element elementor-element-74f1f498 elementor-section-boxed elementor-section-height-default elementor-section-height-default\" data-id=\"74f1f498\" data-element_type=\"section\" data-e-type=\"section\">\n\t\t\t\t\t\t<div class=\"elementor-container elementor-column-gap-default\">\n\t\t\t\t\t<div class=\"elementor-column elementor-col-100 elementor-top-column elementor-element elementor-element-34f3dd04\" data-id=\"34f3dd04\" data-element_type=\"column\" data-e-type=\"column\">\n\t\t\t<div class=\"elementor-widget-wrap elementor-element-populated\">\n\t\t\t\t\t\t<div class=\"elementor-element elementor-element-ceran-title-icon elementor-widget elementor-widget-ceran-title-icon\" data-id=\"ceran-title-icon\" data-element_type=\"widget\" data-e-type=\"widget\" data-widget_type=\"ceran-title-icon.default\">\n\t\t\t\t<div class=\"elementor-widget-container\">\n\t\t\t\t\t<h2 class=\"ax-title-icon\"><div class=\"ax-title-icons bleu-rouge \"> Pour plus d'informations <\/div><\/h2>\t\t\t\t<\/div>\n\t\t\t\t<\/div>\n\t\t\t\t<div class=\"elementor-element elementor-element-6bc830b7 elementor-widget elementor-widget-text-editor\" data-id=\"6bc830b7\" data-element_type=\"widget\" data-e-type=\"widget\" data-widget_type=\"text-editor.default\">\n\t\t\t\t<div class=\"elementor-widget-container\">\n\t\t\t\t\t\t\t\t\t<p>INFPC<\/p><p>2, rue Peternelchen L-2370 Howald<\/p><p>Responsable financement FPC : Monsieur Friederici<\/p>\t\t\t\t\t\t\t\t<\/div>\n\t\t\t\t<\/div>\n\t\t\t\t<div class=\"elementor-element elementor-element-4e56ddce elementor-widget elementor-widget-button\" data-id=\"4e56ddce\" data-element_type=\"widget\" data-e-type=\"widget\" data-widget_type=\"button.default\">\n\t\t\t\t<div class=\"elementor-widget-container\">\n\t\t\t\t\t\t\t\t\t<div class=\"elementor-button-wrapper\">\n\t\t\t\t\t<a class=\"elementor-button elementor-button-link elementor-size-sm\" href=\"http:\/\/www.lifelongLearning.lu\/Detail\/Article\/Aides\/cofinancement-de-laformation\/fr\">\n\t\t\t\t\t\t<span class=\"elementor-button-content-wrapper\">\n\t\t\t\t\t\t\t\t\t<span class=\"elementor-button-text\">Conditions et formalit\u00e9s<\/span>\n\t\t\t\t\t<\/span>\n\t\t\t\t\t<\/a>\n\t\t\t\t<\/div>\n\t\t\t\t\t\t\t\t<\/div>\n\t\t\t\t<\/div>\n\t\t\t\t\t<\/div>\n\t\t<\/div>\n\t\t\t\t\t<\/div>\n\t\t<\/section>\n\t\t\t\t<section class=\"elementor-section elementor-top-section elementor-element elementor-element-15ed4ac0 elementor-section-boxed elementor-section-height-default elementor-section-height-default\" data-id=\"15ed4ac0\" data-element_type=\"section\" data-e-type=\"section\">\n\t\t\t\t\t\t<div class=\"elementor-container elementor-column-gap-default\">\n\t\t\t\t\t<div class=\"elementor-column elementor-col-100 elementor-top-column elementor-element elementor-element-3c1a5b7e\" data-id=\"3c1a5b7e\" data-element_type=\"column\" data-e-type=\"column\">\n\t\t\t<div class=\"elementor-widget-wrap elementor-element-populated\">\n\t\t\t\t\t\t<div class=\"elementor-element elementor-element-ceran_block-encadre-text-icon elementor-widget elementor-widget-ceran_block-encadre-text-icon\" data-id=\"ceran_block-encadre-text-icon\" data-element_type=\"widget\" data-e-type=\"widget\" data-widget_type=\"ceran_block-encadre-text-icon.default\">\n\t\t\t\t<div class=\"elementor-widget-container\">\n\t\t\t\t\t<div class=\"container p-0\"><div class=\"corner corner-left-top\"><div class=\"corner-content\"><div class=\"row\"><div class=\"col text-container d-flex flex-wrap flex-column justify-content-center justify-content-md-start\"><h3 class=\"title col\">Les autres aides <\/h3><div class=\"texte col\"><\/div><div class=\"row gy-4\"><div class=\"col-sm-6 col-md-3\"><a class=\"ax-btn btn-landing\" href=\"https:\/\/www.ceran.com\/fr\/le-ceran-et-ses-methodes\/faire-financer-sa-formation\/prime-formation-be\/\" >Prime de formation<\/a><\/div><div class=\"col-sm-6 col-md-3\"><a class=\"ax-btn btn-landing\" href=\"https:\/\/www.ceran.com\/fr\/le-ceran-et-ses-methodes\/faire-financer-sa-formation\/aide-kmo-portefeuille-be\/\" >Aide KMO-portefeuille<\/a><\/div><div class=\"col-sm-6 col-md-3\"><a class=\"ax-btn btn-landing\" href=\"https:\/\/www.ceran.com\/fr\/le-ceran-et-ses-methodes\/faire-financer-sa-formation\/le-financement-brawo-aide\/\" >Aides BRAWO<\/a><\/div><div class=\"col-sm-6 col-md-3\"><a class=\"ax-btn btn-landing\" href=\"https:\/\/www.ceran.com\/fr\/le-ceran-et-ses-methodes\/faire-financer-sa-formation\/aides-sectorielles-be\/\" >Aides sectorielles<\/a><\/div><\/div><\/div><\/div><\/div><\/div><\/div>\t\t\t\t<\/div>\n\t\t\t\t<\/div>\n\t\t\t\t\t<\/div>\n\t\t<\/div>\n\t\t\t\t\t<\/div>\n\t\t<\/section>\n\t\t\t\t<section class=\"elementor-section elementor-top-section elementor-element elementor-element-0f430e5 elementor-section-boxed elementor-section-height-default elementor-section-height-default\" data-id=\"0f430e5\" data-element_type=\"section\" data-e-type=\"section\">\n\t\t\t\t\t\t<div class=\"elementor-container elementor-column-gap-default\">\n\t\t\t\t\t<div class=\"elementor-column elementor-col-100 elementor-top-column elementor-element elementor-element-fdf1c68\" data-id=\"fdf1c68\" data-element_type=\"column\" data-e-type=\"column\">\n\t\t\t<div class=\"elementor-widget-wrap elementor-element-populated\">\n\t\t\t\t\t\t<div class=\"elementor-element elementor-element-87a853e elementor-widget elementor-widget-spacer\" data-id=\"87a853e\" data-element_type=\"widget\" data-e-type=\"widget\" data-widget_type=\"spacer.default\">\n\t\t\t\t<div class=\"elementor-widget-container\">\n\t\t\t\t\t\t\t<div class=\"elementor-spacer\">\n\t\t\t<div class=\"elementor-spacer-inner\"><\/div>\n\t\t<\/div>\n\t\t\t\t\t\t<\/div>\n\t\t\t\t<\/div>\n\t\t\t\t\t<\/div>\n\t\t<\/div>\n\t\t\t\t\t<\/div>\n\t\t<\/section>\n\t\t\t\t<\/div>\n\t\t","protected":false},"excerpt":{"rendered":"<p>Le financement de votre formation au Grand-Duch\u00e9 du LuxembourgContactez-nous A c\u00f4t\u00e9 de la Belgique, dans le Grand-Duch\u00e9 du Luxembourg, c&rsquo;est 15 % du montal total annuel investi en formation linguistique qui peut \u00eatre financ\u00e9 par le Cofinancement de la formation. Cependant, la participation financi\u00e8re de l\u2019Etat peut passer \u00e0 35 % imposables pour les frais [&hellip;]<\/p>\n","protected":false},"author":1,"featured_media":0,"parent":2294,"menu_order":0,"comment_status":"closed","ping_status":"closed","template":"","meta":{"_acf_changed":false,"_seopress_robots_primary_cat":"","_seopress_titles_title":"","_seopress_titles_desc":"","_seopress_robots_index":"","content-type":"","footnotes":""},"class_list":["post-12236","page","type-page","status-publish","hentry"],"acf":[],"yoast_head":"<!-- This site is optimized with the Yoast SEO plugin v27.5 - https:\/\/yoast.com\/product\/yoast-seo-wordpress\/ -->\n<title>Cofinancement de la formation - Ceran<\/title>\n<meta name=\"robots\" content=\"index, follow, max-snippet:-1, max-image-preview:large, max-video-preview:-1\" \/>\n<link rel=\"canonical\" href=\"https:\/\/www.ceran.com\/fr\/le-ceran-et-ses-methodes\/faire-financer-sa-formation\/cofinancement-de-la-formation\/\" \/>\n<meta property=\"og:locale\" content=\"fr_FR\" \/>\n<meta property=\"og:type\" content=\"article\" \/>\n<meta property=\"og:title\" content=\"Cofinancement de la formation - Ceran\" \/>\n<meta property=\"og:description\" content=\"Le financement de votre formation au Grand-Duch\u00e9 du LuxembourgContactez-nous A c\u00f4t\u00e9 de la Belgique, dans le Grand-Duch\u00e9 du Luxembourg, c&rsquo;est 15 % du montal total annuel investi en formation linguistique qui peut \u00eatre financ\u00e9 par le Cofinancement de la formation. Cependant, la participation financi\u00e8re de l\u2019Etat peut passer \u00e0 35 % imposables pour les frais [&hellip;]\" \/>\n<meta property=\"og:url\" content=\"https:\/\/www.ceran.com\/fr\/le-ceran-et-ses-methodes\/faire-financer-sa-formation\/cofinancement-de-la-formation\/\" \/>\n<meta property=\"og:site_name\" content=\"Ceran\" \/>\n<meta property=\"article:modified_time\" content=\"2022-11-09T15:40:09+00:00\" \/>\n<meta property=\"og:image\" content=\"https:\/\/www.ceran.com\/wp-content\/uploads\/2022\/01\/Union-3.png\" \/>\n<meta name=\"twitter:card\" content=\"summary_large_image\" \/>\n<script type=\"application\/ld+json\" class=\"yoast-schema-graph\">{\"@context\":\"https:\\\/\\\/schema.org\",\"@graph\":[{\"@type\":\"WebPage\",\"@id\":\"https:\\\/\\\/www.ceran.com\\\/fr\\\/le-ceran-et-ses-methodes\\\/faire-financer-sa-formation\\\/cofinancement-de-la-formation\\\/\",\"url\":\"https:\\\/\\\/www.ceran.com\\\/fr\\\/le-ceran-et-ses-methodes\\\/faire-financer-sa-formation\\\/cofinancement-de-la-formation\\\/\",\"name\":\"Cofinancement de la formation - Ceran\",\"isPartOf\":{\"@id\":\"https:\\\/\\\/www.ceran.com\\\/fr\\\/#website\"},\"primaryImageOfPage\":{\"@id\":\"https:\\\/\\\/www.ceran.com\\\/fr\\\/le-ceran-et-ses-methodes\\\/faire-financer-sa-formation\\\/cofinancement-de-la-formation\\\/#primaryimage\"},\"image\":{\"@id\":\"https:\\\/\\\/www.ceran.com\\\/fr\\\/le-ceran-et-ses-methodes\\\/faire-financer-sa-formation\\\/cofinancement-de-la-formation\\\/#primaryimage\"},\"thumbnailUrl\":\"https:\\\/\\\/www.ceran.com\\\/wp-content\\\/uploads\\\/2022\\\/01\\\/Union-3.png\",\"datePublished\":\"2022-02-21T16:01:42+00:00\",\"dateModified\":\"2022-11-09T15:40:09+00:00\",\"breadcrumb\":{\"@id\":\"https:\\\/\\\/www.ceran.com\\\/fr\\\/le-ceran-et-ses-methodes\\\/faire-financer-sa-formation\\\/cofinancement-de-la-formation\\\/#breadcrumb\"},\"inLanguage\":\"fr-FR\",\"potentialAction\":[{\"@type\":\"ReadAction\",\"target\":[\"https:\\\/\\\/www.ceran.com\\\/fr\\\/le-ceran-et-ses-methodes\\\/faire-financer-sa-formation\\\/cofinancement-de-la-formation\\\/\"]}]},{\"@type\":\"ImageObject\",\"inLanguage\":\"fr-FR\",\"@id\":\"https:\\\/\\\/www.ceran.com\\\/fr\\\/le-ceran-et-ses-methodes\\\/faire-financer-sa-formation\\\/cofinancement-de-la-formation\\\/#primaryimage\",\"url\":\"https:\\\/\\\/www.ceran.com\\\/wp-content\\\/uploads\\\/2022\\\/01\\\/Union-3.png\",\"contentUrl\":\"https:\\\/\\\/www.ceran.com\\\/wp-content\\\/uploads\\\/2022\\\/01\\\/Union-3.png\"},{\"@type\":\"BreadcrumbList\",\"@id\":\"https:\\\/\\\/www.ceran.com\\\/fr\\\/le-ceran-et-ses-methodes\\\/faire-financer-sa-formation\\\/cofinancement-de-la-formation\\\/#breadcrumb\",\"itemListElement\":[{\"@type\":\"ListItem\",\"position\":1,\"name\":\"Accueil\",\"item\":\"https:\\\/\\\/www.ceran.com\\\/fr\\\/\"},{\"@type\":\"ListItem\",\"position\":2,\"name\":\"Le CERAN et ses m\u00e9thodes\",\"item\":\"https:\\\/\\\/www.ceran.com\\\/fr\\\/le-ceran-et-ses-methodes\\\/\"},{\"@type\":\"ListItem\",\"position\":3,\"name\":\"Faire financer sa formation\",\"item\":\"https:\\\/\\\/www.ceran.com\\\/fr\\\/le-ceran-et-ses-methodes\\\/faire-financer-sa-formation\\\/\"},{\"@type\":\"ListItem\",\"position\":4,\"name\":\"Cofinancement de la formation\"}]},{\"@type\":\"WebSite\",\"@id\":\"https:\\\/\\\/www.ceran.com\\\/fr\\\/#website\",\"url\":\"https:\\\/\\\/www.ceran.com\\\/fr\\\/\",\"name\":\"Ceran\",\"description\":\"Des formations linguistiques et interculturelles qui vous ouvrent de nouveaux horizons\",\"publisher\":{\"@id\":\"https:\\\/\\\/www.ceran.com\\\/fr\\\/#organization\"},\"potentialAction\":[{\"@type\":\"SearchAction\",\"target\":{\"@type\":\"EntryPoint\",\"urlTemplate\":\"https:\\\/\\\/www.ceran.com\\\/fr\\\/?s={search_term_string}\"},\"query-input\":{\"@type\":\"PropertyValueSpecification\",\"valueRequired\":true,\"valueName\":\"search_term_string\"}}],\"inLanguage\":\"fr-FR\"},{\"@type\":\"Organization\",\"@id\":\"https:\\\/\\\/www.ceran.com\\\/fr\\\/#organization\",\"name\":\"Ceran\",\"url\":\"https:\\\/\\\/www.ceran.com\\\/fr\\\/\",\"logo\":{\"@type\":\"ImageObject\",\"inLanguage\":\"fr-FR\",\"@id\":\"https:\\\/\\\/www.ceran.com\\\/fr\\\/#\\\/schema\\\/logo\\\/image\\\/\",\"url\":\"https:\\\/\\\/www.ceran.com\\\/wp-content\\\/uploads\\\/2025\\\/06\\\/Logo-CERAN-16-x-16-pixels.svg\",\"contentUrl\":\"https:\\\/\\\/www.ceran.com\\\/wp-content\\\/uploads\\\/2025\\\/06\\\/Logo-CERAN-16-x-16-pixels.svg\",\"width\":30,\"height\":30,\"caption\":\"Ceran\"},\"image\":{\"@id\":\"https:\\\/\\\/www.ceran.com\\\/fr\\\/#\\\/schema\\\/logo\\\/image\\\/\"}}]}<\/script>\n<!-- \/ Yoast SEO plugin. -->","yoast_head_json":{"title":"Cofinancement de la formation - Ceran","robots":{"index":"index","follow":"follow","max-snippet":"max-snippet:-1","max-image-preview":"max-image-preview:large","max-video-preview":"max-video-preview:-1"},"canonical":"https:\/\/www.ceran.com\/fr\/le-ceran-et-ses-methodes\/faire-financer-sa-formation\/cofinancement-de-la-formation\/","og_locale":"fr_FR","og_type":"article","og_title":"Cofinancement de la formation - Ceran","og_description":"Le financement de votre formation au Grand-Duch\u00e9 du LuxembourgContactez-nous A c\u00f4t\u00e9 de la Belgique, dans le Grand-Duch\u00e9 du Luxembourg, c&rsquo;est 15 % du montal total annuel investi en formation linguistique qui peut \u00eatre financ\u00e9 par le Cofinancement de la formation. Cependant, la participation financi\u00e8re de l\u2019Etat peut passer \u00e0 35 % imposables pour les frais [&hellip;]","og_url":"https:\/\/www.ceran.com\/fr\/le-ceran-et-ses-methodes\/faire-financer-sa-formation\/cofinancement-de-la-formation\/","og_site_name":"Ceran","article_modified_time":"2022-11-09T15:40:09+00:00","og_image":[{"url":"https:\/\/www.ceran.com\/wp-content\/uploads\/2022\/01\/Union-3.png","type":"","width":"","height":""}],"twitter_card":"summary_large_image","schema":{"@context":"https:\/\/schema.org","@graph":[{"@type":"WebPage","@id":"https:\/\/www.ceran.com\/fr\/le-ceran-et-ses-methodes\/faire-financer-sa-formation\/cofinancement-de-la-formation\/","url":"https:\/\/www.ceran.com\/fr\/le-ceran-et-ses-methodes\/faire-financer-sa-formation\/cofinancement-de-la-formation\/","name":"Cofinancement de la formation - Ceran","isPartOf":{"@id":"https:\/\/www.ceran.com\/fr\/#website"},"primaryImageOfPage":{"@id":"https:\/\/www.ceran.com\/fr\/le-ceran-et-ses-methodes\/faire-financer-sa-formation\/cofinancement-de-la-formation\/#primaryimage"},"image":{"@id":"https:\/\/www.ceran.com\/fr\/le-ceran-et-ses-methodes\/faire-financer-sa-formation\/cofinancement-de-la-formation\/#primaryimage"},"thumbnailUrl":"https:\/\/www.ceran.com\/wp-content\/uploads\/2022\/01\/Union-3.png","datePublished":"2022-02-21T16:01:42+00:00","dateModified":"2022-11-09T15:40:09+00:00","breadcrumb":{"@id":"https:\/\/www.ceran.com\/fr\/le-ceran-et-ses-methodes\/faire-financer-sa-formation\/cofinancement-de-la-formation\/#breadcrumb"},"inLanguage":"fr-FR","potentialAction":[{"@type":"ReadAction","target":["https:\/\/www.ceran.com\/fr\/le-ceran-et-ses-methodes\/faire-financer-sa-formation\/cofinancement-de-la-formation\/"]}]},{"@type":"ImageObject","inLanguage":"fr-FR","@id":"https:\/\/www.ceran.com\/fr\/le-ceran-et-ses-methodes\/faire-financer-sa-formation\/cofinancement-de-la-formation\/#primaryimage","url":"https:\/\/www.ceran.com\/wp-content\/uploads\/2022\/01\/Union-3.png","contentUrl":"https:\/\/www.ceran.com\/wp-content\/uploads\/2022\/01\/Union-3.png"},{"@type":"BreadcrumbList","@id":"https:\/\/www.ceran.com\/fr\/le-ceran-et-ses-methodes\/faire-financer-sa-formation\/cofinancement-de-la-formation\/#breadcrumb","itemListElement":[{"@type":"ListItem","position":1,"name":"Accueil","item":"https:\/\/www.ceran.com\/fr\/"},{"@type":"ListItem","position":2,"name":"Le CERAN et ses m\u00e9thodes","item":"https:\/\/www.ceran.com\/fr\/le-ceran-et-ses-methodes\/"},{"@type":"ListItem","position":3,"name":"Faire financer sa formation","item":"https:\/\/www.ceran.com\/fr\/le-ceran-et-ses-methodes\/faire-financer-sa-formation\/"},{"@type":"ListItem","position":4,"name":"Cofinancement de la formation"}]},{"@type":"WebSite","@id":"https:\/\/www.ceran.com\/fr\/#website","url":"https:\/\/www.ceran.com\/fr\/","name":"Ceran","description":"Des formations linguistiques et interculturelles qui vous ouvrent de nouveaux horizons","publisher":{"@id":"https:\/\/www.ceran.com\/fr\/#organization"},"potentialAction":[{"@type":"SearchAction","target":{"@type":"EntryPoint","urlTemplate":"https:\/\/www.ceran.com\/fr\/?s={search_term_string}"},"query-input":{"@type":"PropertyValueSpecification","valueRequired":true,"valueName":"search_term_string"}}],"inLanguage":"fr-FR"},{"@type":"Organization","@id":"https:\/\/www.ceran.com\/fr\/#organization","name":"Ceran","url":"https:\/\/www.ceran.com\/fr\/","logo":{"@type":"ImageObject","inLanguage":"fr-FR","@id":"https:\/\/www.ceran.com\/fr\/#\/schema\/logo\/image\/","url":"https:\/\/www.ceran.com\/wp-content\/uploads\/2025\/06\/Logo-CERAN-16-x-16-pixels.svg","contentUrl":"https:\/\/www.ceran.com\/wp-content\/uploads\/2025\/06\/Logo-CERAN-16-x-16-pixels.svg","width":30,"height":30,"caption":"Ceran"},"image":{"@id":"https:\/\/www.ceran.com\/fr\/#\/schema\/logo\/image\/"}}]}},"_links":{"self":[{"href":"https:\/\/www.ceran.com\/fr\/wp-json\/wp\/v2\/pages\/12236","targetHints":{"allow":["GET"]}}],"collection":[{"href":"https:\/\/www.ceran.com\/fr\/wp-json\/wp\/v2\/pages"}],"about":[{"href":"https:\/\/www.ceran.com\/fr\/wp-json\/wp\/v2\/types\/page"}],"author":[{"embeddable":true,"href":"https:\/\/www.ceran.com\/fr\/wp-json\/wp\/v2\/users\/1"}],"replies":[{"embeddable":true,"href":"https:\/\/www.ceran.com\/fr\/wp-json\/wp\/v2\/comments?post=12236"}],"version-history":[{"count":5,"href":"https:\/\/www.ceran.com\/fr\/wp-json\/wp\/v2\/pages\/12236\/revisions"}],"predecessor-version":[{"id":66553,"href":"https:\/\/www.ceran.com\/fr\/wp-json\/wp\/v2\/pages\/12236\/revisions\/66553"}],"up":[{"embeddable":true,"href":"https:\/\/www.ceran.com\/fr\/wp-json\/wp\/v2\/pages\/2294"}],"wp:attachment":[{"href":"https:\/\/www.ceran.com\/fr\/wp-json\/wp\/v2\/media?parent=12236"}],"curies":[{"name":"wp","href":"https:\/\/api.w.org\/{rel}","templated":true}]}}