{"id":14242,"date":"2022-03-01T14:52:42","date_gmt":"2022-03-01T13:52:42","guid":{"rendered":"https:\/\/www.ceran.com\/?page_id=14242"},"modified":"2022-09-06T12:40:17","modified_gmt":"2022-09-06T10:40:17","slug":"formation-interculturelle-sexpatrier-en-france","status":"publish","type":"page","link":"https:\/\/www.ceran.com\/fr\/formation-interculturelle-sexpatrier-en-france\/","title":{"rendered":"Formation interculturelle &#8211; Expatriation en France"},"content":{"rendered":"\t\t<div data-elementor-type=\"wp-page\" data-elementor-id=\"14242\" class=\"elementor elementor-14242\" data-elementor-post-type=\"page\">\n\t\t\t\t\t\t<section class=\"elementor-section elementor-top-section elementor-element elementor-element-62cf20e7 elementor-section-boxed elementor-section-height-default elementor-section-height-default\" data-id=\"62cf20e7\" data-element_type=\"section\" data-e-type=\"section\">\n\t\t\t\t\t\t<div class=\"elementor-container elementor-column-gap-default\">\n\t\t\t\t\t<div class=\"elementor-column elementor-col-100 elementor-top-column elementor-element elementor-element-39f0622\" data-id=\"39f0622\" data-element_type=\"column\" data-e-type=\"column\">\n\t\t\t<div class=\"elementor-widget-wrap elementor-element-populated\">\n\t\t\t\t\t\t<div class=\"elementor-element elementor-element-db89396 elementor-widget elementor-widget-template\" data-id=\"db89396\" data-element_type=\"widget\" data-e-type=\"widget\" data-widget_type=\"template.default\">\n\t\t\t\t<div class=\"elementor-widget-container\">\n\t\t\t\t\t\t\t<div class=\"elementor-template\">\n\t\t\t\t\t<div data-elementor-type=\"section\" data-elementor-id=\"2014\" class=\"elementor elementor-2014\" data-elementor-post-type=\"elementor_library\">\n\t\t\t\t\t<section class=\"elementor-section elementor-top-section elementor-element elementor-element-7ff20875 elementor-section-boxed elementor-section-height-default elementor-section-height-default\" data-id=\"7ff20875\" data-element_type=\"section\" data-e-type=\"section\">\n\t\t\t\t\t\t<div class=\"elementor-container elementor-column-gap-default\">\n\t\t\t\t\t<div class=\"elementor-column elementor-col-100 elementor-top-column elementor-element elementor-element-a5e383b\" data-id=\"a5e383b\" data-element_type=\"column\" data-e-type=\"column\">\n\t\t\t<div class=\"elementor-widget-wrap elementor-element-populated\">\n\t\t\t\t\t\t<div class=\"elementor-element elementor-element-3edd7a7e elementor-widget elementor-widget-breadcrumbs\" data-id=\"3edd7a7e\" data-element_type=\"widget\" data-e-type=\"widget\" data-widget_type=\"breadcrumbs.default\">\n\t\t\t\t<div class=\"elementor-widget-container\">\n\t\t\t\t\t<p id=\"breadcrumbs\"><span><span><a href=\"https:\/\/www.ceran.com\/fr\/\">Accueil<\/a><\/span><\/span><\/p>\t\t\t\t<\/div>\n\t\t\t\t<\/div>\n\t\t\t\t\t<\/div>\n\t\t<\/div>\n\t\t\t\t\t<\/div>\n\t\t<\/section>\n\t\t\t\t<\/div>\n\t\t\t\t<\/div>\n\t\t\t\t\t\t<\/div>\n\t\t\t\t<\/div>\n\t\t\t\t\t<\/div>\n\t\t<\/div>\n\t\t\t\t\t<\/div>\n\t\t<\/section>\n\t\t\t\t<section class=\"elementor-section elementor-top-section elementor-element elementor-element-451d9097 elementor-section-boxed elementor-section-height-default elementor-section-height-default\" data-id=\"451d9097\" data-element_type=\"section\" data-e-type=\"section\">\n\t\t\t\t\t\t<div class=\"elementor-container elementor-column-gap-default\">\n\t\t\t\t\t<div class=\"elementor-column elementor-col-100 elementor-top-column elementor-element elementor-element-5b1e6851\" data-id=\"5b1e6851\" data-element_type=\"column\" data-e-type=\"column\">\n\t\t\t<div class=\"elementor-widget-wrap elementor-element-populated\">\n\t\t\t\t\t\t<div class=\"elementor-element elementor-element-double-colonne-texte elementor-widget elementor-widget-double-colonne-texte\" data-id=\"double-colonne-texte\" data-element_type=\"widget\" data-e-type=\"widget\" data-widget_type=\"double-colonne-texte.default\">\n\t\t\t\t<div class=\"elementor-widget-container\">\n\t\t\t\t\t<div class=\"widget-column  \"><div class=\"wrapper-column\"><div class=\"corner no-corner\"><div class=\"corner-content\"><div class=\"ax-title mb-5\">S'expatrier en France<\/div><div class=\"bottom-block row\"><div class=\"bottom-block-img col-6\"><img decoding=\"async\" width=\"125\" height=\"90\" src=\"https:\/\/www.ceran.com\/wp-content\/uploads\/2022\/01\/typeadmin.png\" class=\"attachment-thumbnail size-thumbnail\" alt=\"\" \/><\/div><div class=\"bottom-block-links col-6 d-flex flex-column\"><\/div><\/div><\/div><\/div><\/div><div class=\"wrapper-column\"><div class=\"corner no-corner\" style=\" display: flex; align-items: center;\"><div class=\"corner-content\"><div id=\"block-214\" class=\"sc-bdvvtL iSyBpQ\"><div class=\"sc-ksdxgE GNvNR\"><h3><span style=\"color: #da291c;\">MOBILIT\u00c9 INTERNATIONALE \u2013 FORMATION INTERCULTURELLE FRANCE (1 JOURN\u00c9E)<\/span><\/h3><\/div><\/div><div id=\"block-215\" class=\"sc-bdvvtL iSyBpQ\"><div class=\"sc-ksdxgE jpFJhy\"><p>D\u00e9couvrez le contenu de notre formation interculturelle - Expatriation\u00a0France<\/p><\/div><\/div><\/div><\/div><\/div><\/div>\t\t\t\t<\/div>\n\t\t\t\t<\/div>\n\t\t\t\t<div class=\"elementor-element elementor-element-f1a4421 elementor-widget elementor-widget-template\" data-id=\"f1a4421\" data-element_type=\"widget\" data-e-type=\"widget\" data-widget_type=\"template.default\">\n\t\t\t\t<div class=\"elementor-widget-container\">\n\t\t\t\t\t\t\t<div class=\"elementor-template\">\n\t\t\t\t\t<div data-elementor-type=\"section\" data-elementor-id=\"60604\" class=\"elementor elementor-60604\" data-elementor-post-type=\"elementor_library\">\n\t\t\t\t\t<section class=\"elementor-section elementor-top-section elementor-element elementor-element-5328a7aa elementor-section-boxed elementor-section-height-default elementor-section-height-default\" data-id=\"5328a7aa\" data-element_type=\"section\" data-e-type=\"section\" data-settings=\"{&quot;background_background&quot;:&quot;classic&quot;}\">\n\t\t\t\t\t\t<div class=\"elementor-container elementor-column-gap-default\">\n\t\t\t\t\t<div class=\"elementor-column elementor-col-100 elementor-top-column elementor-element elementor-element-327e339e\" data-id=\"327e339e\" data-element_type=\"column\" data-e-type=\"column\">\n\t\t\t<div class=\"elementor-widget-wrap elementor-element-populated\">\n\t\t\t\t\t\t<div class=\"elementor-element elementor-element-7dc506d7 elementor-cta--skin-classic elementor-animated-content elementor-bg-transform elementor-bg-transform-zoom-in elementor-widget elementor-widget-call-to-action\" data-id=\"7dc506d7\" data-element_type=\"widget\" data-e-type=\"widget\" data-widget_type=\"call-to-action.default\">\n\t\t\t\t<div class=\"elementor-widget-container\">\n\t\t\t\t\t\t\t<div class=\"elementor-cta\">\n\t\t\t\t\t<div class=\"elementor-cta__bg-wrapper\">\n\t\t\t\t<div class=\"elementor-cta__bg elementor-bg\" style=\"background-image: url(https:\/\/www.ceran.com\/wp-content\/uploads\/2022\/09\/Frederic-Dubois-Directeur-CERAn-France-1-1024x200.png);\" role=\"img\" aria-label=\"CERAN, sp\u00e9cialiste de la formation de langue et interculturelle\"><\/div>\n\t\t\t\t<div class=\"elementor-cta__bg-overlay\"><\/div>\n\t\t\t<\/div>\n\t\t\t\t\t\t\t<div class=\"elementor-cta__content\">\n\t\t\t\t\n\t\t\t\t\t\t\t\t\t<h2 class=\"elementor-cta__title elementor-cta__content-item elementor-content-item\">\n\t\t\t\t\t\tVotre projet de formation linguistique ou interculturelle me tient \u00e0 coeur !\t\t\t\t\t<\/h2>\n\t\t\t\t\n\t\t\t\t\t\t\t\t\t<div class=\"elementor-cta__description elementor-cta__content-item elementor-content-item\">\n\t\t\t\t\t\tVous avez des questions ou vous souhaitez un conseil personnalis\u00e9 ? \nCliquez ici pour r\u00e9server un rendez-vous de 15 minutes dans mon agenda. \t\t\t\t\t<\/div>\n\t\t\t\t\n\t\t\t\t\t\t\t\t\t<div class=\"elementor-cta__button-wrapper elementor-cta__content-item elementor-content-item \">\n\t\t\t\t\t<a class=\"elementor-cta__button elementor-button elementor-size-\" href=\"https:\/\/outlook.office365.com\/owa\/calendar\/FrdricDUBOIS@ceran.com\/bookings\/\">\n\t\t\t\t\t\tJe r\u00e9serve mon appel d\u00e9couverte offert\t\t\t\t\t<\/a>\n\t\t\t\t\t<\/div>\n\t\t\t\t\t\t\t<\/div>\n\t\t\t\t\t\t<\/div>\n\t\t\t\t\t\t<\/div>\n\t\t\t\t<\/div>\n\t\t\t\t\t<\/div>\n\t\t<\/div>\n\t\t\t\t\t<\/div>\n\t\t<\/section>\n\t\t\t\t<\/div>\n\t\t\t\t<\/div>\n\t\t\t\t\t\t<\/div>\n\t\t\t\t<\/div>\n\t\t\t\t\t<\/div>\n\t\t<\/div>\n\t\t\t\t\t<\/div>\n\t\t<\/section>\n\t\t\t\t<section class=\"elementor-section elementor-top-section elementor-element elementor-element-45352e7e elementor-section-boxed elementor-section-height-default elementor-section-height-default\" data-id=\"45352e7e\" data-element_type=\"section\" data-e-type=\"section\" data-settings=\"{&quot;background_background&quot;:&quot;classic&quot;}\">\n\t\t\t\t\t\t<div class=\"elementor-container elementor-column-gap-default\">\n\t\t\t\t\t<div class=\"elementor-column elementor-col-100 elementor-top-column elementor-element elementor-element-22c305fe\" data-id=\"22c305fe\" data-element_type=\"column\" data-e-type=\"column\">\n\t\t\t<div class=\"elementor-widget-wrap elementor-element-populated\">\n\t\t\t\t\t\t<section class=\"elementor-section elementor-inner-section elementor-element elementor-element-745e93e8 elementor-section-boxed elementor-section-height-default elementor-section-height-default\" data-id=\"745e93e8\" data-element_type=\"section\" data-e-type=\"section\" data-settings=\"{&quot;background_background&quot;:&quot;classic&quot;}\">\n\t\t\t\t\t\t<div class=\"elementor-container elementor-column-gap-default\">\n\t\t\t\t\t<div class=\"elementor-column elementor-col-100 elementor-inner-column elementor-element elementor-element-796431c7\" data-id=\"796431c7\" data-element_type=\"column\" data-e-type=\"column\">\n\t\t\t<div class=\"elementor-widget-wrap elementor-element-populated\">\n\t\t\t\t\t\t<div class=\"elementor-element elementor-element-02fd0d3 elementor-widget elementor-widget-heading\" data-id=\"02fd0d3\" data-element_type=\"widget\" data-e-type=\"widget\" data-widget_type=\"heading.default\">\n\t\t\t\t<div class=\"elementor-widget-container\">\n\t\t\t\t\t<h2 class=\"elementor-heading-title elementor-size-default\">Contenu de la formation interculturelle - Expatriation en France<\/h2>\t\t\t\t<\/div>\n\t\t\t\t<\/div>\n\t\t\t\t<div class=\"elementor-element elementor-element-51f25ce elementor-widget elementor-widget-heading\" data-id=\"51f25ce\" data-element_type=\"widget\" data-e-type=\"widget\" data-widget_type=\"heading.default\">\n\t\t\t\t<div class=\"elementor-widget-container\">\n\t\t\t\t\t<h2 class=\"elementor-heading-title elementor-size-default\">S\u2019ACCOUTUMER AU PAYS<\/h2>\t\t\t\t<\/div>\n\t\t\t\t<\/div>\n\t\t\t\t<div class=\"elementor-element elementor-element-428d4a10 elementor-widget elementor-widget-text-editor\" data-id=\"428d4a10\" data-element_type=\"widget\" data-e-type=\"widget\" data-widget_type=\"text-editor.default\">\n\t\t\t\t<div class=\"elementor-widget-container\">\n\t\t\t\t\t\t\t\t\t<p><strong>1.\u00a0\u00a0 \u00a0Comprendre la France<\/strong><\/p><p><br \/>\u2022\u00a0\u00a0 \u00a0France : pays d\u2019immigration et de diversit\u00e9s r\u00e9gionales<br \/>\u2022\u00a0\u00a0 \u00a0Construction du pays : histoire de la langue et de la centralisation<br \/>\u2022\u00a0\u00a0 \u00a0La France et l\u2019Europe : enjeux contemporains<br \/>\u2022\u00a0\u00a0 \u00a0R\u00e9alit\u00e9s sociales et \u00e9conomiques : un pays performant mais fragile<br \/><br \/><strong>2.\u00a0\u00a0 \u00a0Valeurs et comportements Fran\u00e7ais<\/strong><\/p><p><br \/>\u2022\u00a0\u00a0 \u00a0L\u2019\u00a0\u00bbuniversalisme \u00e0 la fran\u00e7aise\u00a0\u00bb\u00a0<br \/>\u2022\u00a0\u00a0 \u00a0L\u2019int\u00e9r\u00eat intellectuel pour les diff\u00e9rences culturelles<br \/>\u2022\u00a0\u00a0 \u00a0Une assez grande tol\u00e9rance \u00e0 l&rsquo;\u00e9gard des m\u0153urs qui ne sont pas les siennes<br \/>\u2022\u00a0\u00a0 \u00a0Un individualisme marqu\u00e9 des Fran\u00e7ais : \u00ab\u00a0chacun cultive son jardin\u00a0\u00bb<\/p>\t\t\t\t\t\t\t\t<\/div>\n\t\t\t\t<\/div>\n\t\t\t\t<div class=\"elementor-element elementor-element-782fc30 elementor-widget elementor-widget-image\" data-id=\"782fc30\" data-element_type=\"widget\" data-e-type=\"widget\" data-widget_type=\"image.default\">\n\t\t\t\t<div class=\"elementor-widget-container\">\n\t\t\t\t\t\t\t\t\t\t\t\t\t\t\t<img fetchpriority=\"high\" decoding=\"async\" width=\"900\" height=\"583\" src=\"https:\/\/www.ceran.com\/wp-content\/uploads\/2022\/09\/travailler-negocier-et-s-expatrier-en-france-e1662385492440.jpg\" class=\"attachment-full size-full wp-image-60776\" alt=\"travailler, n\u00e9gocier et s&#039;expatrier en France\" srcset=\"https:\/\/www.ceran.com\/wp-content\/uploads\/2022\/09\/travailler-negocier-et-s-expatrier-en-france-e1662385492440.jpg 900w, https:\/\/www.ceran.com\/wp-content\/uploads\/2022\/09\/travailler-negocier-et-s-expatrier-en-france-e1662385492440-300x194.jpg 300w, https:\/\/www.ceran.com\/wp-content\/uploads\/2022\/09\/travailler-negocier-et-s-expatrier-en-france-e1662385492440-768x497.jpg 768w\" sizes=\"(max-width: 900px) 100vw, 900px\" \/>\t\t\t\t\t\t\t\t\t\t\t\t\t\t\t<\/div>\n\t\t\t\t<\/div>\n\t\t\t\t<div class=\"elementor-element elementor-element-5d936527 elementor-widget elementor-widget-heading\" data-id=\"5d936527\" data-element_type=\"widget\" data-e-type=\"widget\" data-widget_type=\"heading.default\">\n\t\t\t\t<div class=\"elementor-widget-container\">\n\t\t\t\t\t<h2 class=\"elementor-heading-title elementor-size-default\">S\u2019HABITUER AUX MODES DE SOCIALISATION<\/h2>\t\t\t\t<\/div>\n\t\t\t\t<\/div>\n\t\t\t\t<div class=\"elementor-element elementor-element-dde74e1 elementor-widget elementor-widget-text-editor\" data-id=\"dde74e1\" data-element_type=\"widget\" data-e-type=\"widget\" data-widget_type=\"text-editor.default\">\n\t\t\t\t<div class=\"elementor-widget-container\">\n\t\t\t\t\t\t\t\t\t<p><strong>3.\u00a0\u00a0 \u00a0Styles de communication Fran\u00e7ais<\/strong><\/p><p><br \/>\u2022\u00a0\u00a0 \u00a0Grande sensibilit\u00e9 \u00e0 l&rsquo;image<br \/>\u2022\u00a0\u00a0 \u00a0Vie priv\u00e9e, vie publique. L&rsquo;id\u00e9al de discr\u00e9tion et de respect de la vie priv\u00e9e des autres.\u00a0<br \/>\u2022\u00a0\u00a0 \u00a0Le formalisme dans la vie sociale. Les r\u00e8gles, les codes<br \/><br \/><br \/><strong>4.\u00a0\u00a0 \u00a0Vivre et socialiser avec les Fran\u00e7ais<\/strong><\/p><p><br \/>\u2022\u00a0\u00a0 \u00a0\u00catre franc n&rsquo;est pas toujours une valeur, le mensonge n&rsquo;est pas n\u00e9cessairement un p\u00e9ch\u00e9<br \/>\u2022\u00a0\u00a0 \u00a0Au pays de la mode et du \u00ab bon go\u00fbt \u00bb, \u00ab l\u2019habit fait souvent le moine \u00bb<br \/>\u2022\u00a0\u00a0 \u00a0Vivre et socialiser : faire connaissance, \u00eatre invit\u00e9, tabous\u2026<br \/>\u2022\u00a0\u00a0 \u00a0L\u2019art de vivre \u00e0 la fran\u00e7aise<\/p>\t\t\t\t\t\t\t\t<\/div>\n\t\t\t\t<\/div>\n\t\t\t\t<div class=\"elementor-element elementor-element-7bdf57d0 elementor-widget elementor-widget-heading\" data-id=\"7bdf57d0\" data-element_type=\"widget\" data-e-type=\"widget\" data-widget_type=\"heading.default\">\n\t\t\t\t<div class=\"elementor-widget-container\">\n\t\t\t\t\t<h2 class=\"elementor-heading-title elementor-size-default\">S\u2019ADAPTER \u00c0 LA VIE QUOTIDIENNE<\/h2>\t\t\t\t<\/div>\n\t\t\t\t<\/div>\n\t\t\t\t<div class=\"elementor-element elementor-element-1df31400 elementor-widget elementor-widget-text-editor\" data-id=\"1df31400\" data-element_type=\"widget\" data-e-type=\"widget\" data-widget_type=\"text-editor.default\">\n\t\t\t\t<div class=\"elementor-widget-container\">\n\t\t\t\t\t\t\t\t\t<p><strong>5.\u00a0\u00a0 \u00a0La vie d\u2019expatri\u00e9 en France<\/strong><\/p><p><br \/>\u2022\u00a0\u00a0 \u00a0L\u2019installation et la vie courante : d\u00e9marches, logement, sant\u00e9, courses<br \/>\u2022\u00a0\u00a0 \u00a0Les loisirs, les communaut\u00e9s expats<br \/>\u2022\u00a0\u00a0 \u00a0\u00c9coles, vie extrascolaire, sports.<br \/><br \/><strong>6.\u00a0\u00a0 \u00a0Focus sur votre ville d\u2019expatriation<\/strong><\/p><p><br \/>\u2022\u00a0\u00a0 \u00a0Se rep\u00e9rer, se d\u00e9placer en ville<br \/>\u2022\u00a0\u00a0 \u00a0Les immanquables \u00e0 voir, \u00e0 faire<br \/><br \/><strong>7.\u00a0\u00a0 \u00a0R\u00e9ussir votre expatriation<\/strong><\/p><p><br \/>\u2022\u00a0\u00a0 \u00a0Anticiper les phases d\u2019adaptation<br \/>\u2022\u00a0\u00a0 \u00a0Conseils pratiques, questions-r\u00e9ponses<br \/>\u2022\u00a0\u00a0 \u00a0Plan d\u2019action pour l\u2019expatri\u00e9(e) et la famille.\u00a0<\/p>\t\t\t\t\t\t\t\t<\/div>\n\t\t\t\t<\/div>\n\t\t\t\t<div class=\"elementor-element elementor-element-768c8d9 elementor-widget elementor-widget-text-editor\" data-id=\"768c8d9\" data-element_type=\"widget\" data-e-type=\"widget\" data-widget_type=\"text-editor.default\">\n\t\t\t\t<div class=\"elementor-widget-container\">\n\t\t\t\t\t\t\t\t\t<h2>EN SAVOIR PLUS SUR L&rsquo;INTERCULTUREL<\/h2><p>\u00a0<\/p><p><span style=\"color: #3366ff;\"><a style=\"color: #3366ff;\" href=\"https:\/\/www.ceran.com\/fr\/comprendre-une-culture\/\">Comprendre une culture<\/a><\/span><\/p><p><span style=\"color: #3366ff;\"><a style=\"color: #3366ff;\" href=\"https:\/\/www.ceran.com\/fr\/comprendre-une-culture\/travailler-a-linternational\/\">Me faire accompagner dans mes projets internationaux<\/a><\/span><\/p><p><span style=\"color: #3366ff;\"><a style=\"color: #3366ff;\" href=\"https:\/\/www.ceran.com\/fr\/comprendre-une-culture\/expatriation-et-retours\/\">M&rsquo;int\u00e9grer dans un nouvel environnement<\/a><\/span><\/p><p><span style=\"color: #3366ff;\"><a style=\"color: #3366ff;\" href=\"https:\/\/www.ceran.com\/fr\/cultural-assesment\/\">R\u00e9aliser un test interculturel<\/a><\/span><\/p>\t\t\t\t\t\t\t\t<\/div>\n\t\t\t\t<\/div>\n\t\t\t\t\t<\/div>\n\t\t<\/div>\n\t\t\t\t\t<\/div>\n\t\t<\/section>\n\t\t\t\t\t<\/div>\n\t\t<\/div>\n\t\t\t\t\t<\/div>\n\t\t<\/section>\n\t\t\t\t<\/div>\n\t\t","protected":false},"excerpt":{"rendered":"<p>S&rsquo;expatrier en France MOBILIT\u00c9 INTERNATIONALE \u2013 FORMATION INTERCULTURELLE FRANCE (1 JOURN\u00c9E) D\u00e9couvrez le contenu de notre formation interculturelle &#8211; Expatriation&nbsp;France Contenu de la formation interculturelle &#8211; Expatriation en France S\u2019ACCOUTUMER AU PAYS 1.&nbsp;&nbsp; &nbsp;Comprendre la France \u2022&nbsp;&nbsp; &nbsp;France : pays d\u2019immigration et de diversit\u00e9s r\u00e9gionales \u2022&nbsp;&nbsp; &nbsp;Construction du pays : histoire de la langue et [&hellip;]<\/p>\n","protected":false},"author":7,"featured_media":0,"parent":0,"menu_order":0,"comment_status":"closed","ping_status":"closed","template":"","meta":{"_acf_changed":false,"_seopress_robots_primary_cat":"","_seopress_titles_title":"","_seopress_titles_desc":"Comment s'expatrier en France ? D\u00e9couvrez le contenu de notre formation interculturelle - Expatriation France","_seopress_robots_index":"","content-type":"","footnotes":""},"class_list":["post-14242","page","type-page","status-publish","hentry"],"acf":[],"yoast_head":"<!-- This site is optimized with the Yoast SEO plugin v27.5 - https:\/\/yoast.com\/product\/yoast-seo-wordpress\/ -->\n<title>Formation interculturelle - Expatriation en France - Ceran<\/title>\n<meta name=\"description\" content=\"Comment s&#039;expatrier en France ? D\u00e9couvrez le contenu de notre formation interculturelle - Expatriation France\" \/>\n<meta name=\"robots\" content=\"index, follow, max-snippet:-1, max-image-preview:large, max-video-preview:-1\" \/>\n<link rel=\"canonical\" href=\"https:\/\/www.ceran.com\/fr\/formation-interculturelle-sexpatrier-en-france\/\" \/>\n<meta property=\"og:locale\" content=\"fr_FR\" \/>\n<meta property=\"og:type\" content=\"article\" \/>\n<meta property=\"og:title\" content=\"Formation interculturelle - Expatriation en France - Ceran\" \/>\n<meta property=\"og:description\" content=\"Comment s&#039;expatrier en France ? D\u00e9couvrez le contenu de notre formation interculturelle - Expatriation France\" \/>\n<meta property=\"og:url\" content=\"https:\/\/www.ceran.com\/fr\/formation-interculturelle-sexpatrier-en-france\/\" \/>\n<meta property=\"og:site_name\" content=\"Ceran\" \/>\n<meta property=\"article:modified_time\" content=\"2022-09-06T10:40:17+00:00\" \/>\n<meta property=\"og:image\" content=\"https:\/\/www.ceran.com\/wp-content\/uploads\/2022\/01\/typeadmin.png\" \/>\n<meta name=\"twitter:card\" content=\"summary_large_image\" \/>\n<script type=\"application\/ld+json\" class=\"yoast-schema-graph\">{\"@context\":\"https:\\\/\\\/schema.org\",\"@graph\":[{\"@type\":\"WebPage\",\"@id\":\"https:\\\/\\\/www.ceran.com\\\/fr\\\/formation-interculturelle-sexpatrier-en-france\\\/\",\"url\":\"https:\\\/\\\/www.ceran.com\\\/fr\\\/formation-interculturelle-sexpatrier-en-france\\\/\",\"name\":\"Formation interculturelle - Expatriation en France - Ceran\",\"isPartOf\":{\"@id\":\"https:\\\/\\\/www.ceran.com\\\/fr\\\/#website\"},\"primaryImageOfPage\":{\"@id\":\"https:\\\/\\\/www.ceran.com\\\/fr\\\/formation-interculturelle-sexpatrier-en-france\\\/#primaryimage\"},\"image\":{\"@id\":\"https:\\\/\\\/www.ceran.com\\\/fr\\\/formation-interculturelle-sexpatrier-en-france\\\/#primaryimage\"},\"thumbnailUrl\":\"https:\\\/\\\/www.ceran.com\\\/wp-content\\\/uploads\\\/2022\\\/01\\\/typeadmin.png\",\"datePublished\":\"2022-03-01T13:52:42+00:00\",\"dateModified\":\"2022-09-06T10:40:17+00:00\",\"description\":\"Comment s'expatrier en France ? D\u00e9couvrez le contenu de notre formation interculturelle - Expatriation France\",\"breadcrumb\":{\"@id\":\"https:\\\/\\\/www.ceran.com\\\/fr\\\/formation-interculturelle-sexpatrier-en-france\\\/#breadcrumb\"},\"inLanguage\":\"fr-FR\",\"potentialAction\":[{\"@type\":\"ReadAction\",\"target\":[\"https:\\\/\\\/www.ceran.com\\\/fr\\\/formation-interculturelle-sexpatrier-en-france\\\/\"]}]},{\"@type\":\"ImageObject\",\"inLanguage\":\"fr-FR\",\"@id\":\"https:\\\/\\\/www.ceran.com\\\/fr\\\/formation-interculturelle-sexpatrier-en-france\\\/#primaryimage\",\"url\":\"https:\\\/\\\/www.ceran.com\\\/wp-content\\\/uploads\\\/2022\\\/01\\\/typeadmin.png\",\"contentUrl\":\"https:\\\/\\\/www.ceran.com\\\/wp-content\\\/uploads\\\/2022\\\/01\\\/typeadmin.png\"},{\"@type\":\"BreadcrumbList\",\"@id\":\"https:\\\/\\\/www.ceran.com\\\/fr\\\/formation-interculturelle-sexpatrier-en-france\\\/#breadcrumb\",\"itemListElement\":[{\"@type\":\"ListItem\",\"position\":1,\"name\":\"Accueil\",\"item\":\"https:\\\/\\\/www.ceran.com\\\/fr\\\/\"},{\"@type\":\"ListItem\",\"position\":2,\"name\":\"Formation interculturelle &#8211; Expatriation en France\"}]},{\"@type\":\"WebSite\",\"@id\":\"https:\\\/\\\/www.ceran.com\\\/fr\\\/#website\",\"url\":\"https:\\\/\\\/www.ceran.com\\\/fr\\\/\",\"name\":\"Ceran\",\"description\":\"Des formations linguistiques et interculturelles qui vous ouvrent de nouveaux horizons\",\"publisher\":{\"@id\":\"https:\\\/\\\/www.ceran.com\\\/fr\\\/#organization\"},\"potentialAction\":[{\"@type\":\"SearchAction\",\"target\":{\"@type\":\"EntryPoint\",\"urlTemplate\":\"https:\\\/\\\/www.ceran.com\\\/fr\\\/?s={search_term_string}\"},\"query-input\":{\"@type\":\"PropertyValueSpecification\",\"valueRequired\":true,\"valueName\":\"search_term_string\"}}],\"inLanguage\":\"fr-FR\"},{\"@type\":\"Organization\",\"@id\":\"https:\\\/\\\/www.ceran.com\\\/fr\\\/#organization\",\"name\":\"Ceran\",\"url\":\"https:\\\/\\\/www.ceran.com\\\/fr\\\/\",\"logo\":{\"@type\":\"ImageObject\",\"inLanguage\":\"fr-FR\",\"@id\":\"https:\\\/\\\/www.ceran.com\\\/fr\\\/#\\\/schema\\\/logo\\\/image\\\/\",\"url\":\"https:\\\/\\\/www.ceran.com\\\/wp-content\\\/uploads\\\/2025\\\/06\\\/Logo-CERAN-16-x-16-pixels.svg\",\"contentUrl\":\"https:\\\/\\\/www.ceran.com\\\/wp-content\\\/uploads\\\/2025\\\/06\\\/Logo-CERAN-16-x-16-pixels.svg\",\"width\":30,\"height\":30,\"caption\":\"Ceran\"},\"image\":{\"@id\":\"https:\\\/\\\/www.ceran.com\\\/fr\\\/#\\\/schema\\\/logo\\\/image\\\/\"}}]}<\/script>\n<!-- \/ Yoast SEO plugin. -->","yoast_head_json":{"title":"Formation interculturelle - Expatriation en France - Ceran","description":"Comment s'expatrier en France ? D\u00e9couvrez le contenu de notre formation interculturelle - Expatriation France","robots":{"index":"index","follow":"follow","max-snippet":"max-snippet:-1","max-image-preview":"max-image-preview:large","max-video-preview":"max-video-preview:-1"},"canonical":"https:\/\/www.ceran.com\/fr\/formation-interculturelle-sexpatrier-en-france\/","og_locale":"fr_FR","og_type":"article","og_title":"Formation interculturelle - Expatriation en France - Ceran","og_description":"Comment s'expatrier en France ? D\u00e9couvrez le contenu de notre formation interculturelle - Expatriation France","og_url":"https:\/\/www.ceran.com\/fr\/formation-interculturelle-sexpatrier-en-france\/","og_site_name":"Ceran","article_modified_time":"2022-09-06T10:40:17+00:00","og_image":[{"url":"https:\/\/www.ceran.com\/wp-content\/uploads\/2022\/01\/typeadmin.png","type":"","width":"","height":""}],"twitter_card":"summary_large_image","schema":{"@context":"https:\/\/schema.org","@graph":[{"@type":"WebPage","@id":"https:\/\/www.ceran.com\/fr\/formation-interculturelle-sexpatrier-en-france\/","url":"https:\/\/www.ceran.com\/fr\/formation-interculturelle-sexpatrier-en-france\/","name":"Formation interculturelle - Expatriation en France - Ceran","isPartOf":{"@id":"https:\/\/www.ceran.com\/fr\/#website"},"primaryImageOfPage":{"@id":"https:\/\/www.ceran.com\/fr\/formation-interculturelle-sexpatrier-en-france\/#primaryimage"},"image":{"@id":"https:\/\/www.ceran.com\/fr\/formation-interculturelle-sexpatrier-en-france\/#primaryimage"},"thumbnailUrl":"https:\/\/www.ceran.com\/wp-content\/uploads\/2022\/01\/typeadmin.png","datePublished":"2022-03-01T13:52:42+00:00","dateModified":"2022-09-06T10:40:17+00:00","description":"Comment s'expatrier en France ? D\u00e9couvrez le contenu de notre formation interculturelle - Expatriation France","breadcrumb":{"@id":"https:\/\/www.ceran.com\/fr\/formation-interculturelle-sexpatrier-en-france\/#breadcrumb"},"inLanguage":"fr-FR","potentialAction":[{"@type":"ReadAction","target":["https:\/\/www.ceran.com\/fr\/formation-interculturelle-sexpatrier-en-france\/"]}]},{"@type":"ImageObject","inLanguage":"fr-FR","@id":"https:\/\/www.ceran.com\/fr\/formation-interculturelle-sexpatrier-en-france\/#primaryimage","url":"https:\/\/www.ceran.com\/wp-content\/uploads\/2022\/01\/typeadmin.png","contentUrl":"https:\/\/www.ceran.com\/wp-content\/uploads\/2022\/01\/typeadmin.png"},{"@type":"BreadcrumbList","@id":"https:\/\/www.ceran.com\/fr\/formation-interculturelle-sexpatrier-en-france\/#breadcrumb","itemListElement":[{"@type":"ListItem","position":1,"name":"Accueil","item":"https:\/\/www.ceran.com\/fr\/"},{"@type":"ListItem","position":2,"name":"Formation interculturelle &#8211; Expatriation en France"}]},{"@type":"WebSite","@id":"https:\/\/www.ceran.com\/fr\/#website","url":"https:\/\/www.ceran.com\/fr\/","name":"Ceran","description":"Des formations linguistiques et interculturelles qui vous ouvrent de nouveaux horizons","publisher":{"@id":"https:\/\/www.ceran.com\/fr\/#organization"},"potentialAction":[{"@type":"SearchAction","target":{"@type":"EntryPoint","urlTemplate":"https:\/\/www.ceran.com\/fr\/?s={search_term_string}"},"query-input":{"@type":"PropertyValueSpecification","valueRequired":true,"valueName":"search_term_string"}}],"inLanguage":"fr-FR"},{"@type":"Organization","@id":"https:\/\/www.ceran.com\/fr\/#organization","name":"Ceran","url":"https:\/\/www.ceran.com\/fr\/","logo":{"@type":"ImageObject","inLanguage":"fr-FR","@id":"https:\/\/www.ceran.com\/fr\/#\/schema\/logo\/image\/","url":"https:\/\/www.ceran.com\/wp-content\/uploads\/2025\/06\/Logo-CERAN-16-x-16-pixels.svg","contentUrl":"https:\/\/www.ceran.com\/wp-content\/uploads\/2025\/06\/Logo-CERAN-16-x-16-pixels.svg","width":30,"height":30,"caption":"Ceran"},"image":{"@id":"https:\/\/www.ceran.com\/fr\/#\/schema\/logo\/image\/"}}]}},"_links":{"self":[{"href":"https:\/\/www.ceran.com\/fr\/wp-json\/wp\/v2\/pages\/14242","targetHints":{"allow":["GET"]}}],"collection":[{"href":"https:\/\/www.ceran.com\/fr\/wp-json\/wp\/v2\/pages"}],"about":[{"href":"https:\/\/www.ceran.com\/fr\/wp-json\/wp\/v2\/types\/page"}],"author":[{"embeddable":true,"href":"https:\/\/www.ceran.com\/fr\/wp-json\/wp\/v2\/users\/7"}],"replies":[{"embeddable":true,"href":"https:\/\/www.ceran.com\/fr\/wp-json\/wp\/v2\/comments?post=14242"}],"version-history":[{"count":5,"href":"https:\/\/www.ceran.com\/fr\/wp-json\/wp\/v2\/pages\/14242\/revisions"}],"predecessor-version":[{"id":61081,"href":"https:\/\/www.ceran.com\/fr\/wp-json\/wp\/v2\/pages\/14242\/revisions\/61081"}],"wp:attachment":[{"href":"https:\/\/www.ceran.com\/fr\/wp-json\/wp\/v2\/media?parent=14242"}],"curies":[{"name":"wp","href":"https:\/\/api.w.org\/{rel}","templated":true}]}}