{"id":14322,"date":"2022-03-01T15:24:21","date_gmt":"2022-03-01T14:24:21","guid":{"rendered":"https:\/\/www.ceran.com\/?page_id=14322"},"modified":"2022-09-06T12:00:31","modified_gmt":"2022-09-06T10:00:31","slug":"formation-interculturelle-sexpatrier-en-suisse","status":"publish","type":"page","link":"https:\/\/www.ceran.com\/fr\/formation-interculturelle-sexpatrier-en-suisse\/","title":{"rendered":"S&rsquo;expatrier en Suisse"},"content":{"rendered":"\t\t<div data-elementor-type=\"wp-page\" data-elementor-id=\"14322\" class=\"elementor elementor-14322\" data-elementor-post-type=\"page\">\n\t\t\t\t\t\t<section class=\"elementor-section elementor-top-section elementor-element elementor-element-c321baf elementor-section-boxed elementor-section-height-default elementor-section-height-default\" data-id=\"c321baf\" data-element_type=\"section\" data-e-type=\"section\">\n\t\t\t\t\t\t<div class=\"elementor-container elementor-column-gap-default\">\n\t\t\t\t\t<div class=\"elementor-column elementor-col-100 elementor-top-column elementor-element elementor-element-443ff564\" data-id=\"443ff564\" data-element_type=\"column\" data-e-type=\"column\">\n\t\t\t<div class=\"elementor-widget-wrap elementor-element-populated\">\n\t\t\t\t\t\t<div class=\"elementor-element elementor-element-33a837b7 elementor-widget elementor-widget-template\" data-id=\"33a837b7\" data-element_type=\"widget\" data-e-type=\"widget\" data-widget_type=\"template.default\">\n\t\t\t\t<div class=\"elementor-widget-container\">\n\t\t\t\t\t\t\t<div class=\"elementor-template\">\n\t\t\t\t\t<div data-elementor-type=\"section\" data-elementor-id=\"2014\" class=\"elementor elementor-2014\" data-elementor-post-type=\"elementor_library\">\n\t\t\t\t\t<section class=\"elementor-section elementor-top-section elementor-element elementor-element-7ff20875 elementor-section-boxed elementor-section-height-default elementor-section-height-default\" data-id=\"7ff20875\" data-element_type=\"section\" data-e-type=\"section\">\n\t\t\t\t\t\t<div class=\"elementor-container elementor-column-gap-default\">\n\t\t\t\t\t<div class=\"elementor-column elementor-col-100 elementor-top-column elementor-element elementor-element-a5e383b\" data-id=\"a5e383b\" data-element_type=\"column\" data-e-type=\"column\">\n\t\t\t<div class=\"elementor-widget-wrap elementor-element-populated\">\n\t\t\t\t\t\t<div class=\"elementor-element elementor-element-3edd7a7e elementor-widget elementor-widget-breadcrumbs\" data-id=\"3edd7a7e\" data-element_type=\"widget\" data-e-type=\"widget\" data-widget_type=\"breadcrumbs.default\">\n\t\t\t\t<div class=\"elementor-widget-container\">\n\t\t\t\t\t<p id=\"breadcrumbs\"><span><span><a href=\"https:\/\/www.ceran.com\/fr\/\">Accueil<\/a><\/span><\/span><\/p>\t\t\t\t<\/div>\n\t\t\t\t<\/div>\n\t\t\t\t\t<\/div>\n\t\t<\/div>\n\t\t\t\t\t<\/div>\n\t\t<\/section>\n\t\t\t\t<\/div>\n\t\t\t\t<\/div>\n\t\t\t\t\t\t<\/div>\n\t\t\t\t<\/div>\n\t\t\t\t\t<\/div>\n\t\t<\/div>\n\t\t\t\t\t<\/div>\n\t\t<\/section>\n\t\t\t\t<section class=\"elementor-section elementor-top-section elementor-element elementor-element-6bef0ca3 elementor-section-boxed elementor-section-height-default elementor-section-height-default\" data-id=\"6bef0ca3\" data-element_type=\"section\" data-e-type=\"section\">\n\t\t\t\t\t\t<div class=\"elementor-container elementor-column-gap-default\">\n\t\t\t\t\t<div class=\"elementor-column elementor-col-100 elementor-top-column elementor-element elementor-element-2fcb9d64\" data-id=\"2fcb9d64\" data-element_type=\"column\" data-e-type=\"column\">\n\t\t\t<div class=\"elementor-widget-wrap elementor-element-populated\">\n\t\t\t\t\t\t<div class=\"elementor-element elementor-element-double-colonne-texte elementor-widget elementor-widget-double-colonne-texte\" data-id=\"double-colonne-texte\" data-element_type=\"widget\" data-e-type=\"widget\" data-widget_type=\"double-colonne-texte.default\">\n\t\t\t\t<div class=\"elementor-widget-container\">\n\t\t\t\t\t<div class=\"widget-column  \"><div class=\"wrapper-column\"><div class=\"corner no-corner\"><div class=\"corner-content\"><div class=\"ax-title mb-5\">S'expatrier en Suisse\n<\/div><div class=\"bottom-block row\"><div class=\"bottom-block-img col-6\"><img decoding=\"async\" width=\"125\" height=\"90\" src=\"https:\/\/www.ceran.com\/wp-content\/uploads\/2022\/01\/typeadmin.png\" class=\"attachment-thumbnail size-thumbnail\" alt=\"\" \/><\/div><div class=\"bottom-block-links col-6 d-flex flex-column\"><\/div><\/div><\/div><\/div><\/div><div class=\"wrapper-column\"><div class=\"corner no-corner\" style=\" display: flex; align-items: center;\"><div class=\"corner-content\"><div id=\"block-214\" class=\"sc-bdvvtL iSyBpQ\"><div class=\"sc-ksdxgE GNvNR\"><h3><span style=\"color: #da291c;\">MOBILIT\u00c9 INTERNATIONALE \u2013 FORMATION INTERCULTURELLE SUISSE\u00a0(1 JOURN\u00c9E)<\/span><\/h3><\/div><\/div><div id=\"block-215\" class=\"sc-bdvvtL iSyBpQ\"><div class=\"sc-ksdxgE jpFJhy\"><p>D\u00e9couvrez le contenu de notre formation interculturelle - Expatriation\u00a0en Suisse<\/p><\/div><\/div><\/div><\/div><\/div><\/div>\t\t\t\t<\/div>\n\t\t\t\t<\/div>\n\t\t\t\t<div class=\"elementor-element elementor-element-1439e56 elementor-widget elementor-widget-template\" data-id=\"1439e56\" data-element_type=\"widget\" data-e-type=\"widget\" data-widget_type=\"template.default\">\n\t\t\t\t<div class=\"elementor-widget-container\">\n\t\t\t\t\t\t\t<div class=\"elementor-template\">\n\t\t\t\t\t<div data-elementor-type=\"section\" data-elementor-id=\"60604\" class=\"elementor elementor-60604\" data-elementor-post-type=\"elementor_library\">\n\t\t\t\t\t<section class=\"elementor-section elementor-top-section elementor-element elementor-element-5328a7aa elementor-section-boxed elementor-section-height-default elementor-section-height-default\" data-id=\"5328a7aa\" data-element_type=\"section\" data-e-type=\"section\" data-settings=\"{&quot;background_background&quot;:&quot;classic&quot;}\">\n\t\t\t\t\t\t<div class=\"elementor-container elementor-column-gap-default\">\n\t\t\t\t\t<div class=\"elementor-column elementor-col-100 elementor-top-column elementor-element elementor-element-327e339e\" data-id=\"327e339e\" data-element_type=\"column\" data-e-type=\"column\">\n\t\t\t<div class=\"elementor-widget-wrap elementor-element-populated\">\n\t\t\t\t\t\t<div class=\"elementor-element elementor-element-7dc506d7 elementor-cta--skin-classic elementor-animated-content elementor-bg-transform elementor-bg-transform-zoom-in elementor-widget elementor-widget-call-to-action\" data-id=\"7dc506d7\" data-element_type=\"widget\" data-e-type=\"widget\" data-widget_type=\"call-to-action.default\">\n\t\t\t\t<div class=\"elementor-widget-container\">\n\t\t\t\t\t\t\t<div class=\"elementor-cta\">\n\t\t\t\t\t<div class=\"elementor-cta__bg-wrapper\">\n\t\t\t\t<div class=\"elementor-cta__bg elementor-bg\" style=\"background-image: url(https:\/\/www.ceran.com\/wp-content\/uploads\/2022\/09\/Frederic-Dubois-Directeur-CERAn-France-1-1024x200.png);\" role=\"img\" aria-label=\"CERAN, sp\u00e9cialiste de la formation de langue et interculturelle\"><\/div>\n\t\t\t\t<div class=\"elementor-cta__bg-overlay\"><\/div>\n\t\t\t<\/div>\n\t\t\t\t\t\t\t<div class=\"elementor-cta__content\">\n\t\t\t\t\n\t\t\t\t\t\t\t\t\t<h2 class=\"elementor-cta__title elementor-cta__content-item elementor-content-item\">\n\t\t\t\t\t\tVotre projet de formation linguistique ou interculturelle me tient \u00e0 coeur !\t\t\t\t\t<\/h2>\n\t\t\t\t\n\t\t\t\t\t\t\t\t\t<div class=\"elementor-cta__description elementor-cta__content-item elementor-content-item\">\n\t\t\t\t\t\tVous avez des questions ou vous souhaitez un conseil personnalis\u00e9 ? \nCliquez ici pour r\u00e9server un rendez-vous de 15 minutes dans mon agenda. \t\t\t\t\t<\/div>\n\t\t\t\t\n\t\t\t\t\t\t\t\t\t<div class=\"elementor-cta__button-wrapper elementor-cta__content-item elementor-content-item \">\n\t\t\t\t\t<a class=\"elementor-cta__button elementor-button elementor-size-\" href=\"https:\/\/outlook.office365.com\/owa\/calendar\/FrdricDUBOIS@ceran.com\/bookings\/\">\n\t\t\t\t\t\tJe r\u00e9serve mon appel d\u00e9couverte offert\t\t\t\t\t<\/a>\n\t\t\t\t\t<\/div>\n\t\t\t\t\t\t\t<\/div>\n\t\t\t\t\t\t<\/div>\n\t\t\t\t\t\t<\/div>\n\t\t\t\t<\/div>\n\t\t\t\t\t<\/div>\n\t\t<\/div>\n\t\t\t\t\t<\/div>\n\t\t<\/section>\n\t\t\t\t<\/div>\n\t\t\t\t<\/div>\n\t\t\t\t\t\t<\/div>\n\t\t\t\t<\/div>\n\t\t\t\t\t<\/div>\n\t\t<\/div>\n\t\t\t\t\t<\/div>\n\t\t<\/section>\n\t\t\t\t<section class=\"elementor-section elementor-top-section elementor-element elementor-element-38d8382b elementor-section-boxed elementor-section-height-default elementor-section-height-default\" data-id=\"38d8382b\" data-element_type=\"section\" data-e-type=\"section\" data-settings=\"{&quot;background_background&quot;:&quot;classic&quot;}\">\n\t\t\t\t\t\t<div class=\"elementor-container elementor-column-gap-default\">\n\t\t\t\t\t<div class=\"elementor-column elementor-col-100 elementor-top-column elementor-element elementor-element-7e08040\" data-id=\"7e08040\" data-element_type=\"column\" data-e-type=\"column\">\n\t\t\t<div class=\"elementor-widget-wrap elementor-element-populated\">\n\t\t\t\t\t\t<section class=\"elementor-section elementor-inner-section elementor-element elementor-element-7f33d03b elementor-section-boxed elementor-section-height-default elementor-section-height-default\" data-id=\"7f33d03b\" data-element_type=\"section\" data-e-type=\"section\" data-settings=\"{&quot;background_background&quot;:&quot;classic&quot;}\">\n\t\t\t\t\t\t<div class=\"elementor-container elementor-column-gap-default\">\n\t\t\t\t\t<div class=\"elementor-column elementor-col-100 elementor-inner-column elementor-element elementor-element-264ed19d\" data-id=\"264ed19d\" data-element_type=\"column\" data-e-type=\"column\">\n\t\t\t<div class=\"elementor-widget-wrap elementor-element-populated\">\n\t\t\t\t\t\t<div class=\"elementor-element elementor-element-fe9bc61 elementor-widget elementor-widget-heading\" data-id=\"fe9bc61\" data-element_type=\"widget\" data-e-type=\"widget\" data-widget_type=\"heading.default\">\n\t\t\t\t<div class=\"elementor-widget-container\">\n\t\t\t\t\t<h2 class=\"elementor-heading-title elementor-size-default\">Contenu de la formation interculturelle - Expatriation en Suisse<\/h2>\t\t\t\t<\/div>\n\t\t\t\t<\/div>\n\t\t\t\t<div class=\"elementor-element elementor-element-75ae4460 elementor-widget elementor-widget-heading\" data-id=\"75ae4460\" data-element_type=\"widget\" data-e-type=\"widget\" data-widget_type=\"heading.default\">\n\t\t\t\t<div class=\"elementor-widget-container\">\n\t\t\t\t\t<h2 class=\"elementor-heading-title elementor-size-default\">S\u2019ACCOUTUMER AU PAYS<\/h2>\t\t\t\t<\/div>\n\t\t\t\t<\/div>\n\t\t\t\t<div class=\"elementor-element elementor-element-52f63257 elementor-widget elementor-widget-text-editor\" data-id=\"52f63257\" data-element_type=\"widget\" data-e-type=\"widget\" data-widget_type=\"text-editor.default\">\n\t\t\t\t<div class=\"elementor-widget-container\">\n\t\t\t\t\t\t\t\t\t<p><strong>1.\u00a0\u00a0 \u00a0Comprendre la Suisse<\/strong><\/p><p><br \/>\u2022\u00a0\u00a0 \u00a0La situation g\u00e9ographique, les origines<br \/>\u2022\u00a0\u00a0 \u00a0Les aspects et sp\u00e9cificit\u00e9s politiques<br \/>\u2022\u00a0\u00a0 \u00a0La place de la Suisse en Europe et dans le monde<br \/>\u2022\u00a0\u00a0 \u00a0La population suisse et la population \u00e9trang\u00e8re<br \/><br \/><strong>2.\u00a0\u00a0 \u00a0Valeurs et comportements suisses<\/strong><\/p><p><br \/>\u2022\u00a0\u00a0\u00a0 Forte pr\u00e9sence des traditions, symboles patriotiques et mythes fondateurs<br \/>\u2022\u00a0\u00a0 \u00a0Formalisme et pragmatisme<br \/>\u2022\u00a0\u00a0 \u00a0Prise de risque mesur\u00e9, pr\u00e9paration<br \/>\u2022\u00a0\u00a0 \u00a0Le patrimoine culturel et les r\u00e9f\u00e9rences communes<\/p>\t\t\t\t\t\t\t\t<\/div>\n\t\t\t\t<\/div>\n\t\t\t\t<div class=\"elementor-element elementor-element-3b272ba elementor-widget elementor-widget-image\" data-id=\"3b272ba\" data-element_type=\"widget\" data-e-type=\"widget\" data-widget_type=\"image.default\">\n\t\t\t\t<div class=\"elementor-widget-container\">\n\t\t\t\t\t\t\t\t\t\t\t\t\t\t\t<img fetchpriority=\"high\" decoding=\"async\" width=\"900\" height=\"578\" src=\"https:\/\/www.ceran.com\/wp-content\/uploads\/2022\/09\/travailler-negocier-et-sexpatrier-en-suisse-e1662380660503.jpg\" class=\"attachment-full size-full wp-image-60671\" alt=\"travailler, n\u00e9gocier et s&#039;expatrier en Suisse\" srcset=\"https:\/\/www.ceran.com\/wp-content\/uploads\/2022\/09\/travailler-negocier-et-sexpatrier-en-suisse-e1662380660503.jpg 900w, https:\/\/www.ceran.com\/wp-content\/uploads\/2022\/09\/travailler-negocier-et-sexpatrier-en-suisse-e1662380660503-300x193.jpg 300w, https:\/\/www.ceran.com\/wp-content\/uploads\/2022\/09\/travailler-negocier-et-sexpatrier-en-suisse-e1662380660503-768x493.jpg 768w\" sizes=\"(max-width: 900px) 100vw, 900px\" \/>\t\t\t\t\t\t\t\t\t\t\t\t\t\t\t<\/div>\n\t\t\t\t<\/div>\n\t\t\t\t<div class=\"elementor-element elementor-element-6b31cf68 elementor-widget elementor-widget-heading\" data-id=\"6b31cf68\" data-element_type=\"widget\" data-e-type=\"widget\" data-widget_type=\"heading.default\">\n\t\t\t\t<div class=\"elementor-widget-container\">\n\t\t\t\t\t<h2 class=\"elementor-heading-title elementor-size-default\">S\u2019HABITUER AUX MODES DE SOCIALISATION<\/h2>\t\t\t\t<\/div>\n\t\t\t\t<\/div>\n\t\t\t\t<div class=\"elementor-element elementor-element-22fa34aa elementor-widget elementor-widget-text-editor\" data-id=\"22fa34aa\" data-element_type=\"widget\" data-e-type=\"widget\" data-widget_type=\"text-editor.default\">\n\t\t\t\t<div class=\"elementor-widget-container\">\n\t\t\t\t\t\t\t\t\t<p><strong>3.\u00a0\u00a0 \u00a0Styles de communication suisses<\/strong><\/p><p><br \/>\u2022\u00a0\u00a0\u00a0 Quelle langue utilis\u00e9e (fran\u00e7ais, italien et romanche)<br \/>\u2022\u00a0\u00a0 \u00a0Communication pos\u00e9e, explicite et factuelle<br \/>\u2022\u00a0\u00a0 \u00a0Environnement clair, pr\u00e9cis avec des r\u00e8gles et des proc\u00e9dures (rend la vie plus simple)<br \/><br \/><strong>4.\u00a0\u00a0 \u00a0Vivre et socialiser avec les Suisses<\/strong><\/p><p><br \/>\u2022\u00a0\u00a0\u00a0 Avec quelles communaut\u00e9s socialiser ?<br \/>\u2022\u00a0\u00a0\u00a0 La socialisation avec les Suisses, la langue et les f\u00eates<br \/>\u2022\u00a0\u00a0 \u00a0S\u00e9paration du travail et de la vie priv\u00e9e<br \/>\u2022\u00a0\u00a0 \u00a0Sujets tabous dans la conversation<\/p>\t\t\t\t\t\t\t\t<\/div>\n\t\t\t\t<\/div>\n\t\t\t\t<div class=\"elementor-element elementor-element-345a5859 elementor-widget elementor-widget-heading\" data-id=\"345a5859\" data-element_type=\"widget\" data-e-type=\"widget\" data-widget_type=\"heading.default\">\n\t\t\t\t<div class=\"elementor-widget-container\">\n\t\t\t\t\t<h2 class=\"elementor-heading-title elementor-size-default\">S\u2019ADAPTER \u00c0 LA VIE QUOTIDIENNE<\/h2>\t\t\t\t<\/div>\n\t\t\t\t<\/div>\n\t\t\t\t<div class=\"elementor-element elementor-element-56a3c1a1 elementor-widget elementor-widget-text-editor\" data-id=\"56a3c1a1\" data-element_type=\"widget\" data-e-type=\"widget\" data-widget_type=\"text-editor.default\">\n\t\t\t\t<div class=\"elementor-widget-container\">\n\t\t\t\t\t\t\t\t\t<p><strong>5.\u00a0\u00a0 \u00a0La vie d\u2019expatri\u00e9 en Suisse<\/strong><\/p><p><br \/>\u2022\u00a0\u00a0 \u00a0L\u2019installation et la vie courante : d\u00e9marches, logement, sant\u00e9<br \/>\u2022\u00a0\u00a0 \u00a0Les loisirs, les communaut\u00e9s expats<br \/>\u2022\u00a0\u00a0 \u00a0Les \u00e9coles, la vie extra-scolaire, le sport<br \/><br \/><strong>6.\u00a0\u00a0 \u00a0Focus sur votre ville d\u2019expatriation<\/strong><\/p><p><br \/>\u2022\u00a0\u00a0 \u00a0Se rep\u00e9rer, se d\u00e9placer en ville et dans les pays limitrophes<br \/>\u2022\u00a0\u00a0 \u00a0Les frontaliers et les r\u00e9sidents<br \/>\u2022\u00a0\u00a0 \u00a0Les incontournables \u00e0 visiter, \u00e0 faire<br \/><br \/><strong>7.\u00a0\u00a0 \u00a0R\u00e9ussir votre expatriation<\/strong><\/p><p><br \/>\u2022\u00a0\u00a0 \u00a0Anticiper les phases d\u2019adaptation<br \/>\u2022\u00a0\u00a0 \u00a0Conseils pratiques, questions-r\u00e9ponses<br \/>\u2022\u00a0\u00a0 \u00a0Plan d\u2019action : projets et objectifs pour l\u2019expatri\u00e9(e) et sa famille<\/p>\t\t\t\t\t\t\t\t<\/div>\n\t\t\t\t<\/div>\n\t\t\t\t<div class=\"elementor-element elementor-element-4eccd57 elementor-widget elementor-widget-text-editor\" data-id=\"4eccd57\" data-element_type=\"widget\" data-e-type=\"widget\" data-widget_type=\"text-editor.default\">\n\t\t\t\t<div class=\"elementor-widget-container\">\n\t\t\t\t\t\t\t\t\t<h2>EN SAVOIR PLUS SUR L&rsquo;INTERCULTUREL<\/h2><p>\u00a0<\/p><p><span style=\"color: #3366ff;\"><a style=\"color: #3366ff;\" href=\"https:\/\/www.ceran.com\/fr\/comprendre-une-culture\/\">Comprendre une culture<\/a><\/span><\/p><p><span style=\"color: #3366ff;\"><a style=\"color: #3366ff;\" href=\"https:\/\/www.ceran.com\/fr\/comprendre-une-culture\/travailler-a-linternational\/\">Me faire accompagner dans mes projets internationaux<\/a><\/span><\/p><p><span style=\"color: #3366ff;\"><a style=\"color: #3366ff;\" href=\"https:\/\/www.ceran.com\/fr\/comprendre-une-culture\/expatriation-et-retours\/\">M&rsquo;int\u00e9grer dans un nouvel environnement<\/a><\/span><\/p><p><span style=\"color: #3366ff;\"><a style=\"color: #3366ff;\" href=\"https:\/\/www.ceran.com\/fr\/cultural-assesment\/\">R\u00e9aliser un test interculturel<\/a><\/span><\/p>\t\t\t\t\t\t\t\t<\/div>\n\t\t\t\t<\/div>\n\t\t\t\t\t<\/div>\n\t\t<\/div>\n\t\t\t\t\t<\/div>\n\t\t<\/section>\n\t\t\t\t\t<\/div>\n\t\t<\/div>\n\t\t\t\t\t<\/div>\n\t\t<\/section>\n\t\t\t\t<\/div>\n\t\t","protected":false},"excerpt":{"rendered":"<p>S&rsquo;expatrier en Suisse MOBILIT\u00c9 INTERNATIONALE \u2013 FORMATION INTERCULTURELLE SUISSE&nbsp;(1 JOURN\u00c9E) D\u00e9couvrez le contenu de notre formation interculturelle &#8211; Expatriation&nbsp;en Suisse Contenu de la formation interculturelle &#8211; Expatriation en Suisse S\u2019ACCOUTUMER AU PAYS 1.&nbsp;&nbsp; &nbsp;Comprendre la Suisse \u2022&nbsp;&nbsp; &nbsp;La situation g\u00e9ographique, les origines \u2022&nbsp;&nbsp; &nbsp;Les aspects et sp\u00e9cificit\u00e9s politiques \u2022&nbsp;&nbsp; &nbsp;La place de la Suisse en [&hellip;]<\/p>\n","protected":false},"author":7,"featured_media":0,"parent":0,"menu_order":0,"comment_status":"closed","ping_status":"closed","template":"","meta":{"_acf_changed":false,"_seopress_robots_primary_cat":"","_seopress_titles_title":"Formation interculturelle - Expatriation en Suisse %%sep%% %%sitename%%","_seopress_titles_desc":"Comment s'expatrier en Suisse ? D\u00e9couvrez le contenu de notre formation interculturelle - Expatriation en Suisse","_seopress_robots_index":"","content-type":"","footnotes":""},"class_list":["post-14322","page","type-page","status-publish","hentry"],"acf":[],"yoast_head":"<!-- This site is optimized with the Yoast SEO plugin v27.5 - https:\/\/yoast.com\/product\/yoast-seo-wordpress\/ -->\n<title>Formation interculturelle - Expatriation en Suisse - Ceran<\/title>\n<meta name=\"description\" content=\"Comment s&#039;expatrier en Suisse ? D\u00e9couvrez le contenu de notre formation interculturelle - Expatriation en Suisse\" \/>\n<meta name=\"robots\" content=\"index, follow, max-snippet:-1, max-image-preview:large, max-video-preview:-1\" \/>\n<link rel=\"canonical\" href=\"https:\/\/www.ceran.com\/fr\/formation-interculturelle-sexpatrier-en-suisse\/\" \/>\n<meta property=\"og:locale\" content=\"fr_FR\" \/>\n<meta property=\"og:type\" content=\"article\" \/>\n<meta property=\"og:title\" content=\"Formation interculturelle - Expatriation en Suisse - Ceran\" \/>\n<meta property=\"og:description\" content=\"Comment s&#039;expatrier en Suisse ? D\u00e9couvrez le contenu de notre formation interculturelle - Expatriation en Suisse\" \/>\n<meta property=\"og:url\" content=\"https:\/\/www.ceran.com\/fr\/formation-interculturelle-sexpatrier-en-suisse\/\" \/>\n<meta property=\"og:site_name\" content=\"Ceran\" \/>\n<meta property=\"article:modified_time\" content=\"2022-09-06T10:00:31+00:00\" \/>\n<meta property=\"og:image\" content=\"https:\/\/www.ceran.com\/wp-content\/uploads\/2022\/01\/typeadmin.png\" \/>\n<meta name=\"twitter:card\" content=\"summary_large_image\" \/>\n<script type=\"application\/ld+json\" class=\"yoast-schema-graph\">{\"@context\":\"https:\\\/\\\/schema.org\",\"@graph\":[{\"@type\":\"WebPage\",\"@id\":\"https:\\\/\\\/www.ceran.com\\\/fr\\\/formation-interculturelle-sexpatrier-en-suisse\\\/\",\"url\":\"https:\\\/\\\/www.ceran.com\\\/fr\\\/formation-interculturelle-sexpatrier-en-suisse\\\/\",\"name\":\"Formation interculturelle - Expatriation en Suisse - Ceran\",\"isPartOf\":{\"@id\":\"https:\\\/\\\/www.ceran.com\\\/fr\\\/#website\"},\"primaryImageOfPage\":{\"@id\":\"https:\\\/\\\/www.ceran.com\\\/fr\\\/formation-interculturelle-sexpatrier-en-suisse\\\/#primaryimage\"},\"image\":{\"@id\":\"https:\\\/\\\/www.ceran.com\\\/fr\\\/formation-interculturelle-sexpatrier-en-suisse\\\/#primaryimage\"},\"thumbnailUrl\":\"https:\\\/\\\/www.ceran.com\\\/wp-content\\\/uploads\\\/2022\\\/01\\\/typeadmin.png\",\"datePublished\":\"2022-03-01T14:24:21+00:00\",\"dateModified\":\"2022-09-06T10:00:31+00:00\",\"description\":\"Comment s'expatrier en Suisse ? D\u00e9couvrez le contenu de notre formation interculturelle - Expatriation en Suisse\",\"breadcrumb\":{\"@id\":\"https:\\\/\\\/www.ceran.com\\\/fr\\\/formation-interculturelle-sexpatrier-en-suisse\\\/#breadcrumb\"},\"inLanguage\":\"fr-FR\",\"potentialAction\":[{\"@type\":\"ReadAction\",\"target\":[\"https:\\\/\\\/www.ceran.com\\\/fr\\\/formation-interculturelle-sexpatrier-en-suisse\\\/\"]}]},{\"@type\":\"ImageObject\",\"inLanguage\":\"fr-FR\",\"@id\":\"https:\\\/\\\/www.ceran.com\\\/fr\\\/formation-interculturelle-sexpatrier-en-suisse\\\/#primaryimage\",\"url\":\"https:\\\/\\\/www.ceran.com\\\/wp-content\\\/uploads\\\/2022\\\/01\\\/typeadmin.png\",\"contentUrl\":\"https:\\\/\\\/www.ceran.com\\\/wp-content\\\/uploads\\\/2022\\\/01\\\/typeadmin.png\"},{\"@type\":\"BreadcrumbList\",\"@id\":\"https:\\\/\\\/www.ceran.com\\\/fr\\\/formation-interculturelle-sexpatrier-en-suisse\\\/#breadcrumb\",\"itemListElement\":[{\"@type\":\"ListItem\",\"position\":1,\"name\":\"Accueil\",\"item\":\"https:\\\/\\\/www.ceran.com\\\/fr\\\/\"},{\"@type\":\"ListItem\",\"position\":2,\"name\":\"S&#8217;expatrier en Suisse\"}]},{\"@type\":\"WebSite\",\"@id\":\"https:\\\/\\\/www.ceran.com\\\/fr\\\/#website\",\"url\":\"https:\\\/\\\/www.ceran.com\\\/fr\\\/\",\"name\":\"Ceran\",\"description\":\"Des formations linguistiques et interculturelles qui vous ouvrent de nouveaux horizons\",\"publisher\":{\"@id\":\"https:\\\/\\\/www.ceran.com\\\/fr\\\/#organization\"},\"potentialAction\":[{\"@type\":\"SearchAction\",\"target\":{\"@type\":\"EntryPoint\",\"urlTemplate\":\"https:\\\/\\\/www.ceran.com\\\/fr\\\/?s={search_term_string}\"},\"query-input\":{\"@type\":\"PropertyValueSpecification\",\"valueRequired\":true,\"valueName\":\"search_term_string\"}}],\"inLanguage\":\"fr-FR\"},{\"@type\":\"Organization\",\"@id\":\"https:\\\/\\\/www.ceran.com\\\/fr\\\/#organization\",\"name\":\"Ceran\",\"url\":\"https:\\\/\\\/www.ceran.com\\\/fr\\\/\",\"logo\":{\"@type\":\"ImageObject\",\"inLanguage\":\"fr-FR\",\"@id\":\"https:\\\/\\\/www.ceran.com\\\/fr\\\/#\\\/schema\\\/logo\\\/image\\\/\",\"url\":\"https:\\\/\\\/www.ceran.com\\\/wp-content\\\/uploads\\\/2025\\\/06\\\/Logo-CERAN-16-x-16-pixels.svg\",\"contentUrl\":\"https:\\\/\\\/www.ceran.com\\\/wp-content\\\/uploads\\\/2025\\\/06\\\/Logo-CERAN-16-x-16-pixels.svg\",\"width\":30,\"height\":30,\"caption\":\"Ceran\"},\"image\":{\"@id\":\"https:\\\/\\\/www.ceran.com\\\/fr\\\/#\\\/schema\\\/logo\\\/image\\\/\"}}]}<\/script>\n<!-- \/ Yoast SEO plugin. -->","yoast_head_json":{"title":"Formation interculturelle - Expatriation en Suisse - Ceran","description":"Comment s'expatrier en Suisse ? D\u00e9couvrez le contenu de notre formation interculturelle - Expatriation en Suisse","robots":{"index":"index","follow":"follow","max-snippet":"max-snippet:-1","max-image-preview":"max-image-preview:large","max-video-preview":"max-video-preview:-1"},"canonical":"https:\/\/www.ceran.com\/fr\/formation-interculturelle-sexpatrier-en-suisse\/","og_locale":"fr_FR","og_type":"article","og_title":"Formation interculturelle - Expatriation en Suisse - Ceran","og_description":"Comment s'expatrier en Suisse ? D\u00e9couvrez le contenu de notre formation interculturelle - Expatriation en Suisse","og_url":"https:\/\/www.ceran.com\/fr\/formation-interculturelle-sexpatrier-en-suisse\/","og_site_name":"Ceran","article_modified_time":"2022-09-06T10:00:31+00:00","og_image":[{"url":"https:\/\/www.ceran.com\/wp-content\/uploads\/2022\/01\/typeadmin.png","type":"","width":"","height":""}],"twitter_card":"summary_large_image","schema":{"@context":"https:\/\/schema.org","@graph":[{"@type":"WebPage","@id":"https:\/\/www.ceran.com\/fr\/formation-interculturelle-sexpatrier-en-suisse\/","url":"https:\/\/www.ceran.com\/fr\/formation-interculturelle-sexpatrier-en-suisse\/","name":"Formation interculturelle - Expatriation en Suisse - Ceran","isPartOf":{"@id":"https:\/\/www.ceran.com\/fr\/#website"},"primaryImageOfPage":{"@id":"https:\/\/www.ceran.com\/fr\/formation-interculturelle-sexpatrier-en-suisse\/#primaryimage"},"image":{"@id":"https:\/\/www.ceran.com\/fr\/formation-interculturelle-sexpatrier-en-suisse\/#primaryimage"},"thumbnailUrl":"https:\/\/www.ceran.com\/wp-content\/uploads\/2022\/01\/typeadmin.png","datePublished":"2022-03-01T14:24:21+00:00","dateModified":"2022-09-06T10:00:31+00:00","description":"Comment s'expatrier en Suisse ? D\u00e9couvrez le contenu de notre formation interculturelle - Expatriation en Suisse","breadcrumb":{"@id":"https:\/\/www.ceran.com\/fr\/formation-interculturelle-sexpatrier-en-suisse\/#breadcrumb"},"inLanguage":"fr-FR","potentialAction":[{"@type":"ReadAction","target":["https:\/\/www.ceran.com\/fr\/formation-interculturelle-sexpatrier-en-suisse\/"]}]},{"@type":"ImageObject","inLanguage":"fr-FR","@id":"https:\/\/www.ceran.com\/fr\/formation-interculturelle-sexpatrier-en-suisse\/#primaryimage","url":"https:\/\/www.ceran.com\/wp-content\/uploads\/2022\/01\/typeadmin.png","contentUrl":"https:\/\/www.ceran.com\/wp-content\/uploads\/2022\/01\/typeadmin.png"},{"@type":"BreadcrumbList","@id":"https:\/\/www.ceran.com\/fr\/formation-interculturelle-sexpatrier-en-suisse\/#breadcrumb","itemListElement":[{"@type":"ListItem","position":1,"name":"Accueil","item":"https:\/\/www.ceran.com\/fr\/"},{"@type":"ListItem","position":2,"name":"S&#8217;expatrier en Suisse"}]},{"@type":"WebSite","@id":"https:\/\/www.ceran.com\/fr\/#website","url":"https:\/\/www.ceran.com\/fr\/","name":"Ceran","description":"Des formations linguistiques et interculturelles qui vous ouvrent de nouveaux horizons","publisher":{"@id":"https:\/\/www.ceran.com\/fr\/#organization"},"potentialAction":[{"@type":"SearchAction","target":{"@type":"EntryPoint","urlTemplate":"https:\/\/www.ceran.com\/fr\/?s={search_term_string}"},"query-input":{"@type":"PropertyValueSpecification","valueRequired":true,"valueName":"search_term_string"}}],"inLanguage":"fr-FR"},{"@type":"Organization","@id":"https:\/\/www.ceran.com\/fr\/#organization","name":"Ceran","url":"https:\/\/www.ceran.com\/fr\/","logo":{"@type":"ImageObject","inLanguage":"fr-FR","@id":"https:\/\/www.ceran.com\/fr\/#\/schema\/logo\/image\/","url":"https:\/\/www.ceran.com\/wp-content\/uploads\/2025\/06\/Logo-CERAN-16-x-16-pixels.svg","contentUrl":"https:\/\/www.ceran.com\/wp-content\/uploads\/2025\/06\/Logo-CERAN-16-x-16-pixels.svg","width":30,"height":30,"caption":"Ceran"},"image":{"@id":"https:\/\/www.ceran.com\/fr\/#\/schema\/logo\/image\/"}}]}},"_links":{"self":[{"href":"https:\/\/www.ceran.com\/fr\/wp-json\/wp\/v2\/pages\/14322","targetHints":{"allow":["GET"]}}],"collection":[{"href":"https:\/\/www.ceran.com\/fr\/wp-json\/wp\/v2\/pages"}],"about":[{"href":"https:\/\/www.ceran.com\/fr\/wp-json\/wp\/v2\/types\/page"}],"author":[{"embeddable":true,"href":"https:\/\/www.ceran.com\/fr\/wp-json\/wp\/v2\/users\/7"}],"replies":[{"embeddable":true,"href":"https:\/\/www.ceran.com\/fr\/wp-json\/wp\/v2\/comments?post=14322"}],"version-history":[{"count":5,"href":"https:\/\/www.ceran.com\/fr\/wp-json\/wp\/v2\/pages\/14322\/revisions"}],"predecessor-version":[{"id":61412,"href":"https:\/\/www.ceran.com\/fr\/wp-json\/wp\/v2\/pages\/14322\/revisions\/61412"}],"wp:attachment":[{"href":"https:\/\/www.ceran.com\/fr\/wp-json\/wp\/v2\/media?parent=14322"}],"curies":[{"name":"wp","href":"https:\/\/api.w.org\/{rel}","templated":true}]}}