{"id":14459,"date":"2022-03-01T15:59:53","date_gmt":"2022-03-01T14:59:53","guid":{"rendered":"https:\/\/www.ceran.com\/?page_id=14459"},"modified":"2022-09-05T16:03:31","modified_gmt":"2022-09-05T14:03:31","slug":"travailler-negocier-avec-les-emiratis","status":"publish","type":"page","link":"https:\/\/www.ceran.com\/fr\/travailler-negocier-avec-les-emiratis\/","title":{"rendered":"Travailler &#038; N\u00e9gocier avec les \u00e9miratis"},"content":{"rendered":"\t\t<div data-elementor-type=\"wp-page\" data-elementor-id=\"14459\" class=\"elementor elementor-14459\" data-elementor-post-type=\"page\">\n\t\t\t\t\t\t<section class=\"elementor-section elementor-top-section elementor-element elementor-element-7e967a10 elementor-section-boxed elementor-section-height-default elementor-section-height-default\" data-id=\"7e967a10\" data-element_type=\"section\" data-e-type=\"section\">\n\t\t\t\t\t\t<div class=\"elementor-container elementor-column-gap-default\">\n\t\t\t\t\t<div class=\"elementor-column elementor-col-100 elementor-top-column elementor-element elementor-element-78cb1cbc\" data-id=\"78cb1cbc\" data-element_type=\"column\" data-e-type=\"column\">\n\t\t\t<div class=\"elementor-widget-wrap elementor-element-populated\">\n\t\t\t\t\t\t<div class=\"elementor-element elementor-element-11394f09 elementor-widget elementor-widget-template\" data-id=\"11394f09\" data-element_type=\"widget\" data-e-type=\"widget\" data-widget_type=\"template.default\">\n\t\t\t\t<div class=\"elementor-widget-container\">\n\t\t\t\t\t\t\t<div class=\"elementor-template\">\n\t\t\t\t\t<div data-elementor-type=\"section\" data-elementor-id=\"2014\" class=\"elementor elementor-2014\" data-elementor-post-type=\"elementor_library\">\n\t\t\t\t\t<section class=\"elementor-section elementor-top-section elementor-element elementor-element-7ff20875 elementor-section-boxed elementor-section-height-default elementor-section-height-default\" data-id=\"7ff20875\" data-element_type=\"section\" data-e-type=\"section\">\n\t\t\t\t\t\t<div class=\"elementor-container elementor-column-gap-default\">\n\t\t\t\t\t<div class=\"elementor-column elementor-col-100 elementor-top-column elementor-element elementor-element-a5e383b\" data-id=\"a5e383b\" data-element_type=\"column\" data-e-type=\"column\">\n\t\t\t<div class=\"elementor-widget-wrap elementor-element-populated\">\n\t\t\t\t\t\t<div class=\"elementor-element elementor-element-3edd7a7e elementor-widget elementor-widget-breadcrumbs\" data-id=\"3edd7a7e\" data-element_type=\"widget\" data-e-type=\"widget\" data-widget_type=\"breadcrumbs.default\">\n\t\t\t\t<div class=\"elementor-widget-container\">\n\t\t\t\t\t<p id=\"breadcrumbs\"><span><span><a href=\"https:\/\/www.ceran.com\/fr\/\">Accueil<\/a><\/span><\/span><\/p>\t\t\t\t<\/div>\n\t\t\t\t<\/div>\n\t\t\t\t\t<\/div>\n\t\t<\/div>\n\t\t\t\t\t<\/div>\n\t\t<\/section>\n\t\t\t\t<\/div>\n\t\t\t\t<\/div>\n\t\t\t\t\t\t<\/div>\n\t\t\t\t<\/div>\n\t\t\t\t\t<\/div>\n\t\t<\/div>\n\t\t\t\t\t<\/div>\n\t\t<\/section>\n\t\t\t\t<section class=\"elementor-section elementor-top-section elementor-element elementor-element-21038f59 elementor-section-boxed elementor-section-height-default elementor-section-height-default\" data-id=\"21038f59\" data-element_type=\"section\" data-e-type=\"section\">\n\t\t\t\t\t\t<div class=\"elementor-container elementor-column-gap-default\">\n\t\t\t\t\t<div class=\"elementor-column elementor-col-100 elementor-top-column elementor-element elementor-element-620bc80b\" data-id=\"620bc80b\" data-element_type=\"column\" data-e-type=\"column\">\n\t\t\t<div class=\"elementor-widget-wrap elementor-element-populated\">\n\t\t\t\t\t\t<div class=\"elementor-element elementor-element-double-colonne-texte elementor-widget elementor-widget-double-colonne-texte\" data-id=\"double-colonne-texte\" data-element_type=\"widget\" data-e-type=\"widget\" data-widget_type=\"double-colonne-texte.default\">\n\t\t\t\t<div class=\"elementor-widget-container\">\n\t\t\t\t\t<div class=\"widget-column  \"><div class=\"wrapper-column\"><div class=\"corner no-corner\"><div class=\"corner-content\"><div class=\"ax-title mb-5\">Travailler & N\u00e9gocier avec les \u00e9miratis<\/div><div class=\"bottom-block row\"><div class=\"bottom-block-img col-6\"><img decoding=\"async\" width=\"125\" height=\"90\" src=\"https:\/\/www.ceran.com\/wp-content\/uploads\/2022\/01\/typeadmin.png\" class=\"attachment-thumbnail size-thumbnail\" alt=\"\" \/><\/div><div class=\"bottom-block-links col-6 d-flex flex-column\"><\/div><\/div><\/div><\/div><\/div><div class=\"wrapper-column\"><div class=\"corner no-corner\" style=\" display: flex; align-items: center;\"><div class=\"corner-content\"><div id=\"block-214\" class=\"sc-bdvvtL iSyBpQ\"><div class=\"sc-ksdxgE GNvNR\"><h3><span style=\"color: #da291c;\">FORMATION INTERCULTURELLE - TRAVAILLER &amp; NEGOCIER AVEC LES EMIRATS-ARABES-UNIS<\/span><\/h3><\/div><\/div><div id=\"block-215\" class=\"sc-bdvvtL iSyBpQ\"><div class=\"sc-ksdxgE jpFJhy\"><p>D\u00e9couvrez le contenu de notre formation interculturelle - Travailler et n\u00e9gocier avec des \u00e9miratis<\/p><\/div><\/div><\/div><\/div><\/div><\/div>\t\t\t\t<\/div>\n\t\t\t\t<\/div>\n\t\t\t\t<div class=\"elementor-element elementor-element-696dc86 elementor-widget elementor-widget-template\" data-id=\"696dc86\" data-element_type=\"widget\" data-e-type=\"widget\" data-widget_type=\"template.default\">\n\t\t\t\t<div class=\"elementor-widget-container\">\n\t\t\t\t\t\t\t<div class=\"elementor-template\">\n\t\t\t\t\t<div data-elementor-type=\"section\" data-elementor-id=\"60604\" class=\"elementor elementor-60604\" data-elementor-post-type=\"elementor_library\">\n\t\t\t\t\t<section class=\"elementor-section elementor-top-section elementor-element elementor-element-5328a7aa elementor-section-boxed elementor-section-height-default elementor-section-height-default\" data-id=\"5328a7aa\" data-element_type=\"section\" data-e-type=\"section\" data-settings=\"{&quot;background_background&quot;:&quot;classic&quot;}\">\n\t\t\t\t\t\t<div class=\"elementor-container elementor-column-gap-default\">\n\t\t\t\t\t<div class=\"elementor-column elementor-col-100 elementor-top-column elementor-element elementor-element-327e339e\" data-id=\"327e339e\" data-element_type=\"column\" data-e-type=\"column\">\n\t\t\t<div class=\"elementor-widget-wrap elementor-element-populated\">\n\t\t\t\t\t\t<div class=\"elementor-element elementor-element-7dc506d7 elementor-cta--skin-classic elementor-animated-content elementor-bg-transform elementor-bg-transform-zoom-in elementor-widget elementor-widget-call-to-action\" data-id=\"7dc506d7\" data-element_type=\"widget\" data-e-type=\"widget\" data-widget_type=\"call-to-action.default\">\n\t\t\t\t<div class=\"elementor-widget-container\">\n\t\t\t\t\t\t\t<div class=\"elementor-cta\">\n\t\t\t\t\t<div class=\"elementor-cta__bg-wrapper\">\n\t\t\t\t<div class=\"elementor-cta__bg elementor-bg\" style=\"background-image: url(https:\/\/www.ceran.com\/wp-content\/uploads\/2022\/09\/Frederic-Dubois-Directeur-CERAn-France-1-1024x200.png);\" role=\"img\" aria-label=\"CERAN, sp\u00e9cialiste de la formation de langue et interculturelle\"><\/div>\n\t\t\t\t<div class=\"elementor-cta__bg-overlay\"><\/div>\n\t\t\t<\/div>\n\t\t\t\t\t\t\t<div class=\"elementor-cta__content\">\n\t\t\t\t\n\t\t\t\t\t\t\t\t\t<h2 class=\"elementor-cta__title elementor-cta__content-item elementor-content-item\">\n\t\t\t\t\t\tVotre projet de formation linguistique ou interculturelle me tient \u00e0 coeur !\t\t\t\t\t<\/h2>\n\t\t\t\t\n\t\t\t\t\t\t\t\t\t<div class=\"elementor-cta__description elementor-cta__content-item elementor-content-item\">\n\t\t\t\t\t\tVous avez des questions ou vous souhaitez un conseil personnalis\u00e9 ? \nCliquez ici pour r\u00e9server un rendez-vous de 15 minutes dans mon agenda. \t\t\t\t\t<\/div>\n\t\t\t\t\n\t\t\t\t\t\t\t\t\t<div class=\"elementor-cta__button-wrapper elementor-cta__content-item elementor-content-item \">\n\t\t\t\t\t<a class=\"elementor-cta__button elementor-button elementor-size-\" href=\"https:\/\/outlook.office365.com\/owa\/calendar\/FrdricDUBOIS@ceran.com\/bookings\/\">\n\t\t\t\t\t\tJe r\u00e9serve mon appel d\u00e9couverte offert\t\t\t\t\t<\/a>\n\t\t\t\t\t<\/div>\n\t\t\t\t\t\t\t<\/div>\n\t\t\t\t\t\t<\/div>\n\t\t\t\t\t\t<\/div>\n\t\t\t\t<\/div>\n\t\t\t\t\t<\/div>\n\t\t<\/div>\n\t\t\t\t\t<\/div>\n\t\t<\/section>\n\t\t\t\t<\/div>\n\t\t\t\t<\/div>\n\t\t\t\t\t\t<\/div>\n\t\t\t\t<\/div>\n\t\t\t\t\t<\/div>\n\t\t<\/div>\n\t\t\t\t\t<\/div>\n\t\t<\/section>\n\t\t\t\t<section class=\"elementor-section elementor-top-section elementor-element elementor-element-6cdb01e0 elementor-section-boxed elementor-section-height-default elementor-section-height-default\" data-id=\"6cdb01e0\" data-element_type=\"section\" data-e-type=\"section\" data-settings=\"{&quot;background_background&quot;:&quot;classic&quot;}\">\n\t\t\t\t\t\t<div class=\"elementor-container elementor-column-gap-default\">\n\t\t\t\t\t<div class=\"elementor-column elementor-col-100 elementor-top-column elementor-element elementor-element-dcb2408\" data-id=\"dcb2408\" data-element_type=\"column\" data-e-type=\"column\">\n\t\t\t<div class=\"elementor-widget-wrap elementor-element-populated\">\n\t\t\t\t\t\t<section class=\"elementor-section elementor-inner-section elementor-element elementor-element-49f49f9f elementor-section-boxed elementor-section-height-default elementor-section-height-default\" data-id=\"49f49f9f\" data-element_type=\"section\" data-e-type=\"section\" data-settings=\"{&quot;background_background&quot;:&quot;classic&quot;}\">\n\t\t\t\t\t\t<div class=\"elementor-container elementor-column-gap-default\">\n\t\t\t\t\t<div class=\"elementor-column elementor-col-100 elementor-inner-column elementor-element elementor-element-6b00fd4b\" data-id=\"6b00fd4b\" data-element_type=\"column\" data-e-type=\"column\">\n\t\t\t<div class=\"elementor-widget-wrap elementor-element-populated\">\n\t\t\t\t\t\t<div class=\"elementor-element elementor-element-8f2f7cd elementor-widget elementor-widget-heading\" data-id=\"8f2f7cd\" data-element_type=\"widget\" data-e-type=\"widget\" data-widget_type=\"heading.default\">\n\t\t\t\t<div class=\"elementor-widget-container\">\n\t\t\t\t\t<h2 class=\"elementor-heading-title elementor-size-default\">COMMENT TRAVAILLER &amp; NEGOCIER AVEC LES EMIRATIS ?<\/h2>\t\t\t\t<\/div>\n\t\t\t\t<\/div>\n\t\t\t\t<div class=\"elementor-element elementor-element-3207f8ca elementor-widget elementor-widget-heading\" data-id=\"3207f8ca\" data-element_type=\"widget\" data-e-type=\"widget\" data-widget_type=\"heading.default\">\n\t\t\t\t<div class=\"elementor-widget-container\">\n\t\t\t\t\t<h2 class=\"elementor-heading-title elementor-size-default\">CONTEXTE ET VALEURS PROFESSIONNELLES<\/h2>\t\t\t\t<\/div>\n\t\t\t\t<\/div>\n\t\t\t\t<div class=\"elementor-element elementor-element-38fe47 elementor-widget elementor-widget-text-editor\" data-id=\"38fe47\" data-element_type=\"widget\" data-e-type=\"widget\" data-widget_type=\"text-editor.default\">\n\t\t\t\t<div class=\"elementor-widget-container\">\n\t\t\t\t\t\t\t\t\t<p><strong>1.\u00a0\u00a0 \u00a0Le contexte \u00e9conomique et social<\/strong><\/p><p><br \/>\u2022\u00a0\u00a0 \u00a0Avec qui travaillez vous ? Diversit\u00e9 des populations en entreprise : \u00c9miriens, Arabes, Indiens\u2026<br \/>\u2022\u00a0\u00a0 \u00a0Richesse concentr\u00e9e sur les activit\u00e9s p\u00e9troli\u00e8res, bancaires et services\u00a0<br \/>\u2022\u00a0\u00a0 \u00a0Fonctionnement de l\u2019entreprise \u00e9mirienne<br \/>\u2022\u00a0\u00a0 \u00a0Le poids de l\u2019alliance avec le partenaire \u00e9mirien \u00ab sponsor \u00bb<\/p><p><br \/><br \/><strong>2.\u00a0\u00a0 \u00a0Les orientations culturelles \u00e9miriennes<\/strong><\/p><p><br \/>\u2022\u00a0\u00a0 \u00a0Les r\u00e8gles de vie sociale sont organis\u00e9es autour de l\u2019Islam.\u00a0<br \/>\u2022\u00a0\u00a0 \u00a0Les normes de comportement du public, les r\u00e8gles, les codes,\u00a0<br \/>\u2022\u00a0\u00a0 \u00a0S\u00e9paration entre hommes et femmes, et contr\u00f4le du bon comportement en soci\u00e9t\u00e9.<\/p>\t\t\t\t\t\t\t\t<\/div>\n\t\t\t\t<\/div>\n\t\t\t\t<div class=\"elementor-element elementor-element-7a268a2 elementor-widget elementor-widget-image\" data-id=\"7a268a2\" data-element_type=\"widget\" data-e-type=\"widget\" data-widget_type=\"image.default\">\n\t\t\t\t<div class=\"elementor-widget-container\">\n\t\t\t\t\t\t\t\t\t\t\t\t\t\t\t<img fetchpriority=\"high\" decoding=\"async\" width=\"900\" height=\"600\" src=\"https:\/\/www.ceran.com\/wp-content\/uploads\/2022\/09\/travailler-negocier-et-s-expatrier-aux-emirats-arabes-unis-e1662386515153.jpg\" class=\"attachment-full size-full wp-image-60799\" alt=\"travailler, n\u00e9gocier et s&#039;expatrier aux Emirats Arabes Unis\" srcset=\"https:\/\/www.ceran.com\/wp-content\/uploads\/2022\/09\/travailler-negocier-et-s-expatrier-aux-emirats-arabes-unis-e1662386515153.jpg 900w, https:\/\/www.ceran.com\/wp-content\/uploads\/2022\/09\/travailler-negocier-et-s-expatrier-aux-emirats-arabes-unis-e1662386515153-300x200.jpg 300w, https:\/\/www.ceran.com\/wp-content\/uploads\/2022\/09\/travailler-negocier-et-s-expatrier-aux-emirats-arabes-unis-e1662386515153-768x512.jpg 768w\" sizes=\"(max-width: 900px) 100vw, 900px\" \/>\t\t\t\t\t\t\t\t\t\t\t\t\t\t\t<\/div>\n\t\t\t\t<\/div>\n\t\t\t\t<div class=\"elementor-element elementor-element-15f96fda elementor-widget elementor-widget-heading\" data-id=\"15f96fda\" data-element_type=\"widget\" data-e-type=\"widget\" data-widget_type=\"heading.default\">\n\t\t\t\t<div class=\"elementor-widget-container\">\n\t\t\t\t\t<h2 class=\"elementor-heading-title elementor-size-default\">COMMUNIQUER EFFICACEMENT<\/h2>\t\t\t\t<\/div>\n\t\t\t\t<\/div>\n\t\t\t\t<div class=\"elementor-element elementor-element-1e40861b elementor-widget elementor-widget-text-editor\" data-id=\"1e40861b\" data-element_type=\"widget\" data-e-type=\"widget\" data-widget_type=\"text-editor.default\">\n\t\t\t\t<div class=\"elementor-widget-container\">\n\t\t\t\t\t\t\t\t\t<p><strong>3.\u00a0\u00a0 \u00a0Modes relationnels \u00e9miriens<\/strong><\/p><p><br \/>\u2022\u00a0\u00a0 \u00a0R\u00e9serve et faible expression des \u00e9motions en public.\u00a0<br \/>\u2022\u00a0\u00a0 \u00a0Dualisme de l&rsquo;image sociale<br \/>\u2022\u00a0\u00a0 \u00a0Une culture implicite souvent difficile \u00e0 d\u00e9coder<br \/>\u2022\u00a0\u00a0 \u00a0Non-dit, implicite et non expression du refus. Comment s&rsquo;y retrouver ?<\/p><p><br \/><br \/><strong>4.\u00a0\u00a0 \u00a0Situations professionnelles\u00a0<\/strong><\/p><p><br \/>\u2022\u00a0\u00a0 \u00a0\u00c9tablir et construire la relation\u00a0<br \/>\u2022\u00a0\u00a0 \u00a0Les hommes d\u2019affaires connaissent tr\u00e8s bien la culture occidentale<br \/>\u2022\u00a0\u00a0 \u00a0Le poids de la communication non verbale, les impairs gestuels<\/p>\t\t\t\t\t\t\t\t<\/div>\n\t\t\t\t<\/div>\n\t\t\t\t<div class=\"elementor-element elementor-element-14966fd9 elementor-widget elementor-widget-heading\" data-id=\"14966fd9\" data-element_type=\"widget\" data-e-type=\"widget\" data-widget_type=\"heading.default\">\n\t\t\t\t<div class=\"elementor-widget-container\">\n\t\t\t\t\t<h2 class=\"elementor-heading-title elementor-size-default\">MANAGER DES \u00c9QUIPES ET DES PROJETS<\/h2>\t\t\t\t<\/div>\n\t\t\t\t<\/div>\n\t\t\t\t<div class=\"elementor-element elementor-element-360b0432 elementor-widget elementor-widget-text-editor\" data-id=\"360b0432\" data-element_type=\"widget\" data-e-type=\"widget\" data-widget_type=\"text-editor.default\">\n\t\t\t\t<div class=\"elementor-widget-container\">\n\t\t\t\t\t\t\t\t\t<p><strong>5.\u00a0\u00a0 \u00a0Pratiques et outils de management\u00a0<\/strong><\/p><p><br \/>\u2022\u00a0\u00a0 \u00a0La fonction strat\u00e9gique du manager : allier contexte musulman et management occidental<br \/>\u2022\u00a0\u00a0 \u00a0L\u2019importance relative du contrat \u00e9crit : \u00ab la parole scelle l\u2019accord \u00bb<br \/>\u2022\u00a0\u00a0 \u00a0Le respect de la hi\u00e9rarchie : parler aux bonnes personnes<br \/>\u2022\u00a0\u00a0 \u00a0G\u00e9rer une r\u00e9union, des retards et des interruptions<br \/>\u2022\u00a0\u00a0 \u00a0Prise de d\u00e9cision : qui et comment ?<br \/>\u2022\u00a0\u00a0 \u00a0Dynamique d\u2019action collective : manager le groupe<\/p><p><br \/><strong>6.\u00a0\u00a0 \u00a0Applications op\u00e9rationnelles<\/strong><\/p><p><br \/>\u2022\u00a0\u00a0 \u00a0Conseils pour la prise de poste.<br \/>\u2022\u00a0\u00a0 \u00a0Plan d\u2019action<\/p>\t\t\t\t\t\t\t\t<\/div>\n\t\t\t\t<\/div>\n\t\t\t\t<div class=\"elementor-element elementor-element-4a791b3 elementor-widget elementor-widget-text-editor\" data-id=\"4a791b3\" data-element_type=\"widget\" data-e-type=\"widget\" data-widget_type=\"text-editor.default\">\n\t\t\t\t<div class=\"elementor-widget-container\">\n\t\t\t\t\t\t\t\t\t<h2>EN SAVOIR PLUS SUR L&rsquo;INTERCULTUREL<\/h2><p>\u00a0<\/p><p><span style=\"color: #3366ff;\"><a style=\"color: #3366ff;\" href=\"https:\/\/www.ceran.com\/fr\/comprendre-une-culture\/\">Comprendre une culture<\/a><\/span><\/p><p><span style=\"color: #3366ff;\"><a style=\"color: #3366ff;\" href=\"https:\/\/www.ceran.com\/fr\/comprendre-une-culture\/travailler-a-linternational\/\">Me faire accompagner dans mes projets internationaux<\/a><\/span><\/p><p><span style=\"color: #3366ff;\"><a style=\"color: #3366ff;\" href=\"https:\/\/www.ceran.com\/fr\/comprendre-une-culture\/expatriation-et-retours\/\">M&rsquo;int\u00e9grer dans un nouvel environnement<\/a><\/span><\/p><p><span style=\"color: #3366ff;\"><a style=\"color: #3366ff;\" href=\"https:\/\/www.ceran.com\/fr\/cultural-assesment\/\">R\u00e9aliser un test interculturel<\/a><\/span><\/p>\t\t\t\t\t\t\t\t<\/div>\n\t\t\t\t<\/div>\n\t\t\t\t\t<\/div>\n\t\t<\/div>\n\t\t\t\t\t<\/div>\n\t\t<\/section>\n\t\t\t\t\t<\/div>\n\t\t<\/div>\n\t\t\t\t\t<\/div>\n\t\t<\/section>\n\t\t\t\t<\/div>\n\t\t","protected":false},"excerpt":{"rendered":"<p>Travailler &#038; N\u00e9gocier avec les \u00e9miratis FORMATION INTERCULTURELLE &#8211; TRAVAILLER &amp; NEGOCIER AVEC LES EMIRATS-ARABES-UNIS D\u00e9couvrez le contenu de notre formation interculturelle &#8211; Travailler et n\u00e9gocier avec des \u00e9miratis COMMENT TRAVAILLER &#038; NEGOCIER AVEC LES EMIRATIS ? CONTEXTE ET VALEURS PROFESSIONNELLES 1.\u00a0\u00a0 \u00a0Le contexte \u00e9conomique et social \u2022\u00a0\u00a0 \u00a0Avec qui travaillez vous ? Diversit\u00e9 des [&hellip;]<\/p>\n","protected":false},"author":7,"featured_media":0,"parent":0,"menu_order":0,"comment_status":"closed","ping_status":"closed","template":"","meta":{"_acf_changed":false,"_seopress_robots_primary_cat":"","_seopress_titles_title":"","_seopress_titles_desc":"Comment travailler & n\u00e9gocier avec les \u00e9miratis ? D\u00e9couvrez le contenu de notre formation interculturelle - Travailler et n\u00e9gocier avec des \u00e9miratis","_seopress_robots_index":"","content-type":"","footnotes":""},"class_list":["post-14459","page","type-page","status-publish","hentry"],"acf":[],"yoast_head":"<!-- This site is optimized with the Yoast SEO plugin v27.5 - https:\/\/yoast.com\/product\/yoast-seo-wordpress\/ -->\n<title>Travailler &amp; N\u00e9gocier avec les \u00e9miratis - Ceran<\/title>\n<meta name=\"description\" content=\"Comment travailler &amp; n\u00e9gocier avec les \u00e9miratis ? D\u00e9couvrez le contenu de notre formation interculturelle - Travailler et n\u00e9gocier avec des \u00e9miratis\" \/>\n<meta name=\"robots\" content=\"index, follow, max-snippet:-1, max-image-preview:large, max-video-preview:-1\" \/>\n<link rel=\"canonical\" href=\"https:\/\/www.ceran.com\/fr\/travailler-negocier-avec-les-emiratis\/\" \/>\n<meta property=\"og:locale\" content=\"fr_FR\" \/>\n<meta property=\"og:type\" content=\"article\" \/>\n<meta property=\"og:title\" content=\"Travailler &amp; N\u00e9gocier avec les \u00e9miratis - Ceran\" \/>\n<meta property=\"og:description\" content=\"Comment travailler &amp; n\u00e9gocier avec les \u00e9miratis ? D\u00e9couvrez le contenu de notre formation interculturelle - Travailler et n\u00e9gocier avec des \u00e9miratis\" \/>\n<meta property=\"og:url\" content=\"https:\/\/www.ceran.com\/fr\/travailler-negocier-avec-les-emiratis\/\" \/>\n<meta property=\"og:site_name\" content=\"Ceran\" \/>\n<meta property=\"article:modified_time\" content=\"2022-09-05T14:03:31+00:00\" \/>\n<meta property=\"og:image\" content=\"https:\/\/www.ceran.com\/wp-content\/uploads\/2022\/01\/typeadmin.png\" \/>\n<meta name=\"twitter:card\" content=\"summary_large_image\" \/>\n<script type=\"application\/ld+json\" class=\"yoast-schema-graph\">{\"@context\":\"https:\\\/\\\/schema.org\",\"@graph\":[{\"@type\":\"WebPage\",\"@id\":\"https:\\\/\\\/www.ceran.com\\\/fr\\\/travailler-negocier-avec-les-emiratis\\\/\",\"url\":\"https:\\\/\\\/www.ceran.com\\\/fr\\\/travailler-negocier-avec-les-emiratis\\\/\",\"name\":\"Travailler & N\u00e9gocier avec les \u00e9miratis - Ceran\",\"isPartOf\":{\"@id\":\"https:\\\/\\\/www.ceran.com\\\/fr\\\/#website\"},\"primaryImageOfPage\":{\"@id\":\"https:\\\/\\\/www.ceran.com\\\/fr\\\/travailler-negocier-avec-les-emiratis\\\/#primaryimage\"},\"image\":{\"@id\":\"https:\\\/\\\/www.ceran.com\\\/fr\\\/travailler-negocier-avec-les-emiratis\\\/#primaryimage\"},\"thumbnailUrl\":\"https:\\\/\\\/www.ceran.com\\\/wp-content\\\/uploads\\\/2022\\\/01\\\/typeadmin.png\",\"datePublished\":\"2022-03-01T14:59:53+00:00\",\"dateModified\":\"2022-09-05T14:03:31+00:00\",\"description\":\"Comment travailler & n\u00e9gocier avec les \u00e9miratis ? D\u00e9couvrez le contenu de notre formation interculturelle - Travailler et n\u00e9gocier avec des \u00e9miratis\",\"breadcrumb\":{\"@id\":\"https:\\\/\\\/www.ceran.com\\\/fr\\\/travailler-negocier-avec-les-emiratis\\\/#breadcrumb\"},\"inLanguage\":\"fr-FR\",\"potentialAction\":[{\"@type\":\"ReadAction\",\"target\":[\"https:\\\/\\\/www.ceran.com\\\/fr\\\/travailler-negocier-avec-les-emiratis\\\/\"]}]},{\"@type\":\"ImageObject\",\"inLanguage\":\"fr-FR\",\"@id\":\"https:\\\/\\\/www.ceran.com\\\/fr\\\/travailler-negocier-avec-les-emiratis\\\/#primaryimage\",\"url\":\"https:\\\/\\\/www.ceran.com\\\/wp-content\\\/uploads\\\/2022\\\/01\\\/typeadmin.png\",\"contentUrl\":\"https:\\\/\\\/www.ceran.com\\\/wp-content\\\/uploads\\\/2022\\\/01\\\/typeadmin.png\"},{\"@type\":\"BreadcrumbList\",\"@id\":\"https:\\\/\\\/www.ceran.com\\\/fr\\\/travailler-negocier-avec-les-emiratis\\\/#breadcrumb\",\"itemListElement\":[{\"@type\":\"ListItem\",\"position\":1,\"name\":\"Accueil\",\"item\":\"https:\\\/\\\/www.ceran.com\\\/fr\\\/\"},{\"@type\":\"ListItem\",\"position\":2,\"name\":\"Travailler &#038; N\u00e9gocier avec les \u00e9miratis\"}]},{\"@type\":\"WebSite\",\"@id\":\"https:\\\/\\\/www.ceran.com\\\/fr\\\/#website\",\"url\":\"https:\\\/\\\/www.ceran.com\\\/fr\\\/\",\"name\":\"Ceran\",\"description\":\"Des formations linguistiques et interculturelles qui vous ouvrent de nouveaux horizons\",\"publisher\":{\"@id\":\"https:\\\/\\\/www.ceran.com\\\/fr\\\/#organization\"},\"potentialAction\":[{\"@type\":\"SearchAction\",\"target\":{\"@type\":\"EntryPoint\",\"urlTemplate\":\"https:\\\/\\\/www.ceran.com\\\/fr\\\/?s={search_term_string}\"},\"query-input\":{\"@type\":\"PropertyValueSpecification\",\"valueRequired\":true,\"valueName\":\"search_term_string\"}}],\"inLanguage\":\"fr-FR\"},{\"@type\":\"Organization\",\"@id\":\"https:\\\/\\\/www.ceran.com\\\/fr\\\/#organization\",\"name\":\"Ceran\",\"url\":\"https:\\\/\\\/www.ceran.com\\\/fr\\\/\",\"logo\":{\"@type\":\"ImageObject\",\"inLanguage\":\"fr-FR\",\"@id\":\"https:\\\/\\\/www.ceran.com\\\/fr\\\/#\\\/schema\\\/logo\\\/image\\\/\",\"url\":\"https:\\\/\\\/www.ceran.com\\\/wp-content\\\/uploads\\\/2025\\\/06\\\/Logo-CERAN-16-x-16-pixels.svg\",\"contentUrl\":\"https:\\\/\\\/www.ceran.com\\\/wp-content\\\/uploads\\\/2025\\\/06\\\/Logo-CERAN-16-x-16-pixels.svg\",\"width\":30,\"height\":30,\"caption\":\"Ceran\"},\"image\":{\"@id\":\"https:\\\/\\\/www.ceran.com\\\/fr\\\/#\\\/schema\\\/logo\\\/image\\\/\"}}]}<\/script>\n<!-- \/ Yoast SEO plugin. -->","yoast_head_json":{"title":"Travailler & N\u00e9gocier avec les \u00e9miratis - Ceran","description":"Comment travailler & n\u00e9gocier avec les \u00e9miratis ? D\u00e9couvrez le contenu de notre formation interculturelle - Travailler et n\u00e9gocier avec des \u00e9miratis","robots":{"index":"index","follow":"follow","max-snippet":"max-snippet:-1","max-image-preview":"max-image-preview:large","max-video-preview":"max-video-preview:-1"},"canonical":"https:\/\/www.ceran.com\/fr\/travailler-negocier-avec-les-emiratis\/","og_locale":"fr_FR","og_type":"article","og_title":"Travailler & N\u00e9gocier avec les \u00e9miratis - Ceran","og_description":"Comment travailler & n\u00e9gocier avec les \u00e9miratis ? D\u00e9couvrez le contenu de notre formation interculturelle - Travailler et n\u00e9gocier avec des \u00e9miratis","og_url":"https:\/\/www.ceran.com\/fr\/travailler-negocier-avec-les-emiratis\/","og_site_name":"Ceran","article_modified_time":"2022-09-05T14:03:31+00:00","og_image":[{"url":"https:\/\/www.ceran.com\/wp-content\/uploads\/2022\/01\/typeadmin.png","type":"","width":"","height":""}],"twitter_card":"summary_large_image","schema":{"@context":"https:\/\/schema.org","@graph":[{"@type":"WebPage","@id":"https:\/\/www.ceran.com\/fr\/travailler-negocier-avec-les-emiratis\/","url":"https:\/\/www.ceran.com\/fr\/travailler-negocier-avec-les-emiratis\/","name":"Travailler & N\u00e9gocier avec les \u00e9miratis - Ceran","isPartOf":{"@id":"https:\/\/www.ceran.com\/fr\/#website"},"primaryImageOfPage":{"@id":"https:\/\/www.ceran.com\/fr\/travailler-negocier-avec-les-emiratis\/#primaryimage"},"image":{"@id":"https:\/\/www.ceran.com\/fr\/travailler-negocier-avec-les-emiratis\/#primaryimage"},"thumbnailUrl":"https:\/\/www.ceran.com\/wp-content\/uploads\/2022\/01\/typeadmin.png","datePublished":"2022-03-01T14:59:53+00:00","dateModified":"2022-09-05T14:03:31+00:00","description":"Comment travailler & n\u00e9gocier avec les \u00e9miratis ? D\u00e9couvrez le contenu de notre formation interculturelle - Travailler et n\u00e9gocier avec des \u00e9miratis","breadcrumb":{"@id":"https:\/\/www.ceran.com\/fr\/travailler-negocier-avec-les-emiratis\/#breadcrumb"},"inLanguage":"fr-FR","potentialAction":[{"@type":"ReadAction","target":["https:\/\/www.ceran.com\/fr\/travailler-negocier-avec-les-emiratis\/"]}]},{"@type":"ImageObject","inLanguage":"fr-FR","@id":"https:\/\/www.ceran.com\/fr\/travailler-negocier-avec-les-emiratis\/#primaryimage","url":"https:\/\/www.ceran.com\/wp-content\/uploads\/2022\/01\/typeadmin.png","contentUrl":"https:\/\/www.ceran.com\/wp-content\/uploads\/2022\/01\/typeadmin.png"},{"@type":"BreadcrumbList","@id":"https:\/\/www.ceran.com\/fr\/travailler-negocier-avec-les-emiratis\/#breadcrumb","itemListElement":[{"@type":"ListItem","position":1,"name":"Accueil","item":"https:\/\/www.ceran.com\/fr\/"},{"@type":"ListItem","position":2,"name":"Travailler &#038; N\u00e9gocier avec les \u00e9miratis"}]},{"@type":"WebSite","@id":"https:\/\/www.ceran.com\/fr\/#website","url":"https:\/\/www.ceran.com\/fr\/","name":"Ceran","description":"Des formations linguistiques et interculturelles qui vous ouvrent de nouveaux horizons","publisher":{"@id":"https:\/\/www.ceran.com\/fr\/#organization"},"potentialAction":[{"@type":"SearchAction","target":{"@type":"EntryPoint","urlTemplate":"https:\/\/www.ceran.com\/fr\/?s={search_term_string}"},"query-input":{"@type":"PropertyValueSpecification","valueRequired":true,"valueName":"search_term_string"}}],"inLanguage":"fr-FR"},{"@type":"Organization","@id":"https:\/\/www.ceran.com\/fr\/#organization","name":"Ceran","url":"https:\/\/www.ceran.com\/fr\/","logo":{"@type":"ImageObject","inLanguage":"fr-FR","@id":"https:\/\/www.ceran.com\/fr\/#\/schema\/logo\/image\/","url":"https:\/\/www.ceran.com\/wp-content\/uploads\/2025\/06\/Logo-CERAN-16-x-16-pixels.svg","contentUrl":"https:\/\/www.ceran.com\/wp-content\/uploads\/2025\/06\/Logo-CERAN-16-x-16-pixels.svg","width":30,"height":30,"caption":"Ceran"},"image":{"@id":"https:\/\/www.ceran.com\/fr\/#\/schema\/logo\/image\/"}}]}},"_links":{"self":[{"href":"https:\/\/www.ceran.com\/fr\/wp-json\/wp\/v2\/pages\/14459","targetHints":{"allow":["GET"]}}],"collection":[{"href":"https:\/\/www.ceran.com\/fr\/wp-json\/wp\/v2\/pages"}],"about":[{"href":"https:\/\/www.ceran.com\/fr\/wp-json\/wp\/v2\/types\/page"}],"author":[{"embeddable":true,"href":"https:\/\/www.ceran.com\/fr\/wp-json\/wp\/v2\/users\/7"}],"replies":[{"embeddable":true,"href":"https:\/\/www.ceran.com\/fr\/wp-json\/wp\/v2\/comments?post=14459"}],"version-history":[{"count":5,"href":"https:\/\/www.ceran.com\/fr\/wp-json\/wp\/v2\/pages\/14459\/revisions"}],"predecessor-version":[{"id":60805,"href":"https:\/\/www.ceran.com\/fr\/wp-json\/wp\/v2\/pages\/14459\/revisions\/60805"}],"wp:attachment":[{"href":"https:\/\/www.ceran.com\/fr\/wp-json\/wp\/v2\/media?parent=14459"}],"curies":[{"name":"wp","href":"https:\/\/api.w.org\/{rel}","templated":true}]}}