{"id":14516,"date":"2022-03-01T16:21:46","date_gmt":"2022-03-01T15:21:46","guid":{"rendered":"https:\/\/www.ceran.com\/?page_id=14516"},"modified":"2022-09-05T15:36:37","modified_gmt":"2022-09-05T13:36:37","slug":"travailler-negocier-avec-liran","status":"publish","type":"page","link":"https:\/\/www.ceran.com\/fr\/travailler-negocier-avec-liran\/","title":{"rendered":"Travailler &#038; N\u00e9gocier avec l&rsquo;Iran"},"content":{"rendered":"\t\t<div data-elementor-type=\"wp-page\" data-elementor-id=\"14516\" class=\"elementor elementor-14516\" data-elementor-post-type=\"page\">\n\t\t\t\t\t\t<section class=\"elementor-section elementor-top-section elementor-element elementor-element-2eb387cb elementor-section-boxed elementor-section-height-default elementor-section-height-default\" data-id=\"2eb387cb\" data-element_type=\"section\" data-e-type=\"section\">\n\t\t\t\t\t\t<div class=\"elementor-container elementor-column-gap-default\">\n\t\t\t\t\t<div class=\"elementor-column elementor-col-100 elementor-top-column elementor-element elementor-element-5469396f\" data-id=\"5469396f\" data-element_type=\"column\" data-e-type=\"column\">\n\t\t\t<div class=\"elementor-widget-wrap elementor-element-populated\">\n\t\t\t\t\t\t<div class=\"elementor-element elementor-element-1e036aea elementor-widget elementor-widget-template\" data-id=\"1e036aea\" data-element_type=\"widget\" data-e-type=\"widget\" data-widget_type=\"template.default\">\n\t\t\t\t<div class=\"elementor-widget-container\">\n\t\t\t\t\t\t\t<div class=\"elementor-template\">\n\t\t\t\t\t<div data-elementor-type=\"section\" data-elementor-id=\"2014\" class=\"elementor elementor-2014\" data-elementor-post-type=\"elementor_library\">\n\t\t\t\t\t<section class=\"elementor-section elementor-top-section elementor-element elementor-element-7ff20875 elementor-section-boxed elementor-section-height-default elementor-section-height-default\" data-id=\"7ff20875\" data-element_type=\"section\" data-e-type=\"section\">\n\t\t\t\t\t\t<div class=\"elementor-container elementor-column-gap-default\">\n\t\t\t\t\t<div class=\"elementor-column elementor-col-100 elementor-top-column elementor-element elementor-element-a5e383b\" data-id=\"a5e383b\" data-element_type=\"column\" data-e-type=\"column\">\n\t\t\t<div class=\"elementor-widget-wrap elementor-element-populated\">\n\t\t\t\t\t\t<div class=\"elementor-element elementor-element-3edd7a7e elementor-widget elementor-widget-breadcrumbs\" data-id=\"3edd7a7e\" data-element_type=\"widget\" data-e-type=\"widget\" data-widget_type=\"breadcrumbs.default\">\n\t\t\t\t<div class=\"elementor-widget-container\">\n\t\t\t\t\t<p id=\"breadcrumbs\"><span><span><a href=\"https:\/\/www.ceran.com\/fr\/\">Accueil<\/a><\/span><\/span><\/p>\t\t\t\t<\/div>\n\t\t\t\t<\/div>\n\t\t\t\t\t<\/div>\n\t\t<\/div>\n\t\t\t\t\t<\/div>\n\t\t<\/section>\n\t\t\t\t<\/div>\n\t\t\t\t<\/div>\n\t\t\t\t\t\t<\/div>\n\t\t\t\t<\/div>\n\t\t\t\t\t<\/div>\n\t\t<\/div>\n\t\t\t\t\t<\/div>\n\t\t<\/section>\n\t\t\t\t<section class=\"elementor-section elementor-top-section elementor-element elementor-element-643db6af elementor-section-boxed elementor-section-height-default elementor-section-height-default\" data-id=\"643db6af\" data-element_type=\"section\" data-e-type=\"section\">\n\t\t\t\t\t\t<div class=\"elementor-container elementor-column-gap-default\">\n\t\t\t\t\t<div class=\"elementor-column elementor-col-100 elementor-top-column elementor-element elementor-element-2e3e8bb3\" data-id=\"2e3e8bb3\" data-element_type=\"column\" data-e-type=\"column\">\n\t\t\t<div class=\"elementor-widget-wrap elementor-element-populated\">\n\t\t\t\t\t\t<div class=\"elementor-element elementor-element-double-colonne-texte elementor-widget elementor-widget-double-colonne-texte\" data-id=\"double-colonne-texte\" data-element_type=\"widget\" data-e-type=\"widget\" data-widget_type=\"double-colonne-texte.default\">\n\t\t\t\t<div class=\"elementor-widget-container\">\n\t\t\t\t\t<div class=\"widget-column  \"><div class=\"wrapper-column\"><div class=\"corner no-corner\"><div class=\"corner-content\"><div class=\"ax-title mb-5\">Travailler & N\u00e9gocier avec l'Iran<\/div><div class=\"bottom-block row\"><div class=\"bottom-block-img col-6\"><img decoding=\"async\" width=\"125\" height=\"90\" src=\"https:\/\/www.ceran.com\/wp-content\/uploads\/2022\/01\/typeadmin.png\" class=\"attachment-thumbnail size-thumbnail\" alt=\"\" \/><\/div><div class=\"bottom-block-links col-6 d-flex flex-column\"><\/div><\/div><\/div><\/div><\/div><div class=\"wrapper-column\"><div class=\"corner no-corner\" style=\" display: flex; align-items: center;\"><div class=\"corner-content\"><div id=\"block-214\" class=\"sc-bdvvtL iSyBpQ\"><div class=\"sc-ksdxgE GNvNR\"><h3><span style=\"color: #da291c;\">FORMATION INTERCULTURELLE - TRAVAILLER &amp; NEGOCIER AVEC L'IRAN<\/span><\/h3><\/div><\/div><div id=\"block-215\" class=\"sc-bdvvtL iSyBpQ\"><div class=\"sc-ksdxgE jpFJhy\"><p>D\u00e9couvrez le contenu de notre formation interculturelle - Travailler et n\u00e9gocier avec des iraniens\u00a0<\/p><\/div><\/div><\/div><\/div><\/div><\/div>\t\t\t\t<\/div>\n\t\t\t\t<\/div>\n\t\t\t\t\t<\/div>\n\t\t<\/div>\n\t\t\t\t\t<\/div>\n\t\t<\/section>\n\t\t\t\t<section class=\"elementor-section elementor-top-section elementor-element elementor-element-7242a2a9 elementor-section-boxed elementor-section-height-default elementor-section-height-default\" data-id=\"7242a2a9\" data-element_type=\"section\" data-e-type=\"section\" data-settings=\"{&quot;background_background&quot;:&quot;classic&quot;}\">\n\t\t\t\t\t\t<div class=\"elementor-container elementor-column-gap-default\">\n\t\t\t\t\t<div class=\"elementor-column elementor-col-100 elementor-top-column elementor-element elementor-element-755e2056\" data-id=\"755e2056\" data-element_type=\"column\" data-e-type=\"column\">\n\t\t\t<div class=\"elementor-widget-wrap elementor-element-populated\">\n\t\t\t\t\t\t<section class=\"elementor-section elementor-inner-section elementor-element elementor-element-3cc52a16 elementor-section-boxed elementor-section-height-default elementor-section-height-default\" data-id=\"3cc52a16\" data-element_type=\"section\" data-e-type=\"section\" data-settings=\"{&quot;background_background&quot;:&quot;classic&quot;}\">\n\t\t\t\t\t\t<div class=\"elementor-container elementor-column-gap-default\">\n\t\t\t\t\t<div class=\"elementor-column elementor-col-100 elementor-inner-column elementor-element elementor-element-689e1948\" data-id=\"689e1948\" data-element_type=\"column\" data-e-type=\"column\">\n\t\t\t<div class=\"elementor-widget-wrap elementor-element-populated\">\n\t\t\t\t\t\t<div class=\"elementor-element elementor-element-5a6e27d elementor-widget elementor-widget-heading\" data-id=\"5a6e27d\" data-element_type=\"widget\" data-e-type=\"widget\" data-widget_type=\"heading.default\">\n\t\t\t\t<div class=\"elementor-widget-container\">\n\t\t\t\t\t<h2 class=\"elementor-heading-title elementor-size-default\">COMMENT TRAVAILLER &amp; NEGOCIER AVEC L'IRAN ?<\/h2>\t\t\t\t<\/div>\n\t\t\t\t<\/div>\n\t\t\t\t<div class=\"elementor-element elementor-element-1b41ad30 elementor-widget elementor-widget-heading\" data-id=\"1b41ad30\" data-element_type=\"widget\" data-e-type=\"widget\" data-widget_type=\"heading.default\">\n\t\t\t\t<div class=\"elementor-widget-container\">\n\t\t\t\t\t<h2 class=\"elementor-heading-title elementor-size-default\">CONTEXTE ET VALEURS PROFESSIONNELLES<\/h2>\t\t\t\t<\/div>\n\t\t\t\t<\/div>\n\t\t\t\t<div class=\"elementor-element elementor-element-56e9d127 elementor-widget elementor-widget-text-editor\" data-id=\"56e9d127\" data-element_type=\"widget\" data-e-type=\"widget\" data-widget_type=\"text-editor.default\">\n\t\t\t\t<div class=\"elementor-widget-container\">\n\t\t\t\t\t\t\t\t\t<p><strong>1.\u00a0\u00a0 \u00a0Contexte \u00e9conomique et social\u00a0<\/strong><\/p><p><br \/>\u2022\u00a0\u00a0 \u00a0Accords sur le nucl\u00e9aire et r\u00e9ouverture d\u2019une \u00e9conomie majeure dans la r\u00e9gion<br \/>\u2022\u00a0\u00a0 \u00a0Perspective de coop\u00e9ration et secteurs porteurs\u00a0<br \/>\u2022\u00a0\u00a0 \u00a0Environnement des affaires complexe : identifier les acteurs et les bons interm\u00e9diaires<\/p><p><br \/><strong>2.\u00a0\u00a0 \u00a0Les valeurs iraniennes<\/strong><\/p><p><br \/>\u2022\u00a0\u00a0 \u00a0Une hi\u00e9rarchie sociale tr\u00e8s pr\u00e9sente<br \/>\u2022\u00a0\u00a0 \u00a0L\u2019islam en Iran : poids des valeurs et des comportements li\u00e9s \u00e0 la religion<br \/>\u2022\u00a0\u00a0 \u00a0Les femmes dans la soci\u00e9t\u00e9 : cloisonnement et consid\u00e9ration<\/p>\t\t\t\t\t\t\t\t<\/div>\n\t\t\t\t<\/div>\n\t\t\t\t<div class=\"elementor-element elementor-element-be795da elementor-widget elementor-widget-image\" data-id=\"be795da\" data-element_type=\"widget\" data-e-type=\"widget\" data-widget_type=\"image.default\">\n\t\t\t\t<div class=\"elementor-widget-container\">\n\t\t\t\t\t\t\t\t\t\t\t\t\t\t\t<img fetchpriority=\"high\" decoding=\"async\" width=\"900\" height=\"600\" src=\"https:\/\/www.ceran.com\/wp-content\/uploads\/2022\/09\/travailler-negocier-et-s-expatrier-en-iran-e1662384897528.jpg\" class=\"attachment-full size-full wp-image-60762\" alt=\"travailler, n\u00e9gocier et s&#039;expatrier en Iran\" srcset=\"https:\/\/www.ceran.com\/wp-content\/uploads\/2022\/09\/travailler-negocier-et-s-expatrier-en-iran-e1662384897528.jpg 900w, https:\/\/www.ceran.com\/wp-content\/uploads\/2022\/09\/travailler-negocier-et-s-expatrier-en-iran-e1662384897528-300x200.jpg 300w, https:\/\/www.ceran.com\/wp-content\/uploads\/2022\/09\/travailler-negocier-et-s-expatrier-en-iran-e1662384897528-768x512.jpg 768w\" sizes=\"(max-width: 900px) 100vw, 900px\" \/>\t\t\t\t\t\t\t\t\t\t\t\t\t\t\t<\/div>\n\t\t\t\t<\/div>\n\t\t\t\t<div class=\"elementor-element elementor-element-43242506 elementor-widget elementor-widget-heading\" data-id=\"43242506\" data-element_type=\"widget\" data-e-type=\"widget\" data-widget_type=\"heading.default\">\n\t\t\t\t<div class=\"elementor-widget-container\">\n\t\t\t\t\t<h2 class=\"elementor-heading-title elementor-size-default\">COMMUNIQUER EFFICACEMENT\n<\/h2>\t\t\t\t<\/div>\n\t\t\t\t<\/div>\n\t\t\t\t<div class=\"elementor-element elementor-element-12529de0 elementor-widget elementor-widget-text-editor\" data-id=\"12529de0\" data-element_type=\"widget\" data-e-type=\"widget\" data-widget_type=\"text-editor.default\">\n\t\t\t\t<div class=\"elementor-widget-container\">\n\t\t\t\t\t\t\t\t\t<p><strong>3.\u00a0\u00a0 \u00a0Modes de communication iraniens<\/strong><\/p><p><br \/>\u2022\u00a0\u00a0 \u00a0Les styles et modes de communication : d\u00e9terminer le contexte<br \/>\u2022\u00a0\u00a0 \u00a0L\u2019oral et l\u2019\u00e9crit : que privil\u00e9gier et quand ?<br \/>\u2022\u00a0\u00a0 \u00a0La gestuelle, cruciale pour les Iraniens : oui mais \u00e0 distance\u2026 ?<br \/>\u2022\u00a0\u00a0 \u00a0S\u2019adresser \u00e0 ses interlocuteurs : noms et formalisme<br \/>\u2022\u00a0\u00a0 \u00a0Protocole et \u00e9tiquette<br \/><br \/><br \/><strong>4.\u00a0\u00a0 \u00a0Situations professionnelles\u00a0<\/strong><\/p><p><br \/>\u2022\u00a0\u00a0 \u00a0Collecter une information fiable<br \/>\u2022\u00a0\u00a0 \u00a0Pr\u00e9dominance du relationnel<br \/>\u2022\u00a0\u00a0 \u00a0Utiliser et entretenir ses r\u00e9seaux\u00a0<br \/>\u2022\u00a0\u00a0 \u00a0Les contacts hors cadre<\/p>\t\t\t\t\t\t\t\t<\/div>\n\t\t\t\t<\/div>\n\t\t\t\t<div class=\"elementor-element elementor-element-26b9f55c elementor-widget elementor-widget-heading\" data-id=\"26b9f55c\" data-element_type=\"widget\" data-e-type=\"widget\" data-widget_type=\"heading.default\">\n\t\t\t\t<div class=\"elementor-widget-container\">\n\t\t\t\t\t<h2 class=\"elementor-heading-title elementor-size-default\">MANAGER DES \u00c9QUIPES ET DES PROJETS<\/h2>\t\t\t\t<\/div>\n\t\t\t\t<\/div>\n\t\t\t\t<div class=\"elementor-element elementor-element-1422649f elementor-widget elementor-widget-text-editor\" data-id=\"1422649f\" data-element_type=\"widget\" data-e-type=\"widget\" data-widget_type=\"text-editor.default\">\n\t\t\t\t<div class=\"elementor-widget-container\">\n\t\t\t\t\t\t\t\t\t<p>\u00a0<\/p><p><strong>5.\u00a0\u00a0 \u00a0Pratiques et outils de management\u00a0<\/strong><\/p><p><br \/>\u2022\u00a0\u00a0 \u00a0Les processus de d\u00e9cision, comment identifier le d\u00e9cideur ?<br \/>\u2022\u00a0\u00a0 \u00a0Le sens des \u00e9crits et leurs implications<br \/>\u2022\u00a0\u00a0 \u00a0Le d\u00e9fi de ne pas devenir l\u2019oblig\u00e9<br \/>\u2022\u00a0\u00a0 \u00a0Distinguer possible et impossible en termes de l\u00e9gislation<br \/>\u2022\u00a0\u00a0 \u00a0Manager efficacement : le r\u00f4le du patron<br \/>\u2022\u00a0\u00a0 \u00a0La gestion du temps et des d\u00e9lais<br \/>\u2022\u00a0\u00a0 \u00a0Responsabilit\u00e9 individuelle et responsabilit\u00e9 collective<br \/>\u2022\u00a0\u00a0 \u00a0G\u00e9rer les ambitions individuelles<\/p><p><br \/><strong>6.\u00a0\u00a0 \u00a0Applications op\u00e9rationnelles<\/strong><\/p><p><br \/>\u2022\u00a0\u00a0 \u00a0Conseils pour la prise de poste.<br \/>\u2022\u00a0\u00a0 \u00a0Plan d\u2019action<\/p>\t\t\t\t\t\t\t\t<\/div>\n\t\t\t\t<\/div>\n\t\t\t\t<div class=\"elementor-element elementor-element-5c16bbd elementor-widget elementor-widget-text-editor\" data-id=\"5c16bbd\" data-element_type=\"widget\" data-e-type=\"widget\" data-widget_type=\"text-editor.default\">\n\t\t\t\t<div class=\"elementor-widget-container\">\n\t\t\t\t\t\t\t\t\t<h2>EN SAVOIR PLUS SUR L&rsquo;INTERCULTUREL<\/h2><p>\u00a0<\/p><p><span style=\"color: #3366ff;\"><a style=\"color: #3366ff;\" href=\"https:\/\/www.ceran.com\/fr\/comprendre-une-culture\/\">Comprendre une culture<\/a><\/span><\/p><p><span style=\"color: #3366ff;\"><a style=\"color: #3366ff;\" href=\"https:\/\/www.ceran.com\/fr\/comprendre-une-culture\/travailler-a-linternational\/\">Me faire accompagner dans mes projets internationaux<\/a><\/span><\/p><p><span style=\"color: #3366ff;\"><a style=\"color: #3366ff;\" href=\"https:\/\/www.ceran.com\/fr\/comprendre-une-culture\/expatriation-et-retours\/\">M&rsquo;int\u00e9grer dans un nouvel environnement<\/a><\/span><\/p><p><span style=\"color: #3366ff;\"><a style=\"color: #3366ff;\" href=\"https:\/\/www.ceran.com\/fr\/cultural-assesment\/\">R\u00e9aliser un test interculturel<\/a><\/span><\/p>\t\t\t\t\t\t\t\t<\/div>\n\t\t\t\t<\/div>\n\t\t\t\t\t<\/div>\n\t\t<\/div>\n\t\t\t\t\t<\/div>\n\t\t<\/section>\n\t\t\t\t\t<\/div>\n\t\t<\/div>\n\t\t\t\t\t<\/div>\n\t\t<\/section>\n\t\t\t\t<\/div>\n\t\t","protected":false},"excerpt":{"rendered":"<p>Travailler &#038; N\u00e9gocier avec l&rsquo;Iran FORMATION INTERCULTURELLE &#8211; TRAVAILLER &amp; NEGOCIER AVEC L&rsquo;IRAN D\u00e9couvrez le contenu de notre formation interculturelle &#8211; Travailler et n\u00e9gocier avec des iraniens\u00a0 COMMENT TRAVAILLER &#038; NEGOCIER AVEC L&rsquo;IRAN ? CONTEXTE ET VALEURS PROFESSIONNELLES 1.\u00a0\u00a0 \u00a0Contexte \u00e9conomique et social\u00a0 \u2022\u00a0\u00a0 \u00a0Accords sur le nucl\u00e9aire et r\u00e9ouverture d\u2019une \u00e9conomie majeure dans la [&hellip;]<\/p>\n","protected":false},"author":7,"featured_media":0,"parent":0,"menu_order":0,"comment_status":"closed","ping_status":"closed","template":"","meta":{"_acf_changed":false,"_seopress_robots_primary_cat":"","_seopress_titles_title":"","_seopress_titles_desc":"Comment travailler & n\u00e9gocier avec l'Iran ? D\u00e9couvrez le contenu de notre formation interculturelle - Travailler et n\u00e9gocier avec des iraniens","_seopress_robots_index":"","content-type":"","footnotes":""},"class_list":["post-14516","page","type-page","status-publish","hentry"],"acf":[],"yoast_head":"<!-- This site is optimized with the Yoast SEO plugin v27.5 - https:\/\/yoast.com\/product\/yoast-seo-wordpress\/ -->\n<title>Travailler &amp; N\u00e9gocier avec l&#039;Iran - Ceran<\/title>\n<meta name=\"description\" content=\"Comment travailler &amp; n\u00e9gocier avec l&#039;Iran ? D\u00e9couvrez le contenu de notre formation interculturelle - Travailler et n\u00e9gocier avec des iraniens\" \/>\n<meta name=\"robots\" content=\"index, follow, max-snippet:-1, max-image-preview:large, max-video-preview:-1\" \/>\n<link rel=\"canonical\" href=\"https:\/\/www.ceran.com\/fr\/travailler-negocier-avec-liran\/\" \/>\n<meta property=\"og:locale\" content=\"fr_FR\" \/>\n<meta property=\"og:type\" content=\"article\" \/>\n<meta property=\"og:title\" content=\"Travailler &amp; N\u00e9gocier avec l&#039;Iran - Ceran\" \/>\n<meta property=\"og:description\" content=\"Comment travailler &amp; n\u00e9gocier avec l&#039;Iran ? D\u00e9couvrez le contenu de notre formation interculturelle - Travailler et n\u00e9gocier avec des iraniens\" \/>\n<meta property=\"og:url\" content=\"https:\/\/www.ceran.com\/fr\/travailler-negocier-avec-liran\/\" \/>\n<meta property=\"og:site_name\" content=\"Ceran\" \/>\n<meta property=\"article:modified_time\" content=\"2022-09-05T13:36:37+00:00\" \/>\n<meta property=\"og:image\" content=\"https:\/\/www.ceran.com\/wp-content\/uploads\/2022\/01\/typeadmin.png\" \/>\n<meta name=\"twitter:card\" content=\"summary_large_image\" \/>\n<script type=\"application\/ld+json\" class=\"yoast-schema-graph\">{\"@context\":\"https:\\\/\\\/schema.org\",\"@graph\":[{\"@type\":\"WebPage\",\"@id\":\"https:\\\/\\\/www.ceran.com\\\/fr\\\/travailler-negocier-avec-liran\\\/\",\"url\":\"https:\\\/\\\/www.ceran.com\\\/fr\\\/travailler-negocier-avec-liran\\\/\",\"name\":\"Travailler & N\u00e9gocier avec l'Iran - Ceran\",\"isPartOf\":{\"@id\":\"https:\\\/\\\/www.ceran.com\\\/fr\\\/#website\"},\"primaryImageOfPage\":{\"@id\":\"https:\\\/\\\/www.ceran.com\\\/fr\\\/travailler-negocier-avec-liran\\\/#primaryimage\"},\"image\":{\"@id\":\"https:\\\/\\\/www.ceran.com\\\/fr\\\/travailler-negocier-avec-liran\\\/#primaryimage\"},\"thumbnailUrl\":\"https:\\\/\\\/www.ceran.com\\\/wp-content\\\/uploads\\\/2022\\\/01\\\/typeadmin.png\",\"datePublished\":\"2022-03-01T15:21:46+00:00\",\"dateModified\":\"2022-09-05T13:36:37+00:00\",\"description\":\"Comment travailler & n\u00e9gocier avec l'Iran ? D\u00e9couvrez le contenu de notre formation interculturelle - Travailler et n\u00e9gocier avec des iraniens\",\"breadcrumb\":{\"@id\":\"https:\\\/\\\/www.ceran.com\\\/fr\\\/travailler-negocier-avec-liran\\\/#breadcrumb\"},\"inLanguage\":\"fr-FR\",\"potentialAction\":[{\"@type\":\"ReadAction\",\"target\":[\"https:\\\/\\\/www.ceran.com\\\/fr\\\/travailler-negocier-avec-liran\\\/\"]}]},{\"@type\":\"ImageObject\",\"inLanguage\":\"fr-FR\",\"@id\":\"https:\\\/\\\/www.ceran.com\\\/fr\\\/travailler-negocier-avec-liran\\\/#primaryimage\",\"url\":\"https:\\\/\\\/www.ceran.com\\\/wp-content\\\/uploads\\\/2022\\\/01\\\/typeadmin.png\",\"contentUrl\":\"https:\\\/\\\/www.ceran.com\\\/wp-content\\\/uploads\\\/2022\\\/01\\\/typeadmin.png\"},{\"@type\":\"BreadcrumbList\",\"@id\":\"https:\\\/\\\/www.ceran.com\\\/fr\\\/travailler-negocier-avec-liran\\\/#breadcrumb\",\"itemListElement\":[{\"@type\":\"ListItem\",\"position\":1,\"name\":\"Accueil\",\"item\":\"https:\\\/\\\/www.ceran.com\\\/fr\\\/\"},{\"@type\":\"ListItem\",\"position\":2,\"name\":\"Travailler &#038; N\u00e9gocier avec l&#8217;Iran\"}]},{\"@type\":\"WebSite\",\"@id\":\"https:\\\/\\\/www.ceran.com\\\/fr\\\/#website\",\"url\":\"https:\\\/\\\/www.ceran.com\\\/fr\\\/\",\"name\":\"Ceran\",\"description\":\"Des formations linguistiques et interculturelles qui vous ouvrent de nouveaux horizons\",\"publisher\":{\"@id\":\"https:\\\/\\\/www.ceran.com\\\/fr\\\/#organization\"},\"potentialAction\":[{\"@type\":\"SearchAction\",\"target\":{\"@type\":\"EntryPoint\",\"urlTemplate\":\"https:\\\/\\\/www.ceran.com\\\/fr\\\/?s={search_term_string}\"},\"query-input\":{\"@type\":\"PropertyValueSpecification\",\"valueRequired\":true,\"valueName\":\"search_term_string\"}}],\"inLanguage\":\"fr-FR\"},{\"@type\":\"Organization\",\"@id\":\"https:\\\/\\\/www.ceran.com\\\/fr\\\/#organization\",\"name\":\"Ceran\",\"url\":\"https:\\\/\\\/www.ceran.com\\\/fr\\\/\",\"logo\":{\"@type\":\"ImageObject\",\"inLanguage\":\"fr-FR\",\"@id\":\"https:\\\/\\\/www.ceran.com\\\/fr\\\/#\\\/schema\\\/logo\\\/image\\\/\",\"url\":\"https:\\\/\\\/www.ceran.com\\\/wp-content\\\/uploads\\\/2025\\\/06\\\/Logo-CERAN-16-x-16-pixels.svg\",\"contentUrl\":\"https:\\\/\\\/www.ceran.com\\\/wp-content\\\/uploads\\\/2025\\\/06\\\/Logo-CERAN-16-x-16-pixels.svg\",\"width\":30,\"height\":30,\"caption\":\"Ceran\"},\"image\":{\"@id\":\"https:\\\/\\\/www.ceran.com\\\/fr\\\/#\\\/schema\\\/logo\\\/image\\\/\"}}]}<\/script>\n<!-- \/ Yoast SEO plugin. -->","yoast_head_json":{"title":"Travailler & N\u00e9gocier avec l'Iran - Ceran","description":"Comment travailler & n\u00e9gocier avec l'Iran ? D\u00e9couvrez le contenu de notre formation interculturelle - Travailler et n\u00e9gocier avec des iraniens","robots":{"index":"index","follow":"follow","max-snippet":"max-snippet:-1","max-image-preview":"max-image-preview:large","max-video-preview":"max-video-preview:-1"},"canonical":"https:\/\/www.ceran.com\/fr\/travailler-negocier-avec-liran\/","og_locale":"fr_FR","og_type":"article","og_title":"Travailler & N\u00e9gocier avec l'Iran - Ceran","og_description":"Comment travailler & n\u00e9gocier avec l'Iran ? D\u00e9couvrez le contenu de notre formation interculturelle - Travailler et n\u00e9gocier avec des iraniens","og_url":"https:\/\/www.ceran.com\/fr\/travailler-negocier-avec-liran\/","og_site_name":"Ceran","article_modified_time":"2022-09-05T13:36:37+00:00","og_image":[{"url":"https:\/\/www.ceran.com\/wp-content\/uploads\/2022\/01\/typeadmin.png","type":"","width":"","height":""}],"twitter_card":"summary_large_image","schema":{"@context":"https:\/\/schema.org","@graph":[{"@type":"WebPage","@id":"https:\/\/www.ceran.com\/fr\/travailler-negocier-avec-liran\/","url":"https:\/\/www.ceran.com\/fr\/travailler-negocier-avec-liran\/","name":"Travailler & N\u00e9gocier avec l'Iran - Ceran","isPartOf":{"@id":"https:\/\/www.ceran.com\/fr\/#website"},"primaryImageOfPage":{"@id":"https:\/\/www.ceran.com\/fr\/travailler-negocier-avec-liran\/#primaryimage"},"image":{"@id":"https:\/\/www.ceran.com\/fr\/travailler-negocier-avec-liran\/#primaryimage"},"thumbnailUrl":"https:\/\/www.ceran.com\/wp-content\/uploads\/2022\/01\/typeadmin.png","datePublished":"2022-03-01T15:21:46+00:00","dateModified":"2022-09-05T13:36:37+00:00","description":"Comment travailler & n\u00e9gocier avec l'Iran ? D\u00e9couvrez le contenu de notre formation interculturelle - Travailler et n\u00e9gocier avec des iraniens","breadcrumb":{"@id":"https:\/\/www.ceran.com\/fr\/travailler-negocier-avec-liran\/#breadcrumb"},"inLanguage":"fr-FR","potentialAction":[{"@type":"ReadAction","target":["https:\/\/www.ceran.com\/fr\/travailler-negocier-avec-liran\/"]}]},{"@type":"ImageObject","inLanguage":"fr-FR","@id":"https:\/\/www.ceran.com\/fr\/travailler-negocier-avec-liran\/#primaryimage","url":"https:\/\/www.ceran.com\/wp-content\/uploads\/2022\/01\/typeadmin.png","contentUrl":"https:\/\/www.ceran.com\/wp-content\/uploads\/2022\/01\/typeadmin.png"},{"@type":"BreadcrumbList","@id":"https:\/\/www.ceran.com\/fr\/travailler-negocier-avec-liran\/#breadcrumb","itemListElement":[{"@type":"ListItem","position":1,"name":"Accueil","item":"https:\/\/www.ceran.com\/fr\/"},{"@type":"ListItem","position":2,"name":"Travailler &#038; N\u00e9gocier avec l&#8217;Iran"}]},{"@type":"WebSite","@id":"https:\/\/www.ceran.com\/fr\/#website","url":"https:\/\/www.ceran.com\/fr\/","name":"Ceran","description":"Des formations linguistiques et interculturelles qui vous ouvrent de nouveaux horizons","publisher":{"@id":"https:\/\/www.ceran.com\/fr\/#organization"},"potentialAction":[{"@type":"SearchAction","target":{"@type":"EntryPoint","urlTemplate":"https:\/\/www.ceran.com\/fr\/?s={search_term_string}"},"query-input":{"@type":"PropertyValueSpecification","valueRequired":true,"valueName":"search_term_string"}}],"inLanguage":"fr-FR"},{"@type":"Organization","@id":"https:\/\/www.ceran.com\/fr\/#organization","name":"Ceran","url":"https:\/\/www.ceran.com\/fr\/","logo":{"@type":"ImageObject","inLanguage":"fr-FR","@id":"https:\/\/www.ceran.com\/fr\/#\/schema\/logo\/image\/","url":"https:\/\/www.ceran.com\/wp-content\/uploads\/2025\/06\/Logo-CERAN-16-x-16-pixels.svg","contentUrl":"https:\/\/www.ceran.com\/wp-content\/uploads\/2025\/06\/Logo-CERAN-16-x-16-pixels.svg","width":30,"height":30,"caption":"Ceran"},"image":{"@id":"https:\/\/www.ceran.com\/fr\/#\/schema\/logo\/image\/"}}]}},"_links":{"self":[{"href":"https:\/\/www.ceran.com\/fr\/wp-json\/wp\/v2\/pages\/14516","targetHints":{"allow":["GET"]}}],"collection":[{"href":"https:\/\/www.ceran.com\/fr\/wp-json\/wp\/v2\/pages"}],"about":[{"href":"https:\/\/www.ceran.com\/fr\/wp-json\/wp\/v2\/types\/page"}],"author":[{"embeddable":true,"href":"https:\/\/www.ceran.com\/fr\/wp-json\/wp\/v2\/users\/7"}],"replies":[{"embeddable":true,"href":"https:\/\/www.ceran.com\/fr\/wp-json\/wp\/v2\/comments?post=14516"}],"version-history":[{"count":5,"href":"https:\/\/www.ceran.com\/fr\/wp-json\/wp\/v2\/pages\/14516\/revisions"}],"predecessor-version":[{"id":60768,"href":"https:\/\/www.ceran.com\/fr\/wp-json\/wp\/v2\/pages\/14516\/revisions\/60768"}],"wp:attachment":[{"href":"https:\/\/www.ceran.com\/fr\/wp-json\/wp\/v2\/media?parent=14516"}],"curies":[{"name":"wp","href":"https:\/\/api.w.org\/{rel}","templated":true}]}}