{"id":14630,"date":"2022-03-01T16:47:25","date_gmt":"2022-03-01T15:47:25","guid":{"rendered":"https:\/\/www.ceran.com\/?page_id=14630"},"modified":"2022-09-05T14:25:23","modified_gmt":"2022-09-05T12:25:23","slug":"travailler-negocier-avec-la-suisse","status":"publish","type":"page","link":"https:\/\/www.ceran.com\/fr\/travailler-negocier-avec-la-suisse\/","title":{"rendered":"Travailler &#038; N\u00e9gocier avec la Suisse"},"content":{"rendered":"\t\t<div data-elementor-type=\"wp-page\" data-elementor-id=\"14630\" class=\"elementor elementor-14630\" data-elementor-post-type=\"page\">\n\t\t\t\t\t\t<section class=\"elementor-section elementor-top-section elementor-element elementor-element-7f001a2e elementor-section-boxed elementor-section-height-default elementor-section-height-default\" data-id=\"7f001a2e\" data-element_type=\"section\" data-e-type=\"section\">\n\t\t\t\t\t\t<div class=\"elementor-container elementor-column-gap-default\">\n\t\t\t\t\t<div class=\"elementor-column elementor-col-100 elementor-top-column elementor-element elementor-element-1f79b029\" data-id=\"1f79b029\" data-element_type=\"column\" data-e-type=\"column\">\n\t\t\t<div class=\"elementor-widget-wrap elementor-element-populated\">\n\t\t\t\t\t\t<div class=\"elementor-element elementor-element-1893c99a elementor-widget elementor-widget-template\" data-id=\"1893c99a\" data-element_type=\"widget\" data-e-type=\"widget\" data-widget_type=\"template.default\">\n\t\t\t\t<div class=\"elementor-widget-container\">\n\t\t\t\t\t\t\t<div class=\"elementor-template\">\n\t\t\t\t\t<div data-elementor-type=\"section\" data-elementor-id=\"2014\" class=\"elementor elementor-2014\" data-elementor-post-type=\"elementor_library\">\n\t\t\t\t\t<section class=\"elementor-section elementor-top-section elementor-element elementor-element-7ff20875 elementor-section-boxed elementor-section-height-default elementor-section-height-default\" data-id=\"7ff20875\" data-element_type=\"section\" data-e-type=\"section\">\n\t\t\t\t\t\t<div class=\"elementor-container elementor-column-gap-default\">\n\t\t\t\t\t<div class=\"elementor-column elementor-col-100 elementor-top-column elementor-element elementor-element-a5e383b\" data-id=\"a5e383b\" data-element_type=\"column\" data-e-type=\"column\">\n\t\t\t<div class=\"elementor-widget-wrap elementor-element-populated\">\n\t\t\t\t\t\t<div class=\"elementor-element elementor-element-3edd7a7e elementor-widget elementor-widget-breadcrumbs\" data-id=\"3edd7a7e\" data-element_type=\"widget\" data-e-type=\"widget\" data-widget_type=\"breadcrumbs.default\">\n\t\t\t\t<div class=\"elementor-widget-container\">\n\t\t\t\t\t<p id=\"breadcrumbs\"><span><span><a href=\"https:\/\/www.ceran.com\/fr\/\">Accueil<\/a><\/span><\/span><\/p>\t\t\t\t<\/div>\n\t\t\t\t<\/div>\n\t\t\t\t\t<\/div>\n\t\t<\/div>\n\t\t\t\t\t<\/div>\n\t\t<\/section>\n\t\t\t\t<\/div>\n\t\t\t\t<\/div>\n\t\t\t\t\t\t<\/div>\n\t\t\t\t<\/div>\n\t\t\t\t\t<\/div>\n\t\t<\/div>\n\t\t\t\t\t<\/div>\n\t\t<\/section>\n\t\t\t\t<section class=\"elementor-section elementor-top-section elementor-element elementor-element-35aeefa1 elementor-section-boxed elementor-section-height-default elementor-section-height-default\" data-id=\"35aeefa1\" data-element_type=\"section\" data-e-type=\"section\">\n\t\t\t\t\t\t<div class=\"elementor-container elementor-column-gap-default\">\n\t\t\t\t\t<div class=\"elementor-column elementor-col-100 elementor-top-column elementor-element elementor-element-9c0e0b5\" data-id=\"9c0e0b5\" data-element_type=\"column\" data-e-type=\"column\">\n\t\t\t<div class=\"elementor-widget-wrap elementor-element-populated\">\n\t\t\t\t\t\t<div class=\"elementor-element elementor-element-double-colonne-texte elementor-widget elementor-widget-double-colonne-texte\" data-id=\"double-colonne-texte\" data-element_type=\"widget\" data-e-type=\"widget\" data-widget_type=\"double-colonne-texte.default\">\n\t\t\t\t<div class=\"elementor-widget-container\">\n\t\t\t\t\t<div class=\"widget-column  \"><div class=\"wrapper-column\"><div class=\"corner no-corner\"><div class=\"corner-content\"><div class=\"ax-title mb-5\">Travailler & N\u00e9gocier avec la Suisse<\/div><div class=\"bottom-block row\"><div class=\"bottom-block-img col-6\"><img decoding=\"async\" width=\"125\" height=\"90\" src=\"https:\/\/www.ceran.com\/wp-content\/uploads\/2022\/01\/typeadmin.png\" class=\"attachment-thumbnail size-thumbnail\" alt=\"\" \/><\/div><div class=\"bottom-block-links col-6 d-flex flex-column\"><\/div><\/div><\/div><\/div><\/div><div class=\"wrapper-column\"><div class=\"corner no-corner\" style=\" display: flex; align-items: center;\"><div class=\"corner-content\"><div id=\"block-214\" class=\"sc-bdvvtL iSyBpQ\"><div class=\"sc-ksdxgE GNvNR\"><h3><span style=\"color: #da291c;\">FORMATION INTERCULTURELLE - TRAVAILLER &amp; NEGOCIER EN SUISSE<\/span><\/h3><\/div><\/div><div id=\"block-215\" class=\"sc-bdvvtL iSyBpQ\"><div class=\"sc-ksdxgE jpFJhy\"><p>D\u00e9couvrez le contenu de notre formation interculturelle - Travailler et n\u00e9gocier avec des suisses<\/p><\/div><\/div><\/div><\/div><\/div><\/div>\t\t\t\t<\/div>\n\t\t\t\t<\/div>\n\t\t\t\t<div class=\"elementor-element elementor-element-e8d6b76 elementor-widget elementor-widget-template\" data-id=\"e8d6b76\" data-element_type=\"widget\" data-e-type=\"widget\" data-widget_type=\"template.default\">\n\t\t\t\t<div class=\"elementor-widget-container\">\n\t\t\t\t\t\t\t<div class=\"elementor-template\">\n\t\t\t\t\t<div data-elementor-type=\"section\" data-elementor-id=\"60604\" class=\"elementor elementor-60604\" data-elementor-post-type=\"elementor_library\">\n\t\t\t\t\t<section class=\"elementor-section elementor-top-section elementor-element elementor-element-5328a7aa elementor-section-boxed elementor-section-height-default elementor-section-height-default\" data-id=\"5328a7aa\" data-element_type=\"section\" data-e-type=\"section\" data-settings=\"{&quot;background_background&quot;:&quot;classic&quot;}\">\n\t\t\t\t\t\t<div class=\"elementor-container elementor-column-gap-default\">\n\t\t\t\t\t<div class=\"elementor-column elementor-col-100 elementor-top-column elementor-element elementor-element-327e339e\" data-id=\"327e339e\" data-element_type=\"column\" data-e-type=\"column\">\n\t\t\t<div class=\"elementor-widget-wrap elementor-element-populated\">\n\t\t\t\t\t\t<div class=\"elementor-element elementor-element-7dc506d7 elementor-cta--skin-classic elementor-animated-content elementor-bg-transform elementor-bg-transform-zoom-in elementor-widget elementor-widget-call-to-action\" data-id=\"7dc506d7\" data-element_type=\"widget\" data-e-type=\"widget\" data-widget_type=\"call-to-action.default\">\n\t\t\t\t<div class=\"elementor-widget-container\">\n\t\t\t\t\t\t\t<div class=\"elementor-cta\">\n\t\t\t\t\t<div class=\"elementor-cta__bg-wrapper\">\n\t\t\t\t<div class=\"elementor-cta__bg elementor-bg\" style=\"background-image: url(https:\/\/www.ceran.com\/wp-content\/uploads\/2022\/09\/Frederic-Dubois-Directeur-CERAn-France-1-1024x200.png);\" role=\"img\" aria-label=\"CERAN, sp\u00e9cialiste de la formation de langue et interculturelle\"><\/div>\n\t\t\t\t<div class=\"elementor-cta__bg-overlay\"><\/div>\n\t\t\t<\/div>\n\t\t\t\t\t\t\t<div class=\"elementor-cta__content\">\n\t\t\t\t\n\t\t\t\t\t\t\t\t\t<h2 class=\"elementor-cta__title elementor-cta__content-item elementor-content-item\">\n\t\t\t\t\t\tVotre projet de formation linguistique ou interculturelle me tient \u00e0 coeur !\t\t\t\t\t<\/h2>\n\t\t\t\t\n\t\t\t\t\t\t\t\t\t<div class=\"elementor-cta__description elementor-cta__content-item elementor-content-item\">\n\t\t\t\t\t\tVous avez des questions ou vous souhaitez un conseil personnalis\u00e9 ? \nCliquez ici pour r\u00e9server un rendez-vous de 15 minutes dans mon agenda. \t\t\t\t\t<\/div>\n\t\t\t\t\n\t\t\t\t\t\t\t\t\t<div class=\"elementor-cta__button-wrapper elementor-cta__content-item elementor-content-item \">\n\t\t\t\t\t<a class=\"elementor-cta__button elementor-button elementor-size-\" href=\"https:\/\/outlook.office365.com\/owa\/calendar\/FrdricDUBOIS@ceran.com\/bookings\/\">\n\t\t\t\t\t\tJe r\u00e9serve mon appel d\u00e9couverte offert\t\t\t\t\t<\/a>\n\t\t\t\t\t<\/div>\n\t\t\t\t\t\t\t<\/div>\n\t\t\t\t\t\t<\/div>\n\t\t\t\t\t\t<\/div>\n\t\t\t\t<\/div>\n\t\t\t\t\t<\/div>\n\t\t<\/div>\n\t\t\t\t\t<\/div>\n\t\t<\/section>\n\t\t\t\t<\/div>\n\t\t\t\t<\/div>\n\t\t\t\t\t\t<\/div>\n\t\t\t\t<\/div>\n\t\t\t\t\t<\/div>\n\t\t<\/div>\n\t\t\t\t\t<\/div>\n\t\t<\/section>\n\t\t\t\t<section class=\"elementor-section elementor-top-section elementor-element elementor-element-60e24166 elementor-section-boxed elementor-section-height-default elementor-section-height-default\" data-id=\"60e24166\" data-element_type=\"section\" data-e-type=\"section\" data-settings=\"{&quot;background_background&quot;:&quot;classic&quot;}\">\n\t\t\t\t\t\t<div class=\"elementor-container elementor-column-gap-default\">\n\t\t\t\t\t<div class=\"elementor-column elementor-col-100 elementor-top-column elementor-element elementor-element-5b8d7020\" data-id=\"5b8d7020\" data-element_type=\"column\" data-e-type=\"column\">\n\t\t\t<div class=\"elementor-widget-wrap elementor-element-populated\">\n\t\t\t\t\t\t<section class=\"elementor-section elementor-inner-section elementor-element elementor-element-4b7b0952 elementor-section-boxed elementor-section-height-default elementor-section-height-default\" data-id=\"4b7b0952\" data-element_type=\"section\" data-e-type=\"section\" data-settings=\"{&quot;background_background&quot;:&quot;classic&quot;}\">\n\t\t\t\t\t\t<div class=\"elementor-container elementor-column-gap-default\">\n\t\t\t\t\t<div class=\"elementor-column elementor-col-100 elementor-inner-column elementor-element elementor-element-307dab06\" data-id=\"307dab06\" data-element_type=\"column\" data-e-type=\"column\">\n\t\t\t<div class=\"elementor-widget-wrap elementor-element-populated\">\n\t\t\t\t\t\t<div class=\"elementor-element elementor-element-f6a2224 elementor-widget elementor-widget-heading\" data-id=\"f6a2224\" data-element_type=\"widget\" data-e-type=\"widget\" data-widget_type=\"heading.default\">\n\t\t\t\t<div class=\"elementor-widget-container\">\n\t\t\t\t\t<h2 class=\"elementor-heading-title elementor-size-default\">COMMENT TRAVAILLER &amp; NEGOCIER AVEC LA SUISSE ?<\/h2>\t\t\t\t<\/div>\n\t\t\t\t<\/div>\n\t\t\t\t<div class=\"elementor-element elementor-element-4ecfbcbf elementor-widget elementor-widget-heading\" data-id=\"4ecfbcbf\" data-element_type=\"widget\" data-e-type=\"widget\" data-widget_type=\"heading.default\">\n\t\t\t\t<div class=\"elementor-widget-container\">\n\t\t\t\t\t<h2 class=\"elementor-heading-title elementor-size-default\">CONTEXTE ET VALEURS PROFESSIONNELLES<\/h2>\t\t\t\t<\/div>\n\t\t\t\t<\/div>\n\t\t\t\t<div class=\"elementor-element elementor-element-3885fa24 elementor-widget elementor-widget-text-editor\" data-id=\"3885fa24\" data-element_type=\"widget\" data-e-type=\"widget\" data-widget_type=\"text-editor.default\">\n\t\t\t\t<div class=\"elementor-widget-container\">\n\t\t\t\t\t\t\t\t\t<p><strong>1.\u00a0\u00a0 \u00a0Le contexte international des affaires<\/strong><\/p><p><br \/>\u2022\u00a0\u00a0 \u00a0Petit Pays \u2013 grandes entreprises<br \/>\u2022\u00a0\u00a0 \u00a0La place de l\u2019entreprise et de la cr\u00e9ation de richesse dans la soci\u00e9t\u00e9<br \/>\u2022\u00a0\u00a0 \u00a0Le climat social et les rapports de force \u00e0 la Suisse<br \/>\u2022\u00a0\u00a0 \u00a0La Suisse apr\u00e8s la crise ; la cr\u00e9ation d\u2019une nouvelle dynamique<br \/><br \/><br \/><strong>2.\u00a0\u00a0 \u00a0Les orientations culturelles au travail<\/strong><\/p><p><br \/>\u2022\u00a0\u00a0 \u00a0Les cercles et r\u00e9seaux d\u2019influence<br \/>\u2022\u00a0\u00a0 \u00a0Structures formelles et clairement d\u00e9limit\u00e9es<br \/>\u2022\u00a0\u00a0 \u00a0Les rapports au sein de l\u2019entreprise et la prise de d\u00e9cision<br \/>\u2022\u00a0\u00a0 \u00a0Prise de risque mesur\u00e9, anticipation, pr\u00e9paration<br \/>\u2022\u00a0\u00a0 \u00a0Recherche du travail bien fait et de l\u2019am\u00e9lioration<br \/>\u00a0<\/p>\t\t\t\t\t\t\t\t<\/div>\n\t\t\t\t<\/div>\n\t\t\t\t<div class=\"elementor-element elementor-element-2b45578 elementor-widget elementor-widget-image\" data-id=\"2b45578\" data-element_type=\"widget\" data-e-type=\"widget\" data-widget_type=\"image.default\">\n\t\t\t\t<div class=\"elementor-widget-container\">\n\t\t\t\t\t\t\t\t\t\t\t\t\t\t\t<img fetchpriority=\"high\" decoding=\"async\" width=\"900\" height=\"578\" src=\"https:\/\/www.ceran.com\/wp-content\/uploads\/2022\/09\/travailler-negocier-et-sexpatrier-en-suisse-e1662380660503.jpg\" class=\"attachment-full size-full wp-image-60671\" alt=\"travailler, n\u00e9gocier et s&#039;expatrier en Suisse\" srcset=\"https:\/\/www.ceran.com\/wp-content\/uploads\/2022\/09\/travailler-negocier-et-sexpatrier-en-suisse-e1662380660503.jpg 900w, https:\/\/www.ceran.com\/wp-content\/uploads\/2022\/09\/travailler-negocier-et-sexpatrier-en-suisse-e1662380660503-300x193.jpg 300w, https:\/\/www.ceran.com\/wp-content\/uploads\/2022\/09\/travailler-negocier-et-sexpatrier-en-suisse-e1662380660503-768x493.jpg 768w\" sizes=\"(max-width: 900px) 100vw, 900px\" \/>\t\t\t\t\t\t\t\t\t\t\t\t\t\t\t<\/div>\n\t\t\t\t<\/div>\n\t\t\t\t<div class=\"elementor-element elementor-element-4bbe3269 elementor-widget elementor-widget-heading\" data-id=\"4bbe3269\" data-element_type=\"widget\" data-e-type=\"widget\" data-widget_type=\"heading.default\">\n\t\t\t\t<div class=\"elementor-widget-container\">\n\t\t\t\t\t<h2 class=\"elementor-heading-title elementor-size-default\">COMMUNIQUER EFFICACEMENT<\/h2>\t\t\t\t<\/div>\n\t\t\t\t<\/div>\n\t\t\t\t<div class=\"elementor-element elementor-element-5436340 elementor-widget elementor-widget-text-editor\" data-id=\"5436340\" data-element_type=\"widget\" data-e-type=\"widget\" data-widget_type=\"text-editor.default\">\n\t\t\t\t<div class=\"elementor-widget-container\">\n\t\t\t\t\t\t\t\t\t<p><strong>3.\u00a0\u00a0 \u00a0Modes relationnels<\/strong><\/p><p><br \/>\u2022\u00a0\u00a0 \u00a0Le chef et la hi\u00e9rarchie suisse<br \/>\u2022\u00a0\u00a0 \u00a0Contexte fort vs contexte faible : communication explicite et factuelle<br \/>\u2022\u00a0\u00a0 \u00a0Le sens de la pr\u00e9cision et attachement aux d\u00e9tails<br \/>\u2022\u00a0\u00a0 \u00a0Un mode de communication transactionnel et pragmatique<\/p><p><br \/><br \/><strong>4.\u00a0\u00a0 \u00a0Situations professionnelles\u00a0<\/strong><\/p><p><br \/>\u2022\u00a0\u00a0 \u00a0Un environnement multilingue<br \/>\u2022\u00a0\u00a0 \u00a0Loyaut\u00e9, fiabilit\u00e9 et engagements<br \/>\u2022\u00a0\u00a0 \u00a0La gestion d\u2019un environnement multiculturel<br \/>\u2022\u00a0\u00a0 \u00a0Rapports directes et acc\u00e8s aux d\u00e9cideurs pour tout le monde<br \/>\u2022\u00a0\u00a0 \u00a0Communication non-verbale et codes professionnels<\/p>\t\t\t\t\t\t\t\t<\/div>\n\t\t\t\t<\/div>\n\t\t\t\t<div class=\"elementor-element elementor-element-7490d9d6 elementor-widget elementor-widget-heading\" data-id=\"7490d9d6\" data-element_type=\"widget\" data-e-type=\"widget\" data-widget_type=\"heading.default\">\n\t\t\t\t<div class=\"elementor-widget-container\">\n\t\t\t\t\t<h2 class=\"elementor-heading-title elementor-size-default\">MANAGER DES \u00c9QUIPES ET DES PROJETS<\/h2>\t\t\t\t<\/div>\n\t\t\t\t<\/div>\n\t\t\t\t<div class=\"elementor-element elementor-element-387fbc8e elementor-widget elementor-widget-text-editor\" data-id=\"387fbc8e\" data-element_type=\"widget\" data-e-type=\"widget\" data-widget_type=\"text-editor.default\">\n\t\t\t\t<div class=\"elementor-widget-container\">\n\t\t\t\t\t\t\t\t\t<p><strong>5.\u00a0\u00a0 \u00a0Pratiques et outils de management\u00a0<\/strong><\/p><p><br \/>\u2022\u00a0\u00a0 \u00a0La conception du travail : s\u00e9rieux et engagement<br \/>\u2022\u00a0\u00a0 \u00a0Respect des d\u00e9lais et des agendas, ponctualit\u00e9, clart\u00e9 et pr\u00e9cision<br \/>\u2022\u00a0\u00a0 \u00a0Application des r\u00e8gles, des process et des proc\u00e9dures<br \/>\u2022\u00a0\u00a0 \u00a0Hi\u00e9rarchie et autorit\u00e9 : des responsabilit\u00e9s claires et pr\u00e9cises<br \/>\u2022\u00a0\u00a0 \u00a0Le manager : facilitateur, expert ou coach ?<br \/>\u2022\u00a0\u00a0 \u00a0L\u2019organisation du projet : vision \u00e0 long-terme, mais focus sur la pr\u00e9paration et le suivi<br \/><br \/><br \/><strong>6.\u00a0\u00a0 \u00a0Applications op\u00e9rationnelles<\/strong><\/p><p><br \/>\u2022\u00a0\u00a0 \u00a0Conseils pour la prise de poste.<br \/>\u2022\u00a0\u00a0 \u00a0Plan d\u2019action<\/p>\t\t\t\t\t\t\t\t<\/div>\n\t\t\t\t<\/div>\n\t\t\t\t<div class=\"elementor-element elementor-element-3f43e7b elementor-widget elementor-widget-text-editor\" data-id=\"3f43e7b\" data-element_type=\"widget\" data-e-type=\"widget\" data-widget_type=\"text-editor.default\">\n\t\t\t\t<div class=\"elementor-widget-container\">\n\t\t\t\t\t\t\t\t\t<h3>EN SAVOIR PLUS SUR L&rsquo;INTERCULTUREL<\/h3><p>\u00a0<\/p><p><span style=\"color: #3366ff;\"><a style=\"color: #3366ff;\" href=\"https:\/\/www.ceran.com\/fr\/comprendre-une-culture\/\">Comprendre une culture<\/a><\/span><\/p><p><span style=\"color: #3366ff;\"><a style=\"color: #3366ff;\" href=\"https:\/\/www.ceran.com\/fr\/comprendre-une-culture\/travailler-a-linternational\/\">Me faire accompagner dans mes projets internationaux<\/a><\/span><\/p><p><span style=\"color: #3366ff;\"><a style=\"color: #3366ff;\" href=\"https:\/\/www.ceran.com\/fr\/comprendre-une-culture\/expatriation-et-retours\/\">M&rsquo;int\u00e9grer dans un nouvel environnement<\/a><\/span><\/p><p><span style=\"color: #3366ff;\"><a style=\"color: #3366ff;\" href=\"https:\/\/www.ceran.com\/fr\/cultural-assesment\/\">R\u00e9aliser un test interculturel<\/a><\/span><\/p>\t\t\t\t\t\t\t\t<\/div>\n\t\t\t\t<\/div>\n\t\t\t\t\t<\/div>\n\t\t<\/div>\n\t\t\t\t\t<\/div>\n\t\t<\/section>\n\t\t\t\t\t<\/div>\n\t\t<\/div>\n\t\t\t\t\t<\/div>\n\t\t<\/section>\n\t\t\t\t<\/div>\n\t\t","protected":false},"excerpt":{"rendered":"<p>Travailler &#038; N\u00e9gocier avec la Suisse FORMATION INTERCULTURELLE &#8211; TRAVAILLER &amp; NEGOCIER EN SUISSE D\u00e9couvrez le contenu de notre formation interculturelle &#8211; Travailler et n\u00e9gocier avec des suisses COMMENT TRAVAILLER &#038; NEGOCIER AVEC LA SUISSE ? CONTEXTE ET VALEURS PROFESSIONNELLES 1.\u00a0\u00a0 \u00a0Le contexte international des affaires \u2022\u00a0\u00a0 \u00a0Petit Pays \u2013 grandes entreprises\u2022\u00a0\u00a0 \u00a0La place de [&hellip;]<\/p>\n","protected":false},"author":7,"featured_media":0,"parent":0,"menu_order":0,"comment_status":"closed","ping_status":"closed","template":"","meta":{"_acf_changed":false,"_seopress_robots_primary_cat":"","_seopress_titles_title":"","_seopress_titles_desc":"Comment travailler & n\u00e9gocier avec la Suisse ? D\u00e9couvrez le contenu de notre formation interculturelle - Travailler et n\u00e9gocier avec des suisses","_seopress_robots_index":"","content-type":"","footnotes":""},"class_list":["post-14630","page","type-page","status-publish","hentry"],"acf":[],"yoast_head":"<!-- This site is optimized with the Yoast SEO plugin v27.5 - https:\/\/yoast.com\/product\/yoast-seo-wordpress\/ -->\n<title>Travailler &amp; N\u00e9gocier avec la Suisse - Ceran<\/title>\n<meta name=\"description\" content=\"Comment travailler &amp; n\u00e9gocier avec la Suisse ? D\u00e9couvrez le contenu de notre formation interculturelle - Travailler et n\u00e9gocier avec des suisses\" \/>\n<meta name=\"robots\" content=\"index, follow, max-snippet:-1, max-image-preview:large, max-video-preview:-1\" \/>\n<link rel=\"canonical\" href=\"https:\/\/www.ceran.com\/fr\/travailler-negocier-avec-la-suisse\/\" \/>\n<meta property=\"og:locale\" content=\"fr_FR\" \/>\n<meta property=\"og:type\" content=\"article\" \/>\n<meta property=\"og:title\" content=\"Travailler &amp; N\u00e9gocier avec la Suisse - Ceran\" \/>\n<meta property=\"og:description\" content=\"Comment travailler &amp; n\u00e9gocier avec la Suisse ? D\u00e9couvrez le contenu de notre formation interculturelle - Travailler et n\u00e9gocier avec des suisses\" \/>\n<meta property=\"og:url\" content=\"https:\/\/www.ceran.com\/fr\/travailler-negocier-avec-la-suisse\/\" \/>\n<meta property=\"og:site_name\" content=\"Ceran\" \/>\n<meta property=\"article:modified_time\" content=\"2022-09-05T12:25:23+00:00\" \/>\n<meta property=\"og:image\" content=\"https:\/\/www.ceran.com\/wp-content\/uploads\/2022\/01\/typeadmin.png\" \/>\n<meta name=\"twitter:card\" content=\"summary_large_image\" \/>\n<script type=\"application\/ld+json\" class=\"yoast-schema-graph\">{\"@context\":\"https:\\\/\\\/schema.org\",\"@graph\":[{\"@type\":\"WebPage\",\"@id\":\"https:\\\/\\\/www.ceran.com\\\/fr\\\/travailler-negocier-avec-la-suisse\\\/\",\"url\":\"https:\\\/\\\/www.ceran.com\\\/fr\\\/travailler-negocier-avec-la-suisse\\\/\",\"name\":\"Travailler & N\u00e9gocier avec la Suisse - Ceran\",\"isPartOf\":{\"@id\":\"https:\\\/\\\/www.ceran.com\\\/fr\\\/#website\"},\"primaryImageOfPage\":{\"@id\":\"https:\\\/\\\/www.ceran.com\\\/fr\\\/travailler-negocier-avec-la-suisse\\\/#primaryimage\"},\"image\":{\"@id\":\"https:\\\/\\\/www.ceran.com\\\/fr\\\/travailler-negocier-avec-la-suisse\\\/#primaryimage\"},\"thumbnailUrl\":\"https:\\\/\\\/www.ceran.com\\\/wp-content\\\/uploads\\\/2022\\\/01\\\/typeadmin.png\",\"datePublished\":\"2022-03-01T15:47:25+00:00\",\"dateModified\":\"2022-09-05T12:25:23+00:00\",\"description\":\"Comment travailler & n\u00e9gocier avec la Suisse ? D\u00e9couvrez le contenu de notre formation interculturelle - Travailler et n\u00e9gocier avec des suisses\",\"breadcrumb\":{\"@id\":\"https:\\\/\\\/www.ceran.com\\\/fr\\\/travailler-negocier-avec-la-suisse\\\/#breadcrumb\"},\"inLanguage\":\"fr-FR\",\"potentialAction\":[{\"@type\":\"ReadAction\",\"target\":[\"https:\\\/\\\/www.ceran.com\\\/fr\\\/travailler-negocier-avec-la-suisse\\\/\"]}]},{\"@type\":\"ImageObject\",\"inLanguage\":\"fr-FR\",\"@id\":\"https:\\\/\\\/www.ceran.com\\\/fr\\\/travailler-negocier-avec-la-suisse\\\/#primaryimage\",\"url\":\"https:\\\/\\\/www.ceran.com\\\/wp-content\\\/uploads\\\/2022\\\/01\\\/typeadmin.png\",\"contentUrl\":\"https:\\\/\\\/www.ceran.com\\\/wp-content\\\/uploads\\\/2022\\\/01\\\/typeadmin.png\"},{\"@type\":\"BreadcrumbList\",\"@id\":\"https:\\\/\\\/www.ceran.com\\\/fr\\\/travailler-negocier-avec-la-suisse\\\/#breadcrumb\",\"itemListElement\":[{\"@type\":\"ListItem\",\"position\":1,\"name\":\"Accueil\",\"item\":\"https:\\\/\\\/www.ceran.com\\\/fr\\\/\"},{\"@type\":\"ListItem\",\"position\":2,\"name\":\"Travailler &#038; N\u00e9gocier avec la Suisse\"}]},{\"@type\":\"WebSite\",\"@id\":\"https:\\\/\\\/www.ceran.com\\\/fr\\\/#website\",\"url\":\"https:\\\/\\\/www.ceran.com\\\/fr\\\/\",\"name\":\"Ceran\",\"description\":\"Des formations linguistiques et interculturelles qui vous ouvrent de nouveaux horizons\",\"publisher\":{\"@id\":\"https:\\\/\\\/www.ceran.com\\\/fr\\\/#organization\"},\"potentialAction\":[{\"@type\":\"SearchAction\",\"target\":{\"@type\":\"EntryPoint\",\"urlTemplate\":\"https:\\\/\\\/www.ceran.com\\\/fr\\\/?s={search_term_string}\"},\"query-input\":{\"@type\":\"PropertyValueSpecification\",\"valueRequired\":true,\"valueName\":\"search_term_string\"}}],\"inLanguage\":\"fr-FR\"},{\"@type\":\"Organization\",\"@id\":\"https:\\\/\\\/www.ceran.com\\\/fr\\\/#organization\",\"name\":\"Ceran\",\"url\":\"https:\\\/\\\/www.ceran.com\\\/fr\\\/\",\"logo\":{\"@type\":\"ImageObject\",\"inLanguage\":\"fr-FR\",\"@id\":\"https:\\\/\\\/www.ceran.com\\\/fr\\\/#\\\/schema\\\/logo\\\/image\\\/\",\"url\":\"https:\\\/\\\/www.ceran.com\\\/wp-content\\\/uploads\\\/2025\\\/06\\\/Logo-CERAN-16-x-16-pixels.svg\",\"contentUrl\":\"https:\\\/\\\/www.ceran.com\\\/wp-content\\\/uploads\\\/2025\\\/06\\\/Logo-CERAN-16-x-16-pixels.svg\",\"width\":30,\"height\":30,\"caption\":\"Ceran\"},\"image\":{\"@id\":\"https:\\\/\\\/www.ceran.com\\\/fr\\\/#\\\/schema\\\/logo\\\/image\\\/\"}}]}<\/script>\n<!-- \/ Yoast SEO plugin. -->","yoast_head_json":{"title":"Travailler & N\u00e9gocier avec la Suisse - Ceran","description":"Comment travailler & n\u00e9gocier avec la Suisse ? D\u00e9couvrez le contenu de notre formation interculturelle - Travailler et n\u00e9gocier avec des suisses","robots":{"index":"index","follow":"follow","max-snippet":"max-snippet:-1","max-image-preview":"max-image-preview:large","max-video-preview":"max-video-preview:-1"},"canonical":"https:\/\/www.ceran.com\/fr\/travailler-negocier-avec-la-suisse\/","og_locale":"fr_FR","og_type":"article","og_title":"Travailler & N\u00e9gocier avec la Suisse - Ceran","og_description":"Comment travailler & n\u00e9gocier avec la Suisse ? D\u00e9couvrez le contenu de notre formation interculturelle - Travailler et n\u00e9gocier avec des suisses","og_url":"https:\/\/www.ceran.com\/fr\/travailler-negocier-avec-la-suisse\/","og_site_name":"Ceran","article_modified_time":"2022-09-05T12:25:23+00:00","og_image":[{"url":"https:\/\/www.ceran.com\/wp-content\/uploads\/2022\/01\/typeadmin.png","type":"","width":"","height":""}],"twitter_card":"summary_large_image","schema":{"@context":"https:\/\/schema.org","@graph":[{"@type":"WebPage","@id":"https:\/\/www.ceran.com\/fr\/travailler-negocier-avec-la-suisse\/","url":"https:\/\/www.ceran.com\/fr\/travailler-negocier-avec-la-suisse\/","name":"Travailler & N\u00e9gocier avec la Suisse - Ceran","isPartOf":{"@id":"https:\/\/www.ceran.com\/fr\/#website"},"primaryImageOfPage":{"@id":"https:\/\/www.ceran.com\/fr\/travailler-negocier-avec-la-suisse\/#primaryimage"},"image":{"@id":"https:\/\/www.ceran.com\/fr\/travailler-negocier-avec-la-suisse\/#primaryimage"},"thumbnailUrl":"https:\/\/www.ceran.com\/wp-content\/uploads\/2022\/01\/typeadmin.png","datePublished":"2022-03-01T15:47:25+00:00","dateModified":"2022-09-05T12:25:23+00:00","description":"Comment travailler & n\u00e9gocier avec la Suisse ? D\u00e9couvrez le contenu de notre formation interculturelle - Travailler et n\u00e9gocier avec des suisses","breadcrumb":{"@id":"https:\/\/www.ceran.com\/fr\/travailler-negocier-avec-la-suisse\/#breadcrumb"},"inLanguage":"fr-FR","potentialAction":[{"@type":"ReadAction","target":["https:\/\/www.ceran.com\/fr\/travailler-negocier-avec-la-suisse\/"]}]},{"@type":"ImageObject","inLanguage":"fr-FR","@id":"https:\/\/www.ceran.com\/fr\/travailler-negocier-avec-la-suisse\/#primaryimage","url":"https:\/\/www.ceran.com\/wp-content\/uploads\/2022\/01\/typeadmin.png","contentUrl":"https:\/\/www.ceran.com\/wp-content\/uploads\/2022\/01\/typeadmin.png"},{"@type":"BreadcrumbList","@id":"https:\/\/www.ceran.com\/fr\/travailler-negocier-avec-la-suisse\/#breadcrumb","itemListElement":[{"@type":"ListItem","position":1,"name":"Accueil","item":"https:\/\/www.ceran.com\/fr\/"},{"@type":"ListItem","position":2,"name":"Travailler &#038; N\u00e9gocier avec la Suisse"}]},{"@type":"WebSite","@id":"https:\/\/www.ceran.com\/fr\/#website","url":"https:\/\/www.ceran.com\/fr\/","name":"Ceran","description":"Des formations linguistiques et interculturelles qui vous ouvrent de nouveaux horizons","publisher":{"@id":"https:\/\/www.ceran.com\/fr\/#organization"},"potentialAction":[{"@type":"SearchAction","target":{"@type":"EntryPoint","urlTemplate":"https:\/\/www.ceran.com\/fr\/?s={search_term_string}"},"query-input":{"@type":"PropertyValueSpecification","valueRequired":true,"valueName":"search_term_string"}}],"inLanguage":"fr-FR"},{"@type":"Organization","@id":"https:\/\/www.ceran.com\/fr\/#organization","name":"Ceran","url":"https:\/\/www.ceran.com\/fr\/","logo":{"@type":"ImageObject","inLanguage":"fr-FR","@id":"https:\/\/www.ceran.com\/fr\/#\/schema\/logo\/image\/","url":"https:\/\/www.ceran.com\/wp-content\/uploads\/2025\/06\/Logo-CERAN-16-x-16-pixels.svg","contentUrl":"https:\/\/www.ceran.com\/wp-content\/uploads\/2025\/06\/Logo-CERAN-16-x-16-pixels.svg","width":30,"height":30,"caption":"Ceran"},"image":{"@id":"https:\/\/www.ceran.com\/fr\/#\/schema\/logo\/image\/"}}]}},"_links":{"self":[{"href":"https:\/\/www.ceran.com\/fr\/wp-json\/wp\/v2\/pages\/14630","targetHints":{"allow":["GET"]}}],"collection":[{"href":"https:\/\/www.ceran.com\/fr\/wp-json\/wp\/v2\/pages"}],"about":[{"href":"https:\/\/www.ceran.com\/fr\/wp-json\/wp\/v2\/types\/page"}],"author":[{"embeddable":true,"href":"https:\/\/www.ceran.com\/fr\/wp-json\/wp\/v2\/users\/7"}],"replies":[{"embeddable":true,"href":"https:\/\/www.ceran.com\/fr\/wp-json\/wp\/v2\/comments?post=14630"}],"version-history":[{"count":5,"href":"https:\/\/www.ceran.com\/fr\/wp-json\/wp\/v2\/pages\/14630\/revisions"}],"predecessor-version":[{"id":60677,"href":"https:\/\/www.ceran.com\/fr\/wp-json\/wp\/v2\/pages\/14630\/revisions\/60677"}],"wp:attachment":[{"href":"https:\/\/www.ceran.com\/fr\/wp-json\/wp\/v2\/media?parent=14630"}],"curies":[{"name":"wp","href":"https:\/\/api.w.org\/{rel}","templated":true}]}}