{"id":2294,"date":"2022-02-02T12:12:41","date_gmt":"2022-02-02T11:12:41","guid":{"rendered":"https:\/\/www.ceran.com\/?page_id=2294"},"modified":"2023-01-13T12:18:58","modified_gmt":"2023-01-13T11:18:58","slug":"faire-financer-sa-formation","status":"publish","type":"page","link":"https:\/\/www.ceran.com\/fr\/le-ceran-et-ses-methodes\/faire-financer-sa-formation\/","title":{"rendered":"Faire financer sa formation"},"content":{"rendered":"\t\t<div data-elementor-type=\"wp-page\" data-elementor-id=\"2294\" class=\"elementor elementor-2294\" data-elementor-post-type=\"page\">\n\t\t\t\t\t\t<section class=\"elementor-section elementor-top-section elementor-element elementor-element-a64c9b6 elementor-section-boxed elementor-section-height-default elementor-section-height-default\" data-id=\"a64c9b6\" data-element_type=\"section\" data-e-type=\"section\">\n\t\t\t\t\t\t<div class=\"elementor-container elementor-column-gap-default\">\n\t\t\t\t\t<div class=\"elementor-column elementor-col-100 elementor-top-column elementor-element elementor-element-733ea09\" data-id=\"733ea09\" data-element_type=\"column\" data-e-type=\"column\">\n\t\t\t<div class=\"elementor-widget-wrap elementor-element-populated\">\n\t\t\t\t\t\t<div class=\"elementor-element elementor-element-393a104 elementor-widget elementor-widget-template\" data-id=\"393a104\" data-element_type=\"widget\" data-e-type=\"widget\" data-widget_type=\"template.default\">\n\t\t\t\t<div class=\"elementor-widget-container\">\n\t\t\t\t\t\t\t<div class=\"elementor-template\">\n\t\t\t\t\t<div data-elementor-type=\"section\" data-elementor-id=\"2014\" class=\"elementor elementor-2014\" data-elementor-post-type=\"elementor_library\">\n\t\t\t\t\t<section class=\"elementor-section elementor-top-section elementor-element elementor-element-7ff20875 elementor-section-boxed elementor-section-height-default elementor-section-height-default\" data-id=\"7ff20875\" data-element_type=\"section\" data-e-type=\"section\">\n\t\t\t\t\t\t<div class=\"elementor-container elementor-column-gap-default\">\n\t\t\t\t\t<div class=\"elementor-column elementor-col-100 elementor-top-column elementor-element elementor-element-a5e383b\" data-id=\"a5e383b\" data-element_type=\"column\" data-e-type=\"column\">\n\t\t\t<div class=\"elementor-widget-wrap elementor-element-populated\">\n\t\t\t\t\t\t<div class=\"elementor-element elementor-element-3edd7a7e elementor-widget elementor-widget-breadcrumbs\" data-id=\"3edd7a7e\" data-element_type=\"widget\" data-e-type=\"widget\" data-widget_type=\"breadcrumbs.default\">\n\t\t\t\t<div class=\"elementor-widget-container\">\n\t\t\t\t\t<p id=\"breadcrumbs\"><span><span><a href=\"https:\/\/www.ceran.com\/fr\/\">Accueil<\/a><\/span><\/span><\/p>\t\t\t\t<\/div>\n\t\t\t\t<\/div>\n\t\t\t\t\t<\/div>\n\t\t<\/div>\n\t\t\t\t\t<\/div>\n\t\t<\/section>\n\t\t\t\t<\/div>\n\t\t\t\t<\/div>\n\t\t\t\t\t\t<\/div>\n\t\t\t\t<\/div>\n\t\t\t\t\t<\/div>\n\t\t<\/div>\n\t\t\t\t\t<\/div>\n\t\t<\/section>\n\t\t\t\t<section class=\"elementor-section elementor-top-section elementor-element elementor-element-a5f5bbb elementor-section-boxed elementor-section-height-default elementor-section-height-default\" data-id=\"a5f5bbb\" data-element_type=\"section\" data-e-type=\"section\">\n\t\t\t\t\t\t<div class=\"elementor-container elementor-column-gap-default\">\n\t\t\t\t\t<div class=\"elementor-column elementor-col-100 elementor-top-column elementor-element elementor-element-1ec7bfb\" data-id=\"1ec7bfb\" data-element_type=\"column\" data-e-type=\"column\">\n\t\t\t<div class=\"elementor-widget-wrap elementor-element-populated\">\n\t\t\t\t\t\t<div class=\"elementor-element elementor-element-double-colonne-texte elementor-widget elementor-widget-double-colonne-texte\" data-id=\"double-colonne-texte\" data-element_type=\"widget\" data-e-type=\"widget\" data-widget_type=\"double-colonne-texte.default\">\n\t\t\t\t<div class=\"elementor-widget-container\">\n\t\t\t\t\t<div class=\"widget-column  \"><div class=\"wrapper-column\"><div class=\"corner corner-right-top-bottom\"><div class=\"corner-content\"><h1 class=\"ax-title mb-5\">Faire financer sa formation<\/h1><div class=\"bottom-block row\"><div class=\"bottom-block-img col-6\"><img decoding=\"async\" width=\"126\" height=\"90\" src=\"https:\/\/www.ceran.com\/wp-content\/uploads\/2022\/01\/Union.png\" class=\"attachment-thumbnail size-thumbnail\" alt=\"\" \/><\/div><div class=\"bottom-block-links col-6 d-flex flex-column\"><a href=\"\/nous-contacter\/\" class=\"ax-btn btn-mail-black mb-2\" >Contactez-nous<\/a><\/div><\/div><\/div><\/div><\/div><div class=\"wrapper-column\"><div class=\"corner corner-left-top-bottom\" style=\" display: flex; align-items: center;\"><div class=\"corner-content\"><p>Il existe plusieurs moyens de faire financer vos formations linguistiques ou formations interculturelles. Nous sommes heureux de vous les faire d\u00e9couvrir. Chaque pays pr\u00e9sentant ses sp\u00e9cificit\u00e9s, ces diff\u00e9rentes aides financi\u00e8res vous sont pr\u00e9sent\u00e9es par pays et par r\u00e9gion. CPF, ch\u00e8ques-formation ou KMO, pour ne citer qu'eux.<\/p><p>Le CERAN vous accompagne et vous conseille dans vos d\u00e9marches de financement de votre formation.<\/p><\/div><\/div><\/div><\/div>\t\t\t\t<\/div>\n\t\t\t\t<\/div>\n\t\t\t\t\t<\/div>\n\t\t<\/div>\n\t\t\t\t\t<\/div>\n\t\t<\/section>\n\t\t\t\t<section class=\"elementor-section elementor-top-section elementor-element elementor-element-849a689 elementor-section-boxed elementor-section-height-default elementor-section-height-default\" data-id=\"849a689\" data-element_type=\"section\" data-e-type=\"section\">\n\t\t\t\t\t\t<div class=\"elementor-container elementor-column-gap-default\">\n\t\t\t\t\t<div class=\"elementor-column elementor-col-100 elementor-top-column elementor-element elementor-element-e40e586\" data-id=\"e40e586\" data-element_type=\"column\" data-e-type=\"column\">\n\t\t\t<div class=\"elementor-widget-wrap elementor-element-populated\">\n\t\t\t\t\t\t<div class=\"elementor-element elementor-element-ceran-title-icon elementor-widget elementor-widget-ceran-title-icon\" data-id=\"ceran-title-icon\" data-element_type=\"widget\" data-e-type=\"widget\" data-widget_type=\"ceran-title-icon.default\">\n\t\t\t\t<div class=\"elementor-widget-container\">\n\t\t\t\t\t<h2 class=\"ax-title-icon\"><div class=\"ax-title-icons bleu-rouge \"> Faites financer votre formation <\/div><\/h2>\t\t\t\t<\/div>\n\t\t\t\t<\/div>\n\t\t\t\t\t<\/div>\n\t\t<\/div>\n\t\t\t\t\t<\/div>\n\t\t<\/section>\n\t\t\t\t<section class=\"elementor-section elementor-top-section elementor-element elementor-element-d4ff462 elementor-section-boxed elementor-section-height-default elementor-section-height-default\" data-id=\"d4ff462\" data-element_type=\"section\" data-e-type=\"section\">\n\t\t\t\t\t\t<div class=\"elementor-container elementor-column-gap-default\">\n\t\t\t\t\t<div class=\"elementor-column elementor-col-100 elementor-top-column elementor-element elementor-element-e8f1a36\" data-id=\"e8f1a36\" data-element_type=\"column\" data-e-type=\"column\">\n\t\t\t<div class=\"elementor-widget-wrap elementor-element-populated\">\n\t\t\t\t\t\t<div class=\"elementor-element elementor-element-7ffc86e elementor-widget elementor-widget-text-editor\" data-id=\"7ffc86e\" data-element_type=\"widget\" data-e-type=\"widget\" data-widget_type=\"text-editor.default\">\n\t\t\t\t<div class=\"elementor-widget-container\">\n\t\t\t\t\t\t\t\t\t<p>Financements possibles par pays<\/p>\t\t\t\t\t\t\t\t<\/div>\n\t\t\t\t<\/div>\n\t\t\t\t\t<\/div>\n\t\t<\/div>\n\t\t\t\t\t<\/div>\n\t\t<\/section>\n\t\t\t\t<section class=\"elementor-section elementor-top-section elementor-element elementor-element-f691349 elementor-section-boxed elementor-section-height-default elementor-section-height-default\" data-id=\"f691349\" data-element_type=\"section\" data-e-type=\"section\">\n\t\t\t\t\t\t<div class=\"elementor-container elementor-column-gap-default\">\n\t\t\t\t\t<div class=\"elementor-column elementor-col-100 elementor-top-column elementor-element elementor-element-4f860fd\" data-id=\"4f860fd\" data-element_type=\"column\" data-e-type=\"column\">\n\t\t\t<div class=\"elementor-widget-wrap elementor-element-populated\">\n\t\t\t\t\t\t<div class=\"elementor-element elementor-element-1e9663a elementor-widget elementor-widget-menu-anchor\" data-id=\"1e9663a\" data-element_type=\"widget\" data-e-type=\"widget\" data-widget_type=\"menu-anchor.default\">\n\t\t\t\t<div class=\"elementor-widget-container\">\n\t\t\t\t\t\t\t<div class=\"elementor-menu-anchor\" id=\"france\"><\/div>\n\t\t\t\t\t\t<\/div>\n\t\t\t\t<\/div>\n\t\t\t\t<div class=\"elementor-element elementor-element-ceran-dropdown-financement elementor-widget elementor-widget-ceran-dropdown-financement\" data-id=\"ceran-dropdown-financement\" data-element_type=\"widget\" data-e-type=\"widget\" data-widget_type=\"ceran-dropdown-financement.default\">\n\t\t\t\t<div class=\"elementor-widget-container\">\n\t\t\t\t\t<div class=\"container p-0\"><div class=\"accordion\"><div class=\"accordion-item\"><h2 class=\"accordion-header\"><button class=\"accordion-button collapsed\" type=\"button\" data-bs-toggle=\"collapse\" data-bs-target=\"#collapse-69f59b3040098\">France <\/button><\/h2><div class=\"subtitle-dropdown\"><\/div><div id=\"collapse-69f59b3040098\" class=\"accordion-collapse collapse\"><div class=\"accordion-body\"><div class=\"row gy-4\"><div class=\"col-md-6\"><div class=\"ax-col-wrapper\"><p class=\"title\">le CPF - Compte Personnel de Formation<\/p><p class=\"text\">En France, c'est le CPF le Compte Personnel de Formation qui pourra contribuer au financement partiel ou total de vos formations CERAN. Le CPF offre le double avantage de financer vos formations linguistiques et vos formations interculturelles !\nNos \u00e9quipes sont \u00e0 vos c\u00f4t\u00e9s pour vous assister dans vos d\u00e9marches, contactez-nous !<\/p><a class=\"ax-btn btn-arrow\" href=\"https:\/\/www.ceran.com\/fr\/formation-langue-cpf\/\" >En savoir plus<\/a><\/div><\/div><\/div><\/div><\/div><\/div><\/div><\/div>\t\t\t\t<\/div>\n\t\t\t\t<\/div>\n\t\t\t\t\t<\/div>\n\t\t<\/div>\n\t\t\t\t\t<\/div>\n\t\t<\/section>\n\t\t\t\t<section class=\"elementor-section elementor-top-section elementor-element elementor-element-d3e2392 elementor-section-boxed elementor-section-height-default elementor-section-height-default\" data-id=\"d3e2392\" data-element_type=\"section\" data-e-type=\"section\">\n\t\t\t\t\t\t<div class=\"elementor-container elementor-column-gap-default\">\n\t\t\t\t\t<div class=\"elementor-column elementor-col-100 elementor-top-column elementor-element elementor-element-46ca2bb\" data-id=\"46ca2bb\" data-element_type=\"column\" data-e-type=\"column\">\n\t\t\t<div class=\"elementor-widget-wrap elementor-element-populated\">\n\t\t\t\t\t\t<div class=\"elementor-element elementor-element-64cf570 elementor-widget elementor-widget-menu-anchor\" data-id=\"64cf570\" data-element_type=\"widget\" data-e-type=\"widget\" data-widget_type=\"menu-anchor.default\">\n\t\t\t\t<div class=\"elementor-widget-container\">\n\t\t\t\t\t\t\t<div class=\"elementor-menu-anchor\" id=\"belgique\"><\/div>\n\t\t\t\t\t\t<\/div>\n\t\t\t\t<\/div>\n\t\t\t\t<div class=\"elementor-element elementor-element-ceran-dropdown-financement elementor-widget elementor-widget-ceran-dropdown-financement\" data-id=\"ceran-dropdown-financement\" data-element_type=\"widget\" data-e-type=\"widget\" data-widget_type=\"ceran-dropdown-financement.default\">\n\t\t\t\t<div class=\"elementor-widget-container\">\n\t\t\t\t\t<div class=\"container p-0\"><div class=\"accordion\"><div class=\"accordion-item\"><h2 class=\"accordion-header\"><button class=\"accordion-button collapsed\" type=\"button\" data-bs-toggle=\"collapse\" data-bs-target=\"#collapse-69f59b30402b1\">Belgique<\/button><\/h2><div class=\"subtitle-dropdown\">\u00a0La Belgique est un \u00c9tat f\u00e9d\u00e9ral qui se compose des communaut\u00e9s et des r\u00e9gions, dont les aides au financement des formations linguistiques varient autant que les entit\u00e9s.<\/div><div id=\"collapse-69f59b30402b1\" class=\"accordion-collapse collapse\"><div class=\"accordion-body\"><div class=\"row gy-4\"><div class=\"col-md-6\"><div class=\"ax-col-wrapper\"><p class=\"title\">Ch\u00e8ques-Formation<\/p><p class=\"text\">En Wallonie, ce sont des Ch\u00e8ques-formation qui sont mis \u00e0 la disposition des soci\u00e9t\u00e9s PME. Il existe 2 types de ch\u00e8ques, les Ch\u00e8ques-formation et les Ch\u00e8ques-formation Langues. Chaque ch\u00e8que correspond \u00e0 1 heure de formation et est d\u00e9di\u00e9 \u00e0 1 personne qui l'ach\u00e8te 15 \u20ac pour une valeur de 30 \u20ac.<\/p><a class=\"ax-btn btn-arrow\" href=\"\/financer-sa-formation-linguistique-avec-les-cheques-formation-en-belgique\/\" >En savoir plus<\/a><\/div><\/div><div class=\"col-md-6\"><div class=\"ax-col-wrapper\"><p class=\"title\">Prime de formation<\/p><p class=\"text\">Dans la r\u00e9gion de Bruxelles Capitale, il n'est plus question de Ch\u00e8ques-formation mais d'une prime. Le montant de cette prime correspond \u00e0 la prise en charge de 40 \u00e0 70 % des co\u00fbts p\u00e9dagogiques d'une formation linguistique.<\/p><a class=\"ax-btn btn-arrow\" href=\"\/prime-formation-be\/\" >En savoir plus<\/a><\/div><\/div><div class=\"col-md-6\"><div class=\"ax-col-wrapper\"><p class=\"title\">Aide KMO-portefeuille<\/p><p class=\"text\">En r\u00e9gion Flamande, l'aide financi\u00e8re rev\u00eat un autre aspect puisque c'est l'aide KMO-Portefeuille qui prend en charge jusqu'\u00e0 30 % du co\u00fbt de la formation linguistique.<\/p><a class=\"ax-btn btn-arrow\" href=\"\/aide-kmo-portefeuille-be\/\" >En savoir plus<\/a><\/div><\/div><div class=\"col-md-6\"><div class=\"ax-col-wrapper\"><p class=\"title\">Aide BRAWO<\/p><p class=\"text\">Du c\u00f4t\u00e9 de la communaut\u00e9 germanophone, ce sont les aides BRAWO (Berufliche Aus- und Weiterbildung-Offensive) qui vous accompagneront. Le montant de ces aides peut aller jusqu'\u00e0 un tiers du co\u00fbt de la formation linguistique dans une limite de 1000 \u20ac par an.<\/p><a class=\"ax-btn btn-arrow\" href=\"\/le-financement-brawo-aide\/\" >En savoir plus<\/a><\/div><\/div><\/div><\/div><\/div><\/div><\/div><\/div>\t\t\t\t<\/div>\n\t\t\t\t<\/div>\n\t\t\t\t\t<\/div>\n\t\t<\/div>\n\t\t\t\t\t<\/div>\n\t\t<\/section>\n\t\t\t\t<section class=\"elementor-section elementor-top-section elementor-element elementor-element-15292eb elementor-section-boxed elementor-section-height-default elementor-section-height-default\" data-id=\"15292eb\" data-element_type=\"section\" data-e-type=\"section\">\n\t\t\t\t\t\t<div class=\"elementor-container elementor-column-gap-default\">\n\t\t\t\t\t<div class=\"elementor-column elementor-col-100 elementor-top-column elementor-element elementor-element-dc20444\" data-id=\"dc20444\" data-element_type=\"column\" data-e-type=\"column\">\n\t\t\t<div class=\"elementor-widget-wrap elementor-element-populated\">\n\t\t\t\t\t\t<div class=\"elementor-element elementor-element-206edfb elementor-widget elementor-widget-menu-anchor\" data-id=\"206edfb\" data-element_type=\"widget\" data-e-type=\"widget\" data-widget_type=\"menu-anchor.default\">\n\t\t\t\t<div class=\"elementor-widget-container\">\n\t\t\t\t\t\t\t<div class=\"elementor-menu-anchor\" id=\"luxembourg\"><\/div>\n\t\t\t\t\t\t<\/div>\n\t\t\t\t<\/div>\n\t\t\t\t<div class=\"elementor-element elementor-element-ceran-dropdown-financement elementor-widget elementor-widget-ceran-dropdown-financement\" data-id=\"ceran-dropdown-financement\" data-element_type=\"widget\" data-e-type=\"widget\" data-widget_type=\"ceran-dropdown-financement.default\">\n\t\t\t\t<div class=\"elementor-widget-container\">\n\t\t\t\t\t<div class=\"container p-0\"><div class=\"accordion\"><div class=\"accordion-item\"><h2 class=\"accordion-header\"><button class=\"accordion-button collapsed\" type=\"button\" data-bs-toggle=\"collapse\" data-bs-target=\"#collapse-69f59b30404b7\">Luxembourg <\/button><\/h2><div class=\"subtitle-dropdown\"><\/div><div id=\"collapse-69f59b30404b7\" class=\"accordion-collapse collapse\"><div class=\"accordion-body\"><div class=\"row gy-4\"><div class=\"col-md-6\"><div class=\"ax-col-wrapper\"><p class=\"title\">Cofinancement de la formation<\/p><p class=\"text\">Au Grand-Duch\u00e9 du Luxembourg, c'est 15 % du montant total annuel investi en formation linguistique qui peut \u00eatre financ\u00e9 par le cofinancement de la formation.<\/p><a class=\"ax-btn btn-arrow\" href=\"\/cofinancement-de-la-formation\/\" >En savoir plus<\/a><\/div><\/div><\/div><\/div><\/div><\/div><\/div><\/div>\t\t\t\t<\/div>\n\t\t\t\t<\/div>\n\t\t\t\t\t<\/div>\n\t\t<\/div>\n\t\t\t\t\t<\/div>\n\t\t<\/section>\n\t\t\t\t<section class=\"elementor-section elementor-top-section elementor-element elementor-element-558f8b6 elementor-section-boxed elementor-section-height-default elementor-section-height-default\" data-id=\"558f8b6\" data-element_type=\"section\" data-e-type=\"section\">\n\t\t\t\t\t\t<div class=\"elementor-container elementor-column-gap-default\">\n\t\t\t\t\t<div class=\"elementor-column elementor-col-100 elementor-top-column elementor-element elementor-element-787c1b4\" data-id=\"787c1b4\" data-element_type=\"column\" data-e-type=\"column\">\n\t\t\t<div class=\"elementor-widget-wrap elementor-element-populated\">\n\t\t\t\t\t\t<div class=\"elementor-element elementor-element-ceran-simple-bouton elementor-widget elementor-widget-ceran-simple-bouton\" data-id=\"ceran-simple-bouton\" data-element_type=\"widget\" data-e-type=\"widget\" data-widget_type=\"ceran-simple-bouton.default\">\n\t\t\t\t<div class=\"elementor-widget-container\">\n\t\t\t\t\t<a href=\"https:\/\/www.ceran.com\/fr\/le-ceran-et-ses-methodes\/faire-financer-sa-formation\/cofinancement-de-la-formation\/\" class=\"ax-btn btn-arrow-wide\" >En savoir plus sur les formations<\/a>\t\t\t\t<\/div>\n\t\t\t\t<\/div>\n\t\t\t\t\t<\/div>\n\t\t<\/div>\n\t\t\t\t\t<\/div>\n\t\t<\/section>\n\t\t\t\t<\/div>\n\t\t","protected":false},"excerpt":{"rendered":"<p>Faire financer sa formation Contactez-nous Il existe plusieurs moyens de faire financer vos formations linguistiques ou formations interculturelles. Nous sommes heureux de vous les faire d\u00e9couvrir. Chaque pays pr\u00e9sentant ses sp\u00e9cificit\u00e9s, ces diff\u00e9rentes aides financi\u00e8res vous sont pr\u00e9sent\u00e9es par pays et par r\u00e9gion. CPF, ch\u00e8ques-formation ou KMO, pour ne citer qu&rsquo;eux. Le CERAN vous accompagne [&hellip;]<\/p>\n","protected":false},"author":1,"featured_media":0,"parent":1056,"menu_order":0,"comment_status":"closed","ping_status":"closed","template":"","meta":{"_acf_changed":false,"_seopress_robots_primary_cat":"","_seopress_titles_title":"Comment faire financer sa formation - CERAN","_seopress_titles_desc":"\ud83d\udd34 D\u00e9couvrez comment faire financer sa formation linguistique ou interculturelle, gr\u00e2ce au CPF, ch\u00e8ques-formation ou KMO","_seopress_robots_index":"","content-type":"","footnotes":""},"class_list":["post-2294","page","type-page","status-publish","hentry"],"acf":[],"yoast_head":"<!-- This site is optimized with the Yoast SEO plugin v27.5 - https:\/\/yoast.com\/product\/yoast-seo-wordpress\/ -->\n<title>Faire financer sa formation - Ceran<\/title>\n<meta name=\"robots\" content=\"index, follow, max-snippet:-1, max-image-preview:large, max-video-preview:-1\" \/>\n<link rel=\"canonical\" href=\"https:\/\/www.ceran.com\/fr\/le-ceran-et-ses-methodes\/faire-financer-sa-formation\/\" \/>\n<meta property=\"og:locale\" content=\"fr_FR\" \/>\n<meta property=\"og:type\" content=\"article\" \/>\n<meta property=\"og:title\" content=\"Faire financer sa formation - Ceran\" \/>\n<meta property=\"og:description\" content=\"Faire financer sa formation Contactez-nous Il existe plusieurs moyens de faire financer vos formations linguistiques ou formations interculturelles. Nous sommes heureux de vous les faire d\u00e9couvrir. Chaque pays pr\u00e9sentant ses sp\u00e9cificit\u00e9s, ces diff\u00e9rentes aides financi\u00e8res vous sont pr\u00e9sent\u00e9es par pays et par r\u00e9gion. CPF, ch\u00e8ques-formation ou KMO, pour ne citer qu&rsquo;eux. Le CERAN vous accompagne [&hellip;]\" \/>\n<meta property=\"og:url\" content=\"https:\/\/www.ceran.com\/fr\/le-ceran-et-ses-methodes\/faire-financer-sa-formation\/\" \/>\n<meta property=\"og:site_name\" content=\"Ceran\" \/>\n<meta property=\"article:modified_time\" content=\"2023-01-13T11:18:58+00:00\" \/>\n<meta property=\"og:image\" content=\"https:\/\/www.ceran.com\/wp-content\/uploads\/2022\/01\/Union.png\" \/>\n<meta name=\"twitter:card\" content=\"summary_large_image\" \/>\n<script type=\"application\/ld+json\" class=\"yoast-schema-graph\">{\"@context\":\"https:\\\/\\\/schema.org\",\"@graph\":[{\"@type\":\"WebPage\",\"@id\":\"https:\\\/\\\/www.ceran.com\\\/fr\\\/le-ceran-et-ses-methodes\\\/faire-financer-sa-formation\\\/\",\"url\":\"https:\\\/\\\/www.ceran.com\\\/fr\\\/le-ceran-et-ses-methodes\\\/faire-financer-sa-formation\\\/\",\"name\":\"Faire financer sa formation - Ceran\",\"isPartOf\":{\"@id\":\"https:\\\/\\\/www.ceran.com\\\/fr\\\/#website\"},\"primaryImageOfPage\":{\"@id\":\"https:\\\/\\\/www.ceran.com\\\/fr\\\/le-ceran-et-ses-methodes\\\/faire-financer-sa-formation\\\/#primaryimage\"},\"image\":{\"@id\":\"https:\\\/\\\/www.ceran.com\\\/fr\\\/le-ceran-et-ses-methodes\\\/faire-financer-sa-formation\\\/#primaryimage\"},\"thumbnailUrl\":\"https:\\\/\\\/www.ceran.com\\\/wp-content\\\/uploads\\\/2022\\\/01\\\/Union.png\",\"datePublished\":\"2022-02-02T11:12:41+00:00\",\"dateModified\":\"2023-01-13T11:18:58+00:00\",\"breadcrumb\":{\"@id\":\"https:\\\/\\\/www.ceran.com\\\/fr\\\/le-ceran-et-ses-methodes\\\/faire-financer-sa-formation\\\/#breadcrumb\"},\"inLanguage\":\"fr-FR\",\"potentialAction\":[{\"@type\":\"ReadAction\",\"target\":[\"https:\\\/\\\/www.ceran.com\\\/fr\\\/le-ceran-et-ses-methodes\\\/faire-financer-sa-formation\\\/\"]}]},{\"@type\":\"ImageObject\",\"inLanguage\":\"fr-FR\",\"@id\":\"https:\\\/\\\/www.ceran.com\\\/fr\\\/le-ceran-et-ses-methodes\\\/faire-financer-sa-formation\\\/#primaryimage\",\"url\":\"https:\\\/\\\/www.ceran.com\\\/wp-content\\\/uploads\\\/2022\\\/01\\\/Union.png\",\"contentUrl\":\"https:\\\/\\\/www.ceran.com\\\/wp-content\\\/uploads\\\/2022\\\/01\\\/Union.png\"},{\"@type\":\"BreadcrumbList\",\"@id\":\"https:\\\/\\\/www.ceran.com\\\/fr\\\/le-ceran-et-ses-methodes\\\/faire-financer-sa-formation\\\/#breadcrumb\",\"itemListElement\":[{\"@type\":\"ListItem\",\"position\":1,\"name\":\"Accueil\",\"item\":\"https:\\\/\\\/www.ceran.com\\\/fr\\\/\"},{\"@type\":\"ListItem\",\"position\":2,\"name\":\"Le CERAN et ses m\u00e9thodes\",\"item\":\"https:\\\/\\\/www.ceran.com\\\/fr\\\/le-ceran-et-ses-methodes\\\/\"},{\"@type\":\"ListItem\",\"position\":3,\"name\":\"Faire financer sa formation\"}]},{\"@type\":\"WebSite\",\"@id\":\"https:\\\/\\\/www.ceran.com\\\/fr\\\/#website\",\"url\":\"https:\\\/\\\/www.ceran.com\\\/fr\\\/\",\"name\":\"Ceran\",\"description\":\"Des formations linguistiques et interculturelles qui vous ouvrent de nouveaux horizons\",\"publisher\":{\"@id\":\"https:\\\/\\\/www.ceran.com\\\/fr\\\/#organization\"},\"potentialAction\":[{\"@type\":\"SearchAction\",\"target\":{\"@type\":\"EntryPoint\",\"urlTemplate\":\"https:\\\/\\\/www.ceran.com\\\/fr\\\/?s={search_term_string}\"},\"query-input\":{\"@type\":\"PropertyValueSpecification\",\"valueRequired\":true,\"valueName\":\"search_term_string\"}}],\"inLanguage\":\"fr-FR\"},{\"@type\":\"Organization\",\"@id\":\"https:\\\/\\\/www.ceran.com\\\/fr\\\/#organization\",\"name\":\"Ceran\",\"url\":\"https:\\\/\\\/www.ceran.com\\\/fr\\\/\",\"logo\":{\"@type\":\"ImageObject\",\"inLanguage\":\"fr-FR\",\"@id\":\"https:\\\/\\\/www.ceran.com\\\/fr\\\/#\\\/schema\\\/logo\\\/image\\\/\",\"url\":\"https:\\\/\\\/www.ceran.com\\\/wp-content\\\/uploads\\\/2025\\\/06\\\/Logo-CERAN-16-x-16-pixels.svg\",\"contentUrl\":\"https:\\\/\\\/www.ceran.com\\\/wp-content\\\/uploads\\\/2025\\\/06\\\/Logo-CERAN-16-x-16-pixels.svg\",\"width\":30,\"height\":30,\"caption\":\"Ceran\"},\"image\":{\"@id\":\"https:\\\/\\\/www.ceran.com\\\/fr\\\/#\\\/schema\\\/logo\\\/image\\\/\"}}]}<\/script>\n<!-- \/ Yoast SEO plugin. -->","yoast_head_json":{"title":"Faire financer sa formation - Ceran","robots":{"index":"index","follow":"follow","max-snippet":"max-snippet:-1","max-image-preview":"max-image-preview:large","max-video-preview":"max-video-preview:-1"},"canonical":"https:\/\/www.ceran.com\/fr\/le-ceran-et-ses-methodes\/faire-financer-sa-formation\/","og_locale":"fr_FR","og_type":"article","og_title":"Faire financer sa formation - Ceran","og_description":"Faire financer sa formation Contactez-nous Il existe plusieurs moyens de faire financer vos formations linguistiques ou formations interculturelles. Nous sommes heureux de vous les faire d\u00e9couvrir. Chaque pays pr\u00e9sentant ses sp\u00e9cificit\u00e9s, ces diff\u00e9rentes aides financi\u00e8res vous sont pr\u00e9sent\u00e9es par pays et par r\u00e9gion. CPF, ch\u00e8ques-formation ou KMO, pour ne citer qu&rsquo;eux. Le CERAN vous accompagne [&hellip;]","og_url":"https:\/\/www.ceran.com\/fr\/le-ceran-et-ses-methodes\/faire-financer-sa-formation\/","og_site_name":"Ceran","article_modified_time":"2023-01-13T11:18:58+00:00","og_image":[{"url":"https:\/\/www.ceran.com\/wp-content\/uploads\/2022\/01\/Union.png","type":"","width":"","height":""}],"twitter_card":"summary_large_image","schema":{"@context":"https:\/\/schema.org","@graph":[{"@type":"WebPage","@id":"https:\/\/www.ceran.com\/fr\/le-ceran-et-ses-methodes\/faire-financer-sa-formation\/","url":"https:\/\/www.ceran.com\/fr\/le-ceran-et-ses-methodes\/faire-financer-sa-formation\/","name":"Faire financer sa formation - Ceran","isPartOf":{"@id":"https:\/\/www.ceran.com\/fr\/#website"},"primaryImageOfPage":{"@id":"https:\/\/www.ceran.com\/fr\/le-ceran-et-ses-methodes\/faire-financer-sa-formation\/#primaryimage"},"image":{"@id":"https:\/\/www.ceran.com\/fr\/le-ceran-et-ses-methodes\/faire-financer-sa-formation\/#primaryimage"},"thumbnailUrl":"https:\/\/www.ceran.com\/wp-content\/uploads\/2022\/01\/Union.png","datePublished":"2022-02-02T11:12:41+00:00","dateModified":"2023-01-13T11:18:58+00:00","breadcrumb":{"@id":"https:\/\/www.ceran.com\/fr\/le-ceran-et-ses-methodes\/faire-financer-sa-formation\/#breadcrumb"},"inLanguage":"fr-FR","potentialAction":[{"@type":"ReadAction","target":["https:\/\/www.ceran.com\/fr\/le-ceran-et-ses-methodes\/faire-financer-sa-formation\/"]}]},{"@type":"ImageObject","inLanguage":"fr-FR","@id":"https:\/\/www.ceran.com\/fr\/le-ceran-et-ses-methodes\/faire-financer-sa-formation\/#primaryimage","url":"https:\/\/www.ceran.com\/wp-content\/uploads\/2022\/01\/Union.png","contentUrl":"https:\/\/www.ceran.com\/wp-content\/uploads\/2022\/01\/Union.png"},{"@type":"BreadcrumbList","@id":"https:\/\/www.ceran.com\/fr\/le-ceran-et-ses-methodes\/faire-financer-sa-formation\/#breadcrumb","itemListElement":[{"@type":"ListItem","position":1,"name":"Accueil","item":"https:\/\/www.ceran.com\/fr\/"},{"@type":"ListItem","position":2,"name":"Le CERAN et ses m\u00e9thodes","item":"https:\/\/www.ceran.com\/fr\/le-ceran-et-ses-methodes\/"},{"@type":"ListItem","position":3,"name":"Faire financer sa formation"}]},{"@type":"WebSite","@id":"https:\/\/www.ceran.com\/fr\/#website","url":"https:\/\/www.ceran.com\/fr\/","name":"Ceran","description":"Des formations linguistiques et interculturelles qui vous ouvrent de nouveaux horizons","publisher":{"@id":"https:\/\/www.ceran.com\/fr\/#organization"},"potentialAction":[{"@type":"SearchAction","target":{"@type":"EntryPoint","urlTemplate":"https:\/\/www.ceran.com\/fr\/?s={search_term_string}"},"query-input":{"@type":"PropertyValueSpecification","valueRequired":true,"valueName":"search_term_string"}}],"inLanguage":"fr-FR"},{"@type":"Organization","@id":"https:\/\/www.ceran.com\/fr\/#organization","name":"Ceran","url":"https:\/\/www.ceran.com\/fr\/","logo":{"@type":"ImageObject","inLanguage":"fr-FR","@id":"https:\/\/www.ceran.com\/fr\/#\/schema\/logo\/image\/","url":"https:\/\/www.ceran.com\/wp-content\/uploads\/2025\/06\/Logo-CERAN-16-x-16-pixels.svg","contentUrl":"https:\/\/www.ceran.com\/wp-content\/uploads\/2025\/06\/Logo-CERAN-16-x-16-pixels.svg","width":30,"height":30,"caption":"Ceran"},"image":{"@id":"https:\/\/www.ceran.com\/fr\/#\/schema\/logo\/image\/"}}]}},"_links":{"self":[{"href":"https:\/\/www.ceran.com\/fr\/wp-json\/wp\/v2\/pages\/2294","targetHints":{"allow":["GET"]}}],"collection":[{"href":"https:\/\/www.ceran.com\/fr\/wp-json\/wp\/v2\/pages"}],"about":[{"href":"https:\/\/www.ceran.com\/fr\/wp-json\/wp\/v2\/types\/page"}],"author":[{"embeddable":true,"href":"https:\/\/www.ceran.com\/fr\/wp-json\/wp\/v2\/users\/1"}],"replies":[{"embeddable":true,"href":"https:\/\/www.ceran.com\/fr\/wp-json\/wp\/v2\/comments?post=2294"}],"version-history":[{"count":5,"href":"https:\/\/www.ceran.com\/fr\/wp-json\/wp\/v2\/pages\/2294\/revisions"}],"predecessor-version":[{"id":72743,"href":"https:\/\/www.ceran.com\/fr\/wp-json\/wp\/v2\/pages\/2294\/revisions\/72743"}],"up":[{"embeddable":true,"href":"https:\/\/www.ceran.com\/fr\/wp-json\/wp\/v2\/pages\/1056"}],"wp:attachment":[{"href":"https:\/\/www.ceran.com\/fr\/wp-json\/wp\/v2\/media?parent=2294"}],"curies":[{"name":"wp","href":"https:\/\/api.w.org\/{rel}","templated":true}]}}