{"id":2581,"date":"2022-01-20T15:03:06","date_gmt":"2022-01-20T14:03:06","guid":{"rendered":"https:\/\/www.ceran.com\/?page_id=2581"},"modified":"2022-02-22T10:45:52","modified_gmt":"2022-02-22T09:45:52","slug":"notre-centre-belge-a-spa","status":"publish","type":"page","link":"https:\/\/www.ceran.com\/fr\/nos-lieux-de-formation\/notre-centre-belge-a-spa\/","title":{"rendered":"Notre centre belge \u00e0 SPA"},"content":{"rendered":"\t\t<div data-elementor-type=\"wp-page\" data-elementor-id=\"2581\" class=\"elementor elementor-2581\" data-elementor-post-type=\"page\">\n\t\t\t\t\t\t<section class=\"elementor-section elementor-top-section elementor-element elementor-element-a54a3fc elementor-section-boxed elementor-section-height-default elementor-section-height-default\" data-id=\"a54a3fc\" data-element_type=\"section\" data-e-type=\"section\">\n\t\t\t\t\t\t<div class=\"elementor-container elementor-column-gap-default\">\n\t\t\t\t\t<div class=\"elementor-column elementor-col-100 elementor-top-column elementor-element elementor-element-2e8e622\" data-id=\"2e8e622\" data-element_type=\"column\" data-e-type=\"column\">\n\t\t\t<div class=\"elementor-widget-wrap elementor-element-populated\">\n\t\t\t\t\t\t<div class=\"elementor-element elementor-element-7dfc697 elementor-widget elementor-widget-template\" data-id=\"7dfc697\" data-element_type=\"widget\" data-e-type=\"widget\" data-widget_type=\"template.default\">\n\t\t\t\t<div class=\"elementor-widget-container\">\n\t\t\t\t\t\t\t<div class=\"elementor-template\">\n\t\t\t\t\t<div data-elementor-type=\"section\" data-elementor-id=\"2014\" class=\"elementor elementor-2014\" data-elementor-post-type=\"elementor_library\">\n\t\t\t\t\t<section class=\"elementor-section elementor-top-section elementor-element elementor-element-7ff20875 elementor-section-boxed elementor-section-height-default elementor-section-height-default\" data-id=\"7ff20875\" data-element_type=\"section\" data-e-type=\"section\">\n\t\t\t\t\t\t<div class=\"elementor-container elementor-column-gap-default\">\n\t\t\t\t\t<div class=\"elementor-column elementor-col-100 elementor-top-column elementor-element elementor-element-a5e383b\" data-id=\"a5e383b\" data-element_type=\"column\" data-e-type=\"column\">\n\t\t\t<div class=\"elementor-widget-wrap elementor-element-populated\">\n\t\t\t\t\t\t<div class=\"elementor-element elementor-element-3edd7a7e elementor-widget elementor-widget-breadcrumbs\" data-id=\"3edd7a7e\" data-element_type=\"widget\" data-e-type=\"widget\" data-widget_type=\"breadcrumbs.default\">\n\t\t\t\t<div class=\"elementor-widget-container\">\n\t\t\t\t\t<p id=\"breadcrumbs\"><span><span><a href=\"https:\/\/www.ceran.com\/fr\/\">Accueil<\/a><\/span><\/span><\/p>\t\t\t\t<\/div>\n\t\t\t\t<\/div>\n\t\t\t\t\t<\/div>\n\t\t<\/div>\n\t\t\t\t\t<\/div>\n\t\t<\/section>\n\t\t\t\t<\/div>\n\t\t\t\t<\/div>\n\t\t\t\t\t\t<\/div>\n\t\t\t\t<\/div>\n\t\t\t\t\t<\/div>\n\t\t<\/div>\n\t\t\t\t\t<\/div>\n\t\t<\/section>\n\t\t\t\t<section class=\"elementor-section elementor-top-section elementor-element elementor-element-d9a9d6d elementor-section-boxed elementor-section-height-default elementor-section-height-default\" data-id=\"d9a9d6d\" data-element_type=\"section\" data-e-type=\"section\">\n\t\t\t\t\t\t<div class=\"elementor-container elementor-column-gap-default\">\n\t\t\t\t\t<div class=\"elementor-column elementor-col-100 elementor-top-column elementor-element elementor-element-70f1787\" data-id=\"70f1787\" data-element_type=\"column\" data-e-type=\"column\" data-settings=\"{&quot;background_background&quot;:&quot;classic&quot;}\">\n\t\t\t<div class=\"elementor-widget-wrap elementor-element-populated\">\n\t\t\t\t\t\t<div class=\"elementor-element elementor-element-double-colonne-texte elementor-widget elementor-widget-double-colonne-texte\" data-id=\"double-colonne-texte\" data-element_type=\"widget\" data-e-type=\"widget\" data-widget_type=\"double-colonne-texte.default\">\n\t\t\t\t<div class=\"elementor-widget-container\">\n\t\t\t\t\t<div class=\"widget-column  \"><div class=\"wrapper-column\"><div class=\"corner corner-right-top-bottom\"><div class=\"corner-content\"><div class=\"ax-title mb-5\">Notre centre belge au Ch\u00e2teau du Haut-Neubois \u00e0 Spa<\/div><div class=\"bottom-block row\"><div class=\"bottom-block-img col-6\"><\/div><div class=\"bottom-block-links col-6 d-flex flex-column\"><a href=\"#\" class=\"ax-btn btn-mail-black mb-2\" >Contactez-nous<\/a><\/div><\/div><\/div><\/div><\/div><div class=\"wrapper-column\"><div class=\"corner corner-left-top-bottom\" style=\" display: flex; align-items: center;\"><div class=\"corner-content\"><p>La r\u00e9putation de Spa en tant que destination thermale n'est plus \u00e0 faire. D'ailleurs, depuis l'\u00e9t\u00e9 2021, Spa est inscrite au patrimoine mondial de l\u2019UNESCO des \u00ab Grandes Villes d'Eaux d\u2019Europe \u00bb. Spa est \u00e9galement une ville b\u00e9n\u00e9ficiant d'une situation exceptionnelle dans les Ardennes \u00e0 la crois\u00e9e de plusieurs cultures et pays europ\u00e9ens : l'Allemagne, le Luxembourg, les Pays-Bas &amp; la France. Le ch\u00e2teau du Haut-Neubois a toujours \u00e9t\u00e9 et est encore un lieu d'accueil et de s\u00e9jour. Aujourd'hui des femmes et des hommes du monde entier viennent y apprendre une langue \u00e9trang\u00e8re dans un cadre convivial.<\/p><\/div><\/div><\/div><\/div>\t\t\t\t<\/div>\n\t\t\t\t<\/div>\n\t\t\t\t\t<\/div>\n\t\t<\/div>\n\t\t\t\t\t<\/div>\n\t\t<\/section>\n\t\t\t\t<section class=\"elementor-section elementor-top-section elementor-element elementor-element-e98812a elementor-section-boxed elementor-section-height-default elementor-section-height-default\" data-id=\"e98812a\" data-element_type=\"section\" data-e-type=\"section\">\n\t\t\t\t\t\t<div class=\"elementor-container elementor-column-gap-default\">\n\t\t\t\t\t<div class=\"elementor-column elementor-col-50 elementor-top-column elementor-element elementor-element-72ee02e\" data-id=\"72ee02e\" data-element_type=\"column\" data-e-type=\"column\" data-settings=\"{&quot;background_background&quot;:&quot;classic&quot;}\">\n\t\t\t<div class=\"elementor-widget-wrap elementor-element-populated\">\n\t\t\t\t\t\t<div class=\"elementor-element elementor-element-2f5bc7f elementor-widget elementor-widget-text-editor\" data-id=\"2f5bc7f\" data-element_type=\"widget\" data-e-type=\"widget\" data-widget_type=\"text-editor.default\">\n\t\t\t\t<div class=\"elementor-widget-container\">\n\t\t\t\t\t\t\t\t\t<h2>Votre h\u00f4tes<\/h2><p>Au ch\u00e2teau du Haut-Neubois \u00e0 Spa, vous serez chaleureusement accueilli.e.s comme \u00e0 la maison par les h\u00f4tes, Caroline &amp; Laurent. Couple europ\u00e9en par excellence, Caroline est Fran\u00e7aise et Laurent est Italien, avec 3 enfants, Giuseppe, Charlotte &amp; Izia, n\u00e9s en France et en Italie. Caroline &amp; Laurent sont des h\u00f4tes de charme ayant d\u00e9but\u00e9 au CERAN en septembre 2019 apr\u00e8s 19 ann\u00e9es pass\u00e9es chez Ch\u00e2teauform&rsquo;. Ils sont compl\u00e9mentaires, Caroline se d\u00e9marque par sa cr\u00e9ativit\u00e9, son go\u00fbt du partage et de la communication quand Laurent se diff\u00e9rencie par son app\u00e9tence pour les challenges et son talent pour f\u00e9d\u00e9rer les \u00e9quipes. Vos h\u00f4tes n&rsquo;auront de cesse de rendre votre s\u00e9jour \u00e0 Spa inoubliable tant par la chaleur de leur accueil, que par leur accompagnement et l&rsquo;organisation sans faille de votre formation.<\/p>\t\t\t\t\t\t\t\t<\/div>\n\t\t\t\t<\/div>\n\t\t\t\t\t<\/div>\n\t\t<\/div>\n\t\t\t\t<div class=\"elementor-column elementor-col-50 elementor-top-column elementor-element elementor-element-0db5452\" data-id=\"0db5452\" data-element_type=\"column\" data-e-type=\"column\">\n\t\t\t<div class=\"elementor-widget-wrap elementor-element-populated\">\n\t\t\t\t\t\t<div class=\"elementor-element elementor-element-bd60752 elementor-widget elementor-widget-image\" data-id=\"bd60752\" data-element_type=\"widget\" data-e-type=\"widget\" data-widget_type=\"image.default\">\n\t\t\t\t<div class=\"elementor-widget-container\">\n\t\t\t\t\t\t\t\t\t\t\t\t\t\t\t<img fetchpriority=\"high\" decoding=\"async\" width=\"640\" height=\"427\" src=\"https:\/\/www.ceran.com\/wp-content\/uploads\/2022\/01\/people-g8483deedf_1920-1024x683.jpg\" class=\"attachment-large size-large wp-image-1170\" alt=\"\" srcset=\"https:\/\/www.ceran.com\/wp-content\/uploads\/2022\/01\/people-g8483deedf_1920-1024x683.jpg 1024w, https:\/\/www.ceran.com\/wp-content\/uploads\/2022\/01\/people-g8483deedf_1920-300x200.jpg 300w, https:\/\/www.ceran.com\/wp-content\/uploads\/2022\/01\/people-g8483deedf_1920-768x512.jpg 768w, https:\/\/www.ceran.com\/wp-content\/uploads\/2022\/01\/people-g8483deedf_1920-1536x1024.jpg 1536w, https:\/\/www.ceran.com\/wp-content\/uploads\/2022\/01\/people-g8483deedf_1920.jpg 1620w\" sizes=\"(max-width: 640px) 100vw, 640px\" \/>\t\t\t\t\t\t\t\t\t\t\t\t\t\t\t<\/div>\n\t\t\t\t<\/div>\n\t\t\t\t\t<\/div>\n\t\t<\/div>\n\t\t\t\t\t<\/div>\n\t\t<\/section>\n\t\t\t\t<section class=\"elementor-section elementor-top-section elementor-element elementor-element-cf97115 elementor-section-boxed elementor-section-height-default elementor-section-height-default\" data-id=\"cf97115\" data-element_type=\"section\" data-e-type=\"section\">\n\t\t\t\t\t\t<div class=\"elementor-container elementor-column-gap-default\">\n\t\t\t\t\t<div class=\"elementor-column elementor-col-100 elementor-top-column elementor-element elementor-element-a948bbc\" data-id=\"a948bbc\" data-element_type=\"column\" data-e-type=\"column\">\n\t\t\t<div class=\"elementor-widget-wrap elementor-element-populated\">\n\t\t\t\t\t\t<div class=\"elementor-element elementor-element-ceran-title-icon elementor-widget elementor-widget-ceran-title-icon\" data-id=\"ceran-title-icon\" data-element_type=\"widget\" data-e-type=\"widget\" data-widget_type=\"ceran-title-icon.default\">\n\t\t\t\t<div class=\"elementor-widget-container\">\n\t\t\t\t\t<h2 class=\"ax-title-icon\"><div class=\"ax-title-icons bleu-rouge \"> Infrastructure <\/div><\/h2>\t\t\t\t<\/div>\n\t\t\t\t<\/div>\n\t\t\t\t<div class=\"elementor-element elementor-element-feb6464 elementor-widget elementor-widget-text-editor\" data-id=\"feb6464\" data-element_type=\"widget\" data-e-type=\"widget\" data-widget_type=\"text-editor.default\">\n\t\t\t\t<div class=\"elementor-widget-container\">\n\t\t\t\t\t\t\t\t\t<p>Le ch\u00e2teau du Haut-Neubois \u00e0 Spa vous offre un cadre privil\u00e9gi\u00e9 pour la formation aux langues \u00e9trang\u00e8res ou pour l&rsquo;assimilation d&rsquo;une nouvelle culture. Le ch\u00e2teau est le lieu id\u00e9al pour un apprentissage studieux et professionnel d&rsquo;une formation CERAN dans une atmosph\u00e8re chaleureuse. De plus, le ch\u00e2teau du Haut-Neubois est ouvert toute l&rsquo;ann\u00e9e, m\u00eame les jours f\u00e9ri\u00e9s afin de r\u00e9pondre aux agendas de tous les Apprenants, de tous les Stagiaires.<\/p>\t\t\t\t\t\t\t\t<\/div>\n\t\t\t\t<\/div>\n\t\t\t\t\t<\/div>\n\t\t<\/div>\n\t\t\t\t\t<\/div>\n\t\t<\/section>\n\t\t\t\t<section class=\"elementor-section elementor-top-section elementor-element elementor-element-faa33a0 elementor-section-boxed elementor-section-height-default elementor-section-height-default\" data-id=\"faa33a0\" data-element_type=\"section\" data-e-type=\"section\">\n\t\t\t\t\t\t<div class=\"elementor-container elementor-column-gap-default\">\n\t\t\t\t\t<div class=\"elementor-column elementor-col-33 elementor-top-column elementor-element elementor-element-374ee23\" data-id=\"374ee23\" data-element_type=\"column\" data-e-type=\"column\" data-settings=\"{&quot;background_background&quot;:&quot;classic&quot;}\">\n\t\t\t<div class=\"elementor-widget-wrap elementor-element-populated\">\n\t\t\t\t\t\t<div class=\"elementor-element elementor-element-f311682 elementor-widget elementor-widget-text-editor\" data-id=\"f311682\" data-element_type=\"widget\" data-e-type=\"widget\" data-widget_type=\"text-editor.default\">\n\t\t\t\t<div class=\"elementor-widget-container\">\n\t\t\t\t\t\t\t\t\t<h3>Bien-\u00eatre<\/h3><p>Pour vous accueillir confortablement : 71 chambres dont 2 suites, des salons, un bar et des salles \u00e0 manger ainsi qu&rsquo;un centre de bien-\u00eatre avec jacuzzi, sauna &amp; fitness. Les sportifs trouveront \u00e9galement sur place un cours de tennis, un terrain multi-sports et un terrain de p\u00e9tanque. La cheffe La\u00ebtitia vous propose une cuisine internationale et des sp\u00e9cialit\u00e9s belges (waterzo\u00ef de poissons, lacquemants, gauffres li\u00e9geoises&#8230;) tout en prenant en compte les diff\u00e9rents r\u00e9gimes alimentaires des Stagiaires.<\/p>\t\t\t\t\t\t\t\t<\/div>\n\t\t\t\t<\/div>\n\t\t\t\t\t<\/div>\n\t\t<\/div>\n\t\t\t\t<div class=\"elementor-column elementor-col-33 elementor-top-column elementor-element elementor-element-75733be\" data-id=\"75733be\" data-element_type=\"column\" data-e-type=\"column\" data-settings=\"{&quot;background_background&quot;:&quot;classic&quot;}\">\n\t\t\t<div class=\"elementor-widget-wrap elementor-element-populated\">\n\t\t\t\t\t\t<div class=\"elementor-element elementor-element-5d97d22 elementor-widget elementor-widget-text-editor\" data-id=\"5d97d22\" data-element_type=\"widget\" data-e-type=\"widget\" data-widget_type=\"text-editor.default\">\n\t\t\t\t<div class=\"elementor-widget-container\">\n\t\t\t\t\t\t\t\t\t<h3>Lieux<\/h3><p>C\u00f4t\u00e9 apprentissage : 36 salles de r\u00e9union et de conf\u00e9rence. Et c\u00f4t\u00e9 d\u00e9tente : 7 salons vous offrant : babyfoot, ping-pong, fl\u00e9chettes, sjoelbak.<\/p>\t\t\t\t\t\t\t\t<\/div>\n\t\t\t\t<\/div>\n\t\t\t\t\t<\/div>\n\t\t<\/div>\n\t\t\t\t<div class=\"elementor-column elementor-col-33 elementor-top-column elementor-element elementor-element-0d0fd60\" data-id=\"0d0fd60\" data-element_type=\"column\" data-e-type=\"column\" data-settings=\"{&quot;background_background&quot;:&quot;classic&quot;}\">\n\t\t\t<div class=\"elementor-widget-wrap elementor-element-populated\">\n\t\t\t\t\t\t<div class=\"elementor-element elementor-element-2599a4d elementor-widget elementor-widget-text-editor\" data-id=\"2599a4d\" data-element_type=\"widget\" data-e-type=\"widget\" data-widget_type=\"text-editor.default\">\n\t\t\t\t<div class=\"elementor-widget-container\">\n\t\t\t\t\t\t\t\t\t<h3>Equipement<\/h3><p>A votre disposition gratuitement, Wifi dans les espaces de r\u00e9union et l&rsquo;ADSL dans toutes les chambres.<\/p>\t\t\t\t\t\t\t\t<\/div>\n\t\t\t\t<\/div>\n\t\t\t\t\t<\/div>\n\t\t<\/div>\n\t\t\t\t\t<\/div>\n\t\t<\/section>\n\t\t\t\t<section class=\"elementor-section elementor-top-section elementor-element elementor-element-2dd546a elementor-reverse-tablet elementor-reverse-mobile elementor-section-boxed elementor-section-height-default elementor-section-height-default\" data-id=\"2dd546a\" data-element_type=\"section\" data-e-type=\"section\">\n\t\t\t\t\t\t<div class=\"elementor-container elementor-column-gap-default\">\n\t\t\t\t\t<div class=\"elementor-column elementor-col-33 elementor-top-column elementor-element elementor-element-f4e15fd\" data-id=\"f4e15fd\" data-element_type=\"column\" data-e-type=\"column\" data-settings=\"{&quot;background_background&quot;:&quot;classic&quot;}\">\n\t\t\t<div class=\"elementor-widget-wrap elementor-element-populated\">\n\t\t\t\t\t\t<div class=\"elementor-element elementor-element-31f39c0 elementor-widget elementor-widget-text-editor\" data-id=\"31f39c0\" data-element_type=\"widget\" data-e-type=\"widget\" data-widget_type=\"text-editor.default\">\n\t\t\t\t<div class=\"elementor-widget-container\">\n\t\t\t\t\t\t\t\t\t<h4>Ch\u00e2teau du Haut-Neubois<\/h4><p>Avenue des Petits Sapins, 27 4900 Spa Belgique<\/p><p>Latitude : 50.489525<\/p><p>Longitude : 5.9016792 customer@ceran.com *<\/p><p><a href=\"#\">Quel chemin choisir pour se rendre \u00e0 Spa ?<\/a><\/p>\t\t\t\t\t\t\t\t<\/div>\n\t\t\t\t<\/div>\n\t\t\t\t\t<\/div>\n\t\t<\/div>\n\t\t\t\t<div class=\"elementor-column elementor-col-66 elementor-top-column elementor-element elementor-element-f791e05\" data-id=\"f791e05\" data-element_type=\"column\" data-e-type=\"column\">\n\t\t\t<div class=\"elementor-widget-wrap elementor-element-populated\">\n\t\t\t\t\t\t<div class=\"elementor-element elementor-element-0aa0cdf elementor-widget elementor-widget-google_maps\" data-id=\"0aa0cdf\" data-element_type=\"widget\" data-e-type=\"widget\" data-widget_type=\"google_maps.default\">\n\t\t\t\t<div class=\"elementor-widget-container\">\n\t\t\t\t\t\t\t<div class=\"elementor-custom-embed\">\n\t\t\t<iframe loading=\"lazy\"\n\t\t\t\t\tsrc=\"https:\/\/maps.google.com\/maps?q=London%20Eye%2C%20Londres%2C%20Royaume-Uni&#038;t=m&#038;z=10&#038;output=embed&#038;iwloc=near\"\n\t\t\t\t\ttitle=\"London Eye, Londres, Royaume-Uni\"\n\t\t\t\t\taria-label=\"London Eye, Londres, Royaume-Uni\"\n\t\t\t><\/iframe>\n\t\t<\/div>\n\t\t\t\t\t\t<\/div>\n\t\t\t\t<\/div>\n\t\t\t\t\t<\/div>\n\t\t<\/div>\n\t\t\t\t\t<\/div>\n\t\t<\/section>\n\t\t\t\t<section class=\"elementor-section elementor-top-section elementor-element elementor-element-7ee9274 elementor-section-boxed elementor-section-height-default elementor-section-height-default\" data-id=\"7ee9274\" data-element_type=\"section\" data-e-type=\"section\">\n\t\t\t\t\t\t<div class=\"elementor-container elementor-column-gap-default\">\n\t\t\t\t\t<div class=\"elementor-column elementor-col-100 elementor-top-column elementor-element elementor-element-1441ed0\" data-id=\"1441ed0\" data-element_type=\"column\" data-e-type=\"column\">\n\t\t\t<div class=\"elementor-widget-wrap elementor-element-populated\">\n\t\t\t\t\t\t<div class=\"elementor-element elementor-element-ceran-title-icon elementor-widget elementor-widget-ceran-title-icon\" data-id=\"ceran-title-icon\" data-element_type=\"widget\" data-e-type=\"widget\" data-widget_type=\"ceran-title-icon.default\">\n\t\t\t\t<div class=\"elementor-widget-container\">\n\t\t\t\t\t<h2 class=\"ax-title-icon\"><div class=\"ax-title-icons bleu-rouge \"> D\u00e9couvrez vos formations en immersion  <\/div><\/h2>\t\t\t\t<\/div>\n\t\t\t\t<\/div>\n\t\t\t\t<div class=\"elementor-element elementor-element-252185c elementor-widget elementor-widget-text-editor\" data-id=\"252185c\" data-element_type=\"widget\" data-e-type=\"widget\" data-widget_type=\"text-editor.default\">\n\t\t\t\t<div class=\"elementor-widget-container\">\n\t\t\t\t\t\t\t\t\t<p>Notre site de Spa est parfaitement adapt\u00e9 aux formations en immersion, pendant lesquelles vous \u00eates continuellement accompagn\u00e9.e.s par votre formateur. Les programmes en immersion se font en format individuel ou de groupe, en format inter ou intra-entreprises.<\/p>\t\t\t\t\t\t\t\t<\/div>\n\t\t\t\t<\/div>\n\t\t\t\t\t<\/div>\n\t\t<\/div>\n\t\t\t\t\t<\/div>\n\t\t<\/section>\n\t\t\t\t<section class=\"elementor-section elementor-top-section elementor-element elementor-element-66ede2a elementor-section-boxed elementor-section-height-default elementor-section-height-default\" data-id=\"66ede2a\" data-element_type=\"section\" data-e-type=\"section\">\n\t\t\t\t\t\t<div class=\"elementor-container elementor-column-gap-default\">\n\t\t\t\t\t<div class=\"elementor-column elementor-col-100 elementor-top-column elementor-element elementor-element-1061451\" data-id=\"1061451\" data-element_type=\"column\" data-e-type=\"column\">\n\t\t\t<div class=\"elementor-widget-wrap elementor-element-populated\">\n\t\t\t\t\t\t<div class=\"elementor-element elementor-element-ceran-blocks-categories elementor-widget elementor-widget-ceran-blocks-categories\" data-id=\"ceran-blocks-categories\" data-element_type=\"widget\" data-e-type=\"widget\" data-widget_type=\"ceran-blocks-categories.default\">\n\t\t\t\t<div class=\"elementor-widget-container\">\n\t\t\t\t\t<div class=\"container p-md-0\"><div class=\"row\"><div class=\"col-12 col-md-6 col-lg-4 gy-4\"><div class=\"corner corner-right-bottom elementor-repeater-item-dfe2f0b\"><div class=\"corner-content\"><h3 class=\"bloc-title\">Professionel<\/h3><p class=\"bloc-text\"><\/p><a class=\"ax-btn btn-arrow\" href=\"#\" >D\u00e9couvrir ces formations<\/a><\/div><\/div><\/div><div class=\"col-12 col-md-6 col-lg-4 gy-4\"><div class=\"corner corner-right-bottom elementor-repeater-item-ed5f046\"><div class=\"corner-content\"><h3 class=\"bloc-title\">Jeune adulte <\/h3><p class=\"bloc-text\"><\/p><a class=\"ax-btn btn-arrow\" href=\"#\" >D\u00e9couvrir ces formations<\/a><\/div><\/div><\/div><div class=\"col-12 col-md-6 col-lg-4 gy-4\"><div class=\"corner corner-right-bottom elementor-repeater-item-a002312\"><div class=\"corner-content\"><h3 class=\"bloc-title\">Enfant<\/h3><p class=\"bloc-text\"><\/p><a class=\"ax-btn btn-arrow\" href=\"#\" >D\u00e9couvrir ces formations<\/a><\/div><\/div><\/div><\/div><\/div>\t\t\t\t<\/div>\n\t\t\t\t<\/div>\n\t\t\t\t\t<\/div>\n\t\t<\/div>\n\t\t\t\t\t<\/div>\n\t\t<\/section>\n\t\t\t\t<section class=\"elementor-section elementor-top-section elementor-element elementor-element-00d16cb elementor-section-boxed elementor-section-height-default elementor-section-height-default\" data-id=\"00d16cb\" data-element_type=\"section\" data-e-type=\"section\" data-settings=\"{&quot;background_background&quot;:&quot;classic&quot;}\">\n\t\t\t\t\t\t<div class=\"elementor-container elementor-column-gap-default\">\n\t\t\t\t\t<div class=\"elementor-column elementor-col-100 elementor-top-column elementor-element elementor-element-a615371\" data-id=\"a615371\" data-element_type=\"column\" data-e-type=\"column\">\n\t\t\t<div class=\"elementor-widget-wrap elementor-element-populated\">\n\t\t\t\t\t\t<div class=\"elementor-element elementor-element-ceran-block-liste-boutons elementor-widget elementor-widget-ceran-block-liste-boutons\" data-id=\"ceran-block-liste-boutons\" data-element_type=\"widget\" data-e-type=\"widget\" data-widget_type=\"ceran-block-liste-boutons.default\">\n\t\t\t\t<div class=\"elementor-widget-container\">\n\t\t\t\t\t<div class=\"container p-md-0\"><h2 class=\"ax-title-landing\"><div class=\"ax-title\"> Nos formations \u00e0 Spa <\/div><\/h2><div class=\"content\"><p>Dire qu\u2019\u00e0 Spa il y a \u201ctels types\u201d de formations. Quisque at iaculis arcu, quis facilisis velit. Cras facilisis auctor velit at dignissim. Nam congue nunc et tortor varius tempus. Vestibulum pellentesque vulputate sapien quis convallis.<\/p><\/div><div class=\"row gy-4\"><div class=\"col-sm-6 col-md-4 d-flex\"><a class=\"ax-btn btn-landing\" href=\"https:\/\/www.ceran.com\/fr\/nos-lieux-de-formation\/notre-centre-belge-a-spa\/\" >Stage d\u2019anglais intensif pour professionnels \u00e0 Spa<\/a><\/div><div class=\"col-sm-6 col-md-4 d-flex\"><a class=\"ax-btn btn-landing\" href=\"\" >List Item #2<\/a><\/div><div class=\"col-sm-6 col-md-4 d-flex\"><a class=\"ax-btn btn-landing\" href=\"\" >List Item #3<\/a><\/div><\/div><\/div>\t\t\t\t<\/div>\n\t\t\t\t<\/div>\n\t\t\t\t\t<\/div>\n\t\t<\/div>\n\t\t\t\t\t<\/div>\n\t\t<\/section>\n\t\t\t\t<section class=\"elementor-section elementor-top-section elementor-element elementor-element-2269e01 elementor-section-boxed elementor-section-height-default elementor-section-height-default\" data-id=\"2269e01\" data-element_type=\"section\" data-e-type=\"section\">\n\t\t\t\t\t\t<div class=\"elementor-container elementor-column-gap-default\">\n\t\t\t\t\t<div class=\"elementor-column elementor-col-100 elementor-top-column elementor-element elementor-element-7e5bb47\" data-id=\"7e5bb47\" data-element_type=\"column\" data-e-type=\"column\">\n\t\t\t<div class=\"elementor-widget-wrap elementor-element-populated\">\n\t\t\t\t\t\t<div class=\"elementor-element elementor-element-ceran_block-encadre-text-icon elementor-widget elementor-widget-ceran_block-encadre-text-icon\" data-id=\"ceran_block-encadre-text-icon\" data-element_type=\"widget\" data-e-type=\"widget\" data-widget_type=\"ceran_block-encadre-text-icon.default\">\n\t\t\t\t<div class=\"elementor-widget-container\">\n\t\t\t\t\t<div class=\"container p-0\"><div class=\"cropped bleu-rouge \"><div class=\"cropped-content\"><div class=\"row\"><div class=\"col text-container d-flex flex-wrap flex-column justify-content-center justify-content-md-start\"><h3 class=\"title col\">Ajoutez votre titre ici<\/h3><div class=\"texte col\"><p>Lorem ipsum dolor sit amet, consectetur adipiscing elit. Ut elit tellus, luctus nec ullamcorper mattis, pulvinar dapibus leo.<\/p><\/div><\/div><\/div><\/div><\/div><\/div>\t\t\t\t<\/div>\n\t\t\t\t<\/div>\n\t\t\t\t\t<\/div>\n\t\t<\/div>\n\t\t\t\t\t<\/div>\n\t\t<\/section>\n\t\t\t\t<\/div>\n\t\t","protected":false},"excerpt":{"rendered":"<p>Notre centre belge au Ch\u00e2teau du Haut-Neubois \u00e0 SpaContactez-nous La r\u00e9putation de Spa en tant que destination thermale n&rsquo;est plus \u00e0 faire. D&rsquo;ailleurs, depuis l&rsquo;\u00e9t\u00e9 2021, Spa est inscrite au patrimoine mondial de l\u2019UNESCO des \u00ab Grandes Villes d&rsquo;Eaux d\u2019Europe \u00bb. Spa est \u00e9galement une ville b\u00e9n\u00e9ficiant d&rsquo;une situation exceptionnelle dans les Ardennes \u00e0 la [&hellip;]<\/p>\n","protected":false},"author":1,"featured_media":0,"parent":1061,"menu_order":0,"comment_status":"closed","ping_status":"closed","template":"","meta":{"_acf_changed":false,"_seopress_robots_primary_cat":"","_seopress_titles_title":"","_seopress_titles_desc":"","_seopress_robots_index":"","content-type":"","footnotes":""},"class_list":["post-2581","page","type-page","status-publish","hentry"],"acf":[],"yoast_head":"<!-- This site is optimized with the Yoast SEO plugin v27.5 - https:\/\/yoast.com\/product\/yoast-seo-wordpress\/ -->\n<title>Notre centre belge \u00e0 SPA - Ceran<\/title>\n<meta name=\"robots\" content=\"index, follow, max-snippet:-1, max-image-preview:large, max-video-preview:-1\" \/>\n<link rel=\"canonical\" href=\"https:\/\/www.ceran.com\/fr\/nos-lieux-de-formation\/notre-centre-belge-a-spa\/\" \/>\n<meta property=\"og:locale\" content=\"fr_FR\" \/>\n<meta property=\"og:type\" content=\"article\" \/>\n<meta property=\"og:title\" content=\"Notre centre belge \u00e0 SPA - Ceran\" \/>\n<meta property=\"og:description\" content=\"Notre centre belge au Ch\u00e2teau du Haut-Neubois \u00e0 SpaContactez-nous La r\u00e9putation de Spa en tant que destination thermale n&rsquo;est plus \u00e0 faire. D&rsquo;ailleurs, depuis l&rsquo;\u00e9t\u00e9 2021, Spa est inscrite au patrimoine mondial de l\u2019UNESCO des \u00ab Grandes Villes d&rsquo;Eaux d\u2019Europe \u00bb. Spa est \u00e9galement une ville b\u00e9n\u00e9ficiant d&rsquo;une situation exceptionnelle dans les Ardennes \u00e0 la [&hellip;]\" \/>\n<meta property=\"og:url\" content=\"https:\/\/www.ceran.com\/fr\/nos-lieux-de-formation\/notre-centre-belge-a-spa\/\" \/>\n<meta property=\"og:site_name\" content=\"Ceran\" \/>\n<meta property=\"article:modified_time\" content=\"2022-02-22T09:45:52+00:00\" \/>\n<meta property=\"og:image\" content=\"https:\/\/www.ceran.com\/wp-content\/uploads\/2022\/01\/people-g8483deedf_1920-1024x683.jpg\" \/>\n<meta name=\"twitter:card\" content=\"summary_large_image\" \/>\n<script type=\"application\/ld+json\" class=\"yoast-schema-graph\">{\"@context\":\"https:\\\/\\\/schema.org\",\"@graph\":[{\"@type\":\"WebPage\",\"@id\":\"https:\\\/\\\/www.ceran.com\\\/fr\\\/nos-lieux-de-formation\\\/notre-centre-belge-a-spa\\\/\",\"url\":\"https:\\\/\\\/www.ceran.com\\\/fr\\\/nos-lieux-de-formation\\\/notre-centre-belge-a-spa\\\/\",\"name\":\"Notre centre belge \u00e0 SPA - Ceran\",\"isPartOf\":{\"@id\":\"https:\\\/\\\/www.ceran.com\\\/fr\\\/#website\"},\"primaryImageOfPage\":{\"@id\":\"https:\\\/\\\/www.ceran.com\\\/fr\\\/nos-lieux-de-formation\\\/notre-centre-belge-a-spa\\\/#primaryimage\"},\"image\":{\"@id\":\"https:\\\/\\\/www.ceran.com\\\/fr\\\/nos-lieux-de-formation\\\/notre-centre-belge-a-spa\\\/#primaryimage\"},\"thumbnailUrl\":\"https:\\\/\\\/www.ceran.com\\\/wp-content\\\/uploads\\\/2022\\\/01\\\/people-g8483deedf_1920-1024x683.jpg\",\"datePublished\":\"2022-01-20T14:03:06+00:00\",\"dateModified\":\"2022-02-22T09:45:52+00:00\",\"breadcrumb\":{\"@id\":\"https:\\\/\\\/www.ceran.com\\\/fr\\\/nos-lieux-de-formation\\\/notre-centre-belge-a-spa\\\/#breadcrumb\"},\"inLanguage\":\"fr-FR\",\"potentialAction\":[{\"@type\":\"ReadAction\",\"target\":[\"https:\\\/\\\/www.ceran.com\\\/fr\\\/nos-lieux-de-formation\\\/notre-centre-belge-a-spa\\\/\"]}]},{\"@type\":\"ImageObject\",\"inLanguage\":\"fr-FR\",\"@id\":\"https:\\\/\\\/www.ceran.com\\\/fr\\\/nos-lieux-de-formation\\\/notre-centre-belge-a-spa\\\/#primaryimage\",\"url\":\"https:\\\/\\\/www.ceran.com\\\/wp-content\\\/uploads\\\/2022\\\/01\\\/people-g8483deedf_1920-1024x683.jpg\",\"contentUrl\":\"https:\\\/\\\/www.ceran.com\\\/wp-content\\\/uploads\\\/2022\\\/01\\\/people-g8483deedf_1920-1024x683.jpg\"},{\"@type\":\"BreadcrumbList\",\"@id\":\"https:\\\/\\\/www.ceran.com\\\/fr\\\/nos-lieux-de-formation\\\/notre-centre-belge-a-spa\\\/#breadcrumb\",\"itemListElement\":[{\"@type\":\"ListItem\",\"position\":1,\"name\":\"Accueil\",\"item\":\"https:\\\/\\\/www.ceran.com\\\/fr\\\/\"},{\"@type\":\"ListItem\",\"position\":2,\"name\":\"Nos lieux de formation\",\"item\":\"https:\\\/\\\/www.ceran.com\\\/fr\\\/nos-lieux-de-formation\\\/\"},{\"@type\":\"ListItem\",\"position\":3,\"name\":\"Notre centre belge \u00e0 SPA\"}]},{\"@type\":\"WebSite\",\"@id\":\"https:\\\/\\\/www.ceran.com\\\/fr\\\/#website\",\"url\":\"https:\\\/\\\/www.ceran.com\\\/fr\\\/\",\"name\":\"Ceran\",\"description\":\"Des formations linguistiques et interculturelles qui vous ouvrent de nouveaux horizons\",\"publisher\":{\"@id\":\"https:\\\/\\\/www.ceran.com\\\/fr\\\/#organization\"},\"potentialAction\":[{\"@type\":\"SearchAction\",\"target\":{\"@type\":\"EntryPoint\",\"urlTemplate\":\"https:\\\/\\\/www.ceran.com\\\/fr\\\/?s={search_term_string}\"},\"query-input\":{\"@type\":\"PropertyValueSpecification\",\"valueRequired\":true,\"valueName\":\"search_term_string\"}}],\"inLanguage\":\"fr-FR\"},{\"@type\":\"Organization\",\"@id\":\"https:\\\/\\\/www.ceran.com\\\/fr\\\/#organization\",\"name\":\"Ceran\",\"url\":\"https:\\\/\\\/www.ceran.com\\\/fr\\\/\",\"logo\":{\"@type\":\"ImageObject\",\"inLanguage\":\"fr-FR\",\"@id\":\"https:\\\/\\\/www.ceran.com\\\/fr\\\/#\\\/schema\\\/logo\\\/image\\\/\",\"url\":\"https:\\\/\\\/www.ceran.com\\\/wp-content\\\/uploads\\\/2025\\\/06\\\/Logo-CERAN-16-x-16-pixels.svg\",\"contentUrl\":\"https:\\\/\\\/www.ceran.com\\\/wp-content\\\/uploads\\\/2025\\\/06\\\/Logo-CERAN-16-x-16-pixels.svg\",\"width\":30,\"height\":30,\"caption\":\"Ceran\"},\"image\":{\"@id\":\"https:\\\/\\\/www.ceran.com\\\/fr\\\/#\\\/schema\\\/logo\\\/image\\\/\"}}]}<\/script>\n<!-- \/ Yoast SEO plugin. -->","yoast_head_json":{"title":"Notre centre belge \u00e0 SPA - Ceran","robots":{"index":"index","follow":"follow","max-snippet":"max-snippet:-1","max-image-preview":"max-image-preview:large","max-video-preview":"max-video-preview:-1"},"canonical":"https:\/\/www.ceran.com\/fr\/nos-lieux-de-formation\/notre-centre-belge-a-spa\/","og_locale":"fr_FR","og_type":"article","og_title":"Notre centre belge \u00e0 SPA - Ceran","og_description":"Notre centre belge au Ch\u00e2teau du Haut-Neubois \u00e0 SpaContactez-nous La r\u00e9putation de Spa en tant que destination thermale n&rsquo;est plus \u00e0 faire. D&rsquo;ailleurs, depuis l&rsquo;\u00e9t\u00e9 2021, Spa est inscrite au patrimoine mondial de l\u2019UNESCO des \u00ab Grandes Villes d&rsquo;Eaux d\u2019Europe \u00bb. Spa est \u00e9galement une ville b\u00e9n\u00e9ficiant d&rsquo;une situation exceptionnelle dans les Ardennes \u00e0 la [&hellip;]","og_url":"https:\/\/www.ceran.com\/fr\/nos-lieux-de-formation\/notre-centre-belge-a-spa\/","og_site_name":"Ceran","article_modified_time":"2022-02-22T09:45:52+00:00","og_image":[{"url":"https:\/\/www.ceran.com\/wp-content\/uploads\/2022\/01\/people-g8483deedf_1920-1024x683.jpg","type":"","width":"","height":""}],"twitter_card":"summary_large_image","schema":{"@context":"https:\/\/schema.org","@graph":[{"@type":"WebPage","@id":"https:\/\/www.ceran.com\/fr\/nos-lieux-de-formation\/notre-centre-belge-a-spa\/","url":"https:\/\/www.ceran.com\/fr\/nos-lieux-de-formation\/notre-centre-belge-a-spa\/","name":"Notre centre belge \u00e0 SPA - Ceran","isPartOf":{"@id":"https:\/\/www.ceran.com\/fr\/#website"},"primaryImageOfPage":{"@id":"https:\/\/www.ceran.com\/fr\/nos-lieux-de-formation\/notre-centre-belge-a-spa\/#primaryimage"},"image":{"@id":"https:\/\/www.ceran.com\/fr\/nos-lieux-de-formation\/notre-centre-belge-a-spa\/#primaryimage"},"thumbnailUrl":"https:\/\/www.ceran.com\/wp-content\/uploads\/2022\/01\/people-g8483deedf_1920-1024x683.jpg","datePublished":"2022-01-20T14:03:06+00:00","dateModified":"2022-02-22T09:45:52+00:00","breadcrumb":{"@id":"https:\/\/www.ceran.com\/fr\/nos-lieux-de-formation\/notre-centre-belge-a-spa\/#breadcrumb"},"inLanguage":"fr-FR","potentialAction":[{"@type":"ReadAction","target":["https:\/\/www.ceran.com\/fr\/nos-lieux-de-formation\/notre-centre-belge-a-spa\/"]}]},{"@type":"ImageObject","inLanguage":"fr-FR","@id":"https:\/\/www.ceran.com\/fr\/nos-lieux-de-formation\/notre-centre-belge-a-spa\/#primaryimage","url":"https:\/\/www.ceran.com\/wp-content\/uploads\/2022\/01\/people-g8483deedf_1920-1024x683.jpg","contentUrl":"https:\/\/www.ceran.com\/wp-content\/uploads\/2022\/01\/people-g8483deedf_1920-1024x683.jpg"},{"@type":"BreadcrumbList","@id":"https:\/\/www.ceran.com\/fr\/nos-lieux-de-formation\/notre-centre-belge-a-spa\/#breadcrumb","itemListElement":[{"@type":"ListItem","position":1,"name":"Accueil","item":"https:\/\/www.ceran.com\/fr\/"},{"@type":"ListItem","position":2,"name":"Nos lieux de formation","item":"https:\/\/www.ceran.com\/fr\/nos-lieux-de-formation\/"},{"@type":"ListItem","position":3,"name":"Notre centre belge \u00e0 SPA"}]},{"@type":"WebSite","@id":"https:\/\/www.ceran.com\/fr\/#website","url":"https:\/\/www.ceran.com\/fr\/","name":"Ceran","description":"Des formations linguistiques et interculturelles qui vous ouvrent de nouveaux horizons","publisher":{"@id":"https:\/\/www.ceran.com\/fr\/#organization"},"potentialAction":[{"@type":"SearchAction","target":{"@type":"EntryPoint","urlTemplate":"https:\/\/www.ceran.com\/fr\/?s={search_term_string}"},"query-input":{"@type":"PropertyValueSpecification","valueRequired":true,"valueName":"search_term_string"}}],"inLanguage":"fr-FR"},{"@type":"Organization","@id":"https:\/\/www.ceran.com\/fr\/#organization","name":"Ceran","url":"https:\/\/www.ceran.com\/fr\/","logo":{"@type":"ImageObject","inLanguage":"fr-FR","@id":"https:\/\/www.ceran.com\/fr\/#\/schema\/logo\/image\/","url":"https:\/\/www.ceran.com\/wp-content\/uploads\/2025\/06\/Logo-CERAN-16-x-16-pixels.svg","contentUrl":"https:\/\/www.ceran.com\/wp-content\/uploads\/2025\/06\/Logo-CERAN-16-x-16-pixels.svg","width":30,"height":30,"caption":"Ceran"},"image":{"@id":"https:\/\/www.ceran.com\/fr\/#\/schema\/logo\/image\/"}}]}},"_links":{"self":[{"href":"https:\/\/www.ceran.com\/fr\/wp-json\/wp\/v2\/pages\/2581","targetHints":{"allow":["GET"]}}],"collection":[{"href":"https:\/\/www.ceran.com\/fr\/wp-json\/wp\/v2\/pages"}],"about":[{"href":"https:\/\/www.ceran.com\/fr\/wp-json\/wp\/v2\/types\/page"}],"author":[{"embeddable":true,"href":"https:\/\/www.ceran.com\/fr\/wp-json\/wp\/v2\/users\/1"}],"replies":[{"embeddable":true,"href":"https:\/\/www.ceran.com\/fr\/wp-json\/wp\/v2\/comments?post=2581"}],"version-history":[{"count":5,"href":"https:\/\/www.ceran.com\/fr\/wp-json\/wp\/v2\/pages\/2581\/revisions"}],"predecessor-version":[{"id":8107,"href":"https:\/\/www.ceran.com\/fr\/wp-json\/wp\/v2\/pages\/2581\/revisions\/8107"}],"up":[{"embeddable":true,"href":"https:\/\/www.ceran.com\/fr\/wp-json\/wp\/v2\/pages\/1061"}],"wp:attachment":[{"href":"https:\/\/www.ceran.com\/fr\/wp-json\/wp\/v2\/media?parent=2581"}],"curies":[{"name":"wp","href":"https:\/\/api.w.org\/{rel}","templated":true}]}}