{"id":4389,"date":"2022-02-08T17:23:23","date_gmt":"2022-02-08T16:23:23","guid":{"rendered":"https:\/\/www.ceran.com\/?page_id=4389"},"modified":"2024-12-03T16:15:33","modified_gmt":"2024-12-03T15:15:33","slug":"apprendre-lespagnol-avec-le-ceran","status":"publish","type":"page","link":"https:\/\/www.ceran.com\/fr\/apprendre-une-langue\/apprendre-lespagnol-avec-le-ceran\/","title":{"rendered":"Apprendre l&rsquo;espagnol avec le Ceran"},"content":{"rendered":"\t\t<div data-elementor-type=\"wp-page\" data-elementor-id=\"4389\" class=\"elementor elementor-4389\" data-elementor-post-type=\"page\">\n\t\t\t\t\t\t<section class=\"elementor-section elementor-top-section elementor-element elementor-element-1d79f2cd elementor-section-boxed elementor-section-height-default elementor-section-height-default\" data-id=\"1d79f2cd\" data-element_type=\"section\" data-e-type=\"section\">\n\t\t\t\t\t\t<div class=\"elementor-container elementor-column-gap-default\">\n\t\t\t\t\t<div class=\"elementor-column elementor-col-100 elementor-top-column elementor-element elementor-element-746699d6\" data-id=\"746699d6\" data-element_type=\"column\" data-e-type=\"column\">\n\t\t\t<div class=\"elementor-widget-wrap elementor-element-populated\">\n\t\t\t\t\t\t<div class=\"elementor-element elementor-element-26a6111e elementor-widget elementor-widget-template\" data-id=\"26a6111e\" data-element_type=\"widget\" data-e-type=\"widget\" data-widget_type=\"template.default\">\n\t\t\t\t<div class=\"elementor-widget-container\">\n\t\t\t\t\t\t\t<div class=\"elementor-template\">\n\t\t\t\t\t<div data-elementor-type=\"section\" data-elementor-id=\"2014\" class=\"elementor elementor-2014\" data-elementor-post-type=\"elementor_library\">\n\t\t\t\t\t<section class=\"elementor-section elementor-top-section elementor-element elementor-element-7ff20875 elementor-section-boxed elementor-section-height-default elementor-section-height-default\" data-id=\"7ff20875\" data-element_type=\"section\" data-e-type=\"section\">\n\t\t\t\t\t\t<div class=\"elementor-container elementor-column-gap-default\">\n\t\t\t\t\t<div class=\"elementor-column elementor-col-100 elementor-top-column elementor-element elementor-element-a5e383b\" data-id=\"a5e383b\" data-element_type=\"column\" data-e-type=\"column\">\n\t\t\t<div class=\"elementor-widget-wrap elementor-element-populated\">\n\t\t\t\t\t\t<div class=\"elementor-element elementor-element-3edd7a7e elementor-widget elementor-widget-breadcrumbs\" data-id=\"3edd7a7e\" data-element_type=\"widget\" data-e-type=\"widget\" data-widget_type=\"breadcrumbs.default\">\n\t\t\t\t<div class=\"elementor-widget-container\">\n\t\t\t\t\t<p id=\"breadcrumbs\"><span><span><a href=\"https:\/\/www.ceran.com\/fr\/\">Accueil<\/a><\/span><\/span><\/p>\t\t\t\t<\/div>\n\t\t\t\t<\/div>\n\t\t\t\t\t<\/div>\n\t\t<\/div>\n\t\t\t\t\t<\/div>\n\t\t<\/section>\n\t\t\t\t<\/div>\n\t\t\t\t<\/div>\n\t\t\t\t\t\t<\/div>\n\t\t\t\t<\/div>\n\t\t\t\t<div class=\"elementor-element elementor-element-double-colonne-texte elementor-widget elementor-widget-double-colonne-texte\" data-id=\"double-colonne-texte\" data-element_type=\"widget\" data-e-type=\"widget\" data-widget_type=\"double-colonne-texte.default\">\n\t\t\t\t<div class=\"elementor-widget-container\">\n\t\t\t\t\t<div class=\"widget-column  \"><div class=\"wrapper-column\"><div class=\"corner corner-right-top-bottom\"><div class=\"corner-content\"><h1 class=\"ax-title mb-5\">Apprendre l&rsquo;espagnol avec le Ceran<\/h1><div class=\"bottom-block row\"><div class=\"bottom-block-img col-6\"><img decoding=\"async\" width=\"126\" height=\"90\" src=\"https:\/\/www.ceran.com\/wp-content\/uploads\/2021\/11\/chat.svg\" class=\"attachment-thumbnail size-thumbnail\" alt=\"\" \/><\/div><div class=\"bottom-block-links col-6 d-flex flex-column\"><a href=\"https:\/\/www.ceran.com\/fr\/nous-contacter\/\" class=\"ax-btn btn-mail-black mb-2\" >Contactez-nous<\/a><\/div><\/div><\/div><\/div><\/div><div class=\"wrapper-column\"><div class=\"corner corner-left-top-bottom\" style=\" display: flex; align-items: center;\"><div class=\"corner-content\"><div id=\"block-214\" class=\"sc-bdvvtL iSyBpQ\"><div class=\"sc-ksdxgE GNvNR\"><p><strong>Apprendre de nouvelles langues peut apporter de nombreux bienfaits, cela peut r\u00e9duire l\u2019anxi\u00e9t\u00e9, augmenter la tol\u00e9rance ainsi que la cr\u00e9ativit\u00e9.<\/strong><\/p><\/div><\/div><div id=\"block-215\" class=\"sc-bdvvtL iSyBpQ\"><div class=\"sc-ksdxgE jpFJhy\"><p>L\u2019apprentissage de nouvelles langues offre la possibilit\u00e9 de cultiver la patience et la pers\u00e9v\u00e9rance.<strong>\u00a0<\/strong>Il permet \u00e9galement l\u2019ouverture d\u2019esprit et favorise de nouvelles visions, comportements et styles de pens\u00e9e du monde qui nous entoure.<\/p><\/div><\/div><\/div><\/div><\/div><\/div>\t\t\t\t<\/div>\n\t\t\t\t<\/div>\n\t\t\t\t\t<\/div>\n\t\t<\/div>\n\t\t\t\t\t<\/div>\n\t\t<\/section>\n\t\t\t\t<section class=\"elementor-section elementor-top-section elementor-element elementor-element-a644f66 elementor-reverse-tablet elementor-reverse-mobile elementor-section-boxed elementor-section-height-default elementor-section-height-default\" data-id=\"a644f66\" data-element_type=\"section\" data-e-type=\"section\">\n\t\t\t\t\t\t<div class=\"elementor-container elementor-column-gap-default\">\n\t\t\t\t\t<div class=\"elementor-column elementor-col-50 elementor-top-column elementor-element elementor-element-c178dea\" data-id=\"c178dea\" data-element_type=\"column\" data-e-type=\"column\" data-settings=\"{&quot;background_background&quot;:&quot;classic&quot;}\">\n\t\t\t<div class=\"elementor-widget-wrap elementor-element-populated\">\n\t\t\t\t\t\t<div class=\"elementor-element elementor-element-d222076 elementor-widget elementor-widget-text-editor\" data-id=\"d222076\" data-element_type=\"widget\" data-e-type=\"widget\" data-widget_type=\"text-editor.default\">\n\t\t\t\t<div class=\"elementor-widget-container\">\n\t\t\t\t\t\t\t\t\t<p><strong>T\u00e9moignage<\/strong><\/p><p>\u00ab\u00a0Bonjour, Merci pour ce bilan et je tenais \u00e9galement \u00e0 vous faire un retour positif sur cette formation intense mais tr\u00e8s efficace gr\u00e2ce \u00e9galement \u00e0 Martin avec lequel j\u2019ai pu avoir des discussions ouvertes et riches sur de vastes sujets. M\u00eame si la conjoncture dans laquelle s\u2019est d\u00e9roul\u00e9e cette formation (pas de pr\u00e9sentiel) n\u2019\u00e9tait pas ce que j\u2019attendais, nous nous sommes adapt\u00e9s et les discussions t\u00e9l\u00e9phoniques m\u2019ont \u00e9t\u00e9 grandement b\u00e9n\u00e9fiques. Je vous recommanderai.\u00a0\u00bb\u00a0<\/p><p><em>\u00a0<\/em><\/p><p><em>Fr\u00e9d\u00e9ric<\/em><\/p>\t\t\t\t\t\t\t\t<\/div>\n\t\t\t\t<\/div>\n\t\t\t\t\t<\/div>\n\t\t<\/div>\n\t\t\t\t<div class=\"elementor-column elementor-col-50 elementor-top-column elementor-element elementor-element-cd7b31b\" data-id=\"cd7b31b\" data-element_type=\"column\" data-e-type=\"column\" data-settings=\"{&quot;background_background&quot;:&quot;classic&quot;}\">\n\t\t\t<div class=\"elementor-widget-wrap elementor-element-populated\">\n\t\t\t\t\t\t<div class=\"elementor-element elementor-element-6600b0f elementor-widget elementor-widget-image\" data-id=\"6600b0f\" data-element_type=\"widget\" data-e-type=\"widget\" data-widget_type=\"image.default\">\n\t\t\t\t<div class=\"elementor-widget-container\">\n\t\t\t\t\t\t\t\t\t\t\t\t\t\t\t<img fetchpriority=\"high\" decoding=\"async\" width=\"640\" height=\"458\" src=\"https:\/\/www.ceran.com\/wp-content\/uploads\/2022\/03\/2I0A4242_SPA-HD-e1648033711835-1024x732.jpg\" class=\"attachment-large size-large wp-image-48124\" alt=\"apprendre espagnol\" srcset=\"https:\/\/www.ceran.com\/wp-content\/uploads\/2022\/03\/2I0A4242_SPA-HD-e1648033711835-1024x732.jpg 1024w, https:\/\/www.ceran.com\/wp-content\/uploads\/2022\/03\/2I0A4242_SPA-HD-e1648033711835-300x214.jpg 300w, https:\/\/www.ceran.com\/wp-content\/uploads\/2022\/03\/2I0A4242_SPA-HD-e1648033711835-768x549.jpg 768w, https:\/\/www.ceran.com\/wp-content\/uploads\/2022\/03\/2I0A4242_SPA-HD-e1648033711835.jpg 1080w\" sizes=\"(max-width: 640px) 100vw, 640px\" \/>\t\t\t\t\t\t\t\t\t\t\t\t\t\t\t<\/div>\n\t\t\t\t<\/div>\n\t\t\t\t\t<\/div>\n\t\t<\/div>\n\t\t\t\t\t<\/div>\n\t\t<\/section>\n\t\t\t\t<section class=\"elementor-section elementor-top-section elementor-element elementor-element-474b401 elementor-section-boxed elementor-section-height-default elementor-section-height-default\" data-id=\"474b401\" data-element_type=\"section\" data-e-type=\"section\">\n\t\t\t\t\t\t<div class=\"elementor-container elementor-column-gap-default\">\n\t\t\t\t\t<div class=\"elementor-column elementor-col-100 elementor-top-column elementor-element elementor-element-5496e14\" data-id=\"5496e14\" data-element_type=\"column\" data-e-type=\"column\">\n\t\t\t<div class=\"elementor-widget-wrap elementor-element-populated\">\n\t\t\t\t\t\t<div class=\"elementor-element elementor-element-ceran-trouver-profile elementor-widget elementor-widget-ceran-trouver-profile\" data-id=\"ceran-trouver-profile\" data-element_type=\"widget\" data-e-type=\"widget\" data-widget_type=\"ceran-trouver-profile.default\">\n\t\t\t\t<div class=\"elementor-widget-container\">\n\t\t\t\t\t<h2 class=\"ax-title-icon\"><div class=\"ax-title-icons rouge-rouge \"> Trouvez votre profil <\/div><\/h2><div class=\"container p-md-0\"><div class=\"row gy-4\"><div class=\"ax-col col-sm-6 col-md-3 d-flex\"><div class=\"wrapper-profile\"><div class=\"content\"><h3 class=\"sub-title\">Professionnel<\/h3><div class=\"sub-content\"><p>\u00a0Vous avez pour objectif de :<\/p><p>- D\u00e9velopper un nouveau projet dans un pays \u00e9tranger ? <br \/>- Pr\u00e9parer votre expatriation dans un nouveau pays ? <br \/>- Intervenir d'une mani\u00e8re efficace en anglais avec vos pairs ? <br \/>Nos formations Executives d\u00e9di\u00e9es aux professionnels, et toute l'\u00e9quipe CERAN training sont l\u00e0 pour vous accompagner dans l'apprentissage du fran\u00e7ais.<\/p><\/div><\/div><div class=\"content-btn\"><a class=\"ax-btn btn-arrow\" href=\"\/fr\/apprendre-une-langue\/apprendre-lespagnol-avec-le-ceran\/nos-formations-en-espagnol-pour-les-professionnels\/\" >S\u00e9lectionner<\/a><\/div><\/div><\/div><div class=\"ax-col col-sm-6 col-md-3 d-flex\"><div class=\"wrapper-profile\"><div class=\"content\"><h3 class=\"sub-title\">Jeune adulte<\/h3><div class=\"sub-content\"><p>Nos formations Young Adults, ont pour objectif de : vous pr\u00e9parer \u00e0 des \u00e9tudes sup\u00e9rieures ou \u00e0 un examen ; pr\u00e9parer un stage \u00e0 l'\u00e9tranger ; vous pr\u00e9parer \u00e0 un premier entretien d'embauche.<\/p><\/div><\/div><div class=\"content-btn\"><a class=\"ax-btn btn-arrow\" href=\"https:\/\/www.ceran.com\/fr\/stages-de-langue\/\" >S\u00e9lectionner<\/a><\/div><\/div><\/div><div class=\"ax-col col-sm-6 col-md-3 d-flex\"><div class=\"wrapper-profile\"><div class=\"content\"><h3 class=\"sub-title\">Enfant<\/h3><div class=\"sub-content\"><p>Nos formations Juniors d\u00e9di\u00e9es aux 7-17 ans ont pour objectifs de : D\u00e9velopper la communication ; renforcer les connaissances scolaires ; pr\u00e9parer \u00e0 l'int\u00e9gration dans un nouveau pays.<\/p><\/div><\/div><div class=\"content-btn\"><a class=\"ax-btn btn-arrow\" href=\"https:\/\/www.ceran.com\/fr\/stages-de-langue\/\" >S\u00e9lectionner<\/a><\/div><\/div><\/div><div class=\"ax-col col-sm-6 col-md-3 d-flex\"><div class=\"wrapper-profile\"><div class=\"content\"><h3 class=\"sub-title\">Tests et examens de langue<\/h3><div class=\"sub-content\"><p>En dehors de nos programmes de formations, nous sommes habilit\u00e9s \u00e0 faire passer des tests certifiants de langue tels que : le TOEIC, Bright et Linguaskills.<\/p><\/div><\/div><div class=\"content-btn\"><a class=\"ax-btn btn-arrow\" href=\"https:\/\/www.ceran.com\/fr\/formation\/linguistic-assessment-en-espagnol\/\" >S\u00e9lectionner<\/a><\/div><\/div><\/div><\/div><\/div>\t\t\t\t<\/div>\n\t\t\t\t<\/div>\n\t\t\t\t\t<\/div>\n\t\t<\/div>\n\t\t\t\t\t<\/div>\n\t\t<\/section>\n\t\t\t\t<section class=\"elementor-section elementor-top-section elementor-element elementor-element-2e9aa4d elementor-section-boxed elementor-section-height-default elementor-section-height-default\" data-id=\"2e9aa4d\" data-element_type=\"section\" data-e-type=\"section\">\n\t\t\t\t\t\t<div class=\"elementor-container elementor-column-gap-default\">\n\t\t\t\t\t<div class=\"elementor-column elementor-col-100 elementor-top-column elementor-element elementor-element-0cf3f0e\" data-id=\"0cf3f0e\" data-element_type=\"column\" data-e-type=\"column\">\n\t\t\t<div class=\"elementor-widget-wrap elementor-element-populated\">\n\t\t\t\t\t\t<div class=\"elementor-element elementor-element-ceran-trouver-financement elementor-widget elementor-widget-ceran-trouver-financement\" data-id=\"ceran-trouver-financement\" data-element_type=\"widget\" data-e-type=\"widget\" data-widget_type=\"ceran-trouver-financement.default\">\n\t\t\t\t<div class=\"elementor-widget-container\">\n\t\t\t\t\t<h2 class=\"ax-title-icon\"><div class=\"ax-title-icons bleu-rouge \"> Trouver des financements qui vous correspondent <\/div><\/h2><div class=\"sub-title\"><p>Chaque pays, chaque r\u00e9gion, peut proposer des aides financi\u00e8res pour vos formations linguistiques principalement. C'est avec plaisir que nous vous les pr\u00e9sentons. Pour en b\u00e9n\u00e9ficier, il faudra vous rapprocher des diff\u00e9rents organismes mis en avant ci-apr\u00e8s. Seules les informations des sites officiels de ces diff\u00e9rents organismes font foi.<\/p><\/div><h3 class=\"sub-title-2\">Trouver les financements de votre pays.<\/h3><div class=\"container\"><div class=\"row gy-4\"><div class=\"col-sm-6 col-md-4 d-flex\"><a class=\"w-100 ax-btn btn-arrow-wide\" href=\"\/fr\/le-ceran-et-ses-methodes\/faire-financer-sa-formation\/#france\" >France<\/a><\/div><div class=\"col-sm-6 col-md-4 d-flex\"><a class=\"w-100 ax-btn btn-arrow-wide\" href=\"\/fr\/le-ceran-et-ses-methodes\/faire-financer-sa-formation\/#luxembourg\" >Luxembourg<\/a><\/div><div class=\"col-sm-6 col-md-4 d-flex\"><a class=\"w-100 ax-btn btn-arrow-wide\" href=\"\/fr\/le-ceran-et-ses-methodes\/faire-financer-sa-formation\/#belgique\" >Belgique<\/a><\/div><\/div><\/div>\t\t\t\t<\/div>\n\t\t\t\t<\/div>\n\t\t\t\t\t<\/div>\n\t\t<\/div>\n\t\t\t\t\t<\/div>\n\t\t<\/section>\n\t\t\t\t<section class=\"elementor-section elementor-top-section elementor-element elementor-element-1033b22f elementor-section-boxed elementor-section-height-default elementor-section-height-default\" data-id=\"1033b22f\" data-element_type=\"section\" data-e-type=\"section\">\n\t\t\t\t\t\t<div class=\"elementor-container elementor-column-gap-default\">\n\t\t\t\t\t<div class=\"elementor-column elementor-col-100 elementor-top-column elementor-element elementor-element-610a1aab\" data-id=\"610a1aab\" data-element_type=\"column\" data-e-type=\"column\">\n\t\t\t<div class=\"elementor-widget-wrap elementor-element-populated\">\n\t\t\t\t\t\t<div class=\"elementor-element elementor-element-ceran_block-encadre-text-icon elementor-widget elementor-widget-ceran_block-encadre-text-icon\" data-id=\"ceran_block-encadre-text-icon\" data-element_type=\"widget\" data-e-type=\"widget\" data-widget_type=\"ceran_block-encadre-text-icon.default\">\n\t\t\t\t<div class=\"elementor-widget-container\">\n\t\t\t\t\t<div class=\"container p-0\"><div class=\"cropped bleu-rouge \"><div class=\"cropped-content\"><div class=\"row\"><div class=\"col text-container d-flex flex-wrap flex-column justify-content-center justify-content-md-start\"><h3 class=\"title col\">Pourquoi apprendre l'espagnol ?<\/h3><div class=\"texte col\"><div id=\"block-432\" class=\"sc-bdvvtL iSyBpQ\"><div class=\"sc-ksdxgE jLDysI\">\u00a0<\/div><p>L'espagnol fait d\u00e9sormais partie de notre mosa\u00efque Aux \u00c9tats-Unis, l'espagnol devance toutes les autres langues non anglaises \u00e0 un rythme rapide, avec un flux constant de nouveaux immigrants d'Am\u00e9rique latine et une croissance de la population hispanique d\u00e9j\u00e0 importante. Selon un rapport du Pew Research Center de 2013, on estime que 38 millions de personnes aux \u00c9tats-Unis ont l'espagnol comme premi\u00e8re langue, et les analystes pr\u00e9voient que la population hispanique atteindra environ 130 millions de personnes en 2060 - ce qui en fera probablement le plus grand pays hispanophone du monde. Proportionnellement, les Hispaniques devraient passer d'environ 16 % de la population am\u00e9ricaine en 2010 \u00e0 30 % en 2050.<\/p><p><strong>L'espagnol est partout<\/strong><\/p><p>Il n'y a pas qu'aux \u00c9tats-Unis que l'espagnol est populaire. On compte quelque 400 millions d'hispanophones dans le monde, ce qui place l'espagnol en deuxi\u00e8me position apr\u00e8s le chinois pour le nombre total de locuteurs natifs et en quatri\u00e8me position des langues les plus parl\u00e9es dans le monde. <strong>En Europe, l'espagnol est la deuxi\u00e8me langue la plus populaire, apr\u00e8s l'anglais<\/strong>. Seuls le mandarin, l'anglais et l'hindi comptent plus de locuteurs.<\/p><p>C'est la troisi\u00e8me langue la plus utilis\u00e9e sur Internet, apr\u00e8s l'anglais et le chinois. Le nombre de locuteurs espagnols et leur taux de croissance font de l'apprentissage de l'espagnol un choix intelligent. (Mise \u00e0 jour : notez qu'un nouveau rapport 2018, en espagnol, de l'Instituto Cervantes confirme qu'il y a actuellement plus de 480 millions de locuteurs natifs espagnols et un total de 577 millions d'hispanophones dans le monde, y compris les locuteurs natifs et \u00e0 comp\u00e9tence limit\u00e9e, ainsi que les apprenants d'une seconde langue).<\/p><p><strong>Apprendre l'espagnol aidera votre carri\u00e8re <\/strong><\/p><p>Avec une population latino aussi importante aux \u00c9tats-Unis et des \u00e9conomies latines en plein essor dans le monde entier, les employeurs recherchent d\u00e9sesp\u00e9r\u00e9ment des personnes parlant espagnol. Aux \u00c9tats-Unis, la demande d'hispanophones est \u00e9norme dans les secteurs des soins infirmiers, de la gestion de la construction et des m\u00e9dias, entre autres.<\/p><p>Entre 2010 et 2015, la part des emplois recherchant des hispanophones a augment\u00e9 de 13 %. Les grandes entreprises r\u00e9alisent l'importance d'atteindre un march\u00e9 qui repr\u00e9sente environ 1,5 trillion par an. Pendant ce temps, l'Am\u00e9rique latine a connu un record de 179 milliards de dollars d'investissements directs \u00e9trangers en 2015 et les entreprises de partout se d\u00e9veloppent.<\/p><p><strong> Elle ouvrira un monde de destinations de voyage <\/strong><\/p><p>Il y a environ 329 millions de locuteurs natifs de l'espagnol dans le monde, et ils peuplent certaines des destinations mondiales les plus cool. Vous pouvez laisser derri\u00e8re vous les stations touristiques de Cancun et explorer des milliers de kilom\u00e8tres de villes, de plages et de sentiers plus abordables et plus beaux d'Am\u00e9rique latine. M\u00eame si vous vous rendez dans des destinations populaires au Mexique et dans les Cara\u00efbes, parler la langue locale vous aidera \u00e0 sortir des sentiers battus et \u00e0 vivre une exp\u00e9rience plus authentique. Et puis, bien s\u00fbr, vous pouvez r\u00e9server un voyage en Espagne et d\u00e9couvrir les merveilles de Barcelone, Madrid, l'Andalousie et d'autres villes !<\/p><p>Une riche culture litt\u00e9raire et cin\u00e9matographique<\/p><p>Une centaine d'auteurs \u00e0 succ\u00e8s de 54 pays ont \u00e9lu El ingenioso hidalgo Don Quixote de la Mancha, du romancier Miguel de Cervantes, meilleur livre de tous les temps. Bien que ce livre du XVIIe si\u00e8cle soit largement disponible dans d'autres langues, comme tout livre, il est meilleur dans sa langue originale. Parmi les autres auteurs de langue espagnole \u00e0 lire, citons le po\u00e8te chilien Pablo Neruda - dont de nombreuses \u0153uvres n'ont pas \u00e9t\u00e9 traduites -, Gabriel Garc\u00eda M\u00e1rquez, Roberto Bola\u00f1o et Mario Vargas Llosa, pour n'en citer que quelques-uns.<\/p><p>Et puis il y a les films : les r\u00e9alisateurs vedettes Pedro Almod\u00f3var, Alfonso Cuar\u00f3n et Guillermo Del Toro, qui ont tous des films dans leur langue maternelle, devraient suffire \u00e0 vous convaincre de la richesse du cin\u00e9ma hispanophone.<\/p><p><strong>L'espagnol est relativement facile \u00e0 apprendre<\/strong><\/p><p>L'espagnol \u00e9crit est presque enti\u00e8rement phon\u00e9tique : en regardant un mot espagnol, vous pouvez g\u00e9n\u00e9ralement savoir comment il se prononce. Bien que la ma\u00eetrise de la grammaire espagnole puisse \u00eatre un d\u00e9fi, la grammaire de base est assez simple et de nombreux mots de vocabulaire sont similaires \u00e0 ceux de l'anglais. Le nombre d'hispanophones aux \u00c9tats-Unis ne cessant d'augmenter, il est fort probable qu'il devienne encore plus facile d'apprendre et de pratiquer cette langue. L'enseignement de l'espagnol est tr\u00e8s r\u00e9pandu et accessible dans les \u00e9coles et les universit\u00e9s d'aujourd'hui. 70 % des \u00e9l\u00e8ves du secondaire et 52 % des \u00e9tudiants de l'enseignement sup\u00e9rieur inscrits \u00e0 des programmes de langues choisissent l'espagnol.<\/p><p><strong>L'espagnol la seconde langue apprise en Angleterre\u00a0<\/strong><\/p><p>Le rapport \"Languages of the Future\" du British Council classe les langues non anglaises par ordre d'importance pour les citoyens britanniques, sur la base d'une analyse approfondie des facteurs culturels, \u00e9conomiques et diplomatiques. L'espagnol arrive en t\u00eate de liste, suivi de l'arabe, du fran\u00e7ais et du mandarin. Si le territoire d'origine de la langue anglaise - qui est situ\u00e9 \u00e0 quelques kilom\u00e8tres de la France et qui ne compte m\u00eame pas tant d'immigrants hispanophones que cela - a d\u00e9cid\u00e9 que l'espagnol \u00e9tait la meilleure deuxi\u00e8me langue \u00e0 acqu\u00e9rir, qui sommes-nous pour le contester ?<\/p><\/div><\/div><\/div><\/div><\/div><\/div><\/div>\t\t\t\t<\/div>\n\t\t\t\t<\/div>\n\t\t\t\t\t<\/div>\n\t\t<\/div>\n\t\t\t\t\t<\/div>\n\t\t<\/section>\n\t\t\t\t<\/div>\n\t\t","protected":false},"excerpt":{"rendered":"<p>Contactez-nous Apprendre de nouvelles langues peut apporter de nombreux bienfaits, cela peut r\u00e9duire l\u2019anxi\u00e9t\u00e9, augmenter la tol\u00e9rance ainsi que la cr\u00e9ativit\u00e9. L\u2019apprentissage de nouvelles langues offre la possibilit\u00e9 de cultiver la patience et la pers\u00e9v\u00e9rance.\u00a0Il permet \u00e9galement l\u2019ouverture d\u2019esprit et favorise de nouvelles visions, comportements et styles de pens\u00e9e du monde qui nous entoure. T\u00e9moignage [&hellip;]<\/p>\n","protected":false},"author":1,"featured_media":0,"parent":520,"menu_order":0,"comment_status":"closed","ping_status":"closed","template":"","meta":{"_acf_changed":false,"_seopress_robots_primary_cat":"","_seopress_titles_title":"Apprendre l'espagnol : efficacement : nos formations %%sep%% %%sitename%%","_seopress_titles_desc":"Vous souhaitez apprendre l'espagnol avec une formation personnalis\u00e9e ? D\u00e9couvrez nos formations pour un apprentissage efficace et convivial.","_seopress_robots_index":"","content-type":"","footnotes":""},"class_list":["post-4389","page","type-page","status-publish","hentry"],"acf":[],"yoast_head":"<!-- This site is optimized with the Yoast SEO plugin v27.5 - https:\/\/yoast.com\/product\/yoast-seo-wordpress\/ -->\n<title>Apprendre l&#039;espagnol : efficacement : nos formations - Ceran<\/title>\n<meta name=\"description\" content=\"Vous souhaitez apprendre l&#039;espagnol avec une formation personnalis\u00e9e ? D\u00e9couvrez nos formations pour un apprentissage efficace et convivial.\" \/>\n<meta name=\"robots\" content=\"index, follow, max-snippet:-1, max-image-preview:large, max-video-preview:-1\" \/>\n<link rel=\"canonical\" href=\"https:\/\/www.ceran.com\/fr\/apprendre-une-langue\/apprendre-lespagnol-avec-le-ceran\/\" \/>\n<meta property=\"og:locale\" content=\"fr_FR\" \/>\n<meta property=\"og:type\" content=\"article\" \/>\n<meta property=\"og:title\" content=\"Apprendre l&#039;espagnol : efficacement : nos formations - Ceran\" \/>\n<meta property=\"og:description\" content=\"Vous souhaitez apprendre l&#039;espagnol avec une formation personnalis\u00e9e ? D\u00e9couvrez nos formations pour un apprentissage efficace et convivial.\" \/>\n<meta property=\"og:url\" content=\"https:\/\/www.ceran.com\/fr\/apprendre-une-langue\/apprendre-lespagnol-avec-le-ceran\/\" \/>\n<meta property=\"og:site_name\" content=\"Ceran\" \/>\n<meta property=\"article:modified_time\" content=\"2024-12-03T15:15:33+00:00\" \/>\n<meta property=\"og:image\" content=\"https:\/\/www.ceran.com\/wp-content\/uploads\/2021\/11\/chat.svg\" \/>\n<meta name=\"twitter:card\" content=\"summary_large_image\" \/>\n<script type=\"application\/ld+json\" class=\"yoast-schema-graph\">{\"@context\":\"https:\\\/\\\/schema.org\",\"@graph\":[{\"@type\":\"WebPage\",\"@id\":\"https:\\\/\\\/www.ceran.com\\\/fr\\\/apprendre-une-langue\\\/apprendre-lespagnol-avec-le-ceran\\\/\",\"url\":\"https:\\\/\\\/www.ceran.com\\\/fr\\\/apprendre-une-langue\\\/apprendre-lespagnol-avec-le-ceran\\\/\",\"name\":\"Apprendre l'espagnol : efficacement : nos formations - Ceran\",\"isPartOf\":{\"@id\":\"https:\\\/\\\/www.ceran.com\\\/fr\\\/#website\"},\"primaryImageOfPage\":{\"@id\":\"https:\\\/\\\/www.ceran.com\\\/fr\\\/apprendre-une-langue\\\/apprendre-lespagnol-avec-le-ceran\\\/#primaryimage\"},\"image\":{\"@id\":\"https:\\\/\\\/www.ceran.com\\\/fr\\\/apprendre-une-langue\\\/apprendre-lespagnol-avec-le-ceran\\\/#primaryimage\"},\"thumbnailUrl\":\"https:\\\/\\\/www.ceran.com\\\/wp-content\\\/uploads\\\/2021\\\/11\\\/chat.svg\",\"datePublished\":\"2022-02-08T16:23:23+00:00\",\"dateModified\":\"2024-12-03T15:15:33+00:00\",\"description\":\"Vous souhaitez apprendre l'espagnol avec une formation personnalis\u00e9e ? D\u00e9couvrez nos formations pour un apprentissage efficace et convivial.\",\"breadcrumb\":{\"@id\":\"https:\\\/\\\/www.ceran.com\\\/fr\\\/apprendre-une-langue\\\/apprendre-lespagnol-avec-le-ceran\\\/#breadcrumb\"},\"inLanguage\":\"fr-FR\",\"potentialAction\":[{\"@type\":\"ReadAction\",\"target\":[\"https:\\\/\\\/www.ceran.com\\\/fr\\\/apprendre-une-langue\\\/apprendre-lespagnol-avec-le-ceran\\\/\"]}]},{\"@type\":\"ImageObject\",\"inLanguage\":\"fr-FR\",\"@id\":\"https:\\\/\\\/www.ceran.com\\\/fr\\\/apprendre-une-langue\\\/apprendre-lespagnol-avec-le-ceran\\\/#primaryimage\",\"url\":\"https:\\\/\\\/www.ceran.com\\\/wp-content\\\/uploads\\\/2021\\\/11\\\/chat.svg\",\"contentUrl\":\"https:\\\/\\\/www.ceran.com\\\/wp-content\\\/uploads\\\/2021\\\/11\\\/chat.svg\"},{\"@type\":\"BreadcrumbList\",\"@id\":\"https:\\\/\\\/www.ceran.com\\\/fr\\\/apprendre-une-langue\\\/apprendre-lespagnol-avec-le-ceran\\\/#breadcrumb\",\"itemListElement\":[{\"@type\":\"ListItem\",\"position\":1,\"name\":\"Accueil\",\"item\":\"https:\\\/\\\/www.ceran.com\\\/fr\\\/\"},{\"@type\":\"ListItem\",\"position\":2,\"name\":\"Apprendre et perfectionner une langue\",\"item\":\"https:\\\/\\\/www.ceran.com\\\/fr\\\/apprendre-une-langue\\\/\"},{\"@type\":\"ListItem\",\"position\":3,\"name\":\"Apprendre l&#8217;espagnol avec le Ceran\"}]},{\"@type\":\"WebSite\",\"@id\":\"https:\\\/\\\/www.ceran.com\\\/fr\\\/#website\",\"url\":\"https:\\\/\\\/www.ceran.com\\\/fr\\\/\",\"name\":\"Ceran\",\"description\":\"Des formations linguistiques et interculturelles qui vous ouvrent de nouveaux horizons\",\"publisher\":{\"@id\":\"https:\\\/\\\/www.ceran.com\\\/fr\\\/#organization\"},\"potentialAction\":[{\"@type\":\"SearchAction\",\"target\":{\"@type\":\"EntryPoint\",\"urlTemplate\":\"https:\\\/\\\/www.ceran.com\\\/fr\\\/?s={search_term_string}\"},\"query-input\":{\"@type\":\"PropertyValueSpecification\",\"valueRequired\":true,\"valueName\":\"search_term_string\"}}],\"inLanguage\":\"fr-FR\"},{\"@type\":\"Organization\",\"@id\":\"https:\\\/\\\/www.ceran.com\\\/fr\\\/#organization\",\"name\":\"Ceran\",\"url\":\"https:\\\/\\\/www.ceran.com\\\/fr\\\/\",\"logo\":{\"@type\":\"ImageObject\",\"inLanguage\":\"fr-FR\",\"@id\":\"https:\\\/\\\/www.ceran.com\\\/fr\\\/#\\\/schema\\\/logo\\\/image\\\/\",\"url\":\"https:\\\/\\\/www.ceran.com\\\/wp-content\\\/uploads\\\/2025\\\/06\\\/Logo-CERAN-16-x-16-pixels.svg\",\"contentUrl\":\"https:\\\/\\\/www.ceran.com\\\/wp-content\\\/uploads\\\/2025\\\/06\\\/Logo-CERAN-16-x-16-pixels.svg\",\"width\":30,\"height\":30,\"caption\":\"Ceran\"},\"image\":{\"@id\":\"https:\\\/\\\/www.ceran.com\\\/fr\\\/#\\\/schema\\\/logo\\\/image\\\/\"}}]}<\/script>\n<!-- \/ Yoast SEO plugin. -->","yoast_head_json":{"title":"Apprendre l'espagnol : efficacement : nos formations - Ceran","description":"Vous souhaitez apprendre l'espagnol avec une formation personnalis\u00e9e ? D\u00e9couvrez nos formations pour un apprentissage efficace et convivial.","robots":{"index":"index","follow":"follow","max-snippet":"max-snippet:-1","max-image-preview":"max-image-preview:large","max-video-preview":"max-video-preview:-1"},"canonical":"https:\/\/www.ceran.com\/fr\/apprendre-une-langue\/apprendre-lespagnol-avec-le-ceran\/","og_locale":"fr_FR","og_type":"article","og_title":"Apprendre l'espagnol : efficacement : nos formations - Ceran","og_description":"Vous souhaitez apprendre l'espagnol avec une formation personnalis\u00e9e ? D\u00e9couvrez nos formations pour un apprentissage efficace et convivial.","og_url":"https:\/\/www.ceran.com\/fr\/apprendre-une-langue\/apprendre-lespagnol-avec-le-ceran\/","og_site_name":"Ceran","article_modified_time":"2024-12-03T15:15:33+00:00","og_image":[{"url":"https:\/\/www.ceran.com\/wp-content\/uploads\/2021\/11\/chat.svg","type":"","width":"","height":""}],"twitter_card":"summary_large_image","schema":{"@context":"https:\/\/schema.org","@graph":[{"@type":"WebPage","@id":"https:\/\/www.ceran.com\/fr\/apprendre-une-langue\/apprendre-lespagnol-avec-le-ceran\/","url":"https:\/\/www.ceran.com\/fr\/apprendre-une-langue\/apprendre-lespagnol-avec-le-ceran\/","name":"Apprendre l'espagnol : efficacement : nos formations - Ceran","isPartOf":{"@id":"https:\/\/www.ceran.com\/fr\/#website"},"primaryImageOfPage":{"@id":"https:\/\/www.ceran.com\/fr\/apprendre-une-langue\/apprendre-lespagnol-avec-le-ceran\/#primaryimage"},"image":{"@id":"https:\/\/www.ceran.com\/fr\/apprendre-une-langue\/apprendre-lespagnol-avec-le-ceran\/#primaryimage"},"thumbnailUrl":"https:\/\/www.ceran.com\/wp-content\/uploads\/2021\/11\/chat.svg","datePublished":"2022-02-08T16:23:23+00:00","dateModified":"2024-12-03T15:15:33+00:00","description":"Vous souhaitez apprendre l'espagnol avec une formation personnalis\u00e9e ? D\u00e9couvrez nos formations pour un apprentissage efficace et convivial.","breadcrumb":{"@id":"https:\/\/www.ceran.com\/fr\/apprendre-une-langue\/apprendre-lespagnol-avec-le-ceran\/#breadcrumb"},"inLanguage":"fr-FR","potentialAction":[{"@type":"ReadAction","target":["https:\/\/www.ceran.com\/fr\/apprendre-une-langue\/apprendre-lespagnol-avec-le-ceran\/"]}]},{"@type":"ImageObject","inLanguage":"fr-FR","@id":"https:\/\/www.ceran.com\/fr\/apprendre-une-langue\/apprendre-lespagnol-avec-le-ceran\/#primaryimage","url":"https:\/\/www.ceran.com\/wp-content\/uploads\/2021\/11\/chat.svg","contentUrl":"https:\/\/www.ceran.com\/wp-content\/uploads\/2021\/11\/chat.svg"},{"@type":"BreadcrumbList","@id":"https:\/\/www.ceran.com\/fr\/apprendre-une-langue\/apprendre-lespagnol-avec-le-ceran\/#breadcrumb","itemListElement":[{"@type":"ListItem","position":1,"name":"Accueil","item":"https:\/\/www.ceran.com\/fr\/"},{"@type":"ListItem","position":2,"name":"Apprendre et perfectionner une langue","item":"https:\/\/www.ceran.com\/fr\/apprendre-une-langue\/"},{"@type":"ListItem","position":3,"name":"Apprendre l&#8217;espagnol avec le Ceran"}]},{"@type":"WebSite","@id":"https:\/\/www.ceran.com\/fr\/#website","url":"https:\/\/www.ceran.com\/fr\/","name":"Ceran","description":"Des formations linguistiques et interculturelles qui vous ouvrent de nouveaux horizons","publisher":{"@id":"https:\/\/www.ceran.com\/fr\/#organization"},"potentialAction":[{"@type":"SearchAction","target":{"@type":"EntryPoint","urlTemplate":"https:\/\/www.ceran.com\/fr\/?s={search_term_string}"},"query-input":{"@type":"PropertyValueSpecification","valueRequired":true,"valueName":"search_term_string"}}],"inLanguage":"fr-FR"},{"@type":"Organization","@id":"https:\/\/www.ceran.com\/fr\/#organization","name":"Ceran","url":"https:\/\/www.ceran.com\/fr\/","logo":{"@type":"ImageObject","inLanguage":"fr-FR","@id":"https:\/\/www.ceran.com\/fr\/#\/schema\/logo\/image\/","url":"https:\/\/www.ceran.com\/wp-content\/uploads\/2025\/06\/Logo-CERAN-16-x-16-pixels.svg","contentUrl":"https:\/\/www.ceran.com\/wp-content\/uploads\/2025\/06\/Logo-CERAN-16-x-16-pixels.svg","width":30,"height":30,"caption":"Ceran"},"image":{"@id":"https:\/\/www.ceran.com\/fr\/#\/schema\/logo\/image\/"}}]}},"_links":{"self":[{"href":"https:\/\/www.ceran.com\/fr\/wp-json\/wp\/v2\/pages\/4389","targetHints":{"allow":["GET"]}}],"collection":[{"href":"https:\/\/www.ceran.com\/fr\/wp-json\/wp\/v2\/pages"}],"about":[{"href":"https:\/\/www.ceran.com\/fr\/wp-json\/wp\/v2\/types\/page"}],"author":[{"embeddable":true,"href":"https:\/\/www.ceran.com\/fr\/wp-json\/wp\/v2\/users\/1"}],"replies":[{"embeddable":true,"href":"https:\/\/www.ceran.com\/fr\/wp-json\/wp\/v2\/comments?post=4389"}],"version-history":[{"count":8,"href":"https:\/\/www.ceran.com\/fr\/wp-json\/wp\/v2\/pages\/4389\/revisions"}],"predecessor-version":[{"id":107638,"href":"https:\/\/www.ceran.com\/fr\/wp-json\/wp\/v2\/pages\/4389\/revisions\/107638"}],"up":[{"embeddable":true,"href":"https:\/\/www.ceran.com\/fr\/wp-json\/wp\/v2\/pages\/520"}],"wp:attachment":[{"href":"https:\/\/www.ceran.com\/fr\/wp-json\/wp\/v2\/media?parent=4389"}],"curies":[{"name":"wp","href":"https:\/\/api.w.org\/{rel}","templated":true}]}}