{"id":5035,"date":"2022-02-11T11:08:27","date_gmt":"2022-02-11T10:08:27","guid":{"rendered":"https:\/\/www.ceran.com\/?page_id=5035"},"modified":"2023-10-17T15:48:08","modified_gmt":"2023-10-17T13:48:08","slug":"immersion-pour-les-jeunes-adultes-et-les-enfants","status":"publish","type":"page","link":"https:\/\/www.ceran.com\/fr\/le-ceran-et-ses-methodes\/immersion-pour-les-jeunes-adultes-et-les-enfants\/","title":{"rendered":"Immersion pour les jeunes adultes et les enfants"},"content":{"rendered":"\t\t<div data-elementor-type=\"wp-page\" data-elementor-id=\"5035\" class=\"elementor elementor-5035\" data-elementor-post-type=\"page\">\n\t\t\t\t\t\t<section class=\"elementor-section elementor-top-section elementor-element elementor-element-64be4f0 elementor-section-boxed elementor-section-height-default elementor-section-height-default\" data-id=\"64be4f0\" data-element_type=\"section\" data-e-type=\"section\">\n\t\t\t\t\t\t<div class=\"elementor-container elementor-column-gap-default\">\n\t\t\t\t\t<div class=\"elementor-column elementor-col-100 elementor-top-column elementor-element elementor-element-efebe7f\" data-id=\"efebe7f\" data-element_type=\"column\" data-e-type=\"column\">\n\t\t\t<div class=\"elementor-widget-wrap elementor-element-populated\">\n\t\t\t\t\t\t<div class=\"elementor-element elementor-element-71e7684 elementor-widget elementor-widget-template\" data-id=\"71e7684\" data-element_type=\"widget\" data-e-type=\"widget\" data-widget_type=\"template.default\">\n\t\t\t\t<div class=\"elementor-widget-container\">\n\t\t\t\t\t\t\t<div class=\"elementor-template\">\n\t\t\t\t\t<div data-elementor-type=\"section\" data-elementor-id=\"2014\" class=\"elementor elementor-2014\" data-elementor-post-type=\"elementor_library\">\n\t\t\t\t\t<section class=\"elementor-section elementor-top-section elementor-element elementor-element-7ff20875 elementor-section-boxed elementor-section-height-default elementor-section-height-default\" data-id=\"7ff20875\" data-element_type=\"section\" data-e-type=\"section\">\n\t\t\t\t\t\t<div class=\"elementor-container elementor-column-gap-default\">\n\t\t\t\t\t<div class=\"elementor-column elementor-col-100 elementor-top-column elementor-element elementor-element-a5e383b\" data-id=\"a5e383b\" data-element_type=\"column\" data-e-type=\"column\">\n\t\t\t<div class=\"elementor-widget-wrap elementor-element-populated\">\n\t\t\t\t\t\t<div class=\"elementor-element elementor-element-3edd7a7e elementor-widget elementor-widget-breadcrumbs\" data-id=\"3edd7a7e\" data-element_type=\"widget\" data-e-type=\"widget\" data-widget_type=\"breadcrumbs.default\">\n\t\t\t\t<div class=\"elementor-widget-container\">\n\t\t\t\t\t<p id=\"breadcrumbs\"><span><span><a href=\"https:\/\/www.ceran.com\/fr\/\">Accueil<\/a><\/span><\/span><\/p>\t\t\t\t<\/div>\n\t\t\t\t<\/div>\n\t\t\t\t\t<\/div>\n\t\t<\/div>\n\t\t\t\t\t<\/div>\n\t\t<\/section>\n\t\t\t\t<\/div>\n\t\t\t\t<\/div>\n\t\t\t\t\t\t<\/div>\n\t\t\t\t<\/div>\n\t\t\t\t\t<\/div>\n\t\t<\/div>\n\t\t\t\t\t<\/div>\n\t\t<\/section>\n\t\t\t\t<section class=\"elementor-section elementor-top-section elementor-element elementor-element-e69f986 elementor-section-boxed elementor-section-height-default elementor-section-height-default\" data-id=\"e69f986\" data-element_type=\"section\" data-e-type=\"section\">\n\t\t\t\t\t\t<div class=\"elementor-container elementor-column-gap-default\">\n\t\t\t\t\t<div class=\"elementor-column elementor-col-100 elementor-top-column elementor-element elementor-element-5e21834d\" data-id=\"5e21834d\" data-element_type=\"column\" data-e-type=\"column\">\n\t\t\t<div class=\"elementor-widget-wrap elementor-element-populated\">\n\t\t\t\t\t\t<div class=\"elementor-element elementor-element-double-colonne-texte elementor-widget elementor-widget-double-colonne-texte\" data-id=\"double-colonne-texte\" data-element_type=\"widget\" data-e-type=\"widget\" data-widget_type=\"double-colonne-texte.default\">\n\t\t\t\t<div class=\"elementor-widget-container\">\n\t\t\t\t\t<div class=\"widget-column  \"><div class=\"wrapper-column\"><div class=\"corner no-corner\"><div class=\"corner-content\"><div class=\"ax-title mb-5\">Immersion pour les jeunes adultes et les enfants<\/div><div class=\"bottom-block row\"><div class=\"bottom-block-img col-6\"><img decoding=\"async\" width=\"150\" height=\"95\" src=\"https:\/\/www.ceran.com\/wp-content\/uploads\/2022\/01\/forme1-150x95.png\" class=\"attachment-thumbnail size-thumbnail\" alt=\"\" \/><\/div><div class=\"bottom-block-links col-6 d-flex flex-column\"><a href=\"\/fr\/nous-contacter\/\" class=\"ax-btn btn-mail-white mb-2\" >Contactez-nous<\/a><\/div><\/div><\/div><\/div><\/div><div class=\"wrapper-column\"><div class=\"corner corner-left-top-bottom\" style=\" display: flex; align-items: center;\"><div class=\"corner-content\"><p><strong>CERAN Academy propose des formations linguistiques d\u00e9di\u00e9es \u00e0 notre client\u00e8le la plus jeune, les \u00e9tudiants de 7 \u00e0 17 ans ainsi que les Jeunes adultes de 18 \u00e0 25 ans. Chacun trouve la formule adapt\u00e9e \u00e0 son profil et \u00e0 ses besoins au CERAN : des le\u00e7ons priv\u00e9es en soutien scolaire, des cours \u00e0 distance pour pr\u00e9parer un examen... et enfin, pour d'\u00e9normes et rapides progr\u00e8s, nos immersions r\u00e9sidentielles, formations lanc\u00e9es \u00e0 l'origine du CERAN en 1975<\/strong> !<\/p><p>\u00a0<\/p><\/div><\/div><\/div><\/div>\t\t\t\t<\/div>\n\t\t\t\t<\/div>\n\t\t\t\t\t<\/div>\n\t\t<\/div>\n\t\t\t\t\t<\/div>\n\t\t<\/section>\n\t\t\t\t<section class=\"elementor-section elementor-top-section elementor-element elementor-element-d842499 elementor-section-boxed elementor-section-height-default elementor-section-height-default\" data-id=\"d842499\" data-element_type=\"section\" data-e-type=\"section\">\n\t\t\t\t\t\t<div class=\"elementor-container elementor-column-gap-default\">\n\t\t\t\t\t<div class=\"elementor-column elementor-col-100 elementor-top-column elementor-element elementor-element-696e304\" data-id=\"696e304\" data-element_type=\"column\" data-e-type=\"column\">\n\t\t\t<div class=\"elementor-widget-wrap elementor-element-populated\">\n\t\t\t\t\t\t<div class=\"elementor-element elementor-element-72f1791 elementor-widget elementor-widget-spacer\" data-id=\"72f1791\" data-element_type=\"widget\" data-e-type=\"widget\" data-widget_type=\"spacer.default\">\n\t\t\t\t<div class=\"elementor-widget-container\">\n\t\t\t\t\t\t\t<div class=\"elementor-spacer\">\n\t\t\t<div class=\"elementor-spacer-inner\"><\/div>\n\t\t<\/div>\n\t\t\t\t\t\t<\/div>\n\t\t\t\t<\/div>\n\t\t\t\t<div class=\"elementor-element elementor-element-ceran-title-icon elementor-widget elementor-widget-ceran-title-icon\" data-id=\"ceran-title-icon\" data-element_type=\"widget\" data-e-type=\"widget\" data-widget_type=\"ceran-title-icon.default\">\n\t\t\t\t<div class=\"elementor-widget-container\">\n\t\t\t\t\t<h2 class=\"ax-title-icon\"><div class=\"ax-title-icons bleu-rouge \"> A destination des \u00e9tudiants Juniors & Jeunes Adultes  <\/div><\/h2>\t\t\t\t<\/div>\n\t\t\t\t<\/div>\n\t\t\t\t<div class=\"elementor-element elementor-element-9ee3386 elementor-widget elementor-widget-text-editor\" data-id=\"9ee3386\" data-element_type=\"widget\" data-e-type=\"widget\" data-widget_type=\"text-editor.default\">\n\t\t\t\t<div class=\"elementor-widget-container\">\n\t\t\t\t\t\t\t\t\t<p>Votre enfant a besoin d&rsquo;un petit coup de pouce en anglais, allemand, fran\u00e7ais ou en n\u00e9erlandais ? A-t-il envie de d\u00e9couvrir une de ces 4 langues et la culture inh\u00e9rente ? Alors les stages linguistiques r\u00e9sidentiels du CERAN organis\u00e9s durant les vacances scolaires (\u00e0 partir de 9 ans) vont r\u00e9pondre \u00e0 ses attentes. Nos stages de langue en immersion pour les Juniors ont lieu dans nos sites belges de Spa &amp; de Saint Roch \u00e0 Ferri\u00e8res tout comme en Suisse dans notre Chalet de Champ\u00e9ry situ\u00e9 dans le Valais. Tout participe au succ\u00e8s de leur stage en immersion, le cadre, la nature, les professeurs et animateurs natifs de la langue enseign\u00e9e, le programme des activit\u00e9s. Au CERAN, vos enfants vont r\u00e9ellement apprendre en s&rsquo;amusant avec de nouveaux amis ! A destination des Jeunes Adultes Vous avez entre 18 et 25 ans et souhaitez d\u00e9velopper rapidement vos connaissances linguistiques ? Vous devez pr\u00e9parer un examen en anglais (Cambridge English LINGUASKILL, IELTS, Toelf,\u2026), en allemand (TestDaf, TELC, DSH&#8230;), en n\u00e9erlandais (NT2, CNaVT,\u2026) ou en fran\u00e7ais langue \u00e9trang\u00e8re ( DCL, DELF, DALF, TEF, TCF,\u2026) ? Vous participez \u00e0 un programme d\u2019\u00e9change ou commencez des \u00e9tudes sup\u00e9rieures dans une langue \u00e9trang\u00e8re ? Vous souhaitez pr\u00e9parer votre avenir professionnel ? Nos stages en immersion r\u00e9pondent \u00e0 tous ces besoins et vous permettent d&rsquo;augmenter rapidement vos comp\u00e9tences linguistiques !<\/p>\t\t\t\t\t\t\t\t<\/div>\n\t\t\t\t<\/div>\n\t\t\t\t<div class=\"elementor-element elementor-element-f7fc3fa elementor-widget elementor-widget-spacer\" data-id=\"f7fc3fa\" data-element_type=\"widget\" data-e-type=\"widget\" data-widget_type=\"spacer.default\">\n\t\t\t\t<div class=\"elementor-widget-container\">\n\t\t\t\t\t\t\t<div class=\"elementor-spacer\">\n\t\t\t<div class=\"elementor-spacer-inner\"><\/div>\n\t\t<\/div>\n\t\t\t\t\t\t<\/div>\n\t\t\t\t<\/div>\n\t\t\t\t\t<\/div>\n\t\t<\/div>\n\t\t\t\t\t<\/div>\n\t\t<\/section>\n\t\t\t\t<section class=\"elementor-section elementor-top-section elementor-element elementor-element-50ba94f9 elementor-section-boxed elementor-section-height-default elementor-section-height-default\" data-id=\"50ba94f9\" data-element_type=\"section\" data-e-type=\"section\">\n\t\t\t\t\t\t<div class=\"elementor-container elementor-column-gap-default\">\n\t\t\t\t\t<div class=\"elementor-column elementor-col-100 elementor-top-column elementor-element elementor-element-422c4aa5\" data-id=\"422c4aa5\" data-element_type=\"column\" data-e-type=\"column\">\n\t\t\t<div class=\"elementor-widget-wrap elementor-element-populated\">\n\t\t\t\t\t\t<div class=\"elementor-element elementor-element-ceran-dropdown-img-text elementor-widget elementor-widget-ceran-dropdown-img-text\" data-id=\"ceran-dropdown-img-text\" data-element_type=\"widget\" data-e-type=\"widget\" data-widget_type=\"ceran-dropdown-img-text.default\">\n\t\t\t\t<div class=\"elementor-widget-container\">\n\t\t\t\t\t<div class=\"container p-md-0\"><div class=\"accordion\" id=\"ax-accordion-69f4fe260a92a\"><div class=\"accordion-item elementor-repeater-item-66a0474\"><h2 class=\"accordion-header\"><button class=\"accordion-button\" type=\"button\" data-bs-toggle=\"collapse\" data-bs-target=\"#collapse-elementor-repeater-item-66a0474\" aria-expanded=\"true\">Votre formation en immersion au CERAN<\/button><\/h2><div id=\"collapse-elementor-repeater-item-66a0474\" class=\"accordion-collapse collapse show\" data-bs-parent=\"#ax-accordion-69f4fe260a92a\"><div class=\"accordion-body\"><div class=\"row\"><div class=\"col-md-6\"><div class=\"mb-3 text-content\">Les stages linguistiques pour les Juniors rencontrent un grand succ\u00e8s tant aupr\u00e8s des enfants que de leurs parents. Les \u00e9tudiants vivent tr\u00e8s bien le concept d'immersion dans la langue cible d'autant plus lors de stages r\u00e9sidentiels. 4 langues leurs sont propos\u00e9es : l'allemand, l'anglais, le fran\u00e7ais et le n\u00e9erlandais.  Pendant nos formations r\u00e9sidentielles intensives, de minimum 1 semaine, les jeunes apprennent \u00e0 d\u00e9velopper une r\u00e9elle comp\u00e9tence de communication, \u00e0 renforcer leurs connaissances scolaires, \u00e0 se pr\u00e9parer \u00e0 l'enseignement sup\u00e9rieur ou \u00e0 l'int\u00e9gration dans un nouveau pays, tout en vivant une exp\u00e9rience multiculturelle enrichissante. Nos stages Juniors ont lieu dans nos sites belges de Spa & de Saint Roch \u00e0 Ferri\u00e8res tout comme en Suisse dans notre Chalet de Champ\u00e9ry situ\u00e9 dans le Valais.                                                                                     \n\n\n\n\n\nLes stages linguistiques d\u00e9di\u00e9s aux Young Adults durant l'\u00e9t\u00e9 se d\u00e9roulent sur 2 semaines syst\u00e9matiquement. Les cours se donnent en groupe de 6 \u00e9tudiants  au maximum. Leur exp\u00e9rience du CERAN commence de la m\u00eame mani\u00e8re, par la r\u00e9alisation de tests de niveau et analyse de leurs besoins sur notre portail en ligne \"MyCERAN\".                                                                                                                                Le concept d'immersion du CERAN est une m\u00e9thode qui nous rend unique ! Tant pour la client\u00e8le Juniors que pour les Young Adults. Les 3 techniques qui composent la m\u00e9thode CERAN (technique QRI, la pratique verbo-tonale et les phrases-clefs) sont syst\u00e9matiques personnalis\u00e9es pour chaque \u00e9tudiant. Chaque \u00e9l\u00e8ve, chaque \u00e9tudiant est unique et sa fa\u00e7on d'apprendre \u00e9galement. Quelle que soit la formation choisie, tous les \u00e9tudiants b\u00e9n\u00e9ficient \u00e0 la fin de leur programme d'un bilan de comp\u00e9tences linguistiques, qui compar\u00e9 \u00e0 leur diagnostic de d\u00e9but de s\u00e9jour, leur permet d'appr\u00e9cier leur progression.\nLes stages Young Adults d'une semaine sont \u00e9galement disponibles durant l'ann\u00e9e.\n<\/div><\/div><div class=\"col-md-6\"><img fetchpriority=\"high\" decoding=\"async\" width=\"640\" height=\"427\" src=\"https:\/\/www.ceran.com\/wp-content\/uploads\/2022\/05\/immersion_jeunes_Formation-1024x683.jpg\" class=\"attachment-large size-large\" alt=\"\" srcset=\"https:\/\/www.ceran.com\/wp-content\/uploads\/2022\/05\/immersion_jeunes_Formation-1024x683.jpg 1024w, https:\/\/www.ceran.com\/wp-content\/uploads\/2022\/05\/immersion_jeunes_Formation-300x200.jpg 300w, https:\/\/www.ceran.com\/wp-content\/uploads\/2022\/05\/immersion_jeunes_Formation-768x512.jpg 768w, https:\/\/www.ceran.com\/wp-content\/uploads\/2022\/05\/immersion_jeunes_Formation-1536x1024.jpg 1536w, https:\/\/www.ceran.com\/wp-content\/uploads\/2022\/05\/immersion_jeunes_Formation.jpg 1620w\" sizes=\"(max-width: 640px) 100vw, 640px\" \/><\/div><\/div><\/div><\/div><\/div><div class=\"accordion-item elementor-repeater-item-1ba6188\"><h2 class=\"accordion-header\"><button class=\"accordion-button collapsed\" type=\"button\" data-bs-toggle=\"collapse\" data-bs-target=\"#collapse-elementor-repeater-item-1ba6188\" aria-expanded=\"false\">Votre accueil, votre transport<\/button><\/h2><div id=\"collapse-elementor-repeater-item-1ba6188\" class=\"accordion-collapse collapse\" data-bs-parent=\"#ax-accordion-69f4fe260a92a\"><div class=\"accordion-body\"><div class=\"row\"><div class=\"col-md-6\"><div class=\"mb-3 text-content\">Les transferts depuis les a\u00e9roports et les gares les plus proches sont organis\u00e9s en amont. Pour les plus jeunes, un service \" UM \" (Unaccompanied Minor) est propos\u00e9 pour les \u00e9tudiants qui nous rejoignent en avion. C'est l'assurance de leur arriv\u00e9e \u00e0 bon port et la garantie pour les parents d'\u00eatre sereins. \nL'immersion dans la langue cible d\u00e9bute d\u00e8s l'accueil avec l'\u00e9quipe CERAN.\nA l'arriv\u00e9e sur site les Juniors sont pris en charge par les animateurs natifs de la langue enseign\u00e9e qui les accompagnent \u00e0 leur chambre et leur font d\u00e9couvir le site. \n\nLes transferts depuis les a\u00e9roports et les gares les plus proches sont organis\u00e9s en amont. Pour les plus jeunes, un service \" UM \" (Unaccompanied Minor) est propos\u00e9 pour les \u00e9tudiants qui nous rejoignent en avion. C'est l'assurance de leur arriv\u00e9e \u00e0 bon port et la garantie pour les parents d'\u00eatre sereins. \nL'immersion dans la langue cible d\u00e9bute d\u00e8s l'accueil avec l'\u00e9quipe CERAN.\nA l'arriv\u00e9e sur site les Juniors sont pris en charge par les animateurs natifs de la langue enseign\u00e9e qui les accompagnent \u00e0 leur chambre et leur font d\u00e9couvir le site. \n\nLes transferts sont \u00e9galement organis\u00e9s en amont \u00e0 la demande pour les Young Adults. A leur arriv\u00e9e sur site un plan leur est remis, la \"bousole\", par les h\u00f4tes de la maison. Pendant tout leur s\u00e9jour, les Juniors & les Young Adults pourront facilement se d\u00e9placer entre les lieux de formation, de restauration, les espaces de vie et de d\u00e9tente. Tous les moments \u00e0 venir, cours, moments de restauration et \u00e9galement de d\u00e9tente seront v\u00e9cus ensemble et seule la langue cible sera parl\u00e9e.<\/div><\/div><div class=\"col-md-6\"><img decoding=\"async\" width=\"640\" height=\"427\" src=\"https:\/\/www.ceran.com\/wp-content\/uploads\/2022\/05\/Immersion_jeunes_accueil-1024x683.jpg\" class=\"attachment-large size-large\" alt=\"stage de fran\u00e7ais, n\u00e9erlandais, allemand et d&#039;anglais Belgique et Suisse\" srcset=\"https:\/\/www.ceran.com\/wp-content\/uploads\/2022\/05\/Immersion_jeunes_accueil-1024x683.jpg 1024w, https:\/\/www.ceran.com\/wp-content\/uploads\/2022\/05\/Immersion_jeunes_accueil-300x200.jpg 300w, https:\/\/www.ceran.com\/wp-content\/uploads\/2022\/05\/Immersion_jeunes_accueil-768x512.jpg 768w, https:\/\/www.ceran.com\/wp-content\/uploads\/2022\/05\/Immersion_jeunes_accueil-1536x1024.jpg 1536w, https:\/\/www.ceran.com\/wp-content\/uploads\/2022\/05\/Immersion_jeunes_accueil.jpg 1620w\" sizes=\"(max-width: 640px) 100vw, 640px\" \/><\/div><\/div><\/div><\/div><\/div><div class=\"accordion-item elementor-repeater-item-4143c47\"><h2 class=\"accordion-header\"><button class=\"accordion-button collapsed\" type=\"button\" data-bs-toggle=\"collapse\" data-bs-target=\"#collapse-elementor-repeater-item-4143c47\" aria-expanded=\"false\">Votre h\u00e9bergement<\/button><\/h2><div id=\"collapse-elementor-repeater-item-4143c47\" class=\"accordion-collapse collapse\" data-bs-parent=\"#ax-accordion-69f4fe260a92a\"><div class=\"accordion-body\"><div class=\"row\"><div class=\"col-md-6\"><div class=\"mb-3 text-content\">La qualit\u00e9 de l'h\u00e9bergement et plus globalement des infrastructures de nos centres de formation contribuent \u00e0 procurer une exp\u00e9rience agr\u00e9able et conviviale.                                                                                                                     Durant l'\u00e9t\u00e9, le site de Saint Roch \u00e0 Ferri\u00e8res, ouvre ses portes uniquement \u00e0 destion des Juniors. Saint Roch est une \u00e9cole avec un internat qui permet d'accueillir de nombreux Juniors de tout horizon. Les chambres sont des chambres individuelles, de 2 ou de 3 \u00e9tudiants. A Spa, les Juniors sont log\u00e9s en chambre double \"en-suite\".  \nLes Jeunes adultes eux logent toujours en chambre \"Single en-suite\".\nNos s\u00e9jours linguistiques r\u00e9sidentiels pr\u00e9sentent l'avantage pour nos jeunes Apprenants de mettre de c\u00f4t\u00e9 leurs pr\u00e9occupations et de se consacrer uniquement \u00e0 leur apprentissage.<\/div><\/div><div class=\"col-md-6\"><img loading=\"lazy\" decoding=\"async\" width=\"640\" height=\"334\" src=\"https:\/\/www.ceran.com\/wp-content\/uploads\/2022\/05\/Immersion_jeunes_hebergement-1024x534.jpg\" class=\"attachment-large size-large\" alt=\"\" srcset=\"https:\/\/www.ceran.com\/wp-content\/uploads\/2022\/05\/Immersion_jeunes_hebergement-1024x534.jpg 1024w, https:\/\/www.ceran.com\/wp-content\/uploads\/2022\/05\/Immersion_jeunes_hebergement-300x156.jpg 300w, https:\/\/www.ceran.com\/wp-content\/uploads\/2022\/05\/Immersion_jeunes_hebergement-768x400.jpg 768w, https:\/\/www.ceran.com\/wp-content\/uploads\/2022\/05\/Immersion_jeunes_hebergement-1536x801.jpg 1536w, https:\/\/www.ceran.com\/wp-content\/uploads\/2022\/05\/Immersion_jeunes_hebergement.jpg 1920w\" sizes=\"(max-width: 640px) 100vw, 640px\" \/><\/div><\/div><\/div><\/div><\/div><div class=\"accordion-item elementor-repeater-item-0fe3f8c\"><h2 class=\"accordion-header\"><button class=\"accordion-button collapsed\" type=\"button\" data-bs-toggle=\"collapse\" data-bs-target=\"#collapse-elementor-repeater-item-0fe3f8c\" aria-expanded=\"false\">Votre table au CERAN<\/button><\/h2><div id=\"collapse-elementor-repeater-item-0fe3f8c\" class=\"accordion-collapse collapse\" data-bs-parent=\"#ax-accordion-69f4fe260a92a\"><div class=\"accordion-body\"><div class=\"row\"><div class=\"col-md-6\"><div class=\"mb-3 text-content\">La table du CERAN s'adapte aux go\u00fbts internationaux et aux go\u00fbts des plus jeunes tout en respectant nos 5 principes directeurs que sont la simplicit\u00e9, la saisonnalit\u00e9, l'agilit\u00e9, la convivialit\u00e9 et l'engagement. Parents, adolescents, soyez rassur\u00e9s, la table du CERAN sait ravir les papilles de chacun !                                                 Pour les jeunes adultes comme pour les enfants, la cuisine propos\u00e9e rel\u00e8ve du \"simplement bon\".  Nos chefs cuisinent avec des produits de saison, de mani\u00e8re agile afin r\u00e9pondre aux attentes de cette jeune client\u00e8le. Nous sensibilisons \u00e9galement nos jeunes Stagiaires sur le fait que notre cuisine est \u00e9co-responsable.                                                                                                                       De plus, tous les moments de restauration sont con\u00e7us comme des moments de partage et d'\u00e9change entre \u00e9tudiants et professeurs. Ces moments de la table contribuent \u00e0 l'immersion dans la langue cible.. <\/div><\/div><div class=\"col-md-6\"><img loading=\"lazy\" decoding=\"async\" width=\"640\" height=\"427\" src=\"https:\/\/www.ceran.com\/wp-content\/uploads\/2022\/05\/immersion_jeunes_Tables-1024x683.jpg\" class=\"attachment-large size-large\" alt=\"\" srcset=\"https:\/\/www.ceran.com\/wp-content\/uploads\/2022\/05\/immersion_jeunes_Tables-1024x683.jpg 1024w, https:\/\/www.ceran.com\/wp-content\/uploads\/2022\/05\/immersion_jeunes_Tables-300x200.jpg 300w, https:\/\/www.ceran.com\/wp-content\/uploads\/2022\/05\/immersion_jeunes_Tables-768x512.jpg 768w, https:\/\/www.ceran.com\/wp-content\/uploads\/2022\/05\/immersion_jeunes_Tables-1536x1024.jpg 1536w, https:\/\/www.ceran.com\/wp-content\/uploads\/2022\/05\/immersion_jeunes_Tables.jpg 1620w\" sizes=\"(max-width: 640px) 100vw, 640px\" \/><\/div><\/div><\/div><\/div><\/div><div class=\"accordion-item elementor-repeater-item-cc7d32d\"><h2 class=\"accordion-header\"><button class=\"accordion-button collapsed\" type=\"button\" data-bs-toggle=\"collapse\" data-bs-target=\"#collapse-elementor-repeater-item-cc7d32d\" aria-expanded=\"false\">Votre d\u00e9tente \/ vos loisirs<\/button><\/h2><div id=\"collapse-elementor-repeater-item-cc7d32d\" class=\"accordion-collapse collapse\" data-bs-parent=\"#ax-accordion-69f4fe260a92a\"><div class=\"accordion-body\"><div class=\"row\"><div class=\"col-md-6\"><div class=\"mb-3 text-content\">Les activit\u00e9s d\u2019apprentissage (le\u00e7ons) et de communication (pauses, repas, activit\u00e9s r\u00e9cr\u00e9atives et culturelles) se d\u00e9roulent en immersion compl\u00e8te avec nos formateurs et animateurs natifs de la langue enseign\u00e9e. \nLes programmes Juniors contiennent des activit\u00e9s de d\u00e9tente et ateliers divers :  tennis, basketball, mini-olympiades, ping-pong, dessin et peinture, production de films courts, cr\u00e9ation de podcasts, improvisation th\u00e9atrale, talent show et en ext\u00e9rieur : escape game, patinoire, accrobranche, etc.\nDe plus, des excursions sont organis\u00e9es les mercredis et week-ends entre deux semaines de stage (\u00e9galement pour les stages d'\u00e9t\u00e9 Young adults).                                                 Ces activit\u00e9s compl\u00e8tent et \u00e9quilibrent la formation. C'est au cours de ces diverses activit\u00e9s que nos jeunes Stagiaires continuent \u00e0 progresser en dehors de la salle de classe. La langue cible est sans cesse pratiqu\u00e9e.<\/div><\/div><div class=\"col-md-6\"><img loading=\"lazy\" decoding=\"async\" width=\"640\" height=\"427\" src=\"https:\/\/www.ceran.com\/wp-content\/uploads\/2022\/05\/immersion_jeunes_loisir-1024x683.jpg\" class=\"attachment-large size-large\" alt=\"cours de fran\u00e7ais et d&#039;anglais pour enfants\" srcset=\"https:\/\/www.ceran.com\/wp-content\/uploads\/2022\/05\/immersion_jeunes_loisir-1024x683.jpg 1024w, https:\/\/www.ceran.com\/wp-content\/uploads\/2022\/05\/immersion_jeunes_loisir-300x200.jpg 300w, https:\/\/www.ceran.com\/wp-content\/uploads\/2022\/05\/immersion_jeunes_loisir-768x512.jpg 768w, https:\/\/www.ceran.com\/wp-content\/uploads\/2022\/05\/immersion_jeunes_loisir-1536x1024.jpg 1536w, https:\/\/www.ceran.com\/wp-content\/uploads\/2022\/05\/immersion_jeunes_loisir.jpg 1620w\" sizes=\"(max-width: 640px) 100vw, 640px\" \/><\/div><\/div><\/div><\/div><\/div><div class=\"accordion-item elementor-repeater-item-0c908c9\"><h2 class=\"accordion-header\"><button class=\"accordion-button collapsed\" type=\"button\" data-bs-toggle=\"collapse\" data-bs-target=\"#collapse-elementor-repeater-item-0c908c9\" aria-expanded=\"false\">Votre acc\u00e8s \u00e0 MyCERAN<\/button><\/h2><div id=\"collapse-elementor-repeater-item-0c908c9\" class=\"accordion-collapse collapse\" data-bs-parent=\"#ax-accordion-69f4fe260a92a\"><div class=\"accordion-body\"><div class=\"row\"><div class=\"col-md-6\"><div class=\"mb-3 text-content\">Veuillez trouver ci-dessous le lien avec toutes les informations n\u00e9cessaires pour vous connecter au portail \u00e9tudiant MyCERAN. Vous aurez aussi acc\u00e8s \u00e0 la Foire aux questions.<\/div><a href=\"https:\/\/www.ceran.com\/fr\/acces-au-portail-etudiant-myceran\/\" class=\"ax-btn btn-arrow\" >Comment acc\u00e9der au portail \u00e9tudiant MyCERAN<\/a><\/div><div class=\"col-md-6\"><img loading=\"lazy\" decoding=\"async\" width=\"640\" height=\"427\" src=\"https:\/\/www.ceran.com\/wp-content\/uploads\/2022\/05\/Chateauform-CHAMPERY-1-1024x683.jpg\" class=\"attachment-large size-large\" alt=\"stage langue enfant anglais, fran\u00e7ais, allemand et n\u00e9erlandais en Belgique,France et Suisse\" srcset=\"https:\/\/www.ceran.com\/wp-content\/uploads\/2022\/05\/Chateauform-CHAMPERY-1-1024x683.jpg 1024w, https:\/\/www.ceran.com\/wp-content\/uploads\/2022\/05\/Chateauform-CHAMPERY-1-300x200.jpg 300w, https:\/\/www.ceran.com\/wp-content\/uploads\/2022\/05\/Chateauform-CHAMPERY-1-768x512.jpg 768w, https:\/\/www.ceran.com\/wp-content\/uploads\/2022\/05\/Chateauform-CHAMPERY-1-1536x1024.jpg 1536w, https:\/\/www.ceran.com\/wp-content\/uploads\/2022\/05\/Chateauform-CHAMPERY-1.jpg 1620w\" sizes=\"(max-width: 640px) 100vw, 640px\" \/><\/div><\/div><\/div><\/div><\/div><\/div><\/div>\t\t\t\t<\/div>\n\t\t\t\t<\/div>\n\t\t\t\t<div class=\"elementor-element elementor-element-ceran_block-encadre-text-icon elementor-widget elementor-widget-ceran_block-encadre-text-icon\" data-id=\"ceran_block-encadre-text-icon\" data-element_type=\"widget\" data-e-type=\"widget\" data-widget_type=\"ceran_block-encadre-text-icon.default\">\n\t\t\t\t<div class=\"elementor-widget-container\">\n\t\t\t\t\t<div class=\"container p-0\"><div class=\"cropped bleu-rouge \"><div class=\"cropped-content\"><div class=\"row\"><div class=\"col text-container d-flex flex-wrap flex-column justify-content-center justify-content-md-start\"><h3 class=\"title col\"><\/h3><div class=\"texte col\"><p>Le concept d'immersion dans la langue cible est adapt\u00e9 aux besoins des plus jeunes. Cette langue sera la langue de communication entre les professeurs natifs de la langue enseign\u00e9e et ses \u00e9l\u00e8ves ainsi qu'entre les \u00e9tudiants eux-m\u00eames durant tout le s\u00e9jour. Le programme des Juniors variera du programme des Young Adults, cependant chacun des 2 programmes comprend des cours, des activit\u00e9s p\u00e9dagogiques, des activit\u00e9s sportives et culturelles et enfin des excursions. Quel que soit son \u00e2ge, le Stagiaire est au centre du processus d'apprentissage, c'est la centration sur l'Apprenant, qui vise \u00e0 le rendre autonome. Il est consid\u00e9r\u00e9 comme une personne unique dont il faut respecter les besoins, la personnalit\u00e9 et le profil d'apprentissage. Et notre promesse \"\u00eatre satisfait.e ou reform\u00e9.e gratuitement\" n'est pas r\u00e9serv\u00e9e uniquement aux professionnels, puisqu'elle s'adresse \u00e9galement aux \u00e9tudiants !<\/p><\/div><\/div><\/div><\/div><\/div><\/div>\t\t\t\t<\/div>\n\t\t\t\t<\/div>\n\t\t\t\t\t<\/div>\n\t\t<\/div>\n\t\t\t\t\t<\/div>\n\t\t<\/section>\n\t\t\t\t<section class=\"elementor-section elementor-top-section elementor-element elementor-element-91867e2 elementor-section-boxed elementor-section-height-default elementor-section-height-default\" data-id=\"91867e2\" data-element_type=\"section\" data-e-type=\"section\">\n\t\t\t\t\t\t<div class=\"elementor-container elementor-column-gap-default\">\n\t\t\t\t\t<div class=\"elementor-column elementor-col-100 elementor-top-column elementor-element elementor-element-27c0f2d\" data-id=\"27c0f2d\" data-element_type=\"column\" data-e-type=\"column\">\n\t\t\t<div class=\"elementor-widget-wrap elementor-element-populated\">\n\t\t\t\t\t\t<div class=\"elementor-element elementor-element-ceran_block-encadre-text-icon elementor-widget elementor-widget-ceran_block-encadre-text-icon\" data-id=\"ceran_block-encadre-text-icon\" data-element_type=\"widget\" data-e-type=\"widget\" data-widget_type=\"ceran_block-encadre-text-icon.default\">\n\t\t\t\t<div class=\"elementor-widget-container\">\n\t\t\t\t\t<div class=\"container p-0\"><div class=\"corner corner-left-top\"><div class=\"corner-content\"><div class=\"row\"><div class=\"col text-container d-flex flex-wrap flex-column justify-content-center justify-content-md-start\"><h3 class=\"title col\">Ces formations en immersion vous int\u00e9ressent ?               <\/h3><div class=\"texte col\"><\/div><div class=\"row gy-4\"><div class=\"col-sm-6 col-md-3\"><a class=\"ax-btn btn-landing\" href=\"https:\/\/www.ceran.com\/fr\/apprendre-une-langue\/apprendre-lallemand-avec-le-ceran\/\" >Allemand<\/a><\/div><div class=\"col-sm-6 col-md-3\"><a class=\"ax-btn btn-landing\" href=\"https:\/\/www.ceran.com\/fr\/apprendre-une-langue\/apprendre-anglais-avec-ceran\/\" >Anglais<\/a><\/div><div class=\"col-sm-6 col-md-3\"><a class=\"ax-btn btn-landing\" href=\"https:\/\/www.ceran.com\/fr\/apprendre-une-langue\/apprendre-dautres-langues-avec-le-ceran\/\" >Chinois<\/a><\/div><div class=\"col-sm-6 col-md-3\"><a class=\"ax-btn btn-landing\" href=\"https:\/\/www.ceran.com\/fr\/apprendre-une-langue\/apprendre-dautres-langues-avec-le-ceran\/\" >Autres langues<\/a><\/div><\/div><\/div><\/div><\/div><\/div><\/div>\t\t\t\t<\/div>\n\t\t\t\t<\/div>\n\t\t\t\t\t<\/div>\n\t\t<\/div>\n\t\t\t\t\t<\/div>\n\t\t<\/section>\n\t\t\t\t<\/div>\n\t\t","protected":false},"excerpt":{"rendered":"<p>Immersion pour les jeunes adultes et les enfantsContactez-nous CERAN Academy propose des formations linguistiques d\u00e9di\u00e9es \u00e0 notre client\u00e8le la plus jeune, les \u00e9tudiants de 7 \u00e0 17 ans ainsi que les Jeunes adultes de 18 \u00e0 25 ans. Chacun trouve la formule adapt\u00e9e \u00e0 son profil et \u00e0 ses besoins au CERAN : des le\u00e7ons [&hellip;]<\/p>\n","protected":false},"author":1,"featured_media":0,"parent":1056,"menu_order":0,"comment_status":"closed","ping_status":"closed","template":"","meta":{"_acf_changed":false,"_seopress_robots_primary_cat":"","_seopress_titles_title":"Cours d'anglais pour jeunes adultes : notre offre pour les 18-25 ans %%sep%% %%sitename%%","_seopress_titles_desc":"Vous avez entre 18 et 25 ans et souhaitez d\u00e9velopper rapidement vos connaissances linguistiques en anglais ? D\u00e9couvrez nos formations efficaces et personnalis\u00e9es.","_seopress_robots_index":"","content-type":"","footnotes":""},"class_list":["post-5035","page","type-page","status-publish","hentry"],"acf":[],"yoast_head":"<!-- This site is optimized with the Yoast SEO plugin v27.5 - https:\/\/yoast.com\/product\/yoast-seo-wordpress\/ -->\n<title>Cours d&#039;anglais pour jeunes adultes : notre offre pour les 18-25 ans - Ceran<\/title>\n<meta name=\"description\" content=\"Vous avez entre 18 et 25 ans et souhaitez d\u00e9velopper rapidement vos connaissances linguistiques en anglais ? D\u00e9couvrez nos formations efficaces et personnalis\u00e9es.\" \/>\n<meta name=\"robots\" content=\"index, follow, max-snippet:-1, max-image-preview:large, max-video-preview:-1\" \/>\n<link rel=\"canonical\" href=\"https:\/\/www.ceran.com\/fr\/le-ceran-et-ses-methodes\/immersion-pour-les-jeunes-adultes-et-les-enfants\/\" \/>\n<meta property=\"og:locale\" content=\"fr_FR\" \/>\n<meta property=\"og:type\" content=\"article\" \/>\n<meta property=\"og:title\" content=\"Cours d&#039;anglais pour jeunes adultes : notre offre pour les 18-25 ans - Ceran\" \/>\n<meta property=\"og:description\" content=\"Vous avez entre 18 et 25 ans et souhaitez d\u00e9velopper rapidement vos connaissances linguistiques en anglais ? D\u00e9couvrez nos formations efficaces et personnalis\u00e9es.\" \/>\n<meta property=\"og:url\" content=\"https:\/\/www.ceran.com\/fr\/le-ceran-et-ses-methodes\/immersion-pour-les-jeunes-adultes-et-les-enfants\/\" \/>\n<meta property=\"og:site_name\" content=\"Ceran\" \/>\n<meta property=\"article:modified_time\" content=\"2023-10-17T13:48:08+00:00\" \/>\n<meta property=\"og:image\" content=\"https:\/\/www.ceran.com\/wp-content\/uploads\/2022\/01\/forme1-150x95.png\" \/>\n<meta name=\"twitter:card\" content=\"summary_large_image\" \/>\n<script type=\"application\/ld+json\" class=\"yoast-schema-graph\">{\"@context\":\"https:\\\/\\\/schema.org\",\"@graph\":[{\"@type\":\"WebPage\",\"@id\":\"https:\\\/\\\/www.ceran.com\\\/fr\\\/le-ceran-et-ses-methodes\\\/immersion-pour-les-jeunes-adultes-et-les-enfants\\\/\",\"url\":\"https:\\\/\\\/www.ceran.com\\\/fr\\\/le-ceran-et-ses-methodes\\\/immersion-pour-les-jeunes-adultes-et-les-enfants\\\/\",\"name\":\"Cours d'anglais pour jeunes adultes : notre offre pour les 18-25 ans - Ceran\",\"isPartOf\":{\"@id\":\"https:\\\/\\\/www.ceran.com\\\/fr\\\/#website\"},\"primaryImageOfPage\":{\"@id\":\"https:\\\/\\\/www.ceran.com\\\/fr\\\/le-ceran-et-ses-methodes\\\/immersion-pour-les-jeunes-adultes-et-les-enfants\\\/#primaryimage\"},\"image\":{\"@id\":\"https:\\\/\\\/www.ceran.com\\\/fr\\\/le-ceran-et-ses-methodes\\\/immersion-pour-les-jeunes-adultes-et-les-enfants\\\/#primaryimage\"},\"thumbnailUrl\":\"https:\\\/\\\/www.ceran.com\\\/wp-content\\\/uploads\\\/2022\\\/01\\\/forme1-150x95.png\",\"datePublished\":\"2022-02-11T10:08:27+00:00\",\"dateModified\":\"2023-10-17T13:48:08+00:00\",\"description\":\"Vous avez entre 18 et 25 ans et souhaitez d\u00e9velopper rapidement vos connaissances linguistiques en anglais ? D\u00e9couvrez nos formations efficaces et personnalis\u00e9es.\",\"breadcrumb\":{\"@id\":\"https:\\\/\\\/www.ceran.com\\\/fr\\\/le-ceran-et-ses-methodes\\\/immersion-pour-les-jeunes-adultes-et-les-enfants\\\/#breadcrumb\"},\"inLanguage\":\"fr-FR\",\"potentialAction\":[{\"@type\":\"ReadAction\",\"target\":[\"https:\\\/\\\/www.ceran.com\\\/fr\\\/le-ceran-et-ses-methodes\\\/immersion-pour-les-jeunes-adultes-et-les-enfants\\\/\"]}]},{\"@type\":\"ImageObject\",\"inLanguage\":\"fr-FR\",\"@id\":\"https:\\\/\\\/www.ceran.com\\\/fr\\\/le-ceran-et-ses-methodes\\\/immersion-pour-les-jeunes-adultes-et-les-enfants\\\/#primaryimage\",\"url\":\"https:\\\/\\\/www.ceran.com\\\/wp-content\\\/uploads\\\/2022\\\/01\\\/forme1-150x95.png\",\"contentUrl\":\"https:\\\/\\\/www.ceran.com\\\/wp-content\\\/uploads\\\/2022\\\/01\\\/forme1-150x95.png\"},{\"@type\":\"BreadcrumbList\",\"@id\":\"https:\\\/\\\/www.ceran.com\\\/fr\\\/le-ceran-et-ses-methodes\\\/immersion-pour-les-jeunes-adultes-et-les-enfants\\\/#breadcrumb\",\"itemListElement\":[{\"@type\":\"ListItem\",\"position\":1,\"name\":\"Accueil\",\"item\":\"https:\\\/\\\/www.ceran.com\\\/fr\\\/\"},{\"@type\":\"ListItem\",\"position\":2,\"name\":\"Le CERAN et ses m\u00e9thodes\",\"item\":\"https:\\\/\\\/www.ceran.com\\\/fr\\\/le-ceran-et-ses-methodes\\\/\"},{\"@type\":\"ListItem\",\"position\":3,\"name\":\"Immersion pour les jeunes adultes et les enfants\"}]},{\"@type\":\"WebSite\",\"@id\":\"https:\\\/\\\/www.ceran.com\\\/fr\\\/#website\",\"url\":\"https:\\\/\\\/www.ceran.com\\\/fr\\\/\",\"name\":\"Ceran\",\"description\":\"Des formations linguistiques et interculturelles qui vous ouvrent de nouveaux horizons\",\"publisher\":{\"@id\":\"https:\\\/\\\/www.ceran.com\\\/fr\\\/#organization\"},\"potentialAction\":[{\"@type\":\"SearchAction\",\"target\":{\"@type\":\"EntryPoint\",\"urlTemplate\":\"https:\\\/\\\/www.ceran.com\\\/fr\\\/?s={search_term_string}\"},\"query-input\":{\"@type\":\"PropertyValueSpecification\",\"valueRequired\":true,\"valueName\":\"search_term_string\"}}],\"inLanguage\":\"fr-FR\"},{\"@type\":\"Organization\",\"@id\":\"https:\\\/\\\/www.ceran.com\\\/fr\\\/#organization\",\"name\":\"Ceran\",\"url\":\"https:\\\/\\\/www.ceran.com\\\/fr\\\/\",\"logo\":{\"@type\":\"ImageObject\",\"inLanguage\":\"fr-FR\",\"@id\":\"https:\\\/\\\/www.ceran.com\\\/fr\\\/#\\\/schema\\\/logo\\\/image\\\/\",\"url\":\"https:\\\/\\\/www.ceran.com\\\/wp-content\\\/uploads\\\/2025\\\/06\\\/Logo-CERAN-16-x-16-pixels.svg\",\"contentUrl\":\"https:\\\/\\\/www.ceran.com\\\/wp-content\\\/uploads\\\/2025\\\/06\\\/Logo-CERAN-16-x-16-pixels.svg\",\"width\":30,\"height\":30,\"caption\":\"Ceran\"},\"image\":{\"@id\":\"https:\\\/\\\/www.ceran.com\\\/fr\\\/#\\\/schema\\\/logo\\\/image\\\/\"}}]}<\/script>\n<!-- \/ Yoast SEO plugin. -->","yoast_head_json":{"title":"Cours d'anglais pour jeunes adultes : notre offre pour les 18-25 ans - Ceran","description":"Vous avez entre 18 et 25 ans et souhaitez d\u00e9velopper rapidement vos connaissances linguistiques en anglais ? D\u00e9couvrez nos formations efficaces et personnalis\u00e9es.","robots":{"index":"index","follow":"follow","max-snippet":"max-snippet:-1","max-image-preview":"max-image-preview:large","max-video-preview":"max-video-preview:-1"},"canonical":"https:\/\/www.ceran.com\/fr\/le-ceran-et-ses-methodes\/immersion-pour-les-jeunes-adultes-et-les-enfants\/","og_locale":"fr_FR","og_type":"article","og_title":"Cours d'anglais pour jeunes adultes : notre offre pour les 18-25 ans - Ceran","og_description":"Vous avez entre 18 et 25 ans et souhaitez d\u00e9velopper rapidement vos connaissances linguistiques en anglais ? D\u00e9couvrez nos formations efficaces et personnalis\u00e9es.","og_url":"https:\/\/www.ceran.com\/fr\/le-ceran-et-ses-methodes\/immersion-pour-les-jeunes-adultes-et-les-enfants\/","og_site_name":"Ceran","article_modified_time":"2023-10-17T13:48:08+00:00","og_image":[{"url":"https:\/\/www.ceran.com\/wp-content\/uploads\/2022\/01\/forme1-150x95.png","type":"","width":"","height":""}],"twitter_card":"summary_large_image","schema":{"@context":"https:\/\/schema.org","@graph":[{"@type":"WebPage","@id":"https:\/\/www.ceran.com\/fr\/le-ceran-et-ses-methodes\/immersion-pour-les-jeunes-adultes-et-les-enfants\/","url":"https:\/\/www.ceran.com\/fr\/le-ceran-et-ses-methodes\/immersion-pour-les-jeunes-adultes-et-les-enfants\/","name":"Cours d'anglais pour jeunes adultes : notre offre pour les 18-25 ans - Ceran","isPartOf":{"@id":"https:\/\/www.ceran.com\/fr\/#website"},"primaryImageOfPage":{"@id":"https:\/\/www.ceran.com\/fr\/le-ceran-et-ses-methodes\/immersion-pour-les-jeunes-adultes-et-les-enfants\/#primaryimage"},"image":{"@id":"https:\/\/www.ceran.com\/fr\/le-ceran-et-ses-methodes\/immersion-pour-les-jeunes-adultes-et-les-enfants\/#primaryimage"},"thumbnailUrl":"https:\/\/www.ceran.com\/wp-content\/uploads\/2022\/01\/forme1-150x95.png","datePublished":"2022-02-11T10:08:27+00:00","dateModified":"2023-10-17T13:48:08+00:00","description":"Vous avez entre 18 et 25 ans et souhaitez d\u00e9velopper rapidement vos connaissances linguistiques en anglais ? D\u00e9couvrez nos formations efficaces et personnalis\u00e9es.","breadcrumb":{"@id":"https:\/\/www.ceran.com\/fr\/le-ceran-et-ses-methodes\/immersion-pour-les-jeunes-adultes-et-les-enfants\/#breadcrumb"},"inLanguage":"fr-FR","potentialAction":[{"@type":"ReadAction","target":["https:\/\/www.ceran.com\/fr\/le-ceran-et-ses-methodes\/immersion-pour-les-jeunes-adultes-et-les-enfants\/"]}]},{"@type":"ImageObject","inLanguage":"fr-FR","@id":"https:\/\/www.ceran.com\/fr\/le-ceran-et-ses-methodes\/immersion-pour-les-jeunes-adultes-et-les-enfants\/#primaryimage","url":"https:\/\/www.ceran.com\/wp-content\/uploads\/2022\/01\/forme1-150x95.png","contentUrl":"https:\/\/www.ceran.com\/wp-content\/uploads\/2022\/01\/forme1-150x95.png"},{"@type":"BreadcrumbList","@id":"https:\/\/www.ceran.com\/fr\/le-ceran-et-ses-methodes\/immersion-pour-les-jeunes-adultes-et-les-enfants\/#breadcrumb","itemListElement":[{"@type":"ListItem","position":1,"name":"Accueil","item":"https:\/\/www.ceran.com\/fr\/"},{"@type":"ListItem","position":2,"name":"Le CERAN et ses m\u00e9thodes","item":"https:\/\/www.ceran.com\/fr\/le-ceran-et-ses-methodes\/"},{"@type":"ListItem","position":3,"name":"Immersion pour les jeunes adultes et les enfants"}]},{"@type":"WebSite","@id":"https:\/\/www.ceran.com\/fr\/#website","url":"https:\/\/www.ceran.com\/fr\/","name":"Ceran","description":"Des formations linguistiques et interculturelles qui vous ouvrent de nouveaux horizons","publisher":{"@id":"https:\/\/www.ceran.com\/fr\/#organization"},"potentialAction":[{"@type":"SearchAction","target":{"@type":"EntryPoint","urlTemplate":"https:\/\/www.ceran.com\/fr\/?s={search_term_string}"},"query-input":{"@type":"PropertyValueSpecification","valueRequired":true,"valueName":"search_term_string"}}],"inLanguage":"fr-FR"},{"@type":"Organization","@id":"https:\/\/www.ceran.com\/fr\/#organization","name":"Ceran","url":"https:\/\/www.ceran.com\/fr\/","logo":{"@type":"ImageObject","inLanguage":"fr-FR","@id":"https:\/\/www.ceran.com\/fr\/#\/schema\/logo\/image\/","url":"https:\/\/www.ceran.com\/wp-content\/uploads\/2025\/06\/Logo-CERAN-16-x-16-pixels.svg","contentUrl":"https:\/\/www.ceran.com\/wp-content\/uploads\/2025\/06\/Logo-CERAN-16-x-16-pixels.svg","width":30,"height":30,"caption":"Ceran"},"image":{"@id":"https:\/\/www.ceran.com\/fr\/#\/schema\/logo\/image\/"}}]}},"_links":{"self":[{"href":"https:\/\/www.ceran.com\/fr\/wp-json\/wp\/v2\/pages\/5035","targetHints":{"allow":["GET"]}}],"collection":[{"href":"https:\/\/www.ceran.com\/fr\/wp-json\/wp\/v2\/pages"}],"about":[{"href":"https:\/\/www.ceran.com\/fr\/wp-json\/wp\/v2\/types\/page"}],"author":[{"embeddable":true,"href":"https:\/\/www.ceran.com\/fr\/wp-json\/wp\/v2\/users\/1"}],"replies":[{"embeddable":true,"href":"https:\/\/www.ceran.com\/fr\/wp-json\/wp\/v2\/comments?post=5035"}],"version-history":[{"count":5,"href":"https:\/\/www.ceran.com\/fr\/wp-json\/wp\/v2\/pages\/5035\/revisions"}],"predecessor-version":[{"id":90913,"href":"https:\/\/www.ceran.com\/fr\/wp-json\/wp\/v2\/pages\/5035\/revisions\/90913"}],"up":[{"embeddable":true,"href":"https:\/\/www.ceran.com\/fr\/wp-json\/wp\/v2\/pages\/1056"}],"wp:attachment":[{"href":"https:\/\/www.ceran.com\/fr\/wp-json\/wp\/v2\/media?parent=5035"}],"curies":[{"name":"wp","href":"https:\/\/api.w.org\/{rel}","templated":true}]}}