{"id":57979,"date":"2022-07-28T15:12:14","date_gmt":"2022-07-28T13:12:14","guid":{"rendered":"https:\/\/www.ceran.com\/?page_id=57979"},"modified":"2023-01-18T11:17:54","modified_gmt":"2023-01-18T10:17:54","slug":"blog","status":"publish","type":"page","link":"https:\/\/www.ceran.com\/fr\/blog\/","title":{"rendered":"Blog"},"content":{"rendered":"\t\t<div data-elementor-type=\"wp-page\" data-elementor-id=\"57979\" class=\"elementor elementor-57979\" data-elementor-post-type=\"page\">\n\t\t\t\t\t\t<section class=\"elementor-section elementor-top-section elementor-element elementor-element-2efec92c elementor-section-boxed elementor-section-height-default elementor-section-height-default\" data-id=\"2efec92c\" data-element_type=\"section\" data-e-type=\"section\">\n\t\t\t\t\t\t<div class=\"elementor-container elementor-column-gap-default\">\n\t\t\t\t\t<div class=\"elementor-column elementor-col-100 elementor-top-column elementor-element elementor-element-24897baf\" data-id=\"24897baf\" data-element_type=\"column\" data-e-type=\"column\">\n\t\t\t<div class=\"elementor-widget-wrap elementor-element-populated\">\n\t\t\t\t\t\t<div class=\"elementor-element elementor-element-65cdabea elementor-widget elementor-widget-template\" data-id=\"65cdabea\" data-element_type=\"widget\" data-e-type=\"widget\" data-widget_type=\"template.default\">\n\t\t\t\t<div class=\"elementor-widget-container\">\n\t\t\t\t\t\t\t<div class=\"elementor-template\">\n\t\t\t\t\t<div data-elementor-type=\"section\" data-elementor-id=\"2014\" class=\"elementor elementor-2014\" data-elementor-post-type=\"elementor_library\">\n\t\t\t\t\t<section class=\"elementor-section elementor-top-section elementor-element elementor-element-7ff20875 elementor-section-boxed elementor-section-height-default elementor-section-height-default\" data-id=\"7ff20875\" data-element_type=\"section\" data-e-type=\"section\">\n\t\t\t\t\t\t<div class=\"elementor-container elementor-column-gap-default\">\n\t\t\t\t\t<div class=\"elementor-column elementor-col-100 elementor-top-column elementor-element elementor-element-a5e383b\" data-id=\"a5e383b\" data-element_type=\"column\" data-e-type=\"column\">\n\t\t\t<div class=\"elementor-widget-wrap elementor-element-populated\">\n\t\t\t\t\t\t<div class=\"elementor-element elementor-element-3edd7a7e elementor-widget elementor-widget-breadcrumbs\" data-id=\"3edd7a7e\" data-element_type=\"widget\" data-e-type=\"widget\" data-widget_type=\"breadcrumbs.default\">\n\t\t\t\t<div class=\"elementor-widget-container\">\n\t\t\t\t\t<p id=\"breadcrumbs\"><span><span><a href=\"https:\/\/www.ceran.com\/fr\/\">Accueil<\/a><\/span><\/span><\/p>\t\t\t\t<\/div>\n\t\t\t\t<\/div>\n\t\t\t\t\t<\/div>\n\t\t<\/div>\n\t\t\t\t\t<\/div>\n\t\t<\/section>\n\t\t\t\t<\/div>\n\t\t\t\t<\/div>\n\t\t\t\t\t\t<\/div>\n\t\t\t\t<\/div>\n\t\t\t\t<div class=\"elementor-element elementor-element-3ce1350 elementor-widget elementor-widget-heading\" data-id=\"3ce1350\" data-element_type=\"widget\" data-e-type=\"widget\" data-widget_type=\"heading.default\">\n\t\t\t\t<div class=\"elementor-widget-container\">\n\t\t\t\t\t<h1 class=\"elementor-heading-title elementor-size-default\">Le blog du CERAN<\/h1>\t\t\t\t<\/div>\n\t\t\t\t<\/div>\n\t\t\t\t\t<\/div>\n\t\t<\/div>\n\t\t\t\t\t<\/div>\n\t\t<\/section>\n\t\t\t\t<section class=\"elementor-section elementor-top-section elementor-element elementor-element-0971802 elementor-section-boxed elementor-section-height-default elementor-section-height-default\" data-id=\"0971802\" data-element_type=\"section\" data-e-type=\"section\">\n\t\t\t\t\t\t<div class=\"elementor-container elementor-column-gap-default\">\n\t\t\t\t\t<div class=\"elementor-column elementor-col-100 elementor-top-column elementor-element elementor-element-bd9b8fc\" data-id=\"bd9b8fc\" data-element_type=\"column\" data-e-type=\"column\">\n\t\t\t<div class=\"elementor-widget-wrap elementor-element-populated\">\n\t\t\t\t\t\t<div class=\"elementor-element elementor-element-ceran-title-icon elementor-widget elementor-widget-ceran-title-icon\" data-id=\"ceran-title-icon\" data-element_type=\"widget\" data-e-type=\"widget\" data-widget_type=\"ceran-title-icon.default\">\n\t\t\t\t<div class=\"elementor-widget-container\">\n\t\t\t\t\t<h2 class=\"ax-title-icon\"><div class=\"ax-title-icons bleu-rouge \"> Les derniers articles <\/div><\/h2>\t\t\t\t<\/div>\n\t\t\t\t<\/div>\n\t\t\t\t<div class=\"elementor-element elementor-element-105e293 elementor-grid-3 elementor-grid-tablet-2 elementor-grid-mobile-1 elementor-posts--thumbnail-top elementor-widget elementor-widget-posts\" data-id=\"105e293\" data-element_type=\"widget\" data-e-type=\"widget\" data-settings=\"{&quot;classic_columns&quot;:&quot;3&quot;,&quot;classic_columns_tablet&quot;:&quot;2&quot;,&quot;classic_columns_mobile&quot;:&quot;1&quot;,&quot;classic_row_gap&quot;:{&quot;unit&quot;:&quot;px&quot;,&quot;size&quot;:35,&quot;sizes&quot;:[]},&quot;classic_row_gap_tablet&quot;:{&quot;unit&quot;:&quot;px&quot;,&quot;size&quot;:&quot;&quot;,&quot;sizes&quot;:[]},&quot;classic_row_gap_mobile&quot;:{&quot;unit&quot;:&quot;px&quot;,&quot;size&quot;:&quot;&quot;,&quot;sizes&quot;:[]}}\" data-widget_type=\"posts.classic\">\n\t\t\t\t<div class=\"elementor-widget-container\">\n\t\t\t\t\t\t\t<div class=\"elementor-posts-container elementor-posts elementor-posts--skin-classic elementor-grid\" role=\"list\">\n\t\t\t\t<article class=\"elementor-post elementor-grid-item post-89943 post type-post status-publish format-standard has-post-thumbnail hentry category-ceranacademy category-parents\" role=\"listitem\">\n\t\t\t\t<a class=\"elementor-post__thumbnail__link\" href=\"https:\/\/www.ceran.com\/fr\/les-bienfaits-cognitifs-et-emotionnels-de-lapprentissage-des-langues\/\" tabindex=\"-1\" >\n\t\t\t<div class=\"elementor-post__thumbnail\"><img fetchpriority=\"high\" decoding=\"async\" width=\"300\" height=\"200\" src=\"https:\/\/www.ceran.com\/wp-content\/uploads\/2023\/10\/060ba344-f1f4-4f66-a34b-20da500d05bf-300x200.webp\" class=\"attachment-medium size-medium wp-image-89948\" alt=\"Les bienfaits cognitifs et \u00e9motionnels de l&#039;apprentissage des langues\" srcset=\"https:\/\/www.ceran.com\/wp-content\/uploads\/2023\/10\/060ba344-f1f4-4f66-a34b-20da500d05bf-300x200.webp 300w, https:\/\/www.ceran.com\/wp-content\/uploads\/2023\/10\/060ba344-f1f4-4f66-a34b-20da500d05bf.webp 640w\" sizes=\"(max-width: 300px) 100vw, 300px\" \/><\/div>\n\t\t<\/a>\n\t\t\t\t<div class=\"elementor-post__text\">\n\t\t\t\t<h1 class=\"elementor-post__title\">\n\t\t\t<a href=\"https:\/\/www.ceran.com\/fr\/les-bienfaits-cognitifs-et-emotionnels-de-lapprentissage-des-langues\/\" >\n\t\t\t\tLes bienfaits cognitifs et \u00e9motionnels de l&rsquo;apprentissage des langues\t\t\t<\/a>\n\t\t<\/h1>\n\t\t\t\t<div class=\"elementor-post__meta-data\">\n\t\t\t\t\t<span class=\"elementor-post-date\">\n\t\t\t10 octobre 2023\t\t<\/span>\n\t\t\t\t<\/div>\n\t\t\t\t<div class=\"elementor-post__excerpt\">\n\t\t\t<p>L&rsquo;apprentissage des langues est d&rsquo;une importance cruciale dans un monde de plus en plus connect\u00e9, favorisant l&rsquo;ouverture d&rsquo;esprit et la compr\u00e9hension interculturelle. Il stimule les fonctions cognitives du cerveau, renforce la m\u00e9moire et la concentration, et d\u00e9veloppe des comp\u00e9tences analytiques et cr\u00e9atives. <\/p>\n\t\t<\/div>\n\t\t\n\t\t<a class=\"elementor-post__read-more\" href=\"https:\/\/www.ceran.com\/fr\/les-bienfaits-cognitifs-et-emotionnels-de-lapprentissage-des-langues\/\" aria-label=\"En savoir plus sur Les bienfaits cognitifs et \u00e9motionnels de l&rsquo;apprentissage des langues\" tabindex=\"-1\" >\n\t\t\tLire la suite \u00bb\t\t<\/a>\n\n\t\t\t\t<\/div>\n\t\t\t\t<\/article>\n\t\t\t\t<article class=\"elementor-post elementor-grid-item post-89922 post type-post status-publish format-standard has-post-thumbnail hentry category-ceranacademy category-parents\" role=\"listitem\">\n\t\t\t\t<a class=\"elementor-post__thumbnail__link\" href=\"https:\/\/www.ceran.com\/fr\/comment-eduquer-son-enfant-a-letranger\/\" tabindex=\"-1\" >\n\t\t\t<div class=\"elementor-post__thumbnail\"><img decoding=\"async\" width=\"300\" height=\"200\" src=\"https:\/\/www.ceran.com\/wp-content\/uploads\/2023\/10\/2b75488b-53d5-4c6a-9fda-5764d22a48bd-300x200.webp\" class=\"attachment-medium size-medium wp-image-89930\" alt=\"\u00e9duquer son enfant \u00e0 l\u2019\u00e9tranger\" srcset=\"https:\/\/www.ceran.com\/wp-content\/uploads\/2023\/10\/2b75488b-53d5-4c6a-9fda-5764d22a48bd-300x200.webp 300w, https:\/\/www.ceran.com\/wp-content\/uploads\/2023\/10\/2b75488b-53d5-4c6a-9fda-5764d22a48bd.webp 640w\" sizes=\"(max-width: 300px) 100vw, 300px\" \/><\/div>\n\t\t<\/a>\n\t\t\t\t<div class=\"elementor-post__text\">\n\t\t\t\t<h1 class=\"elementor-post__title\">\n\t\t\t<a href=\"https:\/\/www.ceran.com\/fr\/comment-eduquer-son-enfant-a-letranger\/\" >\n\t\t\t\tComment \u00e9duquer son enfant \u00e0 l&rsquo;\u00e9tranger?\t\t\t<\/a>\n\t\t<\/h1>\n\t\t\t\t<div class=\"elementor-post__meta-data\">\n\t\t\t\t\t<span class=\"elementor-post-date\">\n\t\t\t10 octobre 2023\t\t<\/span>\n\t\t\t\t<\/div>\n\t\t\t\t<div class=\"elementor-post__excerpt\">\n\t\t\t<p>\u00c9duquer son enfant \u00e0 l&rsquo;\u00e9tranger permet une immersion culturelle enrichissante, renfor\u00e7ant ainsi son ouverture aux autres cultures, sa ma\u00eetrise des langues et son autonomie. Une pr\u00e9paration ad\u00e9quate, le choix judicieux de la destination et une compr\u00e9hension du syst\u00e8me \u00e9ducatif local sont essentiels pour garantir une exp\u00e9rience fructueuse.<\/p>\n\t\t<\/div>\n\t\t\n\t\t<a class=\"elementor-post__read-more\" href=\"https:\/\/www.ceran.com\/fr\/comment-eduquer-son-enfant-a-letranger\/\" aria-label=\"En savoir plus sur Comment \u00e9duquer son enfant \u00e0 l&rsquo;\u00e9tranger?\" tabindex=\"-1\" >\n\t\t\tLire la suite \u00bb\t\t<\/a>\n\n\t\t\t\t<\/div>\n\t\t\t\t<\/article>\n\t\t\t\t<article class=\"elementor-post elementor-grid-item post-89900 post type-post status-publish format-standard has-post-thumbnail hentry category-ceranacademy category-parents\" role=\"listitem\">\n\t\t\t\t<a class=\"elementor-post__thumbnail__link\" href=\"https:\/\/www.ceran.com\/fr\/conseils-sur-le-choix-dune-ecole-internationale-pour-son-enfant\/\" tabindex=\"-1\" >\n\t\t\t<div class=\"elementor-post__thumbnail\"><img decoding=\"async\" width=\"300\" height=\"200\" src=\"https:\/\/www.ceran.com\/wp-content\/uploads\/2023\/10\/2c07c30c-9610-442a-865c-6402dac7dcee-300x200.webp\" class=\"attachment-medium size-medium wp-image-89910\" alt=\"Comment choisir une \u00e9cole internationale pour son enfant\" srcset=\"https:\/\/www.ceran.com\/wp-content\/uploads\/2023\/10\/2c07c30c-9610-442a-865c-6402dac7dcee-300x200.webp 300w, https:\/\/www.ceran.com\/wp-content\/uploads\/2023\/10\/2c07c30c-9610-442a-865c-6402dac7dcee.webp 640w\" sizes=\"(max-width: 300px) 100vw, 300px\" \/><\/div>\n\t\t<\/a>\n\t\t\t\t<div class=\"elementor-post__text\">\n\t\t\t\t<h1 class=\"elementor-post__title\">\n\t\t\t<a href=\"https:\/\/www.ceran.com\/fr\/conseils-sur-le-choix-dune-ecole-internationale-pour-son-enfant\/\" >\n\t\t\t\tConseils sur le choix d&rsquo;une \u00e9cole internationale pour son enfant\t\t\t<\/a>\n\t\t<\/h1>\n\t\t\t\t<div class=\"elementor-post__meta-data\">\n\t\t\t\t\t<span class=\"elementor-post-date\">\n\t\t\t10 octobre 2023\t\t<\/span>\n\t\t\t\t<\/div>\n\t\t\t\t<div class=\"elementor-post__excerpt\">\n\t\t\t<p>Voici quelques conseils pour bien choisir une \u00e9cole internationale pour votre enfant : d\u00e9terminez les crit\u00e8res les plus importants, faites des visites d&rsquo;\u00e9valuation et encouragez votre enfant \u00e0 s&rsquo;impliquer dans les activit\u00e9s extrascolaires. Nous sommes l\u00e0 pour vous aider \u00e0 trouver l&rsquo;\u00e9cole id\u00e9ale.<\/p>\n\t\t<\/div>\n\t\t\n\t\t<a class=\"elementor-post__read-more\" href=\"https:\/\/www.ceran.com\/fr\/conseils-sur-le-choix-dune-ecole-internationale-pour-son-enfant\/\" aria-label=\"En savoir plus sur Conseils sur le choix d&rsquo;une \u00e9cole internationale pour son enfant\" tabindex=\"-1\" >\n\t\t\tLire la suite \u00bb\t\t<\/a>\n\n\t\t\t\t<\/div>\n\t\t\t\t<\/article>\n\t\t\t\t<article class=\"elementor-post elementor-grid-item post-89879 post type-post status-publish format-standard has-post-thumbnail hentry category-ceranacademy category-parents\" role=\"listitem\">\n\t\t\t\t<a class=\"elementor-post__thumbnail__link\" href=\"https:\/\/www.ceran.com\/fr\/les-avantages-de-lapprentissage-dune-langue-etrangere-a-lecole\/\" tabindex=\"-1\" >\n\t\t\t<div class=\"elementor-post__thumbnail\"><img loading=\"lazy\" decoding=\"async\" width=\"300\" height=\"200\" src=\"https:\/\/www.ceran.com\/wp-content\/uploads\/2023\/10\/251adb5b-caed-499e-90b2-7824db9003d7-300x200.webp\" class=\"attachment-medium size-medium wp-image-89965\" alt=\"\" srcset=\"https:\/\/www.ceran.com\/wp-content\/uploads\/2023\/10\/251adb5b-caed-499e-90b2-7824db9003d7-300x200.webp 300w, https:\/\/www.ceran.com\/wp-content\/uploads\/2023\/10\/251adb5b-caed-499e-90b2-7824db9003d7.webp 640w\" sizes=\"(max-width: 300px) 100vw, 300px\" \/><\/div>\n\t\t<\/a>\n\t\t\t\t<div class=\"elementor-post__text\">\n\t\t\t\t<h1 class=\"elementor-post__title\">\n\t\t\t<a href=\"https:\/\/www.ceran.com\/fr\/les-avantages-de-lapprentissage-dune-langue-etrangere-a-lecole\/\" >\n\t\t\t\tAvantages d&rsquo;apprendre une langue \u00e9trang\u00e8re \u00e0 l&rsquo;\u00e9cole\t\t\t<\/a>\n\t\t<\/h1>\n\t\t\t\t<div class=\"elementor-post__meta-data\">\n\t\t\t\t\t<span class=\"elementor-post-date\">\n\t\t\t10 octobre 2023\t\t<\/span>\n\t\t\t\t<\/div>\n\t\t\t\t<div class=\"elementor-post__excerpt\">\n\t\t\t<p>Les avantages de l&rsquo;apprentissage d&rsquo;une langue \u00e9trang\u00e8re \u00e0 l&rsquo;\u00e9cole I. Introduction L&rsquo;apprentissage des langues \u00e9trang\u00e8res \u00e0 l&rsquo;\u00e9cole rev\u00eat une importance capitale. En effet, cela offre de nombreux avantages tant sur<\/p>\n\t\t<\/div>\n\t\t\n\t\t<a class=\"elementor-post__read-more\" href=\"https:\/\/www.ceran.com\/fr\/les-avantages-de-lapprentissage-dune-langue-etrangere-a-lecole\/\" aria-label=\"En savoir plus sur Avantages d&rsquo;apprendre une langue \u00e9trang\u00e8re \u00e0 l&rsquo;\u00e9cole\" tabindex=\"-1\" >\n\t\t\tLire la suite \u00bb\t\t<\/a>\n\n\t\t\t\t<\/div>\n\t\t\t\t<\/article>\n\t\t\t\t<article class=\"elementor-post elementor-grid-item post-89972 post type-post status-publish format-standard has-post-thumbnail hentry category-ceranacademy category-parents\" role=\"listitem\">\n\t\t\t\t<a class=\"elementor-post__thumbnail__link\" href=\"https:\/\/www.ceran.com\/fr\/les-cours-de-langues-specifiques-pour-les-enfants-dyslexiques\/\" tabindex=\"-1\" >\n\t\t\t<div class=\"elementor-post__thumbnail\"><img loading=\"lazy\" decoding=\"async\" width=\"300\" height=\"200\" src=\"https:\/\/www.ceran.com\/wp-content\/uploads\/2023\/10\/7bbd036e-4037-4f1e-87fe-62537b217921-300x200.webp\" class=\"attachment-medium size-medium wp-image-89991\" alt=\"Cours de langues sp\u00e9cifiques pour enfants dyslexiques\" srcset=\"https:\/\/www.ceran.com\/wp-content\/uploads\/2023\/10\/7bbd036e-4037-4f1e-87fe-62537b217921-300x200.webp 300w, https:\/\/www.ceran.com\/wp-content\/uploads\/2023\/10\/7bbd036e-4037-4f1e-87fe-62537b217921.webp 640w\" sizes=\"(max-width: 300px) 100vw, 300px\" \/><\/div>\n\t\t<\/a>\n\t\t\t\t<div class=\"elementor-post__text\">\n\t\t\t\t<h1 class=\"elementor-post__title\">\n\t\t\t<a href=\"https:\/\/www.ceran.com\/fr\/les-cours-de-langues-specifiques-pour-les-enfants-dyslexiques\/\" >\n\t\t\t\tLes cours de langues sp\u00e9cifiques pour les enfants dyslexiques\t\t\t<\/a>\n\t\t<\/h1>\n\t\t\t\t<div class=\"elementor-post__meta-data\">\n\t\t\t\t\t<span class=\"elementor-post-date\">\n\t\t\t10 octobre 2023\t\t<\/span>\n\t\t\t\t<\/div>\n\t\t\t\t<div class=\"elementor-post__excerpt\">\n\t\t\t<p>Les cours de langues sp\u00e9cifiques pour les enfants dyslexiques I. Introduction La dyslexie est un trouble neurod\u00e9veloppemental qui touche environ 10 % de la population. Les enfants dyslexiques peuvent avoir<\/p>\n\t\t<\/div>\n\t\t\n\t\t<a class=\"elementor-post__read-more\" href=\"https:\/\/www.ceran.com\/fr\/les-cours-de-langues-specifiques-pour-les-enfants-dyslexiques\/\" aria-label=\"En savoir plus sur Les cours de langues sp\u00e9cifiques pour les enfants dyslexiques\" tabindex=\"-1\" >\n\t\t\tLire la suite \u00bb\t\t<\/a>\n\n\t\t\t\t<\/div>\n\t\t\t\t<\/article>\n\t\t\t\t<article class=\"elementor-post elementor-grid-item post-89798 post type-post status-publish format-standard has-post-thumbnail hentry category-ceranacademy category-parents\" role=\"listitem\">\n\t\t\t\t<a class=\"elementor-post__thumbnail__link\" href=\"https:\/\/www.ceran.com\/fr\/limmersion-linguistique-une-alternative-au-temps-decran-de-votre-enfant\/\" tabindex=\"-1\" >\n\t\t\t<div class=\"elementor-post__thumbnail\"><img loading=\"lazy\" decoding=\"async\" width=\"300\" height=\"200\" src=\"https:\/\/www.ceran.com\/wp-content\/uploads\/2023\/08\/Individuelle-Lernbedurfnisse-3-300x200.jpg\" class=\"attachment-medium size-medium wp-image-85090\" alt=\"L\u2019immersion linguistique : une alternative au temps d\u2019\u00e9cran de votre enfant\" srcset=\"https:\/\/www.ceran.com\/wp-content\/uploads\/2023\/08\/Individuelle-Lernbedurfnisse-3-300x200.jpg 300w, https:\/\/www.ceran.com\/wp-content\/uploads\/2023\/08\/Individuelle-Lernbedurfnisse-3.jpg 640w\" sizes=\"(max-width: 300px) 100vw, 300px\" \/><\/div>\n\t\t<\/a>\n\t\t\t\t<div class=\"elementor-post__text\">\n\t\t\t\t<h1 class=\"elementor-post__title\">\n\t\t\t<a href=\"https:\/\/www.ceran.com\/fr\/limmersion-linguistique-une-alternative-au-temps-decran-de-votre-enfant\/\" >\n\t\t\t\tGuide: L&rsquo;immersion linguistique comme alternative au temps d&rsquo;\u00e9cran pour votre enfant\t\t\t<\/a>\n\t\t<\/h1>\n\t\t\t\t<div class=\"elementor-post__meta-data\">\n\t\t\t\t\t<span class=\"elementor-post-date\">\n\t\t\t9 octobre 2023\t\t<\/span>\n\t\t\t\t<\/div>\n\t\t\t\t<div class=\"elementor-post__excerpt\">\n\t\t\t<p>Guide: L&rsquo;immersion linguistique comme alternative au temps d&rsquo;\u00e9cran pour votre enfant \u00a0 I. Introduction A. Importance de l&rsquo;immersion linguistique pour les enfants L&rsquo;immersion linguistique est essentielle pour les enfants, car<\/p>\n\t\t<\/div>\n\t\t\n\t\t<a class=\"elementor-post__read-more\" href=\"https:\/\/www.ceran.com\/fr\/limmersion-linguistique-une-alternative-au-temps-decran-de-votre-enfant\/\" aria-label=\"En savoir plus sur Guide: L&rsquo;immersion linguistique comme alternative au temps d&rsquo;\u00e9cran pour votre enfant\" tabindex=\"-1\" >\n\t\t\tLire la suite \u00bb\t\t<\/a>\n\n\t\t\t\t<\/div>\n\t\t\t\t<\/article>\n\t\t\t\t<\/div>\n\t\t\n\t\t\t\t\t\t<\/div>\n\t\t\t\t<\/div>\n\t\t\t\t\t<\/div>\n\t\t<\/div>\n\t\t\t\t\t<\/div>\n\t\t<\/section>\n\t\t\t\t<section class=\"elementor-section elementor-top-section elementor-element elementor-element-2250de2b elementor-section-boxed elementor-section-height-default elementor-section-height-default\" data-id=\"2250de2b\" data-element_type=\"section\" data-e-type=\"section\" data-settings=\"{&quot;background_background&quot;:&quot;classic&quot;}\">\n\t\t\t\t\t\t<div class=\"elementor-container elementor-column-gap-default\">\n\t\t\t\t\t<div class=\"elementor-column elementor-col-100 elementor-top-column elementor-element elementor-element-28acc5ae\" data-id=\"28acc5ae\" data-element_type=\"column\" data-e-type=\"column\">\n\t\t\t<div class=\"elementor-widget-wrap elementor-element-populated\">\n\t\t\t\t\t\t<div class=\"elementor-element elementor-element-ceran_block-info elementor-widget elementor-widget-ceran_block-info\" data-id=\"ceran_block-info\" data-element_type=\"widget\" data-e-type=\"widget\" data-widget_type=\"ceran_block-info.default\">\n\t\t\t\t<div class=\"elementor-widget-container\">\n\t\t\t\t\t<div class=\"container\"><div class=\"wrapper\"><span class=\"svg-forme\" style=\"background-image: url(https:\/\/www.ceran.com\/wp-content\/uploads\/2021\/11\/logo-1.png)\"><\/span><h2 class=\"title\">T\u00e9l\u00e9chargez nos brochures<\/h2><div class=\"text\"><p>D\u00e9couvrez nos lieux d'immersion linguistique, nos cours de langues et l'impact que peuvent avoir ma m\u00e9thode CERAN sur la vie des participants.<\/p><\/div><a class=\"ax-btn btn-arrow-wide\" href=\"https:\/\/www.ceran.com\/fr\/telechargement-brochures-juillet-2022\/\" >t\u00e9l\u00e9charger ma brochure<\/a><\/div><\/div>\t\t\t\t<\/div>\n\t\t\t\t<\/div>\n\t\t\t\t\t<\/div>\n\t\t<\/div>\n\t\t\t\t\t<\/div>\n\t\t<\/section>\n\t\t\t\t<section class=\"elementor-section elementor-top-section elementor-element elementor-element-2cb22db elementor-section-boxed elementor-section-height-default elementor-section-height-default\" data-id=\"2cb22db\" data-element_type=\"section\" data-e-type=\"section\">\n\t\t\t\t\t\t<div class=\"elementor-container elementor-column-gap-default\">\n\t\t\t\t\t<div class=\"elementor-column elementor-col-100 elementor-top-column elementor-element elementor-element-f576b2c\" data-id=\"f576b2c\" data-element_type=\"column\" data-e-type=\"column\">\n\t\t\t<div class=\"elementor-widget-wrap elementor-element-populated\">\n\t\t\t\t\t\t<div class=\"elementor-element elementor-element-ceran-title-icon elementor-widget elementor-widget-ceran-title-icon\" data-id=\"ceran-title-icon\" data-element_type=\"widget\" data-e-type=\"widget\" data-widget_type=\"ceran-title-icon.default\">\n\t\t\t\t<div class=\"elementor-widget-container\">\n\t\t\t\t\t<h2 class=\"ax-title-icon\"><div class=\"ax-title-icons bleu-rouge \"> Apprenez des meilleurs professeurs <\/div><\/h2>\t\t\t\t<\/div>\n\t\t\t\t<\/div>\n\t\t\t\t<div class=\"elementor-element elementor-element-5e51c97 elementor-widget elementor-widget-text-editor\" data-id=\"5e51c97\" data-element_type=\"widget\" data-e-type=\"widget\" data-widget_type=\"text-editor.default\">\n\t\t\t\t<div class=\"elementor-widget-container\">\n\t\t\t\t\t\t\t\t\t<p><span style=\"font-size: 15.008px;\">Apprenez une nouvelle langue avec les meilleurs professeurs de langues dont la mission est de faire communiquer des femmes et des hommes de cultures diff\u00e9rentes.<\/span><\/p>\t\t\t\t\t\t\t\t<\/div>\n\t\t\t\t<\/div>\n\t\t\t\t\t<\/div>\n\t\t<\/div>\n\t\t\t\t\t<\/div>\n\t\t<\/section>\n\t\t\t\t<section class=\"elementor-section elementor-top-section elementor-element elementor-element-5a8ef741 elementor-section-boxed elementor-section-height-default elementor-section-height-default\" data-id=\"5a8ef741\" data-element_type=\"section\" data-e-type=\"section\">\n\t\t\t\t\t\t<div class=\"elementor-container elementor-column-gap-default\">\n\t\t\t\t\t<div class=\"elementor-column elementor-col-25 elementor-top-column elementor-element elementor-element-e557820\" data-id=\"e557820\" data-element_type=\"column\" data-e-type=\"column\">\n\t\t\t<div class=\"elementor-widget-wrap elementor-element-populated\">\n\t\t\t\t\t\t<div class=\"elementor-element elementor-element-246b633d elementor-view-default elementor-widget elementor-widget-icon\" data-id=\"246b633d\" data-element_type=\"widget\" data-e-type=\"widget\" data-widget_type=\"icon.default\">\n\t\t\t\t<div class=\"elementor-widget-container\">\n\t\t\t\t\t\t\t<div class=\"elementor-icon-wrapper\">\n\t\t\t<div class=\"elementor-icon\">\n\t\t\t<i aria-hidden=\"true\" class=\"fas fa-star\"><\/i>\t\t\t<\/div>\n\t\t<\/div>\n\t\t\t\t\t\t<\/div>\n\t\t\t\t<\/div>\n\t\t\t\t<div class=\"elementor-element elementor-element-1ff7ee70 elementor-widget elementor-widget-text-editor\" data-id=\"1ff7ee70\" data-element_type=\"widget\" data-e-type=\"widget\" data-widget_type=\"text-editor.default\">\n\t\t\t\t<div class=\"elementor-widget-container\">\n\t\t\t\t\t\t\t\t\t<p>\u00a0L\u2019immersion compl\u00e8te et intensive dans une des 11 langues diff\u00e9rentes<\/p>\t\t\t\t\t\t\t\t<\/div>\n\t\t\t\t<\/div>\n\t\t\t\t\t<\/div>\n\t\t<\/div>\n\t\t\t\t<div class=\"elementor-column elementor-col-25 elementor-top-column elementor-element elementor-element-3e8e5a7d\" data-id=\"3e8e5a7d\" data-element_type=\"column\" data-e-type=\"column\">\n\t\t\t<div class=\"elementor-widget-wrap elementor-element-populated\">\n\t\t\t\t\t\t<div class=\"elementor-element elementor-element-6157c3b1 elementor-view-default elementor-widget elementor-widget-icon\" data-id=\"6157c3b1\" data-element_type=\"widget\" data-e-type=\"widget\" data-widget_type=\"icon.default\">\n\t\t\t\t<div class=\"elementor-widget-container\">\n\t\t\t\t\t\t\t<div class=\"elementor-icon-wrapper\">\n\t\t\t<div class=\"elementor-icon\">\n\t\t\t<i aria-hidden=\"true\" class=\"fas fa-street-view\"><\/i>\t\t\t<\/div>\n\t\t<\/div>\n\t\t\t\t\t\t<\/div>\n\t\t\t\t<\/div>\n\t\t\t\t<div class=\"elementor-element elementor-element-4067a07e elementor-widget elementor-widget-text-editor\" data-id=\"4067a07e\" data-element_type=\"widget\" data-e-type=\"widget\" data-widget_type=\"text-editor.default\">\n\t\t\t\t<div class=\"elementor-widget-container\">\n\t\t\t\t\t\t\t\t\t<p>\u00a0Une attention personnalis\u00e9e \u00e0 chaque besoin de l\u2019Apprenant<\/p>\t\t\t\t\t\t\t\t<\/div>\n\t\t\t\t<\/div>\n\t\t\t\t\t<\/div>\n\t\t<\/div>\n\t\t\t\t<div class=\"elementor-column elementor-col-25 elementor-top-column elementor-element elementor-element-72d83150\" data-id=\"72d83150\" data-element_type=\"column\" data-e-type=\"column\">\n\t\t\t<div class=\"elementor-widget-wrap elementor-element-populated\">\n\t\t\t\t\t\t<div class=\"elementor-element elementor-element-1b7d051d elementor-view-default elementor-widget elementor-widget-icon\" data-id=\"1b7d051d\" data-element_type=\"widget\" data-e-type=\"widget\" data-widget_type=\"icon.default\">\n\t\t\t\t<div class=\"elementor-widget-container\">\n\t\t\t\t\t\t\t<div class=\"elementor-icon-wrapper\">\n\t\t\t<div class=\"elementor-icon\">\n\t\t\t<i aria-hidden=\"true\" class=\"fas fa-store-alt\"><\/i>\t\t\t<\/div>\n\t\t<\/div>\n\t\t\t\t\t\t<\/div>\n\t\t\t\t<\/div>\n\t\t\t\t<div class=\"elementor-element elementor-element-60430192 elementor-widget elementor-widget-text-editor\" data-id=\"60430192\" data-element_type=\"widget\" data-e-type=\"widget\" data-widget_type=\"text-editor.default\">\n\t\t\t\t<div class=\"elementor-widget-container\">\n\t\t\t\t\t\t\t\t\t<p>\u00a0Un encadrement professionnel dans un environnement multiculturel<\/p>\t\t\t\t\t\t\t\t<\/div>\n\t\t\t\t<\/div>\n\t\t\t\t\t<\/div>\n\t\t<\/div>\n\t\t\t\t<div class=\"elementor-column elementor-col-25 elementor-top-column elementor-element elementor-element-b9c5cda\" data-id=\"b9c5cda\" data-element_type=\"column\" data-e-type=\"column\">\n\t\t\t<div class=\"elementor-widget-wrap elementor-element-populated\">\n\t\t\t\t\t\t<div class=\"elementor-element elementor-element-685027ce elementor-view-default elementor-widget elementor-widget-icon\" data-id=\"685027ce\" data-element_type=\"widget\" data-e-type=\"widget\" data-widget_type=\"icon.default\">\n\t\t\t\t<div class=\"elementor-widget-container\">\n\t\t\t\t\t\t\t<div class=\"elementor-icon-wrapper\">\n\t\t\t<div class=\"elementor-icon\">\n\t\t\t<i aria-hidden=\"true\" class=\"fas fa-thumbs-up\"><\/i>\t\t\t<\/div>\n\t\t<\/div>\n\t\t\t\t\t\t<\/div>\n\t\t\t\t<\/div>\n\t\t\t\t<div class=\"elementor-element elementor-element-23555f49 elementor-widget elementor-widget-text-editor\" data-id=\"23555f49\" data-element_type=\"widget\" data-e-type=\"widget\" data-widget_type=\"text-editor.default\">\n\t\t\t\t<div class=\"elementor-widget-container\">\n\t\t\t\t\t\t\t\t\t<p>\u00a0Une atmosph\u00e8re chaleureuse et conviviale propice aux apprentissages<\/p>\t\t\t\t\t\t\t\t<\/div>\n\t\t\t\t<\/div>\n\t\t\t\t\t<\/div>\n\t\t<\/div>\n\t\t\t\t\t<\/div>\n\t\t<\/section>\n\t\t\t\t<\/div>\n\t\t","protected":false},"excerpt":{"rendered":"<p>Le blog du CERAN Les derniers articles T\u00e9l\u00e9chargez nos brochures D\u00e9couvrez nos lieux d&rsquo;immersion linguistique, nos cours de langues et l&rsquo;impact que peuvent avoir ma m\u00e9thode CERAN sur la vie des participants. t\u00e9l\u00e9charger ma brochure Apprenez des meilleurs professeurs Apprenez une nouvelle langue avec les meilleurs professeurs de langues dont la mission est de faire [&hellip;]<\/p>\n","protected":false},"author":16,"featured_media":0,"parent":0,"menu_order":0,"comment_status":"closed","ping_status":"closed","template":"","meta":{"_acf_changed":false,"_seopress_robots_primary_cat":"","_seopress_titles_title":"Apprenez une langue de fa\u00e7on rapide, immersive et efficace | C\u00e9ran","_seopress_titles_desc":"Apprenez une langue de fa\u00e7on rapide, immersive et efficace avec Ceran comme l'ont d\u00e9j\u00e0 fait nos 30.00 \u00e9tudiants de par le monde depuis 47 ans.","_seopress_robots_index":"","content-type":"","footnotes":""},"class_list":["post-57979","page","type-page","status-publish","hentry"],"acf":[],"yoast_head":"<!-- This site is optimized with the Yoast SEO plugin v27.4 - https:\/\/yoast.com\/product\/yoast-seo-wordpress\/ -->\n<title>Apprenez une langue de fa\u00e7on rapide, immersive et efficace | C\u00e9ran<\/title>\n<meta name=\"description\" content=\"Apprenez une langue de fa\u00e7on rapide, immersive et efficace avec Ceran comme l&#039;ont d\u00e9j\u00e0 fait nos 30.00 \u00e9tudiants de par le monde depuis 47 ans.\" \/>\n<meta name=\"robots\" content=\"index, follow, max-snippet:-1, max-image-preview:large, max-video-preview:-1\" \/>\n<link rel=\"canonical\" href=\"https:\/\/www.ceran.com\/fr\/blog\/\" \/>\n<meta property=\"og:locale\" content=\"fr_FR\" \/>\n<meta property=\"og:type\" content=\"article\" \/>\n<meta property=\"og:title\" content=\"Apprenez une langue de fa\u00e7on rapide, immersive et efficace | C\u00e9ran\" \/>\n<meta property=\"og:description\" content=\"Apprenez une langue de fa\u00e7on rapide, immersive et efficace avec Ceran comme l&#039;ont d\u00e9j\u00e0 fait nos 30.00 \u00e9tudiants de par le monde depuis 47 ans.\" \/>\n<meta property=\"og:url\" content=\"https:\/\/www.ceran.com\/fr\/blog\/\" \/>\n<meta property=\"og:site_name\" content=\"Ceran\" \/>\n<meta property=\"article:modified_time\" content=\"2023-01-18T10:17:54+00:00\" \/>\n<meta name=\"twitter:card\" content=\"summary_large_image\" \/>\n<script type=\"application\/ld+json\" class=\"yoast-schema-graph\">{\"@context\":\"https:\\\/\\\/schema.org\",\"@graph\":[{\"@type\":\"WebPage\",\"@id\":\"https:\\\/\\\/www.ceran.com\\\/fr\\\/blog\\\/\",\"url\":\"https:\\\/\\\/www.ceran.com\\\/fr\\\/blog\\\/\",\"name\":\"Apprenez une langue de fa\u00e7on rapide, immersive et efficace | C\u00e9ran\",\"isPartOf\":{\"@id\":\"https:\\\/\\\/www.ceran.com\\\/fr\\\/#website\"},\"datePublished\":\"2022-07-28T13:12:14+00:00\",\"dateModified\":\"2023-01-18T10:17:54+00:00\",\"description\":\"Apprenez une langue de fa\u00e7on rapide, immersive et efficace avec Ceran comme l'ont d\u00e9j\u00e0 fait nos 30.00 \u00e9tudiants de par le monde depuis 47 ans.\",\"breadcrumb\":{\"@id\":\"https:\\\/\\\/www.ceran.com\\\/fr\\\/blog\\\/#breadcrumb\"},\"inLanguage\":\"fr-FR\",\"potentialAction\":[{\"@type\":\"ReadAction\",\"target\":[\"https:\\\/\\\/www.ceran.com\\\/fr\\\/blog\\\/\"]}]},{\"@type\":\"BreadcrumbList\",\"@id\":\"https:\\\/\\\/www.ceran.com\\\/fr\\\/blog\\\/#breadcrumb\",\"itemListElement\":[{\"@type\":\"ListItem\",\"position\":1,\"name\":\"Accueil\",\"item\":\"https:\\\/\\\/www.ceran.com\\\/fr\\\/\"},{\"@type\":\"ListItem\",\"position\":2,\"name\":\"Blog\"}]},{\"@type\":\"WebSite\",\"@id\":\"https:\\\/\\\/www.ceran.com\\\/fr\\\/#website\",\"url\":\"https:\\\/\\\/www.ceran.com\\\/fr\\\/\",\"name\":\"Ceran\",\"description\":\"Des formations linguistiques et interculturelles qui vous ouvrent de nouveaux horizons\",\"publisher\":{\"@id\":\"https:\\\/\\\/www.ceran.com\\\/fr\\\/#organization\"},\"potentialAction\":[{\"@type\":\"SearchAction\",\"target\":{\"@type\":\"EntryPoint\",\"urlTemplate\":\"https:\\\/\\\/www.ceran.com\\\/fr\\\/?s={search_term_string}\"},\"query-input\":{\"@type\":\"PropertyValueSpecification\",\"valueRequired\":true,\"valueName\":\"search_term_string\"}}],\"inLanguage\":\"fr-FR\"},{\"@type\":\"Organization\",\"@id\":\"https:\\\/\\\/www.ceran.com\\\/fr\\\/#organization\",\"name\":\"Ceran\",\"url\":\"https:\\\/\\\/www.ceran.com\\\/fr\\\/\",\"logo\":{\"@type\":\"ImageObject\",\"inLanguage\":\"fr-FR\",\"@id\":\"https:\\\/\\\/www.ceran.com\\\/fr\\\/#\\\/schema\\\/logo\\\/image\\\/\",\"url\":\"https:\\\/\\\/www.ceran.com\\\/wp-content\\\/uploads\\\/2025\\\/06\\\/Logo-CERAN-16-x-16-pixels.svg\",\"contentUrl\":\"https:\\\/\\\/www.ceran.com\\\/wp-content\\\/uploads\\\/2025\\\/06\\\/Logo-CERAN-16-x-16-pixels.svg\",\"width\":30,\"height\":30,\"caption\":\"Ceran\"},\"image\":{\"@id\":\"https:\\\/\\\/www.ceran.com\\\/fr\\\/#\\\/schema\\\/logo\\\/image\\\/\"}}]}<\/script>\n<!-- \/ Yoast SEO plugin. -->","yoast_head_json":{"title":"Apprenez une langue de fa\u00e7on rapide, immersive et efficace | C\u00e9ran","description":"Apprenez une langue de fa\u00e7on rapide, immersive et efficace avec Ceran comme l'ont d\u00e9j\u00e0 fait nos 30.00 \u00e9tudiants de par le monde depuis 47 ans.","robots":{"index":"index","follow":"follow","max-snippet":"max-snippet:-1","max-image-preview":"max-image-preview:large","max-video-preview":"max-video-preview:-1"},"canonical":"https:\/\/www.ceran.com\/fr\/blog\/","og_locale":"fr_FR","og_type":"article","og_title":"Apprenez une langue de fa\u00e7on rapide, immersive et efficace | C\u00e9ran","og_description":"Apprenez une langue de fa\u00e7on rapide, immersive et efficace avec Ceran comme l'ont d\u00e9j\u00e0 fait nos 30.00 \u00e9tudiants de par le monde depuis 47 ans.","og_url":"https:\/\/www.ceran.com\/fr\/blog\/","og_site_name":"Ceran","article_modified_time":"2023-01-18T10:17:54+00:00","twitter_card":"summary_large_image","schema":{"@context":"https:\/\/schema.org","@graph":[{"@type":"WebPage","@id":"https:\/\/www.ceran.com\/fr\/blog\/","url":"https:\/\/www.ceran.com\/fr\/blog\/","name":"Apprenez une langue de fa\u00e7on rapide, immersive et efficace | C\u00e9ran","isPartOf":{"@id":"https:\/\/www.ceran.com\/fr\/#website"},"datePublished":"2022-07-28T13:12:14+00:00","dateModified":"2023-01-18T10:17:54+00:00","description":"Apprenez une langue de fa\u00e7on rapide, immersive et efficace avec Ceran comme l'ont d\u00e9j\u00e0 fait nos 30.00 \u00e9tudiants de par le monde depuis 47 ans.","breadcrumb":{"@id":"https:\/\/www.ceran.com\/fr\/blog\/#breadcrumb"},"inLanguage":"fr-FR","potentialAction":[{"@type":"ReadAction","target":["https:\/\/www.ceran.com\/fr\/blog\/"]}]},{"@type":"BreadcrumbList","@id":"https:\/\/www.ceran.com\/fr\/blog\/#breadcrumb","itemListElement":[{"@type":"ListItem","position":1,"name":"Accueil","item":"https:\/\/www.ceran.com\/fr\/"},{"@type":"ListItem","position":2,"name":"Blog"}]},{"@type":"WebSite","@id":"https:\/\/www.ceran.com\/fr\/#website","url":"https:\/\/www.ceran.com\/fr\/","name":"Ceran","description":"Des formations linguistiques et interculturelles qui vous ouvrent de nouveaux horizons","publisher":{"@id":"https:\/\/www.ceran.com\/fr\/#organization"},"potentialAction":[{"@type":"SearchAction","target":{"@type":"EntryPoint","urlTemplate":"https:\/\/www.ceran.com\/fr\/?s={search_term_string}"},"query-input":{"@type":"PropertyValueSpecification","valueRequired":true,"valueName":"search_term_string"}}],"inLanguage":"fr-FR"},{"@type":"Organization","@id":"https:\/\/www.ceran.com\/fr\/#organization","name":"Ceran","url":"https:\/\/www.ceran.com\/fr\/","logo":{"@type":"ImageObject","inLanguage":"fr-FR","@id":"https:\/\/www.ceran.com\/fr\/#\/schema\/logo\/image\/","url":"https:\/\/www.ceran.com\/wp-content\/uploads\/2025\/06\/Logo-CERAN-16-x-16-pixels.svg","contentUrl":"https:\/\/www.ceran.com\/wp-content\/uploads\/2025\/06\/Logo-CERAN-16-x-16-pixels.svg","width":30,"height":30,"caption":"Ceran"},"image":{"@id":"https:\/\/www.ceran.com\/fr\/#\/schema\/logo\/image\/"}}]}},"_links":{"self":[{"href":"https:\/\/www.ceran.com\/fr\/wp-json\/wp\/v2\/pages\/57979","targetHints":{"allow":["GET"]}}],"collection":[{"href":"https:\/\/www.ceran.com\/fr\/wp-json\/wp\/v2\/pages"}],"about":[{"href":"https:\/\/www.ceran.com\/fr\/wp-json\/wp\/v2\/types\/page"}],"author":[{"embeddable":true,"href":"https:\/\/www.ceran.com\/fr\/wp-json\/wp\/v2\/users\/16"}],"replies":[{"embeddable":true,"href":"https:\/\/www.ceran.com\/fr\/wp-json\/wp\/v2\/comments?post=57979"}],"version-history":[{"count":5,"href":"https:\/\/www.ceran.com\/fr\/wp-json\/wp\/v2\/pages\/57979\/revisions"}],"predecessor-version":[{"id":72953,"href":"https:\/\/www.ceran.com\/fr\/wp-json\/wp\/v2\/pages\/57979\/revisions\/72953"}],"wp:attachment":[{"href":"https:\/\/www.ceran.com\/fr\/wp-json\/wp\/v2\/media?parent=57979"}],"curies":[{"name":"wp","href":"https:\/\/api.w.org\/{rel}","templated":true}]}}