{"id":66974,"date":"2022-11-14T15:46:33","date_gmt":"2022-11-14T14:46:33","guid":{"rendered":"https:\/\/www.ceran.com\/?page_id=66974"},"modified":"2025-02-14T11:41:33","modified_gmt":"2025-02-14T10:41:33","slug":"comment-utiliser-mon-cpf","status":"publish","type":"page","link":"https:\/\/www.ceran.com\/fr\/formation-langue-cpf\/comment-utiliser-mon-cpf\/","title":{"rendered":"Comment utiliser mon CPF"},"content":{"rendered":"\t\t<div data-elementor-type=\"wp-page\" data-elementor-id=\"66974\" class=\"elementor elementor-66974\" data-elementor-post-type=\"page\">\n\t\t\t\t\t\t<section class=\"elementor-section elementor-top-section elementor-element elementor-element-1bb9f06f elementor-section-content-middle elementor-section-stretched elementor-section-boxed elementor-section-height-default elementor-section-height-default\" data-id=\"1bb9f06f\" data-element_type=\"section\" data-e-type=\"section\" data-settings=\"{&quot;background_background&quot;:&quot;classic&quot;,&quot;sticky&quot;:&quot;top&quot;,&quot;stretch_section&quot;:&quot;section-stretched&quot;,&quot;sticky_on&quot;:[&quot;desktop&quot;,&quot;tablet&quot;,&quot;mobile&quot;],&quot;sticky_offset&quot;:0,&quot;sticky_effects_offset&quot;:0,&quot;sticky_anchor_link_offset&quot;:0}\">\n\t\t\t\t\t\t<div class=\"elementor-container elementor-column-gap-narrow\">\n\t\t\t\t\t<div class=\"elementor-column elementor-col-33 elementor-top-column elementor-element elementor-element-7f4edc62\" data-id=\"7f4edc62\" data-element_type=\"column\" data-e-type=\"column\">\n\t\t\t<div class=\"elementor-widget-wrap elementor-element-populated\">\n\t\t\t\t\t\t<div class=\"elementor-element elementor-element-742d96ed elementor-mobile-align-center elementor-align-center elementor-widget elementor-widget-button\" data-id=\"742d96ed\" data-element_type=\"widget\" data-e-type=\"widget\" data-widget_type=\"button.default\">\n\t\t\t\t<div class=\"elementor-widget-container\">\n\t\t\t\t\t\t\t\t\t<div class=\"elementor-button-wrapper\">\n\t\t\t\t\t<a class=\"elementor-button elementor-button-link elementor-size-sm\" href=\"https:\/\/www.ceran.com\/fr\/formation-langue-cpf\/ressources-cpf\/appel-decouverte\/\">\n\t\t\t\t\t\t<span class=\"elementor-button-content-wrapper\">\n\t\t\t\t\t\t<span class=\"elementor-button-icon\">\n\t\t\t\t<i aria-hidden=\"true\" class=\"fas fa-arrow-right\"><\/i>\t\t\t<\/span>\n\t\t\t\t\t\t\t\t\t<span class=\"elementor-button-text\">Je r\u00e9serve mon appel d\u00e9couverte<\/span>\n\t\t\t\t\t<\/span>\n\t\t\t\t\t<\/a>\n\t\t\t\t<\/div>\n\t\t\t\t\t\t\t\t<\/div>\n\t\t\t\t<\/div>\n\t\t\t\t\t<\/div>\n\t\t<\/div>\n\t\t\t\t<div class=\"elementor-column elementor-col-33 elementor-top-column elementor-element elementor-element-72f285b1\" data-id=\"72f285b1\" data-element_type=\"column\" data-e-type=\"column\">\n\t\t\t<div class=\"elementor-widget-wrap elementor-element-populated\">\n\t\t\t\t\t\t<div class=\"elementor-element elementor-element-98c5a41 elementor-mobile-align-center elementor-align-center elementor-widget elementor-widget-button\" data-id=\"98c5a41\" data-element_type=\"widget\" data-e-type=\"widget\" data-widget_type=\"button.default\">\n\t\t\t\t<div class=\"elementor-widget-container\">\n\t\t\t\t\t\t\t\t\t<div class=\"elementor-button-wrapper\">\n\t\t\t\t\t<a class=\"elementor-button elementor-size-sm\" role=\"button\">\n\t\t\t\t\t\t<span class=\"elementor-button-content-wrapper\">\n\t\t\t\t\t\t<span class=\"elementor-button-icon\">\n\t\t\t\t<i aria-hidden=\"true\" class=\"fas fa-arrow-right\"><\/i>\t\t\t<\/span>\n\t\t\t\t\t\t\t\t\t<span class=\"elementor-button-text\">Je t\u00e9l\u00e9charge ma brochure 2023<\/span>\n\t\t\t\t\t<\/span>\n\t\t\t\t\t<\/a>\n\t\t\t\t<\/div>\n\t\t\t\t\t\t\t\t<\/div>\n\t\t\t\t<\/div>\n\t\t\t\t\t<\/div>\n\t\t<\/div>\n\t\t\t\t<div class=\"elementor-column elementor-col-33 elementor-top-column elementor-element elementor-element-64d0e776\" data-id=\"64d0e776\" data-element_type=\"column\" data-e-type=\"column\">\n\t\t\t<div class=\"elementor-widget-wrap elementor-element-populated\">\n\t\t\t\t\t\t<div class=\"elementor-element elementor-element-3ad458ca elementor-mobile-align-center elementor-icon-list--layout-traditional elementor-list-item-link-full_width elementor-widget elementor-widget-icon-list\" data-id=\"3ad458ca\" data-element_type=\"widget\" data-e-type=\"widget\" data-widget_type=\"icon-list.default\">\n\t\t\t\t<div class=\"elementor-widget-container\">\n\t\t\t\t\t\t\t<ul class=\"elementor-icon-list-items\">\n\t\t\t\t\t\t\t<li class=\"elementor-icon-list-item\">\n\t\t\t\t\t\t\t\t\t\t\t<span class=\"elementor-icon-list-icon\">\n\t\t\t\t\t\t\t<i aria-hidden=\"true\" class=\"fas fa-phone\"><\/i>\t\t\t\t\t\t<\/span>\n\t\t\t\t\t\t\t\t\t\t<span class=\"elementor-icon-list-text\">+33 1 80 60 35 49<\/span>\n\t\t\t\t\t\t\t\t\t<\/li>\n\t\t\t\t\t\t<\/ul>\n\t\t\t\t\t\t<\/div>\n\t\t\t\t<\/div>\n\t\t\t\t\t<\/div>\n\t\t<\/div>\n\t\t\t\t\t<\/div>\n\t\t<\/section>\n\t\t\t\t<section class=\"elementor-section elementor-top-section elementor-element elementor-element-192da462 elementor-section-full_width elementor-section-height-min-height elementor-section-stretched elementor-section-height-default elementor-section-items-middle\" data-id=\"192da462\" data-element_type=\"section\" data-e-type=\"section\" data-settings=\"{&quot;stretch_section&quot;:&quot;section-stretched&quot;}\">\n\t\t\t\t\t\t<div class=\"elementor-container elementor-column-gap-default\">\n\t\t\t\t\t<div class=\"elementor-column elementor-col-100 elementor-top-column elementor-element elementor-element-111d80a0\" data-id=\"111d80a0\" data-element_type=\"column\" data-e-type=\"column\">\n\t\t\t<div class=\"elementor-widget-wrap elementor-element-populated\">\n\t\t\t\t\t\t<div class=\"elementor-element elementor-element-28d3c093 elementor-widget elementor-widget-image\" data-id=\"28d3c093\" data-element_type=\"widget\" data-e-type=\"widget\" data-widget_type=\"image.default\">\n\t\t\t\t<div class=\"elementor-widget-container\">\n\t\t\t\t\t\t\t\t\t\t\t\t\t\t\t<img decoding=\"async\" src=\"https:\/\/www.ceran.com\/wp-content\/uploads\/elementor\/thumbs\/Logo-CERAN-pui1hz1wqm5ihf3flknqqhr6gebonfj6lom5kice0k.png\" title=\"Logo CERAN\" alt=\"logo CERAN\" loading=\"lazy\" \/>\t\t\t\t\t\t\t\t\t\t\t\t\t\t\t<\/div>\n\t\t\t\t<\/div>\n\t\t\t\t\t<\/div>\n\t\t<\/div>\n\t\t\t\t\t<\/div>\n\t\t<\/section>\n\t\t\t\t<section class=\"elementor-section elementor-top-section elementor-element elementor-element-86a5a61 elementor-section-full_width elementor-section-stretched elementor-section-height-min-height elementor-section-height-default elementor-section-items-middle\" data-id=\"86a5a61\" data-element_type=\"section\" data-e-type=\"section\" data-settings=\"{&quot;stretch_section&quot;:&quot;section-stretched&quot;}\">\n\t\t\t\t\t\t\t<div class=\"elementor-background-overlay\"><\/div>\n\t\t\t\t\t\t\t<div class=\"elementor-container elementor-column-gap-default\">\n\t\t\t\t\t<div class=\"elementor-column elementor-col-100 elementor-top-column elementor-element elementor-element-1130c9fd\" data-id=\"1130c9fd\" data-element_type=\"column\" data-e-type=\"column\">\n\t\t\t<div class=\"elementor-widget-wrap elementor-element-populated\">\n\t\t\t\t\t\t<div class=\"elementor-element elementor-element-5517f025 elementor-nav-menu__align-justify elementor-nav-menu__text-align-center elementor-nav-menu--dropdown-mobile elementor-nav-menu--toggle elementor-nav-menu--burger elementor-widget elementor-widget-nav-menu\" data-id=\"5517f025\" data-element_type=\"widget\" data-e-type=\"widget\" data-settings=\"{&quot;toggle_icon_hover_animation&quot;:&quot;grow&quot;,&quot;submenu_icon&quot;:{&quot;value&quot;:&quot;&lt;i class=\\&quot;fas fa-plus\\&quot; aria-hidden=\\&quot;true\\&quot;&gt;&lt;\\\/i&gt;&quot;,&quot;library&quot;:&quot;fa-solid&quot;},&quot;layout&quot;:&quot;horizontal&quot;,&quot;toggle&quot;:&quot;burger&quot;}\" data-widget_type=\"nav-menu.default\">\n\t\t\t\t<div class=\"elementor-widget-container\">\n\t\t\t\t\t\t\t\t<nav aria-label=\"Menu\" class=\"elementor-nav-menu--main elementor-nav-menu__container elementor-nav-menu--layout-horizontal e--pointer-none\">\n\t\t\t\t<ul id=\"menu-1-5517f025\" class=\"elementor-nav-menu\"><li class=\"menu-item menu-item-type-custom menu-item-object-custom menu-item-has-children menu-item-66905\"><a href=\"https:\/\/www.ceran.com\/fr\/cpf\/\" class=\"elementor-item\">Le CPF pour<\/a>\n<ul class=\"sub-menu elementor-nav-menu--dropdown\">\n\t<li class=\"menu-item menu-item-type-post_type menu-item-object-page menu-item-66969\"><a href=\"https:\/\/www.ceran.com\/fr\/formation-langue-cpf\/salaries\/\" class=\"elementor-sub-item\">Salari\u00e9s<\/a><\/li>\n\t<li class=\"menu-item menu-item-type-post_type menu-item-object-page menu-item-71769\"><a href=\"https:\/\/www.ceran.com\/fr\/formation-langue-cpf\/cpf-pour-les-directions-rh-et-formation\/\" class=\"elementor-sub-item\">Directions RH et Formation<\/a><\/li>\n<\/ul>\n<\/li>\n<li class=\"menu-item menu-item-type-post_type menu-item-object-page menu-item-69025\"><a href=\"https:\/\/www.ceran.com\/fr\/formation-langue-cpf\/ressources-cpf\/\" class=\"elementor-item\">Ressources CPF<\/a><\/li>\n<li class=\"menu-item menu-item-type-custom menu-item-object-custom menu-item-has-children menu-item-66909\"><a href=\"https:\/\/www.ceran.com\/fr\/formation-langue-cpf\/cours-d-anglais-cpf\/\" class=\"elementor-item\">Nos formations<\/a>\n<ul class=\"sub-menu elementor-nav-menu--dropdown\">\n\t<li class=\"menu-item menu-item-type-post_type menu-item-object-page menu-item-67045\"><a href=\"https:\/\/www.ceran.com\/fr\/formation-langue-cpf\/cours-d-anglais-cpf\/\" class=\"elementor-sub-item\">Cours d\u2019anglais CPF<\/a><\/li>\n<\/ul>\n<\/li>\n<li class=\"menu-item menu-item-type-custom menu-item-object-custom menu-item-has-children menu-item-66908\"><a href=\"https:\/\/www.ceran.com\/fr\/formation-langue-cpf\/hotline-dediee\/\" class=\"elementor-item\">Support<\/a>\n<ul class=\"sub-menu elementor-nav-menu--dropdown\">\n\t<li class=\"menu-item menu-item-type-post_type menu-item-object-page menu-item-67035\"><a href=\"https:\/\/www.ceran.com\/fr\/formation-langue-cpf\/hotline-dediee\/\" class=\"elementor-sub-item\">Hotline d\u00e9di\u00e9e<\/a><\/li>\n\t<li class=\"menu-item menu-item-type-post_type menu-item-object-page menu-item-69848\"><a href=\"https:\/\/www.ceran.com\/fr\/formation-langue-cpf\/ressources-cpf\/appel-decouverte\/\" class=\"elementor-sub-item\">Appel d\u00e9couverte offert<\/a><\/li>\n\t<li class=\"menu-item menu-item-type-post_type menu-item-object-page menu-item-67033\"><a href=\"https:\/\/www.ceran.com\/fr\/formation-langue-cpf\/devis-formation-linguistique-cpf\/\" class=\"elementor-sub-item\">Devis formation linguistique CPF<\/a><\/li>\n\t<li class=\"menu-item menu-item-type-post_type menu-item-object-page menu-item-67032\"><a href=\"https:\/\/www.ceran.com\/fr\/formation-langue-cpf\/a-propos-du-ceran\/\" class=\"elementor-sub-item\">A propos du CERAN \u00e0 Paris<\/a><\/li>\n<\/ul>\n<\/li>\n<\/ul>\t\t\t<\/nav>\n\t\t\t\t\t<div class=\"elementor-menu-toggle\" role=\"button\" tabindex=\"0\" aria-label=\"Permuter le menu\" aria-expanded=\"false\">\n\t\t\t<i aria-hidden=\"true\" role=\"presentation\" class=\"elementor-menu-toggle__icon--open elementor-animation-grow eicon-menu-bar\"><\/i><i aria-hidden=\"true\" role=\"presentation\" class=\"elementor-menu-toggle__icon--close elementor-animation-grow eicon-close\"><\/i>\t\t<\/div>\n\t\t\t\t\t<nav class=\"elementor-nav-menu--dropdown elementor-nav-menu__container\" aria-hidden=\"true\">\n\t\t\t\t<ul id=\"menu-2-5517f025\" class=\"elementor-nav-menu\"><li class=\"menu-item menu-item-type-custom menu-item-object-custom menu-item-has-children menu-item-66905\"><a href=\"https:\/\/www.ceran.com\/fr\/cpf\/\" class=\"elementor-item\" tabindex=\"-1\">Le CPF pour<\/a>\n<ul class=\"sub-menu elementor-nav-menu--dropdown\">\n\t<li class=\"menu-item menu-item-type-post_type menu-item-object-page menu-item-66969\"><a href=\"https:\/\/www.ceran.com\/fr\/formation-langue-cpf\/salaries\/\" class=\"elementor-sub-item\" tabindex=\"-1\">Salari\u00e9s<\/a><\/li>\n\t<li class=\"menu-item menu-item-type-post_type menu-item-object-page menu-item-71769\"><a href=\"https:\/\/www.ceran.com\/fr\/formation-langue-cpf\/cpf-pour-les-directions-rh-et-formation\/\" class=\"elementor-sub-item\" tabindex=\"-1\">Directions RH et Formation<\/a><\/li>\n<\/ul>\n<\/li>\n<li class=\"menu-item menu-item-type-post_type menu-item-object-page menu-item-69025\"><a href=\"https:\/\/www.ceran.com\/fr\/formation-langue-cpf\/ressources-cpf\/\" class=\"elementor-item\" tabindex=\"-1\">Ressources CPF<\/a><\/li>\n<li class=\"menu-item menu-item-type-custom menu-item-object-custom menu-item-has-children menu-item-66909\"><a href=\"https:\/\/www.ceran.com\/fr\/formation-langue-cpf\/cours-d-anglais-cpf\/\" class=\"elementor-item\" tabindex=\"-1\">Nos formations<\/a>\n<ul class=\"sub-menu elementor-nav-menu--dropdown\">\n\t<li class=\"menu-item menu-item-type-post_type menu-item-object-page menu-item-67045\"><a href=\"https:\/\/www.ceran.com\/fr\/formation-langue-cpf\/cours-d-anglais-cpf\/\" class=\"elementor-sub-item\" tabindex=\"-1\">Cours d\u2019anglais CPF<\/a><\/li>\n<\/ul>\n<\/li>\n<li class=\"menu-item menu-item-type-custom menu-item-object-custom menu-item-has-children menu-item-66908\"><a href=\"https:\/\/www.ceran.com\/fr\/formation-langue-cpf\/hotline-dediee\/\" class=\"elementor-item\" tabindex=\"-1\">Support<\/a>\n<ul class=\"sub-menu elementor-nav-menu--dropdown\">\n\t<li class=\"menu-item menu-item-type-post_type menu-item-object-page menu-item-67035\"><a href=\"https:\/\/www.ceran.com\/fr\/formation-langue-cpf\/hotline-dediee\/\" class=\"elementor-sub-item\" tabindex=\"-1\">Hotline d\u00e9di\u00e9e<\/a><\/li>\n\t<li class=\"menu-item menu-item-type-post_type menu-item-object-page menu-item-69848\"><a href=\"https:\/\/www.ceran.com\/fr\/formation-langue-cpf\/ressources-cpf\/appel-decouverte\/\" class=\"elementor-sub-item\" tabindex=\"-1\">Appel d\u00e9couverte offert<\/a><\/li>\n\t<li class=\"menu-item menu-item-type-post_type menu-item-object-page menu-item-67033\"><a href=\"https:\/\/www.ceran.com\/fr\/formation-langue-cpf\/devis-formation-linguistique-cpf\/\" class=\"elementor-sub-item\" tabindex=\"-1\">Devis formation linguistique CPF<\/a><\/li>\n\t<li class=\"menu-item menu-item-type-post_type menu-item-object-page menu-item-67032\"><a href=\"https:\/\/www.ceran.com\/fr\/formation-langue-cpf\/a-propos-du-ceran\/\" class=\"elementor-sub-item\" tabindex=\"-1\">A propos du CERAN \u00e0 Paris<\/a><\/li>\n<\/ul>\n<\/li>\n<\/ul>\t\t\t<\/nav>\n\t\t\t\t\t\t<\/div>\n\t\t\t\t<\/div>\n\t\t\t\t\t<\/div>\n\t\t<\/div>\n\t\t\t\t\t<\/div>\n\t\t<\/section>\n\t\t\t\t<section class=\"elementor-section elementor-top-section elementor-element elementor-element-4c7d155d elementor-section-boxed elementor-section-height-default elementor-section-height-default\" data-id=\"4c7d155d\" data-element_type=\"section\" data-e-type=\"section\">\n\t\t\t\t\t\t<div class=\"elementor-container elementor-column-gap-default\">\n\t\t\t\t\t<div class=\"elementor-column elementor-col-50 elementor-top-column elementor-element elementor-element-f84fa1c\" data-id=\"f84fa1c\" data-element_type=\"column\" data-e-type=\"column\" data-settings=\"{&quot;background_background&quot;:&quot;classic&quot;}\">\n\t\t\t<div class=\"elementor-widget-wrap elementor-element-populated\">\n\t\t\t\t\t\t<section class=\"elementor-section elementor-inner-section elementor-element elementor-element-267d52e elementor-section-boxed elementor-section-height-default elementor-section-height-default\" data-id=\"267d52e\" data-element_type=\"section\" data-e-type=\"section\">\n\t\t\t\t\t\t<div class=\"elementor-container elementor-column-gap-default\">\n\t\t\t\t\t<div class=\"elementor-column elementor-col-50 elementor-inner-column elementor-element elementor-element-238439c\" data-id=\"238439c\" data-element_type=\"column\" data-e-type=\"column\">\n\t\t\t<div class=\"elementor-widget-wrap elementor-element-populated\">\n\t\t\t\t\t\t<div class=\"elementor-element elementor-element-90755ea elementor-view-default elementor-widget elementor-widget-icon\" data-id=\"90755ea\" data-element_type=\"widget\" data-e-type=\"widget\" data-widget_type=\"icon.default\">\n\t\t\t\t<div class=\"elementor-widget-container\">\n\t\t\t\t\t\t\t<div class=\"elementor-icon-wrapper\">\n\t\t\t<div class=\"elementor-icon\">\n\t\t\t<i aria-hidden=\"true\" class=\"far fa-arrow-alt-circle-right\"><\/i>\t\t\t<\/div>\n\t\t<\/div>\n\t\t\t\t\t\t<\/div>\n\t\t\t\t<\/div>\n\t\t\t\t\t<\/div>\n\t\t<\/div>\n\t\t\t\t<div class=\"elementor-column elementor-col-50 elementor-inner-column elementor-element elementor-element-85edbd0\" data-id=\"85edbd0\" data-element_type=\"column\" data-e-type=\"column\">\n\t\t\t<div class=\"elementor-widget-wrap elementor-element-populated\">\n\t\t\t\t\t\t<div class=\"elementor-element elementor-element-fa92aba elementor-widget elementor-widget-heading\" data-id=\"fa92aba\" data-element_type=\"widget\" data-e-type=\"widget\" data-widget_type=\"heading.default\">\n\t\t\t\t<div class=\"elementor-widget-container\">\n\t\t\t\t\t<h1 class=\"elementor-heading-title elementor-size-default\">Comment utiliser mon CPF : le guide pratique<\/h1>\t\t\t\t<\/div>\n\t\t\t\t<\/div>\n\t\t\t\t\t<\/div>\n\t\t<\/div>\n\t\t\t\t\t<\/div>\n\t\t<\/section>\n\t\t\t\t<div class=\"elementor-element elementor-element-64e1b85 elementor-widget elementor-widget-text-editor\" data-id=\"64e1b85\" data-element_type=\"widget\" data-e-type=\"widget\" data-widget_type=\"text-editor.default\">\n\t\t\t\t<div class=\"elementor-widget-container\">\n\t\t\t\t\t\t\t\t\t<p><strong>12 minutes de lecture<\/strong><\/p><p>O\u00f9 trouver la bonne information pour utiliser mon CPF correctement ? Comment trouver les meilleures formations en toute confiance ? Si comme bon nombre de Fran\u00e7ais actifs, vous vous posez mille questions sur comment utiliser le CPF de fa\u00e7on \u00e9clair\u00e9e, vous \u00eates au bon endroit. Salari\u00e9, demandeur d\u2019emploi, en profession lib\u00e9rale, auto-entrepreneur, agent public de l\u2019\u00e9tat, le cpf n\u2019aura bient\u00f4t plus de secret pour vous !<\/p>\t\t\t\t\t\t\t\t<\/div>\n\t\t\t\t<\/div>\n\t\t\t\t\t<\/div>\n\t\t<\/div>\n\t\t\t\t<div class=\"elementor-column elementor-col-50 elementor-top-column elementor-element elementor-element-70caa118\" data-id=\"70caa118\" data-element_type=\"column\" data-e-type=\"column\" data-settings=\"{&quot;background_background&quot;:&quot;classic&quot;}\">\n\t\t\t<div class=\"elementor-widget-wrap elementor-element-populated\">\n\t\t\t\t\t\t<div class=\"elementor-element elementor-element-394222c elementor-widget elementor-widget-image\" data-id=\"394222c\" data-element_type=\"widget\" data-e-type=\"widget\" data-widget_type=\"image.default\">\n\t\t\t\t<div class=\"elementor-widget-container\">\n\t\t\t\t\t\t\t\t\t\t\t\t\t\t\t<img fetchpriority=\"high\" decoding=\"async\" width=\"640\" height=\"427\" src=\"https:\/\/www.ceran.com\/wp-content\/uploads\/2022\/10\/apprendre-anglais-en-ligne-avec-prof-particulier-solution-2.jpg\" class=\"attachment-full size-full wp-image-65627\" alt=\"comment utiliser mon cpf | apprendre anglais en ligne avec prof particulier solution\" srcset=\"https:\/\/www.ceran.com\/wp-content\/uploads\/2022\/10\/apprendre-anglais-en-ligne-avec-prof-particulier-solution-2.jpg 640w, https:\/\/www.ceran.com\/wp-content\/uploads\/2022\/10\/apprendre-anglais-en-ligne-avec-prof-particulier-solution-2-300x200.jpg 300w, https:\/\/www.ceran.com\/wp-content\/uploads\/2022\/10\/elementor\/thumbs\/apprendre-anglais-en-ligne-avec-prof-particulier-solution-2-pwqgc9l11utbgjzjte10i54a06yqcnx2yz1xjrf9nk.jpg 600w\" sizes=\"(max-width: 640px) 100vw, 640px\" \/>\t\t\t\t\t\t\t\t\t\t\t\t\t\t\t<\/div>\n\t\t\t\t<\/div>\n\t\t\t\t\t<\/div>\n\t\t<\/div>\n\t\t\t\t\t<\/div>\n\t\t<\/section>\n\t\t\t\t<section class=\"elementor-section elementor-top-section elementor-element elementor-element-7dae83f elementor-section-content-top elementor-section-boxed elementor-section-height-default elementor-section-height-default\" data-id=\"7dae83f\" data-element_type=\"section\" data-e-type=\"section\">\n\t\t\t\t\t\t<div class=\"elementor-container elementor-column-gap-default\">\n\t\t\t\t\t<div class=\"elementor-column elementor-col-50 elementor-top-column elementor-element elementor-element-2984599\" data-id=\"2984599\" data-element_type=\"column\" data-e-type=\"column\" data-settings=\"{&quot;background_background&quot;:&quot;classic&quot;}\">\n\t\t\t<div class=\"elementor-widget-wrap elementor-element-populated\">\n\t\t\t\t\t<div class=\"elementor-background-overlay\"><\/div>\n\t\t\t\t\t\t<section class=\"elementor-section elementor-inner-section elementor-element elementor-element-bdb1765 elementor-section-boxed elementor-section-height-default elementor-section-height-default\" data-id=\"bdb1765\" data-element_type=\"section\" data-e-type=\"section\" data-settings=\"{&quot;sticky&quot;:&quot;top&quot;,&quot;sticky_offset&quot;:100,&quot;sticky_on&quot;:[&quot;desktop&quot;,&quot;tablet&quot;],&quot;sticky_parent&quot;:&quot;yes&quot;,&quot;sticky_effects_offset&quot;:0,&quot;sticky_anchor_link_offset&quot;:0}\">\n\t\t\t\t\t\t\t<div class=\"elementor-background-overlay\"><\/div>\n\t\t\t\t\t\t\t<div class=\"elementor-container elementor-column-gap-default\">\n\t\t\t\t\t<div class=\"elementor-column elementor-col-100 elementor-inner-column elementor-element elementor-element-00fc681\" data-id=\"00fc681\" data-element_type=\"column\" data-e-type=\"column\" data-settings=\"{&quot;background_background&quot;:&quot;classic&quot;}\">\n\t\t\t<div class=\"elementor-widget-wrap elementor-element-populated\">\n\t\t\t\t\t\t<div class=\"elementor-element elementor-element-f4d3ef4 elementor-list-item-link-full_width elementor-widget elementor-widget-icon-list\" data-id=\"f4d3ef4\" data-element_type=\"widget\" data-e-type=\"widget\" data-widget_type=\"icon-list.default\">\n\t\t\t\t<div class=\"elementor-widget-container\">\n\t\t\t\t\t\t\t<ul class=\"elementor-icon-list-items\">\n\t\t\t\t\t\t\t<li class=\"elementor-icon-list-item\">\n\t\t\t\t\t\t\t\t\t\t\t<a href=\"#question-1\">\n\n\t\t\t\t\t\t\t\t\t\t\t\t<span class=\"elementor-icon-list-icon\">\n\t\t\t\t\t\t\t<i aria-hidden=\"true\" class=\"fas fa-dot-circle\"><\/i>\t\t\t\t\t\t<\/span>\n\t\t\t\t\t\t\t\t\t\t<span class=\"elementor-icon-list-text\">Le cpf c'est quoi ?<\/span>\n\t\t\t\t\t\t\t\t\t\t\t<\/a>\n\t\t\t\t\t\t\t\t\t<\/li>\n\t\t\t\t\t\t\t\t<li class=\"elementor-icon-list-item\">\n\t\t\t\t\t\t\t\t\t\t\t<a href=\"#question-2\">\n\n\t\t\t\t\t\t\t\t\t\t\t\t<span class=\"elementor-icon-list-icon\">\n\t\t\t\t\t\t\t<i aria-hidden=\"true\" class=\"fas fa-dot-circle\"><\/i>\t\t\t\t\t\t<\/span>\n\t\t\t\t\t\t\t\t\t\t<span class=\"elementor-icon-list-text\">\u00c0 qui s\u2019adresse  le Compte personnel de formation (CPF) ? <\/span>\n\t\t\t\t\t\t\t\t\t\t\t<\/a>\n\t\t\t\t\t\t\t\t\t<\/li>\n\t\t\t\t\t\t\t\t<li class=\"elementor-icon-list-item\">\n\t\t\t\t\t\t\t\t\t\t\t<a href=\"#question-3\">\n\n\t\t\t\t\t\t\t\t\t\t\t\t<span class=\"elementor-icon-list-icon\">\n\t\t\t\t\t\t\t<i aria-hidden=\"true\" class=\"fas fa-dot-circle\"><\/i>\t\t\t\t\t\t<\/span>\n\t\t\t\t\t\t\t\t\t\t<span class=\"elementor-icon-list-text\">Comment consulter mon Compte personnel de formation ?<\/span>\n\t\t\t\t\t\t\t\t\t\t\t<\/a>\n\t\t\t\t\t\t\t\t\t<\/li>\n\t\t\t\t\t\t\t\t<li class=\"elementor-icon-list-item\">\n\t\t\t\t\t\t\t\t\t\t\t<a href=\"#question-4\">\n\n\t\t\t\t\t\t\t\t\t\t\t\t<span class=\"elementor-icon-list-icon\">\n\t\t\t\t\t\t\t<i aria-hidden=\"true\" class=\"fas fa-dot-circle\"><\/i>\t\t\t\t\t\t<\/span>\n\t\t\t\t\t\t\t\t\t\t<span class=\"elementor-icon-list-text\">O\u00f9 puis-je consulter mon CPF ?<\/span>\n\t\t\t\t\t\t\t\t\t\t\t<\/a>\n\t\t\t\t\t\t\t\t\t<\/li>\n\t\t\t\t\t\t\t\t<li class=\"elementor-icon-list-item\">\n\t\t\t\t\t\t\t\t\t\t\t<a href=\"#question-5\">\n\n\t\t\t\t\t\t\t\t\t\t\t\t<span class=\"elementor-icon-list-icon\">\n\t\t\t\t\t\t\t<i aria-hidden=\"true\" class=\"fas fa-dot-circle\"><\/i>\t\t\t\t\t\t<\/span>\n\t\t\t\t\t\t\t\t\t\t<span class=\"elementor-icon-list-text\">Quelles sont les formations prises en charge par le CPF ? <\/span>\n\t\t\t\t\t\t\t\t\t\t\t<\/a>\n\t\t\t\t\t\t\t\t\t<\/li>\n\t\t\t\t\t\t\t\t<li class=\"elementor-icon-list-item\">\n\t\t\t\t\t\t\t\t\t\t\t<a href=\"#question-6\">\n\n\t\t\t\t\t\t\t\t\t\t\t\t<span class=\"elementor-icon-list-icon\">\n\t\t\t\t\t\t\t<i aria-hidden=\"true\" class=\"fas fa-dot-circle\"><\/i>\t\t\t\t\t\t<\/span>\n\t\t\t\t\t\t\t\t\t\t<span class=\"elementor-icon-list-text\">Pour quelles formations\u202fpeut-on utiliser le CPF ?  <\/span>\n\t\t\t\t\t\t\t\t\t\t\t<\/a>\n\t\t\t\t\t\t\t\t\t<\/li>\n\t\t\t\t\t\t\t\t<li class=\"elementor-icon-list-item\">\n\t\t\t\t\t\t\t\t\t\t\t<a href=\"#question-7\">\n\n\t\t\t\t\t\t\t\t\t\t\t\t<span class=\"elementor-icon-list-icon\">\n\t\t\t\t\t\t\t<i aria-hidden=\"true\" class=\"fas fa-dot-circle\"><\/i>\t\t\t\t\t\t<\/span>\n\t\t\t\t\t\t\t\t\t\t<span class=\"elementor-icon-list-text\">O\u00f9 trouver les formations Eligibles au CPF ?<\/span>\n\t\t\t\t\t\t\t\t\t\t\t<\/a>\n\t\t\t\t\t\t\t\t\t<\/li>\n\t\t\t\t\t\t\t\t<li class=\"elementor-icon-list-item\">\n\t\t\t\t\t\t\t\t\t\t\t<a href=\"#question-8\">\n\n\t\t\t\t\t\t\t\t\t\t\t\t<span class=\"elementor-icon-list-icon\">\n\t\t\t\t\t\t\t<i aria-hidden=\"true\" class=\"fas fa-dot-circle\"><\/i>\t\t\t\t\t\t<\/span>\n\t\t\t\t\t\t\t\t\t\t<span class=\"elementor-icon-list-text\">Que se passe-t-il en cas de droits acquis dans le secteur public\u202f?<\/span>\n\t\t\t\t\t\t\t\t\t\t\t<\/a>\n\t\t\t\t\t\t\t\t\t<\/li>\n\t\t\t\t\t\t\t\t<li class=\"elementor-icon-list-item\">\n\t\t\t\t\t\t\t\t\t\t\t<a href=\"#question-9\">\n\n\t\t\t\t\t\t\t\t\t\t\t\t<span class=\"elementor-icon-list-icon\">\n\t\t\t\t\t\t\t<i aria-hidden=\"true\" class=\"fas fa-dot-circle\"><\/i>\t\t\t\t\t\t<\/span>\n\t\t\t\t\t\t\t\t\t\t<span class=\"elementor-icon-list-text\">Que se passe-t-il si je quitte mon entreprise\u202f?<\/span>\n\t\t\t\t\t\t\t\t\t\t\t<\/a>\n\t\t\t\t\t\t\t\t\t<\/li>\n\t\t\t\t\t\t\t\t<li class=\"elementor-icon-list-item\">\n\t\t\t\t\t\t\t\t\t\t\t<a href=\"#question-10\">\n\n\t\t\t\t\t\t\t\t\t\t\t\t<span class=\"elementor-icon-list-icon\">\n\t\t\t\t\t\t\t<i aria-hidden=\"true\" class=\"fas fa-dot-circle\"><\/i>\t\t\t\t\t\t<\/span>\n\t\t\t\t\t\t\t\t\t\t<span class=\"elementor-icon-list-text\">Comment utiliser mon CPF\u202f? <\/span>\n\t\t\t\t\t\t\t\t\t\t\t<\/a>\n\t\t\t\t\t\t\t\t\t<\/li>\n\t\t\t\t\t\t\t\t<li class=\"elementor-icon-list-item\">\n\t\t\t\t\t\t\t\t\t\t\t<a href=\"#question-11\">\n\n\t\t\t\t\t\t\t\t\t\t\t\t<span class=\"elementor-icon-list-icon\">\n\t\t\t\t\t\t\t<i aria-hidden=\"true\" class=\"fas fa-dot-circle\"><\/i>\t\t\t\t\t\t<\/span>\n\t\t\t\t\t\t\t\t\t\t<span class=\"elementor-icon-list-text\">Quelle d\u00e9marche dois-je effectuer vis-\u00e0-vis de mon employeur\u202fpour une formation avec mon CPF ?<\/span>\n\t\t\t\t\t\t\t\t\t\t\t<\/a>\n\t\t\t\t\t\t\t\t\t<\/li>\n\t\t\t\t\t\t\t\t<li class=\"elementor-icon-list-item\">\n\t\t\t\t\t\t\t\t\t\t\t<a href=\"#question-12\">\n\n\t\t\t\t\t\t\t\t\t\t\t\t<span class=\"elementor-icon-list-icon\">\n\t\t\t\t\t\t\t<i aria-hidden=\"true\" class=\"fas fa-dot-circle\"><\/i>\t\t\t\t\t\t<\/span>\n\t\t\t\t\t\t\t\t\t\t<span class=\"elementor-icon-list-text\">Comment me faire accompagner pour utiliser mon CPF\u202f?<\/span>\n\t\t\t\t\t\t\t\t\t\t\t<\/a>\n\t\t\t\t\t\t\t\t\t<\/li>\n\t\t\t\t\t\t\t\t<li class=\"elementor-icon-list-item\">\n\t\t\t\t\t\t\t\t\t\t\t<a href=\"#question-13\">\n\n\t\t\t\t\t\t\t\t\t\t\t\t<span class=\"elementor-icon-list-icon\">\n\t\t\t\t\t\t\t<i aria-hidden=\"true\" class=\"fas fa-dot-circle\"><\/i>\t\t\t\t\t\t<\/span>\n\t\t\t\t\t\t\t\t\t\t<span class=\"elementor-icon-list-text\">Comment me faire financer une formation par le CPF ?<\/span>\n\t\t\t\t\t\t\t\t\t\t\t<\/a>\n\t\t\t\t\t\t\t\t\t<\/li>\n\t\t\t\t\t\t\t\t<li class=\"elementor-icon-list-item\">\n\t\t\t\t\t\t\t\t\t\t\t<a href=\"#question-14\">\n\n\t\t\t\t\t\t\t\t\t\t\t\t<span class=\"elementor-icon-list-icon\">\n\t\t\t\t\t\t\t<i aria-hidden=\"true\" class=\"fas fa-dot-circle\"><\/i>\t\t\t\t\t\t<\/span>\n\t\t\t\t\t\t\t\t\t\t<span class=\"elementor-icon-list-text\">Comment cofinancer une formation CPF par mon employeur ?<\/span>\n\t\t\t\t\t\t\t\t\t\t\t<\/a>\n\t\t\t\t\t\t\t\t\t<\/li>\n\t\t\t\t\t\t\t\t<li class=\"elementor-icon-list-item\">\n\t\t\t\t\t\t\t\t\t\t\t<a href=\"#question-15\">\n\n\t\t\t\t\t\t\t\t\t\t\t\t<span class=\"elementor-icon-list-icon\">\n\t\t\t\t\t\t\t<i aria-hidden=\"true\" class=\"fas fa-dot-circle\"><\/i>\t\t\t\t\t\t<\/span>\n\t\t\t\t\t\t\t\t\t\t<span class=\"elementor-icon-list-text\">Que faire si je n\u2019ai pas assez sur mon compte CPF\u202f? <\/span>\n\t\t\t\t\t\t\t\t\t\t\t<\/a>\n\t\t\t\t\t\t\t\t\t<\/li>\n\t\t\t\t\t\t\t\t<li class=\"elementor-icon-list-item\">\n\t\t\t\t\t\t\t\t\t\t\t<a href=\"#question-16\">\n\n\t\t\t\t\t\t\t\t\t\t\t\t<span class=\"elementor-icon-list-icon\">\n\t\t\t\t\t\t\t<i aria-hidden=\"true\" class=\"fas fa-dot-circle\"><\/i>\t\t\t\t\t\t<\/span>\n\t\t\t\t\t\t\t\t\t\t<span class=\"elementor-icon-list-text\">Quelle prise en charge des frais de formation\u202fvia le CPF ?<\/span>\n\t\t\t\t\t\t\t\t\t\t\t<\/a>\n\t\t\t\t\t\t\t\t\t<\/li>\n\t\t\t\t\t\t\t\t<li class=\"elementor-icon-list-item\">\n\t\t\t\t\t\t\t\t\t\t\t<a href=\"#question-17\">\n\n\t\t\t\t\t\t\t\t\t\t\t\t<span class=\"elementor-icon-list-icon\">\n\t\t\t\t\t\t\t<i aria-hidden=\"true\" class=\"fas fa-dot-circle\"><\/i>\t\t\t\t\t\t<\/span>\n\t\t\t\t\t\t\t\t\t\t<span class=\"elementor-icon-list-text\">Quelle r\u00e9mun\u00e9ration pendant la formation\u202fvia mon CPF ?<\/span>\n\t\t\t\t\t\t\t\t\t\t\t<\/a>\n\t\t\t\t\t\t\t\t\t<\/li>\n\t\t\t\t\t\t\t\t<li class=\"elementor-icon-list-item\">\n\t\t\t\t\t\t\t\t\t\t\t<a href=\"#question-18\">\n\n\t\t\t\t\t\t\t\t\t\t\t\t<span class=\"elementor-icon-list-icon\">\n\t\t\t\t\t\t\t<i aria-hidden=\"true\" class=\"fas fa-dot-circle\"><\/i>\t\t\t\t\t\t<\/span>\n\t\t\t\t\t\t\t\t\t\t<span class=\"elementor-icon-list-text\">Puis-je c\u00e9der \u00e0 un tiers des sommes d'argent issues du CPF\u202f?<\/span>\n\t\t\t\t\t\t\t\t\t\t\t<\/a>\n\t\t\t\t\t\t\t\t\t<\/li>\n\t\t\t\t\t\t\t\t<li class=\"elementor-icon-list-item\">\n\t\t\t\t\t\t\t\t\t\t\t<a href=\"#question-19\">\n\n\t\t\t\t\t\t\t\t\t\t\t\t<span class=\"elementor-icon-list-icon\">\n\t\t\t\t\t\t\t<i aria-hidden=\"true\" class=\"fas fa-dot-circle\"><\/i>\t\t\t\t\t\t<\/span>\n\t\t\t\t\t\t\t\t\t\t<span class=\"elementor-icon-list-text\">Comment savoir si une formation est prise en charge par le CPF ?<\/span>\n\t\t\t\t\t\t\t\t\t\t\t<\/a>\n\t\t\t\t\t\t\t\t\t<\/li>\n\t\t\t\t\t\t\t\t<li class=\"elementor-icon-list-item\">\n\t\t\t\t\t\t\t\t\t\t\t<a href=\"#question-20\">\n\n\t\t\t\t\t\t\t\t\t\t\t\t<span class=\"elementor-icon-list-icon\">\n\t\t\t\t\t\t\t<i aria-hidden=\"true\" class=\"fas fa-dot-circle\"><\/i>\t\t\t\t\t\t<\/span>\n\t\t\t\t\t\t\t\t\t\t<span class=\"elementor-icon-list-text\">Comment faire si une formation n'est pas \u00e9ligible au CPF ?<\/span>\n\t\t\t\t\t\t\t\t\t\t\t<\/a>\n\t\t\t\t\t\t\t\t\t<\/li>\n\t\t\t\t\t\t\t\t<li class=\"elementor-icon-list-item\">\n\t\t\t\t\t\t\t\t\t\t\t<a href=\"#question-21\">\n\n\t\t\t\t\t\t\t\t\t\t\t\t<span class=\"elementor-icon-list-icon\">\n\t\t\t\t\t\t\t<i aria-hidden=\"true\" class=\"fas fa-dot-circle\"><\/i>\t\t\t\t\t\t<\/span>\n\t\t\t\t\t\t\t\t\t\t<span class=\"elementor-icon-list-text\">Quel est le montant maximum du CPF ? <\/span>\n\t\t\t\t\t\t\t\t\t\t\t<\/a>\n\t\t\t\t\t\t\t\t\t<\/li>\n\t\t\t\t\t\t\t\t<li class=\"elementor-icon-list-item\">\n\t\t\t\t\t\t\t\t\t\t\t<a href=\"#question-22\">\n\n\t\t\t\t\t\t\t\t\t\t\t\t<span class=\"elementor-icon-list-icon\">\n\t\t\t\t\t\t\t<i aria-hidden=\"true\" class=\"fas fa-dot-circle\"><\/i>\t\t\t\t\t\t<\/span>\n\t\t\t\t\t\t\t\t\t\t<span class=\"elementor-icon-list-text\">Quelle est la date limite pour utiliser mon CPF ?<\/span>\n\t\t\t\t\t\t\t\t\t\t\t<\/a>\n\t\t\t\t\t\t\t\t\t<\/li>\n\t\t\t\t\t\t\t\t<li class=\"elementor-icon-list-item\">\n\t\t\t\t\t\t\t\t\t\t\t<a href=\"#question-23\">\n\n\t\t\t\t\t\t\t\t\t\t\t\t<span class=\"elementor-icon-list-icon\">\n\t\t\t\t\t\t\t<i aria-hidden=\"true\" class=\"fas fa-dot-circle\"><\/i>\t\t\t\t\t\t<\/span>\n\t\t\t\t\t\t\t\t\t\t<span class=\"elementor-icon-list-text\">Puis-je me faire payer mes heures CPF ?<\/span>\n\t\t\t\t\t\t\t\t\t\t\t<\/a>\n\t\t\t\t\t\t\t\t\t<\/li>\n\t\t\t\t\t\t\t\t<li class=\"elementor-icon-list-item\">\n\t\t\t\t\t\t\t\t\t\t\t<a href=\"#question-24\">\n\n\t\t\t\t\t\t\t\t\t\t\t\t<span class=\"elementor-icon-list-icon\">\n\t\t\t\t\t\t\t<i aria-hidden=\"true\" class=\"fas fa-dot-circle\"><\/i>\t\t\t\t\t\t<\/span>\n\t\t\t\t\t\t\t\t\t\t<span class=\"elementor-icon-list-text\">Puis-je b\u00e9n\u00e9ficier du CPF si je suis au ch\u00f4mage\u202f?<\/span>\n\t\t\t\t\t\t\t\t\t\t\t<\/a>\n\t\t\t\t\t\t\t\t\t<\/li>\n\t\t\t\t\t\t\t\t<li class=\"elementor-icon-list-item\">\n\t\t\t\t\t\t\t\t\t\t\t<a href=\"#question-25\">\n\n\t\t\t\t\t\t\t\t\t\t\t\t<span class=\"elementor-icon-list-icon\">\n\t\t\t\t\t\t\t<i aria-hidden=\"true\" class=\"fas fa-dot-circle\"><\/i>\t\t\t\t\t\t<\/span>\n\t\t\t\t\t\t\t\t\t\t<span class=\"elementor-icon-list-text\">Quelles sont les principales langues \u00e9ligibles au CPF ?<\/span>\n\t\t\t\t\t\t\t\t\t\t\t<\/a>\n\t\t\t\t\t\t\t\t\t<\/li>\n\t\t\t\t\t\t\t\t<li class=\"elementor-icon-list-item\">\n\t\t\t\t\t\t\t\t\t\t\t<a href=\"#question-26\">\n\n\t\t\t\t\t\t\t\t\t\t\t\t<span class=\"elementor-icon-list-icon\">\n\t\t\t\t\t\t\t<i aria-hidden=\"true\" class=\"fas fa-dot-circle\"><\/i>\t\t\t\t\t\t<\/span>\n\t\t\t\t\t\t\t\t\t\t<span class=\"elementor-icon-list-text\">Comment FranceConnect+ permet-il de renforcer la s\u00e9curit\u00e9 de mon parcours d'achat via le CPF ?<\/span>\n\t\t\t\t\t\t\t\t\t\t\t<\/a>\n\t\t\t\t\t\t\t\t\t<\/li>\n\t\t\t\t\t\t<\/ul>\n\t\t\t\t\t\t<\/div>\n\t\t\t\t<\/div>\n\t\t\t\t\t<\/div>\n\t\t<\/div>\n\t\t\t\t\t<\/div>\n\t\t<\/section>\n\t\t\t\t\t<\/div>\n\t\t<\/div>\n\t\t\t\t<div class=\"elementor-column elementor-col-50 elementor-top-column elementor-element elementor-element-2c64775\" data-id=\"2c64775\" data-element_type=\"column\" data-e-type=\"column\">\n\t\t\t<div class=\"elementor-widget-wrap elementor-element-populated\">\n\t\t\t\t\t\t<section class=\"elementor-section elementor-inner-section elementor-element elementor-element-89965ac elementor-section-boxed elementor-section-height-default elementor-section-height-default\" data-id=\"89965ac\" data-element_type=\"section\" data-e-type=\"section\" id=\"question-1\">\n\t\t\t\t\t\t<div class=\"elementor-container elementor-column-gap-default\">\n\t\t\t\t\t<div class=\"elementor-column elementor-col-100 elementor-inner-column elementor-element elementor-element-d09f32e\" data-id=\"d09f32e\" data-element_type=\"column\" data-e-type=\"column\">\n\t\t\t<div class=\"elementor-widget-wrap elementor-element-populated\">\n\t\t\t\t\t\t<div class=\"elementor-element elementor-element-e8aa5c5 elementor-widget elementor-widget-text-editor\" data-id=\"e8aa5c5\" data-element_type=\"widget\" data-e-type=\"widget\" data-widget_type=\"text-editor.default\">\n\t\t\t\t<div class=\"elementor-widget-container\">\n\t\t\t\t\t\t\t\t\t<h2>Le CPF, c&rsquo;est quoi\u202f?<\/h2><p><span style=\"font-weight: 400;\">Vous souhaitez suivre une formation pour \u00e9voluer professionnellement ? Sachez que toute personne dispose d\u00e8s son entr\u00e9e sur le march\u00e9 du travail et jusqu&rsquo;\u00e0 la retraite d&rsquo;un compte personnel de formation (CPF).<\/span><\/p><p><span style=\"font-weight: 400;\">Le CPF a remplac\u00e9 le droit individuel \u00e0 la formation (DIF). Le CPF est utilisable tout au long de votre vie active (y compris en p\u00e9riode de ch\u00f4mage) pour suivre une formation qualifiante ou certifiante.\u00a0<\/span><\/p><p><strong>Le CPF recense les informations suivantes\u202f<\/strong><\/p><ul><li><span style=\"font-weight: 400;\">Droits acquis tout au long de votre vie active et jusqu&rsquo;\u00e0 votre d\u00e9part \u00e0 la retraite\u00a0<\/span><\/li><li style=\"font-weight: 400;\" aria-level=\"1\"><span style=\"font-weight: 400;\">Formations dont vous pouvez b\u00e9n\u00e9ficier personnellement. <\/span><\/li><\/ul>\t\t\t\t\t\t\t\t<\/div>\n\t\t\t\t<\/div>\n\t\t\t\t\t<\/div>\n\t\t<\/div>\n\t\t\t\t\t<\/div>\n\t\t<\/section>\n\t\t\t\t<div class=\"elementor-element elementor-element-e4b1b82 elementor-blockquote--skin-quotation elementor-blockquote--align-center elementor-widget elementor-widget-blockquote\" data-id=\"e4b1b82\" data-element_type=\"widget\" data-e-type=\"widget\" data-widget_type=\"blockquote.default\">\n\t\t\t\t<div class=\"elementor-widget-container\">\n\t\t\t\t\t\t\t<blockquote class=\"elementor-blockquote\">\n\t\t\t<p class=\"elementor-blockquote__content\">\n\t\t\t\tLe succ\u00e8s d\u2019un dispositif dynamique qui d\u00e9mocratise l\u2019acc\u00e8s \u00e0 la formation professionnelle \t\t\t<\/p>\n\t\t\t\t\t\t\t<div class=\"e-q-footer\">\n\t\t\t\t\t\t\t\t\t\t\t<cite class=\"elementor-blockquote__author\">Michel Hahiel | Directeur des politiques sociales de la Caisse des D\u00e9p\u00f4ts<\/cite>\n\t\t\t\t\t\t\t\t\t\t\t\t\t\t<\/div>\n\t\t\t\t\t<\/blockquote>\n\t\t\t\t\t\t<\/div>\n\t\t\t\t<\/div>\n\t\t\t\t<div class=\"elementor-element elementor-element-0f2f3c5 elementor-widget-divider--view-line elementor-widget elementor-widget-divider\" data-id=\"0f2f3c5\" data-element_type=\"widget\" data-e-type=\"widget\" data-widget_type=\"divider.default\">\n\t\t\t\t<div class=\"elementor-widget-container\">\n\t\t\t\t\t\t\t<div class=\"elementor-divider\">\n\t\t\t<span class=\"elementor-divider-separator\">\n\t\t\t\t\t\t<\/span>\n\t\t<\/div>\n\t\t\t\t\t\t<\/div>\n\t\t\t\t<\/div>\n\t\t\t\t<section class=\"elementor-section elementor-inner-section elementor-element elementor-element-a9d6bbf elementor-section-boxed elementor-section-height-default elementor-section-height-default\" data-id=\"a9d6bbf\" data-element_type=\"section\" data-e-type=\"section\" id=\"question-2\">\n\t\t\t\t\t\t<div class=\"elementor-container elementor-column-gap-default\">\n\t\t\t\t\t<div class=\"elementor-column elementor-col-100 elementor-inner-column elementor-element elementor-element-c2a04bf\" data-id=\"c2a04bf\" data-element_type=\"column\" data-e-type=\"column\">\n\t\t\t<div class=\"elementor-widget-wrap elementor-element-populated\">\n\t\t\t\t\t\t<div class=\"elementor-element elementor-element-ca71214 elementor-widget elementor-widget-text-editor\" data-id=\"ca71214\" data-element_type=\"widget\" data-e-type=\"widget\" data-widget_type=\"text-editor.default\">\n\t\t\t\t<div class=\"elementor-widget-container\">\n\t\t\t\t\t\t\t\t\t<h2>\u00c0 qui s\u2019adresse le Compte personnel de formation (CPF) ?<\/h2><p>L&rsquo;utilisation du compte personnel de formation (CPF) est universelle. Expression qui indique que toute personne en \u00e2ge de travailler b\u00e9n\u00e9ficie d&rsquo;un CPF.<\/p><p>Toute personne en France \u00e2g\u00e9e d&rsquo;au moins 16 ans (ou 15 ans si elle est en contrat de professionnalisation), employ\u00e9e, \u00e0 la recherche d&rsquo;un emploi ou b\u00e9n\u00e9ficiant d&rsquo;une aide.<\/p><ul><li>les salari\u00e9s en activit\u00e9,<\/li><li>les demandeurs d&#8217;emploi,<\/li><li>les travailleurs ind\u00e9pendants,<\/li><li>les chefs d&rsquo;entreprise,<\/li><li>les dirigeants d&rsquo;entreprises,<\/li><li>les \u00e9tudiants,<\/li><li>fonctionnaires,<\/li><li>les personnes en reconversion professionnelle<\/li><\/ul>\t\t\t\t\t\t\t\t<\/div>\n\t\t\t\t<\/div>\n\t\t\t\t\t<\/div>\n\t\t<\/div>\n\t\t\t\t\t<\/div>\n\t\t<\/section>\n\t\t\t\t<div class=\"elementor-element elementor-element-8f6364a elementor-widget-divider--view-line elementor-widget elementor-widget-divider\" data-id=\"8f6364a\" data-element_type=\"widget\" data-e-type=\"widget\" data-widget_type=\"divider.default\">\n\t\t\t\t<div class=\"elementor-widget-container\">\n\t\t\t\t\t\t\t<div class=\"elementor-divider\">\n\t\t\t<span class=\"elementor-divider-separator\">\n\t\t\t\t\t\t<\/span>\n\t\t<\/div>\n\t\t\t\t\t\t<\/div>\n\t\t\t\t<\/div>\n\t\t\t\t<section class=\"elementor-section elementor-inner-section elementor-element elementor-element-d8209b3 elementor-section-boxed elementor-section-height-default elementor-section-height-default\" data-id=\"d8209b3\" data-element_type=\"section\" data-e-type=\"section\" id=\"question-3\">\n\t\t\t\t\t\t<div class=\"elementor-container elementor-column-gap-default\">\n\t\t\t\t\t<div class=\"elementor-column elementor-col-100 elementor-inner-column elementor-element elementor-element-a137b81\" data-id=\"a137b81\" data-element_type=\"column\" data-e-type=\"column\">\n\t\t\t<div class=\"elementor-widget-wrap elementor-element-populated\">\n\t\t\t\t\t\t<div class=\"elementor-element elementor-element-b2667b9 elementor-widget elementor-widget-text-editor\" data-id=\"b2667b9\" data-element_type=\"widget\" data-e-type=\"widget\" data-widget_type=\"text-editor.default\">\n\t\t\t\t<div class=\"elementor-widget-container\">\n\t\t\t\t\t\t\t\t\t<h2>Comment consulter mon Compte personnel de formation (CPF) ?<\/h2><p><span style=\"font-weight: 400;\">Chaque personne dispose, sur le site officiel\u202fmoncompteformation.gouv.fr\u202fd\u2019un espace personnel s\u00e9curis\u00e9 lui permettant de s\u2019identifier sur son Compte personnel de formation (CPF).<\/span><\/p><p><b>Ce site lui permet \u00e9galement\u202f:\u00a0<\/b><\/p><ul><li style=\"font-weight: 400;\" aria-level=\"1\"><span style=\"font-weight: 400;\">d\u2019acc\u00e9der aux informations qui le concernent (par exemple\u202f: le cr\u00e9dit en euros enregistr\u00e9 sur son compte)\u202f;\u00a0<\/span><\/li><li style=\"font-weight: 400;\" aria-level=\"1\"><span style=\"font-weight: 400;\">d\u2019obtenir des informations sur les formations auxquelles il peut recourir dans le cadre du Compte personnel de formation (les formations \u00e9ligibles au Compte personnel de formation)\u202f;\u00a0<\/span><\/li><li style=\"font-weight: 400;\" aria-level=\"1\"><span style=\"font-weight: 400;\">d\u2019avoir un premier niveau d\u2019information sur les financements de formation <\/span><\/li><\/ul>\t\t\t\t\t\t\t\t<\/div>\n\t\t\t\t<\/div>\n\t\t\t\t\t<\/div>\n\t\t<\/div>\n\t\t\t\t\t<\/div>\n\t\t<\/section>\n\t\t\t\t<div class=\"elementor-element elementor-element-3b0036e elementor-widget elementor-widget-testimonial\" data-id=\"3b0036e\" data-element_type=\"widget\" data-e-type=\"widget\" data-widget_type=\"testimonial.default\">\n\t\t\t\t<div class=\"elementor-widget-container\">\n\t\t\t\t\t\t\t<div class=\"elementor-testimonial-wrapper\">\n\t\t\t\t\t\t\t<div class=\"elementor-testimonial-content\">CERAN m'a pris par la main en m'aidant \u00e0 mobiliser facilement mon CPF pour financer ma formation en anglais.<\/div>\n\t\t\t\n\t\t\t\t\t\t<div class=\"elementor-testimonial-meta elementor-has-image elementor-testimonial-image-position-aside\">\n\t\t\t\t<div class=\"elementor-testimonial-meta-inner\">\n\t\t\t\t\t\t\t\t\t\t\t<div class=\"elementor-testimonial-image\">\n\t\t\t\t\t\t\t<img decoding=\"async\" width=\"597\" height=\"541\" src=\"https:\/\/www.ceran.com\/wp-content\/uploads\/2022\/11\/temoignage-CPF.jpg\" class=\"attachment-full size-full wp-image-66875\" alt=\"temoignage CPF\" srcset=\"https:\/\/www.ceran.com\/wp-content\/uploads\/2022\/11\/temoignage-CPF.jpg 597w, https:\/\/www.ceran.com\/wp-content\/uploads\/2022\/11\/temoignage-CPF-300x272.jpg 300w\" sizes=\"(max-width: 597px) 100vw, 597px\" \/>\t\t\t\t\t\t<\/div>\n\t\t\t\t\t\n\t\t\t\t\t\t\t\t\t\t<div class=\"elementor-testimonial-details\">\n\t\t\t\t\t\t\t\t\t\t\t\t\t\t<div class=\"elementor-testimonial-name\">Alain M<\/div>\n\t\t\t\t\t\t\t\t\t\t\t\t\t\t\t\t\t\t\t\t\t\t<div class=\"elementor-testimonial-job\">Employ\u00e9 en reconversion professionnelle<\/div>\n\t\t\t\t\t\t\t\t\t\t\t\t\t<\/div>\n\t\t\t\t\t\t\t\t\t<\/div>\n\t\t\t<\/div>\n\t\t\t\t\t<\/div>\n\t\t\t\t\t\t<\/div>\n\t\t\t\t<\/div>\n\t\t\t\t<div class=\"elementor-element elementor-element-f4c2831 elementor-widget-divider--view-line elementor-widget elementor-widget-divider\" data-id=\"f4c2831\" data-element_type=\"widget\" data-e-type=\"widget\" data-widget_type=\"divider.default\">\n\t\t\t\t<div class=\"elementor-widget-container\">\n\t\t\t\t\t\t\t<div class=\"elementor-divider\">\n\t\t\t<span class=\"elementor-divider-separator\">\n\t\t\t\t\t\t<\/span>\n\t\t<\/div>\n\t\t\t\t\t\t<\/div>\n\t\t\t\t<\/div>\n\t\t\t\t<section class=\"elementor-section elementor-inner-section elementor-element elementor-element-0cd12ee elementor-section-boxed elementor-section-height-default elementor-section-height-default\" data-id=\"0cd12ee\" data-element_type=\"section\" data-e-type=\"section\" id=\"question-4\">\n\t\t\t\t\t\t<div class=\"elementor-container elementor-column-gap-default\">\n\t\t\t\t\t<div class=\"elementor-column elementor-col-100 elementor-inner-column elementor-element elementor-element-5128f99\" data-id=\"5128f99\" data-element_type=\"column\" data-e-type=\"column\">\n\t\t\t<div class=\"elementor-widget-wrap elementor-element-populated\">\n\t\t\t\t\t\t<div class=\"elementor-element elementor-element-8c9f9da elementor-widget elementor-widget-text-editor\" data-id=\"8c9f9da\" data-element_type=\"widget\" data-e-type=\"widget\" data-widget_type=\"text-editor.default\">\n\t\t\t\t<div class=\"elementor-widget-container\">\n\t\t\t\t\t\t\t\t\t<h2>O\u00f9 puis-je consulter mon CPF ?<\/h2><p><span style=\"font-weight: 400;\">Le compte personnel de formation (CPF) est accessible sur le t\u00e9l\u00e9service Mon compte formation.\u00a0<\/span><\/p><p><span style=\"color: #3366ff;\"><a style=\"color: #3366ff;\" href=\"https:\/\/www.service-public.fr\/particuliers\/vosdroits\/R46472\"><span style=\"font-weight: 400;\">Mon compte formation\u00a0<\/span><\/a><\/span><\/p><p><span style=\"font-weight: 400;\">Vous pouvez \u00e9galement t\u00e9l\u00e9charger sur votre t\u00e9l\u00e9phone mobile l&rsquo;application Mon compte formation (via AppleStore ou PlayStore).\u00a0<\/span><\/p><p><b>\u00c0 savoir \u202f\u00a0<\/b><\/p><p><span style=\"font-weight: 400;\">Si vous avez\u202foubli\u00e9 votre mot de passe\u202fou si vous\u202fn&rsquo;avez plus acc\u00e8s \u00e0 votre mail, le site Mon compte formation vous indique la marche \u00e0 suivre.\u202f<\/span><\/p>\t\t\t\t\t\t\t\t<\/div>\n\t\t\t\t<\/div>\n\t\t\t\t\t<\/div>\n\t\t<\/div>\n\t\t\t\t\t<\/div>\n\t\t<\/section>\n\t\t\t\t<div class=\"elementor-element elementor-element-416f9bd elementor-widget-divider--view-line elementor-widget elementor-widget-divider\" data-id=\"416f9bd\" data-element_type=\"widget\" data-e-type=\"widget\" data-widget_type=\"divider.default\">\n\t\t\t\t<div class=\"elementor-widget-container\">\n\t\t\t\t\t\t\t<div class=\"elementor-divider\">\n\t\t\t<span class=\"elementor-divider-separator\">\n\t\t\t\t\t\t<\/span>\n\t\t<\/div>\n\t\t\t\t\t\t<\/div>\n\t\t\t\t<\/div>\n\t\t\t\t<section class=\"elementor-section elementor-inner-section elementor-element elementor-element-9bcf7c7 elementor-section-boxed elementor-section-height-default elementor-section-height-default\" data-id=\"9bcf7c7\" data-element_type=\"section\" data-e-type=\"section\" id=\"question-5\">\n\t\t\t\t\t\t<div class=\"elementor-container elementor-column-gap-default\">\n\t\t\t\t\t<div class=\"elementor-column elementor-col-100 elementor-inner-column elementor-element elementor-element-0697da4\" data-id=\"0697da4\" data-element_type=\"column\" data-e-type=\"column\">\n\t\t\t<div class=\"elementor-widget-wrap elementor-element-populated\">\n\t\t\t\t\t\t<div class=\"elementor-element elementor-element-b979fc4 elementor-widget elementor-widget-text-editor\" data-id=\"b979fc4\" data-element_type=\"widget\" data-e-type=\"widget\" data-widget_type=\"text-editor.default\">\n\t\t\t\t<div class=\"elementor-widget-container\">\n\t\t\t\t\t\t\t\t\t<h2>Quelles sont les formations prises en charge par le CPF ?<\/h2><p><span style=\"font-weight: 400;\">Toutes les formations propos\u00e9es via la plateforme Mon Compte Formation sont \u00e9ligibles au CPF. Vous y trouverez notamment les offres de formation propos\u00e9es par le CERAN :\u00a0<\/span><\/p><ul><li><span style=\"font-weight: 400;\">Nos offres en pr\u00e9sentiel\u202f: (mettre le lien vers nos offres en pr\u00e9sentiel)\u00a0<\/span><\/li><li><span style=\"font-weight: 400;\">Nos offres en distanciel\u202f: (mettre le lien vers nos offres en distanciel)<\/span><\/li><\/ul>\t\t\t\t\t\t\t\t<\/div>\n\t\t\t\t<\/div>\n\t\t\t\t\t<\/div>\n\t\t<\/div>\n\t\t\t\t\t<\/div>\n\t\t<\/section>\n\t\t\t\t<div class=\"elementor-element elementor-element-d8d606e elementor-widget-divider--view-line elementor-widget elementor-widget-divider\" data-id=\"d8d606e\" data-element_type=\"widget\" data-e-type=\"widget\" data-widget_type=\"divider.default\">\n\t\t\t\t<div class=\"elementor-widget-container\">\n\t\t\t\t\t\t\t<div class=\"elementor-divider\">\n\t\t\t<span class=\"elementor-divider-separator\">\n\t\t\t\t\t\t<\/span>\n\t\t<\/div>\n\t\t\t\t\t\t<\/div>\n\t\t\t\t<\/div>\n\t\t\t\t<section class=\"elementor-section elementor-inner-section elementor-element elementor-element-dd4e066 elementor-section-boxed elementor-section-height-default elementor-section-height-default\" data-id=\"dd4e066\" data-element_type=\"section\" data-e-type=\"section\" id=\"question-6\">\n\t\t\t\t\t\t<div class=\"elementor-container elementor-column-gap-default\">\n\t\t\t\t\t<div class=\"elementor-column elementor-col-100 elementor-inner-column elementor-element elementor-element-8fa1288\" data-id=\"8fa1288\" data-element_type=\"column\" data-e-type=\"column\">\n\t\t\t<div class=\"elementor-widget-wrap elementor-element-populated\">\n\t\t\t\t\t\t<div class=\"elementor-element elementor-element-173a486 elementor-widget elementor-widget-text-editor\" data-id=\"173a486\" data-element_type=\"widget\" data-e-type=\"widget\" data-widget_type=\"text-editor.default\">\n\t\t\t\t<div class=\"elementor-widget-container\">\n\t\t\t\t\t\t\t\t\t<h2>Pour quelles formations\u202fpeut-on utiliser le CPF ?<\/h2><p><strong>Il s&rsquo;agit de formations visant notamment les objectifs suivants\u202f:\u00a0<\/strong><\/p><ul><li style=\"font-weight: 400;\" aria-level=\"1\"><span style=\"font-weight: 400;\">Acquisition d&rsquo;une qualification (dipl\u00f4me, titre professionnel, certification professionnelle, etc.)\u00a0<\/span><\/li><li style=\"font-weight: 400;\" aria-level=\"1\"><span style=\"font-weight: 400;\">Acquisition du socle de connaissances et de comp\u00e9tences\u00a0<\/span><\/li><li style=\"font-weight: 400;\" aria-level=\"1\"><span style=\"font-weight: 400;\">Accompagnement pour la validation des acquis de l\u2019exp\u00e9rience (VAE)\u00a0<\/span><\/li><li style=\"font-weight: 400;\" aria-level=\"1\"><span style=\"font-weight: 400;\">Bilan de comp\u00e9tences\u00a0<\/span><\/li><li style=\"font-weight: 400;\" aria-level=\"1\"><span style=\"font-weight: 400;\">Cr\u00e9ation ou reprise d&rsquo;une entreprise (les formations doivent porter sur l&rsquo;acquisition de comp\u00e9tences\u202fexclusivement\u202fli\u00e9es \u00e0 la direction de l&rsquo;entreprise\u202f; elles ne doivent donc pas \u00eatre propres \u00e0 l&rsquo;exercice d&rsquo;un m\u00e9tier dans un secteur d&rsquo;activit\u00e9 particulier)\u00a0<\/span><\/li><li style=\"font-weight: 400;\" aria-level=\"1\"><span style=\"font-weight: 400;\">Acquisition de comp\u00e9tences n\u00e9cessaires \u00e0 l&rsquo;exercice des missions de b\u00e9n\u00e9voles ou volontaires en service civique\u00a0<\/span><\/li><li style=\"font-weight: 400;\" aria-level=\"1\"><span style=\"font-weight: 400;\">Financement du permis B (pr\u00e9parations \u00e0 l&rsquo;\u00e9preuve th\u00e9orique du code de la route et \u00e0 l&rsquo;\u00e9preuve pratique du permis de conduire) ou du permis poids lourd (C) ou du permis transport en commun (D)<\/span><\/li><\/ul>\t\t\t\t\t\t\t\t<\/div>\n\t\t\t\t<\/div>\n\t\t\t\t\t<\/div>\n\t\t<\/div>\n\t\t\t\t\t<\/div>\n\t\t<\/section>\n\t\t\t\t<div class=\"elementor-element elementor-element-494219a elementor-widget-divider--view-line elementor-widget elementor-widget-divider\" data-id=\"494219a\" data-element_type=\"widget\" data-e-type=\"widget\" data-widget_type=\"divider.default\">\n\t\t\t\t<div class=\"elementor-widget-container\">\n\t\t\t\t\t\t\t<div class=\"elementor-divider\">\n\t\t\t<span class=\"elementor-divider-separator\">\n\t\t\t\t\t\t<\/span>\n\t\t<\/div>\n\t\t\t\t\t\t<\/div>\n\t\t\t\t<\/div>\n\t\t\t\t<section class=\"elementor-section elementor-inner-section elementor-element elementor-element-08b89f1 elementor-section-boxed elementor-section-height-default elementor-section-height-default\" data-id=\"08b89f1\" data-element_type=\"section\" data-e-type=\"section\" id=\"question-7\">\n\t\t\t\t\t\t<div class=\"elementor-container elementor-column-gap-default\">\n\t\t\t\t\t<div class=\"elementor-column elementor-col-100 elementor-inner-column elementor-element elementor-element-31e3017\" data-id=\"31e3017\" data-element_type=\"column\" data-e-type=\"column\">\n\t\t\t<div class=\"elementor-widget-wrap elementor-element-populated\">\n\t\t\t\t\t\t<div class=\"elementor-element elementor-element-c09ff5f elementor-widget elementor-widget-text-editor\" data-id=\"c09ff5f\" data-element_type=\"widget\" data-e-type=\"widget\" data-widget_type=\"text-editor.default\">\n\t\t\t\t<div class=\"elementor-widget-container\">\n\t\t\t\t\t\t\t\t\t<h2>O\u00f9 trouver les formations \u00e9ligibles au CPF ?<\/h2><p><span style=\"font-weight: 400;\">Les formations \u00e9ligibles au CPF sont consultables depuis le site Mon Compte Formation\u202f: <span style=\"color: #3366ff;\"><a style=\"color: #3366ff;\" href=\"http:\/\/www.moncompteformation.gouv.fr\">www.moncompteformation.gouv.fr<\/a><\/span><\/span><\/p>\t\t\t\t\t\t\t\t<\/div>\n\t\t\t\t<\/div>\n\t\t\t\t<div class=\"elementor-element elementor-element-c8bbfc7 elementor-widget elementor-widget-testimonial\" data-id=\"c8bbfc7\" data-element_type=\"widget\" data-e-type=\"widget\" data-widget_type=\"testimonial.default\">\n\t\t\t\t<div class=\"elementor-widget-container\">\n\t\t\t\t\t\t\t<div class=\"elementor-testimonial-wrapper\">\n\t\t\t\t\t\t\t<div class=\"elementor-testimonial-content\">CERAN m'a pris par la main en m'aidant \u00e0 mobiliser facilement mon CPF pour financer ma formation en anglais.<\/div>\n\t\t\t\n\t\t\t\t\t\t<div class=\"elementor-testimonial-meta elementor-has-image elementor-testimonial-image-position-aside\">\n\t\t\t\t<div class=\"elementor-testimonial-meta-inner\">\n\t\t\t\t\t\t\t\t\t\t\t<div class=\"elementor-testimonial-image\">\n\t\t\t\t\t\t\t<img decoding=\"async\" width=\"597\" height=\"541\" src=\"https:\/\/www.ceran.com\/wp-content\/uploads\/2022\/11\/temoignage-CPF.jpg\" class=\"attachment-full size-full wp-image-66875\" alt=\"temoignage CPF\" srcset=\"https:\/\/www.ceran.com\/wp-content\/uploads\/2022\/11\/temoignage-CPF.jpg 597w, https:\/\/www.ceran.com\/wp-content\/uploads\/2022\/11\/temoignage-CPF-300x272.jpg 300w\" sizes=\"(max-width: 597px) 100vw, 597px\" \/>\t\t\t\t\t\t<\/div>\n\t\t\t\t\t\n\t\t\t\t\t\t\t\t\t\t<div class=\"elementor-testimonial-details\">\n\t\t\t\t\t\t\t\t\t\t\t\t\t\t<div class=\"elementor-testimonial-name\">Alain M<\/div>\n\t\t\t\t\t\t\t\t\t\t\t\t\t\t\t\t\t\t\t\t\t\t<div class=\"elementor-testimonial-job\">Employ\u00e9 en reconversion professionnelle<\/div>\n\t\t\t\t\t\t\t\t\t\t\t\t\t<\/div>\n\t\t\t\t\t\t\t\t\t<\/div>\n\t\t\t<\/div>\n\t\t\t\t\t<\/div>\n\t\t\t\t\t\t<\/div>\n\t\t\t\t<\/div>\n\t\t\t\t\t<\/div>\n\t\t<\/div>\n\t\t\t\t\t<\/div>\n\t\t<\/section>\n\t\t\t\t<div class=\"elementor-element elementor-element-2c56310 elementor-widget-divider--view-line elementor-widget elementor-widget-divider\" data-id=\"2c56310\" data-element_type=\"widget\" data-e-type=\"widget\" data-widget_type=\"divider.default\">\n\t\t\t\t<div class=\"elementor-widget-container\">\n\t\t\t\t\t\t\t<div class=\"elementor-divider\">\n\t\t\t<span class=\"elementor-divider-separator\">\n\t\t\t\t\t\t<\/span>\n\t\t<\/div>\n\t\t\t\t\t\t<\/div>\n\t\t\t\t<\/div>\n\t\t\t\t<section class=\"elementor-section elementor-inner-section elementor-element elementor-element-19906c8 elementor-section-boxed elementor-section-height-default elementor-section-height-default\" data-id=\"19906c8\" data-element_type=\"section\" data-e-type=\"section\" id=\"question-8\">\n\t\t\t\t\t\t<div class=\"elementor-container elementor-column-gap-default\">\n\t\t\t\t\t<div class=\"elementor-column elementor-col-100 elementor-inner-column elementor-element elementor-element-b8474e8\" data-id=\"b8474e8\" data-element_type=\"column\" data-e-type=\"column\">\n\t\t\t<div class=\"elementor-widget-wrap elementor-element-populated\">\n\t\t\t\t\t\t<div class=\"elementor-element elementor-element-062f294 elementor-widget elementor-widget-text-editor\" data-id=\"062f294\" data-element_type=\"widget\" data-e-type=\"widget\" data-widget_type=\"text-editor.default\">\n\t\t\t\t<div class=\"elementor-widget-container\">\n\t\t\t\t\t\t\t\t\t<h2>Que se passe-t-il en cas de droits acquis dans le secteur public\u202f?<\/h2><p><span style=\"font-weight: 400;\">Si vous avez travaill\u00e9 dans le secteur public, vos droits acquis en heures peuvent \u00eatre convertis en euros.\u00a0<\/span><\/p><p><span style=\"font-weight: 400;\">La conversion en euros des droits acquis en heures s&rsquo;effectue \u00e0 raison de\u202f15\u202f\u20ac\u202fpar heure. Elle doit \u00eatre effectu\u00e9e via le site\u202fMon compte formation.<\/span><\/p>\t\t\t\t\t\t\t\t<\/div>\n\t\t\t\t<\/div>\n\t\t\t\t\t<\/div>\n\t\t<\/div>\n\t\t\t\t\t<\/div>\n\t\t<\/section>\n\t\t\t\t<div class=\"elementor-element elementor-element-02f10d3 elementor-widget-divider--view-line elementor-widget elementor-widget-divider\" data-id=\"02f10d3\" data-element_type=\"widget\" data-e-type=\"widget\" data-widget_type=\"divider.default\">\n\t\t\t\t<div class=\"elementor-widget-container\">\n\t\t\t\t\t\t\t<div class=\"elementor-divider\">\n\t\t\t<span class=\"elementor-divider-separator\">\n\t\t\t\t\t\t<\/span>\n\t\t<\/div>\n\t\t\t\t\t\t<\/div>\n\t\t\t\t<\/div>\n\t\t\t\t<section class=\"elementor-section elementor-inner-section elementor-element elementor-element-6afc1c8 elementor-section-boxed elementor-section-height-default elementor-section-height-default\" data-id=\"6afc1c8\" data-element_type=\"section\" data-e-type=\"section\" id=\"question-9\">\n\t\t\t\t\t\t<div class=\"elementor-container elementor-column-gap-default\">\n\t\t\t\t\t<div class=\"elementor-column elementor-col-100 elementor-inner-column elementor-element elementor-element-1ecaf5b\" data-id=\"1ecaf5b\" data-element_type=\"column\" data-e-type=\"column\">\n\t\t\t<div class=\"elementor-widget-wrap elementor-element-populated\">\n\t\t\t\t\t\t<div class=\"elementor-element elementor-element-477d986 elementor-widget elementor-widget-text-editor\" data-id=\"477d986\" data-element_type=\"widget\" data-e-type=\"widget\" data-widget_type=\"text-editor.default\">\n\t\t\t\t<div class=\"elementor-widget-container\">\n\t\t\t\t\t\t\t\t\t<h2>Que se passe-t-il si je quitte mon entreprise\u202f?<\/h2><p><span style=\"font-weight: 400;\">Vous conservez ce compte personnel de formation tout au long de votre vie active. En effet, ce compte est attach\u00e9 \u00e0 votre personne et non \u00e0 votre statut ou \u00e0 votre contrat de travail.\u00a0 Cette somme d&rsquo;argent vous accompagne donc tout au long de votre vie professionnelle.\u00a0<\/span><\/p><p><b>Attention \u202f\u00a0<\/b><\/p><p><span style=\"font-weight: 400;\">Si vous faites valoir l&rsquo;ensemble de vos droits \u00e0 la retraite, votre CPF est en principe ferm\u00e9. <\/span><\/p>\t\t\t\t\t\t\t\t<\/div>\n\t\t\t\t<\/div>\n\t\t\t\t\t<\/div>\n\t\t<\/div>\n\t\t\t\t\t<\/div>\n\t\t<\/section>\n\t\t\t\t<div class=\"elementor-element elementor-element-04e649e elementor-widget-divider--view-line elementor-widget elementor-widget-divider\" data-id=\"04e649e\" data-element_type=\"widget\" data-e-type=\"widget\" data-widget_type=\"divider.default\">\n\t\t\t\t<div class=\"elementor-widget-container\">\n\t\t\t\t\t\t\t<div class=\"elementor-divider\">\n\t\t\t<span class=\"elementor-divider-separator\">\n\t\t\t\t\t\t<\/span>\n\t\t<\/div>\n\t\t\t\t\t\t<\/div>\n\t\t\t\t<\/div>\n\t\t\t\t<section class=\"elementor-section elementor-inner-section elementor-element elementor-element-496c164 elementor-section-boxed elementor-section-height-default elementor-section-height-default\" data-id=\"496c164\" data-element_type=\"section\" data-e-type=\"section\" id=\"question-10\">\n\t\t\t\t\t\t<div class=\"elementor-container elementor-column-gap-default\">\n\t\t\t\t\t<div class=\"elementor-column elementor-col-100 elementor-inner-column elementor-element elementor-element-2235c4b\" data-id=\"2235c4b\" data-element_type=\"column\" data-e-type=\"column\">\n\t\t\t<div class=\"elementor-widget-wrap elementor-element-populated\">\n\t\t\t\t\t\t<div class=\"elementor-element elementor-element-0ecf32c elementor-widget elementor-widget-text-editor\" data-id=\"0ecf32c\" data-element_type=\"widget\" data-e-type=\"widget\" data-widget_type=\"text-editor.default\">\n\t\t\t\t<div class=\"elementor-widget-container\">\n\t\t\t\t\t\t\t\t\t<h2>Comment utiliser mon CPF\u202f?<\/h2><p><span style=\"font-weight: 400;\">L&rsquo;utilisation du CPF rel\u00e8ve de votre seule initiative.\u00a0<\/span><\/p><p><span style=\"font-weight: 400;\">Votre employeur ne peut donc pas vous imposer d&rsquo;utiliser votre CPF pour financer une formation. Il faut votre accord. Votre refus d&rsquo;utiliser votre CPF ne constitue pas une faute.\u00a0<\/span><\/p><p><span style=\"font-weight: 400;\">Vous conservez vos droits acquis au titre du Dif, \u00e0 condition de les avoir report\u00e9s \u00e0 votre CPF avant le 1er\u202fjuillet 2021.\u00a0<\/span><\/p>\t\t\t\t\t\t\t\t<\/div>\n\t\t\t\t<\/div>\n\t\t\t\t\t<\/div>\n\t\t<\/div>\n\t\t\t\t\t<\/div>\n\t\t<\/section>\n\t\t\t\t<div class=\"elementor-element elementor-element-d0c9dcb elementor-widget-divider--view-line elementor-widget elementor-widget-divider\" data-id=\"d0c9dcb\" data-element_type=\"widget\" data-e-type=\"widget\" data-widget_type=\"divider.default\">\n\t\t\t\t<div class=\"elementor-widget-container\">\n\t\t\t\t\t\t\t<div class=\"elementor-divider\">\n\t\t\t<span class=\"elementor-divider-separator\">\n\t\t\t\t\t\t<\/span>\n\t\t<\/div>\n\t\t\t\t\t\t<\/div>\n\t\t\t\t<\/div>\n\t\t\t\t<section class=\"elementor-section elementor-inner-section elementor-element elementor-element-7877550 elementor-section-boxed elementor-section-height-default elementor-section-height-default\" data-id=\"7877550\" data-element_type=\"section\" data-e-type=\"section\" id=\"question-11\">\n\t\t\t\t\t\t<div class=\"elementor-container elementor-column-gap-default\">\n\t\t\t\t\t<div class=\"elementor-column elementor-col-100 elementor-inner-column elementor-element elementor-element-f1c874e\" data-id=\"f1c874e\" data-element_type=\"column\" data-e-type=\"column\">\n\t\t\t<div class=\"elementor-widget-wrap elementor-element-populated\">\n\t\t\t\t\t\t<div class=\"elementor-element elementor-element-70a6a93 elementor-widget elementor-widget-text-editor\" data-id=\"70a6a93\" data-element_type=\"widget\" data-e-type=\"widget\" data-widget_type=\"text-editor.default\">\n\t\t\t\t<div class=\"elementor-widget-container\">\n\t\t\t\t\t\t\t\t\t<h2>Quelle d\u00e9marche dois-je effectuer vis-\u00e0-vis de mon employeur\u202fpour une formation avec mon CPF ?<\/h2><p><span style=\"font-weight: 400;\">Votre formation se d\u00e9roule pendant votre temps de travail. Vous devez demander \u00e0 votre employeur son autorisation au moins\u202f:\u00a0<\/span><\/p><ul><li style=\"font-weight: 400;\" aria-level=\"1\"><span style=\"font-weight: 400;\">60\u202fjours calendaires avant le d\u00e9but de la formation si celle-ci a une dur\u00e9e inf\u00e9rieure \u00e0 6 mois\u00a0<\/span><\/li><li style=\"font-weight: 400;\" aria-level=\"1\"><span style=\"font-weight: 400;\">ou 120 jours calendaires avant le d\u00e9but de la formation si celle-ci a une dur\u00e9e sup\u00e9rieure \u00e0 6 mois.\u00a0<br \/><br \/><\/span><\/li><\/ul><p><span style=\"font-weight: 400;\">L&#8217;employeur dispose de 30 jours calendaires pour vous\u202fnotifier sa r\u00e9ponse. L&rsquo;absence de r\u00e9ponse dans ce d\u00e9lai vaut acceptation de la demande de formation.\u00a0<\/span><\/p><p><span style=\"font-weight: 400;\">Votre formation se d\u00e9roule en dehors de votre temps de travail :<\/span><\/p><ul><li style=\"font-weight: 400;\" aria-level=\"1\"><span style=\"font-weight: 400;\">Vous n&rsquo;avez pas \u00e0 demander l&rsquo;accord de votre employeur.\u00a0<\/span><\/li><li style=\"font-weight: 400;\" aria-level=\"1\"><span style=\"font-weight: 400;\">Vous pouvez mobiliser vos droits \u00e0 formation librement.\u00a0 <\/span><\/li><\/ul>\t\t\t\t\t\t\t\t<\/div>\n\t\t\t\t<\/div>\n\t\t\t\t\t<\/div>\n\t\t<\/div>\n\t\t\t\t\t<\/div>\n\t\t<\/section>\n\t\t\t\t<div class=\"elementor-element elementor-element-5e9e83c elementor-widget elementor-widget-testimonial\" data-id=\"5e9e83c\" data-element_type=\"widget\" data-e-type=\"widget\" data-widget_type=\"testimonial.default\">\n\t\t\t\t<div class=\"elementor-widget-container\">\n\t\t\t\t\t\t\t<div class=\"elementor-testimonial-wrapper\">\n\t\t\t\t\t\t\t<div class=\"elementor-testimonial-content\">CERAN m'a pris par la main en m'aidant \u00e0 mobiliser facilement mon CPF pour financer ma formation en anglais.<\/div>\n\t\t\t\n\t\t\t\t\t\t<div class=\"elementor-testimonial-meta elementor-has-image elementor-testimonial-image-position-aside\">\n\t\t\t\t<div class=\"elementor-testimonial-meta-inner\">\n\t\t\t\t\t\t\t\t\t\t\t<div class=\"elementor-testimonial-image\">\n\t\t\t\t\t\t\t<img decoding=\"async\" width=\"597\" height=\"541\" src=\"https:\/\/www.ceran.com\/wp-content\/uploads\/2022\/11\/temoignage-CPF.jpg\" class=\"attachment-full size-full wp-image-66875\" alt=\"temoignage CPF\" srcset=\"https:\/\/www.ceran.com\/wp-content\/uploads\/2022\/11\/temoignage-CPF.jpg 597w, https:\/\/www.ceran.com\/wp-content\/uploads\/2022\/11\/temoignage-CPF-300x272.jpg 300w\" sizes=\"(max-width: 597px) 100vw, 597px\" \/>\t\t\t\t\t\t<\/div>\n\t\t\t\t\t\n\t\t\t\t\t\t\t\t\t\t<div class=\"elementor-testimonial-details\">\n\t\t\t\t\t\t\t\t\t\t\t\t\t\t<div class=\"elementor-testimonial-name\">Alain M<\/div>\n\t\t\t\t\t\t\t\t\t\t\t\t\t\t\t\t\t\t\t\t\t\t<div class=\"elementor-testimonial-job\">Employ\u00e9 en reconversion professionnelle<\/div>\n\t\t\t\t\t\t\t\t\t\t\t\t\t<\/div>\n\t\t\t\t\t\t\t\t\t<\/div>\n\t\t\t<\/div>\n\t\t\t\t\t<\/div>\n\t\t\t\t\t\t<\/div>\n\t\t\t\t<\/div>\n\t\t\t\t<div class=\"elementor-element elementor-element-5d06a50 elementor-widget-divider--view-line elementor-widget elementor-widget-divider\" data-id=\"5d06a50\" data-element_type=\"widget\" data-e-type=\"widget\" data-widget_type=\"divider.default\">\n\t\t\t\t<div class=\"elementor-widget-container\">\n\t\t\t\t\t\t\t<div class=\"elementor-divider\">\n\t\t\t<span class=\"elementor-divider-separator\">\n\t\t\t\t\t\t<\/span>\n\t\t<\/div>\n\t\t\t\t\t\t<\/div>\n\t\t\t\t<\/div>\n\t\t\t\t<section class=\"elementor-section elementor-inner-section elementor-element elementor-element-2ad2f21 elementor-section-boxed elementor-section-height-default elementor-section-height-default\" data-id=\"2ad2f21\" data-element_type=\"section\" data-e-type=\"section\" id=\"question-12\">\n\t\t\t\t\t\t<div class=\"elementor-container elementor-column-gap-default\">\n\t\t\t\t\t<div class=\"elementor-column elementor-col-100 elementor-inner-column elementor-element elementor-element-9cedf2c\" data-id=\"9cedf2c\" data-element_type=\"column\" data-e-type=\"column\">\n\t\t\t<div class=\"elementor-widget-wrap elementor-element-populated\">\n\t\t\t\t\t\t<div class=\"elementor-element elementor-element-cbd21cf elementor-widget elementor-widget-text-editor\" data-id=\"cbd21cf\" data-element_type=\"widget\" data-e-type=\"widget\" data-widget_type=\"text-editor.default\">\n\t\t\t\t<div class=\"elementor-widget-container\">\n\t\t\t\t\t\t\t\t\t<h2>Comment me faire accompagner pour utiliser mon CPF\u202f?<\/h2><p><span style=\"font-weight: 400;\">Vous pouvez parler de votre projet d&rsquo;utiliser le CPF \u00e0 un conseiller en \u00e9volution professionnelle (CEP).\u00a0 Il peut vous aider\u202fgratuitement\u202fdans vos d\u00e9marches.\u202f\u00a0<\/span><\/p><p><span style=\"font-weight: 400;\">Le CERAN est \u00e0 vos c\u00f4t\u00e9s pour vous aider \u00e0 utiliser votre CPF. Notre \u00e9quipe vous accompagne dans vos diff\u00e9rentes d\u00e9marches tout au long de votre parcours de formation. Contactez-nous par mail \u00e0 customer@ceran.com<\/span><\/p>\t\t\t\t\t\t\t\t<\/div>\n\t\t\t\t<\/div>\n\t\t\t\t\t<\/div>\n\t\t<\/div>\n\t\t\t\t\t<\/div>\n\t\t<\/section>\n\t\t\t\t<div class=\"elementor-element elementor-element-e4ed75f elementor-widget-divider--view-line elementor-widget elementor-widget-divider\" data-id=\"e4ed75f\" data-element_type=\"widget\" data-e-type=\"widget\" data-widget_type=\"divider.default\">\n\t\t\t\t<div class=\"elementor-widget-container\">\n\t\t\t\t\t\t\t<div class=\"elementor-divider\">\n\t\t\t<span class=\"elementor-divider-separator\">\n\t\t\t\t\t\t<\/span>\n\t\t<\/div>\n\t\t\t\t\t\t<\/div>\n\t\t\t\t<\/div>\n\t\t\t\t<div class=\"elementor-element elementor-element-298bc17 elementor-widget elementor-widget-text-editor\" data-id=\"298bc17\" data-element_type=\"widget\" data-e-type=\"widget\" data-widget_type=\"text-editor.default\">\n\t\t\t\t<div class=\"elementor-widget-container\">\n\t\t\t\t\t\t\t\t\t<h2>Comment me faire financer une formation par le CPF ?<\/h2><p><span style=\"font-weight: 400;\">Il vous suffit d\u2019aller s\u00e9lectionner l\u2019offre de formation qui vous int\u00e9resse sur le site Mon Compte Formation pour mobiliser le montant de votre formation sur votre compte CPF. <\/span><\/p>\t\t\t\t\t\t\t\t<\/div>\n\t\t\t\t<\/div>\n\t\t\t\t<section class=\"elementor-section elementor-inner-section elementor-element elementor-element-cdb45da elementor-section-boxed elementor-section-height-default elementor-section-height-default\" data-id=\"cdb45da\" data-element_type=\"section\" data-e-type=\"section\" id=\"question-14\">\n\t\t\t\t\t\t<div class=\"elementor-container elementor-column-gap-default\">\n\t\t\t\t\t<div class=\"elementor-column elementor-col-100 elementor-inner-column elementor-element elementor-element-0d8bc53\" data-id=\"0d8bc53\" data-element_type=\"column\" data-e-type=\"column\">\n\t\t\t<div class=\"elementor-widget-wrap elementor-element-populated\">\n\t\t\t\t\t\t<div class=\"elementor-element elementor-element-8c18749 elementor-widget elementor-widget-text-editor\" data-id=\"8c18749\" data-element_type=\"widget\" data-e-type=\"widget\" data-widget_type=\"text-editor.default\">\n\t\t\t\t<div class=\"elementor-widget-container\">\n\t\t\t\t\t\t\t\t\t<h2>Comment cofinancer une formation CPF par mon employeur ?<\/h2><p><span style=\"font-weight: 400;\">Vous \u00eates salari\u00e9 du secteur priv\u00e9 et vous avez un projet de formation professionnelle au sein de votre entreprise, votre employeur peut vous aider \u00e0 financer votre formation. <span style=\"color: #3366ff;\"><a style=\"color: #3366ff;\" href=\"https:\/\/www.moncompteformation.gouv.fr\/espace-public\/tutoriel\/salarie-co-financer-ma-formation-avec-mon-employeur\">Cliquez ici pour effectuer votre d\u00e9marche.\u00a0<\/a><\/span><\/span><\/p>\t\t\t\t\t\t\t\t<\/div>\n\t\t\t\t<\/div>\n\t\t\t\t\t<\/div>\n\t\t<\/div>\n\t\t\t\t\t<\/div>\n\t\t<\/section>\n\t\t\t\t<div class=\"elementor-element elementor-element-95d80e8 elementor-widget-divider--view-line elementor-widget elementor-widget-divider\" data-id=\"95d80e8\" data-element_type=\"widget\" data-e-type=\"widget\" data-widget_type=\"divider.default\">\n\t\t\t\t<div class=\"elementor-widget-container\">\n\t\t\t\t\t\t\t<div class=\"elementor-divider\">\n\t\t\t<span class=\"elementor-divider-separator\">\n\t\t\t\t\t\t<\/span>\n\t\t<\/div>\n\t\t\t\t\t\t<\/div>\n\t\t\t\t<\/div>\n\t\t\t\t<section class=\"elementor-section elementor-inner-section elementor-element elementor-element-2a29e36 elementor-section-boxed elementor-section-height-default elementor-section-height-default\" data-id=\"2a29e36\" data-element_type=\"section\" data-e-type=\"section\" id=\"question-15\">\n\t\t\t\t\t\t<div class=\"elementor-container elementor-column-gap-default\">\n\t\t\t\t\t<div class=\"elementor-column elementor-col-100 elementor-inner-column elementor-element elementor-element-ff6e846\" data-id=\"ff6e846\" data-element_type=\"column\" data-e-type=\"column\">\n\t\t\t<div class=\"elementor-widget-wrap elementor-element-populated\">\n\t\t\t\t\t\t<div class=\"elementor-element elementor-element-000e77a elementor-widget elementor-widget-text-editor\" data-id=\"000e77a\" data-element_type=\"widget\" data-e-type=\"widget\" data-widget_type=\"text-editor.default\">\n\t\t\t\t<div class=\"elementor-widget-container\">\n\t\t\t\t\t\t\t\t\t<h2>Que faire si je n\u2019ai pas assez sur mon compte CPF\u202f?<\/h2><p><span style=\"font-weight: 400;\">La formation qui vous int\u00e9resse co\u00fbte plus cher que le budget dont vous disposez sur votre compte CPF\u202f?<\/span><\/p><p><span style=\"font-weight: 400;\">Deux solutions s\u2019offrent \u00e0 vous\u202f: demander \u00e0 votre employeur de prendre en charge le compl\u00e9ment ou compl\u00e9ter ce budget par vous-m\u00eame (la d\u00e9marche vous sera alors indiqu\u00e9e par l\u2019organisme de formation que vous avez choisi).<\/span><\/p>\t\t\t\t\t\t\t\t<\/div>\n\t\t\t\t<\/div>\n\t\t\t\t\t<\/div>\n\t\t<\/div>\n\t\t\t\t\t<\/div>\n\t\t<\/section>\n\t\t\t\t<div class=\"elementor-element elementor-element-b6f8d3c elementor-widget-divider--view-line elementor-widget elementor-widget-divider\" data-id=\"b6f8d3c\" data-element_type=\"widget\" data-e-type=\"widget\" data-widget_type=\"divider.default\">\n\t\t\t\t<div class=\"elementor-widget-container\">\n\t\t\t\t\t\t\t<div class=\"elementor-divider\">\n\t\t\t<span class=\"elementor-divider-separator\">\n\t\t\t\t\t\t<\/span>\n\t\t<\/div>\n\t\t\t\t\t\t<\/div>\n\t\t\t\t<\/div>\n\t\t\t\t<section class=\"elementor-section elementor-inner-section elementor-element elementor-element-5cba511 elementor-section-boxed elementor-section-height-default elementor-section-height-default\" data-id=\"5cba511\" data-element_type=\"section\" data-e-type=\"section\" id=\"question-16\">\n\t\t\t\t\t\t<div class=\"elementor-container elementor-column-gap-default\">\n\t\t\t\t\t<div class=\"elementor-column elementor-col-100 elementor-inner-column elementor-element elementor-element-034805f\" data-id=\"034805f\" data-element_type=\"column\" data-e-type=\"column\">\n\t\t\t<div class=\"elementor-widget-wrap elementor-element-populated\">\n\t\t\t\t\t\t<div class=\"elementor-element elementor-element-1353009 elementor-widget elementor-widget-text-editor\" data-id=\"1353009\" data-element_type=\"widget\" data-e-type=\"widget\" data-widget_type=\"text-editor.default\">\n\t\t\t\t<div class=\"elementor-widget-container\">\n\t\t\t\t\t\t\t\t\t<h2>Quelle prise en charge des frais de formation\u202fvia le CPF ?<\/h2><p><span style=\"font-weight: 400;\">Les frais p\u00e9dagogiques (c&rsquo;est-\u00e0-dire les frais de formation) peuvent \u00eatre pris en charge au titre du compte personnel de formation.\u00a0<\/span><\/p><p><span style=\"font-weight: 400;\">Les frais de mobilit\u00e9 et annexes (exemples\u202f: transport et repas) sont exclus de cette prise en charge.\u00a0<\/span><\/p><p><span style=\"font-weight: 400;\">Si le CPF ne couvre pas le prix total des frais de la formation, d&rsquo;autres acteurs peuvent compl\u00e9ter ce financement.\u00a0<\/span><\/p><p><strong>Exemple\u202f:\u00a0<\/strong><\/p><p><span style=\"font-weight: 400;\">Vous-m\u00eame, votre employeur, votre\u202fop\u00e9rateur de comp\u00e9tences (OPCO), l&rsquo;Agefiph, votre conseil r\u00e9gional, P\u00f4le emploi&#8230;<\/span><\/p>\t\t\t\t\t\t\t\t<\/div>\n\t\t\t\t<\/div>\n\t\t\t\t\t<\/div>\n\t\t<\/div>\n\t\t\t\t\t<\/div>\n\t\t<\/section>\n\t\t\t\t<div class=\"elementor-element elementor-element-2658b66 elementor-widget-divider--view-line elementor-widget elementor-widget-divider\" data-id=\"2658b66\" data-element_type=\"widget\" data-e-type=\"widget\" data-widget_type=\"divider.default\">\n\t\t\t\t<div class=\"elementor-widget-container\">\n\t\t\t\t\t\t\t<div class=\"elementor-divider\">\n\t\t\t<span class=\"elementor-divider-separator\">\n\t\t\t\t\t\t<\/span>\n\t\t<\/div>\n\t\t\t\t\t\t<\/div>\n\t\t\t\t<\/div>\n\t\t\t\t<section class=\"elementor-section elementor-inner-section elementor-element elementor-element-08346c6 elementor-section-boxed elementor-section-height-default elementor-section-height-default\" data-id=\"08346c6\" data-element_type=\"section\" data-e-type=\"section\" id=\"question-17\">\n\t\t\t\t\t\t<div class=\"elementor-container elementor-column-gap-default\">\n\t\t\t\t\t<div class=\"elementor-column elementor-col-100 elementor-inner-column elementor-element elementor-element-66ffd05\" data-id=\"66ffd05\" data-element_type=\"column\" data-e-type=\"column\">\n\t\t\t<div class=\"elementor-widget-wrap elementor-element-populated\">\n\t\t\t\t\t\t<div class=\"elementor-element elementor-element-1c49c8e elementor-widget elementor-widget-text-editor\" data-id=\"1c49c8e\" data-element_type=\"widget\" data-e-type=\"widget\" data-widget_type=\"text-editor.default\">\n\t\t\t\t<div class=\"elementor-widget-container\">\n\t\t\t\t\t\t\t\t\t<h2>Quelle r\u00e9mun\u00e9ration pendant la formation\u202fvia mon CPF ?<\/h2><p><span style=\"font-weight: 400;\">Les heures consacr\u00e9es \u00e0 la formation pendant le temps de travail constituent un\u202ftemps de travail effectif et donnent lieu au maintien par l&#8217;employeur de votre r\u00e9mun\u00e9ration.\u00a0<\/span><\/p><p><span style=\"font-weight: 400;\">En revanche, lorsque vous vous formez sur votre temps libre, ce temps de formation ne donne pas droit \u00e0 r\u00e9mun\u00e9ration. <\/span><\/p>\t\t\t\t\t\t\t\t<\/div>\n\t\t\t\t<\/div>\n\t\t\t\t\t<\/div>\n\t\t<\/div>\n\t\t\t\t\t<\/div>\n\t\t<\/section>\n\t\t\t\t<div class=\"elementor-element elementor-element-80d3354 elementor-widget-divider--view-line elementor-widget elementor-widget-divider\" data-id=\"80d3354\" data-element_type=\"widget\" data-e-type=\"widget\" data-widget_type=\"divider.default\">\n\t\t\t\t<div class=\"elementor-widget-container\">\n\t\t\t\t\t\t\t<div class=\"elementor-divider\">\n\t\t\t<span class=\"elementor-divider-separator\">\n\t\t\t\t\t\t<\/span>\n\t\t<\/div>\n\t\t\t\t\t\t<\/div>\n\t\t\t\t<\/div>\n\t\t\t\t<section class=\"elementor-section elementor-inner-section elementor-element elementor-element-6589a92 elementor-section-boxed elementor-section-height-default elementor-section-height-default\" data-id=\"6589a92\" data-element_type=\"section\" data-e-type=\"section\" id=\"question-18\">\n\t\t\t\t\t\t<div class=\"elementor-container elementor-column-gap-default\">\n\t\t\t\t\t<div class=\"elementor-column elementor-col-100 elementor-inner-column elementor-element elementor-element-9d1a955\" data-id=\"9d1a955\" data-element_type=\"column\" data-e-type=\"column\">\n\t\t\t<div class=\"elementor-widget-wrap elementor-element-populated\">\n\t\t\t\t\t\t<div class=\"elementor-element elementor-element-a2e3f0b elementor-widget elementor-widget-text-editor\" data-id=\"a2e3f0b\" data-element_type=\"widget\" data-e-type=\"widget\" data-widget_type=\"text-editor.default\">\n\t\t\t\t<div class=\"elementor-widget-container\">\n\t\t\t\t\t\t\t\t\t<h2>Puis-je c\u00e9der \u00e0 un tiers des sommes d&rsquo;argent issues du CPF\u202f?<\/h2><p><span style=\"font-weight: 400;\">Non. Il n&rsquo;est pas possible de c\u00e9der \u00e0 un tiers tout ou partie des sommes d&rsquo;argent issues du CPF.\u00a0\u00a0<\/span><\/p>\t\t\t\t\t\t\t\t<\/div>\n\t\t\t\t<\/div>\n\t\t\t\t\t<\/div>\n\t\t<\/div>\n\t\t\t\t\t<\/div>\n\t\t<\/section>\n\t\t\t\t<div class=\"elementor-element elementor-element-bc3fcec elementor-widget-divider--view-line elementor-widget elementor-widget-divider\" data-id=\"bc3fcec\" data-element_type=\"widget\" data-e-type=\"widget\" data-widget_type=\"divider.default\">\n\t\t\t\t<div class=\"elementor-widget-container\">\n\t\t\t\t\t\t\t<div class=\"elementor-divider\">\n\t\t\t<span class=\"elementor-divider-separator\">\n\t\t\t\t\t\t<\/span>\n\t\t<\/div>\n\t\t\t\t\t\t<\/div>\n\t\t\t\t<\/div>\n\t\t\t\t<section class=\"elementor-section elementor-inner-section elementor-element elementor-element-bec54b7 elementor-section-boxed elementor-section-height-default elementor-section-height-default\" data-id=\"bec54b7\" data-element_type=\"section\" data-e-type=\"section\" id=\"question-19\">\n\t\t\t\t\t\t<div class=\"elementor-container elementor-column-gap-default\">\n\t\t\t\t\t<div class=\"elementor-column elementor-col-100 elementor-inner-column elementor-element elementor-element-6da6fbe\" data-id=\"6da6fbe\" data-element_type=\"column\" data-e-type=\"column\">\n\t\t\t<div class=\"elementor-widget-wrap elementor-element-populated\">\n\t\t\t\t\t\t<div class=\"elementor-element elementor-element-57e3690 elementor-widget elementor-widget-text-editor\" data-id=\"57e3690\" data-element_type=\"widget\" data-e-type=\"widget\" data-widget_type=\"text-editor.default\">\n\t\t\t\t<div class=\"elementor-widget-container\">\n\t\t\t\t\t\t\t\t\t<h2>Comment savoir si une formation est prise en charge par le CPF ?<\/h2><p><span style=\"font-weight: 400;\">Le site de l&rsquo;\u00c9tat d\u00e9di\u00e9 au\u202fCPF, moncompteformation.gouv.fr, permet tr\u00e8s simplement de faire une recherche de\u202fformations\u202faccessibles.<\/span><\/p><p><span style=\"font-weight: 400;\">Il suffit d&rsquo;indiquer son domaine d&#8217;emploi, par exemple avec le code NAF, d&rsquo;indiquer sa r\u00e9gion de recherche, de mettre un mot-cl\u00e9 sur le type de\u202fformations\u202fque vous recherchez. <\/span><\/p>\t\t\t\t\t\t\t\t<\/div>\n\t\t\t\t<\/div>\n\t\t\t\t\t<\/div>\n\t\t<\/div>\n\t\t\t\t\t<\/div>\n\t\t<\/section>\n\t\t\t\t<div class=\"elementor-element elementor-element-429224a elementor-widget-divider--view-line elementor-widget elementor-widget-divider\" data-id=\"429224a\" data-element_type=\"widget\" data-e-type=\"widget\" data-widget_type=\"divider.default\">\n\t\t\t\t<div class=\"elementor-widget-container\">\n\t\t\t\t\t\t\t<div class=\"elementor-divider\">\n\t\t\t<span class=\"elementor-divider-separator\">\n\t\t\t\t\t\t<\/span>\n\t\t<\/div>\n\t\t\t\t\t\t<\/div>\n\t\t\t\t<\/div>\n\t\t\t\t<section class=\"elementor-section elementor-inner-section elementor-element elementor-element-a40f6ff elementor-section-boxed elementor-section-height-default elementor-section-height-default\" data-id=\"a40f6ff\" data-element_type=\"section\" data-e-type=\"section\" id=\"question-20\">\n\t\t\t\t\t\t<div class=\"elementor-container elementor-column-gap-default\">\n\t\t\t\t\t<div class=\"elementor-column elementor-col-100 elementor-inner-column elementor-element elementor-element-d5004b7\" data-id=\"d5004b7\" data-element_type=\"column\" data-e-type=\"column\">\n\t\t\t<div class=\"elementor-widget-wrap elementor-element-populated\">\n\t\t\t\t\t\t<div class=\"elementor-element elementor-element-2ac49ab elementor-widget elementor-widget-text-editor\" data-id=\"2ac49ab\" data-element_type=\"widget\" data-e-type=\"widget\" data-widget_type=\"text-editor.default\">\n\t\t\t\t<div class=\"elementor-widget-container\">\n\t\t\t\t\t\t\t\t\t<h2>Comment faire si une formation n&rsquo;est pas \u00e9ligible au CPF ?<\/h2><p><span style=\"font-weight: 400;\">Solliciter le conseil r\u00e9gional\u202f: depuis le printemps 2021, chaque r\u00e9gion peut abonder le\u202fCPF\u202fde ses administr\u00e9s.<\/span><\/p><p><span style=\"font-weight: 400;\">Le financement d&rsquo;une\u202fformation\u202fnon\u202f\u00e9ligible au CPF\u202fd\u00e9pend alors de votre conseil r\u00e9gional, puisque chacun est libre de d\u00e9finir ses propres crit\u00e8res pour l&rsquo;attribution de ces aides. <\/span><\/p>\t\t\t\t\t\t\t\t<\/div>\n\t\t\t\t<\/div>\n\t\t\t\t\t<\/div>\n\t\t<\/div>\n\t\t\t\t\t<\/div>\n\t\t<\/section>\n\t\t\t\t<div class=\"elementor-element elementor-element-43dc278 elementor-widget-divider--view-line elementor-widget elementor-widget-divider\" data-id=\"43dc278\" data-element_type=\"widget\" data-e-type=\"widget\" data-widget_type=\"divider.default\">\n\t\t\t\t<div class=\"elementor-widget-container\">\n\t\t\t\t\t\t\t<div class=\"elementor-divider\">\n\t\t\t<span class=\"elementor-divider-separator\">\n\t\t\t\t\t\t<\/span>\n\t\t<\/div>\n\t\t\t\t\t\t<\/div>\n\t\t\t\t<\/div>\n\t\t\t\t<div class=\"elementor-element elementor-element-ac9e94b elementor-widget elementor-widget-text-editor\" data-id=\"ac9e94b\" data-element_type=\"widget\" data-e-type=\"widget\" id=\"question-21\" data-widget_type=\"text-editor.default\">\n\t\t\t\t<div class=\"elementor-widget-container\">\n\t\t\t\t\t\t\t\t\t<h2>Quel est le montant maximum du CPF ?<\/h2><p><span style=\"font-weight: 400;\">Le Compte personnel de formation (CPF)\u202fest\u202faliment\u00e9 \u00e0 hauteur de 500 euros par ann\u00e9e de travail, dans la limite d&rsquo;un\u202fplafond\u202fde 5 000 euros. Le but est d\u2019utiliser r\u00e9guli\u00e8rement votre CPF afin d\u2019acqu\u00e9rir chaque ann\u00e9e de nouveaux droits. <\/span><\/p>\t\t\t\t\t\t\t\t<\/div>\n\t\t\t\t<\/div>\n\t\t\t\t<div class=\"elementor-element elementor-element-720e170 elementor-widget-divider--view-line elementor-widget elementor-widget-divider\" data-id=\"720e170\" data-element_type=\"widget\" data-e-type=\"widget\" data-widget_type=\"divider.default\">\n\t\t\t\t<div class=\"elementor-widget-container\">\n\t\t\t\t\t\t\t<div class=\"elementor-divider\">\n\t\t\t<span class=\"elementor-divider-separator\">\n\t\t\t\t\t\t<\/span>\n\t\t<\/div>\n\t\t\t\t\t\t<\/div>\n\t\t\t\t<\/div>\n\t\t\t\t<div class=\"elementor-element elementor-element-ac9221e elementor-widget elementor-widget-text-editor\" data-id=\"ac9221e\" data-element_type=\"widget\" data-e-type=\"widget\" id=\"question-22\" data-widget_type=\"text-editor.default\">\n\t\t\t\t<div class=\"elementor-widget-container\">\n\t\t\t\t\t\t\t\t\t<h2>Quelle est la date limite pour utiliser mon CPF ?<\/h2><p><span style=\"font-weight: 400;\">Il n\u2019y a pas de date d\u2019expiration sur vos cr\u00e9dits CPF. Lorsque vous cumulez des droits sur votre cagnotte, ceux-ci y restent jusqu\u2019\u00e0 leur utilisation. Le compte personnel de formation (CPF) est utilisable tout au long de votre vie active (y compris en p\u00e9riode de ch\u00f4mage) pour suivre une formation qualifiante ou certifiante.<\/span><\/p>\t\t\t\t\t\t\t\t<\/div>\n\t\t\t\t<\/div>\n\t\t\t\t<div class=\"elementor-element elementor-element-2a86846 elementor-widget-divider--view-line elementor-widget elementor-widget-divider\" data-id=\"2a86846\" data-element_type=\"widget\" data-e-type=\"widget\" data-widget_type=\"divider.default\">\n\t\t\t\t<div class=\"elementor-widget-container\">\n\t\t\t\t\t\t\t<div class=\"elementor-divider\">\n\t\t\t<span class=\"elementor-divider-separator\">\n\t\t\t\t\t\t<\/span>\n\t\t<\/div>\n\t\t\t\t\t\t<\/div>\n\t\t\t\t<\/div>\n\t\t\t\t<div class=\"elementor-element elementor-element-77fd384 elementor-widget elementor-widget-text-editor\" data-id=\"77fd384\" data-element_type=\"widget\" data-e-type=\"widget\" id=\"question-23\" data-widget_type=\"text-editor.default\">\n\t\t\t\t<div class=\"elementor-widget-container\">\n\t\t\t\t\t\t\t\t\t<h2>Puis-je me faire payer mes heures CPF ?<\/h2><p><span style=\"font-weight: 400;\">Est-il possible de\u202fme faire payer\u202fmon\u202fCPF\u202fou de l&rsquo;affecter sur mon CET ? Non. Le\u202fCPF\u202fne constitue pas une r\u00e9mun\u00e9ration et ne peut donc en aucun cas \u00eatre transf\u00e9r\u00e9 sur votre compte bancaire, compte \u00e9pargne temps ou autre. <\/span><\/p>\t\t\t\t\t\t\t\t<\/div>\n\t\t\t\t<\/div>\n\t\t\t\t<div class=\"elementor-element elementor-element-e545856 elementor-widget-divider--view-line elementor-widget elementor-widget-divider\" data-id=\"e545856\" data-element_type=\"widget\" data-e-type=\"widget\" data-widget_type=\"divider.default\">\n\t\t\t\t<div class=\"elementor-widget-container\">\n\t\t\t\t\t\t\t<div class=\"elementor-divider\">\n\t\t\t<span class=\"elementor-divider-separator\">\n\t\t\t\t\t\t<\/span>\n\t\t<\/div>\n\t\t\t\t\t\t<\/div>\n\t\t\t\t<\/div>\n\t\t\t\t<div class=\"elementor-element elementor-element-95f4739 elementor-widget elementor-widget-text-editor\" data-id=\"95f4739\" data-element_type=\"widget\" data-e-type=\"widget\" id=\"question-24\" data-widget_type=\"text-editor.default\">\n\t\t\t\t<div class=\"elementor-widget-container\">\n\t\t\t\t\t\t\t\t\t<h2>Puis-je b\u00e9n\u00e9ficier du CPF si je suis au ch\u00f4mage\u202f?<\/h2><p><span style=\"font-weight: 400;\">Si vous avez d\u00e9j\u00e0 travaill\u00e9, vous b\u00e9n\u00e9ficiez d&rsquo;un compte personnel de formation (CPF). Votre CPF n&rsquo;est pas aliment\u00e9 pendant votre p\u00e9riode de ch\u00f4mage. En revanche, vous pouvez utiliser les droits acquis en tant que salari\u00e9.<\/span><\/p><p><span style=\"font-weight: 400;\">Pour conna\u00eetre vos droits acquis, connectez-vous directement \u00e0 votre compte CPF. Seules certaines formations sont admissibles au CPF.<\/span><\/p><h3><span style=\"font-weight: 400;\">Qui est concern\u00e9\u202f?\u00a0<\/span><\/h3><p><span style=\"font-weight: 400;\">Si vous avez d\u00e9j\u00e0 travaill\u00e9, vous avez un compte personnel de formation (CPF) mais il ne sera pas aliment\u00e9 pendant la p\u00e9riode de ch\u00f4mage. En revanche, vous pouvez utiliser les droits acquis lorsque vous \u00e9tiez salari\u00e9.\u00a0<\/span><\/p><p><span style=\"font-weight: 400;\">Si vous n&rsquo;avez jamais travaill\u00e9, vous n&rsquo;avez pas de CPF.\u00a0<\/span><\/p><p><b>\u00c0 savoir \u202f\u00a0<\/b><\/p><p><span style=\"font-weight: 400;\">Si vous cumulez votre indemnisation ch\u00f4mage avec des revenus issus d&rsquo;un temps partiel, vous pouvez acqu\u00e9rir des droits sur votre CPF en proportion de votre temps de travail sur l&rsquo;ann\u00e9e.\u00a0<\/span><\/p><h3><span style=\"font-weight: 400;\">Utilisation du compte\u00a0<\/span><\/h3><h4><span style=\"font-weight: 400;\"><br \/>Information sur les droits acquis\u00a0<\/span><\/h4><p><span style=\"font-weight: 400;\">Pour conna\u00eetre les droits acquis sur votre CPF, connectez-vous \u00e0 Mon compte formation, personnel et s\u00e9curis\u00e9.\u00a0<\/span><\/p><p><span style=\"font-weight: 400;\">Si votre compte n&rsquo;a pas encore \u00e9t\u00e9 activ\u00e9, vous devez vous connecter avec votre num\u00e9ro de s\u00e9curit\u00e9 sociale.\u00a0<\/span><\/p><p><span style=\"font-weight: 400;\">Votre compte vous donne des informations personnalis\u00e9es. Notamment\u202f:\u00a0<\/span><\/p><ul><li style=\"font-weight: 400;\" aria-level=\"1\"><span style=\"font-weight: 400;\">Vos droits acquis et ceux utilis\u00e9s\u00a0<\/span><\/li><li style=\"font-weight: 400;\" aria-level=\"1\"><span style=\"font-weight: 400;\">Formations dont vous pouvez b\u00e9n\u00e9ficier\u00a0<\/span><\/li><li style=\"font-weight: 400;\" aria-level=\"1\"><span style=\"font-weight: 400;\">Modes de financement des formations dont vous pouvez b\u00e9n\u00e9ficier\u00a0<\/span><\/li><\/ul><h4><span style=\"font-weight: 400;\">\u00a0<\/span><\/h4><h4><span style=\"font-weight: 400;\">Utilisation des droits acquis\u00a0<\/span><\/h4><p><span style=\"font-weight: 400;\">Si vous b\u00e9n\u00e9ficiez de\u202fdroits suffisants\u202fsur votre CPF pour effectuer la formation envisag\u00e9e, votre projet est consid\u00e9r\u00e9 comme \u00e9tant valid\u00e9 dans le cadre du projet personnalis\u00e9 d\u2019acc\u00e8s \u00e0 l\u2019emploi (PPAE). Il n&rsquo;a pas besoin de l&rsquo;autorisation de P\u00f4le emploi.\u00a0<\/span><\/p><p><span style=\"font-weight: 400;\">Si vos droits sont\u202finsuffisants, P\u00f4le emploi doit valider le projet de formation pour mettre en place le financement (Opacif, \u00c9tat, r\u00e9gion, etc.).\u00a0<\/span><\/p><p><span style=\"font-weight: 400;\">Dans tous les cas, vous devez informer votre conseiller P\u00f4le emploi de votre d\u00e9marche lors de vos entretiens.\u00a0<\/span><\/p><p><b>\u00c0 noter\u00a0<\/b><\/p><p><span style=\"font-weight: 400;\">Vous pouvez contacter le conseil en \u00e9volution professionnelle (CEF) pour pr\u00e9parer votre projet de formation professionnelle.\u00a0<\/span><\/p><h3><span style=\"font-weight: 400;\">Quelles formations peut-on suivre\u202f?\u00a0<\/span><\/h3><ul><li style=\"font-weight: 400;\" aria-level=\"1\"><span style=\"font-weight: 400;\">Effectuer une formation sanctionn\u00e9e par les certifications professionnelles enregistr\u00e9es au r\u00e9pertoire national\u00a0<\/span><\/li><li style=\"font-weight: 400;\" aria-level=\"1\"><span style=\"font-weight: 400;\">\u00catre accompagn\u00e9 pour la validation des acquis de l\u2019exp\u00e9rience (VAE)\u00a0<\/span><\/li><li style=\"font-weight: 400;\" aria-level=\"1\"><span style=\"font-weight: 400;\">Acqu\u00e9rir les connaissances de base (socle de connaissances et de comp\u00e9tences)\u00a0<\/span><\/li><li style=\"font-weight: 400;\" aria-level=\"1\"><span style=\"font-weight: 400;\">Effectuer un bilan de comp\u00e9tence en mobilisant les heures inscrites sur le CPF acquises en poste. Pour rappel, le bilan de comp\u00e9tence peut \u00eatre effectu\u00e9 notamment dans le cadre du conseil en \u00e9volution professionnelle\u00a0<\/span><\/li><li style=\"font-weight: 400;\" aria-level=\"1\"><span style=\"font-weight: 400;\">Pr\u00e9parer l&rsquo;\u00e9preuve th\u00e9orique du code de la route et l&rsquo;\u00e9preuve pratique du permis de conduire des v\u00e9hicules du groupe l\u00e9ger et du groupe lourd\u00a0<\/span><\/li><li style=\"font-weight: 400;\" aria-level=\"1\"><span style=\"font-weight: 400;\">Suivre une formation dispens\u00e9e aux cr\u00e9ateurs ou repreneurs d&rsquo;entreprises\u00a0<\/span><\/li><\/ul><p><span style=\"font-weight: 400;\">Pour rechercher une formation admissible, vous donnez vous rendre sur le site du compte formation (avec votre num\u00e9ro de s\u00e9curit\u00e9 sociale)\u202f: Mon compte formation\u00a0<\/span><\/p><h3><span style=\"font-weight: 400;\">Prise en charge des frais de formation\u00a0<\/span><\/h3><p><span style=\"font-weight: 400;\">Les frais p\u00e9dagogiques et les frais de mobilit\u00e9s (frais de transport, repas, h\u00e9bergement) peuvent \u00eatre pris en charge par P\u00f4le Emploi.\u00a0<\/span><\/p><p><span style=\"font-weight: 400;\">Ces frais sont pris en charge \u00e0 condition que la formation soit financ\u00e9e ou cofinanc\u00e9e par P\u00f4le emploi sous certaines conditions.\u00a0<\/span><\/p><p><span style=\"font-weight: 400;\">Vous pouvez vous charger vous-m\u00eame du dossier de prise en charge ou le faire compl\u00e9ter par votre conseiller P\u00f4le emploi. <\/span><\/p>\t\t\t\t\t\t\t\t<\/div>\n\t\t\t\t<\/div>\n\t\t\t\t<div class=\"elementor-element elementor-element-31ae862 elementor-widget elementor-widget-text-editor\" data-id=\"31ae862\" data-element_type=\"widget\" data-e-type=\"widget\" id=\"question-25\" data-widget_type=\"text-editor.default\">\n\t\t\t\t<div class=\"elementor-widget-container\">\n\t\t\t\t\t\t\t\t\t<h2>Quelles sont les principales langues \u00e9ligibles au CPF ?<\/h2><p><span style=\"color: #3366ff;\"><a style=\"color: #3366ff;\" href=\"https:\/\/www.ceran.com\/fr\/formation-langue-cpf\/formations-linguistiques-cpf-le-guide\/#question-2\">D\u00e9couvez ici<\/a><\/span> les principales langues \u00e9ligibles au CPF.<\/p>\t\t\t\t\t\t\t\t<\/div>\n\t\t\t\t<\/div>\n\t\t\t\t<div class=\"elementor-element elementor-element-e7eb368 elementor-widget elementor-widget-text-editor\" data-id=\"e7eb368\" data-element_type=\"widget\" data-e-type=\"widget\" id=\"question-26\" data-widget_type=\"text-editor.default\">\n\t\t\t\t<div class=\"elementor-widget-container\">\n\t\t\t\t\t\t\t\t\t<h2>Comment FranceConnect+ permet-il de renforcer la s\u00e9curit\u00e9 de mon parcours d&rsquo;achat via le CPF ?<\/h2><p>L&rsquo;identification FranceConnect+ a \u00e9t\u00e9 adopt\u00e9e par le service Mon Compte Formation, renfor\u00e7ant ainsi la s\u00e9curit\u00e9 de sa proc\u00e9dure d&rsquo;achat. Elle est d\u00e9sormais requise pour s&rsquo;inscrire \u00e0 une action de formation.<\/p><p>C&rsquo;est quoi ?<\/p><p>L&rsquo;\u00c9tat a propos\u00e9 FranceConnect comme moyen de prot\u00e9ger et de rationaliser les connexions \u00e0 plus de 1 400 services en ligne.<\/p><p><span style=\"color: #3366ff;\"><a style=\"color: #3366ff;\" href=\"https:\/\/franceconnect.gouv.fr\/\">En savoir plus sur FranceConnect+<\/a><\/span><\/p>\t\t\t\t\t\t\t\t<\/div>\n\t\t\t\t<\/div>\n\t\t\t\t\t<\/div>\n\t\t<\/div>\n\t\t\t\t\t<\/div>\n\t\t<\/section>\n\t\t\t\t<section class=\"elementor-section elementor-top-section elementor-element elementor-element-548dd65a elementor-section-boxed elementor-section-height-default elementor-section-height-default\" data-id=\"548dd65a\" data-element_type=\"section\" data-e-type=\"section\" data-settings=\"{&quot;background_background&quot;:&quot;classic&quot;}\">\n\t\t\t\t\t\t<div class=\"elementor-container elementor-column-gap-default\">\n\t\t\t\t\t<div class=\"elementor-column elementor-col-33 elementor-top-column elementor-element elementor-element-4050e5f5\" data-id=\"4050e5f5\" data-element_type=\"column\" data-e-type=\"column\">\n\t\t\t<div class=\"elementor-widget-wrap elementor-element-populated\">\n\t\t\t\t\t\t<div class=\"elementor-element elementor-element-14f80289 elementor-widget elementor-widget-image\" data-id=\"14f80289\" data-element_type=\"widget\" data-e-type=\"widget\" data-widget_type=\"image.default\">\n\t\t\t\t<div class=\"elementor-widget-container\">\n\t\t\t\t\t\t\t\t\t\t\t\t\t\t\t<img decoding=\"async\" src=\"https:\/\/www.ceran.com\/wp-content\/uploads\/elementor\/thumbs\/Logo-CERAN-pui1hz1wqm5ihf3flknqqhr6gebonfj6lom5kice0k.png\" title=\"Logo CERAN\" alt=\"logo CERAN\" loading=\"lazy\" \/>\t\t\t\t\t\t\t\t\t\t\t\t\t\t\t<\/div>\n\t\t\t\t<\/div>\n\t\t\t\t<div class=\"elementor-element elementor-element-57cc2d2c elementor-widget elementor-widget-text-editor\" data-id=\"57cc2d2c\" data-element_type=\"widget\" data-e-type=\"widget\" data-widget_type=\"text-editor.default\">\n\t\t\t\t<div class=\"elementor-widget-container\">\n\t\t\t\t\t\t\t\t\t<p>\u00a0\u00c9cole de langue pr\u00e9sente en France, Belgique et Suisse depuis 1975 ayant d\u00e9j\u00e0 form\u00e9 plus de 150\u00a0000 \u00e9l\u00e8ves. Avec CERAN,<strong> mobilisez facilement votre CPF, progressez rapidement dans l&rsquo;apprentissage d&rsquo;une nouvelle langue ou vous \u00eates reform\u00e9.e gratuitement.<\/strong><\/p>\t\t\t\t\t\t\t\t<\/div>\n\t\t\t\t<\/div>\n\t\t\t\t\t<\/div>\n\t\t<\/div>\n\t\t\t\t<div class=\"elementor-column elementor-col-33 elementor-top-column elementor-element elementor-element-595a9d2f\" data-id=\"595a9d2f\" data-element_type=\"column\" data-e-type=\"column\">\n\t\t\t<div class=\"elementor-widget-wrap elementor-element-populated\">\n\t\t\t\t\t\t<div class=\"elementor-element elementor-element-67eb597c elementor-widget-divider--view-line elementor-widget elementor-widget-divider\" data-id=\"67eb597c\" data-element_type=\"widget\" data-e-type=\"widget\" data-widget_type=\"divider.default\">\n\t\t\t\t<div class=\"elementor-widget-container\">\n\t\t\t\t\t\t\t<div class=\"elementor-divider\">\n\t\t\t<span class=\"elementor-divider-separator\">\n\t\t\t\t\t\t<\/span>\n\t\t<\/div>\n\t\t\t\t\t\t<\/div>\n\t\t\t\t<\/div>\n\t\t\t\t<div class=\"elementor-element elementor-element-68d95762 elementor-widget elementor-widget-text-editor\" data-id=\"68d95762\" data-element_type=\"widget\" data-e-type=\"widget\" data-widget_type=\"text-editor.default\">\n\t\t\t\t<div class=\"elementor-widget-container\">\n\t\t\t\t\t\t\t\t\t<p class=\"title\">CERAN FRANCE Paris<\/p><div class=\"text\"><p><strong>Centre de formation<\/strong><br \/>Ch\u00e2teauform&rsquo; Learning Lab<br \/>40, Passage de l&rsquo;Arche<br \/>92800 Puteaux (France)<\/p><p><strong>Bureaux<\/strong><br \/>1, Rue Etienne Dolet<br \/>93400 Saint-Ouen (France)<\/p><p>+33(0)1 46 67 33 22<\/p><\/div>\t\t\t\t\t\t\t\t<\/div>\n\t\t\t\t<\/div>\n\t\t\t\t<div class=\"elementor-element elementor-element-48c228a3 elementor-widget-divider--view-line elementor-widget elementor-widget-divider\" data-id=\"48c228a3\" data-element_type=\"widget\" data-e-type=\"widget\" data-widget_type=\"divider.default\">\n\t\t\t\t<div class=\"elementor-widget-container\">\n\t\t\t\t\t\t\t<div class=\"elementor-divider\">\n\t\t\t<span class=\"elementor-divider-separator\">\n\t\t\t\t\t\t<\/span>\n\t\t<\/div>\n\t\t\t\t\t\t<\/div>\n\t\t\t\t<\/div>\n\t\t\t\t<div class=\"elementor-element elementor-element-84ec456 elementor-widget elementor-widget-text-editor\" data-id=\"84ec456\" data-element_type=\"widget\" data-e-type=\"widget\" data-widget_type=\"text-editor.default\">\n\t\t\t\t<div class=\"elementor-widget-container\">\n\t\t\t\t\t\t\t\t\t<p class=\"title\">CERAN BELGIUM Spa<\/p><div class=\"text\"><p>Avenue des Petits Sapins 27<br \/>4900 Spa (Belgique)<\/p><p>+32 (0)87 79 11 22<\/p><\/div>\t\t\t\t\t\t\t\t<\/div>\n\t\t\t\t<\/div>\n\t\t\t\t\t<\/div>\n\t\t<\/div>\n\t\t\t\t<div class=\"elementor-column elementor-col-33 elementor-top-column elementor-element elementor-element-167e096a\" data-id=\"167e096a\" data-element_type=\"column\" data-e-type=\"column\">\n\t\t\t<div class=\"elementor-widget-wrap elementor-element-populated\">\n\t\t\t\t\t\t<section class=\"elementor-section elementor-inner-section elementor-element elementor-element-6fa75d61 elementor-section-content-middle elementor-hidden-mobile elementor-section-boxed elementor-section-height-default elementor-section-height-default\" data-id=\"6fa75d61\" data-element_type=\"section\" data-e-type=\"section\" data-settings=\"{&quot;background_background&quot;:&quot;classic&quot;}\">\n\t\t\t\t\t\t<div class=\"elementor-container elementor-column-gap-default\">\n\t\t\t\t\t<div class=\"elementor-column elementor-col-33 elementor-inner-column elementor-element elementor-element-8702d4c\" data-id=\"8702d4c\" data-element_type=\"column\" data-e-type=\"column\">\n\t\t\t<div class=\"elementor-widget-wrap elementor-element-populated\">\n\t\t\t\t\t\t<div class=\"elementor-element elementor-element-3b3edf2e elementor-widget elementor-widget-image\" data-id=\"3b3edf2e\" data-element_type=\"widget\" data-e-type=\"widget\" data-widget_type=\"image.default\">\n\t\t\t\t<div class=\"elementor-widget-container\">\n\t\t\t\t\t\t\t\t\t\t\t\t\t\t\t<img decoding=\"async\" width=\"348\" height=\"145\" src=\"https:\/\/www.ceran.com\/wp-content\/uploads\/2022\/08\/Datadock.png\" class=\"attachment-large size-large wp-image-60038\" alt=\"\" srcset=\"https:\/\/www.ceran.com\/wp-content\/uploads\/2022\/08\/Datadock.png 348w, https:\/\/www.ceran.com\/wp-content\/uploads\/2022\/08\/Datadock-300x125.png 300w\" sizes=\"(max-width: 348px) 100vw, 348px\" \/>\t\t\t\t\t\t\t\t\t\t\t\t\t\t\t<\/div>\n\t\t\t\t<\/div>\n\t\t\t\t\t<\/div>\n\t\t<\/div>\n\t\t\t\t<div class=\"elementor-column elementor-col-33 elementor-inner-column elementor-element elementor-element-2af52756\" data-id=\"2af52756\" data-element_type=\"column\" data-e-type=\"column\">\n\t\t\t<div class=\"elementor-widget-wrap elementor-element-populated\">\n\t\t\t\t\t\t<div class=\"elementor-element elementor-element-5af21c1a elementor-widget elementor-widget-image\" data-id=\"5af21c1a\" data-element_type=\"widget\" data-e-type=\"widget\" data-widget_type=\"image.default\">\n\t\t\t\t<div class=\"elementor-widget-container\">\n\t\t\t\t\t\t\t\t\t\t\t\t\t\t\t<img loading=\"lazy\" decoding=\"async\" width=\"633\" height=\"338\" src=\"https:\/\/www.ceran.com\/wp-content\/uploads\/2022\/08\/LogoQualiopi-300dpi-Avec-Marianne.png\" class=\"attachment-large size-large wp-image-60030\" alt=\"Votre formation langue CPF avec CERAN lab\u00e9lis\u00e9e Qualiopi\" srcset=\"https:\/\/www.ceran.com\/wp-content\/uploads\/2022\/08\/LogoQualiopi-300dpi-Avec-Marianne.png 633w, https:\/\/www.ceran.com\/wp-content\/uploads\/2022\/08\/LogoQualiopi-300dpi-Avec-Marianne-300x160.png 300w\" sizes=\"(max-width: 633px) 100vw, 633px\" \/>\t\t\t\t\t\t\t\t\t\t\t\t\t\t\t<\/div>\n\t\t\t\t<\/div>\n\t\t\t\t\t<\/div>\n\t\t<\/div>\n\t\t\t\t<div class=\"elementor-column elementor-col-33 elementor-inner-column elementor-element elementor-element-3d8db30d\" data-id=\"3d8db30d\" data-element_type=\"column\" data-e-type=\"column\">\n\t\t\t<div class=\"elementor-widget-wrap elementor-element-populated\">\n\t\t\t\t\t\t<div class=\"elementor-element elementor-element-6a3dbc31 elementor-widget elementor-widget-image\" data-id=\"6a3dbc31\" data-element_type=\"widget\" data-e-type=\"widget\" data-widget_type=\"image.default\">\n\t\t\t\t<div class=\"elementor-widget-container\">\n\t\t\t\t\t\t\t\t\t\t\t\t\t\t\t<img decoding=\"async\" src=\"https:\/\/www.ceran.com\/wp-content\/uploads\/elementor\/thumbs\/Qfor-ptyvno9gc7l4qww1sg0d9hotp97dvajt712rx9j13s.png\" title=\"Votre formation langue CPF avec CERAN lab\u00e9lis\u00e9e QFor\" alt=\"Votre formation langue CPF avec CERAN lab\u00e9lis\u00e9e QFor\" loading=\"lazy\" \/>\t\t\t\t\t\t\t\t\t\t\t\t\t\t\t<\/div>\n\t\t\t\t<\/div>\n\t\t\t\t\t<\/div>\n\t\t<\/div>\n\t\t\t\t\t<\/div>\n\t\t<\/section>\n\t\t\t\t<section class=\"elementor-section elementor-inner-section elementor-element elementor-element-7e46163d elementor-section-content-middle elementor-hidden-mobile elementor-section-boxed elementor-section-height-default elementor-section-height-default\" data-id=\"7e46163d\" data-element_type=\"section\" data-e-type=\"section\" data-settings=\"{&quot;background_background&quot;:&quot;classic&quot;}\">\n\t\t\t\t\t\t<div class=\"elementor-container elementor-column-gap-default\">\n\t\t\t\t\t<div class=\"elementor-column elementor-col-33 elementor-inner-column elementor-element elementor-element-7ebbada2\" data-id=\"7ebbada2\" data-element_type=\"column\" data-e-type=\"column\">\n\t\t\t<div class=\"elementor-widget-wrap elementor-element-populated\">\n\t\t\t\t\t\t<div class=\"elementor-element elementor-element-10d726de elementor-widget elementor-widget-image\" data-id=\"10d726de\" data-element_type=\"widget\" data-e-type=\"widget\" data-widget_type=\"image.default\">\n\t\t\t\t<div class=\"elementor-widget-container\">\n\t\t\t\t\t\t\t\t\t\t\t\t\t\t\t<img loading=\"lazy\" decoding=\"async\" width=\"267\" height=\"189\" src=\"https:\/\/www.ceran.com\/wp-content\/uploads\/2022\/08\/Magellan.png\" class=\"attachment-large size-large wp-image-60045\" alt=\"Votre formation langue CPF avec CERAN lab\u00e9lis\u00e9e Magellan\" \/>\t\t\t\t\t\t\t\t\t\t\t\t\t\t\t<\/div>\n\t\t\t\t<\/div>\n\t\t\t\t\t<\/div>\n\t\t<\/div>\n\t\t\t\t<div class=\"elementor-column elementor-col-33 elementor-inner-column elementor-element elementor-element-20343e8c\" data-id=\"20343e8c\" data-element_type=\"column\" data-e-type=\"column\">\n\t\t\t<div class=\"elementor-widget-wrap elementor-element-populated\">\n\t\t\t\t\t\t<div class=\"elementor-element elementor-element-6eec6095 elementor-widget elementor-widget-image\" data-id=\"6eec6095\" data-element_type=\"widget\" data-e-type=\"widget\" data-widget_type=\"image.default\">\n\t\t\t\t<div class=\"elementor-widget-container\">\n\t\t\t\t\t\t\t\t\t\t\t\t\t\t\t<img decoding=\"async\" src=\"https:\/\/www.ceran.com\/wp-content\/uploads\/elementor\/thumbs\/logo_edtech_france_-ptyvayi1vw6hotcz1g52177celvmqp2j43db7idra0.png\" title=\"Votre formation langue CPF avec CERAN lab\u00e9lis\u00e9e Edtech France\" alt=\"Votre formation langue CPF avec CERAN lab\u00e9lis\u00e9e Edtech France\" loading=\"lazy\" \/>\t\t\t\t\t\t\t\t\t\t\t\t\t\t\t<\/div>\n\t\t\t\t<\/div>\n\t\t\t\t\t<\/div>\n\t\t<\/div>\n\t\t\t\t<div class=\"elementor-column elementor-col-33 elementor-inner-column elementor-element elementor-element-1637a3d6\" data-id=\"1637a3d6\" data-element_type=\"column\" data-e-type=\"column\">\n\t\t\t<div class=\"elementor-widget-wrap elementor-element-populated\">\n\t\t\t\t\t\t<div class=\"elementor-element elementor-element-35bf638 elementor-widget elementor-widget-image\" data-id=\"35bf638\" data-element_type=\"widget\" data-e-type=\"widget\" data-widget_type=\"image.default\">\n\t\t\t\t<div class=\"elementor-widget-container\">\n\t\t\t\t\t\t\t\t\t\t\t\t\t\t\t<img loading=\"lazy\" decoding=\"async\" width=\"640\" height=\"618\" src=\"https:\/\/www.ceran.com\/wp-content\/uploads\/2022\/05\/Macaron-Charte-de-de\u0301ontologie-CPF-1-1024x988.png\" class=\"attachment-large size-large wp-image-55863\" alt=\"\" srcset=\"https:\/\/www.ceran.com\/wp-content\/uploads\/2022\/05\/Macaron-Charte-de-de\u0301ontologie-CPF-1-1024x988.png 1024w, https:\/\/www.ceran.com\/wp-content\/uploads\/2022\/05\/Macaron-Charte-de-de\u0301ontologie-CPF-1-300x290.png 300w, https:\/\/www.ceran.com\/wp-content\/uploads\/2022\/05\/Macaron-Charte-de-de\u0301ontologie-CPF-1-768x741.png 768w, https:\/\/www.ceran.com\/wp-content\/uploads\/2022\/05\/Macaron-Charte-de-de\u0301ontologie-CPF-1-1536x1482.png 1536w, https:\/\/www.ceran.com\/wp-content\/uploads\/2022\/05\/Macaron-Charte-de-de\u0301ontologie-CPF-1.png 1605w\" sizes=\"(max-width: 640px) 100vw, 640px\" \/>\t\t\t\t\t\t\t\t\t\t\t\t\t\t\t<\/div>\n\t\t\t\t<\/div>\n\t\t\t\t\t<\/div>\n\t\t<\/div>\n\t\t\t\t\t<\/div>\n\t\t<\/section>\n\t\t\t\t\t<\/div>\n\t\t<\/div>\n\t\t\t\t\t<\/div>\n\t\t<\/section>\n\t\t\t\t<section class=\"elementor-section elementor-top-section elementor-element elementor-element-cfbdc28 elementor-section-boxed elementor-section-height-default elementor-section-height-default\" data-id=\"cfbdc28\" data-element_type=\"section\" data-e-type=\"section\">\n\t\t\t\t\t\t<div class=\"elementor-container elementor-column-gap-default\">\n\t\t\t\t\t<div class=\"elementor-column elementor-col-100 elementor-top-column elementor-element elementor-element-7e5f1dc9\" data-id=\"7e5f1dc9\" data-element_type=\"column\" data-e-type=\"column\">\n\t\t\t<div class=\"elementor-widget-wrap elementor-element-populated\">\n\t\t\t\t\t\t<div class=\"elementor-element elementor-element-493e872c elementor-nav-menu__align-center elementor-nav-menu--dropdown-tablet elementor-nav-menu__text-align-aside elementor-nav-menu--toggle elementor-nav-menu--burger elementor-widget elementor-widget-nav-menu\" data-id=\"493e872c\" data-element_type=\"widget\" data-e-type=\"widget\" data-settings=\"{&quot;layout&quot;:&quot;horizontal&quot;,&quot;submenu_icon&quot;:{&quot;value&quot;:&quot;&lt;i class=\\&quot;fas fa-caret-down\\&quot; aria-hidden=\\&quot;true\\&quot;&gt;&lt;\\\/i&gt;&quot;,&quot;library&quot;:&quot;fa-solid&quot;},&quot;toggle&quot;:&quot;burger&quot;}\" data-widget_type=\"nav-menu.default\">\n\t\t\t\t<div class=\"elementor-widget-container\">\n\t\t\t\t\t\t\t\t<nav aria-label=\"Menu\" class=\"elementor-nav-menu--main elementor-nav-menu__container elementor-nav-menu--layout-horizontal e--pointer-underline e--animation-fade\">\n\t\t\t\t<ul id=\"menu-1-493e872c\" class=\"elementor-nav-menu\"><li class=\"menu-item menu-item-type-post_type menu-item-object-page menu-item-13853\"><a href=\"https:\/\/www.ceran.com\/fr\/conditions-generales-dutilisation-des-sites-ceran\/\" class=\"elementor-item\">Conditions g\u00e9n\u00e9rales d&rsquo;utilisation<\/a><\/li>\n<li class=\"menu-item menu-item-type-post_type menu-item-object-page menu-item-13855\"><a href=\"https:\/\/www.ceran.com\/fr\/conditions-generales-de-ventes\/\" class=\"elementor-item\">Conditions g\u00e9n\u00e9rales de ventes<\/a><\/li>\n<li class=\"menu-item menu-item-type-post_type menu-item-object-page menu-item-2035\"><a href=\"https:\/\/www.ceran.com\/fr\/protection-des-donnees\/\" class=\"elementor-item\">Protection des donn\u00e9es<\/a><\/li>\n<li class=\"menu-item menu-item-type-post_type menu-item-object-page menu-item-1387\"><a href=\"https:\/\/www.ceran.com\/fr\/nous-contacter\/\" class=\"elementor-item\">Nous contacter<\/a><\/li>\n<\/ul>\t\t\t<\/nav>\n\t\t\t\t\t<div class=\"elementor-menu-toggle\" role=\"button\" tabindex=\"0\" aria-label=\"Permuter le menu\" aria-expanded=\"false\">\n\t\t\t<i aria-hidden=\"true\" role=\"presentation\" class=\"elementor-menu-toggle__icon--open eicon-menu-bar\"><\/i><i aria-hidden=\"true\" role=\"presentation\" class=\"elementor-menu-toggle__icon--close eicon-close\"><\/i>\t\t<\/div>\n\t\t\t\t\t<nav class=\"elementor-nav-menu--dropdown elementor-nav-menu__container\" aria-hidden=\"true\">\n\t\t\t\t<ul id=\"menu-2-493e872c\" class=\"elementor-nav-menu\"><li class=\"menu-item menu-item-type-post_type menu-item-object-page menu-item-13853\"><a href=\"https:\/\/www.ceran.com\/fr\/conditions-generales-dutilisation-des-sites-ceran\/\" class=\"elementor-item\" tabindex=\"-1\">Conditions g\u00e9n\u00e9rales d&rsquo;utilisation<\/a><\/li>\n<li class=\"menu-item menu-item-type-post_type menu-item-object-page menu-item-13855\"><a href=\"https:\/\/www.ceran.com\/fr\/conditions-generales-de-ventes\/\" class=\"elementor-item\" tabindex=\"-1\">Conditions g\u00e9n\u00e9rales de ventes<\/a><\/li>\n<li class=\"menu-item menu-item-type-post_type menu-item-object-page menu-item-2035\"><a href=\"https:\/\/www.ceran.com\/fr\/protection-des-donnees\/\" class=\"elementor-item\" tabindex=\"-1\">Protection des donn\u00e9es<\/a><\/li>\n<li class=\"menu-item menu-item-type-post_type menu-item-object-page menu-item-1387\"><a href=\"https:\/\/www.ceran.com\/fr\/nous-contacter\/\" class=\"elementor-item\" tabindex=\"-1\">Nous contacter<\/a><\/li>\n<\/ul>\t\t\t<\/nav>\n\t\t\t\t\t\t<\/div>\n\t\t\t\t<\/div>\n\t\t\t\t\t<\/div>\n\t\t<\/div>\n\t\t\t\t\t<\/div>\n\t\t<\/section>\n\t\t\t\t<\/div>\n\t\t","protected":false},"excerpt":{"rendered":"<p>Je r\u00e9serve mon appel d\u00e9couverte Je t\u00e9l\u00e9charge ma brochure 2023 +33 1 80 60 35 49 Comment utiliser mon CPF : le guide pratique 12 minutes de lecture O\u00f9 trouver la bonne information pour utiliser mon CPF correctement ? Comment trouver les meilleures formations en toute confiance ? Si comme bon nombre de Fran\u00e7ais actifs, [&hellip;]<\/p>\n","protected":false},"author":16,"featured_media":0,"parent":66737,"menu_order":0,"comment_status":"closed","ping_status":"closed","template":"elementor_canvas","meta":{"_acf_changed":false,"_seopress_robots_primary_cat":"","_seopress_titles_title":"Comment utiliser mon CPF : le guide complet | CERAN","_seopress_titles_desc":" Comment utiliser mon cpf : le guide pratique complet. D\u00e9couvrez toutes les infos utiles pour utiliser votre CPF en toute facilit\u00e9.","_seopress_robots_index":"","content-type":"","footnotes":""},"class_list":["post-66974","page","type-page","status-publish","hentry"],"acf":[],"yoast_head":"<!-- This site is optimized with the Yoast SEO plugin v27.5 - https:\/\/yoast.com\/product\/yoast-seo-wordpress\/ -->\n<title>Comment utiliser mon CPF - Ceran<\/title>\n<meta name=\"robots\" content=\"index, follow, max-snippet:-1, max-image-preview:large, max-video-preview:-1\" \/>\n<link rel=\"canonical\" href=\"https:\/\/www.ceran.com\/fr\/formation-langue-cpf\/comment-utiliser-mon-cpf\/\" \/>\n<meta property=\"og:locale\" content=\"fr_FR\" \/>\n<meta property=\"og:type\" content=\"article\" \/>\n<meta property=\"og:title\" content=\"Comment utiliser mon CPF - Ceran\" \/>\n<meta property=\"og:description\" content=\"Je r\u00e9serve mon appel d\u00e9couverte Je t\u00e9l\u00e9charge ma brochure 2023 +33 1 80 60 35 49 Comment utiliser mon CPF : le guide pratique 12 minutes de lecture O\u00f9 trouver la bonne information pour utiliser mon CPF correctement ? Comment trouver les meilleures formations en toute confiance ? Si comme bon nombre de Fran\u00e7ais actifs, [&hellip;]\" \/>\n<meta property=\"og:url\" content=\"https:\/\/www.ceran.com\/fr\/formation-langue-cpf\/comment-utiliser-mon-cpf\/\" \/>\n<meta property=\"og:site_name\" content=\"Ceran\" \/>\n<meta property=\"article:modified_time\" content=\"2025-02-14T10:41:33+00:00\" \/>\n<meta property=\"og:image\" content=\"https:\/\/www.ceran.com\/wp-content\/uploads\/elementor\/thumbs\/Logo-CERAN-pui1hz1wqm5ihf3flknqqhr6gebonfj6lom5kice0k.png\" \/>\n<meta name=\"twitter:card\" content=\"summary_large_image\" \/>\n<script type=\"application\/ld+json\" class=\"yoast-schema-graph\">{\"@context\":\"https:\\\/\\\/schema.org\",\"@graph\":[{\"@type\":\"WebPage\",\"@id\":\"https:\\\/\\\/www.ceran.com\\\/fr\\\/formation-langue-cpf\\\/comment-utiliser-mon-cpf\\\/\",\"url\":\"https:\\\/\\\/www.ceran.com\\\/fr\\\/formation-langue-cpf\\\/comment-utiliser-mon-cpf\\\/\",\"name\":\"Comment utiliser mon CPF - Ceran\",\"isPartOf\":{\"@id\":\"https:\\\/\\\/www.ceran.com\\\/fr\\\/#website\"},\"primaryImageOfPage\":{\"@id\":\"https:\\\/\\\/www.ceran.com\\\/fr\\\/formation-langue-cpf\\\/comment-utiliser-mon-cpf\\\/#primaryimage\"},\"image\":{\"@id\":\"https:\\\/\\\/www.ceran.com\\\/fr\\\/formation-langue-cpf\\\/comment-utiliser-mon-cpf\\\/#primaryimage\"},\"thumbnailUrl\":\"https:\\\/\\\/www.ceran.com\\\/wp-content\\\/uploads\\\/elementor\\\/thumbs\\\/Logo-CERAN-pui1hz1wqm5ihf3flknqqhr6gebonfj6lom5kice0k.png\",\"datePublished\":\"2022-11-14T14:46:33+00:00\",\"dateModified\":\"2025-02-14T10:41:33+00:00\",\"breadcrumb\":{\"@id\":\"https:\\\/\\\/www.ceran.com\\\/fr\\\/formation-langue-cpf\\\/comment-utiliser-mon-cpf\\\/#breadcrumb\"},\"inLanguage\":\"fr-FR\",\"potentialAction\":[{\"@type\":\"ReadAction\",\"target\":[\"https:\\\/\\\/www.ceran.com\\\/fr\\\/formation-langue-cpf\\\/comment-utiliser-mon-cpf\\\/\"]}]},{\"@type\":\"ImageObject\",\"inLanguage\":\"fr-FR\",\"@id\":\"https:\\\/\\\/www.ceran.com\\\/fr\\\/formation-langue-cpf\\\/comment-utiliser-mon-cpf\\\/#primaryimage\",\"url\":\"https:\\\/\\\/www.ceran.com\\\/wp-content\\\/uploads\\\/elementor\\\/thumbs\\\/Logo-CERAN-pui1hz1wqm5ihf3flknqqhr6gebonfj6lom5kice0k.png\",\"contentUrl\":\"https:\\\/\\\/www.ceran.com\\\/wp-content\\\/uploads\\\/elementor\\\/thumbs\\\/Logo-CERAN-pui1hz1wqm5ihf3flknqqhr6gebonfj6lom5kice0k.png\"},{\"@type\":\"BreadcrumbList\",\"@id\":\"https:\\\/\\\/www.ceran.com\\\/fr\\\/formation-langue-cpf\\\/comment-utiliser-mon-cpf\\\/#breadcrumb\",\"itemListElement\":[{\"@type\":\"ListItem\",\"position\":1,\"name\":\"Accueil\",\"item\":\"https:\\\/\\\/www.ceran.com\\\/fr\\\/\"},{\"@type\":\"ListItem\",\"position\":2,\"name\":\"Formation langue CPF\",\"item\":\"https:\\\/\\\/www.ceran.com\\\/fr\\\/formation-langue-cpf\\\/\"},{\"@type\":\"ListItem\",\"position\":3,\"name\":\"Comment utiliser mon CPF\"}]},{\"@type\":\"WebSite\",\"@id\":\"https:\\\/\\\/www.ceran.com\\\/fr\\\/#website\",\"url\":\"https:\\\/\\\/www.ceran.com\\\/fr\\\/\",\"name\":\"Ceran\",\"description\":\"Des formations linguistiques et interculturelles qui vous ouvrent de nouveaux horizons\",\"publisher\":{\"@id\":\"https:\\\/\\\/www.ceran.com\\\/fr\\\/#organization\"},\"potentialAction\":[{\"@type\":\"SearchAction\",\"target\":{\"@type\":\"EntryPoint\",\"urlTemplate\":\"https:\\\/\\\/www.ceran.com\\\/fr\\\/?s={search_term_string}\"},\"query-input\":{\"@type\":\"PropertyValueSpecification\",\"valueRequired\":true,\"valueName\":\"search_term_string\"}}],\"inLanguage\":\"fr-FR\"},{\"@type\":\"Organization\",\"@id\":\"https:\\\/\\\/www.ceran.com\\\/fr\\\/#organization\",\"name\":\"Ceran\",\"url\":\"https:\\\/\\\/www.ceran.com\\\/fr\\\/\",\"logo\":{\"@type\":\"ImageObject\",\"inLanguage\":\"fr-FR\",\"@id\":\"https:\\\/\\\/www.ceran.com\\\/fr\\\/#\\\/schema\\\/logo\\\/image\\\/\",\"url\":\"https:\\\/\\\/www.ceran.com\\\/wp-content\\\/uploads\\\/2025\\\/06\\\/Logo-CERAN-16-x-16-pixels.svg\",\"contentUrl\":\"https:\\\/\\\/www.ceran.com\\\/wp-content\\\/uploads\\\/2025\\\/06\\\/Logo-CERAN-16-x-16-pixels.svg\",\"width\":30,\"height\":30,\"caption\":\"Ceran\"},\"image\":{\"@id\":\"https:\\\/\\\/www.ceran.com\\\/fr\\\/#\\\/schema\\\/logo\\\/image\\\/\"}}]}<\/script>\n<!-- \/ Yoast SEO plugin. -->","yoast_head_json":{"title":"Comment utiliser mon CPF - Ceran","robots":{"index":"index","follow":"follow","max-snippet":"max-snippet:-1","max-image-preview":"max-image-preview:large","max-video-preview":"max-video-preview:-1"},"canonical":"https:\/\/www.ceran.com\/fr\/formation-langue-cpf\/comment-utiliser-mon-cpf\/","og_locale":"fr_FR","og_type":"article","og_title":"Comment utiliser mon CPF - Ceran","og_description":"Je r\u00e9serve mon appel d\u00e9couverte Je t\u00e9l\u00e9charge ma brochure 2023 +33 1 80 60 35 49 Comment utiliser mon CPF : le guide pratique 12 minutes de lecture O\u00f9 trouver la bonne information pour utiliser mon CPF correctement ? Comment trouver les meilleures formations en toute confiance ? Si comme bon nombre de Fran\u00e7ais actifs, [&hellip;]","og_url":"https:\/\/www.ceran.com\/fr\/formation-langue-cpf\/comment-utiliser-mon-cpf\/","og_site_name":"Ceran","article_modified_time":"2025-02-14T10:41:33+00:00","og_image":[{"url":"https:\/\/www.ceran.com\/wp-content\/uploads\/elementor\/thumbs\/Logo-CERAN-pui1hz1wqm5ihf3flknqqhr6gebonfj6lom5kice0k.png","type":"","width":"","height":""}],"twitter_card":"summary_large_image","schema":{"@context":"https:\/\/schema.org","@graph":[{"@type":"WebPage","@id":"https:\/\/www.ceran.com\/fr\/formation-langue-cpf\/comment-utiliser-mon-cpf\/","url":"https:\/\/www.ceran.com\/fr\/formation-langue-cpf\/comment-utiliser-mon-cpf\/","name":"Comment utiliser mon CPF - Ceran","isPartOf":{"@id":"https:\/\/www.ceran.com\/fr\/#website"},"primaryImageOfPage":{"@id":"https:\/\/www.ceran.com\/fr\/formation-langue-cpf\/comment-utiliser-mon-cpf\/#primaryimage"},"image":{"@id":"https:\/\/www.ceran.com\/fr\/formation-langue-cpf\/comment-utiliser-mon-cpf\/#primaryimage"},"thumbnailUrl":"https:\/\/www.ceran.com\/wp-content\/uploads\/elementor\/thumbs\/Logo-CERAN-pui1hz1wqm5ihf3flknqqhr6gebonfj6lom5kice0k.png","datePublished":"2022-11-14T14:46:33+00:00","dateModified":"2025-02-14T10:41:33+00:00","breadcrumb":{"@id":"https:\/\/www.ceran.com\/fr\/formation-langue-cpf\/comment-utiliser-mon-cpf\/#breadcrumb"},"inLanguage":"fr-FR","potentialAction":[{"@type":"ReadAction","target":["https:\/\/www.ceran.com\/fr\/formation-langue-cpf\/comment-utiliser-mon-cpf\/"]}]},{"@type":"ImageObject","inLanguage":"fr-FR","@id":"https:\/\/www.ceran.com\/fr\/formation-langue-cpf\/comment-utiliser-mon-cpf\/#primaryimage","url":"https:\/\/www.ceran.com\/wp-content\/uploads\/elementor\/thumbs\/Logo-CERAN-pui1hz1wqm5ihf3flknqqhr6gebonfj6lom5kice0k.png","contentUrl":"https:\/\/www.ceran.com\/wp-content\/uploads\/elementor\/thumbs\/Logo-CERAN-pui1hz1wqm5ihf3flknqqhr6gebonfj6lom5kice0k.png"},{"@type":"BreadcrumbList","@id":"https:\/\/www.ceran.com\/fr\/formation-langue-cpf\/comment-utiliser-mon-cpf\/#breadcrumb","itemListElement":[{"@type":"ListItem","position":1,"name":"Accueil","item":"https:\/\/www.ceran.com\/fr\/"},{"@type":"ListItem","position":2,"name":"Formation langue CPF","item":"https:\/\/www.ceran.com\/fr\/formation-langue-cpf\/"},{"@type":"ListItem","position":3,"name":"Comment utiliser mon CPF"}]},{"@type":"WebSite","@id":"https:\/\/www.ceran.com\/fr\/#website","url":"https:\/\/www.ceran.com\/fr\/","name":"Ceran","description":"Des formations linguistiques et interculturelles qui vous ouvrent de nouveaux horizons","publisher":{"@id":"https:\/\/www.ceran.com\/fr\/#organization"},"potentialAction":[{"@type":"SearchAction","target":{"@type":"EntryPoint","urlTemplate":"https:\/\/www.ceran.com\/fr\/?s={search_term_string}"},"query-input":{"@type":"PropertyValueSpecification","valueRequired":true,"valueName":"search_term_string"}}],"inLanguage":"fr-FR"},{"@type":"Organization","@id":"https:\/\/www.ceran.com\/fr\/#organization","name":"Ceran","url":"https:\/\/www.ceran.com\/fr\/","logo":{"@type":"ImageObject","inLanguage":"fr-FR","@id":"https:\/\/www.ceran.com\/fr\/#\/schema\/logo\/image\/","url":"https:\/\/www.ceran.com\/wp-content\/uploads\/2025\/06\/Logo-CERAN-16-x-16-pixels.svg","contentUrl":"https:\/\/www.ceran.com\/wp-content\/uploads\/2025\/06\/Logo-CERAN-16-x-16-pixels.svg","width":30,"height":30,"caption":"Ceran"},"image":{"@id":"https:\/\/www.ceran.com\/fr\/#\/schema\/logo\/image\/"}}]}},"_links":{"self":[{"href":"https:\/\/www.ceran.com\/fr\/wp-json\/wp\/v2\/pages\/66974","targetHints":{"allow":["GET"]}}],"collection":[{"href":"https:\/\/www.ceran.com\/fr\/wp-json\/wp\/v2\/pages"}],"about":[{"href":"https:\/\/www.ceran.com\/fr\/wp-json\/wp\/v2\/types\/page"}],"author":[{"embeddable":true,"href":"https:\/\/www.ceran.com\/fr\/wp-json\/wp\/v2\/users\/16"}],"replies":[{"embeddable":true,"href":"https:\/\/www.ceran.com\/fr\/wp-json\/wp\/v2\/comments?post=66974"}],"version-history":[{"count":9,"href":"https:\/\/www.ceran.com\/fr\/wp-json\/wp\/v2\/pages\/66974\/revisions"}],"predecessor-version":[{"id":108665,"href":"https:\/\/www.ceran.com\/fr\/wp-json\/wp\/v2\/pages\/66974\/revisions\/108665"}],"up":[{"embeddable":true,"href":"https:\/\/www.ceran.com\/fr\/wp-json\/wp\/v2\/pages\/66737"}],"wp:attachment":[{"href":"https:\/\/www.ceran.com\/fr\/wp-json\/wp\/v2\/media?parent=66974"}],"curies":[{"name":"wp","href":"https:\/\/api.w.org\/{rel}","templated":true}]}}