{"id":67025,"date":"2022-11-14T15:57:02","date_gmt":"2022-11-14T14:57:02","guid":{"rendered":"https:\/\/www.ceran.com\/?page_id=67025"},"modified":"2025-02-14T11:38:15","modified_gmt":"2025-02-14T10:38:15","slug":"formation-linguistique-cpf-le-guide","status":"publish","type":"page","link":"https:\/\/www.ceran.com\/fr\/formation-langue-cpf\/formation-linguistique-cpf-le-guide\/","title":{"rendered":"Formation linguistique cpf : le guide"},"content":{"rendered":"\t\t<div data-elementor-type=\"wp-page\" data-elementor-id=\"67025\" class=\"elementor elementor-67025\" data-elementor-post-type=\"page\">\n\t\t\t\t\t\t<section class=\"elementor-section elementor-top-section elementor-element elementor-element-56e2bd9c elementor-section-content-middle elementor-section-stretched elementor-section-boxed elementor-section-height-default elementor-section-height-default\" data-id=\"56e2bd9c\" data-element_type=\"section\" data-e-type=\"section\" data-settings=\"{&quot;background_background&quot;:&quot;classic&quot;,&quot;sticky&quot;:&quot;top&quot;,&quot;stretch_section&quot;:&quot;section-stretched&quot;,&quot;sticky_on&quot;:[&quot;desktop&quot;,&quot;tablet&quot;,&quot;mobile&quot;],&quot;sticky_offset&quot;:0,&quot;sticky_effects_offset&quot;:0,&quot;sticky_anchor_link_offset&quot;:0}\">\n\t\t\t\t\t\t<div class=\"elementor-container elementor-column-gap-narrow\">\n\t\t\t\t\t<div class=\"elementor-column elementor-col-33 elementor-top-column elementor-element elementor-element-69c44a78\" data-id=\"69c44a78\" data-element_type=\"column\" data-e-type=\"column\">\n\t\t\t<div class=\"elementor-widget-wrap elementor-element-populated\">\n\t\t\t\t\t\t<div class=\"elementor-element elementor-element-630ef0ab elementor-mobile-align-center elementor-align-center elementor-widget elementor-widget-button\" data-id=\"630ef0ab\" data-element_type=\"widget\" data-e-type=\"widget\" data-widget_type=\"button.default\">\n\t\t\t\t<div class=\"elementor-widget-container\">\n\t\t\t\t\t\t\t\t\t<div class=\"elementor-button-wrapper\">\n\t\t\t\t\t<a class=\"elementor-button elementor-button-link elementor-size-sm\" href=\"https:\/\/www.ceran.com\/fr\/formation-langue-cpf\/ressources-cpf\/appel-decouverte\/\">\n\t\t\t\t\t\t<span class=\"elementor-button-content-wrapper\">\n\t\t\t\t\t\t<span class=\"elementor-button-icon\">\n\t\t\t\t<i aria-hidden=\"true\" class=\"fas fa-arrow-right\"><\/i>\t\t\t<\/span>\n\t\t\t\t\t\t\t\t\t<span class=\"elementor-button-text\">Je r\u00e9serve mon appel d\u00e9couverte (offert)<\/span>\n\t\t\t\t\t<\/span>\n\t\t\t\t\t<\/a>\n\t\t\t\t<\/div>\n\t\t\t\t\t\t\t\t<\/div>\n\t\t\t\t<\/div>\n\t\t\t\t\t<\/div>\n\t\t<\/div>\n\t\t\t\t<div class=\"elementor-column elementor-col-33 elementor-top-column elementor-element elementor-element-514e68a5\" data-id=\"514e68a5\" data-element_type=\"column\" data-e-type=\"column\">\n\t\t\t<div class=\"elementor-widget-wrap elementor-element-populated\">\n\t\t\t\t\t\t<div class=\"elementor-element elementor-element-5b907686 elementor-mobile-align-center elementor-align-center elementor-widget elementor-widget-button\" data-id=\"5b907686\" data-element_type=\"widget\" data-e-type=\"widget\" data-widget_type=\"button.default\">\n\t\t\t\t<div class=\"elementor-widget-container\">\n\t\t\t\t\t\t\t\t\t<div class=\"elementor-button-wrapper\">\n\t\t\t\t\t<a class=\"elementor-button elementor-size-sm\" role=\"button\">\n\t\t\t\t\t\t<span class=\"elementor-button-content-wrapper\">\n\t\t\t\t\t\t<span class=\"elementor-button-icon\">\n\t\t\t\t<i aria-hidden=\"true\" class=\"fas fa-arrow-right\"><\/i>\t\t\t<\/span>\n\t\t\t\t\t\t\t\t\t<span class=\"elementor-button-text\">Je t\u00e9l\u00e9charge ma brochure 2023<\/span>\n\t\t\t\t\t<\/span>\n\t\t\t\t\t<\/a>\n\t\t\t\t<\/div>\n\t\t\t\t\t\t\t\t<\/div>\n\t\t\t\t<\/div>\n\t\t\t\t\t<\/div>\n\t\t<\/div>\n\t\t\t\t<div class=\"elementor-column elementor-col-33 elementor-top-column elementor-element elementor-element-7df0a74e\" data-id=\"7df0a74e\" data-element_type=\"column\" data-e-type=\"column\">\n\t\t\t<div class=\"elementor-widget-wrap elementor-element-populated\">\n\t\t\t\t\t\t<div class=\"elementor-element elementor-element-58c904f1 elementor-icon-list--layout-traditional elementor-list-item-link-full_width elementor-widget elementor-widget-icon-list\" data-id=\"58c904f1\" data-element_type=\"widget\" data-e-type=\"widget\" data-widget_type=\"icon-list.default\">\n\t\t\t\t<div class=\"elementor-widget-container\">\n\t\t\t\t\t\t\t<ul class=\"elementor-icon-list-items\">\n\t\t\t\t\t\t\t<li class=\"elementor-icon-list-item\">\n\t\t\t\t\t\t\t\t\t\t\t<span class=\"elementor-icon-list-icon\">\n\t\t\t\t\t\t\t<i aria-hidden=\"true\" class=\"fas fa-phone\"><\/i>\t\t\t\t\t\t<\/span>\n\t\t\t\t\t\t\t\t\t\t<span class=\"elementor-icon-list-text\">+33 1 80 60 35 49<\/span>\n\t\t\t\t\t\t\t\t\t<\/li>\n\t\t\t\t\t\t<\/ul>\n\t\t\t\t\t\t<\/div>\n\t\t\t\t<\/div>\n\t\t\t\t\t<\/div>\n\t\t<\/div>\n\t\t\t\t\t<\/div>\n\t\t<\/section>\n\t\t\t\t<section class=\"elementor-section elementor-top-section elementor-element elementor-element-1c69f2ae elementor-section-full_width elementor-section-height-min-height elementor-section-stretched elementor-section-height-default elementor-section-items-middle\" data-id=\"1c69f2ae\" data-element_type=\"section\" data-e-type=\"section\" data-settings=\"{&quot;stretch_section&quot;:&quot;section-stretched&quot;}\">\n\t\t\t\t\t\t<div class=\"elementor-container elementor-column-gap-default\">\n\t\t\t\t\t<div class=\"elementor-column elementor-col-33 elementor-top-column elementor-element elementor-element-4bf3af27\" data-id=\"4bf3af27\" data-element_type=\"column\" data-e-type=\"column\">\n\t\t\t<div class=\"elementor-widget-wrap elementor-element-populated\">\n\t\t\t\t\t\t<div class=\"elementor-element elementor-element-58e4d9a3 elementor-widget elementor-widget-image\" data-id=\"58e4d9a3\" data-element_type=\"widget\" data-e-type=\"widget\" data-widget_type=\"image.default\">\n\t\t\t\t<div class=\"elementor-widget-container\">\n\t\t\t\t\t\t\t\t\t\t\t\t\t\t\t<img decoding=\"async\" src=\"https:\/\/www.ceran.com\/wp-content\/uploads\/elementor\/thumbs\/Logo-CERAN-pui1hz1wqm5ihf3flknqqhr6gebonfj6lom5kice0k.png\" title=\"Logo CERAN\" alt=\"logo CERAN\" loading=\"lazy\" \/>\t\t\t\t\t\t\t\t\t\t\t\t\t\t\t<\/div>\n\t\t\t\t<\/div>\n\t\t\t\t\t<\/div>\n\t\t<\/div>\n\t\t\t\t<div class=\"elementor-column elementor-col-66 elementor-top-column elementor-element elementor-element-7611665\" data-id=\"7611665\" data-element_type=\"column\" data-e-type=\"column\">\n\t\t\t<div class=\"elementor-widget-wrap\">\n\t\t\t\t\t\t\t<\/div>\n\t\t<\/div>\n\t\t\t\t\t<\/div>\n\t\t<\/section>\n\t\t\t\t<section class=\"elementor-section elementor-top-section elementor-element elementor-element-3cfb30d9 elementor-section-full_width elementor-section-stretched elementor-section-height-min-height elementor-section-height-default elementor-section-items-middle\" data-id=\"3cfb30d9\" data-element_type=\"section\" data-e-type=\"section\" data-settings=\"{&quot;stretch_section&quot;:&quot;section-stretched&quot;}\">\n\t\t\t\t\t\t\t<div class=\"elementor-background-overlay\"><\/div>\n\t\t\t\t\t\t\t<div class=\"elementor-container elementor-column-gap-default\">\n\t\t\t\t\t<div class=\"elementor-column elementor-col-100 elementor-top-column elementor-element elementor-element-2579ee8f\" data-id=\"2579ee8f\" data-element_type=\"column\" data-e-type=\"column\">\n\t\t\t<div class=\"elementor-widget-wrap elementor-element-populated\">\n\t\t\t\t\t\t<div class=\"elementor-element elementor-element-531e7337 elementor-nav-menu__align-justify elementor-nav-menu__text-align-center elementor-nav-menu--dropdown-mobile elementor-nav-menu--toggle elementor-nav-menu--burger elementor-widget elementor-widget-nav-menu\" data-id=\"531e7337\" data-element_type=\"widget\" data-e-type=\"widget\" data-settings=\"{&quot;toggle_icon_hover_animation&quot;:&quot;grow&quot;,&quot;submenu_icon&quot;:{&quot;value&quot;:&quot;&lt;i class=\\&quot;fas fa-plus\\&quot; aria-hidden=\\&quot;true\\&quot;&gt;&lt;\\\/i&gt;&quot;,&quot;library&quot;:&quot;fa-solid&quot;},&quot;layout&quot;:&quot;horizontal&quot;,&quot;toggle&quot;:&quot;burger&quot;}\" data-widget_type=\"nav-menu.default\">\n\t\t\t\t<div class=\"elementor-widget-container\">\n\t\t\t\t\t\t\t\t<nav aria-label=\"Menu\" class=\"elementor-nav-menu--main elementor-nav-menu__container elementor-nav-menu--layout-horizontal e--pointer-none\">\n\t\t\t\t<ul id=\"menu-1-531e7337\" class=\"elementor-nav-menu\"><li class=\"menu-item menu-item-type-custom menu-item-object-custom menu-item-has-children menu-item-66905\"><a href=\"https:\/\/www.ceran.com\/fr\/cpf\/\" class=\"elementor-item\">Le CPF pour<\/a>\n<ul class=\"sub-menu elementor-nav-menu--dropdown\">\n\t<li class=\"menu-item menu-item-type-post_type menu-item-object-page menu-item-66969\"><a href=\"https:\/\/www.ceran.com\/fr\/formation-langue-cpf\/salaries\/\" class=\"elementor-sub-item\">Salari\u00e9s<\/a><\/li>\n\t<li class=\"menu-item menu-item-type-post_type menu-item-object-page menu-item-71769\"><a href=\"https:\/\/www.ceran.com\/fr\/formation-langue-cpf\/cpf-pour-les-directions-rh-et-formation\/\" class=\"elementor-sub-item\">Directions RH et Formation<\/a><\/li>\n<\/ul>\n<\/li>\n<li class=\"menu-item menu-item-type-post_type menu-item-object-page menu-item-69025\"><a href=\"https:\/\/www.ceran.com\/fr\/formation-langue-cpf\/ressources-cpf\/\" class=\"elementor-item\">Ressources CPF<\/a><\/li>\n<li class=\"menu-item menu-item-type-custom menu-item-object-custom menu-item-has-children menu-item-66909\"><a href=\"https:\/\/www.ceran.com\/fr\/formation-langue-cpf\/cours-d-anglais-cpf\/\" class=\"elementor-item\">Nos formations<\/a>\n<ul class=\"sub-menu elementor-nav-menu--dropdown\">\n\t<li class=\"menu-item menu-item-type-post_type menu-item-object-page menu-item-67045\"><a href=\"https:\/\/www.ceran.com\/fr\/formation-langue-cpf\/cours-d-anglais-cpf\/\" class=\"elementor-sub-item\">Cours d\u2019anglais CPF<\/a><\/li>\n<\/ul>\n<\/li>\n<li class=\"menu-item menu-item-type-custom menu-item-object-custom menu-item-has-children menu-item-66908\"><a href=\"https:\/\/www.ceran.com\/fr\/formation-langue-cpf\/hotline-dediee\/\" class=\"elementor-item\">Support<\/a>\n<ul class=\"sub-menu elementor-nav-menu--dropdown\">\n\t<li class=\"menu-item menu-item-type-post_type menu-item-object-page menu-item-67035\"><a href=\"https:\/\/www.ceran.com\/fr\/formation-langue-cpf\/hotline-dediee\/\" class=\"elementor-sub-item\">Hotline d\u00e9di\u00e9e<\/a><\/li>\n\t<li class=\"menu-item menu-item-type-post_type menu-item-object-page menu-item-69848\"><a href=\"https:\/\/www.ceran.com\/fr\/formation-langue-cpf\/ressources-cpf\/appel-decouverte\/\" class=\"elementor-sub-item\">Appel d\u00e9couverte offert<\/a><\/li>\n\t<li class=\"menu-item menu-item-type-post_type menu-item-object-page menu-item-67033\"><a href=\"https:\/\/www.ceran.com\/fr\/formation-langue-cpf\/devis-formation-linguistique-cpf\/\" class=\"elementor-sub-item\">Devis formation linguistique CPF<\/a><\/li>\n\t<li class=\"menu-item menu-item-type-post_type menu-item-object-page menu-item-67032\"><a href=\"https:\/\/www.ceran.com\/fr\/formation-langue-cpf\/a-propos-du-ceran\/\" class=\"elementor-sub-item\">A propos du CERAN \u00e0 Paris<\/a><\/li>\n<\/ul>\n<\/li>\n<\/ul>\t\t\t<\/nav>\n\t\t\t\t\t<div class=\"elementor-menu-toggle\" role=\"button\" tabindex=\"0\" aria-label=\"Permuter le menu\" aria-expanded=\"false\">\n\t\t\t<i aria-hidden=\"true\" role=\"presentation\" class=\"elementor-menu-toggle__icon--open elementor-animation-grow eicon-menu-bar\"><\/i><i aria-hidden=\"true\" role=\"presentation\" class=\"elementor-menu-toggle__icon--close elementor-animation-grow eicon-close\"><\/i>\t\t<\/div>\n\t\t\t\t\t<nav class=\"elementor-nav-menu--dropdown elementor-nav-menu__container\" aria-hidden=\"true\">\n\t\t\t\t<ul id=\"menu-2-531e7337\" class=\"elementor-nav-menu\"><li class=\"menu-item menu-item-type-custom menu-item-object-custom menu-item-has-children menu-item-66905\"><a href=\"https:\/\/www.ceran.com\/fr\/cpf\/\" class=\"elementor-item\" tabindex=\"-1\">Le CPF pour<\/a>\n<ul class=\"sub-menu elementor-nav-menu--dropdown\">\n\t<li class=\"menu-item menu-item-type-post_type menu-item-object-page menu-item-66969\"><a href=\"https:\/\/www.ceran.com\/fr\/formation-langue-cpf\/salaries\/\" class=\"elementor-sub-item\" tabindex=\"-1\">Salari\u00e9s<\/a><\/li>\n\t<li class=\"menu-item menu-item-type-post_type menu-item-object-page menu-item-71769\"><a href=\"https:\/\/www.ceran.com\/fr\/formation-langue-cpf\/cpf-pour-les-directions-rh-et-formation\/\" class=\"elementor-sub-item\" tabindex=\"-1\">Directions RH et Formation<\/a><\/li>\n<\/ul>\n<\/li>\n<li class=\"menu-item menu-item-type-post_type menu-item-object-page menu-item-69025\"><a href=\"https:\/\/www.ceran.com\/fr\/formation-langue-cpf\/ressources-cpf\/\" class=\"elementor-item\" tabindex=\"-1\">Ressources CPF<\/a><\/li>\n<li class=\"menu-item menu-item-type-custom menu-item-object-custom menu-item-has-children menu-item-66909\"><a href=\"https:\/\/www.ceran.com\/fr\/formation-langue-cpf\/cours-d-anglais-cpf\/\" class=\"elementor-item\" tabindex=\"-1\">Nos formations<\/a>\n<ul class=\"sub-menu elementor-nav-menu--dropdown\">\n\t<li class=\"menu-item menu-item-type-post_type menu-item-object-page menu-item-67045\"><a href=\"https:\/\/www.ceran.com\/fr\/formation-langue-cpf\/cours-d-anglais-cpf\/\" class=\"elementor-sub-item\" tabindex=\"-1\">Cours d\u2019anglais CPF<\/a><\/li>\n<\/ul>\n<\/li>\n<li class=\"menu-item menu-item-type-custom menu-item-object-custom menu-item-has-children menu-item-66908\"><a href=\"https:\/\/www.ceran.com\/fr\/formation-langue-cpf\/hotline-dediee\/\" class=\"elementor-item\" tabindex=\"-1\">Support<\/a>\n<ul class=\"sub-menu elementor-nav-menu--dropdown\">\n\t<li class=\"menu-item menu-item-type-post_type menu-item-object-page menu-item-67035\"><a href=\"https:\/\/www.ceran.com\/fr\/formation-langue-cpf\/hotline-dediee\/\" class=\"elementor-sub-item\" tabindex=\"-1\">Hotline d\u00e9di\u00e9e<\/a><\/li>\n\t<li class=\"menu-item menu-item-type-post_type menu-item-object-page menu-item-69848\"><a href=\"https:\/\/www.ceran.com\/fr\/formation-langue-cpf\/ressources-cpf\/appel-decouverte\/\" class=\"elementor-sub-item\" tabindex=\"-1\">Appel d\u00e9couverte offert<\/a><\/li>\n\t<li class=\"menu-item menu-item-type-post_type menu-item-object-page menu-item-67033\"><a href=\"https:\/\/www.ceran.com\/fr\/formation-langue-cpf\/devis-formation-linguistique-cpf\/\" class=\"elementor-sub-item\" tabindex=\"-1\">Devis formation linguistique CPF<\/a><\/li>\n\t<li class=\"menu-item menu-item-type-post_type menu-item-object-page menu-item-67032\"><a href=\"https:\/\/www.ceran.com\/fr\/formation-langue-cpf\/a-propos-du-ceran\/\" class=\"elementor-sub-item\" tabindex=\"-1\">A propos du CERAN \u00e0 Paris<\/a><\/li>\n<\/ul>\n<\/li>\n<\/ul>\t\t\t<\/nav>\n\t\t\t\t\t\t<\/div>\n\t\t\t\t<\/div>\n\t\t\t\t\t<\/div>\n\t\t<\/div>\n\t\t\t\t\t<\/div>\n\t\t<\/section>\n\t\t\t\t<section class=\"elementor-section elementor-top-section elementor-element elementor-element-11d81876 elementor-section-boxed elementor-section-height-default elementor-section-height-default\" data-id=\"11d81876\" data-element_type=\"section\" data-e-type=\"section\">\n\t\t\t\t\t\t<div class=\"elementor-container elementor-column-gap-default\">\n\t\t\t\t\t<div class=\"elementor-column elementor-col-50 elementor-top-column elementor-element elementor-element-5aa700c7\" data-id=\"5aa700c7\" data-element_type=\"column\" data-e-type=\"column\" data-settings=\"{&quot;background_background&quot;:&quot;classic&quot;}\">\n\t\t\t<div class=\"elementor-widget-wrap elementor-element-populated\">\n\t\t\t\t\t\t<section class=\"elementor-section elementor-inner-section elementor-element elementor-element-28908c6e elementor-section-boxed elementor-section-height-default elementor-section-height-default\" data-id=\"28908c6e\" data-element_type=\"section\" data-e-type=\"section\">\n\t\t\t\t\t\t<div class=\"elementor-container elementor-column-gap-default\">\n\t\t\t\t\t<div class=\"elementor-column elementor-col-50 elementor-inner-column elementor-element elementor-element-7beb2da2\" data-id=\"7beb2da2\" data-element_type=\"column\" data-e-type=\"column\">\n\t\t\t<div class=\"elementor-widget-wrap elementor-element-populated\">\n\t\t\t\t\t\t<div class=\"elementor-element elementor-element-5149a77c elementor-view-default elementor-widget elementor-widget-icon\" data-id=\"5149a77c\" data-element_type=\"widget\" data-e-type=\"widget\" data-widget_type=\"icon.default\">\n\t\t\t\t<div class=\"elementor-widget-container\">\n\t\t\t\t\t\t\t<div class=\"elementor-icon-wrapper\">\n\t\t\t<div class=\"elementor-icon\">\n\t\t\t<i aria-hidden=\"true\" class=\"far fa-arrow-alt-circle-right\"><\/i>\t\t\t<\/div>\n\t\t<\/div>\n\t\t\t\t\t\t<\/div>\n\t\t\t\t<\/div>\n\t\t\t\t\t<\/div>\n\t\t<\/div>\n\t\t\t\t<div class=\"elementor-column elementor-col-50 elementor-inner-column elementor-element elementor-element-1fee582\" data-id=\"1fee582\" data-element_type=\"column\" data-e-type=\"column\">\n\t\t\t<div class=\"elementor-widget-wrap elementor-element-populated\">\n\t\t\t\t\t\t<div class=\"elementor-element elementor-element-31857a7b elementor-widget elementor-widget-heading\" data-id=\"31857a7b\" data-element_type=\"widget\" data-e-type=\"widget\" data-widget_type=\"heading.default\">\n\t\t\t\t<div class=\"elementor-widget-container\">\n\t\t\t\t\t<h1 class=\"elementor-heading-title elementor-size-default\">Formation linguistique CPF : le guide<\/h1>\t\t\t\t<\/div>\n\t\t\t\t<\/div>\n\t\t\t\t\t<\/div>\n\t\t<\/div>\n\t\t\t\t\t<\/div>\n\t\t<\/section>\n\t\t\t\t<div class=\"elementor-element elementor-element-618fdbe3 elementor-widget elementor-widget-text-editor\" data-id=\"618fdbe3\" data-element_type=\"widget\" data-e-type=\"widget\" data-widget_type=\"text-editor.default\">\n\t\t\t\t<div class=\"elementor-widget-container\">\n\t\t\t\t\t\t\t\t\t<p><strong>6 minutes de lecture<\/strong><\/p><p>Pourquoi s&rsquo;inscrire \u00e0 une formation linguistique via votre CPF ? Vous souhaitez am\u00e9liorer votre ma\u00eetrise d&rsquo;une langue \u00e9trang\u00e8re afin d&rsquo;obtenir un dipl\u00f4me appr\u00e9ci\u00e9 des employeurs fran\u00e7ais et internationaux ? Excellente id\u00e9e ! A cet effet, vos droits \u00e0 la formation via le CPF, vous donnent la possibilit\u00e9 de financer les formations et les certifications les plus prestigieuses. Notamment les examens TOEIC, LILATE et Linguaskill en anglais comme dans d&rsquo;autres langues.<\/p>\t\t\t\t\t\t\t\t<\/div>\n\t\t\t\t<\/div>\n\t\t\t\t\t<\/div>\n\t\t<\/div>\n\t\t\t\t<div class=\"elementor-column elementor-col-50 elementor-top-column elementor-element elementor-element-113c67a6\" data-id=\"113c67a6\" data-element_type=\"column\" data-e-type=\"column\" data-settings=\"{&quot;background_background&quot;:&quot;classic&quot;}\">\n\t\t\t<div class=\"elementor-widget-wrap elementor-element-populated\">\n\t\t\t\t\t\t<div class=\"elementor-element elementor-element-554e667a elementor-widget elementor-widget-image\" data-id=\"554e667a\" data-element_type=\"widget\" data-e-type=\"widget\" data-widget_type=\"image.default\">\n\t\t\t\t<div class=\"elementor-widget-container\">\n\t\t\t\t\t\t\t\t\t\t\t\t\t\t\t<img fetchpriority=\"high\" decoding=\"async\" width=\"640\" height=\"427\" src=\"https:\/\/www.ceran.com\/wp-content\/uploads\/2022\/10\/enfant-apprendre-anglais-en-ligne-avec-prof-particulier.jpg\" class=\"attachment-full size-full wp-image-65594\" alt=\"formation linguistique CPF | enfant apprendre anglais en ligne avec prof particulier\" srcset=\"https:\/\/www.ceran.com\/wp-content\/uploads\/2022\/10\/enfant-apprendre-anglais-en-ligne-avec-prof-particulier.jpg 640w, https:\/\/www.ceran.com\/wp-content\/uploads\/2022\/10\/enfant-apprendre-anglais-en-ligne-avec-prof-particulier-300x200.jpg 300w\" sizes=\"(max-width: 640px) 100vw, 640px\" \/>\t\t\t\t\t\t\t\t\t\t\t\t\t\t\t<\/div>\n\t\t\t\t<\/div>\n\t\t\t\t\t<\/div>\n\t\t<\/div>\n\t\t\t\t\t<\/div>\n\t\t<\/section>\n\t\t\t\t<section class=\"elementor-section elementor-top-section elementor-element elementor-element-21e5ee24 elementor-section-content-top elementor-section-boxed elementor-section-height-default elementor-section-height-default\" data-id=\"21e5ee24\" data-element_type=\"section\" data-e-type=\"section\">\n\t\t\t\t\t\t<div class=\"elementor-container elementor-column-gap-default\">\n\t\t\t\t\t<div class=\"elementor-column elementor-col-50 elementor-top-column elementor-element elementor-element-79bffd96\" data-id=\"79bffd96\" data-element_type=\"column\" data-e-type=\"column\" data-settings=\"{&quot;background_background&quot;:&quot;classic&quot;}\">\n\t\t\t<div class=\"elementor-widget-wrap elementor-element-populated\">\n\t\t\t\t\t<div class=\"elementor-background-overlay\"><\/div>\n\t\t\t\t\t\t<section class=\"elementor-section elementor-inner-section elementor-element elementor-element-59bc0ce elementor-section-boxed elementor-section-height-default elementor-section-height-default\" data-id=\"59bc0ce\" data-element_type=\"section\" data-e-type=\"section\" data-settings=\"{&quot;sticky&quot;:&quot;top&quot;,&quot;sticky_offset&quot;:100,&quot;sticky_on&quot;:[&quot;desktop&quot;,&quot;tablet&quot;],&quot;sticky_parent&quot;:&quot;yes&quot;,&quot;sticky_effects_offset&quot;:0,&quot;sticky_anchor_link_offset&quot;:0}\">\n\t\t\t\t\t\t\t<div class=\"elementor-background-overlay\"><\/div>\n\t\t\t\t\t\t\t<div class=\"elementor-container elementor-column-gap-default\">\n\t\t\t\t\t<div class=\"elementor-column elementor-col-100 elementor-inner-column elementor-element elementor-element-31336ab7\" data-id=\"31336ab7\" data-element_type=\"column\" data-e-type=\"column\" data-settings=\"{&quot;background_background&quot;:&quot;classic&quot;}\">\n\t\t\t<div class=\"elementor-widget-wrap elementor-element-populated\">\n\t\t\t\t\t\t<div class=\"elementor-element elementor-element-7c78407c elementor-list-item-link-full_width elementor-widget elementor-widget-icon-list\" data-id=\"7c78407c\" data-element_type=\"widget\" data-e-type=\"widget\" data-widget_type=\"icon-list.default\">\n\t\t\t\t<div class=\"elementor-widget-container\">\n\t\t\t\t\t\t\t<ul class=\"elementor-icon-list-items\">\n\t\t\t\t\t\t\t<li class=\"elementor-icon-list-item\">\n\t\t\t\t\t\t\t\t\t\t\t<a href=\"#question-1\">\n\n\t\t\t\t\t\t\t\t\t\t\t\t<span class=\"elementor-icon-list-icon\">\n\t\t\t\t\t\t\t<i aria-hidden=\"true\" class=\"fas fa-dot-circle\"><\/i>\t\t\t\t\t\t<\/span>\n\t\t\t\t\t\t\t\t\t\t<span class=\"elementor-icon-list-text\">Pourquoi s'inscrire \u00e0 une formation linguistique ?<\/span>\n\t\t\t\t\t\t\t\t\t\t\t<\/a>\n\t\t\t\t\t\t\t\t\t<\/li>\n\t\t\t\t\t\t\t\t<li class=\"elementor-icon-list-item\">\n\t\t\t\t\t\t\t\t\t\t\t<a href=\"#question-2\">\n\n\t\t\t\t\t\t\t\t\t\t\t\t<span class=\"elementor-icon-list-icon\">\n\t\t\t\t\t\t\t<i aria-hidden=\"true\" class=\"fas fa-dot-circle\"><\/i>\t\t\t\t\t\t<\/span>\n\t\t\t\t\t\t\t\t\t\t<span class=\"elementor-icon-list-text\">Les principales langues \u00e9ligibles au CPF<\/span>\n\t\t\t\t\t\t\t\t\t\t\t<\/a>\n\t\t\t\t\t\t\t\t\t<\/li>\n\t\t\t\t\t\t\t\t<li class=\"elementor-icon-list-item\">\n\t\t\t\t\t\t\t\t\t\t\t<a href=\"#question-3\">\n\n\t\t\t\t\t\t\t\t\t\t\t\t<span class=\"elementor-icon-list-icon\">\n\t\t\t\t\t\t\t<i aria-hidden=\"true\" class=\"fas fa-dot-circle\"><\/i>\t\t\t\t\t\t<\/span>\n\t\t\t\t\t\t\t\t\t\t<span class=\"elementor-icon-list-text\">Les principales certifications \u00e9ligibles CPF<\/span>\n\t\t\t\t\t\t\t\t\t\t\t<\/a>\n\t\t\t\t\t\t\t\t\t<\/li>\n\t\t\t\t\t\t\t\t<li class=\"elementor-icon-list-item\">\n\t\t\t\t\t\t\t\t\t\t\t<a href=\"#question-4\">\n\n\t\t\t\t\t\t\t\t\t\t\t\t<span class=\"elementor-icon-list-icon\">\n\t\t\t\t\t\t\t<i aria-hidden=\"true\" class=\"fas fa-dot-circle\"><\/i>\t\t\t\t\t\t<\/span>\n\t\t\t\t\t\t\t\t\t\t<span class=\"elementor-icon-list-text\">Comment financer des s\u00e9jours linguistiques CPF ?<\/span>\n\t\t\t\t\t\t\t\t\t\t\t<\/a>\n\t\t\t\t\t\t\t\t\t<\/li>\n\t\t\t\t\t\t\t\t<li class=\"elementor-icon-list-item\">\n\t\t\t\t\t\t\t\t\t\t\t<a href=\"#question-5\">\n\n\t\t\t\t\t\t\t\t\t\t\t\t<span class=\"elementor-icon-list-icon\">\n\t\t\t\t\t\t\t<i aria-hidden=\"true\" class=\"fas fa-dot-circle\"><\/i>\t\t\t\t\t\t<\/span>\n\t\t\t\t\t\t\t\t\t\t<span class=\"elementor-icon-list-text\">Y a-t-il des langues \u00e9ligibles CPF autres que anglais, espagnol, allemand ?<\/span>\n\t\t\t\t\t\t\t\t\t\t\t<\/a>\n\t\t\t\t\t\t\t\t\t<\/li>\n\t\t\t\t\t\t\t\t<li class=\"elementor-icon-list-item\">\n\t\t\t\t\t\t\t\t\t\t\t<a href=\"#question-6\">\n\n\t\t\t\t\t\t\t\t\t\t\t\t<span class=\"elementor-icon-list-icon\">\n\t\t\t\t\t\t\t<i aria-hidden=\"true\" class=\"fas fa-dot-circle\"><\/i>\t\t\t\t\t\t<\/span>\n\t\t\t\t\t\t\t\t\t\t<span class=\"elementor-icon-list-text\">Quels crit\u00e8res consid\u00e9rer pour choisir la meilleure formation CPF ?<\/span>\n\t\t\t\t\t\t\t\t\t\t\t<\/a>\n\t\t\t\t\t\t\t\t\t<\/li>\n\t\t\t\t\t\t\t\t<li class=\"elementor-icon-list-item\">\n\t\t\t\t\t\t\t\t\t\t\t<a href=\"#question-7\">\n\n\t\t\t\t\t\t\t\t\t\t\t\t<span class=\"elementor-icon-list-icon\">\n\t\t\t\t\t\t\t<i aria-hidden=\"true\" class=\"fas fa-dot-circle\"><\/i>\t\t\t\t\t\t<\/span>\n\t\t\t\t\t\t\t\t\t\t<span class=\"elementor-icon-list-text\">Pourquoi choisir l\u2019\u00e9cole de langue CERAN pour ma formation linguistique ?<\/span>\n\t\t\t\t\t\t\t\t\t\t\t<\/a>\n\t\t\t\t\t\t\t\t\t<\/li>\n\t\t\t\t\t\t\t\t<li class=\"elementor-icon-list-item\">\n\t\t\t\t\t\t\t\t\t\t\t<a href=\"#question-8\">\n\n\t\t\t\t\t\t\t\t\t\t\t\t<span class=\"elementor-icon-list-icon\">\n\t\t\t\t\t\t\t<i aria-hidden=\"true\" class=\"fas fa-dot-circle\"><\/i>\t\t\t\t\t\t<\/span>\n\t\t\t\t\t\t\t\t\t\t<span class=\"elementor-icon-list-text\">L\u2019\u00e9cole de langue CERAN est-elle certifi\u00e9e Qualiopi ?<\/span>\n\t\t\t\t\t\t\t\t\t\t\t<\/a>\n\t\t\t\t\t\t\t\t\t<\/li>\n\t\t\t\t\t\t\t\t<li class=\"elementor-icon-list-item\">\n\t\t\t\t\t\t\t\t\t\t\t<a href=\"#question-9\">\n\n\t\t\t\t\t\t\t\t\t\t\t\t<span class=\"elementor-icon-list-icon\">\n\t\t\t\t\t\t\t<i aria-hidden=\"true\" class=\"fas fa-dot-circle\"><\/i>\t\t\t\t\t\t<\/span>\n\t\t\t\t\t\t\t\t\t\t<span class=\"elementor-icon-list-text\">CERAN propose-t-il des formations professionnelles linguistiques ?<\/span>\n\t\t\t\t\t\t\t\t\t\t\t<\/a>\n\t\t\t\t\t\t\t\t\t<\/li>\n\t\t\t\t\t\t\t\t<li class=\"elementor-icon-list-item\">\n\t\t\t\t\t\t\t\t\t\t\t<a href=\"#question-10\">\n\n\t\t\t\t\t\t\t\t\t\t\t\t<span class=\"elementor-icon-list-icon\">\n\t\t\t\t\t\t\t<i aria-hidden=\"true\" class=\"fas fa-dot-circle\"><\/i>\t\t\t\t\t\t<\/span>\n\t\t\t\t\t\t\t\t\t\t<span class=\"elementor-icon-list-text\">Puis-je r\u00e9aliser une formation linguistique durant mon temps de travail ?<\/span>\n\t\t\t\t\t\t\t\t\t\t\t<\/a>\n\t\t\t\t\t\t\t\t\t<\/li>\n\t\t\t\t\t\t\t\t<li class=\"elementor-icon-list-item\">\n\t\t\t\t\t\t\t\t\t\t\t<a href=\"#question-11\">\n\n\t\t\t\t\t\t\t\t\t\t\t\t<span class=\"elementor-icon-list-icon\">\n\t\t\t\t\t\t\t<i aria-hidden=\"true\" class=\"fas fa-dot-circle\"><\/i>\t\t\t\t\t\t<\/span>\n\t\t\t\t\t\t\t\t\t\t<span class=\"elementor-icon-list-text\">Comment est pris en charge ma d\u00e9marche CPF ?<\/span>\n\t\t\t\t\t\t\t\t\t\t\t<\/a>\n\t\t\t\t\t\t\t\t\t<\/li>\n\t\t\t\t\t\t\t\t<li class=\"elementor-icon-list-item\">\n\t\t\t\t\t\t\t\t\t\t\t<a href=\"#question-12\">\n\n\t\t\t\t\t\t\t\t\t\t\t\t<span class=\"elementor-icon-list-icon\">\n\t\t\t\t\t\t\t<i aria-hidden=\"true\" class=\"fas fa-dot-circle\"><\/i>\t\t\t\t\t\t<\/span>\n\t\t\t\t\t\t\t\t\t\t<span class=\"elementor-icon-list-text\">Comment \u00e9valuer mon niveau des langues ?<\/span>\n\t\t\t\t\t\t\t\t\t\t\t<\/a>\n\t\t\t\t\t\t\t\t\t<\/li>\n\t\t\t\t\t\t\t\t<li class=\"elementor-icon-list-item\">\n\t\t\t\t\t\t\t\t\t\t\t<a href=\"#question-13\">\n\n\t\t\t\t\t\t\t\t\t\t\t\t<span class=\"elementor-icon-list-icon\">\n\t\t\t\t\t\t\t<i aria-hidden=\"true\" class=\"fas fa-dot-circle\"><\/i>\t\t\t\t\t\t<\/span>\n\t\t\t\t\t\t\t\t\t\t<span class=\"elementor-icon-list-text\">Qu'est-ce que la Caisse des D\u00e9p\u00f4ts, gestionnaire de Mon Compte personnel de Formation ?<\/span>\n\t\t\t\t\t\t\t\t\t\t\t<\/a>\n\t\t\t\t\t\t\t\t\t<\/li>\n\t\t\t\t\t\t\t\t<li class=\"elementor-icon-list-item\">\n\t\t\t\t\t\t\t\t\t\t\t<a href=\"#question-14\">\n\n\t\t\t\t\t\t\t\t\t\t\t\t<span class=\"elementor-icon-list-icon\">\n\t\t\t\t\t\t\t<i aria-hidden=\"true\" class=\"fas fa-dot-circle\"><\/i>\t\t\t\t\t\t<\/span>\n\t\t\t\t\t\t\t\t\t\t<span class=\"elementor-icon-list-text\">CPF compte personnel : qui paye quoi et combien ?<\/span>\n\t\t\t\t\t\t\t\t\t\t\t<\/a>\n\t\t\t\t\t\t\t\t\t<\/li>\n\t\t\t\t\t\t\t\t<li class=\"elementor-icon-list-item\">\n\t\t\t\t\t\t\t\t\t\t\t<a href=\"#question-15\">\n\n\t\t\t\t\t\t\t\t\t\t\t\t<span class=\"elementor-icon-list-icon\">\n\t\t\t\t\t\t\t<i aria-hidden=\"true\" class=\"fas fa-dot-circle\"><\/i>\t\t\t\t\t\t<\/span>\n\t\t\t\t\t\t\t\t\t\t<span class=\"elementor-icon-list-text\">Comment financer ma formation en anglais par P\u00f4le emploi ?<\/span>\n\t\t\t\t\t\t\t\t\t\t\t<\/a>\n\t\t\t\t\t\t\t\t\t<\/li>\n\t\t\t\t\t\t<\/ul>\n\t\t\t\t\t\t<\/div>\n\t\t\t\t<\/div>\n\t\t\t\t\t<\/div>\n\t\t<\/div>\n\t\t\t\t\t<\/div>\n\t\t<\/section>\n\t\t\t\t\t<\/div>\n\t\t<\/div>\n\t\t\t\t<div class=\"elementor-column elementor-col-50 elementor-top-column elementor-element elementor-element-4ca0eac9\" data-id=\"4ca0eac9\" data-element_type=\"column\" data-e-type=\"column\">\n\t\t\t<div class=\"elementor-widget-wrap elementor-element-populated\">\n\t\t\t\t\t\t<section class=\"elementor-section elementor-inner-section elementor-element elementor-element-4537078e elementor-section-boxed elementor-section-height-default elementor-section-height-default\" data-id=\"4537078e\" data-element_type=\"section\" data-e-type=\"section\" id=\"question-1\">\n\t\t\t\t\t\t<div class=\"elementor-container elementor-column-gap-default\">\n\t\t\t\t\t<div class=\"elementor-column elementor-col-100 elementor-inner-column elementor-element elementor-element-a228987\" data-id=\"a228987\" data-element_type=\"column\" data-e-type=\"column\">\n\t\t\t<div class=\"elementor-widget-wrap elementor-element-populated\">\n\t\t\t\t\t\t<div class=\"elementor-element elementor-element-407400c0 elementor-widget elementor-widget-text-editor\" data-id=\"407400c0\" data-element_type=\"widget\" data-e-type=\"widget\" data-widget_type=\"text-editor.default\">\n\t\t\t\t<div class=\"elementor-widget-container\">\n\t\t\t\t\t\t\t\t\t<h2>Pourquoi s&rsquo;inscrire \u00e0 une formation linguistique CPF ?<\/h2><p><span style=\"font-weight: 400;\">D\u00e9velopper vos comp\u00e9tences linguistiques peut faire partie des qualifications et des pr\u00e9requis n\u00e9cessaires\u00a0 pour un programme de formation, par exemple pour int\u00e9grer une \u00e9cole de commerce, mais elle peut aussi servir de preuve de vos talents aupr\u00e8s d&rsquo;un employeur.<\/span><\/p><p><span style=\"font-weight: 400;\">Saviez-vous qu\u2019une bonne formation linguistique vous permet en effet d&rsquo;am\u00e9liorer votre CV. D\u00e9velopper vos comp\u00e9tences en langue fortifie votre profil et vous donne un nouvel \u00e9lan pour \u00e9voluer dans votre fonction actuelle.<\/span><\/p><p><span style=\"font-weight: 400;\">Tout comme changer de carri\u00e8re, faciliter votre mobilit\u00e9 internationale, voire trouver un emploi plus rapidement si vous en cherchez un.<\/span><\/p><p><span style=\"font-weight: 400;\">Donc, choisissez parmi un large \u00e9ventail de formations accr\u00e9dit\u00e9es en langues vivantes en fonction de vos objectifs, de vos besoins et de vos connaissances existantes.<\/span><\/p>\t\t\t\t\t\t\t\t<\/div>\n\t\t\t\t<\/div>\n\t\t\t\t\t<\/div>\n\t\t<\/div>\n\t\t\t\t\t<\/div>\n\t\t<\/section>\n\t\t\t\t<div class=\"elementor-element elementor-element-6f4970b0 elementor-blockquote--skin-quotation elementor-blockquote--align-center elementor-widget elementor-widget-blockquote\" data-id=\"6f4970b0\" data-element_type=\"widget\" data-e-type=\"widget\" data-widget_type=\"blockquote.default\">\n\t\t\t\t<div class=\"elementor-widget-container\">\n\t\t\t\t\t\t\t<blockquote class=\"elementor-blockquote\">\n\t\t\t<p class=\"elementor-blockquote__content\">\n\t\t\t\tLe succ\u00e8s d\u2019un dispositif dynamique qui d\u00e9mocratise l\u2019acc\u00e8s \u00e0 la formation professionnelle \t\t\t<\/p>\n\t\t\t\t\t\t\t<div class=\"e-q-footer\">\n\t\t\t\t\t\t\t\t\t\t\t<cite class=\"elementor-blockquote__author\">Michel Hahiel | Directeur des politiques sociales de la Caisse des D\u00e9p\u00f4ts<\/cite>\n\t\t\t\t\t\t\t\t\t\t\t\t\t\t<\/div>\n\t\t\t\t\t<\/blockquote>\n\t\t\t\t\t\t<\/div>\n\t\t\t\t<\/div>\n\t\t\t\t<div class=\"elementor-element elementor-element-23e2bfec elementor-widget-divider--view-line elementor-widget elementor-widget-divider\" data-id=\"23e2bfec\" data-element_type=\"widget\" data-e-type=\"widget\" data-widget_type=\"divider.default\">\n\t\t\t\t<div class=\"elementor-widget-container\">\n\t\t\t\t\t\t\t<div class=\"elementor-divider\">\n\t\t\t<span class=\"elementor-divider-separator\">\n\t\t\t\t\t\t<\/span>\n\t\t<\/div>\n\t\t\t\t\t\t<\/div>\n\t\t\t\t<\/div>\n\t\t\t\t<section class=\"elementor-section elementor-inner-section elementor-element elementor-element-d0d91fb elementor-section-boxed elementor-section-height-default elementor-section-height-default\" data-id=\"d0d91fb\" data-element_type=\"section\" data-e-type=\"section\" id=\"question-2\">\n\t\t\t\t\t\t<div class=\"elementor-container elementor-column-gap-default\">\n\t\t\t\t\t<div class=\"elementor-column elementor-col-100 elementor-inner-column elementor-element elementor-element-93b27bf\" data-id=\"93b27bf\" data-element_type=\"column\" data-e-type=\"column\">\n\t\t\t<div class=\"elementor-widget-wrap elementor-element-populated\">\n\t\t\t\t\t\t<div class=\"elementor-element elementor-element-4884d01 elementor-widget elementor-widget-text-editor\" data-id=\"4884d01\" data-element_type=\"widget\" data-e-type=\"widget\" data-widget_type=\"text-editor.default\">\n\t\t\t\t<div class=\"elementor-widget-container\">\n\t\t\t\t\t\t\t\t\t<h2>Les principales langues \u00e9ligibles au CPF<\/h2><ul><li><span style=\"color: #3366ff;\"><a style=\"color: #3366ff;\" href=\"https:\/\/www.ceran.com\/fr\/formation-langue-cpf\/cours-d-anglais-cpf\/\"><span style=\"font-weight: 400;\">CPF d\u2019anglais<\/span><\/a><\/span><\/li><li><span style=\"font-weight: 400;\">CPF d\u2019espagnol<\/span><\/li><li><span style=\"font-weight: 400;\">CPF d\u2019Allemand<\/span><\/li><li><span style=\"font-weight: 400;\">CPF d\u2019italien<\/span><\/li><li><span style=\"font-weight: 400;\">CPF d\u2019arabe<\/span><\/li><li><span style=\"font-weight: 400;\">CPF d\u2019h\u00e9breu<\/span><\/li><li><span style=\"font-weight: 400;\">CPF de polonais<\/span><\/li><li><span style=\"font-weight: 400;\">CPF de portugais<\/span><\/li><li><span style=\"font-weight: 400;\">CPF de chinois<\/span><\/li><li><span style=\"font-weight: 400;\">CPF de japonais<\/span><\/li><\/ul>\t\t\t\t\t\t\t\t<\/div>\n\t\t\t\t<\/div>\n\t\t\t\t\t<\/div>\n\t\t<\/div>\n\t\t\t\t\t<\/div>\n\t\t<\/section>\n\t\t\t\t<div class=\"elementor-element elementor-element-2a8dec84 elementor-widget elementor-widget-testimonial\" data-id=\"2a8dec84\" data-element_type=\"widget\" data-e-type=\"widget\" data-widget_type=\"testimonial.default\">\n\t\t\t\t<div class=\"elementor-widget-container\">\n\t\t\t\t\t\t\t<div class=\"elementor-testimonial-wrapper\">\n\t\t\t\t\t\t\t<div class=\"elementor-testimonial-content\">CERAN m'a pris par la main en m'aidant \u00e0 mobiliser facilement mon CPF pour financer ma formation en anglais.<\/div>\n\t\t\t\n\t\t\t\t\t\t<div class=\"elementor-testimonial-meta elementor-has-image elementor-testimonial-image-position-aside\">\n\t\t\t\t<div class=\"elementor-testimonial-meta-inner\">\n\t\t\t\t\t\t\t\t\t\t\t<div class=\"elementor-testimonial-image\">\n\t\t\t\t\t\t\t<img decoding=\"async\" width=\"597\" height=\"541\" src=\"https:\/\/www.ceran.com\/wp-content\/uploads\/2022\/11\/temoignage-CPF.jpg\" class=\"attachment-full size-full wp-image-66875\" alt=\"temoignage CPF\" srcset=\"https:\/\/www.ceran.com\/wp-content\/uploads\/2022\/11\/temoignage-CPF.jpg 597w, https:\/\/www.ceran.com\/wp-content\/uploads\/2022\/11\/temoignage-CPF-300x272.jpg 300w\" sizes=\"(max-width: 597px) 100vw, 597px\" \/>\t\t\t\t\t\t<\/div>\n\t\t\t\t\t\n\t\t\t\t\t\t\t\t\t\t<div class=\"elementor-testimonial-details\">\n\t\t\t\t\t\t\t\t\t\t\t\t\t\t<div class=\"elementor-testimonial-name\">Alain M<\/div>\n\t\t\t\t\t\t\t\t\t\t\t\t\t\t\t\t\t\t\t\t\t\t<div class=\"elementor-testimonial-job\">Employ\u00e9 en reconversion professionnelle<\/div>\n\t\t\t\t\t\t\t\t\t\t\t\t\t<\/div>\n\t\t\t\t\t\t\t\t\t<\/div>\n\t\t\t<\/div>\n\t\t\t\t\t<\/div>\n\t\t\t\t\t\t<\/div>\n\t\t\t\t<\/div>\n\t\t\t\t<div class=\"elementor-element elementor-element-6b476df6 elementor-widget-divider--view-line elementor-widget elementor-widget-divider\" data-id=\"6b476df6\" data-element_type=\"widget\" data-e-type=\"widget\" data-widget_type=\"divider.default\">\n\t\t\t\t<div class=\"elementor-widget-container\">\n\t\t\t\t\t\t\t<div class=\"elementor-divider\">\n\t\t\t<span class=\"elementor-divider-separator\">\n\t\t\t\t\t\t<\/span>\n\t\t<\/div>\n\t\t\t\t\t\t<\/div>\n\t\t\t\t<\/div>\n\t\t\t\t<section class=\"elementor-section elementor-inner-section elementor-element elementor-element-476ffbc elementor-section-boxed elementor-section-height-default elementor-section-height-default\" data-id=\"476ffbc\" data-element_type=\"section\" data-e-type=\"section\" id=\"question-3\">\n\t\t\t\t\t\t<div class=\"elementor-container elementor-column-gap-default\">\n\t\t\t\t\t<div class=\"elementor-column elementor-col-100 elementor-inner-column elementor-element elementor-element-5dbef12\" data-id=\"5dbef12\" data-element_type=\"column\" data-e-type=\"column\">\n\t\t\t<div class=\"elementor-widget-wrap elementor-element-populated\">\n\t\t\t\t\t\t<div class=\"elementor-element elementor-element-3437a85 elementor-widget elementor-widget-text-editor\" data-id=\"3437a85\" data-element_type=\"widget\" data-e-type=\"widget\" data-widget_type=\"text-editor.default\">\n\t\t\t\t<div class=\"elementor-widget-container\">\n\t\t\t\t\t\t\t\t\t<h2>Les principales certifications \u00e9ligibles CPF<\/h2><h3>\u00a0<\/h3><h3>TOEIC<\/h3><p><span style=\"font-weight: 400;\">Le programme TOEIC est une norme d&rsquo;\u00e9valuation des comp\u00e9tences en anglais pour des raisons professionnelles.<\/span><\/p><p><span style=\"font-weight: 400;\">Les \u00e9valuations TOEIC sont utilis\u00e9es par des milliers d&rsquo;entreprises, organisations gouvernementales et programmes \u00e9ducatifs dans plus de 160 pays \u00e0 travers le monde, avec plus de 6 millions d&rsquo;examens administr\u00e9s chaque ann\u00e9e.<\/span><\/p><p><span style=\"font-weight: 400;\">Les tests TOEIC mesurent les quatre comp\u00e9tences linguistiques &#8211; \u00e9couter, parler et \u00e9crire &#8211; et fournissent des scores pr\u00e9cis, fiables et justes. Ils fournissent une \u00e9valuation approfondie de vos comp\u00e9tences en anglais.<\/span><\/p><h3>\u00a0<\/h3><h3>Bright Languages International Speaking Solution ou BLISS :<\/h3><p><span style=\"font-weight: 400;\">Le test BLISS, qui signifie Bright Language International Speaking Solutions, \u00e9value les capacit\u00e9s de communication orale de vos employ\u00e9s.<\/span><\/p><p><span style=\"font-weight: 400;\">Il donne une id\u00e9e d\u00e9taill\u00e9e des comp\u00e9tences linguistiques de la personne dans un contexte professionnel en combinant une \u00e9valuation en ligne et un test d&rsquo;expression orale r\u00e9alis\u00e9 par t\u00e9l\u00e9phone ou via Skype.<\/span><\/p><p><span style=\"font-weight: 400;\">Les langues suivantes peuvent \u00e9galement faire l&rsquo;objet de ce test.<\/span><\/p><ul><li style=\"font-weight: 400;\" aria-level=\"1\"><span style=\"font-weight: 400;\">Espagnol<\/span><\/li><li style=\"font-weight: 400;\" aria-level=\"1\"><span style=\"font-weight: 400;\">Fran\u00e7ais<\/span><\/li><li style=\"font-weight: 400;\" aria-level=\"1\"><span style=\"font-weight: 400;\">Allemand<\/span><\/li><li style=\"font-weight: 400;\" aria-level=\"1\"><span style=\"font-weight: 400;\">Italien<\/span><\/li><\/ul><h3>\u00a0<\/h3><h3>LINGUASKILL<\/h3><p><span style=\"font-weight: 400;\">Deux examens d&rsquo;anglais de pointe, rapides et pr\u00e9cis, appel\u00e9s Linguaskill de Cambridge, sont bas\u00e9s sur les capacit\u00e9s linguistiques utilis\u00e9es dans des contextes quotidiens.<\/span><\/p><p><span style=\"font-weight: 400;\">Alors que Linguaskill Business se concentre principalement sur les questions administratives et commerciales, Linguaskill General traite des circonstances quotidiennes, tant professionnelles que personnelles.<\/span><\/p><p><span style=\"font-weight: 400;\">Vous pouvez d\u00e9montrer votre ma\u00eetrise de toutes les comp\u00e9tences linguistiques (compr\u00e9hension\/expression, \u00e9crit\/oral) avec Linguaskill, qui est complet.<\/span><\/p><h3>\u00a0<\/h3><h3>LILATE<\/h3><p><span style=\"font-weight: 400;\">L&rsquo;examen multilingue LILATE r\u00e9pond aux exigences de nombreuses entreprises. Cet examen adaptatif en ligne a \u00e9t\u00e9 cr\u00e9\u00e9 pour aider les entreprises et les organismes de formation \u00e0 \u00e9valuer la capacit\u00e9 d&rsquo;interaction d&rsquo;un candidat dans un cadre professionnel, au-del\u00e0 de la ma\u00eetrise de la langue.<\/span><\/p><p><span style=\"font-weight: 400;\">Un locuteur natif \u00e9value les capacit\u00e9s orales et \u00e9crites du candidat. Les r\u00e9sultats sont disponibles dans les 24 heures.<\/span><\/p><p><span style=\"font-weight: 400;\">Le test LILATE peut \u00eatre utilis\u00e9 pour \u00e9valuer vos comp\u00e9tences dans les langues suivantes en plus de l&rsquo;anglais :<\/span><\/p><ul><li><span style=\"font-weight: 400;\">Espagnol<\/span><\/li><li><span style=\"font-weight: 400;\">Allemand<\/span><\/li><li><span style=\"font-weight: 400;\">Italien<\/span><\/li><li><span style=\"font-weight: 400;\">Fran\u00e7ais FLE<\/span><\/li><li><span style=\"font-weight: 400;\">Chinois<\/span><\/li><li><span style=\"font-weight: 400;\">Japonais<\/span><\/li><li><span style=\"font-weight: 400;\">Hindi<\/span><\/li><li><span style=\"font-weight: 400;\">Langue des signes<\/span><\/li><li><span style=\"font-weight: 400;\">Polonais<\/span><\/li><li><span style=\"font-weight: 400;\">Norv\u00e9gien<\/span><\/li><li><span style=\"font-weight: 400;\">Russe<\/span><\/li><li><span style=\"font-weight: 400;\">H\u00e9breu<\/span><\/li><li><span style=\"font-weight: 400;\">Arabe<\/span><\/li><li><span style=\"font-weight: 400;\">Portugais\u00a0\u00a0<\/span><\/li><li><span style=\"font-weight: 400;\">Portugais-br\u00e9silien<\/span><\/li><\/ul><h3>\u00a0<\/h3><h3>Le dipl\u00f4me de comp\u00e9tence en langue, ou DCL<\/h3><p><span style=\"font-weight: 400;\">Sp\u00e9cifiquement con\u00e7u pour les adultes, le Dipl\u00f4me de comp\u00e9tence en langue (DCL) est un dipl\u00f4me professionnel national. Il r\u00e9pond aux exigences du monde \u00e9conomique. Son originalit\u00e9 : \u00e9valuer la comp\u00e9tence linguistique dans un cadre proche du monde du travail.<\/span><\/p><p><span style=\"font-weight: 400;\">Les candidats re\u00e7oivent une certification qui mentionne l&rsquo;un des niveaux du Cadre europ\u00e9en commun de r\u00e9f\u00e9rence pour les langues, en fonction de leurs r\u00e9sultats (CECR).<\/span><\/p><p><span style=\"font-weight: 400;\">Le DLC vous permet d&rsquo;\u00e9valuer non seulement vos comp\u00e9tences en anglais, mais aussi vos connaissances dans les langues suivantes :<\/span><\/p><ul><li style=\"font-weight: 400;\" aria-level=\"1\"><span style=\"font-weight: 400;\">Espagnol<\/span><\/li><li style=\"font-weight: 400;\" aria-level=\"1\"><span style=\"font-weight: 400;\">Allemand<\/span><\/li><li style=\"font-weight: 400;\" aria-level=\"1\"><span style=\"font-weight: 400;\">Italien<\/span><\/li><li style=\"font-weight: 400;\" aria-level=\"1\"><span style=\"font-weight: 400;\">Portugais<\/span><\/li><li style=\"font-weight: 400;\" aria-level=\"1\"><span style=\"font-weight: 400;\">Russe<\/span><\/li><li style=\"font-weight: 400;\" aria-level=\"1\"><span style=\"font-weight: 400;\">Signe fran\u00e7ais<\/span><\/li><li style=\"font-weight: 400;\" aria-level=\"1\"><span style=\"font-weight: 400;\">Arabe<\/span><\/li><li style=\"font-weight: 400;\" aria-level=\"1\"><span style=\"font-weight: 400;\">Chinois<\/span><\/li><\/ul><h3>\u00a0<\/h3><h3>TOEFL<\/h3><p><span style=\"font-weight: 400;\">\u00c0 chaque niveau du parcours scolaire et de l&rsquo;\u00e9ducation d&rsquo;un \u00e9tudiant, la comp\u00e9tence en anglais est \u00e9valu\u00e9e \u00e0 l&rsquo;aide des tests TOEFL. Les tests TOEFL vous permettent d&rsquo;obtenir, comme p\u00e9dagogue, les bilans de comp\u00e9tences linguistiques dont vous avez besoin.<\/span><\/p><p><span style=\"font-weight: 400;\">Ceci, pour prendre des d\u00e9cisions sur des sujets importants tels que, les admissions et le regroupement des classes, jusqu&rsquo;\u00e0 la reconnaissance des acquis de vos \u00e9l\u00e8ves.<\/span><\/p>\t\t\t\t\t\t\t\t<\/div>\n\t\t\t\t<\/div>\n\t\t\t\t\t<\/div>\n\t\t<\/div>\n\t\t\t\t\t<\/div>\n\t\t<\/section>\n\t\t\t\t<div class=\"elementor-element elementor-element-3a15c137 elementor-widget-divider--view-line elementor-widget elementor-widget-divider\" data-id=\"3a15c137\" data-element_type=\"widget\" data-e-type=\"widget\" data-widget_type=\"divider.default\">\n\t\t\t\t<div class=\"elementor-widget-container\">\n\t\t\t\t\t\t\t<div class=\"elementor-divider\">\n\t\t\t<span class=\"elementor-divider-separator\">\n\t\t\t\t\t\t<\/span>\n\t\t<\/div>\n\t\t\t\t\t\t<\/div>\n\t\t\t\t<\/div>\n\t\t\t\t<section class=\"elementor-section elementor-inner-section elementor-element elementor-element-00adfb5 elementor-section-boxed elementor-section-height-default elementor-section-height-default\" data-id=\"00adfb5\" data-element_type=\"section\" data-e-type=\"section\" id=\"question-4\">\n\t\t\t\t\t\t<div class=\"elementor-container elementor-column-gap-default\">\n\t\t\t\t\t<div class=\"elementor-column elementor-col-100 elementor-inner-column elementor-element elementor-element-a75d5d5\" data-id=\"a75d5d5\" data-element_type=\"column\" data-e-type=\"column\">\n\t\t\t<div class=\"elementor-widget-wrap elementor-element-populated\">\n\t\t\t\t\t\t<div class=\"elementor-element elementor-element-2b64711 elementor-widget elementor-widget-text-editor\" data-id=\"2b64711\" data-element_type=\"widget\" data-e-type=\"widget\" data-widget_type=\"text-editor.default\">\n\t\t\t\t<div class=\"elementor-widget-container\">\n\t\t\t\t\t\t\t\t\t<h2>Comment financer des s\u00e9jours linguistiques CPF ?<\/h2><p><span style=\"font-weight: 400;\">Votre formation CERAN en France peut \u00eatre partiellement ou totalement financ\u00e9e par le CPF (Compte Personnel de Formation). Le CPF a le double avantage de financer \u00e0 la fois votre apprentissage interculturel et linguistique ! N&rsquo;h\u00e9sitez pas \u00e0 nous contacter pour que nos \u00e9quipes puissent vous accompagner dans vos d\u00e9marches.<\/span><\/p><p><span style=\"color: #3366ff;\"><a style=\"color: #3366ff;\" href=\"https:\/\/www.ceran.com\/fr\/cpf\/comment-utiliser-mon-cpf\/\"><span style=\"font-weight: 400;\">En savoir plus sur le CPF<\/span><\/a><\/span><\/p>\t\t\t\t\t\t\t\t<\/div>\n\t\t\t\t<\/div>\n\t\t\t\t\t<\/div>\n\t\t<\/div>\n\t\t\t\t\t<\/div>\n\t\t<\/section>\n\t\t\t\t<div class=\"elementor-element elementor-element-60dd491 elementor-widget-divider--view-line elementor-widget elementor-widget-divider\" data-id=\"60dd491\" data-element_type=\"widget\" data-e-type=\"widget\" data-widget_type=\"divider.default\">\n\t\t\t\t<div class=\"elementor-widget-container\">\n\t\t\t\t\t\t\t<div class=\"elementor-divider\">\n\t\t\t<span class=\"elementor-divider-separator\">\n\t\t\t\t\t\t<\/span>\n\t\t<\/div>\n\t\t\t\t\t\t<\/div>\n\t\t\t\t<\/div>\n\t\t\t\t<section class=\"elementor-section elementor-inner-section elementor-element elementor-element-cea4077 elementor-section-boxed elementor-section-height-default elementor-section-height-default\" data-id=\"cea4077\" data-element_type=\"section\" data-e-type=\"section\" id=\"question-5\">\n\t\t\t\t\t\t<div class=\"elementor-container elementor-column-gap-default\">\n\t\t\t\t\t<div class=\"elementor-column elementor-col-100 elementor-inner-column elementor-element elementor-element-136e9b6\" data-id=\"136e9b6\" data-element_type=\"column\" data-e-type=\"column\">\n\t\t\t<div class=\"elementor-widget-wrap elementor-element-populated\">\n\t\t\t\t\t\t<div class=\"elementor-element elementor-element-883b2ca elementor-widget elementor-widget-text-editor\" data-id=\"883b2ca\" data-element_type=\"widget\" data-e-type=\"widget\" data-widget_type=\"text-editor.default\">\n\t\t\t\t<div class=\"elementor-widget-container\">\n\t\t\t\t\t\t\t\t\t<h2>Y a-t-il des langues \u00e9ligibles CPF autres que anglais, espagnol, allemand ?<\/h2><p><span style=\"font-weight: 400;\">Vous pr\u00e9f\u00e9rez apprendre rapidement une nouvelle langue ou am\u00e9liorer une langue que vous parlez d\u00e9j\u00e0 fr\u00e9quemment ?<\/span><\/p><p><span style=\"font-weight: 400;\">Choisissez le CERAN pour vous aider et vous orienter dans votre \u00e9tude. De nombreuses langues sont disponibles sur le CERAN. En savoir plus sur l&rsquo;environnement \u00e9ducatif du CERAN.<\/span><\/p><ul><li><span style=\"font-weight: 400;\">Allemand<\/span><\/li><li><span style=\"color: #3366ff;\"><a style=\"color: #3366ff;\" href=\"https:\/\/www.ceran.com\/fr\/formation-langue-cpf\/cours-d-anglais-cpf\/\"><span style=\"font-weight: 400;\">Anglais<\/span><\/a><\/span><\/li><li><span style=\"font-weight: 400;\">Arabe<\/span><\/li><li><span style=\"font-weight: 400;\">Chinois<\/span><\/li><li><span style=\"font-weight: 400;\">Espagnol<\/span><\/li><li><span style=\"font-weight: 400;\">Fran\u00e7ais<\/span><\/li><li><span style=\"font-weight: 400;\">Italien<\/span><\/li><li><span style=\"font-weight: 400;\">Japonais<\/span><\/li><li><span style=\"font-weight: 400;\">Dutch<\/span><\/li><li><span style=\"font-weight: 400;\">Portugais<\/span><\/li><li><span style=\"font-weight: 400;\">Russe<\/span><\/li><\/ul><p><span style=\"font-weight: 400;\"><br \/>Vous ne trouvez pas la langue que vous voulez ?<\/span><\/p><p><span style=\"font-weight: 400;\">N&rsquo;h\u00e9sitez pas \u00e0 nous contacter si vous ne trouvez pas la langue que vous souhaitez ma\u00eetriser ou apprendre afin que nous puissions vous proposer une solution sur mesure qui r\u00e9ponde \u00e0 vos besoins<\/span><\/p>\t\t\t\t\t\t\t\t<\/div>\n\t\t\t\t<\/div>\n\t\t\t\t\t<\/div>\n\t\t<\/div>\n\t\t\t\t\t<\/div>\n\t\t<\/section>\n\t\t\t\t<div class=\"elementor-element elementor-element-5bd8a714 elementor-widget-divider--view-line elementor-widget elementor-widget-divider\" data-id=\"5bd8a714\" data-element_type=\"widget\" data-e-type=\"widget\" data-widget_type=\"divider.default\">\n\t\t\t\t<div class=\"elementor-widget-container\">\n\t\t\t\t\t\t\t<div class=\"elementor-divider\">\n\t\t\t<span class=\"elementor-divider-separator\">\n\t\t\t\t\t\t<\/span>\n\t\t<\/div>\n\t\t\t\t\t\t<\/div>\n\t\t\t\t<\/div>\n\t\t\t\t<section class=\"elementor-section elementor-inner-section elementor-element elementor-element-0817635 elementor-section-boxed elementor-section-height-default elementor-section-height-default\" data-id=\"0817635\" data-element_type=\"section\" data-e-type=\"section\" id=\"question-6\">\n\t\t\t\t\t\t<div class=\"elementor-container elementor-column-gap-default\">\n\t\t\t\t\t<div class=\"elementor-column elementor-col-100 elementor-inner-column elementor-element elementor-element-bead69b\" data-id=\"bead69b\" data-element_type=\"column\" data-e-type=\"column\">\n\t\t\t<div class=\"elementor-widget-wrap elementor-element-populated\">\n\t\t\t\t\t\t<div class=\"elementor-element elementor-element-e18e4ca elementor-widget elementor-widget-text-editor\" data-id=\"e18e4ca\" data-element_type=\"widget\" data-e-type=\"widget\" data-widget_type=\"text-editor.default\">\n\t\t\t\t<div class=\"elementor-widget-container\">\n\t\t\t\t\t\t\t\t\t<h2>Quels crit\u00e8res consid\u00e9rer pour choisir la meilleure formation CPF ?<\/h2><p><span style=\"font-weight: 400;\">Voici les questions importantes que vous devriez vous poser avant de choisir la bonne \u00e9cole de langue pour votre formation linguistique CPF.<\/span><\/p><ol><li style=\"font-weight: 400;\" aria-level=\"1\"><span style=\"font-weight: 400;\">Depuis combien de temps l\u2019\u00e9cole de langue existe-t-elle ?<\/span><\/li><li style=\"font-weight: 400;\" aria-level=\"1\"><span style=\"font-weight: 400;\">Combien d\u2019\u00e9l\u00e8ves cette \u00e9cole de langue a-t-elle d\u00e9j\u00e0 form\u00e9s ?<\/span><\/li><li style=\"font-weight: 400;\" aria-level=\"1\"><span style=\"font-weight: 400;\">Quel est le taux de satisfaction des anciens \u00e9l\u00e8ves ayant d\u00e9j\u00e0 \u00e9t\u00e9 form\u00e9s ?<\/span><\/li><li style=\"font-weight: 400;\" aria-level=\"1\"><span style=\"font-weight: 400;\">Les professeurs sont-ils natifs ?<\/span><\/li><li style=\"font-weight: 400;\" aria-level=\"1\"><span style=\"font-weight: 400;\">Quelle est la m\u00e9thodologie utilis\u00e9e ? A-t-elle d\u00e9j\u00e0 fait ses preuves ? Est-elle brevet\u00e9e ?<\/span><\/li><\/ol><p><span style=\"font-weight: 400;\">CERAN est une \u00e9cole de langue tr\u00e8s r\u00e9put\u00e9e et existante en France, Belgique et Suisse, depuis 47 ans. Elle a d\u00e9j\u00e0 form\u00e9 plus 150.000 \u00e9tudiants, parmi lesquels des ministres, CEO, cadres, et personnalit\u00e9s m\u00e9diatiques.<\/span><\/p><p><span style=\"font-weight: 400;\">De par sa m\u00e9thodologie d&rsquo;apprentissage rapide et brevet\u00e9e, elle permet aux professionnels, jeunes adultes, et enfants d\u2019apprendre une nouvelle langue, parmis 11 langues \u00e9trang\u00e8res<\/span><\/p>\t\t\t\t\t\t\t\t<\/div>\n\t\t\t\t<\/div>\n\t\t\t\t\t<\/div>\n\t\t<\/div>\n\t\t\t\t\t<\/div>\n\t\t<\/section>\n\t\t\t\t<section class=\"elementor-section elementor-inner-section elementor-element elementor-element-8b1af97 elementor-section-boxed elementor-section-height-default elementor-section-height-default\" data-id=\"8b1af97\" data-element_type=\"section\" data-e-type=\"section\" id=\"question-7\">\n\t\t\t\t\t\t<div class=\"elementor-container elementor-column-gap-default\">\n\t\t\t\t\t<div class=\"elementor-column elementor-col-100 elementor-inner-column elementor-element elementor-element-698e67ad\" data-id=\"698e67ad\" data-element_type=\"column\" data-e-type=\"column\">\n\t\t\t<div class=\"elementor-widget-wrap elementor-element-populated\">\n\t\t\t\t\t\t<div class=\"elementor-element elementor-element-1266fdb1 elementor-widget elementor-widget-testimonial\" data-id=\"1266fdb1\" data-element_type=\"widget\" data-e-type=\"widget\" data-widget_type=\"testimonial.default\">\n\t\t\t\t<div class=\"elementor-widget-container\">\n\t\t\t\t\t\t\t<div class=\"elementor-testimonial-wrapper\">\n\t\t\t\t\t\t\t<div class=\"elementor-testimonial-content\">CERAN m'a pris par la main en m'aidant \u00e0 mobiliser facilement mon CPF pour financer ma formation en anglais.<\/div>\n\t\t\t\n\t\t\t\t\t\t<div class=\"elementor-testimonial-meta elementor-has-image elementor-testimonial-image-position-aside\">\n\t\t\t\t<div class=\"elementor-testimonial-meta-inner\">\n\t\t\t\t\t\t\t\t\t\t\t<div class=\"elementor-testimonial-image\">\n\t\t\t\t\t\t\t<img decoding=\"async\" width=\"597\" height=\"541\" src=\"https:\/\/www.ceran.com\/wp-content\/uploads\/2022\/11\/temoignage-CPF.jpg\" class=\"attachment-full size-full wp-image-66875\" alt=\"temoignage CPF\" srcset=\"https:\/\/www.ceran.com\/wp-content\/uploads\/2022\/11\/temoignage-CPF.jpg 597w, https:\/\/www.ceran.com\/wp-content\/uploads\/2022\/11\/temoignage-CPF-300x272.jpg 300w\" sizes=\"(max-width: 597px) 100vw, 597px\" \/>\t\t\t\t\t\t<\/div>\n\t\t\t\t\t\n\t\t\t\t\t\t\t\t\t\t<div class=\"elementor-testimonial-details\">\n\t\t\t\t\t\t\t\t\t\t\t\t\t\t<div class=\"elementor-testimonial-name\">Alain M<\/div>\n\t\t\t\t\t\t\t\t\t\t\t\t\t\t\t\t\t\t\t\t\t\t<div class=\"elementor-testimonial-job\">Employ\u00e9 en reconversion professionnelle<\/div>\n\t\t\t\t\t\t\t\t\t\t\t\t\t<\/div>\n\t\t\t\t\t\t\t\t\t<\/div>\n\t\t\t<\/div>\n\t\t\t\t\t<\/div>\n\t\t\t\t\t\t<\/div>\n\t\t\t\t<\/div>\n\t\t\t\t\t<\/div>\n\t\t<\/div>\n\t\t\t\t\t<\/div>\n\t\t<\/section>\n\t\t\t\t<div class=\"elementor-element elementor-element-1aa960cd elementor-widget-divider--view-line elementor-widget elementor-widget-divider\" data-id=\"1aa960cd\" data-element_type=\"widget\" data-e-type=\"widget\" data-widget_type=\"divider.default\">\n\t\t\t\t<div class=\"elementor-widget-container\">\n\t\t\t\t\t\t\t<div class=\"elementor-divider\">\n\t\t\t<span class=\"elementor-divider-separator\">\n\t\t\t\t\t\t<\/span>\n\t\t<\/div>\n\t\t\t\t\t\t<\/div>\n\t\t\t\t<\/div>\n\t\t\t\t<section class=\"elementor-section elementor-inner-section elementor-element elementor-element-a6b2e3f elementor-section-boxed elementor-section-height-default elementor-section-height-default\" data-id=\"a6b2e3f\" data-element_type=\"section\" data-e-type=\"section\" id=\"question-7\">\n\t\t\t\t\t\t<div class=\"elementor-container elementor-column-gap-default\">\n\t\t\t\t\t<div class=\"elementor-column elementor-col-100 elementor-inner-column elementor-element elementor-element-1e85817\" data-id=\"1e85817\" data-element_type=\"column\" data-e-type=\"column\">\n\t\t\t<div class=\"elementor-widget-wrap elementor-element-populated\">\n\t\t\t\t\t\t<div class=\"elementor-element elementor-element-d7dd28d elementor-widget elementor-widget-text-editor\" data-id=\"d7dd28d\" data-element_type=\"widget\" data-e-type=\"widget\" data-widget_type=\"text-editor.default\">\n\t\t\t\t<div class=\"elementor-widget-container\">\n\t\t\t\t\t\t\t\t\t<h2>Pourquoi choisir l\u2019\u00e9cole de langue CERAN pour ma formation linguistique ?<\/h2><p><span style=\"font-weight: 400;\">C&rsquo;est en grande partie gr\u00e2ce \u00e0 <span style=\"color: #3366ff;\"><a style=\"color: #3366ff;\" href=\"https:\/\/www.ceran.com\/fr\/le-ceran-et-ses-methodes\/\">sa m\u00e9thode<\/a><\/span> d\u2019immersion linguistique et au professionnalisme de son personnel que le CERAN est unique.<\/span><\/p><p><span style=\"font-weight: 400;\">Du matin au soir, un groupe d&rsquo;enseignants tr\u00e8s comp\u00e9tents encadre les \u00e9tudiants dans la langue cible afin qu&rsquo;ils puissent progresser le plus rapidement possible.<\/span><\/p>\t\t\t\t\t\t\t\t<\/div>\n\t\t\t\t<\/div>\n\t\t\t\t\t<\/div>\n\t\t<\/div>\n\t\t\t\t\t<\/div>\n\t\t<\/section>\n\t\t\t\t<div class=\"elementor-element elementor-element-1f697091 elementor-widget-divider--view-line elementor-widget elementor-widget-divider\" data-id=\"1f697091\" data-element_type=\"widget\" data-e-type=\"widget\" data-widget_type=\"divider.default\">\n\t\t\t\t<div class=\"elementor-widget-container\">\n\t\t\t\t\t\t\t<div class=\"elementor-divider\">\n\t\t\t<span class=\"elementor-divider-separator\">\n\t\t\t\t\t\t<\/span>\n\t\t<\/div>\n\t\t\t\t\t\t<\/div>\n\t\t\t\t<\/div>\n\t\t\t\t<section class=\"elementor-section elementor-inner-section elementor-element elementor-element-dfca8d4 elementor-section-boxed elementor-section-height-default elementor-section-height-default\" data-id=\"dfca8d4\" data-element_type=\"section\" data-e-type=\"section\" id=\"question-8\">\n\t\t\t\t\t\t<div class=\"elementor-container elementor-column-gap-default\">\n\t\t\t\t\t<div class=\"elementor-column elementor-col-100 elementor-inner-column elementor-element elementor-element-754d148\" data-id=\"754d148\" data-element_type=\"column\" data-e-type=\"column\">\n\t\t\t<div class=\"elementor-widget-wrap elementor-element-populated\">\n\t\t\t\t\t\t<div class=\"elementor-element elementor-element-9edd246 elementor-widget elementor-widget-text-editor\" data-id=\"9edd246\" data-element_type=\"widget\" data-e-type=\"widget\" data-widget_type=\"text-editor.default\">\n\t\t\t\t<div class=\"elementor-widget-container\">\n\t\t\t\t\t\t\t\t\t<h2>L\u2019\u00e9cole de langue CERAN est-elle certifi\u00e9e Qualiopi ?<\/h2><p><span style=\"font-weight: 400;\">Nos \u00e9tudiants font fr\u00e9quemment des commentaires tr\u00e8s positifs sur l&rsquo;excellence linguistique CERAN.<\/span><\/p><p><span style=\"font-weight: 400;\">En effet, CERAN a re\u00e7u de multiples labels de qualit\u00e9 de la part d&rsquo;autorit\u00e9s ext\u00e9rieures telles que Qualiopi, Magellan, Edtech France et QFor. Et, il les a obtenus apr\u00e8s avoir satisfait \u00e0 toutes les exigences de ces diff\u00e9rentes organisations.<\/span><\/p>\t\t\t\t\t\t\t\t<\/div>\n\t\t\t\t<\/div>\n\t\t\t\t\t<\/div>\n\t\t<\/div>\n\t\t\t\t\t<\/div>\n\t\t<\/section>\n\t\t\t\t<div class=\"elementor-element elementor-element-3890b466 elementor-widget-divider--view-line elementor-widget elementor-widget-divider\" data-id=\"3890b466\" data-element_type=\"widget\" data-e-type=\"widget\" data-widget_type=\"divider.default\">\n\t\t\t\t<div class=\"elementor-widget-container\">\n\t\t\t\t\t\t\t<div class=\"elementor-divider\">\n\t\t\t<span class=\"elementor-divider-separator\">\n\t\t\t\t\t\t<\/span>\n\t\t<\/div>\n\t\t\t\t\t\t<\/div>\n\t\t\t\t<\/div>\n\t\t\t\t<section class=\"elementor-section elementor-inner-section elementor-element elementor-element-4235fa5 elementor-section-boxed elementor-section-height-default elementor-section-height-default\" data-id=\"4235fa5\" data-element_type=\"section\" data-e-type=\"section\" id=\"question-9\">\n\t\t\t\t\t\t<div class=\"elementor-container elementor-column-gap-default\">\n\t\t\t\t\t<div class=\"elementor-column elementor-col-100 elementor-inner-column elementor-element elementor-element-40d1afc\" data-id=\"40d1afc\" data-element_type=\"column\" data-e-type=\"column\">\n\t\t\t<div class=\"elementor-widget-wrap elementor-element-populated\">\n\t\t\t\t\t\t<div class=\"elementor-element elementor-element-250f2e4 elementor-widget elementor-widget-text-editor\" data-id=\"250f2e4\" data-element_type=\"widget\" data-e-type=\"widget\" data-widget_type=\"text-editor.default\">\n\t\t\t\t<div class=\"elementor-widget-container\">\n\t\t\t\t\t\t\t\t\t<h2>CERAN propose-t-il des formations professionnelles linguistiques ?<\/h2><p><span style=\"font-weight: 400;\">Voulez-vous\u00a0 :<\/span><\/p><ul><li style=\"font-weight: 400;\" aria-level=\"1\"><span style=\"font-weight: 400;\">Acqu\u00e9rir une connaissance g\u00e9n\u00e9rale et\/ou sp\u00e9cifique de la langue ?<\/span><\/li><li style=\"font-weight: 400;\" aria-level=\"1\"><span style=\"font-weight: 400;\">D\u00e9velopper la ma\u00eetrise de celle-ci de mani\u00e8re intensive, rapide et efficace ?<\/span><\/li><li style=\"font-weight: 400;\" aria-level=\"1\"><span style=\"font-weight: 400;\">Participer \u00e0 des r\u00e9unions dans une langue \u00e9trang\u00e8re ?<\/span><\/li><li style=\"font-weight: 400;\" aria-level=\"1\"><span style=\"font-weight: 400;\">Animer des visio-conf\u00e9rences dans une langue \u00e9trang\u00e8re ?<\/span><\/li><li style=\"font-weight: 400;\" aria-level=\"1\"><span style=\"font-weight: 400;\">Communiquer avec plus d\u2019aisance dans des situations professionnelles internationales ?<\/span><\/li><\/ul><p><span style=\"font-weight: 400;\"><br \/>CERAN propose un panel de <span style=\"color: #3366ff;\"><a style=\"color: #3366ff;\" href=\"https:\/\/www.ceran.com\/fr\/le-ceran-et-ses-methodes\/immersion-pour-les-professionnels-training\/\">formations linguistiques professionnelles<\/a><\/span>.<\/span><\/p>\t\t\t\t\t\t\t\t<\/div>\n\t\t\t\t<\/div>\n\t\t\t\t\t<\/div>\n\t\t<\/div>\n\t\t\t\t\t<\/div>\n\t\t<\/section>\n\t\t\t\t<div class=\"elementor-element elementor-element-4f42156a elementor-widget elementor-widget-testimonial\" data-id=\"4f42156a\" data-element_type=\"widget\" data-e-type=\"widget\" data-widget_type=\"testimonial.default\">\n\t\t\t\t<div class=\"elementor-widget-container\">\n\t\t\t\t\t\t\t<div class=\"elementor-testimonial-wrapper\">\n\t\t\t\t\t\t\t<div class=\"elementor-testimonial-content\">CERAN m'a pris par la main en m'aidant \u00e0 mobiliser facilement mon CPF pour financer ma formation en anglais.<\/div>\n\t\t\t\n\t\t\t\t\t\t<div class=\"elementor-testimonial-meta elementor-has-image elementor-testimonial-image-position-aside\">\n\t\t\t\t<div class=\"elementor-testimonial-meta-inner\">\n\t\t\t\t\t\t\t\t\t\t\t<div class=\"elementor-testimonial-image\">\n\t\t\t\t\t\t\t<img decoding=\"async\" width=\"597\" height=\"541\" src=\"https:\/\/www.ceran.com\/wp-content\/uploads\/2022\/11\/temoignage-CPF.jpg\" class=\"attachment-full size-full wp-image-66875\" alt=\"temoignage CPF\" srcset=\"https:\/\/www.ceran.com\/wp-content\/uploads\/2022\/11\/temoignage-CPF.jpg 597w, https:\/\/www.ceran.com\/wp-content\/uploads\/2022\/11\/temoignage-CPF-300x272.jpg 300w\" sizes=\"(max-width: 597px) 100vw, 597px\" \/>\t\t\t\t\t\t<\/div>\n\t\t\t\t\t\n\t\t\t\t\t\t\t\t\t\t<div class=\"elementor-testimonial-details\">\n\t\t\t\t\t\t\t\t\t\t\t\t\t\t<div class=\"elementor-testimonial-name\">Alain M<\/div>\n\t\t\t\t\t\t\t\t\t\t\t\t\t\t\t\t\t\t\t\t\t\t<div class=\"elementor-testimonial-job\">Employ\u00e9 en reconversion professionnelle<\/div>\n\t\t\t\t\t\t\t\t\t\t\t\t\t<\/div>\n\t\t\t\t\t\t\t\t\t<\/div>\n\t\t\t<\/div>\n\t\t\t\t\t<\/div>\n\t\t\t\t\t\t<\/div>\n\t\t\t\t<\/div>\n\t\t\t\t<div class=\"elementor-element elementor-element-347b8286 elementor-widget-divider--view-line elementor-widget elementor-widget-divider\" data-id=\"347b8286\" data-element_type=\"widget\" data-e-type=\"widget\" data-widget_type=\"divider.default\">\n\t\t\t\t<div class=\"elementor-widget-container\">\n\t\t\t\t\t\t\t<div class=\"elementor-divider\">\n\t\t\t<span class=\"elementor-divider-separator\">\n\t\t\t\t\t\t<\/span>\n\t\t<\/div>\n\t\t\t\t\t\t<\/div>\n\t\t\t\t<\/div>\n\t\t\t\t<section class=\"elementor-section elementor-inner-section elementor-element elementor-element-9a40ea6 elementor-section-boxed elementor-section-height-default elementor-section-height-default\" data-id=\"9a40ea6\" data-element_type=\"section\" data-e-type=\"section\" id=\"question-10\">\n\t\t\t\t\t\t<div class=\"elementor-container elementor-column-gap-default\">\n\t\t\t\t\t<div class=\"elementor-column elementor-col-100 elementor-inner-column elementor-element elementor-element-64376e9\" data-id=\"64376e9\" data-element_type=\"column\" data-e-type=\"column\">\n\t\t\t<div class=\"elementor-widget-wrap elementor-element-populated\">\n\t\t\t\t\t\t<div class=\"elementor-element elementor-element-df80fc4 elementor-widget elementor-widget-text-editor\" data-id=\"df80fc4\" data-element_type=\"widget\" data-e-type=\"widget\" data-widget_type=\"text-editor.default\">\n\t\t\t\t<div class=\"elementor-widget-container\">\n\t\t\t\t\t\t\t\t\t<h2>Puis-je r\u00e9aliser une formation linguistique durant mon temps de travail ?<\/h2><p><span style=\"font-weight: 400;\">Si votre formation linguistique CPF est pr\u00e9vue pendant les heures de travail, vous devez demander \u00e0 votre employeur l&rsquo;autorisation de vous absenter du travail. Si la formation dure plus de six mois, la demande doit \u00eatre faite 120 jours avant la date de d\u00e9but de la formation.<\/span><\/p>\t\t\t\t\t\t\t\t<\/div>\n\t\t\t\t<\/div>\n\t\t\t\t\t<\/div>\n\t\t<\/div>\n\t\t\t\t\t<\/div>\n\t\t<\/section>\n\t\t\t\t<div class=\"elementor-element elementor-element-2bf19d23 elementor-widget-divider--view-line elementor-widget elementor-widget-divider\" data-id=\"2bf19d23\" data-element_type=\"widget\" data-e-type=\"widget\" data-widget_type=\"divider.default\">\n\t\t\t\t<div class=\"elementor-widget-container\">\n\t\t\t\t\t\t\t<div class=\"elementor-divider\">\n\t\t\t<span class=\"elementor-divider-separator\">\n\t\t\t\t\t\t<\/span>\n\t\t<\/div>\n\t\t\t\t\t\t<\/div>\n\t\t\t\t<\/div>\n\t\t\t\t<section class=\"elementor-section elementor-inner-section elementor-element elementor-element-54ee473 elementor-section-boxed elementor-section-height-default elementor-section-height-default\" data-id=\"54ee473\" data-element_type=\"section\" data-e-type=\"section\" id=\"question-11\">\n\t\t\t\t\t\t<div class=\"elementor-container elementor-column-gap-default\">\n\t\t\t\t\t<div class=\"elementor-column elementor-col-100 elementor-inner-column elementor-element elementor-element-56e112d\" data-id=\"56e112d\" data-element_type=\"column\" data-e-type=\"column\">\n\t\t\t<div class=\"elementor-widget-wrap elementor-element-populated\">\n\t\t\t\t\t\t<div class=\"elementor-element elementor-element-e4e4c3c elementor-widget elementor-widget-text-editor\" data-id=\"e4e4c3c\" data-element_type=\"widget\" data-e-type=\"widget\" data-widget_type=\"text-editor.default\">\n\t\t\t\t<div class=\"elementor-widget-container\">\n\t\t\t\t\t\t\t\t\t<h2>Comment est pris en charge ma d\u00e9marche CPF ?<\/h2><p><span style=\"font-weight: 400;\">D\u00e9couvrez notre guide CPF en <span style=\"color: #3366ff;\"><a style=\"color: #3366ff;\" href=\"https:\/\/www.ceran.com\/fr\/cpf\/comment-utiliser-mon-cpf\/\">cliquant ici<\/a><\/span>.<\/span><\/p>\t\t\t\t\t\t\t\t<\/div>\n\t\t\t\t<\/div>\n\t\t\t\t\t<\/div>\n\t\t<\/div>\n\t\t\t\t\t<\/div>\n\t\t<\/section>\n\t\t\t\t<div class=\"elementor-element elementor-element-4cac84b0 elementor-widget-divider--view-line elementor-widget elementor-widget-divider\" data-id=\"4cac84b0\" data-element_type=\"widget\" data-e-type=\"widget\" data-widget_type=\"divider.default\">\n\t\t\t\t<div class=\"elementor-widget-container\">\n\t\t\t\t\t\t\t<div class=\"elementor-divider\">\n\t\t\t<span class=\"elementor-divider-separator\">\n\t\t\t\t\t\t<\/span>\n\t\t<\/div>\n\t\t\t\t\t\t<\/div>\n\t\t\t\t<\/div>\n\t\t\t\t<section class=\"elementor-section elementor-inner-section elementor-element elementor-element-c31b48a elementor-section-boxed elementor-section-height-default elementor-section-height-default\" data-id=\"c31b48a\" data-element_type=\"section\" data-e-type=\"section\" id=\"question-12\">\n\t\t\t\t\t\t<div class=\"elementor-container elementor-column-gap-default\">\n\t\t\t\t\t<div class=\"elementor-column elementor-col-100 elementor-inner-column elementor-element elementor-element-bd1e19c\" data-id=\"bd1e19c\" data-element_type=\"column\" data-e-type=\"column\">\n\t\t\t<div class=\"elementor-widget-wrap elementor-element-populated\">\n\t\t\t\t\t\t<div class=\"elementor-element elementor-element-847e8bf elementor-widget elementor-widget-text-editor\" data-id=\"847e8bf\" data-element_type=\"widget\" data-e-type=\"widget\" data-widget_type=\"text-editor.default\">\n\t\t\t\t<div class=\"elementor-widget-container\">\n\t\t\t\t\t\t\t\t\t<h2>Comment \u00e9valuer mon niveau des langues ?<\/h2><p><span style=\"font-weight: 400;\">Au CERAN, nous vous aidons \u00e0 vous pr\u00e9parer aux examens de certification Lilate, Linguaskill, Bright et Toeic.<\/span><\/p><p><span style=\"font-weight: 400;\"><span style=\"color: #3366ff;\"><a style=\"color: #3366ff;\" href=\"https:\/\/www.ceran.com\/fr\/tests-certifiants\/\">Ces examens<\/a><\/span> sont con\u00e7us pour \u00e9valuer les comp\u00e9tences linguistiques dans une s\u00e9rie de contextes professionnels afin de r\u00e9pondre aux exigences du monde du travail.<\/span><\/p>\t\t\t\t\t\t\t\t<\/div>\n\t\t\t\t<\/div>\n\t\t\t\t\t<\/div>\n\t\t<\/div>\n\t\t\t\t\t<\/div>\n\t\t<\/section>\n\t\t\t\t<div class=\"elementor-element elementor-element-38c0aee4 elementor-widget-divider--view-line elementor-widget elementor-widget-divider\" data-id=\"38c0aee4\" data-element_type=\"widget\" data-e-type=\"widget\" data-widget_type=\"divider.default\">\n\t\t\t\t<div class=\"elementor-widget-container\">\n\t\t\t\t\t\t\t<div class=\"elementor-divider\">\n\t\t\t<span class=\"elementor-divider-separator\">\n\t\t\t\t\t\t<\/span>\n\t\t<\/div>\n\t\t\t\t\t\t<\/div>\n\t\t\t\t<\/div>\n\t\t\t\t<section class=\"elementor-section elementor-inner-section elementor-element elementor-element-195578d elementor-section-boxed elementor-section-height-default elementor-section-height-default\" data-id=\"195578d\" data-element_type=\"section\" data-e-type=\"section\" id=\"question-13\">\n\t\t\t\t\t\t<div class=\"elementor-container elementor-column-gap-default\">\n\t\t\t\t\t<div class=\"elementor-column elementor-col-100 elementor-inner-column elementor-element elementor-element-4a08c80\" data-id=\"4a08c80\" data-element_type=\"column\" data-e-type=\"column\">\n\t\t\t<div class=\"elementor-widget-wrap elementor-element-populated\">\n\t\t\t\t\t\t<div class=\"elementor-element elementor-element-bed965d elementor-widget elementor-widget-text-editor\" data-id=\"bed965d\" data-element_type=\"widget\" data-e-type=\"widget\" data-widget_type=\"text-editor.default\">\n\t\t\t\t<div class=\"elementor-widget-container\">\n\t\t\t\t\t\t\t\t\t<h2>Qu&rsquo;est-ce que la Caisse des D\u00e9p\u00f4ts, gestionnaire de Mon Compte personnel de Formation ?<\/h2><p><span style=\"font-weight: 400;\">La Caisse des D\u00e9p\u00f4ts, dans le cadre de votre CPF, vous aide \u00e0 :<\/span><\/p><ul><li style=\"font-weight: 400;\" aria-level=\"1\"><span style=\"font-weight: 400;\">Simplifier l&rsquo;acc\u00e8s \u00e0 vos droits avec un parcours personnalis\u00e9, accessible via un site internet et une application mobile.<\/span><\/li><li style=\"font-weight: 400;\" aria-level=\"1\"><span style=\"font-weight: 400;\">Prendre en main votre compte de formation<\/span><\/li><li style=\"font-weight: 400;\" aria-level=\"1\"><span style=\"font-weight: 400;\">Consulter la liste de tous les programmes de formation disponibles qui donnent droit \u00e0 Mon compte de formation.<\/span><\/li><\/ul><p><span style=\"font-weight: 400;\"><br \/>Pour <span style=\"color: #3366ff;\"><a style=\"color: #3366ff;\" href=\"http:\/\/www.moncompteformation.gouv.fr\/\">en savoir plus<\/a><\/span> sur vos droits<\/span><\/p>\t\t\t\t\t\t\t\t<\/div>\n\t\t\t\t<\/div>\n\t\t\t\t\t<\/div>\n\t\t<\/div>\n\t\t\t\t\t<\/div>\n\t\t<\/section>\n\t\t\t\t<div class=\"elementor-element elementor-element-7f69f69f elementor-widget-divider--view-line elementor-widget elementor-widget-divider\" data-id=\"7f69f69f\" data-element_type=\"widget\" data-e-type=\"widget\" data-widget_type=\"divider.default\">\n\t\t\t\t<div class=\"elementor-widget-container\">\n\t\t\t\t\t\t\t<div class=\"elementor-divider\">\n\t\t\t<span class=\"elementor-divider-separator\">\n\t\t\t\t\t\t<\/span>\n\t\t<\/div>\n\t\t\t\t\t\t<\/div>\n\t\t\t\t<\/div>\n\t\t\t\t<section class=\"elementor-section elementor-inner-section elementor-element elementor-element-d564bff elementor-section-boxed elementor-section-height-default elementor-section-height-default\" data-id=\"d564bff\" data-element_type=\"section\" data-e-type=\"section\" id=\"question-14\">\n\t\t\t\t\t\t<div class=\"elementor-container elementor-column-gap-default\">\n\t\t\t\t\t<div class=\"elementor-column elementor-col-100 elementor-inner-column elementor-element elementor-element-6942e12\" data-id=\"6942e12\" data-element_type=\"column\" data-e-type=\"column\">\n\t\t\t<div class=\"elementor-widget-wrap elementor-element-populated\">\n\t\t\t\t\t\t<div class=\"elementor-element elementor-element-246ed53 elementor-widget elementor-widget-text-editor\" data-id=\"246ed53\" data-element_type=\"widget\" data-e-type=\"widget\" data-widget_type=\"text-editor.default\">\n\t\t\t\t<div class=\"elementor-widget-container\">\n\t\t\t\t\t\t\t\t\t<h2>CPF compte personnel : qui paye quoi et combien ?<\/h2><p><span style=\"font-weight: 400;\"><span style=\"color: #3366ff;\"><a style=\"color: #3366ff;\" href=\"https:\/\/www.ceran.com\/fr\/cpf\/comment-utiliser-mon-cpf\/\">Cliquez ici<\/a><\/span> et d\u00e9couvrez notre guide CPF<\/span><\/p>\t\t\t\t\t\t\t\t<\/div>\n\t\t\t\t<\/div>\n\t\t\t\t\t<\/div>\n\t\t<\/div>\n\t\t\t\t\t<\/div>\n\t\t<\/section>\n\t\t\t\t<div class=\"elementor-element elementor-element-23708974 elementor-widget-divider--view-line elementor-widget elementor-widget-divider\" data-id=\"23708974\" data-element_type=\"widget\" data-e-type=\"widget\" data-widget_type=\"divider.default\">\n\t\t\t\t<div class=\"elementor-widget-container\">\n\t\t\t\t\t\t\t<div class=\"elementor-divider\">\n\t\t\t<span class=\"elementor-divider-separator\">\n\t\t\t\t\t\t<\/span>\n\t\t<\/div>\n\t\t\t\t\t\t<\/div>\n\t\t\t\t<\/div>\n\t\t\t\t<section class=\"elementor-section elementor-inner-section elementor-element elementor-element-7fa938a elementor-section-boxed elementor-section-height-default elementor-section-height-default\" data-id=\"7fa938a\" data-element_type=\"section\" data-e-type=\"section\" id=\"question-15\">\n\t\t\t\t\t\t<div class=\"elementor-container elementor-column-gap-default\">\n\t\t\t\t\t<div class=\"elementor-column elementor-col-100 elementor-inner-column elementor-element elementor-element-a58296f\" data-id=\"a58296f\" data-element_type=\"column\" data-e-type=\"column\">\n\t\t\t<div class=\"elementor-widget-wrap elementor-element-populated\">\n\t\t\t\t\t\t<div class=\"elementor-element elementor-element-80d1eeb elementor-widget elementor-widget-text-editor\" data-id=\"80d1eeb\" data-element_type=\"widget\" data-e-type=\"widget\" data-widget_type=\"text-editor.default\">\n\t\t\t\t<div class=\"elementor-widget-container\">\n\t\t\t\t\t\t\t\t\t<h2>Comment financer ma formation en anglais par P\u00f4le emploi ?<\/h2><p>Vous n&rsquo;avez pas encore de droits CPF ? Soit ils ne sont pas suffisants pour couvrir le co\u00fbt de votre formation ?<\/p><p>Vous pouvez utiliser l&rsquo;ensemble de vos droits nouvellement obtenus pour payer une partie des frais de formation si votre CPF ne dispose pas de droits suffisants pour les couvrir.<\/p><p>La somme restante peut \u00eatre financ\u00e9e de plusieurs mani\u00e8res :<\/p><p>Utilisez votre carte bancaire pour r\u00e9gler le solde. L&rsquo;organisme de formation confirme ensuite votre inscription, vous pouvez alors commencer la formation.<\/p><p>Demandez un abondement \u00e0 P\u00f4le emploi pour couvrir le reste \u00e0 charge. Vous effectuez votre demande dans votre espace priv\u00e9 de\u00a0\u00bb Mon compte de formation \u00ab\u00a0.<\/p><p>Pendant que P\u00f4le emploi examine votre demande de abondement, l&rsquo;organisme de formation a r\u00e9serv\u00e9 votre place en formation. Dans un d\u00e9lai de 10 jours ouvrables, P\u00f4le emploi vous r\u00e9pond directement dans votre espace priv\u00e9 \u00ab\u00a0Mon compte formation\u00a0\u00bb.<\/p><p>Votre demande d&rsquo;abondement est accord\u00e9e par P\u00f4le emploi. D\u00e8s que l&rsquo;organisme de formation aura v\u00e9rifi\u00e9 votre inscription, vous pourrez commencer la formation !<\/p><p>Votre demande a \u00e9t\u00e9 refus\u00e9e pour un motif pr\u00e9cis identifi\u00e9 par P\u00f4le emploi. Vous pouvez alors choisir soit de r\u00e9gler personnellement le solde restant, soit d&rsquo;annuler votre inscription \u00e0 cette formation.<\/p>\t\t\t\t\t\t\t\t<\/div>\n\t\t\t\t<\/div>\n\t\t\t\t\t<\/div>\n\t\t<\/div>\n\t\t\t\t\t<\/div>\n\t\t<\/section>\n\t\t\t\t\t<\/div>\n\t\t<\/div>\n\t\t\t\t\t<\/div>\n\t\t<\/section>\n\t\t\t\t<section class=\"elementor-section elementor-top-section elementor-element elementor-element-6ded1e6c elementor-section-boxed elementor-section-height-default elementor-section-height-default\" data-id=\"6ded1e6c\" data-element_type=\"section\" data-e-type=\"section\" data-settings=\"{&quot;background_background&quot;:&quot;classic&quot;}\">\n\t\t\t\t\t\t<div class=\"elementor-container elementor-column-gap-default\">\n\t\t\t\t\t<div class=\"elementor-column elementor-col-33 elementor-top-column elementor-element elementor-element-22f5c08e\" data-id=\"22f5c08e\" data-element_type=\"column\" data-e-type=\"column\">\n\t\t\t<div class=\"elementor-widget-wrap elementor-element-populated\">\n\t\t\t\t\t\t<div class=\"elementor-element elementor-element-5f277344 elementor-widget elementor-widget-image\" data-id=\"5f277344\" data-element_type=\"widget\" data-e-type=\"widget\" data-widget_type=\"image.default\">\n\t\t\t\t<div class=\"elementor-widget-container\">\n\t\t\t\t\t\t\t\t\t\t\t\t\t\t\t<img decoding=\"async\" src=\"https:\/\/www.ceran.com\/wp-content\/uploads\/elementor\/thumbs\/Logo-CERAN-pui1hz1wqm5ihf3flknqqhr6gebonfj6lom5kice0k.png\" title=\"Logo CERAN\" alt=\"logo CERAN\" loading=\"lazy\" \/>\t\t\t\t\t\t\t\t\t\t\t\t\t\t\t<\/div>\n\t\t\t\t<\/div>\n\t\t\t\t<div class=\"elementor-element elementor-element-577d0c52 elementor-widget elementor-widget-text-editor\" data-id=\"577d0c52\" data-element_type=\"widget\" data-e-type=\"widget\" data-widget_type=\"text-editor.default\">\n\t\t\t\t<div class=\"elementor-widget-container\">\n\t\t\t\t\t\t\t\t\t<p>\u00a0\u00c9cole de langue pr\u00e9sente en France, Belgique et Suisse depuis 1975 ayant d\u00e9j\u00e0 form\u00e9 plus de 150\u00a0000 \u00e9l\u00e8ves. Avec CERAN,<strong> mobilisez facilement votre CPF, progressez rapidement dans l&rsquo;apprentissage d&rsquo;une nouvelle langue ou vous \u00eates reform\u00e9.e gratuitement.<\/strong><\/p>\t\t\t\t\t\t\t\t<\/div>\n\t\t\t\t<\/div>\n\t\t\t\t\t<\/div>\n\t\t<\/div>\n\t\t\t\t<div class=\"elementor-column elementor-col-33 elementor-top-column elementor-element elementor-element-aa9ac74\" data-id=\"aa9ac74\" data-element_type=\"column\" data-e-type=\"column\">\n\t\t\t<div class=\"elementor-widget-wrap elementor-element-populated\">\n\t\t\t\t\t\t<div class=\"elementor-element elementor-element-cde76e0 elementor-widget-divider--view-line elementor-widget elementor-widget-divider\" data-id=\"cde76e0\" data-element_type=\"widget\" data-e-type=\"widget\" data-widget_type=\"divider.default\">\n\t\t\t\t<div class=\"elementor-widget-container\">\n\t\t\t\t\t\t\t<div class=\"elementor-divider\">\n\t\t\t<span class=\"elementor-divider-separator\">\n\t\t\t\t\t\t<\/span>\n\t\t<\/div>\n\t\t\t\t\t\t<\/div>\n\t\t\t\t<\/div>\n\t\t\t\t<div class=\"elementor-element elementor-element-7f015175 elementor-widget elementor-widget-text-editor\" data-id=\"7f015175\" data-element_type=\"widget\" data-e-type=\"widget\" data-widget_type=\"text-editor.default\">\n\t\t\t\t<div class=\"elementor-widget-container\">\n\t\t\t\t\t\t\t\t\t<p class=\"title\">CERAN FRANCE Paris<\/p><div class=\"text\"><p><strong>Centre de formation<\/strong><br \/>Ch\u00e2teauform&rsquo; Learning Lab<br \/>40, Passage de l&rsquo;Arche<br \/>92800 Puteaux (France)<\/p><p><strong>Bureaux<\/strong><br \/>1, Rue Etienne Dolet<br \/>93400 Saint-Ouen (France)<\/p><p>+33(0)1 46 67 33 22<\/p><\/div>\t\t\t\t\t\t\t\t<\/div>\n\t\t\t\t<\/div>\n\t\t\t\t<div class=\"elementor-element elementor-element-26677a68 elementor-widget-divider--view-line elementor-widget elementor-widget-divider\" data-id=\"26677a68\" data-element_type=\"widget\" data-e-type=\"widget\" data-widget_type=\"divider.default\">\n\t\t\t\t<div class=\"elementor-widget-container\">\n\t\t\t\t\t\t\t<div class=\"elementor-divider\">\n\t\t\t<span class=\"elementor-divider-separator\">\n\t\t\t\t\t\t<\/span>\n\t\t<\/div>\n\t\t\t\t\t\t<\/div>\n\t\t\t\t<\/div>\n\t\t\t\t<div class=\"elementor-element elementor-element-5b53d2bd elementor-widget elementor-widget-text-editor\" data-id=\"5b53d2bd\" data-element_type=\"widget\" data-e-type=\"widget\" data-widget_type=\"text-editor.default\">\n\t\t\t\t<div class=\"elementor-widget-container\">\n\t\t\t\t\t\t\t\t\t<p class=\"title\">CERAN BELGIUM Spa<\/p><div class=\"text\"><p>Avenue des Petits Sapins 27<br \/>4900 Spa (Belgique)<\/p><p>+32 (0)87 79 11 22<\/p><\/div>\t\t\t\t\t\t\t\t<\/div>\n\t\t\t\t<\/div>\n\t\t\t\t\t<\/div>\n\t\t<\/div>\n\t\t\t\t<div class=\"elementor-column elementor-col-33 elementor-top-column elementor-element elementor-element-20a11408\" data-id=\"20a11408\" data-element_type=\"column\" data-e-type=\"column\">\n\t\t\t<div class=\"elementor-widget-wrap elementor-element-populated\">\n\t\t\t\t\t\t<section class=\"elementor-section elementor-inner-section elementor-element elementor-element-45dea205 elementor-section-content-middle elementor-section-boxed elementor-section-height-default elementor-section-height-default\" data-id=\"45dea205\" data-element_type=\"section\" data-e-type=\"section\" data-settings=\"{&quot;background_background&quot;:&quot;classic&quot;}\">\n\t\t\t\t\t\t<div class=\"elementor-container elementor-column-gap-default\">\n\t\t\t\t\t<div class=\"elementor-column elementor-col-33 elementor-inner-column elementor-element elementor-element-e924ea2\" data-id=\"e924ea2\" data-element_type=\"column\" data-e-type=\"column\">\n\t\t\t<div class=\"elementor-widget-wrap elementor-element-populated\">\n\t\t\t\t\t\t<div class=\"elementor-element elementor-element-43aba1d3 elementor-widget elementor-widget-image\" data-id=\"43aba1d3\" data-element_type=\"widget\" data-e-type=\"widget\" data-widget_type=\"image.default\">\n\t\t\t\t<div class=\"elementor-widget-container\">\n\t\t\t\t\t\t\t\t\t\t\t\t\t\t\t<img decoding=\"async\" width=\"348\" height=\"145\" src=\"https:\/\/www.ceran.com\/wp-content\/uploads\/2022\/08\/Datadock.png\" class=\"attachment-large size-large wp-image-60038\" alt=\"\" srcset=\"https:\/\/www.ceran.com\/wp-content\/uploads\/2022\/08\/Datadock.png 348w, https:\/\/www.ceran.com\/wp-content\/uploads\/2022\/08\/Datadock-300x125.png 300w\" sizes=\"(max-width: 348px) 100vw, 348px\" \/>\t\t\t\t\t\t\t\t\t\t\t\t\t\t\t<\/div>\n\t\t\t\t<\/div>\n\t\t\t\t\t<\/div>\n\t\t<\/div>\n\t\t\t\t<div class=\"elementor-column elementor-col-33 elementor-inner-column elementor-element elementor-element-321c2809\" data-id=\"321c2809\" data-element_type=\"column\" data-e-type=\"column\">\n\t\t\t<div class=\"elementor-widget-wrap elementor-element-populated\">\n\t\t\t\t\t\t<div class=\"elementor-element elementor-element-121ed5a0 elementor-widget elementor-widget-image\" data-id=\"121ed5a0\" data-element_type=\"widget\" data-e-type=\"widget\" data-widget_type=\"image.default\">\n\t\t\t\t<div class=\"elementor-widget-container\">\n\t\t\t\t\t\t\t\t\t\t\t\t\t\t\t<img loading=\"lazy\" decoding=\"async\" width=\"633\" height=\"338\" src=\"https:\/\/www.ceran.com\/wp-content\/uploads\/2022\/08\/LogoQualiopi-300dpi-Avec-Marianne.png\" class=\"attachment-large size-large wp-image-60030\" alt=\"Votre formation langue CPF avec CERAN lab\u00e9lis\u00e9e Qualiopi\" srcset=\"https:\/\/www.ceran.com\/wp-content\/uploads\/2022\/08\/LogoQualiopi-300dpi-Avec-Marianne.png 633w, https:\/\/www.ceran.com\/wp-content\/uploads\/2022\/08\/LogoQualiopi-300dpi-Avec-Marianne-300x160.png 300w\" sizes=\"(max-width: 633px) 100vw, 633px\" \/>\t\t\t\t\t\t\t\t\t\t\t\t\t\t\t<\/div>\n\t\t\t\t<\/div>\n\t\t\t\t\t<\/div>\n\t\t<\/div>\n\t\t\t\t<div class=\"elementor-column elementor-col-33 elementor-inner-column elementor-element elementor-element-5ce9a730\" data-id=\"5ce9a730\" data-element_type=\"column\" data-e-type=\"column\">\n\t\t\t<div class=\"elementor-widget-wrap elementor-element-populated\">\n\t\t\t\t\t\t<div class=\"elementor-element elementor-element-43a6537d elementor-widget elementor-widget-image\" data-id=\"43a6537d\" data-element_type=\"widget\" data-e-type=\"widget\" data-widget_type=\"image.default\">\n\t\t\t\t<div class=\"elementor-widget-container\">\n\t\t\t\t\t\t\t\t\t\t\t\t\t\t\t<img decoding=\"async\" src=\"https:\/\/www.ceran.com\/wp-content\/uploads\/elementor\/thumbs\/Qfor-ptyvno9gc7l4qww1sg0d9hotp97dvajt712rx9j13s.png\" title=\"Votre formation langue CPF avec CERAN lab\u00e9lis\u00e9e QFor\" alt=\"Votre formation langue CPF avec CERAN lab\u00e9lis\u00e9e QFor\" loading=\"lazy\" \/>\t\t\t\t\t\t\t\t\t\t\t\t\t\t\t<\/div>\n\t\t\t\t<\/div>\n\t\t\t\t\t<\/div>\n\t\t<\/div>\n\t\t\t\t\t<\/div>\n\t\t<\/section>\n\t\t\t\t<section class=\"elementor-section elementor-inner-section elementor-element elementor-element-1a1964f0 elementor-section-content-middle elementor-section-boxed elementor-section-height-default elementor-section-height-default\" data-id=\"1a1964f0\" data-element_type=\"section\" data-e-type=\"section\" data-settings=\"{&quot;background_background&quot;:&quot;classic&quot;}\">\n\t\t\t\t\t\t<div class=\"elementor-container elementor-column-gap-default\">\n\t\t\t\t\t<div class=\"elementor-column elementor-col-33 elementor-inner-column elementor-element elementor-element-4a488ee3\" data-id=\"4a488ee3\" data-element_type=\"column\" data-e-type=\"column\">\n\t\t\t<div class=\"elementor-widget-wrap elementor-element-populated\">\n\t\t\t\t\t\t<div class=\"elementor-element elementor-element-4dcbf91 elementor-widget elementor-widget-image\" data-id=\"4dcbf91\" data-element_type=\"widget\" data-e-type=\"widget\" data-widget_type=\"image.default\">\n\t\t\t\t<div class=\"elementor-widget-container\">\n\t\t\t\t\t\t\t\t\t\t\t\t\t\t\t<img loading=\"lazy\" decoding=\"async\" width=\"267\" height=\"189\" src=\"https:\/\/www.ceran.com\/wp-content\/uploads\/2022\/08\/Magellan.png\" class=\"attachment-large size-large wp-image-60045\" alt=\"Votre formation langue CPF avec CERAN lab\u00e9lis\u00e9e Magellan\" \/>\t\t\t\t\t\t\t\t\t\t\t\t\t\t\t<\/div>\n\t\t\t\t<\/div>\n\t\t\t\t\t<\/div>\n\t\t<\/div>\n\t\t\t\t<div class=\"elementor-column elementor-col-33 elementor-inner-column elementor-element elementor-element-1b24c547\" data-id=\"1b24c547\" data-element_type=\"column\" data-e-type=\"column\">\n\t\t\t<div class=\"elementor-widget-wrap elementor-element-populated\">\n\t\t\t\t\t\t<div class=\"elementor-element elementor-element-29eb390b elementor-widget elementor-widget-image\" data-id=\"29eb390b\" data-element_type=\"widget\" data-e-type=\"widget\" data-widget_type=\"image.default\">\n\t\t\t\t<div class=\"elementor-widget-container\">\n\t\t\t\t\t\t\t\t\t\t\t\t\t\t\t<img decoding=\"async\" src=\"https:\/\/www.ceran.com\/wp-content\/uploads\/elementor\/thumbs\/logo_edtech_france_-ptyvayi1vw6hotcz1g52177celvmqp2j43db7idra0.png\" title=\"Votre formation langue CPF avec CERAN lab\u00e9lis\u00e9e Edtech France\" alt=\"Votre formation langue CPF avec CERAN lab\u00e9lis\u00e9e Edtech France\" loading=\"lazy\" \/>\t\t\t\t\t\t\t\t\t\t\t\t\t\t\t<\/div>\n\t\t\t\t<\/div>\n\t\t\t\t\t<\/div>\n\t\t<\/div>\n\t\t\t\t<div class=\"elementor-column elementor-col-33 elementor-inner-column elementor-element elementor-element-7232e813\" data-id=\"7232e813\" data-element_type=\"column\" data-e-type=\"column\">\n\t\t\t<div class=\"elementor-widget-wrap elementor-element-populated\">\n\t\t\t\t\t\t<div class=\"elementor-element elementor-element-259b84d2 elementor-widget elementor-widget-image\" data-id=\"259b84d2\" data-element_type=\"widget\" data-e-type=\"widget\" data-widget_type=\"image.default\">\n\t\t\t\t<div class=\"elementor-widget-container\">\n\t\t\t\t\t\t\t\t\t\t\t\t\t\t\t<img loading=\"lazy\" decoding=\"async\" width=\"640\" height=\"618\" src=\"https:\/\/www.ceran.com\/wp-content\/uploads\/2022\/05\/Macaron-Charte-de-de\u0301ontologie-CPF-1-1024x988.png\" class=\"attachment-large size-large wp-image-55863\" alt=\"\" srcset=\"https:\/\/www.ceran.com\/wp-content\/uploads\/2022\/05\/Macaron-Charte-de-de\u0301ontologie-CPF-1-1024x988.png 1024w, https:\/\/www.ceran.com\/wp-content\/uploads\/2022\/05\/Macaron-Charte-de-de\u0301ontologie-CPF-1-300x290.png 300w, https:\/\/www.ceran.com\/wp-content\/uploads\/2022\/05\/Macaron-Charte-de-de\u0301ontologie-CPF-1-768x741.png 768w, https:\/\/www.ceran.com\/wp-content\/uploads\/2022\/05\/Macaron-Charte-de-de\u0301ontologie-CPF-1-1536x1482.png 1536w, https:\/\/www.ceran.com\/wp-content\/uploads\/2022\/05\/Macaron-Charte-de-de\u0301ontologie-CPF-1.png 1605w\" sizes=\"(max-width: 640px) 100vw, 640px\" \/>\t\t\t\t\t\t\t\t\t\t\t\t\t\t\t<\/div>\n\t\t\t\t<\/div>\n\t\t\t\t\t<\/div>\n\t\t<\/div>\n\t\t\t\t\t<\/div>\n\t\t<\/section>\n\t\t\t\t\t<\/div>\n\t\t<\/div>\n\t\t\t\t\t<\/div>\n\t\t<\/section>\n\t\t\t\t<section class=\"elementor-section elementor-top-section elementor-element elementor-element-3bc93a2c elementor-section-boxed elementor-section-height-default elementor-section-height-default\" data-id=\"3bc93a2c\" data-element_type=\"section\" data-e-type=\"section\">\n\t\t\t\t\t\t<div class=\"elementor-container elementor-column-gap-default\">\n\t\t\t\t\t<div class=\"elementor-column elementor-col-100 elementor-top-column elementor-element elementor-element-37642d60\" data-id=\"37642d60\" data-element_type=\"column\" data-e-type=\"column\">\n\t\t\t<div class=\"elementor-widget-wrap elementor-element-populated\">\n\t\t\t\t\t\t<div class=\"elementor-element elementor-element-32cc104a elementor-nav-menu__align-center elementor-nav-menu--dropdown-tablet elementor-nav-menu__text-align-aside elementor-nav-menu--toggle elementor-nav-menu--burger elementor-widget elementor-widget-nav-menu\" data-id=\"32cc104a\" data-element_type=\"widget\" data-e-type=\"widget\" data-settings=\"{&quot;layout&quot;:&quot;horizontal&quot;,&quot;submenu_icon&quot;:{&quot;value&quot;:&quot;&lt;i class=\\&quot;fas fa-caret-down\\&quot; aria-hidden=\\&quot;true\\&quot;&gt;&lt;\\\/i&gt;&quot;,&quot;library&quot;:&quot;fa-solid&quot;},&quot;toggle&quot;:&quot;burger&quot;}\" data-widget_type=\"nav-menu.default\">\n\t\t\t\t<div class=\"elementor-widget-container\">\n\t\t\t\t\t\t\t\t<nav aria-label=\"Menu\" class=\"elementor-nav-menu--main elementor-nav-menu__container elementor-nav-menu--layout-horizontal e--pointer-underline e--animation-fade\">\n\t\t\t\t<ul id=\"menu-1-32cc104a\" class=\"elementor-nav-menu\"><li class=\"menu-item menu-item-type-post_type menu-item-object-page menu-item-13853\"><a href=\"https:\/\/www.ceran.com\/fr\/conditions-generales-dutilisation-des-sites-ceran\/\" class=\"elementor-item\">Conditions g\u00e9n\u00e9rales d&rsquo;utilisation<\/a><\/li>\n<li class=\"menu-item menu-item-type-post_type menu-item-object-page menu-item-13855\"><a href=\"https:\/\/www.ceran.com\/fr\/conditions-generales-de-ventes\/\" class=\"elementor-item\">Conditions g\u00e9n\u00e9rales de ventes<\/a><\/li>\n<li class=\"menu-item menu-item-type-post_type menu-item-object-page menu-item-2035\"><a href=\"https:\/\/www.ceran.com\/fr\/protection-des-donnees\/\" class=\"elementor-item\">Protection des donn\u00e9es<\/a><\/li>\n<li class=\"menu-item menu-item-type-post_type menu-item-object-page menu-item-1387\"><a href=\"https:\/\/www.ceran.com\/fr\/nous-contacter\/\" class=\"elementor-item\">Nous contacter<\/a><\/li>\n<\/ul>\t\t\t<\/nav>\n\t\t\t\t\t<div class=\"elementor-menu-toggle\" role=\"button\" tabindex=\"0\" aria-label=\"Permuter le menu\" aria-expanded=\"false\">\n\t\t\t<i aria-hidden=\"true\" role=\"presentation\" class=\"elementor-menu-toggle__icon--open eicon-menu-bar\"><\/i><i aria-hidden=\"true\" role=\"presentation\" class=\"elementor-menu-toggle__icon--close eicon-close\"><\/i>\t\t<\/div>\n\t\t\t\t\t<nav class=\"elementor-nav-menu--dropdown elementor-nav-menu__container\" aria-hidden=\"true\">\n\t\t\t\t<ul id=\"menu-2-32cc104a\" class=\"elementor-nav-menu\"><li class=\"menu-item menu-item-type-post_type menu-item-object-page menu-item-13853\"><a href=\"https:\/\/www.ceran.com\/fr\/conditions-generales-dutilisation-des-sites-ceran\/\" class=\"elementor-item\" tabindex=\"-1\">Conditions g\u00e9n\u00e9rales d&rsquo;utilisation<\/a><\/li>\n<li class=\"menu-item menu-item-type-post_type menu-item-object-page menu-item-13855\"><a href=\"https:\/\/www.ceran.com\/fr\/conditions-generales-de-ventes\/\" class=\"elementor-item\" tabindex=\"-1\">Conditions g\u00e9n\u00e9rales de ventes<\/a><\/li>\n<li class=\"menu-item menu-item-type-post_type menu-item-object-page menu-item-2035\"><a href=\"https:\/\/www.ceran.com\/fr\/protection-des-donnees\/\" class=\"elementor-item\" tabindex=\"-1\">Protection des donn\u00e9es<\/a><\/li>\n<li class=\"menu-item menu-item-type-post_type menu-item-object-page menu-item-1387\"><a href=\"https:\/\/www.ceran.com\/fr\/nous-contacter\/\" class=\"elementor-item\" tabindex=\"-1\">Nous contacter<\/a><\/li>\n<\/ul>\t\t\t<\/nav>\n\t\t\t\t\t\t<\/div>\n\t\t\t\t<\/div>\n\t\t\t\t\t<\/div>\n\t\t<\/div>\n\t\t\t\t\t<\/div>\n\t\t<\/section>\n\t\t\t\t<\/div>\n\t\t","protected":false},"excerpt":{"rendered":"<p>Je r\u00e9serve mon appel d\u00e9couverte (offert) Je t\u00e9l\u00e9charge ma brochure 2023 +33 1 80 60 35 49 Formation linguistique CPF : le guide 6 minutes de lecture Pourquoi s&rsquo;inscrire \u00e0 une formation linguistique via votre CPF ? Vous souhaitez am\u00e9liorer votre ma\u00eetrise d&rsquo;une langue \u00e9trang\u00e8re afin d&rsquo;obtenir un dipl\u00f4me appr\u00e9ci\u00e9 des employeurs fran\u00e7ais et internationaux [&hellip;]<\/p>\n","protected":false},"author":16,"featured_media":0,"parent":66737,"menu_order":0,"comment_status":"closed","ping_status":"closed","template":"elementor_canvas","meta":{"_acf_changed":false,"_seopress_robots_primary_cat":"","_seopress_titles_title":"Formation linguistique CPF : le guide","_seopress_titles_desc":"Formation linguistique CPF : le guide pratique. D\u00e9couvrez toutes les infos pour mobiliser votre CPF et trouver les meilleures formations linguistiques.","_seopress_robots_index":"","content-type":"","footnotes":""},"class_list":["post-67025","page","type-page","status-publish","hentry"],"acf":[],"yoast_head":"<!-- This site is optimized with the Yoast SEO plugin v27.4 - https:\/\/yoast.com\/product\/yoast-seo-wordpress\/ -->\n<title>Formation linguistique cpf : le guide - Ceran<\/title>\n<meta name=\"robots\" content=\"index, follow, max-snippet:-1, max-image-preview:large, max-video-preview:-1\" \/>\n<link rel=\"canonical\" href=\"https:\/\/www.ceran.com\/fr\/formation-langue-cpf\/formation-linguistique-cpf-le-guide\/\" \/>\n<meta property=\"og:locale\" content=\"fr_FR\" \/>\n<meta property=\"og:type\" content=\"article\" \/>\n<meta property=\"og:title\" content=\"Formation linguistique cpf : le guide - Ceran\" \/>\n<meta property=\"og:description\" content=\"Je r\u00e9serve mon appel d\u00e9couverte (offert) Je t\u00e9l\u00e9charge ma brochure 2023 +33 1 80 60 35 49 Formation linguistique CPF : le guide 6 minutes de lecture Pourquoi s&rsquo;inscrire \u00e0 une formation linguistique via votre CPF ? Vous souhaitez am\u00e9liorer votre ma\u00eetrise d&rsquo;une langue \u00e9trang\u00e8re afin d&rsquo;obtenir un dipl\u00f4me appr\u00e9ci\u00e9 des employeurs fran\u00e7ais et internationaux [&hellip;]\" \/>\n<meta property=\"og:url\" content=\"https:\/\/www.ceran.com\/fr\/formation-langue-cpf\/formation-linguistique-cpf-le-guide\/\" \/>\n<meta property=\"og:site_name\" content=\"Ceran\" \/>\n<meta property=\"article:modified_time\" content=\"2025-02-14T10:38:15+00:00\" \/>\n<meta property=\"og:image\" content=\"https:\/\/www.ceran.com\/wp-content\/uploads\/elementor\/thumbs\/Logo-CERAN-pui1hz1wqm5ihf3flknqqhr6gebonfj6lom5kice0k.png\" \/>\n<meta name=\"twitter:card\" content=\"summary_large_image\" \/>\n<script type=\"application\/ld+json\" class=\"yoast-schema-graph\">{\"@context\":\"https:\\\/\\\/schema.org\",\"@graph\":[{\"@type\":\"WebPage\",\"@id\":\"https:\\\/\\\/www.ceran.com\\\/fr\\\/formation-langue-cpf\\\/formation-linguistique-cpf-le-guide\\\/\",\"url\":\"https:\\\/\\\/www.ceran.com\\\/fr\\\/formation-langue-cpf\\\/formation-linguistique-cpf-le-guide\\\/\",\"name\":\"Formation linguistique cpf : le guide - Ceran\",\"isPartOf\":{\"@id\":\"https:\\\/\\\/www.ceran.com\\\/fr\\\/#website\"},\"primaryImageOfPage\":{\"@id\":\"https:\\\/\\\/www.ceran.com\\\/fr\\\/formation-langue-cpf\\\/formation-linguistique-cpf-le-guide\\\/#primaryimage\"},\"image\":{\"@id\":\"https:\\\/\\\/www.ceran.com\\\/fr\\\/formation-langue-cpf\\\/formation-linguistique-cpf-le-guide\\\/#primaryimage\"},\"thumbnailUrl\":\"https:\\\/\\\/www.ceran.com\\\/wp-content\\\/uploads\\\/elementor\\\/thumbs\\\/Logo-CERAN-pui1hz1wqm5ihf3flknqqhr6gebonfj6lom5kice0k.png\",\"datePublished\":\"2022-11-14T14:57:02+00:00\",\"dateModified\":\"2025-02-14T10:38:15+00:00\",\"breadcrumb\":{\"@id\":\"https:\\\/\\\/www.ceran.com\\\/fr\\\/formation-langue-cpf\\\/formation-linguistique-cpf-le-guide\\\/#breadcrumb\"},\"inLanguage\":\"fr-FR\",\"potentialAction\":[{\"@type\":\"ReadAction\",\"target\":[\"https:\\\/\\\/www.ceran.com\\\/fr\\\/formation-langue-cpf\\\/formation-linguistique-cpf-le-guide\\\/\"]}]},{\"@type\":\"ImageObject\",\"inLanguage\":\"fr-FR\",\"@id\":\"https:\\\/\\\/www.ceran.com\\\/fr\\\/formation-langue-cpf\\\/formation-linguistique-cpf-le-guide\\\/#primaryimage\",\"url\":\"https:\\\/\\\/www.ceran.com\\\/wp-content\\\/uploads\\\/elementor\\\/thumbs\\\/Logo-CERAN-pui1hz1wqm5ihf3flknqqhr6gebonfj6lom5kice0k.png\",\"contentUrl\":\"https:\\\/\\\/www.ceran.com\\\/wp-content\\\/uploads\\\/elementor\\\/thumbs\\\/Logo-CERAN-pui1hz1wqm5ihf3flknqqhr6gebonfj6lom5kice0k.png\"},{\"@type\":\"BreadcrumbList\",\"@id\":\"https:\\\/\\\/www.ceran.com\\\/fr\\\/formation-langue-cpf\\\/formation-linguistique-cpf-le-guide\\\/#breadcrumb\",\"itemListElement\":[{\"@type\":\"ListItem\",\"position\":1,\"name\":\"Accueil\",\"item\":\"https:\\\/\\\/www.ceran.com\\\/fr\\\/\"},{\"@type\":\"ListItem\",\"position\":2,\"name\":\"Formation langue CPF\",\"item\":\"https:\\\/\\\/www.ceran.com\\\/fr\\\/formation-langue-cpf\\\/\"},{\"@type\":\"ListItem\",\"position\":3,\"name\":\"Formation linguistique cpf : le guide\"}]},{\"@type\":\"WebSite\",\"@id\":\"https:\\\/\\\/www.ceran.com\\\/fr\\\/#website\",\"url\":\"https:\\\/\\\/www.ceran.com\\\/fr\\\/\",\"name\":\"Ceran\",\"description\":\"Des formations linguistiques et interculturelles qui vous ouvrent de nouveaux horizons\",\"publisher\":{\"@id\":\"https:\\\/\\\/www.ceran.com\\\/fr\\\/#organization\"},\"potentialAction\":[{\"@type\":\"SearchAction\",\"target\":{\"@type\":\"EntryPoint\",\"urlTemplate\":\"https:\\\/\\\/www.ceran.com\\\/fr\\\/?s={search_term_string}\"},\"query-input\":{\"@type\":\"PropertyValueSpecification\",\"valueRequired\":true,\"valueName\":\"search_term_string\"}}],\"inLanguage\":\"fr-FR\"},{\"@type\":\"Organization\",\"@id\":\"https:\\\/\\\/www.ceran.com\\\/fr\\\/#organization\",\"name\":\"Ceran\",\"url\":\"https:\\\/\\\/www.ceran.com\\\/fr\\\/\",\"logo\":{\"@type\":\"ImageObject\",\"inLanguage\":\"fr-FR\",\"@id\":\"https:\\\/\\\/www.ceran.com\\\/fr\\\/#\\\/schema\\\/logo\\\/image\\\/\",\"url\":\"https:\\\/\\\/www.ceran.com\\\/wp-content\\\/uploads\\\/2025\\\/06\\\/Logo-CERAN-16-x-16-pixels.svg\",\"contentUrl\":\"https:\\\/\\\/www.ceran.com\\\/wp-content\\\/uploads\\\/2025\\\/06\\\/Logo-CERAN-16-x-16-pixels.svg\",\"width\":30,\"height\":30,\"caption\":\"Ceran\"},\"image\":{\"@id\":\"https:\\\/\\\/www.ceran.com\\\/fr\\\/#\\\/schema\\\/logo\\\/image\\\/\"}}]}<\/script>\n<!-- \/ Yoast SEO plugin. -->","yoast_head_json":{"title":"Formation linguistique cpf : le guide - Ceran","robots":{"index":"index","follow":"follow","max-snippet":"max-snippet:-1","max-image-preview":"max-image-preview:large","max-video-preview":"max-video-preview:-1"},"canonical":"https:\/\/www.ceran.com\/fr\/formation-langue-cpf\/formation-linguistique-cpf-le-guide\/","og_locale":"fr_FR","og_type":"article","og_title":"Formation linguistique cpf : le guide - Ceran","og_description":"Je r\u00e9serve mon appel d\u00e9couverte (offert) Je t\u00e9l\u00e9charge ma brochure 2023 +33 1 80 60 35 49 Formation linguistique CPF : le guide 6 minutes de lecture Pourquoi s&rsquo;inscrire \u00e0 une formation linguistique via votre CPF ? Vous souhaitez am\u00e9liorer votre ma\u00eetrise d&rsquo;une langue \u00e9trang\u00e8re afin d&rsquo;obtenir un dipl\u00f4me appr\u00e9ci\u00e9 des employeurs fran\u00e7ais et internationaux [&hellip;]","og_url":"https:\/\/www.ceran.com\/fr\/formation-langue-cpf\/formation-linguistique-cpf-le-guide\/","og_site_name":"Ceran","article_modified_time":"2025-02-14T10:38:15+00:00","og_image":[{"url":"https:\/\/www.ceran.com\/wp-content\/uploads\/elementor\/thumbs\/Logo-CERAN-pui1hz1wqm5ihf3flknqqhr6gebonfj6lom5kice0k.png","type":"","width":"","height":""}],"twitter_card":"summary_large_image","schema":{"@context":"https:\/\/schema.org","@graph":[{"@type":"WebPage","@id":"https:\/\/www.ceran.com\/fr\/formation-langue-cpf\/formation-linguistique-cpf-le-guide\/","url":"https:\/\/www.ceran.com\/fr\/formation-langue-cpf\/formation-linguistique-cpf-le-guide\/","name":"Formation linguistique cpf : le guide - Ceran","isPartOf":{"@id":"https:\/\/www.ceran.com\/fr\/#website"},"primaryImageOfPage":{"@id":"https:\/\/www.ceran.com\/fr\/formation-langue-cpf\/formation-linguistique-cpf-le-guide\/#primaryimage"},"image":{"@id":"https:\/\/www.ceran.com\/fr\/formation-langue-cpf\/formation-linguistique-cpf-le-guide\/#primaryimage"},"thumbnailUrl":"https:\/\/www.ceran.com\/wp-content\/uploads\/elementor\/thumbs\/Logo-CERAN-pui1hz1wqm5ihf3flknqqhr6gebonfj6lom5kice0k.png","datePublished":"2022-11-14T14:57:02+00:00","dateModified":"2025-02-14T10:38:15+00:00","breadcrumb":{"@id":"https:\/\/www.ceran.com\/fr\/formation-langue-cpf\/formation-linguistique-cpf-le-guide\/#breadcrumb"},"inLanguage":"fr-FR","potentialAction":[{"@type":"ReadAction","target":["https:\/\/www.ceran.com\/fr\/formation-langue-cpf\/formation-linguistique-cpf-le-guide\/"]}]},{"@type":"ImageObject","inLanguage":"fr-FR","@id":"https:\/\/www.ceran.com\/fr\/formation-langue-cpf\/formation-linguistique-cpf-le-guide\/#primaryimage","url":"https:\/\/www.ceran.com\/wp-content\/uploads\/elementor\/thumbs\/Logo-CERAN-pui1hz1wqm5ihf3flknqqhr6gebonfj6lom5kice0k.png","contentUrl":"https:\/\/www.ceran.com\/wp-content\/uploads\/elementor\/thumbs\/Logo-CERAN-pui1hz1wqm5ihf3flknqqhr6gebonfj6lom5kice0k.png"},{"@type":"BreadcrumbList","@id":"https:\/\/www.ceran.com\/fr\/formation-langue-cpf\/formation-linguistique-cpf-le-guide\/#breadcrumb","itemListElement":[{"@type":"ListItem","position":1,"name":"Accueil","item":"https:\/\/www.ceran.com\/fr\/"},{"@type":"ListItem","position":2,"name":"Formation langue CPF","item":"https:\/\/www.ceran.com\/fr\/formation-langue-cpf\/"},{"@type":"ListItem","position":3,"name":"Formation linguistique cpf : le guide"}]},{"@type":"WebSite","@id":"https:\/\/www.ceran.com\/fr\/#website","url":"https:\/\/www.ceran.com\/fr\/","name":"Ceran","description":"Des formations linguistiques et interculturelles qui vous ouvrent de nouveaux horizons","publisher":{"@id":"https:\/\/www.ceran.com\/fr\/#organization"},"potentialAction":[{"@type":"SearchAction","target":{"@type":"EntryPoint","urlTemplate":"https:\/\/www.ceran.com\/fr\/?s={search_term_string}"},"query-input":{"@type":"PropertyValueSpecification","valueRequired":true,"valueName":"search_term_string"}}],"inLanguage":"fr-FR"},{"@type":"Organization","@id":"https:\/\/www.ceran.com\/fr\/#organization","name":"Ceran","url":"https:\/\/www.ceran.com\/fr\/","logo":{"@type":"ImageObject","inLanguage":"fr-FR","@id":"https:\/\/www.ceran.com\/fr\/#\/schema\/logo\/image\/","url":"https:\/\/www.ceran.com\/wp-content\/uploads\/2025\/06\/Logo-CERAN-16-x-16-pixels.svg","contentUrl":"https:\/\/www.ceran.com\/wp-content\/uploads\/2025\/06\/Logo-CERAN-16-x-16-pixels.svg","width":30,"height":30,"caption":"Ceran"},"image":{"@id":"https:\/\/www.ceran.com\/fr\/#\/schema\/logo\/image\/"}}]}},"_links":{"self":[{"href":"https:\/\/www.ceran.com\/fr\/wp-json\/wp\/v2\/pages\/67025","targetHints":{"allow":["GET"]}}],"collection":[{"href":"https:\/\/www.ceran.com\/fr\/wp-json\/wp\/v2\/pages"}],"about":[{"href":"https:\/\/www.ceran.com\/fr\/wp-json\/wp\/v2\/types\/page"}],"author":[{"embeddable":true,"href":"https:\/\/www.ceran.com\/fr\/wp-json\/wp\/v2\/users\/16"}],"replies":[{"embeddable":true,"href":"https:\/\/www.ceran.com\/fr\/wp-json\/wp\/v2\/comments?post=67025"}],"version-history":[{"count":9,"href":"https:\/\/www.ceran.com\/fr\/wp-json\/wp\/v2\/pages\/67025\/revisions"}],"predecessor-version":[{"id":108652,"href":"https:\/\/www.ceran.com\/fr\/wp-json\/wp\/v2\/pages\/67025\/revisions\/108652"}],"up":[{"embeddable":true,"href":"https:\/\/www.ceran.com\/fr\/wp-json\/wp\/v2\/pages\/66737"}],"wp:attachment":[{"href":"https:\/\/www.ceran.com\/fr\/wp-json\/wp\/v2\/media?parent=67025"}],"curies":[{"name":"wp","href":"https:\/\/api.w.org\/{rel}","templated":true}]}}